
{"id":55702,"date":"2023-04-05T21:53:22","date_gmt":"2023-04-05T19:53:22","guid":{"rendered":"https:\/\/camminiditalia.org\/cammini\/alta-via-delle-grazie\/"},"modified":"2026-04-13T14:07:14","modified_gmt":"2026-04-13T12:07:14","slug":"alta-via-delle-grazie","status":"publish","type":"cammini","link":"https:\/\/camminiditalia.org\/en\/cammini\/alta-via-delle-grazie\/","title":{"rendered":"Alta Via delle Grazie"},"content":{"rendered":"\n<p id=\"scopriletappe\">The<strong>&#8220;Alta Via delle Grazie<\/strong>&#8221; Way is the brainchild of Gabriella Castelli and Giovanni Battista Merelli. Inspired by Santiago de Compostela, they decided that even on the outskirts of home one could undertake the busqueda, the inner quest. They created a route in whose STAGES there are as many as <strong>18 Marian shrines<\/strong>, each with a wonderful story and a spiritual message to be discovered. The Alta Via delle Grazie project, carried out with the generous contribution of several volunteers, absolutely free from any profit motive, pursues the purpose of discovering and enhancing an area of Lombardy particularly rich in multiple and extraordinary attractions, all enclosed in a loop tour, which touches the city of Bergamo, the Seriana Valley and the Alto Sebino with Lake Iseo.   <\/p>\n\n<p id=\"scopriletappe\">It is proposed to anyone who wants to become a &#8220;<em>Pilgrim<\/em>&#8221; in search of beauty, in a simple and shareable way, for a new and rewarding life experience. Waiting for the first ray of sunshine in the morning, breathing in the scent of clean air, in solitude or in company, freely telling the unexpected traveling companion, being carried away by the wind, regenerating at the water of a stream, admiring the beauty of art, from the simple artifacts to the most precious works, until being surprised by the warmth of a door open to welcome, finally being able to express and share all these feelings; because relationships are the of the project. <\/p>\n","protected":false},"excerpt":{"rendered":"<p>The&#8220;Alta Via delle Grazie&#8221; Way is the brainchild of Gabriella Castelli and Giovanni Battista Merelli. Inspired by Santiago de Compostela, they decided that even on the outskirts of home one could undertake the busqueda, the inner quest. They created a route in whose STAGES there are as many as 18 Marian shrines, each with a &hellip; <a href=\"https:\/\/camminiditalia.org\/en\/cammini\/alta-via-delle-grazie\/\">Continued<\/a><\/p>\n","protected":false},"featured_media":55707,"parent":0,"menu_order":0,"template":"","meta":{"_acf_changed":false,"footnotes":""},"categories":[1936],"class_list":["post-55702","cammini","type-cammini","status-publish","has-post-thumbnail","hentry","category-lombardy","regioni-lombardia"],"acf":{"mobile":false,"desktop":false,"app":{"bgImg":{"ID":61843,"id":61843,"title":"VISTA-SANTUARIO-TRINITA-PARRE-2-1-scaled","filename":"VISTA-SANTUARIO-TRINITA-PARRE-2-1-scaled.webp","filesize":237082,"url":"https:\/\/media-camminiditalia.nbg1.your-objectstorage.com\/wp-content\/uploads\/2023\/04\/VISTA-SANTUARIO-TRINITA-PARRE-2-1-scaled-scaled.webp","link":"https:\/\/camminiditalia.org\/en\/cammini\/alta-via-delle-grazie\/vista-santuario-trinita-parre-2-1-2\/vista-santuario-trinita-parre-2-1-scaled\/","alt":"","author":"0","description":"","caption":"","name":"vista-santuario-trinita-parre-2-1-scaled","status":"inherit","uploaded_to":55706,"date":"2023-04-05 20:24:33","modified":"2023-04-05 20:24:33","menu_order":0,"mime_type":"image\/webp","type":"image","subtype":"webp","icon":"https:\/\/camminiditalia.org\/wp-includes\/images\/media\/default.png","width":2560,"height":1707,"sizes":{"thumbnail":"https:\/\/media-camminiditalia.nbg1.your-objectstorage.com\/wp-content\/uploads\/2023\/04\/VISTA-SANTUARIO-TRINITA-PARRE-2-1-scaled-150x150.webp","thumbnail-width":150,"thumbnail-height":150,"medium":"https:\/\/media-camminiditalia.nbg1.your-objectstorage.com\/wp-content\/uploads\/2023\/04\/VISTA-SANTUARIO-TRINITA-PARRE-2-1-scaled-300x200.webp","medium-width":300,"medium-height":200,"medium_large":"https:\/\/media-camminiditalia.nbg1.your-objectstorage.com\/wp-content\/uploads\/2023\/04\/VISTA-SANTUARIO-TRINITA-PARRE-2-1-scaled-768x512.webp","medium_large-width":768,"medium_large-height":512,"large":"https:\/\/media-camminiditalia.nbg1.your-objectstorage.com\/wp-content\/uploads\/2023\/04\/VISTA-SANTUARIO-TRINITA-PARRE-2-1-scaled-1024x683.webp","large-width":1024,"large-height":683,"1536x1536":"https:\/\/media-camminiditalia.nbg1.your-objectstorage.com\/wp-content\/uploads\/2023\/04\/VISTA-SANTUARIO-TRINITA-PARRE-2-1-scaled-1536x1024.webp","1536x1536-width":1536,"1536x1536-height":1024,"2048x2048":"https:\/\/media-camminiditalia.nbg1.your-objectstorage.com\/wp-content\/uploads\/2023\/04\/VISTA-SANTUARIO-TRINITA-PARRE-2-1-scaled-2048x1365.webp","2048x2048-width":2048,"2048x2048-height":1365,"tc_all_events_image":"https:\/\/media-camminiditalia.nbg1.your-objectstorage.com\/wp-content\/uploads\/2023\/04\/VISTA-SANTUARIO-TRINITA-PARRE-2-1-scaled-scaled.webp","tc_all_events_image-width":1020,"tc_all_events_image-height":680,"woocommerce_thumbnail":"https:\/\/media-camminiditalia.nbg1.your-objectstorage.com\/wp-content\/uploads\/2023\/04\/VISTA-SANTUARIO-TRINITA-PARRE-2-1-scaled-300x300.webp","woocommerce_thumbnail-width":300,"woocommerce_thumbnail-height":300,"woocommerce_single":"https:\/\/media-camminiditalia.nbg1.your-objectstorage.com\/wp-content\/uploads\/2023\/04\/VISTA-SANTUARIO-TRINITA-PARRE-2-1-scaled-600x400.webp","woocommerce_single-width":600,"woocommerce_single-height":400,"woocommerce_gallery_thumbnail":"https:\/\/media-camminiditalia.nbg1.your-objectstorage.com\/wp-content\/uploads\/2023\/04\/VISTA-SANTUARIO-TRINITA-PARRE-2-1-scaled-100x100.webp","woocommerce_gallery_thumbnail-width":100,"woocommerce_gallery_thumbnail-height":100}},"title":"Discover our app!","text":"<p>With Cammini d&#8217;Italia&#8217;s free app, you can plan and walk the Alta Via delle Grazie in total safety, being able to plan the stages in detail and walk the route thanks to the integrated GPS technology that supports your orientation during your adventure.<\/p>\n<p>\u00a0<\/p>\n<p>Within the app you will find many other paths present in Italy. Thanks to the georeferenced tracks of many routes you will be able to study the itinerary that suits you best and also download the GPX tracks of the individual STAGEs offline. <\/p>\n<p>\u00a0<\/p>\n<p>The app also includes a complete digital map of all the paths surveyed to date on our portal, giving you a wide range of choices among the many paths in the Belpaese.<\/p>\n<p>\u00a0<\/p>\n<p>Cammini d&#8217;Italia is the perfect app for those who want to explore the beauty of Italy on foot, discovering hidden places surrounded by nature. Download it for free today and start planning your next adventure! <\/p>\n<p>\u2800<\/p>\n<p>\u2800<\/p>\n<p><a href=\"https:\/\/apps.apple.com\/it\/app\/cammini-di-italia\/id1643119047\" target=\"_blank\" rel=\"noopener\"><img loading=\"lazy\" decoding=\"async\" class=\"alignnone wp-image-23502\" src=\"https:\/\/camminiditalia.org\/wp-content\/uploads\/s3fra1:\/\/camministorage\/wp-content\/uploads\/2023\/04\/apple-300x95.png\" alt=\"\" width=\"190\" height=\"60\" srcset=\"https:\/\/media-camminiditalia.nbg1.your-objectstorage.com\/wp-content\/uploads\/2023\/04\/apple-300x95.png 300w, https:\/\/media-camminiditalia.nbg1.your-objectstorage.com\/wp-content\/uploads\/2023\/04\/apple.png 600w, https:\/\/media-camminiditalia.nbg1.your-objectstorage.com\/wp-content\/uploads\/2023\/04\/apple-1024x323.png 1024w, https:\/\/media-camminiditalia.nbg1.your-objectstorage.com\/wp-content\/uploads\/2023\/04\/apple-768x242.png 768w, https:\/\/media-camminiditalia.nbg1.your-objectstorage.com\/wp-content\/uploads\/2023\/04\/apple.png 1109w\" sizes=\"auto, (max-width: 190px) 100vw, 190px\" \/><\/a>  \u2800\u2800\u2800<a href=\"https:\/\/play.google.com\/store\/apps\/details?id=it.webmapp.cammini&#038;hl=en_US\" target=\"_blank\" rel=\"noopener\"><img loading=\"lazy\" decoding=\"async\" class=\"alignnone wp-image-23503\" src=\"https:\/\/camminiditalia.org\/wp-content\/uploads\/s3fra1:\/\/camministorage\/wp-content\/uploads\/2023\/04\/google-play-300x93.png\" alt=\"\" width=\"193\" height=\"60\" srcset=\"https:\/\/media-camminiditalia.nbg1.your-objectstorage.com\/wp-content\/uploads\/2023\/04\/google-play-300x93.png 300w, https:\/\/media-camminiditalia.nbg1.your-objectstorage.com\/wp-content\/uploads\/2023\/04\/google-play.png 600w, https:\/\/media-camminiditalia.nbg1.your-objectstorage.com\/wp-content\/uploads\/2023\/04\/google-play-1024x318.png 1024w, https:\/\/media-camminiditalia.nbg1.your-objectstorage.com\/wp-content\/uploads\/2023\/04\/google-play-768x239.png 768w, https:\/\/media-camminiditalia.nbg1.your-objectstorage.com\/wp-content\/uploads\/2023\/04\/google-play.png 1106w\" sizes=\"auto, (max-width: 193px) 100vw, 193px\" \/><\/a><\/p>\n","img":{"ID":63483,"id":63483,"title":"Cammini d'Italia app","filename":"app-scontornata.png","filesize":156691,"url":"https:\/\/media-camminiditalia.nbg1.your-objectstorage.com\/wp-content\/uploads\/2023\/08\/app-scontornata.png","link":"https:\/\/camminiditalia.org\/en\/cammini\/alta-via-delle-grazie\/app-scontornata\/","alt":"Cammini d'Italia app","author":"2","description":"Cammini d'Italia app","caption":"Cammini d'Italia app","name":"app-scontornata","status":"inherit","uploaded_to":55702,"date":"2023-08-28 16:27:18","modified":"2025-06-25 09:32:42","menu_order":0,"mime_type":"image\/png","type":"image","subtype":"png","icon":"https:\/\/camminiditalia.org\/wp-includes\/images\/media\/default.png","width":800,"height":1000,"sizes":{"thumbnail":"https:\/\/media-camminiditalia.nbg1.your-objectstorage.com\/wp-content\/uploads\/2023\/08\/app-scontornata-150x150.png","thumbnail-width":150,"thumbnail-height":150,"medium":"https:\/\/media-camminiditalia.nbg1.your-objectstorage.com\/wp-content\/uploads\/2023\/08\/app-scontornata-240x300.png","medium-width":240,"medium-height":300,"medium_large":"https:\/\/media-camminiditalia.nbg1.your-objectstorage.com\/wp-content\/uploads\/2023\/08\/app-scontornata-768x960.png","medium_large-width":768,"medium_large-height":960,"large":"https:\/\/media-camminiditalia.nbg1.your-objectstorage.com\/wp-content\/uploads\/2023\/08\/app-scontornata.png","large-width":800,"large-height":1000,"1536x1536":"https:\/\/media-camminiditalia.nbg1.your-objectstorage.com\/wp-content\/uploads\/2023\/08\/app-scontornata.png","1536x1536-width":800,"1536x1536-height":1000,"2048x2048":"https:\/\/media-camminiditalia.nbg1.your-objectstorage.com\/wp-content\/uploads\/2023\/08\/app-scontornata.png","2048x2048-width":800,"2048x2048-height":1000,"tc_all_events_image":"https:\/\/media-camminiditalia.nbg1.your-objectstorage.com\/wp-content\/uploads\/2023\/08\/app-scontornata.png","tc_all_events_image-width":544,"tc_all_events_image-height":680,"woocommerce_thumbnail":"https:\/\/media-camminiditalia.nbg1.your-objectstorage.com\/wp-content\/uploads\/2023\/08\/app-scontornata-300x300.png","woocommerce_thumbnail-width":300,"woocommerce_thumbnail-height":300,"woocommerce_single":"https:\/\/media-camminiditalia.nbg1.your-objectstorage.com\/wp-content\/uploads\/2023\/08\/app-scontornata-600x750.png","woocommerce_single-width":600,"woocommerce_single-height":750,"woocommerce_gallery_thumbnail":"https:\/\/media-camminiditalia.nbg1.your-objectstorage.com\/wp-content\/uploads\/2023\/08\/app-scontornata-100x100.png","woocommerce_gallery_thumbnail-width":100,"woocommerce_gallery_thumbnail-height":100}},"linkBtn":{"title":"","url":"","target":"","0":""},"textBtn":""},"diaries":{"diary":false},"gallery":{"images":[{"img":{"ID":90966,"id":90966,"title":"IMG_6700 (1)","filename":"IMG_6700-1-scaled.jpg","filesize":755240,"url":"https:\/\/media-camminiditalia.nbg1.your-objectstorage.com\/wp-content\/uploads\/2023\/04\/IMG_6700-1-scaled.jpg","link":"https:\/\/camminiditalia.org\/en\/cammini\/alta-via-delle-grazie\/img_6700-1\/","alt":"alta via delle grazie","author":"2","description":"","caption":"Tappa 1 - Alta Via delle Grazie","name":"img_6700-1","status":"inherit","uploaded_to":55702,"date":"2024-06-24 13:20:33","modified":"2024-06-24 13:20:33","menu_order":0,"mime_type":"image\/jpeg","type":"image","subtype":"jpeg","icon":"https:\/\/camminiditalia.org\/wp-includes\/images\/media\/default.png","width":2560,"height":1707,"sizes":{"thumbnail":"https:\/\/media-camminiditalia.nbg1.your-objectstorage.com\/wp-content\/uploads\/2023\/04\/IMG_6700-1-150x150.jpg","thumbnail-width":150,"thumbnail-height":150,"medium":"https:\/\/media-camminiditalia.nbg1.your-objectstorage.com\/wp-content\/uploads\/2023\/04\/IMG_6700-1-300x200.jpg","medium-width":300,"medium-height":200,"medium_large":"https:\/\/media-camminiditalia.nbg1.your-objectstorage.com\/wp-content\/uploads\/2023\/04\/IMG_6700-1-768x512.jpg","medium_large-width":768,"medium_large-height":512,"large":"https:\/\/media-camminiditalia.nbg1.your-objectstorage.com\/wp-content\/uploads\/2023\/04\/IMG_6700-1-1024x683.jpg","large-width":1024,"large-height":683,"1536x1536":"https:\/\/media-camminiditalia.nbg1.your-objectstorage.com\/wp-content\/uploads\/2023\/04\/IMG_6700-1-1536x1024.jpg","1536x1536-width":1536,"1536x1536-height":1024,"2048x2048":"https:\/\/media-camminiditalia.nbg1.your-objectstorage.com\/wp-content\/uploads\/2023\/04\/IMG_6700-1-2048x1365.jpg","2048x2048-width":2048,"2048x2048-height":1365,"tc_all_events_image":"https:\/\/media-camminiditalia.nbg1.your-objectstorage.com\/wp-content\/uploads\/2023\/04\/IMG_6700-1-1100x680.jpg","tc_all_events_image-width":1100,"tc_all_events_image-height":680,"woocommerce_thumbnail":"https:\/\/media-camminiditalia.nbg1.your-objectstorage.com\/wp-content\/uploads\/2023\/04\/IMG_6700-1-300x300.jpg","woocommerce_thumbnail-width":300,"woocommerce_thumbnail-height":300,"woocommerce_single":"https:\/\/media-camminiditalia.nbg1.your-objectstorage.com\/wp-content\/uploads\/2023\/04\/IMG_6700-1-600x400.jpg","woocommerce_single-width":600,"woocommerce_single-height":400,"woocommerce_gallery_thumbnail":"https:\/\/media-camminiditalia.nbg1.your-objectstorage.com\/wp-content\/uploads\/2023\/04\/IMG_6700-1-100x100.jpg","woocommerce_gallery_thumbnail-width":100,"woocommerce_gallery_thumbnail-height":100}}},{"img":{"ID":36045,"id":36045,"title":"VALPIANA (2) (1) (1)","filename":"VALPIANA-2-1-1-scaled.jpg","filesize":207518,"url":"https:\/\/media-camminiditalia.nbg1.your-objectstorage.com\/wp-content\/uploads\/2023\/04\/VALPIANA-2-1-1-scaled.jpg","link":"https:\/\/camminiditalia.org\/en\/cammini\/alta-via-delle-grazie\/valpiana-2-1-1-2\/","alt":"Alta v","author":"2","description":"","caption":"Valpiana ","name":"valpiana-2-1-1-2","status":"inherit","uploaded_to":19835,"date":"2024-06-24 13:14:32","modified":"2024-06-24 13:17:03","menu_order":0,"mime_type":"image\/jpeg","type":"image","subtype":"jpeg","icon":"https:\/\/camminiditalia.org\/wp-includes\/images\/media\/default.png","width":2560,"height":1707,"sizes":{"thumbnail":"https:\/\/media-camminiditalia.nbg1.your-objectstorage.com\/wp-content\/uploads\/2023\/04\/VALPIANA-2-1-1-150x150.jpg","thumbnail-width":150,"thumbnail-height":150,"medium":"https:\/\/media-camminiditalia.nbg1.your-objectstorage.com\/wp-content\/uploads\/2023\/04\/VALPIANA-2-1-1-300x200.jpg","medium-width":300,"medium-height":200,"medium_large":"https:\/\/media-camminiditalia.nbg1.your-objectstorage.com\/wp-content\/uploads\/2023\/04\/VALPIANA-2-1-1-768x512.jpg","medium_large-width":768,"medium_large-height":512,"large":"https:\/\/media-camminiditalia.nbg1.your-objectstorage.com\/wp-content\/uploads\/2023\/04\/VALPIANA-2-1-1-1024x683.jpg","large-width":1024,"large-height":683,"1536x1536":"https:\/\/media-camminiditalia.nbg1.your-objectstorage.com\/wp-content\/uploads\/2023\/04\/VALPIANA-2-1-1-1536x1024.jpg","1536x1536-width":1536,"1536x1536-height":1024,"2048x2048":"https:\/\/media-camminiditalia.nbg1.your-objectstorage.com\/wp-content\/uploads\/2023\/04\/VALPIANA-2-1-1-2048x1365.jpg","2048x2048-width":2048,"2048x2048-height":1365,"tc_all_events_image":"https:\/\/media-camminiditalia.nbg1.your-objectstorage.com\/wp-content\/uploads\/2023\/04\/VALPIANA-2-1-1-1100x680.jpg","tc_all_events_image-width":1100,"tc_all_events_image-height":680,"woocommerce_thumbnail":"https:\/\/media-camminiditalia.nbg1.your-objectstorage.com\/wp-content\/uploads\/2023\/04\/VALPIANA-2-1-1-300x300.jpg","woocommerce_thumbnail-width":300,"woocommerce_thumbnail-height":300,"woocommerce_single":"https:\/\/media-camminiditalia.nbg1.your-objectstorage.com\/wp-content\/uploads\/2023\/04\/VALPIANA-2-1-1-600x400.jpg","woocommerce_single-width":600,"woocommerce_single-height":400,"woocommerce_gallery_thumbnail":"https:\/\/media-camminiditalia.nbg1.your-objectstorage.com\/wp-content\/uploads\/2023\/04\/VALPIANA-2-1-1-100x100.jpg","woocommerce_gallery_thumbnail-width":100,"woocommerce_gallery_thumbnail-height":100}}}]},"guide":{"text":"<h2><strong>ALTA VIA DELLE GRAZIE GUIDEBOOK<\/strong><\/h2>\n<p><strong>From Bergamo to the mountains and back: a seven- or thirteen-day loop adventure to explore the entire Seriana Valley.<\/strong><\/p>\n<p>A journey that connects villages and passes, rediscovering the spirituality enshrined in the woods, among the rocks and in silence, and visiting the most significant sanctuaries of the Orobie bergamasche. A journey that celebrates devotion, Alpine traditions and the beauty of an extraordinary nature, enriched each evening by the authentic welcome of pilgrims. <\/p>\n<p>A special opportunity to discover Bergamo, Italian Capital of Culture 2023 together with Brescia, and to immerse yourself in the green landscapes of its valleys. Complete with all the necessary information: detailed maps, elevation gain, elevation gain, descriptions of trails and places of interest, as well as suggestions for hospitality. <\/p>\n<p>For those with less time, it is possible to tackle the itinerary in a single week, choosing shorter STAGES and reduced elevation gain, without giving up the magic of the<strong><a href=\"https:\/\/camminiditalia.org\/cammini\/alta-via-delle-grazie\/\">Alta Via<\/a><\/strong>.<\/p>\n<p>\u00a0<\/p>\n","img":{"ID":55708,"id":55708,"title":"CVR-L-Alta-Via-delle-Grazie_RGB (2) (1)","filename":"CVR-L-Alta-Via-delle-Grazie_RGB-2-1.jpg","filesize":1624206,"url":"https:\/\/media-camminiditalia.nbg1.your-objectstorage.com\/wp-content\/uploads\/2023\/04\/CVR-L-Alta-Via-delle-Grazie_RGB-2-1.jpg","link":"https:\/\/camminiditalia.org\/en\/cammini\/alta-via-delle-grazie\/cvr-l-alta-via-delle-grazie_rgb-2-1-3\/","alt":"","author":"2","description":"","caption":"","name":"cvr-l-alta-via-delle-grazie_rgb-2-1-3","status":"inherit","uploaded_to":55702,"date":"2023-09-08 07:37:05","modified":"2023-09-08 07:37:05","menu_order":0,"mime_type":"image\/jpeg","type":"image","subtype":"jpeg","icon":"https:\/\/camminiditalia.org\/wp-includes\/images\/media\/default.png","width":1000,"height":1795,"sizes":{"thumbnail":"https:\/\/media-camminiditalia.nbg1.your-objectstorage.com\/wp-content\/uploads\/2023\/04\/CVR-L-Alta-Via-delle-Grazie_RGB-2-1-150x150.jpg","thumbnail-width":150,"thumbnail-height":150,"medium":"https:\/\/media-camminiditalia.nbg1.your-objectstorage.com\/wp-content\/uploads\/2023\/04\/CVR-L-Alta-Via-delle-Grazie_RGB-2-1-167x300.jpg","medium-width":167,"medium-height":300,"medium_large":"https:\/\/media-camminiditalia.nbg1.your-objectstorage.com\/wp-content\/uploads\/2023\/04\/CVR-L-Alta-Via-delle-Grazie_RGB-2-1-768x1379.jpg","medium_large-width":768,"medium_large-height":1379,"large":"https:\/\/media-camminiditalia.nbg1.your-objectstorage.com\/wp-content\/uploads\/2023\/04\/CVR-L-Alta-Via-delle-Grazie_RGB-2-1-570x1024.jpg","large-width":570,"large-height":1024,"1536x1536":"https:\/\/media-camminiditalia.nbg1.your-objectstorage.com\/wp-content\/uploads\/2023\/04\/CVR-L-Alta-Via-delle-Grazie_RGB-2-1-856x1536.jpg","1536x1536-width":856,"1536x1536-height":1536,"2048x2048":"https:\/\/media-camminiditalia.nbg1.your-objectstorage.com\/wp-content\/uploads\/2023\/04\/CVR-L-Alta-Via-delle-Grazie_RGB-2-1.jpg","2048x2048-width":1000,"2048x2048-height":1795,"tc_all_events_image":"https:\/\/media-camminiditalia.nbg1.your-objectstorage.com\/wp-content\/uploads\/2023\/04\/CVR-L-Alta-Via-delle-Grazie_RGB-2-1.jpg","tc_all_events_image-width":379,"tc_all_events_image-height":680,"woocommerce_thumbnail":"https:\/\/media-camminiditalia.nbg1.your-objectstorage.com\/wp-content\/uploads\/2023\/04\/CVR-L-Alta-Via-delle-Grazie_RGB-2-1-300x300.jpg","woocommerce_thumbnail-width":300,"woocommerce_thumbnail-height":300,"woocommerce_single":"https:\/\/media-camminiditalia.nbg1.your-objectstorage.com\/wp-content\/uploads\/2023\/04\/CVR-L-Alta-Via-delle-Grazie_RGB-2-1-600x1077.jpg","woocommerce_single-width":600,"woocommerce_single-height":1077,"woocommerce_gallery_thumbnail":"https:\/\/media-camminiditalia.nbg1.your-objectstorage.com\/wp-content\/uploads\/2023\/04\/CVR-L-Alta-Via-delle-Grazie_RGB-2-1-100x100.jpg","woocommerce_gallery_thumbnail-width":100,"woocommerce_gallery_thumbnail-height":100}},"linkBtn":{"title":"","url":"https:\/\/camminiditalia.shop\/product\/guida-alta-via-delle-grazie\/","target":""},"textBtn":"BUY NOW!"},"maps":{"map":"<p><iframe loading=\"lazy\" style=\"border: none; overflow: hidden;\" src=\"https:\/\/1.camminiditalia.webmapp.it\/map?layer=55\" width=\"100%\" height=\"800\" scrolling=\"no\"><\/iframe><\/p>\n","url":""},"modal":{"modals":[{"status":false,"title":"SIGNAGE","text":"<p>Signage present along the path: blue arrow with path logo<\/p>\n"},{"status":false,"title":"LOGISTICS AND TRANSPORTATION","text":"<p>The Alta Via delle Grazie starts in Lower Bergamo, beginning at the Church of Santa Maria delle Grazie, and loops through the Seriana Valley and Alto Sebino, finally returning to Bergamo, arriving at the Basilica of Santa Maria Maggiore in the Upper City. This makes the organization of the trip quite convenient, because departure and return are located in the same city. <\/p>\n<h3><strong>HOW TO REACH BERGAMO<\/strong><\/h3>\n<p><strong>BY CAR<\/strong><\/p>\n<p>Bergamo can be easily reached by car via the A4 Milan-Venice highway, as well as through the ordinary road network in the area. For those who want to leave the car and start the walk without further travel, the autolinee parking lot near the bus station, the parking areas in the area of the monumental cemetery in Via Pirovano, or the parking lots in Via Codussi and in the Monterosso area, a useful solution especially for those who prefer to intercept sections of the walk more quickly without crossing the lower city entirely, are convenient. <\/p>\n<p><strong>BY TRAIN<\/strong><\/p>\n<p>Bergamo is well connected to the national rail network and is easily reached by regional trains and, on some routes, also by fast connections. The Bergamo train station is very conveniently located with respect to the walk: from the station, the Chiesa delle Grazie can be reached in about 10 minutes on foot. In the same station hub are also the bus terminal, the TEB terminus, and other useful services for urban and suburban mobility.  <\/p>\n<p><strong>BY BUS<\/strong><\/p>\n<p>Bergamo is also easily reached by bus, including long-distance connections such as those operated by FlixBus. Again, the main advantage is the concentration of services: bus station and train station are gathered in the same area, so that the transfer to the starting point of the walk is very easy. <\/p>\n<p><strong>BY AIR<\/strong><\/p>\n<p>The reference airport is the Milan Bergamo &#8211; Orio al Serio Airport, which is connected to the city by Airport Bus, with frequent runs every 20 minutes or so. The connection leads to Bergamo station in about 20 minutes, making it very easy for those coming from other regions or abroad. From the station you can then walk to the Chiesa delle Grazie Church.  <\/p>\n<p>Since the Alta Via delle Grazie is a loop walk, at the end of the route we return back to Bergamo. The conclusion of the route is in Citt\u00e0 Alta, at the Basilica of Santa Maria Maggiore. From here, to return toward the train station and then to the starting point in Lower Bergamo, one can either take the funicular down, use the city buses, or choose to continue on foot through the traditional stairways that connect the Upper and Lower Towns. Once back in the center, the station is easily reached.   <\/p>\n<h3><strong>HOW TO START OVER FROM BERGAMO<\/strong><\/h3>\n<p>Once back in Lower Bergamo, one can easily resume the journey thanks to the proximity of the train station, bus station, and airport connections. This makes the walk especially easy even for those who arrive without a car or need to arrange an immediate return trip at the end of the last STAGE. <\/p>\n<h3><strong>LOCAL TRANSPORTATION ALONG THE ROUTE<\/strong><\/h3>\n<p>For any intermediate trips or partial returns, the walk can also rely on a useful local transport network, especially in the Seriana Valley. Services are operated particularly by Arriva, with connections serving the lower, middle, and upper Seriana Valley, and can be practical in case of organizational needs or changes in the travel schedule. <\/p>\n"},{"status":false,"title":"DANGERS","text":"<p>Since it is a purely mountain path, good training and a minimum of experience walking at high altitudes, adequate equipment is advisable, although it does not present via ferratas or other steps proper to mountaineering.<\/p>\n<p>In spring and fall it is good to inquire about the transitability from the Della Manina pass, which especially at<br \/>\nbeginning of the season may be snow-covered.<\/p>\n<p>It is advisable to organize the walk between May and October.<\/p>\n"},{"status":false,"title":"IN TENT","text":"<p>Possible to do this? Yes<br \/>\nShould a permit be applied for?  No<\/p>\n<p>The information was provided by the managing body of the walk. To receive more information about it, send an e-mail to <a href=\"mailto:altaviadellegrazie@gmail.com\">altaviadellegrazie@gmail.com<\/a> <\/p>\n"},{"status":false,"title":"ROAD BOTTOM. ","text":"<p>40% asphalt<\/p>\n"},{"status":false,"title":"CREDENTIAL AND TESTIMONIUM","text":"<h3><strong>CREDENTIAL<\/strong><\/h3>\n<p>The Alta Via delle Grazie has its own Credential.<\/p>\n<p>The Credential is the fundamental document of the Pilgrim. It represents the &#8220;Pilgrim&#8217;s Passport,&#8221;<br \/>\nattesting to his or her identity and motivations. The Pilgrim must have it with him or her to be identified as such and<br \/>\nhave access to the reception facilities provided along the itinerary. He\/she will receive a stamp at<br \/>\ntourist offices, accommodation and refreshment facilities, parishes, until the completion of the walk. Many facilities welcome pilgrims with Credential by requesting a simple offering, which is useful to support operating expenses; in other cases, when it comes to accommodation facilities that offer more services, reductions are generally applied.    <\/p>\n<p>To pick up the credential, contact the church Santa Maria delle Grazie in Viale Papa Giovanni XXIII,first contact Don Valentino by phone at +39 3335793798<\/p>\n<p><a href=\"https:\/\/camminiditalia.org\/credenziale-del-camminatore\/\">C0s the credential? Read the full article.   <\/a><\/p>\n<p>It can be requested from <a href=\"http:\/\/www.altaviadellegrazie.com\">www.altaviadellegrazie.com <\/a>and sent by mail.<\/p>\n<p>The credential is issued upon free offering.<br \/>\n<a href=\"https:\/\/www.altaviadellegrazie.com\/copia-di-la-credenziale-the-credent\">https:\/\/www.altaviadellegrazie.com\/copia-di-la-credenziale-the-credent<\/a><\/p>\n<h3><strong>TESTIMONIUM<\/strong><\/h3>\n<p><span class=\"style_1711973506701\">With the credential, one can gain free access to the Basilica of Santa Maria Maggiore in Bergamo Alta and collect the <\/span><a href=\"https:\/\/www.altaviadellegrazie.com\/riconoscimento-ufficiale-la-grazia\"><i><span class=\"style_1711973506701\">testimonium<\/span><\/i><\/a><span class=\"style_1711973506701\"> attesting to the completion of the journey (free of charge).<\/span><\/p>\n<p>\u00a0<\/p>\n"},{"status":false,"title":"WATER","text":"<p><strong>STAGE 1:<\/strong><\/p>\n<p>It can be found in the hamlets of Olera, Monte di Nese, and Santuario del Perello.<\/p>\n<p><strong>STAGE 2:<\/strong><\/p>\n<p>Drinking water can be found in Val de Gru and Vertova Valley.<\/p>\n<p><strong>STAGE 3:<\/strong><\/p>\n<p class=\"font_8\">It can be found in Bondo di Colzate and in Chignolo d&#8217; Oneta. At the bar-restaurant Poli the possibility of making a stop (convention for pilgrims and possibility of credential stamping). <\/p>\n<p><strong>STAGE 4: <\/strong><\/p>\n<p class=\"font_8\">It can be found in the Plazza locality near the church.<\/p>\n<p class=\"font_8\">After about 1 hour&#8217;s walk to Zambla Pass possibility of breakfast and provisions at the Valle Sports Center (agreement for pilgrims).<\/p>\n<p><strong>STAGE 5: <\/strong><\/p>\n<p>It can be found on the path near the church of St. James and Vincent in Gromo near the church of St. Lawrence in Valbondione.<\/p>\n<p><strong>STAGE 6: <\/strong><\/p>\n<p>It can be found in the Sedornia Valley<\/p>\n<p><strong>STAGE 7:<\/strong><\/p>\n<p>Possibility of encountering bars and restaurants as you pass through several villages.<\/p>\n<p><strong>STAGE 8:<\/strong><\/p>\n<p>Possibility of encountering bars and restaurants as you pass through several villages<\/p>\n<p><strong>STAGE 9:<\/strong><\/p>\n<p class=\"font_8\">It can be found in the locality of Rusio, in the square in Onore. Crossing the villages refreshment possibilities in the various bars &#8211; restaurants <\/p>\n<p><strong>STAGE 10:<\/strong><\/p>\n<p>It is found in Lovere at the fountain near the Convent of the Capuchin Friars and in the historic village both of Lovere.<\/p>\n<p><strong>STAGE 11:<\/strong><\/p>\n<p><strong>STAGE 12:<\/strong><\/p>\n<p><strong>Stage 13:<\/strong><\/p>\n<p>\u00a0<\/p>\n"},{"status":false,"title":"CONTACTS","text":"<p>Website: <a href=\"https:\/\/www.altaviadellegrazie.com\/\">https:\/\/www.altaviadellegrazie.com\/<\/a><br \/>\nE-Mail: <a href=\"mailto:altaviadellegrazie@gmail.com\">altaviadellegrazie@gmail.com<\/a> &#8211; <a href=\"mailto:altaviadellegrazieinbici@gmail.com\">altaviadellegrazieinbici@gmail.com<\/a><br \/>\nFacebook: <a href=\"https:\/\/www.facebook.com\/altaviadellegrazie\/\">https:\/\/www.facebook.com\/altaviadellegrazie\/<\/a><br \/>\nInstagram: <a href=\"https:\/\/www.instagram.com\/altaviadellegrazie\/\">https:\/\/www.instagram.com\/altaviadellegrazie\/<\/a><\/p>\n"}]},"pagePoster":{"title":"Alta Via delle Grazie","text":"<p>A loop walk in the Orobic heart of Lombardy, from Bergamo to the most evocative places in the Seriana Valley and Alto Sebino. Shrines, churches, trails, nature, art, cuisine and hospitality in the magnificent natural theater of the Serio River. <\/p>\n<p>\u00a0<\/p>\n","linkBtn":{"title":"","url":"#scopriletappe","target":""},"textBtn":"DISCOVER THE STAGES"},"podcasts":{"podcast":false,"link":null},"poster":false,"read_also_posts":{"read_also":[{"ID":73170,"post_author":"11","post_date":"2025-08-12 13:41:57","post_date_gmt":"2025-08-12 11:41:57","post_content":"<!-- wp:paragraph -->\n<p><em>L\u2019Alta Via Delle Grazie, cammino ad anello nelle Orobie bergamasche, valorizza l\u2019ospitalit\u00e0 a donativo come parte integrante dell\u2019esperienza del pellegrino, grazie all\u2019impegno di volontari, religiosi e famiglie locali<\/em> <em>che vivono l'accoglienza come un'esperienza in grado di trasformarli e di viaggiare stando fermi<\/em><\/p>\n<!-- \/wp:paragraph -->\n\n<!-- wp:paragraph -->\n<p><br>Quante volte hai letto <strong>le testimonianze di chi cammina,<\/strong> e hai raccontato le tue? Quante, chilometro dopo chilometro hai raccolto storie che poi hai riportato a casa? Ma in ogni viaggio e in ogni Cammino c\u2019\u00e8 anche<strong> il punto di vista di chi accoglie<\/strong> e di chi resta. E questo non accade solo nel pi\u00f9 famoso <strong>Cammino di Santiago de Compostela<\/strong>, dove le esperienze degli <em>hospitaleros<\/em> si tramandano e diventano storia, per chi era solo di passaggio e per chi ha scelto a sua volta di rimanere, ma anche in Cammini che passano per il nostro Paese. Accade in particolare sull<strong>\u2019<\/strong><a href=\"https:\/\/camminiditalia.org\/cammini\/alta-via-delle-grazie\/\"><strong>Alta Via Delle Grazie<\/strong><\/a>, <strong>Cammino ad anello nelle Orobie bergamasche<\/strong> che si distingue per la presenza diffusa di<strong> <\/strong><a href=\"https:\/\/camminiditalia.org\/donativi-alta-via-delle-grazie\/\"><strong>strutture \u201ca donativo\u201c<\/strong><\/a>, gestite cio\u00e8 da enti religiosi, volontari o privati, in cui gli ospiti invece di pagare per il pernottamento e l\u2019accoglienza una tariffa fissa possono fare donazioni libere, in un\u2019occasione di scambio reciproco.<\/p>\n<!-- \/wp:paragraph -->\n\n<!-- wp:heading -->\n<h2 class=\"wp-block-heading\"><strong>La missione di Gabriella Castelli<\/strong><\/h2>\n<!-- \/wp:heading -->\n\n<!-- wp:paragraph -->\n<p>Il Cammino, nato dieci anni fa da un\u2019idea di <strong>Gabriella Castelli <\/strong>e <strong>Giovanni Battista Merelli<\/strong>, \u00e8 ispirato proprio a quanto vissuto da loro e da molti&nbsp;altri sulla via per Santiago. Gabriella ha percorso per la prima volta il Cammino Francese nel 2014, travolta a 360 gradi da questa esperienza. \u00abLa cosa che mi colp\u00ec di pi\u00f9, oltre ai panorami e ai luoghi e a quel modo di incontrarsi senza essere e sentirsi giudicati, \u00e8 stato questo tipo di accoglienza a donativo, <strong>senza aspettative e pretese<\/strong>, come a dire \u201cci\u00f2 che ho lo condivido\u201d: \u00e8 questo il \u201csegreto\u201d che ho cercato di portare anche qui a Bergamo\u00bb.<\/p>\n<!-- \/wp:paragraph -->\n\n<!-- wp:paragraph -->\n<p>Non \u00e8 stato facilissimo far capire ai bergamaschi, che hanno un'accoglienza spesso meno calorosa di altri, un concetto di ospitalit\u00e0 di questo tipo,&nbsp;racconta Gabriella. \u00abCi \u00e8 voluta pazienza, ma si sono accorti che da parte mia trasparivano passione e un vero e proprio amore per il dono e che non c\u2019erano altri interessi\u00bb. L\u2019esperienza da <em>hospitalera<\/em> sul <strong>Cammino del Nord<\/strong> presso l\u2019Albergue di Guemes di Padre Ernesto \u00e8 stata fondamentale: tutt\u2019oggi Gabriella, da sola, si \u201cprende cura\u201d senza sosta del Cammino e di chi lo percorre, sempre attenta alla manutenzione, all\u2019organizzazione e, soprattutto, all\u2019accoglienza, con un monitoraggio continuo che passa attraverso i feedback dei pellegrini e di chi ospita.<\/p>\n<!-- \/wp:paragraph -->\n\n<!-- wp:image {\"id\":73171,\"sizeSlug\":\"large\",\"linkDestination\":\"none\"} -->\n<figure class=\"wp-block-image size-large\"><img src=\"https:\/\/camminiditalia.org\/wp-content\/uploads\/2025\/08\/Screenshot-2025-08-06-alle-21.54.47-1024x356.png\" alt=\"\" class=\"wp-image-73171\"\/><\/figure>\n<!-- \/wp:image -->\n\n<!-- wp:paragraph -->\n<p>Il <strong>quadrifoglio blu e giallo<\/strong> che trovate in tutta la segnaletica lungo la strada, rappresenta coi suoi petali i pilastri fondanti dell\u2019Alta Via Delle Grazie: l\u2019aspetto naturalistico, l\u2019aspetto culturale e delle tradizioni (l\u2019arte di chiese e musei ma anche la cultura contadina dei magli e quella culinaria), l\u2019aspetto spirituale (si tratta di un cammino dedicato alla Madonna, che passa infatti da 18 santuari mariani) e infine, proprio l\u2019accoglienza, a misura di pellegrino. Il 90% delle strutture sono a donativo e la maggioranza di esse sono religiose, tra santuari, conventi, case parrocchiali, ostelli: Gabriella \u00e8 riuscita a portare i pellegrini anche dentro il <strong>monastero di clausura delle suore Clarisse<\/strong>, che offrono ospitalit\u00e0 per la tappa di Lovere, sul Lago d\u2019Iseo, presso la foresteria. Sempre a Lovere, i pellegrini hanno la possibilit\u00e0 dal 2021 di sostare all'<strong>Oasi Capitanio con le suore di Carit\u00e0, <\/strong>dette di Maria Bambina: cantare i vespri, prima di cena, circondati di mosaici \u00e8 un'esperienza unica.<\/p>\n<!-- \/wp:paragraph -->\n\n<!-- wp:paragraph -->\n<p>\u00abLa cosa bella \u00e8 che i pellegrini accolti oggi sono contenti, ma lo \u00e8 anche chi li ospita! Per me \u00e8 il valore aggiunto del Cammino e anzi, proprio ci\u00f2 che ne fa un Cammino\u00bb, dice Gabriella. \u00abPer noi, \u2013 scrive Nadiamaria, delle Suore Clarisse, \u2013 aprire la porta al pellegrino che bussa significa aprirgli uno spazio in cui possa sentirsi a casa, un luogo in cui possa riposarsi e deporre non solo lo zaino che ha in spalla, ma anche il fardello che pesa sul cuore. Insieme, si vive un momento di grazia in cui il Signore si rende presente, si fa riconoscere e ci parla\u00bb.<\/p>\n<!-- \/wp:paragraph -->\n\n<!-- wp:image {\"id\":73280,\"width\":\"1160px\",\"height\":\"auto\",\"sizeSlug\":\"large\",\"linkDestination\":\"none\"} -->\n<figure class=\"wp-block-image size-large is-resized\"><img src=\"https:\/\/camminiditalia.org\/wp-content\/uploads\/2025\/08\/2-Gabry-e-Giamba-1024x576.jpg\" alt=\"\" class=\"wp-image-73280\" style=\"width:1160px;height:auto\"\/><figcaption class=\"wp-element-caption\"><em>Gabriella Castelli e Giovanni Battista Merelli<\/em><\/figcaption><\/figure>\n<!-- \/wp:image -->\n\n<!-- wp:heading -->\n<h2 class=\"wp-block-heading\"><strong>Accogliere il pellegrino: il volto umano del Cammino<\/strong><\/h2>\n<!-- \/wp:heading -->\n\n<!-- wp:paragraph -->\n<p>Dietro ogni porta aperta lungo il cammino c\u2019\u00e8 una storia. <strong>Don Roberto, al Santuario della Madonna del Perello<\/strong>, in Val Serina, prima tappa per chi parte dalla citt\u00e0 di Bergamo, racconta come l\u2019accoglienza sia nata da una \u201cspinta\u201d accolta da chi lo ha preceduto nella gestione del Santuario, poi diventata a sua volta missione a partire da un anno fa<\/p>\n<!-- \/wp:paragraph -->\n\n<!-- wp:paragraph -->\n<p>\u00abArrivare in Perello \u00e8 sempre qualcosa che d\u00e0 gioia ai pellegrini dopo la faticosa prima tappa \u2013 spiega Don Roberto. \u2013 Solitamente contatto i pellegrini il giorno precedente, soprattutto se arrivano il sabato e la domenica, giorni in cui devo dividermi fra celebrazioni delle messe, arrivi e incontri\u00bb. Quando arriva il pellegrino trova sempre qualcosa da bere, di caldo o di freddo a seconda delle stagioni, e qualche biscotto di benvenuto. Capita che qualcuno sia affamato perch\u00e9 non ha trovato nulla lungo il Cammino (anche se \u00e8 segnalato sulla guida!) e che Don Roberto debba improvvisare un veloce pranzo. \u00ab<strong>La cosa pi\u00f9 bella per me? La cucina! <\/strong>Spesso e volentieri quello che si ricorda \u00e8 proprio il buon cibo...d'altronde siamo in Italia. E per me una buona cena \u00e8 la cosa che con pi\u00f9 piacere faccio e preparo. Magari non sempre come vorrei, ma con questo desiderio!\u00bb.<\/p>\n<!-- \/wp:paragraph -->\n\n<!-- wp:paragraph -->\n<p>L'accoglienza al Santuario del Perello \u00absi gioca fra attenzione e discrezione, vicinanza e libert\u00e0, piccole regole per il buon vivere comune senza opprimere e ingabbiare. Deve essere un'esperienza che tocca cuore e mente e lasci un bel ricordo\u00bb. I pellegrini arrivano in numero ancora abbastanza contenuto, e questo permette <strong>una cura quasi personale di ciascuno<\/strong>, oltre alla possibilit\u00e0 per Don Roberto di un confronto, in alcuni casi, su tematiche spirituali. \u00abLasciano qui la loro umanit\u00e0 spesso ferita, in un cammino alla ricerca di pace e di riconciliazione. E un rinnovato senso della propria vita. Ed \u00e8 bello, seppur per poco, farsi loro <strong>compagni di viaggio<\/strong>\u00bb.<\/p>\n<!-- \/wp:paragraph -->\n\n<!-- wp:image {\"id\":73283,\"sizeSlug\":\"full\",\"linkDestination\":\"none\"} -->\n<figure class=\"wp-block-image size-full\"><img src=\"https:\/\/camminiditalia.org\/wp-content\/uploads\/2025\/08\/Santuario-del-Perello.jpg\" alt=\"\" class=\"wp-image-73283\"\/><figcaption class=\"wp-element-caption\"><em>Il Santuario della Madonna del Perello<\/em><\/figcaption><\/figure>\n<!-- \/wp:image -->\n\n<!-- wp:heading -->\n<h2 class=\"wp-block-heading\"><strong>Far sentire a casa: l\u2019ospitalit\u00e0 di Lucia e Maurizio a Plazza<\/strong><\/h2>\n<!-- \/wp:heading -->\n\n<!-- wp:paragraph -->\n<p>La storia di <strong>Lucia e Maurizio <\/strong>con il Cammino inizia nella Pasqua del 2025, con me come prima ospite pellegrina insieme al loro cane Yoj. La loro casa si trova <strong>a Plazza,<\/strong> <strong>in Val del Riso<\/strong>, poco distante dal Santuario del Frassino, che segna la fine della terza tappa. \u00abAvendo acquistato qualche anno fa una casa sul percorso dell'Alta Via Delle Grazie, ci ha entusiasmato subito l'idea di accogliere i pellegrini, ma abbiamo aspettato che io andassi in pensione e fossi pi\u00f9 libera da impegni\u00bb. La coppia, che si conosce dai tempi dell\u2019oratorio, ha poi contattato Gabriella dopo aver visto una presentazione del Cammino:&nbsp;si sono sentiti subito in sintonia con lo spirito di collaborazione di chi era gi\u00e0 coinvolto, e cos\u00ec \u00e8 nata la loro avventura.<\/p>\n<!-- \/wp:paragraph -->\n\n<!-- wp:paragraph -->\n<p>In una deliziosa casa circondata da colline erbose dove il loro cane pu\u00f2 correre e da un orto curato con amore, vista montagne, i pellegrini vengono accolti nella camera destinata ai figli. \u00abI principi dell'ospitalit\u00e0 \u2013 racconta Lucia, \u2013 per noi sono <strong>l'apertura all'incontro e il dono di ci\u00f2 che abbiamo<\/strong>. La cosa pi\u00f9 bella \u00e8 far sentire chi viene a proprio agio, seppur lontano da casa, e conoscere persone diverse, aperte a condividere con noi qualcosa della loro vita\u00bb. Io con loro ho condiviso il mio percorso, le mie speranze e i punti di vista in comune coi loro figli, di cui mi hanno parlato a lungo.<\/p>\n<!-- \/wp:paragraph -->\n\n<!-- wp:paragraph -->\n<p>Da Plazza in questi mesi sono passate persone di vario tipo: pi\u00f9 o meno giovani, amanti della montagna, in \"cammino\" sotto ogni punto di vista, con la voglia di scoprire cose nuove, italiani e stranieri. Tutte arrivano come sconosciute, \u00abma subito si crea un certo clima e a tavola \u00e8 facile \"aprirsi\" e conoscersi\u00bb, soprattutto davanti al cibo ottimo che Lucia prepara: per me \u00e8 stato bellissimo darle una mano e condividere poi il frutto del nostro lavoro con suo marito e con Gabriella, passata a trovarci. \u00abQuando vanno via, i pellegrini lasciano un \"grande vuoto\": questo esprime quanto sia intensa l'esperienza reciproca dell'incontro e dello scambio\u00bb.<\/p>\n<!-- \/wp:paragraph -->\n\n<!-- wp:image {\"id\":73286,\"sizeSlug\":\"large\",\"linkDestination\":\"none\"} -->\n<figure class=\"wp-block-image size-large\"><img src=\"https:\/\/camminiditalia.org\/wp-content\/uploads\/2025\/08\/segnaletica-pg.18-Gabriella-Castelli-1024x577.jpg\" alt=\"\" class=\"wp-image-73286\"\/><figcaption class=\"wp-element-caption\"><em>La segnaletica sul Cammino, tutta realizzata a mano con l'aiuto di Giuseppe Marchisio, artigiano<\/em> <em>che ha percorso l'Alta Via Delle Grazie e ha deciso di dare una mano a Gabriella<\/em><\/figcaption><\/figure>\n<!-- \/wp:image -->\n\n<!-- wp:heading -->\n<h2 class=\"wp-block-heading\"><strong>\u201cMetti una sera un pellegrino a cena\u201d: quando l\u2019accoglienza \u00e8 diffusa<\/strong><\/h2>\n<!-- \/wp:heading -->\n\n<!-- wp:paragraph -->\n<p><strong>A Parre, in Valseriana, quarta tappa<\/strong> per chi percorre l\u2019Alta Via Delle Grazie, il parroco ha aderito al piano di accoglienza dal primo anno in cui il Cammino \u00e8 stato inaugurato, nel 2018.&nbsp;\u00abI pellegrini portano la loro storia, il desiderio di scoprire il nostro territorio, di incontrare chi li ospita e altri pellegrini, cos\u00ec ci organizziamo al meglio per mettere a disposizione un tetto, con tutto quello che possiamo offrire\u00bb. Una cucina con una grande tavolata, 14 posti letto, 2 bagni, la lavatrice. L\u2019ex appartamento del curato, adiacente l\u2019oratorio, viene utilizzato tutto l\u2019anno dalla comunit\u00e0 per incontri, attivit\u00e0 con gli adolescenti, riunioni, e viene messo a disposizione dei pellegrini insieme alle informazioni sul territorio, affinch\u00e9 sia, innanzitutto, una casa. E infatti si chiama \"Casa Giovani\".<\/p>\n<!-- \/wp:paragraph -->\n\n<!-- wp:paragraph -->\n<p>In occasione dell\u2019estate di quest\u2019anno Don Andrea ha avuto <strong>un\u2019idea per aprire la comunit\u00e0 locale all\u2019accoglienza<\/strong>, e tornare a renderla diffusa: <strong>\u201cMetti una sera un pellegrino a cena\u201d<\/strong>. L'idea nasce un po' per caso, dalla sua lunga esperienza di pellegrino, in cui ha visto spesso <em>hospitaleros<\/em> organizzati per accogliere in casa propria e condividere la cena con i pellegrini. \u00abInizialmente riuscivamo a farlo noi; poi, quando non ci \u00e8 pi\u00f9 stato possibile, abbiamo lasciato che ognuno si organizzasse come meglio credeva, con una cena autogestita in cucina, o presso pizzerie e ristoranti locali\u00bb.<\/p>\n<!-- \/wp:paragraph -->\n\n<!-- wp:paragraph -->\n<p>Chiacchierando, \u00e8 nata l\u2019idea di coinvolgere ulteriormente la comunit\u00e0 proponendo un gesto molto semplice e immediato: <strong>ospitare un pellegrino a cena<\/strong>. \u00ab\u00c8 il modo pi\u00f9 immediato per coinvolgerli, permettere loro di gustare un po' un clima di casa e di far accadere qualcosa che poi \u00e8 un incontro\u00bb. E ora gli abitanti di Parre fanno a gara! \u00abTeniamo un tabella condivisa in cui man mano mettiamo i nomi di chi arriva (e che lingua parla): chi ha voglia contatta la segreteria della parrocchia e si mette a disposizione, segnandosi per la data della cena. Chiediamo ai pellegrini che arrivano a loro volta se hanno piacere di vivere questa esperienza, e lasciamo a loro la libert\u00e0 di scegliere come vivere la sera in cui sono ospiti da noi\u00bb.<\/p>\n<!-- \/wp:paragraph -->\n\n<!-- wp:image {\"id\":73293,\"sizeSlug\":\"large\",\"linkDestination\":\"none\"} -->\n<figure class=\"wp-block-image size-large\"><img src=\"https:\/\/camminiditalia.org\/wp-content\/uploads\/2025\/08\/DSC_5230-2-mucche-contemplative-val-seriana-1024x826.jpg\" alt=\"\" class=\"wp-image-73293\"\/><\/figure>\n<!-- \/wp:image -->\n\n<!-- wp:heading -->\n<h2 class=\"wp-block-heading\"><strong>Camminare restando fermi: l'accoglienza come esperienza trasformativa<\/strong><\/h2>\n<!-- \/wp:heading -->\n\n<!-- wp:paragraph -->\n<p>A<strong> Novazza<\/strong>, <a href=\"https:\/\/camminiditalia.org\/cammini\/alta-via-delle-grazie\/\">arrivo della quinta tappa<\/a> dalla partenza di Parre, i fratelli <strong>Amedeo e Anna Serena<\/strong> ospitano i pellegrini nella storica casa di famiglia, costruita oltre cent\u2019anni fa dal nonno, con fatica. \u201cCa' Ros\u00e8i\u201d, raccontano, ha sempre ospitato: dai villeggianti d'estate, ai minatori di uranio della montagna appena sopra il paese, ai rifugiati di guerra fuggiti da Kharkiv nel 2022. Per loro accogliere \u00e8 rispondere a una chiamata. Citando il Vangelo e l\u2019Angelus del Papa del 20 luglio 2025, parlano di una \u00abresponsabilit\u00e0 che \u00e8 apertura all\u2019altro\u00bb. La cena condivisa, la visita alla chiesa di San Michele, la contemplazione degli affreschi nel cimitero: ogni gesto \u00e8 un passo nel cammino spirituale dell\u2019accoglienza e occasione di dialogo. \u00abOgni pellegrino che arriva lascia un\u2019impronta: arriva come uno sconosciuto, e se ne va da fratello\u00bb.&nbsp;<\/p>\n<!-- \/wp:paragraph -->\n\n<!-- wp:paragraph -->\n<p>La loro esperienza con il Cammino inizia nel <strong>2018<\/strong>, con un incontro tra Amedeo e Gian Battista e Gabriella: \u00abErano alla ricerca in zona di una struttura per l'ospitalit\u00e0 del Cammino a Gromo: al bar, Amedeo disse loro di avere una casa adatta, ma a Novazza, e li invit\u00f2 a vederla. Accettarono subito!\u00bb, racconta Anna Serena. Ad accogliere i pellegrini c\u2019\u00e8 anche la madre, Maria, stupita che le persone scelgano di camminare per ore e ore su quelle strade che lei ha percorso tante volte a piedi senza avere alternative di trasporto.&nbsp;<\/p>\n<!-- \/wp:paragraph -->\n\n<!-- wp:paragraph -->\n<p>\u00abResponsabilit\u00e0 \u00e8 una parola che ci piace molto, perch\u00e9 significa rispondere a una chiamata, a qualcuno che ti cerca. Cito Papa Leone XIV, quando&nbsp;commentando il Vangelo degli \"ospiti alla casa di Betania\" dice letteralmente: \"<strong>Ci vuole umilt\u00e0 sia a ospitare sia a farsi ospitare<\/strong>\u201d. Occorrono delicatezza, attenzione, apertura. Occorre uscire da s\u00e9\u00bb. E ascoltare. Chi cammina pu\u00f2 avere mille motivi e obiettivi: \u00abDa chi arriva con il rosario in mano, a chi invece trova nella natura un momento di ristoro, di recupero, a chi ha il desiderio di andare nel profondo di s\u00e9. Qualsiasi sia il motivo per cui uno cammina, \u00e8 nell'incontro e nel dialogo che si chiarisce: la vita \u00e8 camminare insieme per vivere meno superficialmente e aiutarsi a prendere coscienza e l\u2019ho capito soprattutto parlando con le donne forti e decise che camminano da sole\u00bb.<\/p>\n<!-- \/wp:paragraph -->\n\n<!-- wp:image {\"id\":73296,\"sizeSlug\":\"large\",\"linkDestination\":\"none\"} -->\n<figure class=\"wp-block-image size-large\"><img src=\"https:\/\/camminiditalia.org\/wp-content\/uploads\/2025\/08\/salmezza-foto-beatrice-paganessi-1024x683.jpg\" alt=\"\" class=\"wp-image-73296\"\/><figcaption class=\"wp-element-caption\"><em>Salmezza, fotografia di Beatrice Paganessi<\/em><\/figcaption><\/figure>\n<!-- \/wp:image -->\n\n<!-- wp:heading -->\n<h2 class=\"wp-block-heading\">Un Cammino costruito sulle relazioni<\/h2>\n<!-- \/wp:heading -->\n\n<!-- wp:paragraph -->\n<p>L\u2019Alta Via Delle Grazie \u00e8 pi\u00f9 di un itinerario tra santuari e montagne: \u00e8 <strong>un\u2019esperienza costruita sulle relazioni<\/strong>. Le storie di chi accoglie raccontano un Cammino in cui la distanza percorsa non si misura solo in chilometri, ma nella disponibilit\u00e0 a condividere, ascoltare e mettersi in gioco. Un modo diverso di restare, che d\u00e0 senso al passaggio degli altri.<\/p>\n<!-- \/wp:paragraph -->\n\n<!-- wp:paragraph -->\n<p><\/p>\n<!-- \/wp:paragraph -->\n\n<!-- wp:paragraph -->\n<p>\u00c8 da poco uscita la <strong>ristampa aggiornata della guida<\/strong>, pubblicata da <em>Terre di Mezzo<\/em> <em>Editore<\/em>.<br><a href=\"https:\/\/www.altaviadellegrazie.com\/\">Qui<\/a>, invece, il sito ufficiale del Cammino, con variante breve da 7 giorni o completa da 13 tappe, e il <a href=\"https:\/\/www.instagram.com\/camminoaltaviadellegrazie\/\">profilo Instagram ufficiale<\/a>.<br><\/p>\n<!-- \/wp:paragraph -->","post_title":"L'Alta Via delle Grazie e l'ospitalit\u00e0 dal punto di vista di chi accoglie","post_excerpt":"","post_status":"publish","comment_status":"open","ping_status":"open","post_password":"","post_name":"alta-via-delle-grazie-ospitalita-di-chi-accoglie","to_ping":"","pinged":"","post_modified":"2025-08-12 14:05:04","post_modified_gmt":"2025-08-12 12:05:04","post_content_filtered":"","post_parent":0,"guid":"https:\/\/camminiditalia.org\/?p=73170","menu_order":0,"post_type":"post","post_mime_type":"","comment_count":"0","filter":"raw"},{"ID":27605,"post_author":"7","post_date":"2024-03-18 15:27:43","post_date_gmt":"2024-03-18 14:27:43","post_content":"<!-- wp:paragraph -->\n<p>Nel cuore della provincia di Bergamo, l'<strong>Alta Via delle Grazie<\/strong> sta dando vita a un'esperienza di Cammino che va oltre il semplice viaggio. <br>La sua essenza \u00e8 racchiusa in strutture \"<em>a donativo<\/em>\", che abbracciano una filosofia di accoglienza unica.<br>Ma che cos'\u00e8 realmente questo tipo di ospitalit\u00e0?<\/p>\n<!-- \/wp:paragraph -->\n\n<!-- wp:image {\"align\":\"center\",\"id\":28801,\"width\":\"569px\",\"height\":\"auto\",\"sizeSlug\":\"large\",\"linkDestination\":\"none\"} -->\n<figure class=\"wp-block-image aligncenter size-large is-resized\"><img src=\"https:\/\/camminiditalia.org\/wp-content\/uploads\/2024\/03\/3-837x1024.jpg\" alt=\"\" class=\"wp-image-28801\" style=\"width:569px;height:auto\"\/><figcaption class=\"wp-element-caption\">Mucche contemplative - Carlo Picinali<\/figcaption><\/figure>\n<!-- \/wp:image -->\n\n<!-- wp:heading -->\n<h2 class=\"wp-block-heading\"><strong>La filosofia dell'ospitalit\u00e0 a donativo<\/strong><\/h2>\n<!-- \/wp:heading -->\n\n<!-- wp:paragraph -->\n<p>Le strutture a donativo, che possono essere gestite da enti religiosi, volontari o privati, sono luoghi in cui gli ospiti sono incoraggiati a fare <strong>donazioni libere<\/strong> invece di pagare una tariffa fissa per il pernottamento.<br><br>Qui non si tratta solo di stanze e letti. Le strutture a donativo incarnano un'idea di <strong>condivisione <\/strong>e <strong>comunit\u00e0<\/strong>. \u00c8 come entrare a far parte di una grande famiglia, dove la tua presenza \u00e8 pi\u00f9 preziosa di qualsiasi importo che potresti mettere sul tavolo. La filosofia \u00e8 semplice: accoglienza, condivisione, e nessuna barriera economica per un'esperienza autentica.<br><br>Ci preme precisare per\u00f2 che <strong>donativo non \u00e8 sinonimo di <em>gratuito<\/em><\/strong>. Sebbene la donazione, il pi\u00f9 delle volte, sia lasciata alla discrezione degli ospiti, lasciare una donazione equa \u00e8 un modo concreto per esprimere riconoscenza e solidariet\u00e0 verso chi lavora instancabilmente per rendere l\u2019esperienza dei viandanti il pi\u00f9 piacevole possibile. <br>\u00c8 un gesto di gratitudine che sostiene la continuit\u00e0 di queste iniziative, contribuendo al mantenimento e al miglioramento delle strutture stesse.<\/p>\n<!-- \/wp:paragraph -->\n\n<!-- wp:image {\"align\":\"center\",\"id\":28794,\"width\":\"569px\",\"height\":\"auto\",\"sizeSlug\":\"large\",\"linkDestination\":\"none\"} -->\n<figure class=\"wp-block-image aligncenter size-large is-resized\"><img src=\"https:\/\/camminiditalia.org\/wp-content\/uploads\/2024\/02\/1-819x1024.jpg\" alt=\"\" class=\"wp-image-28794\" style=\"width:569px;height:auto\"\/><figcaption class=\"wp-element-caption\">Camera delle suore orsoline a Gandino - Carlo Picinali<\/figcaption><\/figure>\n<!-- \/wp:image -->\n\n<!-- wp:heading -->\n<h2 class=\"wp-block-heading\"><strong>La situazione degli ostelli donativi in Italia e in Spagna<\/strong><\/h2>\n<!-- \/wp:heading -->\n\n<!-- wp:paragraph -->\n<p>Il <strong>Cammino di Santiago<\/strong> \u00e8 stato <strong>pioniere<\/strong> nell'offrire ospitalit\u00e0 a donativo. Qui, la pratica \u00e8 radicata nella cultura e nella tradizione del pellegrinaggio. <em>Albergues <\/em>gestiti da volontari appassionati di Cammini sono sparsi lungo tutti gli itinerari che portano a Santiago, offrendo non solo un letto ma anche una calorosa accoglienza.<br><br>Luoghi come l'<em>Albergue Guemes<\/em>, sono diventati simboli di generosit\u00e0 e spirito comunitario, come ci racconta <strong>Gabriella Castelli<\/strong>, creatrice e organizzatrice dell\u2019<strong>Alta Via delle Grazie<\/strong>:<br>\u201c<em>Un giorno, nel 2017, sono giunta da pellegrina sul Cammino di Santiago del Nord, a Guemes, in un famoso albergue a donativo gestito da Padre Ernesto Bustio, una delle pi\u00f9 conosciute ospitalit\u00e0 sul Cammino di Santiago. Un luogo magico, me ne sono da subito innamorata e cos\u00ec ho deciso che da Ernesto volevo imparare a fare accoglienza. Sono stata hospitalera parecchie volte, Ernesto mi ha insegnato molto ed io ho voluto portare questo vissuto sul nostro cammino bergamasco.<\/em>\u201d<\/p>\n<!-- \/wp:paragraph -->\n\n<!-- wp:image {\"align\":\"center\",\"id\":28797,\"width\":\"569px\",\"height\":\"auto\",\"sizeSlug\":\"large\",\"linkDestination\":\"none\"} -->\n<figure class=\"wp-block-image aligncenter size-large is-resized\"><img src=\"https:\/\/camminiditalia.org\/wp-content\/uploads\/2024\/02\/4-819x1024.jpg\" alt=\"\" class=\"wp-image-28797\" style=\"width:569px;height:auto\"\/><figcaption class=\"wp-element-caption\">Cena comunitaria - Carlo Picinali<\/figcaption><\/figure>\n<!-- \/wp:image -->\n\n<!-- wp:paragraph -->\n<p>L\u2019obiettivo di Gabriella era quello di creare un Cammino con \"<strong>ospitalit\u00e0 pellegrina<\/strong>\", un'opportunit\u00e0 per fare comunit\u00e0, per accogliere in un modo pi\u00f9 inclusivo e autentico orientato all\u2019 incontro e allo stare insieme.<br>Questo spirito rispecchia l'essenza di chi intraprende un Cammino, mettendo cos\u00ec in contatto il pellegrino con gli abitanti del luogo: individui genuini, autentici e orgogliosi delle proprie origini, profondamente legati alle tradizioni, ai costumi, alle espressioni e ai sapori distintivi della gastronomia locale.<\/p>\n<!-- \/wp:paragraph -->\n\n<!-- wp:heading -->\n<h2 class=\"wp-block-heading\"><strong>I donativi sul cammino dell'Alta Via delle Grazie<\/strong><\/h2>\n<!-- \/wp:heading -->\n\n<!-- wp:paragraph -->\n<p>Le strutture a donativo sull\u2019Alta Via delle Grazie, come ci racconta Gabriella, sono state scelte accuratamente: monasteri, case parrocchiali, case vacanza, case famiglia pronti ad ospitare a donativo o prezzi convenienti.<br>Ecco una lista, in continuo aggiornamento, di strutture economiche o a donativo:<\/p>\n<!-- \/wp:paragraph -->\n\n<ul>\n<li style=\"text-align: left;\"><strong>Tappa 1: Bergamo\/Selvino<\/strong><br \/>Olera: A Casa di Paola - Donativo, con colazione e cena comunitaria<br \/>Algua: Santuario della Madonna del Perello - Donativo<br \/>Selvino: Casa Alba - 10\/15\u20ac in base alla sistemazione scelta<\/li>\n<li><strong>Tappa 2: Selvino\/Vertova<\/strong><br \/>Vertova: B&amp;B Bike - 15\u20ac pernottamento<br \/>Vertova: A casa di Paola - 20\u20ac con colazione<\/li>\n<li><strong>Tappa 3: Vertova\/Santuario del Frassino<\/strong><br \/>Oneta: Santuario del Frassino - Donativo per pernottamento<\/li>\n<li><strong>Tappa 4: Santuario del Frassino\/Parre<\/strong><br \/>Premolo: Accoglienza in famiglia da Simona e Andrea con colazione e cena<br \/>comunitaria a donativo<br \/>Parre: Locanda de Par pernottamento e colazione a buffet - 25\u20ac<br \/>Parre: Casa parrocchiale con <span style=\"font-weight: 400;\">cucina attrezzata a disposizione <\/span>- Donativo<\/li>\n<li><strong>Tappa 5: Parre\/Novazza<\/strong><br \/>Novazza: Casa vacanze Ca Rosei - Mezza pensione (colazione e cena con prodotti locali) 30\u20ac<\/li>\n<li><strong>Tappa 6: Novazza\/Lizzola<\/strong><br \/>Lizzola: Casa parrocchiale con cucina attrezzata a disposizione. - Donativo<br \/>Lizzola: Hotel Gioan - Pernottamento, cena e colazione, cucina casalinga 30\u20ac<\/li>\n<li><strong>Tappa 7: Lizzola\/Ardesio<\/strong><br \/>Ardesio: Casa del pellegrino - 15\u20ac pernottamento.\u00a0<\/li>\n<li><strong>Tappa 8: Ardesio\/Castione<\/strong><br \/>In questo momento si sta ripristando l\u2019accoglienza religiosa a donativo. \u00c8 disponibile accoglienza privata convenzionata, per esempio:<br \/>Albergo Aurora: pernottamento e colazione 28\u20ac, cena del pellegrino 15\u20ac.<\/li>\n<li><strong>Tappa 9 e 10: Castione\/Lovere<\/strong><br \/>Sovere: Bed &amp; Breakfast Villa Harriet - 18\u20ac pernottamento<br \/>Frazione Sellere: Cascina Marriet - Donativo<br \/>Sovere: Casa famiglia Associazione Santa Maria di Nazareth - Donativo<br \/>Lovere: Oasi Capitanio suore di carit\u00e0 delle Sante Capitanio e Gerosa - Donativo, con cena e colazione comunitarie<br \/>Lovere: Monastero Santa Chiara - Colazione in foresteria, cena in parlatorio - Donativo<\/li>\n<li><strong>Tappa 11: Lovere\/Gandino<\/strong><br \/>Gandino: Convento suore orsoline - Donativo<\/li>\n<li><strong>Tappa 12: Gandino\/Fiobbio<\/strong><br \/>Fiobbio: Oratorio di Fiobbo, Casa Parrocchiale - Donativo<br \/>Albino: Ca' Gromba Lodge - Accoglienza in appartamento adiacente casa familiare,<br \/>cena e colazione comunitaria - Donativo a<br \/>Possibilit\u00e0 di dormire nella storica Bergamo Alta nello splendido contesto del Seminario Vescovile - 40\u20ac pernottamento.<\/li>\n<\/ul>\n<p><!-- \/wp:paragraph --><!-- wp:paragraph {\"align\":\"left\"} --><\/p>\n<p><!-- \/wp:paragraph --><!-- wp:paragraph {\"align\":\"left\"} --><\/p>\n<p><!-- \/wp:paragraph --><!-- wp:paragraph {\"align\":\"left\"} --><\/p>\n<p><!-- \/wp:paragraph --><!-- wp:paragraph {\"align\":\"left\"} --><\/p>\n<p><!-- \/wp:paragraph --><!-- wp:paragraph {\"align\":\"left\"} --><\/p>\n<p><!-- \/wp:paragraph --><!-- wp:paragraph {\"align\":\"left\"} --><\/p>\n<p><!-- \/wp:paragraph --><!-- wp:paragraph {\"align\":\"left\"} --><\/p>\n<p><!-- \/wp:paragraph --><!-- wp:paragraph {\"align\":\"left\"} --><\/p>\n<p><!-- \/wp:paragraph --><!-- wp:paragraph {\"align\":\"left\"} --><\/p>\n<p><!-- \/wp:paragraph --><!-- wp:paragraph {\"align\":\"left\"} --><\/p>\n<p><!-- \/wp:paragraph --><!-- wp:paragraph {\"align\":\"left\"} --><\/p>\n<p><!-- \/wp:paragraph --><\/p>\n<p><!-- wp:paragraph --><\/p>\n<p>Lungo il cammino, sono numerose le possibilit\u00e0 di usufruire dei men\u00f9 del pellegrino per pranzo e cena, con costi che variano dai 10 ai 15\u20ac.<\/p>\n<p><!-- \/wp:paragraph --><\/p>\n<p><!-- wp:paragraph --><\/p>\n<p>Cos\u00ec, mentre ci si avventura tra le valli bergamasche, ognuno pu\u00f2 trovare non solo un letto, ma un rifugio caloroso e un'esperienza di viaggio davvero autentica.<\/p>\n<p><!-- \/wp:paragraph --><\/p>\n<p><!-- wp:heading --><\/p>\n<p><!-- \/wp:heading --><\/p>\n<p><!-- wp:paragraph --><\/p>\n<p><!-- \/wp:paragraph --><\/p>\n<p><!-- wp:paragraph --><\/p>\n<p><!-- \/wp:paragraph --><\/p>\n<p><!-- wp:image {\"align\":\"center\",\"id\":28795,\"width\":\"569px\",\"height\":\"auto\",\"sizeSlug\":\"large\",\"linkDestination\":\"none\"} --><\/p>\n<figure class=\"wp-block-image aligncenter size-large is-resized\">\n[caption id=\"attachment_28795\" align=\"aligncenter\" width=\"1024\"]<img class=\"wp-image-28795\" style=\"width: 569px; height: auto;\" src=\"https:\/\/camminiditalia.org\/wp-content\/uploads\/2024\/02\/2-1024x819.jpg\" alt=\"\" width=\"1024\" height=\"819\" \/> Camera pellegrina - Carlo Picinali[\/caption]\n<\/figure>\n<p><!-- \/wp:image --><\/p>\n<p><!-- wp:heading --><\/p>\n<h2 class=\"wp-block-heading\">Il futuro dell\u2019accoglienza a donativo in Italia<\/h2>\n<p><!-- \/wp:heading --><\/p>\n<p><!-- wp:paragraph --><\/p>\n<p>La differenza tra le due esperienze, quella italiana e quella spagnola, potrebbe risiedere nella scala e nell'approccio. In Spagna, le strutture a donativo sono spesso pi\u00f9 numerose e gestite con un'anima di volontariato radicato nella cultura locale. In Italia, la pratica \u00e8 in crescita, ma ancora poco conosciuta e l'Alta Via delle Grazie sta emergendo come un esempio di come l'ospitalit\u00e0 a donativo possa intrecciarsi con la valorizzazione e la crescita dei cammini italiani.<\/p>\n<p><!-- \/wp:paragraph --><\/p>\n<p><!-- wp:paragraph --><\/p>\n<p>Confidiamo che l'Alta Via delle Grazie, con il suo coraggioso modello di ospitalit\u00e0 a donativo, diventi un faro ispiratore per altri cammini. Che ogni chilometro intrapreso lungo l'Alta Via delle Grazie, che ogni soggiorno, che ogni incontro apra la strada a nuove possibilit\u00e0 di generosit\u00e0 e condivisione.<br \/>Se vuoi, puoi trovare maggiori informazioni sull'Alta Via delle Grazie sul sito ufficiale: www.altaviadellegrazie.com<\/p>\n<p><!-- \/wp:paragraph --><\/p>","post_title":"Le strutture a donativo in Italia: l\u2019esempio dell'Alta Via delle Grazie","post_excerpt":"Nel cuore della provincia di Bergamo, l'Alta Via delle Grazie sta dando vita a un'esperienza di Cammino che va oltre il semplice viaggio.","post_status":"publish","comment_status":"open","ping_status":"open","post_password":"","post_name":"donativi-alta-via-delle-grazie","to_ping":"","pinged":"","post_modified":"2024-03-25 17:44:25","post_modified_gmt":"2024-03-25 16:44:25","post_content_filtered":"","post_parent":0,"guid":"https:\/\/camminiditalia.org\/?p=27605","menu_order":0,"post_type":"post","post_mime_type":"","comment_count":"0","filter":"raw"}]},"scheda_tecnica":{"lunghezza":"271","dislivello_medio":"","n_tappe":"13","partenza":"Bergamo","arrivo":"Bergamo","tipologia":"ring","tema":["spiritual","naturalistic","montano","panoramic"],"portata":"regional","periodo_ideale":"May - October","stagione_ideale":["spring","summer","autumn"]},"tappe":{"show_all":false,"all_tappe":"","tappa":[{"status":false,"title":"STAGE 01: BERGAMO - SELVINO","text":"<p><strong>Length:<\/strong> 22.7 km<br \/>\n<strong>Height difference:<\/strong> + 1452 m \/ -694 m<\/p>\n<p>From the sanctuary of Santa Maria Immacolata delle Grazie, the skyline of &#8220;Citt\u00e0 Alta&#8221; is presented in the background and the topography of the city is well understood, characterized by the ancient historic core on the hill with the Venetian walls, the dome of the cathedral and the silhouette of the basilica of Santa Maria Maggiore, the destination of our final arrival and the more recent &#8220;Citt\u00e0 Bassa&#8221; located at the foot of the rise. Having crossed the &#8220;<em>sentierone<\/em>&#8221; &#8220;living room of the city&#8221; and passed the Atalanta sports field, the uphill route begins that reaches the Maresana, a green area, a summer destination for Bergamasks. Along the ups and downs of the wooded paths, you reach the medieval village of Olera. It continues through Monte di Nese and Salmezza, the highest point (1030 m a.s.l.) of today&#8217;s STAGE to reach the sanctuary of Madonna del Perello and finally the tourist town of Selvino.   <\/p>\n<p>\u00a0<\/p>\n<p><img loading=\"lazy\" decoding=\"async\" class=\"wp-image-48716 size-large aligncenter\" src=\"https:\/\/media-camminiditalia.nbg1.your-objectstorage.com\/2023\/04\/DSCF1338B-3-1-1024x685.png\" alt=\"Alta Via delle Grazie\" width=\"1024\" height=\"685\" srcset=\"https:\/\/media-camminiditalia.nbg1.your-objectstorage.com\/2023\/04\/DSCF1338B-3-1-1024x685.png 1024w, https:\/\/media-camminiditalia.nbg1.your-objectstorage.com\/2023\/04\/DSCF1338B-3-1-300x201.png 300w, https:\/\/media-camminiditalia.nbg1.your-objectstorage.com\/2023\/04\/DSCF1338B-3-1-768x514.png 768w, https:\/\/media-camminiditalia.nbg1.your-objectstorage.com\/2023\/04\/DSCF1338B-3-1-1536x1028.png 1536w, https:\/\/media-camminiditalia.nbg1.your-objectstorage.com\/2023\/04\/DSCF1338B-3-1-2048x1371.png 2048w, https:\/\/media-camminiditalia.nbg1.your-objectstorage.com\/2023\/04\/DSCF1338B-3-1-600x402.png 600w\" sizes=\"auto, (max-width: 1024px) 100vw, 1024px\" \/><\/p>\n"},{"status":false,"title":"STAGE 02: SELVINO - VERTOVA","text":"<p><strong>Departure:<\/strong> Selvino (BG)<br \/>\n<strong>Arrival:<\/strong> Vertova (BG)<br \/>\n<strong>Length:<\/strong> about 16.6 km<br \/>\n<strong>Height difference:<\/strong> + 620 m \/ &#8211; 1177 m<\/p>\n<p>Leaving Selvino for the nearby village of Ama, one begins to climb along a path that winds through a broadleaf forest and leads to the summit of Mount Cornagera. Crossing between rock walls the narrow gorge known as the &#8220;b\u00fcs de la Carolina you reach the refuge of Mount Poieto where you can stop. In a succession of ups and downs in the forest, you reach the Val del Gru, a secluded world of nature and traditions to arrive in the naturalistic corner of the Val Vertova, at the end of which you reach the historic center of Vertova and the parish church.  <\/p>\n"},{"status":false,"title":"STAGE 03: VERTOVA - SANT. FRASSINO ","text":"<p><strong>Departure:<\/strong> Vertova (BG)<br \/>\n<strong>Arrival:<\/strong> Sant.Frassino (BG)<br \/>\n<strong>Length:<\/strong> about 17.3 km<br \/>\n<strong>Height difference:<\/strong> + 1196 m \/ -725 m<\/p>\n<p>The Alta Via delle Grazie continues, from Vertova a mule track leads to the sanctuary of San Patrizio. Between grassy falsopiani and wooded paths passing through Bondo and among the few houses of Barbata, you reach the church of Madonna della Mercede with a view of the Orobie and the Riso valley. We pass by Christ the Redeemer, a bronze statue, three meters high to descend to Riso and climb back up to &#8220;Ortel&#8221; a group of houses where time seems to stand still. At the hamlet of Chignolo d&#8217;Oneta, you can stop for lunch at Mrs. Renata&#8217;s. Continue on the path at altitude, among beech and spruce forests, to the destination: the sanctuary of Madonna del Frassino.    <\/p>\n"},{"status":false,"title":"STAGE 04: SANT. ASH - ONETA ","text":"<p><strong>Departure:<\/strong> Sant.Frassino-Oneta (BG)<br \/>\n<strong>Arrival:<\/strong> Parre (BG)<br \/>\n<strong>Length:<\/strong> about 19.2 km<br \/>\n<strong>Height difference:<\/strong> +576 m \/ &#8211; 984 m<\/p>\n<p>Starting from the sanctuary of the Madonna del Frassino on an uphill path you reach the Crocetta pass. Continuing through the forest that contours the entire Val del Riso, one sees the sanctuary embedded on the opposite slope again. Past the hamlet of Plaza one walks among the rails of the Costa Jels mining site, with dark tunnels overlooking the trail. On the long journey through the lonely forests, one glimpses from afar the cementing of the entire valley floor. Descending one arrives in the villages of Gorno and Premolo, which preserves the crypt of the Servant of God Don Antonio Seghezzi (here for those who wish, a shorter route starts that reaches the arrival site). Beyond we reach the Madonna delle Lacrime sanctuary in Ponte Nossa and ascend to the historic village of Parre, the end of the STAGE.     <\/p>\n"},{"status":false,"title":"STAGE 05: PARRE - NOVAZZA","text":"<p><strong>Departure:<\/strong> Parre (BG)<br \/>\n<strong>Arrival:<\/strong> Novazza (BG)<br \/>\n<strong>Length:<\/strong> about 18.5 km<br \/>\n<strong>Height difference:<\/strong> + 867 m \/ &#8211; 655 m<\/p>\n<p>Climbing from Parre, one touches the sanctuary of the Holy Trinity and along a path that enters the woods descends to the locality of Sant&#8217;Alberto. Over a dancer bridge you cross the Serio River, arriving on the bicycle\/pedestrian path alongside the river, which leads after a paved section to the beginning of Ardesio. It climbs up from the valley floor to reach high altitude, where you return to walking among paths. You travel along a section of Valcanale, nestled between mountains within the Orobie bergamasche park, among meadows and woods guarded by the high rocky peaks of the Arera massif, and reach the nucleus of Bani to continue to Novazza, the end of today&#8217;s walk.   <\/p>\n"},{"status":false,"title":"STAGE 06: NOVAZZA - VALBONDIONE","text":"<p><strong>Departure:<\/strong> Novazza (BG)<br \/>\n<strong>Arrival:<\/strong> Valbondione (BG)<br \/>\n<strong>Length:<\/strong> about 20.7 km<br \/>\n<strong>Height difference:<\/strong> + 931 m \/ &#8211; 583 m<\/p>\n<p>STAGE 6 of the Alta Via delle Grazie starts from Novazza to nearby Colarete and the small church of St. Michael the Archangel to arrive in Gromo. On the bike\/pedestrian path that runs along the Serio River, one crosses Gandellino and Bondo to reach Valbondione. A path leads to the ancient village of Maslana, and going up you reach the head of the valley, in the heart of the highest peaks of the Orobie, where Lizzola, a place of welcome, is located.  <\/p>\n"},{"status":false,"title":"STAGE 07: LIZZOLA - ARDESIO","text":"<p><strong>Departure:<\/strong> Lizzola (BG)<br \/>\n<strong>Arrival:<\/strong> Ardesio (BG)<br \/>\n<strong>Length:<\/strong> about 23.1 km<br \/>\n<strong>Height difference:<\/strong> + 502 m \/ -361 m<\/p>\n<p>We ascend from Lizzola to reach the Manina Pass where the little church of the Madonna Pellegrina stands solitary, surrounded in the distance by the high peaks of the Orobie Mountains. Continuing on, we touch 2,000 meters above sea level, the highest place on the walk, where the return journey begins. Among steep ups and downs you reach the small Spigorel lake, continue at length crossing the Sedornia valley to arrive among fir trees and green spaces at Gromo di Boario. It descends from the &#8220;del Botto&#8221; path to reach the sanctuary of Madonna delle Grazie and the hospitality of Ardesio.   <\/p>\n"},{"status":false,"title":"STAGE 08: ARDESIO - CASTIONE DELLA PRESOLANA","text":"<p><strong>Departure:<\/strong> Ardesio (BG)<br \/>\n<strong>Arrival:<\/strong> Castione della Presolana (BG)<br \/>\n<strong>Length:<\/strong> about 20.3 km<br \/>\n<strong>Height difference:<\/strong> + 659 m \/ -414 m<\/p>\n<p>Leaving Ardesio, the route proceeds on the paved road that runs along the Serio River. It passes through the village of Ogna and into the woods, to the small church of San Rocco. On the trail we reach the town of Clusone and its famous monuments. Going further into the Borlezza valley, we reach the sanctuary of Madonna delle Grazie in Sommaprada and then Rovetta, town of the well-known Fantoni workshop. We cross between pastures and woods the small valley of Romentaregh and finally to Castione della Presolana, site of our rest.    <\/p>\n"},{"status":false,"title":"STAGE 09: CASTIONE DELLA PRESOLANA - LOVERE","text":"<p><strong>Departure:<\/strong> Castione della Presolana (BG)<br \/>\n<strong>Arrival:<\/strong> Lovere (BG)<br \/>\n<strong>Length:<\/strong> about 30.5 km<br \/>\n<strong>Height difference:<\/strong> + 630 m \/ &#8211; 1312 m<\/p>\n<p>From Castione, in a short time you are at the rural village of Rusio and continuing past the villages of Bratto and Dorga. After the shrine of Our Lady of Grace in Lantana, one travels through the Tede valley until reaching Onore and with a wide loop to Songavazzo. It continues to the shrine of the Nativity of the Blessed Virgin Mary in the hamlet of Novezio and to Cerete, where the chapel of the Annunziata is located. We follow the partly paved partly unpaved road through meadows, woods and rare dwellings to reach Sovere and from here on an ancient mule track to the locality of Lovere, our arrival point.   <\/p>\n"},{"status":false,"title":"STAGE 10: LOVERE - MONTE ISOLA","text":"<p><strong>Departure:<\/strong> Lovere (BG)<br \/>\n<strong>Arrival:<\/strong> Monte Isola (BG)<br \/>\n<strong>Length:<\/strong> May vary depending on the route you decide to follow<\/p>\n<p>From Lovere by boat to Peschiera Maraglio on the lake island of Monte Isola.<\/p>\n<p>Here you can opt to stroll through the villages and along the narrow streets of the island, or reach the Madonna della ceriola shrine at the summit of the mountain. Back at the pier you sail<br \/>\nreturning to the harbor, to visit Lovere. <\/p>\n"},{"status":false,"title":"STAGE 11: LOVERE - GANDINO","text":"<p><strong>Departure:<\/strong> Lovere (BG)<br \/>\n<strong>Arrival:<\/strong> Gandino (BG)<br \/>\n<strong>Length:<\/strong> about 29.1 km<br \/>\n<strong>Height difference:<\/strong> + 1694 m \/ &#8211; 1350 m<\/p>\n<p>Back in Sovere, the climb to the shrine of the Blessed Virgin of the Tower begins. The long and sometimes difficult path proceeds further to Malga Lunga, where the view sweeps over Lake Iseo and the mountains on the opposite shore. On a silvopastoral road, you arrive at the grassy plateau of Campo d&#8217;Avene. From here another ascent leads to the little chapel of the tribulin of the dead. It descends to the shrines of the Madonna d&#8217;Erbia and the Holy Trinity both in Casnigo, finally reaching Gandino.    <\/p>\n"},{"status":false,"title":"STAGE 12: GANDINO - FIOBBIO","text":"<p><strong>Departure:<\/strong> Gandino (BG)<br \/>\n<strong>Arrival:<\/strong> Fiobbio (BG)<br \/>\n<strong>Length:<\/strong> about 19.4 km<br \/>\n<strong>Height difference:<\/strong> + 819 m \/ -934 m<\/p>\n<p>From Gandino one climbs among plateaus and scattered huts to trespass into Val Cavallina. It continues to the Forcella pass, to arrive on a pastoral path with low-elevation vegetation, in the Rossa valley to then reach the Beata Vergine di Monte Altino shrine. It descends again to Abbazia, in the Lujo valley, where an ancient abbey of St. Benedict stands. Further on is Fobbio where the body of Blessed Pierina Morosini is kept in the parish church.   <\/p>\n"},{"status":false,"title":"STAGE 13: FIOBBIO - BERGAMO","text":"<p><strong>Departure:<\/strong> Fiobbio (BG)<br \/>\n<strong>Arrival:<\/strong> Bergamo &#8211; Basilica Santa Maria Maggiore<br \/>\n<strong>Length:<\/strong> about 26.7 km<br \/>\n<strong>Height difference:<\/strong> +398 m \/ -437 m<\/p>\n<p>This last day, which returns to Bergamo, holds several important intermediate stops. In Albino, town of the painter Moroni, there are the shrines of the Madonna del Miracolo (known as &#8220;della Gamba&#8221;) and Madonna del Pianto. <\/p>\n<p>In Nembro the sanctuary &#8220;of the Zuccarello&#8221; and in Villa di Serio that of the Madonna del buon Consiglio. Alzano Lombardo exhibits the basilica of St. Martin with adjoining museum, then one encounters in Bergamo the last and citywide shrine of Our Lady of Sorrows in the village of Santa Caterina to arrive in the Citt\u00e0 Alta complex at the basilica of Santa Maria Maggiore. <\/p>\n<p>This is the oldest and most precious testimony of faith in the city where it is possible to stamp the last stamp on the credential as a seal of a journey that is certainly challenging but equally rich in many suggestions, different landscapes and personal surprises.<\/p>\n"}]},"videos":{"video":false,"link":null},"logo_cammino":{"ID":55711,"id":55711,"title":"AVDG_logo2020_211008_095019__1_-removebg-preview","filename":"AVDG_logo2020_211008_095019__1_-removebg-preview.png","filesize":211254,"url":"https:\/\/media-camminiditalia.nbg1.your-objectstorage.com\/wp-content\/uploads\/2023\/04\/AVDG_logo2020_211008_095019__1_-removebg-preview.png","link":"https:\/\/camminiditalia.org\/en\/cammini\/alta-via-delle-grazie\/avdg_logo2020_211008_095019__1_-removebg-preview-2\/","alt":"","author":"2","description":"","caption":"","name":"avdg_logo2020_211008_095019__1_-removebg-preview-2","status":"inherit","uploaded_to":55702,"date":"2025-03-08 15:46:41","modified":"2025-03-08 15:46:41","menu_order":0,"mime_type":"image\/png","type":"image","subtype":"png","icon":"https:\/\/camminiditalia.org\/wp-includes\/images\/media\/default.png","width":500,"height":500,"sizes":{"thumbnail":"https:\/\/media-camminiditalia.nbg1.your-objectstorage.com\/wp-content\/uploads\/2023\/04\/AVDG_logo2020_211008_095019__1_-removebg-preview-150x150.png","thumbnail-width":150,"thumbnail-height":150,"medium":"https:\/\/media-camminiditalia.nbg1.your-objectstorage.com\/wp-content\/uploads\/2023\/04\/AVDG_logo2020_211008_095019__1_-removebg-preview-300x300.png","medium-width":300,"medium-height":300,"medium_large":"https:\/\/media-camminiditalia.nbg1.your-objectstorage.com\/wp-content\/uploads\/2023\/04\/AVDG_logo2020_211008_095019__1_-removebg-preview.png","medium_large-width":500,"medium_large-height":500,"large":"https:\/\/media-camminiditalia.nbg1.your-objectstorage.com\/wp-content\/uploads\/2023\/04\/AVDG_logo2020_211008_095019__1_-removebg-preview.png","large-width":500,"large-height":500,"1536x1536":"https:\/\/media-camminiditalia.nbg1.your-objectstorage.com\/wp-content\/uploads\/2023\/04\/AVDG_logo2020_211008_095019__1_-removebg-preview.png","1536x1536-width":500,"1536x1536-height":500,"2048x2048":"https:\/\/media-camminiditalia.nbg1.your-objectstorage.com\/wp-content\/uploads\/2023\/04\/AVDG_logo2020_211008_095019__1_-removebg-preview.png","2048x2048-width":500,"2048x2048-height":500,"tc_all_events_image":"https:\/\/media-camminiditalia.nbg1.your-objectstorage.com\/wp-content\/uploads\/2023\/04\/AVDG_logo2020_211008_095019__1_-removebg-preview.png","tc_all_events_image-width":500,"tc_all_events_image-height":500,"woocommerce_thumbnail":"https:\/\/media-camminiditalia.nbg1.your-objectstorage.com\/wp-content\/uploads\/2023\/04\/AVDG_logo2020_211008_095019__1_-removebg-preview-300x300.png","woocommerce_thumbnail-width":300,"woocommerce_thumbnail-height":300,"woocommerce_single":"https:\/\/media-camminiditalia.nbg1.your-objectstorage.com\/wp-content\/uploads\/2023\/04\/AVDG_logo2020_211008_095019__1_-removebg-preview.png","woocommerce_single-width":500,"woocommerce_single-height":500,"woocommerce_gallery_thumbnail":"https:\/\/media-camminiditalia.nbg1.your-objectstorage.com\/wp-content\/uploads\/2023\/04\/AVDG_logo2020_211008_095019__1_-removebg-preview-100x100.png","woocommerce_gallery_thumbnail-width":100,"woocommerce_gallery_thumbnail-height":100}},"slider_cammini":{"title":"","text":"","select_cammini":false},"header_link":{"title":"","url":"","target":"","0":""}},"yoast_head":"<!-- This site is optimized with the Yoast SEO plugin v27.1.1 - https:\/\/yoast.com\/product\/yoast-seo-wordpress\/ -->\n<title>Alta Via delle Grazie - Cammini d&#039;Italia<\/title>\n<meta name=\"description\" content=\"The Alta Via delle Grazie: a ring path in the Orobic heart of Lombardy. There are as many as 18 Marian shrines in the various STAGES.\" \/>\n<meta name=\"robots\" content=\"index, follow, max-snippet:-1, max-image-preview:large, max-video-preview:-1\" \/>\n<link rel=\"canonical\" href=\"https:\/\/camminiditalia.org\/en\/cammini\/alta-via-delle-grazie\/\" \/>\n<meta property=\"og:locale\" content=\"en_US\" \/>\n<meta property=\"og:type\" content=\"article\" \/>\n<meta property=\"og:title\" content=\"Alta Via delle Grazie - Cammini d&#039;Italia\" \/>\n<meta property=\"og:description\" content=\"The Alta Via delle Grazie: a ring path in the Orobic heart of Lombardy. There are as many as 18 Marian shrines in the various STAGES.\" \/>\n<meta property=\"og:url\" content=\"https:\/\/camminiditalia.org\/en\/cammini\/alta-via-delle-grazie\/\" \/>\n<meta property=\"og:site_name\" content=\"Cammini d&#039;Italia\" \/>\n<meta property=\"article:modified_time\" content=\"2026-04-13T12:07:14+00:00\" \/>\n<meta property=\"og:image\" content=\"https:\/\/media-camminiditalia.nbg1.your-objectstorage.com\/wp-content\/uploads\/2023\/04\/IMG-20220829-WA0000-e1719231515634.jpg\" \/>\n\t<meta property=\"og:image:width\" content=\"1600\" \/>\n\t<meta property=\"og:image:height\" content=\"1066\" \/>\n\t<meta property=\"og:image:type\" content=\"image\/jpeg\" \/>\n<meta name=\"twitter:card\" content=\"summary_large_image\" \/>\n<meta name=\"twitter:label1\" content=\"Est. reading time\" \/>\n\t<meta name=\"twitter:data1\" content=\"2 minutes\" \/>\n<script type=\"application\/ld+json\" class=\"yoast-schema-graph\">{\"@context\":\"https:\/\/schema.org\",\"@graph\":[{\"@type\":\"WebPage\",\"@id\":\"https:\/\/camminiditalia.org\/en\/cammini\/alta-via-delle-grazie\/\",\"url\":\"https:\/\/camminiditalia.org\/en\/cammini\/alta-via-delle-grazie\/\",\"name\":\"Alta Via delle Grazie - Cammini d&#039;Italia\",\"isPartOf\":{\"@id\":\"https:\/\/camminiditalia.org\/en\/#website\"},\"primaryImageOfPage\":{\"@id\":\"https:\/\/camminiditalia.org\/en\/cammini\/alta-via-delle-grazie\/#primaryimage\"},\"image\":{\"@id\":\"https:\/\/camminiditalia.org\/en\/cammini\/alta-via-delle-grazie\/#primaryimage\"},\"thumbnailUrl\":\"https:\/\/media-camminiditalia.nbg1.your-objectstorage.com\/wp-content\/uploads\/2023\/04\/IMG-20220829-WA0000-e1719231515634.jpg\",\"datePublished\":\"2023-04-05T19:53:22+00:00\",\"dateModified\":\"2026-04-13T12:07:14+00:00\",\"description\":\"The Alta Via delle Grazie: a ring path in the Orobic heart of Lombardy. There are as many as 18 Marian shrines in the various STAGES.\",\"breadcrumb\":{\"@id\":\"https:\/\/camminiditalia.org\/en\/cammini\/alta-via-delle-grazie\/#breadcrumb\"},\"inLanguage\":\"en-US\",\"potentialAction\":[{\"@type\":\"ReadAction\",\"target\":[\"https:\/\/camminiditalia.org\/en\/cammini\/alta-via-delle-grazie\/\"]}]},{\"@type\":\"ImageObject\",\"inLanguage\":\"en-US\",\"@id\":\"https:\/\/camminiditalia.org\/en\/cammini\/alta-via-delle-grazie\/#primaryimage\",\"url\":\"https:\/\/media-camminiditalia.nbg1.your-objectstorage.com\/wp-content\/uploads\/2023\/04\/IMG-20220829-WA0000-e1719231515634.jpg\",\"contentUrl\":\"https:\/\/media-camminiditalia.nbg1.your-objectstorage.com\/wp-content\/uploads\/2023\/04\/IMG-20220829-WA0000-e1719231515634.jpg\",\"width\":1600,\"height\":1066,\"caption\":\"Alta Via delle Grazie\"},{\"@type\":\"BreadcrumbList\",\"@id\":\"https:\/\/camminiditalia.org\/en\/cammini\/alta-via-delle-grazie\/#breadcrumb\",\"itemListElement\":[{\"@type\":\"ListItem\",\"position\":1,\"name\":\"Home\",\"item\":\"https:\/\/camminiditalia.org\/en\/\"},{\"@type\":\"ListItem\",\"position\":2,\"name\":\"Walks\",\"item\":\"https:\/\/camminiditalia.org\/en\/cammini\/\"},{\"@type\":\"ListItem\",\"position\":3,\"name\":\"Alta Via delle Grazie\"}]},{\"@type\":\"WebSite\",\"@id\":\"https:\/\/camminiditalia.org\/en\/#website\",\"url\":\"https:\/\/camminiditalia.org\/en\/\",\"name\":\"Cammini d'Italia\",\"description\":\"Plan, walk and share!\",\"publisher\":{\"@id\":\"https:\/\/camminiditalia.org\/en\/#organization\"},\"potentialAction\":[{\"@type\":\"SearchAction\",\"target\":{\"@type\":\"EntryPoint\",\"urlTemplate\":\"https:\/\/camminiditalia.org\/en\/?s={search_term_string}\"},\"query-input\":{\"@type\":\"PropertyValueSpecification\",\"valueRequired\":true,\"valueName\":\"search_term_string\"}}],\"inLanguage\":\"en-US\"},{\"@type\":\"Organization\",\"@id\":\"https:\/\/camminiditalia.org\/en\/#organization\",\"name\":\"Cammini d'Italia srls\",\"url\":\"https:\/\/camminiditalia.org\/en\/\",\"logo\":{\"@type\":\"ImageObject\",\"inLanguage\":\"en-US\",\"@id\":\"https:\/\/camminiditalia.org\/en\/#\/schema\/logo\/image\/\",\"url\":\"https:\/\/media-camminiditalia.nbg1.your-objectstorage.com\/wp-content\/uploads\/2023\/08\/Risorsa-2-8-e1690918206850.png\",\"contentUrl\":\"https:\/\/media-camminiditalia.nbg1.your-objectstorage.com\/wp-content\/uploads\/2023\/08\/Risorsa-2-8-e1690918206850.png\",\"width\":1076,\"height\":329,\"caption\":\"Cammini d'Italia srls\"},\"image\":{\"@id\":\"https:\/\/camminiditalia.org\/en\/#\/schema\/logo\/image\/\"}}]}<\/script>\n<!-- \/ Yoast SEO plugin. -->","yoast_head_json":{"title":"Alta Via delle Grazie - Cammini d&#039;Italia","description":"The Alta Via delle Grazie: a ring path in the Orobic heart of Lombardy. There are as many as 18 Marian shrines in the various STAGES.","robots":{"index":"index","follow":"follow","max-snippet":"max-snippet:-1","max-image-preview":"max-image-preview:large","max-video-preview":"max-video-preview:-1"},"canonical":"https:\/\/camminiditalia.org\/en\/cammini\/alta-via-delle-grazie\/","og_locale":"en_US","og_type":"article","og_title":"Alta Via delle Grazie - Cammini d&#039;Italia","og_description":"The Alta Via delle Grazie: a ring path in the Orobic heart of Lombardy. There are as many as 18 Marian shrines in the various STAGES.","og_url":"https:\/\/camminiditalia.org\/en\/cammini\/alta-via-delle-grazie\/","og_site_name":"Cammini d&#039;Italia","article_modified_time":"2026-04-13T12:07:14+00:00","og_image":[{"width":1600,"height":1066,"url":"https:\/\/media-camminiditalia.nbg1.your-objectstorage.com\/wp-content\/uploads\/2023\/04\/IMG-20220829-WA0000-e1719231515634.jpg","type":"image\/jpeg"}],"twitter_card":"summary_large_image","twitter_misc":{"Est. reading time":"2 minutes"},"schema":{"@context":"https:\/\/schema.org","@graph":[{"@type":"WebPage","@id":"https:\/\/camminiditalia.org\/en\/cammini\/alta-via-delle-grazie\/","url":"https:\/\/camminiditalia.org\/en\/cammini\/alta-via-delle-grazie\/","name":"Alta Via delle Grazie - Cammini d&#039;Italia","isPartOf":{"@id":"https:\/\/camminiditalia.org\/en\/#website"},"primaryImageOfPage":{"@id":"https:\/\/camminiditalia.org\/en\/cammini\/alta-via-delle-grazie\/#primaryimage"},"image":{"@id":"https:\/\/camminiditalia.org\/en\/cammini\/alta-via-delle-grazie\/#primaryimage"},"thumbnailUrl":"https:\/\/media-camminiditalia.nbg1.your-objectstorage.com\/wp-content\/uploads\/2023\/04\/IMG-20220829-WA0000-e1719231515634.jpg","datePublished":"2023-04-05T19:53:22+00:00","dateModified":"2026-04-13T12:07:14+00:00","description":"The Alta Via delle Grazie: a ring path in the Orobic heart of Lombardy. There are as many as 18 Marian shrines in the various STAGES.","breadcrumb":{"@id":"https:\/\/camminiditalia.org\/en\/cammini\/alta-via-delle-grazie\/#breadcrumb"},"inLanguage":"en-US","potentialAction":[{"@type":"ReadAction","target":["https:\/\/camminiditalia.org\/en\/cammini\/alta-via-delle-grazie\/"]}]},{"@type":"ImageObject","inLanguage":"en-US","@id":"https:\/\/camminiditalia.org\/en\/cammini\/alta-via-delle-grazie\/#primaryimage","url":"https:\/\/media-camminiditalia.nbg1.your-objectstorage.com\/wp-content\/uploads\/2023\/04\/IMG-20220829-WA0000-e1719231515634.jpg","contentUrl":"https:\/\/media-camminiditalia.nbg1.your-objectstorage.com\/wp-content\/uploads\/2023\/04\/IMG-20220829-WA0000-e1719231515634.jpg","width":1600,"height":1066,"caption":"Alta Via delle Grazie"},{"@type":"BreadcrumbList","@id":"https:\/\/camminiditalia.org\/en\/cammini\/alta-via-delle-grazie\/#breadcrumb","itemListElement":[{"@type":"ListItem","position":1,"name":"Home","item":"https:\/\/camminiditalia.org\/en\/"},{"@type":"ListItem","position":2,"name":"Walks","item":"https:\/\/camminiditalia.org\/en\/cammini\/"},{"@type":"ListItem","position":3,"name":"Alta Via delle Grazie"}]},{"@type":"WebSite","@id":"https:\/\/camminiditalia.org\/en\/#website","url":"https:\/\/camminiditalia.org\/en\/","name":"Cammini d'Italia","description":"Plan, walk and share!","publisher":{"@id":"https:\/\/camminiditalia.org\/en\/#organization"},"potentialAction":[{"@type":"SearchAction","target":{"@type":"EntryPoint","urlTemplate":"https:\/\/camminiditalia.org\/en\/?s={search_term_string}"},"query-input":{"@type":"PropertyValueSpecification","valueRequired":true,"valueName":"search_term_string"}}],"inLanguage":"en-US"},{"@type":"Organization","@id":"https:\/\/camminiditalia.org\/en\/#organization","name":"Cammini d'Italia srls","url":"https:\/\/camminiditalia.org\/en\/","logo":{"@type":"ImageObject","inLanguage":"en-US","@id":"https:\/\/camminiditalia.org\/en\/#\/schema\/logo\/image\/","url":"https:\/\/media-camminiditalia.nbg1.your-objectstorage.com\/wp-content\/uploads\/2023\/08\/Risorsa-2-8-e1690918206850.png","contentUrl":"https:\/\/media-camminiditalia.nbg1.your-objectstorage.com\/wp-content\/uploads\/2023\/08\/Risorsa-2-8-e1690918206850.png","width":1076,"height":329,"caption":"Cammini d'Italia srls"},"image":{"@id":"https:\/\/camminiditalia.org\/en\/#\/schema\/logo\/image\/"}}]}},"jetpack_sharing_enabled":true,"_links":{"self":[{"href":"https:\/\/camminiditalia.org\/en\/wp-json\/wp\/v2\/cammini\/55702","targetHints":{"allow":["GET"]}}],"collection":[{"href":"https:\/\/camminiditalia.org\/en\/wp-json\/wp\/v2\/cammini"}],"about":[{"href":"https:\/\/camminiditalia.org\/en\/wp-json\/wp\/v2\/types\/cammini"}],"version-history":[{"count":2,"href":"https:\/\/camminiditalia.org\/en\/wp-json\/wp\/v2\/cammini\/55702\/revisions"}],"predecessor-version":[{"id":90967,"href":"https:\/\/camminiditalia.org\/en\/wp-json\/wp\/v2\/cammini\/55702\/revisions\/90967"}],"wp:featuredmedia":[{"embeddable":true,"href":"https:\/\/camminiditalia.org\/en\/wp-json\/wp\/v2\/media\/55707"}],"wp:attachment":[{"href":"https:\/\/camminiditalia.org\/en\/wp-json\/wp\/v2\/media?parent=55702"}],"wp:term":[{"taxonomy":"category","embeddable":true,"href":"https:\/\/camminiditalia.org\/en\/wp-json\/wp\/v2\/categories?post=55702"}],"curies":[{"name":"wp","href":"https:\/\/api.w.org\/{rel}","templated":true}]}}