
{"id":55709,"date":"2023-04-12T16:03:16","date_gmt":"2023-04-12T14:03:16","guid":{"rendered":"https:\/\/camminiditalia.org\/cammini\/la-rotta-dei-due-mari\/"},"modified":"2026-02-27T19:30:52","modified_gmt":"2026-02-27T18:30:52","slug":"la-rotta-dei-due-mari","status":"publish","type":"cammini","link":"https:\/\/camminiditalia.org\/en\/cammini\/la-rotta-dei-due-mari\/","title":{"rendered":"La Rotta dei due Mari"},"content":{"rendered":"\n<p>The Route of the Two Seas was born out of a deep love and desire for the redemption of the land we inhabit and also delivers to Apulia a route that can be traveled on foot and by bicycle through ancient roads made of history, nature and extraordinary peoples.<\/p>\n\n<p id=\"scopriletappe\">All year round from the Adriatic to the Ionian, slowly, traveling along ancient sheep-tracks, crossing centuries-old olive groves and enjoying the rare beauty of the sea that bathes the cliffs of Polignano a Mare until you reach the city of two seas, Taranto and its thousand-year history.<\/p>\n","protected":false},"excerpt":{"rendered":"<p>The Route of the Two Seas was born out of a deep love and desire for the redemption of the land we inhabit and also delivers to Apulia a route that can be traveled on foot and by bicycle through ancient roads made of history, nature and extraordinary peoples. All year round from the Adriatic &hellip; <a href=\"https:\/\/camminiditalia.org\/en\/cammini\/la-rotta-dei-due-mari\/\">Continued<\/a><\/p>\n","protected":false},"featured_media":55718,"parent":0,"menu_order":0,"template":"","meta":{"_acf_changed":false,"footnotes":""},"categories":[],"class_list":["post-55709","cammini","type-cammini","status-publish","has-post-thumbnail","hentry","regioni-puglia"],"acf":{"mobile":false,"desktop":false,"app":{"bgImg":{"ID":55718,"id":55718,"title":"La Rotta dei due Mari","filename":"WhatsApp-Image-2023-04-12-at-16.22.07-1.jpeg","filesize":533225,"url":"https:\/\/media-camminiditalia.nbg1.your-objectstorage.com\/wp-content\/uploads\/2023\/04\/WhatsApp-Image-2023-04-12-at-16.22.07-1.jpeg","link":"https:\/\/camminiditalia.org\/en\/cammini\/la-rotta-dei-due-mari\/whatsapp-image-2023-04-12-at-16-22-07-1-3\/","alt":"La Rotta dei due Mari","author":"2","description":"","caption":"","name":"whatsapp-image-2023-04-12-at-16-22-07-1-3","status":"inherit","uploaded_to":55709,"date":"2023-04-12 14:22:47","modified":"2026-02-27 18:30:55","menu_order":0,"mime_type":"image\/jpeg","type":"image","subtype":"jpeg","icon":"https:\/\/camminiditalia.org\/wp-includes\/images\/media\/default.png","width":2048,"height":1152,"sizes":{"thumbnail":"https:\/\/media-camminiditalia.nbg1.your-objectstorage.com\/wp-content\/uploads\/2023\/04\/WhatsApp-Image-2023-04-12-at-16.22.07-1-150x150.jpeg","thumbnail-width":150,"thumbnail-height":150,"medium":"https:\/\/media-camminiditalia.nbg1.your-objectstorage.com\/wp-content\/uploads\/2023\/04\/WhatsApp-Image-2023-04-12-at-16.22.07-1-300x169.jpeg","medium-width":300,"medium-height":169,"medium_large":"https:\/\/media-camminiditalia.nbg1.your-objectstorage.com\/wp-content\/uploads\/2023\/04\/WhatsApp-Image-2023-04-12-at-16.22.07-1-768x432.jpeg","medium_large-width":768,"medium_large-height":432,"large":"https:\/\/media-camminiditalia.nbg1.your-objectstorage.com\/wp-content\/uploads\/2023\/04\/WhatsApp-Image-2023-04-12-at-16.22.07-1-1024x576.jpeg","large-width":1024,"large-height":576,"1536x1536":"https:\/\/media-camminiditalia.nbg1.your-objectstorage.com\/wp-content\/uploads\/2023\/04\/WhatsApp-Image-2023-04-12-at-16.22.07-1-1536x864.jpeg","1536x1536-width":1536,"1536x1536-height":864,"2048x2048":"https:\/\/media-camminiditalia.nbg1.your-objectstorage.com\/wp-content\/uploads\/2023\/04\/WhatsApp-Image-2023-04-12-at-16.22.07-1.jpeg","2048x2048-width":2048,"2048x2048-height":1152,"tc_all_events_image":"https:\/\/media-camminiditalia.nbg1.your-objectstorage.com\/wp-content\/uploads\/2023\/04\/WhatsApp-Image-2023-04-12-at-16.22.07-1.jpeg","tc_all_events_image-width":1100,"tc_all_events_image-height":619,"woocommerce_thumbnail":"https:\/\/media-camminiditalia.nbg1.your-objectstorage.com\/wp-content\/uploads\/2023\/04\/WhatsApp-Image-2023-04-12-at-16.22.07-1-300x300.jpeg","woocommerce_thumbnail-width":300,"woocommerce_thumbnail-height":300,"woocommerce_single":"https:\/\/media-camminiditalia.nbg1.your-objectstorage.com\/wp-content\/uploads\/2023\/04\/WhatsApp-Image-2023-04-12-at-16.22.07-1-600x338.jpeg","woocommerce_single-width":600,"woocommerce_single-height":338,"woocommerce_gallery_thumbnail":"https:\/\/media-camminiditalia.nbg1.your-objectstorage.com\/wp-content\/uploads\/2023\/04\/WhatsApp-Image-2023-04-12-at-16.22.07-1-100x100.jpeg","woocommerce_gallery_thumbnail-width":100,"woocommerce_gallery_thumbnail-height":100}},"title":"La Rotta dei due Mari","text":"<p>With Cammini d&#8217;Italia&#8217;s free app, you can plan and walk the La Rotta dei due Mari in total safety, being able to plan the stages in detail and walk the route thanks to the built-in GPS technology that supports your orientation during your adventure.<\/p>\n<p>\u00a0<\/p>\n<p>Within the app you will find many other paths present in Italy. Thanks to the georeferenced tracks of many routes you will be able to study the itinerary that suits you best and also download the GPX tracks of the individual STAGEs offline. <\/p>\n<p>\u00a0<\/p>\n<p>The app also includes a complete digital map of all the paths surveyed to date on our portal, giving you a wide range of choices among the many paths in the Belpaese.<\/p>\n<p>\u2800\u2800<br \/>\nCammini d&#8217;Italia is the perfect app for those who want to explore the beauty of Italy on foot, discovering hidden places surrounded by nature. Download it for free today and start planning your next adventure! <\/p>\n<p>\u2800<\/p>\n<p>\u2800<\/p>\n<p><a href=\"https:\/\/apps.apple.com\/it\/app\/cammini-di-italia\/id1643119047\" target=\"_blank\" rel=\"noopener\"><img loading=\"lazy\" decoding=\"async\" class=\"alignnone wp-image-23502\" src=\"https:\/\/camminiditalia.org\/wp-content\/uploads\/s3fra1:\/\/camministorage\/wp-content\/uploads\/2023\/04\/apple-300x95.png\" alt=\"\" width=\"190\" height=\"60\" srcset=\"https:\/\/media-camminiditalia.nbg1.your-objectstorage.com\/wp-content\/uploads\/2023\/04\/apple-300x95.png 300w, https:\/\/media-camminiditalia.nbg1.your-objectstorage.com\/wp-content\/uploads\/2023\/04\/apple.png 600w, https:\/\/media-camminiditalia.nbg1.your-objectstorage.com\/wp-content\/uploads\/2023\/04\/apple-1024x323.png 1024w, https:\/\/media-camminiditalia.nbg1.your-objectstorage.com\/wp-content\/uploads\/2023\/04\/apple-768x242.png 768w, https:\/\/media-camminiditalia.nbg1.your-objectstorage.com\/wp-content\/uploads\/2023\/04\/apple.png 1109w\" sizes=\"auto, (max-width: 190px) 100vw, 190px\" \/><\/a>  \u2800\u2800\u2800<a href=\"https:\/\/play.google.com\/store\/apps\/details?id=it.webmapp.cammini&#038;hl=en_US\" target=\"_blank\" rel=\"noopener\"><img loading=\"lazy\" decoding=\"async\" class=\"alignnone wp-image-23503\" src=\"https:\/\/camminiditalia.org\/wp-content\/uploads\/s3fra1:\/\/camministorage\/wp-content\/uploads\/2023\/04\/google-play-300x93.png\" alt=\"\" width=\"193\" height=\"60\" srcset=\"https:\/\/media-camminiditalia.nbg1.your-objectstorage.com\/wp-content\/uploads\/2023\/04\/google-play-300x93.png 300w, https:\/\/media-camminiditalia.nbg1.your-objectstorage.com\/wp-content\/uploads\/2023\/04\/google-play.png 600w, https:\/\/media-camminiditalia.nbg1.your-objectstorage.com\/wp-content\/uploads\/2023\/04\/google-play-1024x318.png 1024w, https:\/\/media-camminiditalia.nbg1.your-objectstorage.com\/wp-content\/uploads\/2023\/04\/google-play-768x239.png 768w, https:\/\/media-camminiditalia.nbg1.your-objectstorage.com\/wp-content\/uploads\/2023\/04\/google-play.png 1106w\" sizes=\"auto, (max-width: 193px) 100vw, 193px\" \/><\/a><\/p>\n","img":{"ID":55716,"id":55716,"title":"1 - App","filename":"1-App.png","filesize":343975,"url":"https:\/\/media-camminiditalia.nbg1.your-objectstorage.com\/wp-content\/uploads\/2023\/01\/1-App.png","link":"https:\/\/camminiditalia.org\/en\/cammini\/la-rotta-dei-due-mari\/1-app-2\/","alt":"","author":"1","description":"","caption":"","name":"1-app-2","status":"inherit","uploaded_to":55709,"date":"2023-01-11 08:47:14","modified":"2023-01-11 08:47:14","menu_order":0,"mime_type":"image\/png","type":"image","subtype":"png","icon":"https:\/\/camminiditalia.org\/wp-includes\/images\/media\/default.png","width":383,"height":569,"sizes":{"thumbnail":"https:\/\/media-camminiditalia.nbg1.your-objectstorage.com\/wp-content\/uploads\/2023\/01\/1-App-150x150.png","thumbnail-width":150,"thumbnail-height":150,"medium":"https:\/\/media-camminiditalia.nbg1.your-objectstorage.com\/wp-content\/uploads\/2023\/01\/1-App-202x300.png","medium-width":202,"medium-height":300,"medium_large":"https:\/\/media-camminiditalia.nbg1.your-objectstorage.com\/wp-content\/uploads\/2023\/01\/1-App.png","medium_large-width":383,"medium_large-height":569,"large":"https:\/\/media-camminiditalia.nbg1.your-objectstorage.com\/wp-content\/uploads\/2023\/01\/1-App.png","large-width":383,"large-height":569,"1536x1536":"https:\/\/media-camminiditalia.nbg1.your-objectstorage.com\/wp-content\/uploads\/2023\/01\/1-App.png","1536x1536-width":383,"1536x1536-height":569,"2048x2048":"https:\/\/media-camminiditalia.nbg1.your-objectstorage.com\/wp-content\/uploads\/2023\/01\/1-App.png","2048x2048-width":383,"2048x2048-height":569,"tc_all_events_image":"https:\/\/media-camminiditalia.nbg1.your-objectstorage.com\/wp-content\/uploads\/2023\/01\/1-App.png","tc_all_events_image-width":383,"tc_all_events_image-height":569,"woocommerce_thumbnail":"https:\/\/media-camminiditalia.nbg1.your-objectstorage.com\/wp-content\/uploads\/2023\/01\/1-App-300x300.png","woocommerce_thumbnail-width":300,"woocommerce_thumbnail-height":300,"woocommerce_single":"https:\/\/media-camminiditalia.nbg1.your-objectstorage.com\/wp-content\/uploads\/2023\/01\/1-App.png","woocommerce_single-width":383,"woocommerce_single-height":569,"woocommerce_gallery_thumbnail":"https:\/\/media-camminiditalia.nbg1.your-objectstorage.com\/wp-content\/uploads\/2023\/01\/1-App-100x100.png","woocommerce_gallery_thumbnail-width":100,"woocommerce_gallery_thumbnail-height":100}},"linkBtn":{"title":"","url":"","target":"","0":""},"textBtn":""},"diaries":{"diary":false},"gallery":{"images":[{"img":{"ID":38207,"id":38207,"title":"Trulli","filename":"Trulli.jpeg","filesize":560252,"url":"https:\/\/media-camminiditalia.nbg1.your-objectstorage.com\/wp-content\/uploads\/2024\/08\/Trulli.jpeg","link":"https:\/\/camminiditalia.org\/en\/cammini-in-puglia\/trulli\/","alt":"","author":"7","description":"","caption":"","name":"trulli","status":"inherit","uploaded_to":37589,"date":"2024-08-08 10:27:33","modified":"2024-08-08 10:27:33","menu_order":0,"mime_type":"image\/jpeg","type":"image","subtype":"jpeg","icon":"https:\/\/camminiditalia.org\/wp-includes\/images\/media\/default.png","width":1612,"height":1038,"sizes":{"thumbnail":"https:\/\/media-camminiditalia.nbg1.your-objectstorage.com\/wp-content\/uploads\/2024\/08\/Trulli-150x150.jpeg","thumbnail-width":150,"thumbnail-height":150,"medium":"https:\/\/media-camminiditalia.nbg1.your-objectstorage.com\/wp-content\/uploads\/2024\/08\/Trulli-300x193.jpeg","medium-width":300,"medium-height":193,"medium_large":"https:\/\/media-camminiditalia.nbg1.your-objectstorage.com\/wp-content\/uploads\/2024\/08\/Trulli-768x495.jpeg","medium_large-width":768,"medium_large-height":495,"large":"https:\/\/media-camminiditalia.nbg1.your-objectstorage.com\/wp-content\/uploads\/2024\/08\/Trulli-1024x659.jpeg","large-width":1024,"large-height":659,"1536x1536":"https:\/\/media-camminiditalia.nbg1.your-objectstorage.com\/wp-content\/uploads\/2024\/08\/Trulli-1536x989.jpeg","1536x1536-width":1536,"1536x1536-height":989,"2048x2048":"https:\/\/media-camminiditalia.nbg1.your-objectstorage.com\/wp-content\/uploads\/2024\/08\/Trulli.jpeg","2048x2048-width":1612,"2048x2048-height":1038,"tc_all_events_image":"https:\/\/media-camminiditalia.nbg1.your-objectstorage.com\/wp-content\/uploads\/2024\/08\/Trulli-1100x680.jpeg","tc_all_events_image-width":1100,"tc_all_events_image-height":680,"woocommerce_thumbnail":"https:\/\/media-camminiditalia.nbg1.your-objectstorage.com\/wp-content\/uploads\/2024\/08\/Trulli-300x300.jpeg","woocommerce_thumbnail-width":300,"woocommerce_thumbnail-height":300,"woocommerce_single":"https:\/\/media-camminiditalia.nbg1.your-objectstorage.com\/wp-content\/uploads\/2024\/08\/Trulli-600x386.jpeg","woocommerce_single-width":600,"woocommerce_single-height":386,"woocommerce_gallery_thumbnail":"https:\/\/media-camminiditalia.nbg1.your-objectstorage.com\/wp-content\/uploads\/2024\/08\/Trulli-100x100.jpeg","woocommerce_gallery_thumbnail-width":100,"woocommerce_gallery_thumbnail-height":100}}},{"img":{"ID":38211,"id":38211,"title":"Polignano 2","filename":"Polignano-2-1.jpeg","filesize":391819,"url":"https:\/\/media-camminiditalia.nbg1.your-objectstorage.com\/wp-content\/uploads\/2023\/04\/Polignano-2-1.jpeg","link":"https:\/\/camminiditalia.org\/en\/cammini\/la-rotta-dei-due-mari\/polignano-2-2\/","alt":"","author":"7","description":"","caption":"","name":"polignano-2-2","status":"inherit","uploaded_to":55709,"date":"2024-08-08 10:28:05","modified":"2025-06-19 13:02:03","menu_order":0,"mime_type":"image\/jpeg","type":"image","subtype":"jpeg","icon":"https:\/\/camminiditalia.org\/wp-includes\/images\/media\/default.png","width":1876,"height":903,"sizes":{"thumbnail":"https:\/\/media-camminiditalia.nbg1.your-objectstorage.com\/wp-content\/uploads\/2023\/04\/Polignano-2-1-150x150.jpeg","thumbnail-width":150,"thumbnail-height":150,"medium":"https:\/\/media-camminiditalia.nbg1.your-objectstorage.com\/wp-content\/uploads\/2023\/04\/Polignano-2-1-300x144.jpeg","medium-width":300,"medium-height":144,"medium_large":"https:\/\/media-camminiditalia.nbg1.your-objectstorage.com\/wp-content\/uploads\/2023\/04\/Polignano-2-1-768x370.jpeg","medium_large-width":768,"medium_large-height":370,"large":"https:\/\/media-camminiditalia.nbg1.your-objectstorage.com\/wp-content\/uploads\/2023\/04\/Polignano-2-1-1024x493.jpeg","large-width":1024,"large-height":493,"1536x1536":"https:\/\/media-camminiditalia.nbg1.your-objectstorage.com\/wp-content\/uploads\/2023\/04\/Polignano-2-1-1536x739.jpeg","1536x1536-width":1536,"1536x1536-height":739,"2048x2048":"https:\/\/media-camminiditalia.nbg1.your-objectstorage.com\/wp-content\/uploads\/2023\/04\/Polignano-2-1.jpeg","2048x2048-width":1876,"2048x2048-height":903,"tc_all_events_image":"https:\/\/media-camminiditalia.nbg1.your-objectstorage.com\/wp-content\/uploads\/2023\/04\/Polignano-2-1-1100x680.jpeg","tc_all_events_image-width":1100,"tc_all_events_image-height":680,"woocommerce_thumbnail":"https:\/\/media-camminiditalia.nbg1.your-objectstorage.com\/wp-content\/uploads\/2023\/04\/Polignano-2-1-300x300.jpeg","woocommerce_thumbnail-width":300,"woocommerce_thumbnail-height":300,"woocommerce_single":"https:\/\/media-camminiditalia.nbg1.your-objectstorage.com\/wp-content\/uploads\/2023\/04\/Polignano-2-1-600x289.jpeg","woocommerce_single-width":600,"woocommerce_single-height":289,"woocommerce_gallery_thumbnail":"https:\/\/media-camminiditalia.nbg1.your-objectstorage.com\/wp-content\/uploads\/2023\/04\/Polignano-2-1-100x100.jpeg","woocommerce_gallery_thumbnail-width":100,"woocommerce_gallery_thumbnail-height":100}}},{"img":{"ID":55719,"id":55719,"title":"3 Muretti a secco","filename":"3-Muretti-a-secco.jpg","filesize":7271377,"url":"https:\/\/media-camminiditalia.nbg1.your-objectstorage.com\/wp-content\/uploads\/2023\/04\/3-Muretti-a-secco-scaled.jpg","link":"https:\/\/camminiditalia.org\/en\/cammini\/la-rotta-dei-due-mari\/3-muretti-a-secco-2\/","alt":"","author":"2","description":"","caption":"Muretti a secco","name":"3-muretti-a-secco-2","status":"inherit","uploaded_to":55709,"date":"2023-04-12 14:29:45","modified":"2023-04-12 14:29:45","menu_order":0,"mime_type":"image\/jpeg","type":"image","subtype":"jpeg","icon":"https:\/\/camminiditalia.org\/wp-includes\/images\/media\/default.png","width":0,"height":0,"sizes":{"thumbnail":"https:\/\/media-camminiditalia.nbg1.your-objectstorage.com\/wp-content\/uploads\/2023\/04\/3-Muretti-a-secco-150x150.jpg","thumbnail-width":150,"thumbnail-height":150,"medium":"https:\/\/media-camminiditalia.nbg1.your-objectstorage.com\/wp-content\/uploads\/2023\/04\/3-Muretti-a-secco-300x169.jpg","medium-width":300,"medium-height":169,"medium_large":"https:\/\/media-camminiditalia.nbg1.your-objectstorage.com\/wp-content\/uploads\/2023\/04\/3-Muretti-a-secco-768x432.jpg","medium_large-width":768,"medium_large-height":432,"large":"https:\/\/media-camminiditalia.nbg1.your-objectstorage.com\/wp-content\/uploads\/2023\/04\/3-Muretti-a-secco-1024x576.jpg","large-width":1024,"large-height":576,"1536x1536":"https:\/\/media-camminiditalia.nbg1.your-objectstorage.com\/wp-content\/uploads\/2023\/04\/3-Muretti-a-secco-1536x864.jpg","1536x1536-width":1536,"1536x1536-height":864,"2048x2048":"https:\/\/media-camminiditalia.nbg1.your-objectstorage.com\/wp-content\/uploads\/2023\/04\/3-Muretti-a-secco-2048x1152.jpg","2048x2048-width":2048,"2048x2048-height":1152,"tc_all_events_image":"https:\/\/media-camminiditalia.nbg1.your-objectstorage.com\/wp-content\/uploads\/2023\/04\/3-Muretti-a-secco-scaled.jpg","tc_all_events_image-width":1,"tc_all_events_image-height":1,"woocommerce_thumbnail":"https:\/\/media-camminiditalia.nbg1.your-objectstorage.com\/wp-content\/uploads\/2023\/04\/3-Muretti-a-secco-scaled-300x300.jpg","woocommerce_thumbnail-width":300,"woocommerce_thumbnail-height":300,"woocommerce_single":"https:\/\/media-camminiditalia.nbg1.your-objectstorage.com\/wp-content\/uploads\/2023\/04\/3-Muretti-a-secco-scaled.jpg","woocommerce_single-width":1,"woocommerce_single-height":1,"woocommerce_gallery_thumbnail":"https:\/\/media-camminiditalia.nbg1.your-objectstorage.com\/wp-content\/uploads\/2023\/04\/3-Muretti-a-secco-scaled-100x100.jpg","woocommerce_gallery_thumbnail-width":100,"woocommerce_gallery_thumbnail-height":100}}},{"img":{"ID":55720,"id":55720,"title":"5 Coltivazioni di Lollo contrada la Marinesca Polignano","filename":"5-Coltivazioni-di-Lollo-contrada-la-Marinesca-Polignano.jpg","filesize":12379809,"url":"https:\/\/media-camminiditalia.nbg1.your-objectstorage.com\/wp-content\/uploads\/2023\/04\/5-Coltivazioni-di-Lollo-contrada-la-Marinesca-Polignano-scaled.jpg","link":"https:\/\/camminiditalia.org\/en\/cammini\/la-rotta-dei-due-mari\/5-coltivazioni-di-lollo-contrada-la-marinesca-polignano-2\/","alt":"","author":"2","description":"","caption":"Coltivazioni di Lollo - Polignano a Mare","name":"5-coltivazioni-di-lollo-contrada-la-marinesca-polignano-2","status":"inherit","uploaded_to":55709,"date":"2023-04-12 14:33:33","modified":"2023-04-12 14:33:33","menu_order":0,"mime_type":"image\/jpeg","type":"image","subtype":"jpeg","icon":"https:\/\/camminiditalia.org\/wp-includes\/images\/media\/default.png","width":0,"height":0,"sizes":{"thumbnail":"https:\/\/media-camminiditalia.nbg1.your-objectstorage.com\/wp-content\/uploads\/2023\/04\/5-Coltivazioni-di-Lollo-contrada-la-Marinesca-Polignano-150x150.jpg","thumbnail-width":150,"thumbnail-height":150,"medium":"https:\/\/media-camminiditalia.nbg1.your-objectstorage.com\/wp-content\/uploads\/2023\/04\/5-Coltivazioni-di-Lollo-contrada-la-Marinesca-Polignano-300x169.jpg","medium-width":300,"medium-height":169,"medium_large":"https:\/\/media-camminiditalia.nbg1.your-objectstorage.com\/wp-content\/uploads\/2023\/04\/5-Coltivazioni-di-Lollo-contrada-la-Marinesca-Polignano-768x432.jpg","medium_large-width":768,"medium_large-height":432,"large":"https:\/\/media-camminiditalia.nbg1.your-objectstorage.com\/wp-content\/uploads\/2023\/04\/5-Coltivazioni-di-Lollo-contrada-la-Marinesca-Polignano-1024x576.jpg","large-width":1024,"large-height":576,"1536x1536":"https:\/\/media-camminiditalia.nbg1.your-objectstorage.com\/wp-content\/uploads\/2023\/04\/5-Coltivazioni-di-Lollo-contrada-la-Marinesca-Polignano-1536x864.jpg","1536x1536-width":1536,"1536x1536-height":864,"2048x2048":"https:\/\/media-camminiditalia.nbg1.your-objectstorage.com\/wp-content\/uploads\/2023\/04\/5-Coltivazioni-di-Lollo-contrada-la-Marinesca-Polignano-2048x1152.jpg","2048x2048-width":2048,"2048x2048-height":1152,"tc_all_events_image":"https:\/\/media-camminiditalia.nbg1.your-objectstorage.com\/wp-content\/uploads\/2023\/04\/5-Coltivazioni-di-Lollo-contrada-la-Marinesca-Polignano-scaled.jpg","tc_all_events_image-width":1,"tc_all_events_image-height":1,"woocommerce_thumbnail":"https:\/\/media-camminiditalia.nbg1.your-objectstorage.com\/wp-content\/uploads\/2023\/04\/5-Coltivazioni-di-Lollo-contrada-la-Marinesca-Polignano-scaled-300x300.jpg","woocommerce_thumbnail-width":300,"woocommerce_thumbnail-height":300,"woocommerce_single":"https:\/\/media-camminiditalia.nbg1.your-objectstorage.com\/wp-content\/uploads\/2023\/04\/5-Coltivazioni-di-Lollo-contrada-la-Marinesca-Polignano-scaled.jpg","woocommerce_single-width":1,"woocommerce_single-height":1,"woocommerce_gallery_thumbnail":"https:\/\/media-camminiditalia.nbg1.your-objectstorage.com\/wp-content\/uploads\/2023\/04\/5-Coltivazioni-di-Lollo-contrada-la-Marinesca-Polignano-scaled-100x100.jpg","woocommerce_gallery_thumbnail-width":100,"woocommerce_gallery_thumbnail-height":100}}}]},"guide":{"text":"","img":false,"linkBtn":{"title":"","url":"","target":"","0":""},"textBtn":""},"maps":{"map":"<p><iframe loading=\"lazy\" style=\"border: none; overflow: hidden;\" src=\"https:\/\/1.camminiditalia.webmapp.it\/map?layer=50\" width=\"100%\" height=\"800\" scrolling=\"no\"><\/iframe><\/p>\n","url":""},"modal":{"modals":[{"status":false,"title":"HISTORY","text":"<p>Legend has it that in the 8th century B.C. the Spartan hero Phalanthus, consulting the Delphic oracle, learned that he would come to the land of Saturus and found a city at the place where he saw rain falling from a clear, cloudless sky. The oracle came true when Phalanthus arrived at the mouth of the river Tara and fell asleep leaning on the lap of his wife Ethra, who bathed his face with her own tears. <\/p>\n<p>Traditional chronology assigns the date of the founding of Tarentum to 706 BC.<\/p>\n<p>Sources handed down by the historian Eusebius of Caesarea speak of the transfer to this area of the Spartan Falanthus, son of the noble Aratus and descendant of 8th generation Heracles and other compatriots called Partheni, sons of the virgins of Sparta.<\/p>\n"},{"status":false,"title":"WATER","text":"<p>In all the STAGES you are able to refuel with water. The only STAGE with difficulties is Stage 6: Crispiano &#8211; Taranto. <\/p>\n"},{"status":false,"title":"DANGERS ","text":"<p>While crossing the fish market, just before entering Taranto, there are a few dogs barking but they are by no means harassing.<\/p>\n"},{"status":false,"title":"CREDENTIALS","text":"<p>There is the Coaster Passport<\/p>\n"},{"status":false,"title":"ROAD BOTTOM.","text":"<p><strong>Gravel path<\/strong><span style=\"font-weight: 400;\"> 51 % 67 km<br \/>\n<\/span><span style=\"font-weight: 400;\"><strong>Road with mixed surface, deteriorated asphalt or cemented<\/strong> 9% <\/span><span style=\"font-weight: 400;\">18km<br \/>\n<\/span><span style=\"font-weight: 400;\"><strong>Low-traffic asphalt road<\/strong> 32% 42km <\/span><\/p>\n<p><span style=\"font-weight: 400;\"><strong>Low-traffic asphalt road<\/strong> 8%<\/span> <span style=\"font-weight: 400;\"> 9 km<\/span><\/p>\n"},{"status":false,"title":"CONTACTS","text":"<p><strong>APS LA ROTTA DEI DUE MARI<\/strong><\/p>\n<p><a href=\"http:\/\/www.larottadeiduemari.it\"><span style=\"font-weight: 400;\">www.larottadeiduemari.it<\/span><\/a><\/p>\n<p><span style=\"font-weight: 400;\">Helium Rome +39 3294277438<\/span><\/p>\n<p><span style=\"font-weight: 400;\">Francesco Consoli +39 3475813552<\/span><\/p>\n<p><a href=\"https:\/\/instagram.com\/larottadeiduemari?igshid=ZDdkNTZiNTM=\"><span style=\"font-weight: 400;\">https:\/\/instagram.com\/larottadeiduemari?igshid=ZDdkNTZiNTM=<\/span><\/a><\/p>\n<p><a href=\"https:\/\/www.facebook.com\/groups\/719488685053548\/?mibextid=HsNCOg\"><span style=\"font-weight: 400;\">https:\/\/www.facebook.com\/groups\/719488685053548\/?mibextid=HsNCOg<\/span><\/a><\/p>\n<p><a href=\"https:\/\/www.facebook.com\/profile.php?id=100056653577794\"><span style=\"font-weight: 400;\">https:\/\/www.facebook.com\/profile.php?id=100056653577794<\/span><\/a><\/p>\n"},{"status":false,"title":"","text":""},{"status":false,"title":"","text":""}]},"pagePoster":{"title":"La Rotta dei due Mari","text":"<p><span style=\"font-weight: 400;\">Slowly, through the most beautiful rural pearls of Apulia: Castellana Grotte, Alberobello, Locorotondo, Martina Franca,Crispiano, each of which welcomes the traveler according to the millenary tradition that coats the guest with a &#8216;sacred aura and makes him or her a temporary inhabitant of the community.<\/span><\/p>\n<p>\u00a0<\/p>\n","linkBtn":{"title":"","url":"#scopriletappe","target":""},"textBtn":"DISCOVER THE STAGES"},"podcasts":{"podcast":false,"link":null},"poster":false,"read_also_posts":{"read_also":[{"ID":83329,"post_author":"7","post_date":"2025-12-02 07:30:00","post_date_gmt":"2025-12-02 06:30:00","post_content":"<!-- wp:paragraph -->\n<p>Il sole di dicembre sta tramontando quando arrivate a fine tappa. Le gambe sono stanche, ma lo sguardo s\u2019illumina insieme alle prime lucine che si accendono nel borgo che vi ospiter\u00e0 per la notte. Le voci in paese si mescolano alle note di una canzone natalizia.<br><br>Non state sognando: avete davvero trovato un cammino dove godervi al massimo <em>la magia del Natale<\/em>.<br><br>La <a href=\"https:\/\/camminiditalia.org\/cammini\/la-rotta-dei-due-mari\/\"><strong>Rotta dei due Mari<\/strong><\/a><strong> <\/strong>a dicembre e gennaio: 136 chilometri, tra l'Adriatico e lo Ionio, dove ogni tappa si conclude in un borgo decorato da lucine, presepi e spirito natalizio.<\/p>\n<!-- \/wp:paragraph -->\n\n<!-- wp:heading -->\n<h2 class=\"wp-block-heading\"><strong>Perch\u00e9 La Rotta dei due Mari \u00e8 perfetta per il periodo natalizio<\/strong><\/h2>\n<!-- \/wp:heading -->\n\n<!-- wp:paragraph -->\n<p>Camminare durante le vacanze natalizie non deve per forza significare rinunciare all'atmosfera delle feste. Anzi!<\/p>\n<!-- \/wp:paragraph -->\n\n<!-- wp:paragraph -->\n<p>La Rotta dei due Mari attraversa alcuni dei <strong>borghi pi\u00f9 belli della Puglia (e d\u2019Italia)<\/strong> che dal 6 dicembre al 6 gennaio, si animano con <strong>eventi<\/strong>, <strong>mercatini <\/strong>e <strong>spettacoli di luci <\/strong>che rendono ogni sera indimenticabile.&nbsp;<\/p>\n<!-- \/wp:paragraph -->\n\n<!-- wp:paragraph -->\n<p>Mentre in altre regioni camminare in questo periodo dell\u2019anno pu\u00f2 diventare una sfida tra pioggia e neve, qui trovate <strong>giornate spesso soleggiate e temperature miti<\/strong>, che oscillano tra i 10 e i 15 gradi.<br>Non c'\u00e8 la fretta dell'estate, quando si cerca di partire all'alba per evitare le ore pi\u00f9 calde. Se percorrete La Rotta dei due Mari a dicembre potete godervi anche la mattinata, <strong>partire con calma<\/strong>, e arrivare nel tardo pomeriggio giusto in tempo per vedere le luci che si accendono.&nbsp;<\/p>\n<!-- \/wp:paragraph -->\n\n<!-- wp:paragraph -->\n<p>La sera rinfresca, certo, ma \u00e8 il momento perfetto per rifugiarsi in un ristorante al caldo o per passeggiare tra le luminarie.<\/p>\n<!-- \/wp:paragraph -->\n\n<!-- wp:heading -->\n<h2 class=\"wp-block-heading\"><strong>Gli eventi natalizi tappa per tappa<\/strong><\/h2>\n<!-- \/wp:heading -->\n\n<!-- wp:heading {\"level\":3} -->\n<h3 class=\"wp-block-heading\"><strong>Partenza: Polignano a Mare<\/strong><\/h3>\n<!-- \/wp:heading -->\n\n<!-- wp:paragraph -->\n<p><strong>Polignano a Mare<\/strong> vi accoglie all'inizio del cammino con il suo borgo a picco sul mare Adriatico che a Natale s\u2019illumina di mille luci. Le luminarie riflettono sull'acqua creando giochi di luce che rendono ancora pi\u00f9 spettacolare questo paese gi\u00e0 di per s\u00e9 meraviglioso.&nbsp;<\/p>\n<!-- \/wp:paragraph -->\n\n<!-- wp:paragraph -->\n<p>Vi consigliamo di alloggiare qui la prima notte, prima di partire in cammino verso l'entroterra. Cos\u00ec avrete modo di prepararvi con calma, visitare il centro storico e godervi il borgo addobbato per le feste, prima di mettervi in cammino.<\/p>\n<!-- \/wp:paragraph -->\n\n<!-- wp:image {\"id\":83336,\"sizeSlug\":\"large\",\"linkDestination\":\"none\"} -->\n<figure class=\"wp-block-image size-large\"><img src=\"https:\/\/camminiditalia.org\/wp-content\/uploads\/2025\/11\/Polignano-1024x640.webp\" alt=\"\" class=\"wp-image-83336\"\/><figcaption class=\"wp-element-caption\"><em>Vista su Polignano a Mare, punto d'inizio de La Rotta dei due Mari.<\/em><\/figcaption><\/figure>\n<!-- \/wp:image -->\n\n<!-- wp:heading {\"level\":3} -->\n<h3 class=\"wp-block-heading\"><strong>Prima tappa: Polignano a Mare \u2192 Castellana&nbsp;<\/strong><\/h3>\n<!-- \/wp:heading -->\n\n<!-- wp:paragraph -->\n<p>Il primo giorno di cammino ci si dirige verso <strong>Castellana Grotte<\/strong>, percorrendo circa 20 chilometri attraverso la campagna pugliese.&nbsp;<\/p>\n<!-- \/wp:paragraph -->\n\n<!-- wp:paragraph -->\n<p>Nel tratto finale della tappa potrete ammirare gli alberi di carrubo monumentali e se decidete di fermarvi un giorno in pi\u00f9, potete organizzare una visita alle famose <strong>grotte carsiche di Castellana<\/strong>.&nbsp;<\/p>\n<!-- \/wp:paragraph -->\n\n<!-- wp:paragraph -->\n<p>Proprio all\u2019interno delle grotte, nel periodo di Natale, vengono organizzati suggestivi concerti, a 70 metri di profondit\u00e0.<\/p>\n<!-- \/wp:paragraph -->\n\n<!-- wp:paragraph -->\n<p>Il borgo durante il periodo natalizio organizza mercatini e eventi: un intero mese di magia natalizia, con luminarie, parate, Babbo e Mamma Natale, laboratori, canti, spettacoli, mercatini e concerti che animano vie, piazze e teatri dal <strong>29 novembre 2025 al 6 gennaio 2026<\/strong><\/p>\n<!-- \/wp:paragraph -->\n\n<!-- wp:image {\"id\":83337,\"sizeSlug\":\"large\",\"linkDestination\":\"none\"} -->\n<figure class=\"wp-block-image size-large\"><img src=\"https:\/\/camminiditalia.org\/wp-content\/uploads\/2025\/11\/Castellana-1024x640.webp\" alt=\"\" class=\"wp-image-83337\"\/><figcaption class=\"wp-element-caption\"><em>Le spettacolari grotte carsiche di Castellana.<\/em><\/figcaption><\/figure>\n<!-- \/wp:image -->\n\n<!-- wp:separator -->\n<hr class=\"wp-block-separator has-alpha-channel-opacity\"\/>\n<!-- \/wp:separator -->\n\n<!-- wp:heading {\"level\":3} -->\n<h3 class=\"wp-block-heading\">Ti sta piacendo questo articolo? Se ti va puoi anche consultare la lista completa dei<strong> <\/strong><a href=\"https:\/\/camminiditalia.org\/cammini-in-inverno\/\"><strong>cammini che si possono percorrere in inverno!<\/strong><\/a><\/h3>\n<!-- \/wp:heading -->\n\n<!-- wp:separator -->\n<hr class=\"wp-block-separator has-alpha-channel-opacity\"\/>\n<!-- \/wp:separator -->\n\n<!-- wp:heading {\"level\":3} -->\n<h3 class=\"wp-block-heading\"><strong>Seconda tappa: <\/strong><strong>Castellana \u2192 Alberobello<\/strong><\/h3>\n<!-- \/wp:heading -->\n\n<!-- wp:paragraph -->\n<p><strong>Alberobello<\/strong> \u00e8 probabilmente la tappa pi\u00f9 iconica: arrivare qui a piedi, dopo circa 18 chilometri da Castellana, al tramonto, \u00e8 uno di quei momenti che giustificano l'intero viaggio.<\/p>\n<!-- \/wp:paragraph -->\n\n<!-- wp:paragraph -->\n<p>Le luminarie si accendono intorno alle 17:00 e trasformano il Rione Monti in uno scenario da presepe.<br><br>I <strong>mercatini di Natale<\/strong>, aperti dal 6 dicembre al 6 gennaio, offrono prodotti tipici pugliesi: taralli, olio d'oliva, vini locali, pettole e panzerotti ancora caldi.<br>L'artigianato locale espone ceramiche decorate a mano, tessuti tradizionali e oggetti in legno e pietra.<\/p>\n<!-- \/wp:paragraph -->\n\n<!-- wp:paragraph -->\n<p>E per chi ama fare esperienze: c\u2019\u00e8 anche la possibilit\u00e0 di partecipare a <strong>laboratori <\/strong>di orecchiette e di artigianato locale.<\/p>\n<!-- \/wp:paragraph -->\n\n<!-- wp:paragraph -->\n<p>Il <strong>Presepe Vivente di Alberobello<\/strong>, che si tiene dal 26 al 29 dicembre nel Rione Aia Piccola, \u00e8 un evento straordinario con oltre 200 figuranti. Nato nel 1970, \u00e8 necessario prenotare con anticipo i biglietti sul sito dedicato.&nbsp;<\/p>\n<!-- \/wp:paragraph -->\n\n<!-- wp:paragraph -->\n<p>Il <strong>Presepe di Luce nel Rione Aia Piccola<\/strong> \u00e8 visitabile gratuitamente dal 27 novembre al 2 febbraio (escluso il periodo 26-29 dicembre quando c'\u00e8 il presepe vivente). Dodici installazioni luminose raccontano la nativit\u00e0 lungo i vicoli, accompagnate da musica e narrazioni.<\/p>\n<!-- \/wp:paragraph -->\n\n<!-- wp:paragraph -->\n<p>La <strong>Chiesa di Sant'Antonio<\/strong>, costruita interamente a trulli nel 1927, celebra la messa di Natale in una cornice architettonica unica. Partecipare a questa celebrazione significa vivere la spiritualit\u00e0 del Natale in un contesto che non troverete da nessun'altra parte.<\/p>\n<!-- \/wp:paragraph -->\n\n<!-- wp:image {\"id\":83339,\"sizeSlug\":\"large\",\"linkDestination\":\"none\"} -->\n<figure class=\"wp-block-image size-large\"><img src=\"https:\/\/camminiditalia.org\/wp-content\/uploads\/2025\/11\/Alberobello-1024x640.webp\" alt=\"\" class=\"wp-image-83339\"\/><figcaption class=\"wp-element-caption\"><em>Alberobello di sera, addobbata per le feste natalizie<\/em>.<\/figcaption><\/figure>\n<!-- \/wp:image -->\n\n<!-- wp:heading {\"level\":3} -->\n<h3 class=\"wp-block-heading\"><strong>Terza tappa: Alberobello \u2192 Locorotondo<\/strong><\/h3>\n<!-- \/wp:heading -->\n\n<!-- wp:paragraph -->\n<p><strong>Locorotondo<\/strong>, che raggiungerete dopo circa 20 chilometri da Alberobello, \u00e8 un altro borgo che vive intensamente il Natale. Il centro storico circolare, da cui prende il nome, si illumina con luminarie artistiche che decorano le viuzze bianche.&nbsp;<\/p>\n<!-- \/wp:paragraph -->\n\n<!-- wp:paragraph -->\n<p>Le caratteristiche \"cummerse\", i tetti spioventi in pietra, creano un'atmosfera particolare quando sono addobbate da decorazioni luminose.&nbsp;<\/p>\n<!-- \/wp:paragraph -->\n\n<!-- wp:paragraph -->\n<p>I <strong>mercatini <\/strong>e gli <strong>eventi <\/strong>si protraggono fino all'8 gennaio, quindi avete tutto il tempo per godervi l'atmosfera.&nbsp;<\/p>\n<!-- \/wp:paragraph -->\n\n<!-- wp:paragraph -->\n<p>Il \"lungomare\" di Locorotondo, una terrazza panoramica sulla Valle d'Itria, offre una vista incredibile al tramonto, quando le luci dei borghi circostanti iniziano ad accendersi.<\/p>\n<!-- \/wp:paragraph -->\n\n<!-- wp:image {\"id\":83341,\"sizeSlug\":\"large\",\"linkDestination\":\"none\"} -->\n<figure class=\"wp-block-image size-large\"><img src=\"https:\/\/camminiditalia.org\/wp-content\/uploads\/2025\/11\/Locorotondo-1024x640.webp\" alt=\"\" class=\"wp-image-83341\"\/><figcaption class=\"wp-element-caption\"><em>La cupola della Chiesa Madre di San Giorgio e le case bianche del centro storico, con i tetti spioventi (le famose cummerse).<\/em><\/figcaption><\/figure>\n<!-- \/wp:image -->\n\n<!-- wp:heading {\"level\":3} -->\n<h3 class=\"wp-block-heading\"><strong>Quarta tappa: Locorotondo \u2192 Martina Franca<\/strong><\/h3>\n<!-- \/wp:heading -->\n\n<!-- wp:paragraph -->\n<p>Al termine della quarta tappa,<strong> Martina Franca<\/strong>, con i suoi palazzi barocchi, aggiunge un tocco di eleganza al Natale pugliese. Il centro storico si anima di <strong>eventi <\/strong>e <strong>concerti<\/strong>, mentre le vie dello shopping si riempiono di decorazioni.&nbsp;<\/p>\n<!-- \/wp:paragraph -->\n\n<!-- wp:paragraph -->\n<p>Vi consigliamo di dedicare la sera a perdervi attraverso le sue intricate stradine lastricate, per poi ritrovarsi per gustare in ogni angolo, ad ogni svolta un\u2019infinit\u00e0 di note, di profumi, di luci che vi lascer\u00e0 innamorati di questa splendida cittadina.<\/p>\n<!-- \/wp:paragraph -->\n\n<!-- wp:image {\"id\":83342,\"sizeSlug\":\"large\",\"linkDestination\":\"none\"} -->\n<figure class=\"wp-block-image size-large\"><img src=\"https:\/\/camminiditalia.org\/wp-content\/uploads\/2025\/11\/Martina-Franca-1024x640.webp\" alt=\"\" class=\"wp-image-83342\"\/><figcaption class=\"wp-element-caption\"><em>L'eelgante centro storico di Martina Franca.<\/em><\/figcaption><\/figure>\n<!-- \/wp:image -->\n\n<!-- wp:heading {\"level\":3} -->\n<h3 class=\"wp-block-heading\"><strong>Quinta tappa: Martina Franca \u2192 <\/strong><strong>Crispiano<\/strong><\/h3>\n<!-- \/wp:heading -->\n\n<!-- wp:paragraph -->\n<p>Da Martina Franca inizia la tappa pi\u00f9 lunga del cammino: quasi 30 chilometri verso Crispiano attraverso il <strong>Bosco delle Pianelle<\/strong>, uno dei polmoni verdi pi\u00f9 estesi della Puglia.&nbsp;<\/p>\n<!-- \/wp:paragraph -->\n\n<!-- wp:paragraph -->\n<p>Il percorso si snoda tra fragni, lecci e carpini, regalando un'esperienza completamente diversa rispetto alle tappe precedenti.<\/p>\n<!-- \/wp:paragraph -->\n\n<!-- wp:paragraph -->\n<p><strong>Crispiano<\/strong>, antica <strong>citt\u00e0 delle 100 masserie<\/strong>, per 6 settimane consecutive vi accoglie con tantissimi eventi dedicati al Natale.&nbsp;<\/p>\n<!-- \/wp:paragraph -->\n\n<!-- wp:paragraph -->\n<p>Il centro si anima con i mercati della terra di Slow Food, street band itineranti, DJ set, concerti Gospel, canti natalizi, spettacoli teatrali, laboratori di dolci e artigianato, e un villaggio di Natale con Babbo Natale.&nbsp;<\/p>\n<!-- \/wp:paragraph -->\n\n<!-- wp:image {\"id\":83340,\"sizeSlug\":\"large\",\"linkDestination\":\"none\"} -->\n<figure class=\"wp-block-image size-large\"><img src=\"https:\/\/camminiditalia.org\/wp-content\/uploads\/2025\/11\/Crispiano-1024x640.webp\" alt=\"\" class=\"wp-image-83340\"\/><figcaption class=\"wp-element-caption\"><em>I nostri Vins e Davide che si godono l'atmosfera natalizia del borgo.<\/em><\/figcaption><\/figure>\n<!-- \/wp:image -->\n\n<!-- wp:heading {\"level\":3} -->\n<h3 class=\"wp-block-heading\"><strong>Sesta tappa: <\/strong><strong>Crispiano \u2192 Taranto<\/strong><\/h3>\n<!-- \/wp:heading -->\n\n<!-- wp:paragraph -->\n<p>L'<strong>ultima tappa<\/strong>, circa 21 chilometri, \u00e8 quella dell'arrivo. Man mano che vi avvicinate a Taranto, il paesaggio cambia: il mare torna a farsi sentire, prima con l'odore della salsedine, poi con i colori del Mar Piccolo che abbracciano il borgo antico.&nbsp;<\/p>\n<!-- \/wp:paragraph -->\n\n<!-- wp:paragraph -->\n<p>Taranto vi accoglie, dal 22 novembre al 6 gennaio, con <strong>il Natale pi\u00f9 \u201clungo\u201d d\u2019Italia<\/strong>: con un calendario ricco di eventi.<\/p>\n<!-- \/wp:paragraph -->\n\n<!-- wp:paragraph -->\n<p>Parate, concerti, iniziative dedicate alle famiglie e street food per vivere al meglio la magia del Natale.&nbsp;<\/p>\n<!-- \/wp:paragraph -->\n\n<!-- wp:paragraph -->\n<p>In Piazza Maria Immacolata trovate la <strong>pista di pattinaggio <\/strong>su ghiaccio, mentre in Piazza Garibaldi la <strong>ruota panoramica <\/strong>e la giostra dei cavalli d'epoca creano un'atmosfera da luna park natalizio.&nbsp;<\/p>\n<!-- \/wp:paragraph -->\n\n<!-- wp:paragraph -->\n<p>Le <strong>luminarie d'artista<\/strong> illuminano la citt\u00e0 e l'<strong>albero di Natale di 30 metri<\/strong> in Piazza della Vittoria domina la citt\u00e0 con le sue oltre 100.000 luci natalizie.<\/p>\n<!-- \/wp:paragraph -->\n\n<!-- wp:paragraph -->\n<p>Un dettaglio curioso: le celebrazioni natalizie a Taranto iniziano il 22 novembre con la <strong>Festa di Santa Cecilia<\/strong>, quando alle 3 del mattino la banda passa per le strade suonando pastorali natalizie, e i tarantini friggono le pettole (frittelle dolci o salate) offrendole ai passanti.<\/p>\n<!-- \/wp:paragraph -->\n\n<!-- wp:image {\"id\":83343,\"sizeSlug\":\"large\",\"linkDestination\":\"none\"} -->\n<figure class=\"wp-block-image size-large\"><img src=\"https:\/\/camminiditalia.org\/wp-content\/uploads\/2025\/11\/Taranto-1024x640.webp\" alt=\"\" class=\"wp-image-83343\"\/><figcaption class=\"wp-element-caption\"><em>Veduta aerea della citt\u00e0 di Trapani al tramonto.<\/em><\/figcaption><\/figure>\n<!-- \/wp:image -->\n\n<!-- wp:heading -->\n<h2 class=\"wp-block-heading\"><strong>Quando percorrere La Rotta dei due Mari nel periodo natalizio<\/strong><\/h2>\n<!-- \/wp:heading -->\n\n<!-- wp:paragraph -->\n<p>Scegliere quando partire dipende da che settimana avete a disposizione e da cosa volete vedere, ma vi diamo alcune indicazioni che vi possono aiutare a decidere.<\/p>\n<!-- \/wp:paragraph -->\n\n<!-- wp:paragraph -->\n<p>Il <strong>periodo tra il 23 dicembre e il 2 gennaio<\/strong> \u00e8 quello pi\u00f9 ricco di eventi in tutti i borghi, ma \u00e8 anche quello in cui servono <strong>prenotazioni pi\u00f9 anticipate<\/strong> per le strutture.<\/p>\n<!-- \/wp:paragraph -->\n\n<!-- wp:paragraph -->\n<p>Se preferite l'<strong>atmosfera dell'Epifania<\/strong> e avete pi\u00f9 flessibilit\u00e0, il periodo dal <strong>1\u00b0 al 6 gennaio <\/strong>vi permette di godere ancora di tutti i mercatini e le luminarie con forse un <strong>po' meno affollamento<\/strong> rispetto ai giorni centrali delle festivit\u00e0.&nbsp;<\/p>\n<!-- \/wp:paragraph -->\n\n<!-- wp:paragraph -->\n<p>I mercatini rimangono aperti <strong>fino al 6 gennaio<\/strong> in quasi tutti i borghi, e le luminarie si spengono definitivamente solo dopo la prima settimana di gennaio.<\/p>\n<!-- \/wp:paragraph -->\n\n<!-- wp:paragraph -->\n<p>Bilanciare il tempo del cammino con quello da dedicare ai borghi \u00e8 fondamentale. La Rotta dei due Mari \u00e8 divisa in sei tappe ufficiali, ma durante il periodo natalizio potrebbe valere la pena <strong>fermarsi una notte in pi\u00f9 nei borghi che si toccano<\/strong>, per vivere pienamente le serate.&nbsp;<\/p>\n<!-- \/wp:paragraph -->\n\n<!-- wp:heading -->\n<h2 class=\"wp-block-heading\"><strong>Consigli pratici per La Rotta dei due Mari<\/strong><\/h2>\n<!-- \/wp:heading -->\n\n<!-- wp:paragraph -->\n<p><strong>Prenotare le strutture con largo anticipo<\/strong>, come gi\u00e0 anticipato, \u00e8 fondamentale.&nbsp;<\/p>\n<!-- \/wp:paragraph -->\n\n<!-- wp:paragraph -->\n<p>Il periodo natalizio \u00e8 <strong>alta stagione<\/strong>, soprattutto<strong> <\/strong>per i borghi pi\u00f9 famosi come Alberobello e Locorotondo, che attraggono visitatori da tutta Italia e da tutto il mondo.&nbsp;<\/p>\n<!-- \/wp:paragraph -->\n\n<!-- wp:paragraph -->\n<p>Molte strutture offrono <strong>convenzioni per chi percorre La Rotta<\/strong>, quindi vi consigliamo di controllare al momento della prenotazione degli alloggi.<\/p>\n<!-- \/wp:paragraph -->\n\n<!-- wp:paragraph -->\n<p>Per le <strong>tracce GPS<\/strong> potete usare l'app gratuita \u201cCammini d'Italia\u201d, che permette di scaricare i percorsi anche offline e seguirli con la tecnologia GPS.&nbsp;<\/p>\n<!-- \/wp:paragraph -->\n\n<!-- wp:paragraph -->\n<p><a href=\"https:\/\/camminiditalia.org\/app-cammini-d-italia\/\"><strong>Scarica l\u2019App di Cammini d\u2019Italia per pianificare il viaggio e orientarti lungo La Rotta dei due Mari<\/strong><\/a><\/p>\n<!-- \/wp:paragraph -->\n\n<!-- wp:paragraph -->\n<p>In alternativa, anche il sito ufficiale della La Rotta offre tutte le informazioni necessarie per pianificare tappa per tappa: www.larottadeiduemari.it<\/p>\n<!-- \/wp:paragraph -->\n\n<!-- wp:paragraph -->\n<p>La <strong>segnaletica lungo il percorso <\/strong>\u00e8 composta da una doppia linea azzurra e rossa a forma di onda, che simboleggia il mare e i tramonti pugliesi, e da cartelli con un elmo spartano. Questi simboli, utilizzati anche con adesivi, rendono il percorso facile da seguire.<br>Come sempre vi consigliamo di usare le tracce GPS scaricabili dal sito ufficiale o l<strong>'<\/strong><a href=\"https:\/\/camminiditalia.org\/app-cammini-d-italia\/\"><strong>app Cammini d'Italia<\/strong><\/a>, per un orientamento pi\u00f9 sicuro.&nbsp;<\/p>\n<!-- \/wp:paragraph -->\n\n<!-- wp:paragraph -->\n<p>La <strong>credenziale<\/strong>, il passaporto del pellegrino, si pu\u00f2 acquistare sul sito ufficiale a 15\u20ac.<\/p>\n<!-- \/wp:paragraph -->\n\n<!-- wp:paragraph -->\n<p>Se avete dubbi o volete informazioni aggiornate sugli eventi, la <strong>pagina Facebook<\/strong> <strong>e Instagram de La Rotta dei due Mari<\/strong> pubblicano regolarmente novit\u00e0 e consigli.&nbsp;<\/p>\n<!-- \/wp:paragraph -->\n\n<!-- wp:paragraph -->\n<p>Il <strong>gruppo Facebook \u201cLa Rotta dei due Mari\u201d <\/strong>\u00e8 molto attivo e i camminatori che l'hanno gi\u00e0 percorso sono disponibili a condividere esperienze e suggerimenti pratici, anche in inverno.<\/p>\n<!-- \/wp:paragraph -->\n\n<!-- wp:paragraph -->\n<p>Ti lasciamo anche due articoli se ti stai chiedendo <a href=\"https:\/\/camminiditalia.org\/escursionismo-in-inverno\/\"><strong>come ti devi vestire per un cammino in inverno<\/strong><\/a> oppure se vuoi qualche <a href=\"https:\/\/camminiditalia.org\/12-consigli-per-camminare-in-inverno\/\"><strong>consiglio generico per questa stagione<\/strong><\/a>.&nbsp;<\/p>\n<!-- \/wp:paragraph -->\n\n<!-- wp:paragraph -->\n<p>Se volete farvi un\u2019idea de La Rotta dei due mari potete guardare i <strong>video che abbiamo realizzato<\/strong> durante il periodo natalizio, quando l\u2019abbiamo percorsa:<\/p>\n<!-- \/wp:paragraph -->\n\n<!-- wp:html -->\n<iframe width=\"560\" height=\"315\" src=\"https:\/\/www.youtube.com\/embed\/K7mu-aqTHss?si=rEu22E8TxpVDxwbE\" title=\"YouTube video player\" frameborder=\"0\" allow=\"accelerometer; autoplay; clipboard-write; encrypted-media; gyroscope; picture-in-picture; web-share\" referrerpolicy=\"strict-origin-when-cross-origin\" allowfullscreen><\/iframe>\n<!-- \/wp:html -->\n\n<!-- wp:paragraph -->\n<p>Non ci resta che augurarvi buon Cammino e buone feste!<\/p>\n<!-- \/wp:paragraph -->","post_title":"La Rotta dei due Mari a Natale","post_excerpt":"","post_status":"publish","comment_status":"closed","ping_status":"open","post_password":"","post_name":"la-rotta-dei-due-mari-a-natale","to_ping":"","pinged":"","post_modified":"2025-12-02 12:15:14","post_modified_gmt":"2025-12-02 11:15:14","post_content_filtered":"","post_parent":0,"guid":"https:\/\/camminiditalia.org\/?p=83329","menu_order":0,"post_type":"post","post_mime_type":"","comment_count":"0","filter":"raw"}]},"scheda_tecnica":{"lunghezza":"136","dislivello_medio":"","n_tappe":"6","partenza":"Polignano a Mare","arrivo":"Taranto","tipologia":"linear","tema":["coast-to-coast"],"portata":"regional","periodo_ideale":"Not recommended to walk it in August","stagione_ideale":["spring","autumn","winter"]},"slider_cammini":{"title":"","text":"","select_cammini":false},"tappe":{"show_all":true,"all_tappe":"","tappa":[{"status":false,"title":"STAGE 01  ","text":"<h2><strong>STAGE 01: Polignano a Mare &#8211; Castellana Grotte<\/strong><\/h2>\n<p><strong>Length:<\/strong> 19.9 km<br \/>\n<strong>Travel time:<\/strong> 5.17 h<br \/>\n<strong>Height difference:<\/strong> +315\/-35<\/p>\n<p><span style=\"font-weight: 400;\">Legend has it that in the 8th century B.C. the Spartan hero Phalanthus, consulting the Delphic oracle, learned that he would come to the land of Saturus and found a city at the place where he saw rain falling from a clear, cloudless sky. The oracle came true when Phalanthus arrived at the mouth of the river Tara and fell asleep leaning on the lap of his wife Ethra, who bathed his face with her own tears. <\/span><\/p>\n<p><span style=\"font-weight: 400;\">Traditional chronology assigns the date of the founding of Tarentum to 706 BC.<\/span><\/p>\n<p><span style=\"font-weight: 400;\">Sources handed down by the historian Eusebius of Caesarea speak of the transfer to this area of the Spartan Falanthus, son of the noble Aratus and descendant of 8th generation Heracles and other compatriots called Partheni, sons of the virgins of Sparta.<\/span><\/p>\n"},{"status":false,"title":"STAGE 02","text":"<h2><strong>STAGE 02: Castellana Grotte &#8211; Alberobello<\/strong><\/h2>\n<p><strong>Length:<\/strong> 18.55 km<br \/>\n<strong>Walking time:<\/strong> 4.50 h<br \/>\n<strong>Height difference:<\/strong> +220\/-100<\/p>\n<p><span style=\"font-weight: 400;\">A city famous throughout the world for its trulli, there are more than a thousand of them scattered among the narrow streets of the Monti and Aia Piccola districts, so much so that the historic center has been included by UNESCO in the World Heritage List. The settlement is named after &#8220;Silvia Arboris Belli&#8221; because it was originally surrounded by oak forests. You will be enchanted by the small village, and photography lovers will have a thousand ideas for their scrapbook. Let yourself get lost in its narrow streets and take advantage of the night to enjoy the magical atmosphere. Only caution: the magic of Alberobello is addictive!    <\/span><\/p>\n"},{"status":false,"title":"STAGE 03 ","text":"<h2><strong>STAGE 03: Alberobello &#8211; Locorotondo<\/strong><\/h2>\n<p><strong>Length:<\/strong> 20 km<br \/>\n<strong>Walking time:<\/strong> 5.30 h<br \/>\n<strong>Height difference:<\/strong> +140\/-150<\/p>\n<p><span style=\"font-weight: 400;\">The town stands out on the hilltop overlooking the Valle d&#8217;Itria The characteristic old town, which spreads out in a circular fashion, hence its particular name, is characterized by many narrow streets surrounded by rows of low whitewashed houses A gem of Locorotondo, and you will see this as you walk through its vozze, are the countless colorful flower pots that seem to protrude from the balconies and balustrades. <br \/>Another distinctive feature of this town is the so-called cumm\u00e8rse, the very steep roofs typical of Locorotondo\u2019s houses, made with locally sourced stone. <\/span><\/p>\n<p><span style=\"font-weight: 400;\">In its charming historic center you can visit the Mother Church of St. George Martyr and the older Church of the Madonna della Greca. Don&#8217;t miss an aperitif on the &#8220;Lungomare&#8221; where you can enjoy a magnificent view of the Itria Valley and the sea breeze that accompanies the summer evenings enlivened by the LOCUS FESTIVAL. <\/span><\/p>\n"},{"status":false,"title":"STAGE 04","text":"<h2><strong>STAGE 04: Locorotondo &#8211; Martina Franca<\/strong><\/h2>\n<p><strong>Length:<\/strong> 16.23 km<br \/>\n<strong>Walking time:<\/strong> 4.30 h<br \/>\n<strong>Height difference<\/strong>: +170\/-140<\/p>\n<p><span style=\"font-weight: 400;\">Situated on the Murge plateau in southern Italy, the town was founded in the 10th century, when some citizens fleeing the Saracen devastation of Taranto built a village on Mount San Martino.<\/p>\n<p> <\/span><\/p>\n<p><span style=\"font-weight: 400;\">Martina Franca retains a timeless beauty, showcased especially by its illustrious Baroque-style buildings that are its crowning glory. Its monumental symbol is the beautiful Basilica of San Martino. <\/span><span style=\"font-weight: 400;\">The historic center of Martina Franca holds many other marvels created by human ingenuity; in addition to its noteworthy churches, the town also offers numerous civic buildings that have played a key role in its history. <\/span><\/p>\n<p><span style=\"font-weight: 400;\">There is no shortage of shopping opportunities in Martina Franca, and the nightlife is characterized by clubs of all kinds and for all kinds of evenings, Highly recommended to get lost through its intricate cobbled streets and then find yourself to enjoy at every corner, at every turn an infinity of notes, scents, and lights that will leave you in love with this beautiful town.<\/span><\/p>\n"},{"status":false,"title":"STAGE 05","text":"<h2><strong>STAGE 05: Martina Franca &#8211; Crispiano<\/strong><\/h2>\n<p><strong>Length:<\/strong> 29.05 km<br \/>\n<strong>Walking time:<\/strong> 7.30 h<br \/>\n<strong>Height difference:<\/strong> +200\/-390<\/p>\n<p><span style=\"font-weight: 400;\">Just 15 km from Taranto as the crow flies, Crispiano is known as the land of \u201cThe Hundred Masserie,\u201d and the town still preserves its simple character, deeply rooted in the land. <\/span><\/p>\n<p><span style=\"font-weight: 400;\">The area of Crispiano has been inhabited since prehistoric times, as evidenced by numerous artifacts from the Greek period, including a very interesting &#8220;grave goods&#8221; from the 4th century that constitutes one of the most important pieces of the famous &#8220;Ori di Taranto.&#8221; The small town stands on both sides of the Vallone Lizzitello, where the Vallone Caves can be admired, once a refuge for Basilian monks.<\/p>\n<p> <\/span><\/p>\n<p><span style=\"font-weight: 400;\">In December 2015, the European Community awarded the territory of \u201cLe Cento Masserie\u201d in Crispiano the prestigious recognition of \u201cEuropean Destination of Excellence for Tourism and Local Gastronomy.\u201d<\/p>\n<p> <\/span><\/p>\n"},{"status":false,"title":"STAGE 06","text":"<h2><strong>STAGE 06: Crispiano &#8211; Taranto<\/strong><\/h2>\n<p><strong>Length:<\/strong> 27.88 km<br \/>\n<strong>Walking time:<\/strong> 6.30 h<br \/>\n<strong>Height difference:<\/strong> +90\/-330<\/p>\n<p><span style=\"font-weight: 400;\">Just 15 km from Taranto as the crow flies, Crispiano is known as the land of \u201cThe Hundred Masserie,\u201d and the town still preserves its simple character, deeply rooted in the land. <\/span><\/p>\n<p><span style=\"font-weight: 400;\">The area of Crispiano has been inhabited since prehistoric times, as evidenced by numerous artifacts from the Greek period, including a very interesting &#8220;grave goods&#8221; from the 4th century that constitutes one of the most important pieces of the famous &#8220;Ori di Taranto.&#8221; The small town lies on both sides of the Vallone Lizzitello, where the Vallone Caves can be admired, once a refuge for Basilian monks. <\/span><\/p>\n<p><span style=\"font-weight: 400;\">In December 2015, the European Community awarded the territory of \u201cLe Cento Masserie\u201d in Crispiano the prestigious recognition of \u201cEuropean Destination of Excellence for tourism and local gastronomy.\u201d <\/span><\/p>\n"}]},"videos":{"video":false,"link":null},"logo_cammino":{"ID":55076,"id":55076,"title":"LOGO REGISTRATO","filename":"LOGO-REGISTRATO.webp","filesize":28950,"url":"https:\/\/media-camminiditalia.nbg1.your-objectstorage.com\/2023\/04\/LOGO-REGISTRATO.webp","link":"https:\/\/camminiditalia.org\/en\/cammini\/la-rotta-dei-due-mari\/logo-registrato-2\/","alt":"","author":"2","description":"","caption":"Logo La rotta dei due mari","name":"logo-registrato-2","status":"inherit","uploaded_to":55709,"date":"2025-06-16 13:37:24","modified":"2025-06-19 13:02:03","menu_order":0,"mime_type":"image\/webp","type":"image","subtype":"webp","icon":"https:\/\/camminiditalia.org\/wp-includes\/images\/media\/default.png","width":465,"height":456,"sizes":{"thumbnail":"https:\/\/media-camminiditalia.nbg1.your-objectstorage.com\/2023\/04\/LOGO-REGISTRATO-150x150.webp","thumbnail-width":150,"thumbnail-height":150,"medium":"https:\/\/media-camminiditalia.nbg1.your-objectstorage.com\/2023\/04\/LOGO-REGISTRATO-300x294.webp","medium-width":300,"medium-height":294,"medium_large":"https:\/\/media-camminiditalia.nbg1.your-objectstorage.com\/2023\/04\/LOGO-REGISTRATO.webp","medium_large-width":465,"medium_large-height":456,"large":"https:\/\/media-camminiditalia.nbg1.your-objectstorage.com\/2023\/04\/LOGO-REGISTRATO.webp","large-width":465,"large-height":456,"1536x1536":"https:\/\/media-camminiditalia.nbg1.your-objectstorage.com\/2023\/04\/LOGO-REGISTRATO.webp","1536x1536-width":465,"1536x1536-height":456,"2048x2048":"https:\/\/media-camminiditalia.nbg1.your-objectstorage.com\/2023\/04\/LOGO-REGISTRATO.webp","2048x2048-width":465,"2048x2048-height":456,"tc_all_events_image":"https:\/\/media-camminiditalia.nbg1.your-objectstorage.com\/2023\/04\/LOGO-REGISTRATO.webp","tc_all_events_image-width":465,"tc_all_events_image-height":456,"woocommerce_thumbnail":"https:\/\/media-camminiditalia.nbg1.your-objectstorage.com\/2023\/04\/LOGO-REGISTRATO-300x300.webp","woocommerce_thumbnail-width":300,"woocommerce_thumbnail-height":300,"woocommerce_single":"https:\/\/media-camminiditalia.nbg1.your-objectstorage.com\/2023\/04\/LOGO-REGISTRATO.webp","woocommerce_single-width":465,"woocommerce_single-height":456,"woocommerce_gallery_thumbnail":"https:\/\/media-camminiditalia.nbg1.your-objectstorage.com\/2023\/04\/LOGO-REGISTRATO-100x100.webp","woocommerce_gallery_thumbnail-width":100,"woocommerce_gallery_thumbnail-height":100}},"header_link":{"title":"","url":"","target":"","0":""}},"yoast_head":"<!-- This site is optimized with the Yoast SEO plugin v27.1.1 - https:\/\/yoast.com\/product\/yoast-seo-wordpress\/ -->\n<title>La Rotta dei due Mari - Cammini d&#039;Italia<\/title>\n<meta name=\"description\" content=\"LA ROTTA DEI DUE MARI: walking and cycling route in Puglia, ancient roads of history, nature and extraordinary peoples.\" \/>\n<meta name=\"robots\" content=\"index, follow, max-snippet:-1, max-image-preview:large, max-video-preview:-1\" \/>\n<link rel=\"canonical\" href=\"https:\/\/camminiditalia.org\/en\/cammini\/la-rotta-dei-due-mari\/\" \/>\n<meta property=\"og:locale\" content=\"en_US\" \/>\n<meta property=\"og:type\" content=\"article\" \/>\n<meta property=\"og:title\" content=\"La Rotta dei due Mari - Cammini d&#039;Italia\" \/>\n<meta property=\"og:description\" content=\"LA ROTTA DEI DUE MARI: walking and cycling route in Puglia, ancient roads of history, nature and extraordinary peoples.\" \/>\n<meta property=\"og:url\" content=\"https:\/\/camminiditalia.org\/en\/cammini\/la-rotta-dei-due-mari\/\" \/>\n<meta property=\"og:site_name\" content=\"Cammini d&#039;Italia\" \/>\n<meta property=\"article:modified_time\" content=\"2026-02-27T18:30:52+00:00\" \/>\n<meta property=\"og:image\" content=\"https:\/\/media-camminiditalia.nbg1.your-objectstorage.com\/wp-content\/uploads\/2023\/04\/WhatsApp-Image-2023-04-12-at-16.22.07-1.jpeg\" \/>\n\t<meta property=\"og:image:width\" content=\"2048\" \/>\n\t<meta property=\"og:image:height\" content=\"1152\" \/>\n\t<meta property=\"og:image:type\" content=\"image\/jpeg\" \/>\n<meta name=\"twitter:card\" content=\"summary_large_image\" \/>\n<meta name=\"twitter:label1\" content=\"Est. reading time\" \/>\n\t<meta name=\"twitter:data1\" content=\"1 minute\" \/>\n<script type=\"application\/ld+json\" class=\"yoast-schema-graph\">{\"@context\":\"https:\/\/schema.org\",\"@graph\":[{\"@type\":\"WebPage\",\"@id\":\"https:\/\/camminiditalia.org\/en\/cammini\/la-rotta-dei-due-mari\/\",\"url\":\"https:\/\/camminiditalia.org\/en\/cammini\/la-rotta-dei-due-mari\/\",\"name\":\"La Rotta dei due Mari - Cammini d&#039;Italia\",\"isPartOf\":{\"@id\":\"https:\/\/camminiditalia.org\/en\/#website\"},\"primaryImageOfPage\":{\"@id\":\"https:\/\/camminiditalia.org\/en\/cammini\/la-rotta-dei-due-mari\/#primaryimage\"},\"image\":{\"@id\":\"https:\/\/camminiditalia.org\/en\/cammini\/la-rotta-dei-due-mari\/#primaryimage\"},\"thumbnailUrl\":\"https:\/\/media-camminiditalia.nbg1.your-objectstorage.com\/wp-content\/uploads\/2023\/04\/WhatsApp-Image-2023-04-12-at-16.22.07-1.jpeg\",\"datePublished\":\"2023-04-12T14:03:16+00:00\",\"dateModified\":\"2026-02-27T18:30:52+00:00\",\"description\":\"LA ROTTA DEI DUE MARI: walking and cycling route in Puglia, ancient roads of history, nature and extraordinary peoples.\",\"breadcrumb\":{\"@id\":\"https:\/\/camminiditalia.org\/en\/cammini\/la-rotta-dei-due-mari\/#breadcrumb\"},\"inLanguage\":\"en-US\",\"potentialAction\":[{\"@type\":\"ReadAction\",\"target\":[\"https:\/\/camminiditalia.org\/en\/cammini\/la-rotta-dei-due-mari\/\"]}]},{\"@type\":\"ImageObject\",\"inLanguage\":\"en-US\",\"@id\":\"https:\/\/camminiditalia.org\/en\/cammini\/la-rotta-dei-due-mari\/#primaryimage\",\"url\":\"https:\/\/media-camminiditalia.nbg1.your-objectstorage.com\/wp-content\/uploads\/2023\/04\/WhatsApp-Image-2023-04-12-at-16.22.07-1.jpeg\",\"contentUrl\":\"https:\/\/media-camminiditalia.nbg1.your-objectstorage.com\/wp-content\/uploads\/2023\/04\/WhatsApp-Image-2023-04-12-at-16.22.07-1.jpeg\",\"width\":2048,\"height\":1152,\"caption\":\"La Rotta dei due Mari\"},{\"@type\":\"BreadcrumbList\",\"@id\":\"https:\/\/camminiditalia.org\/en\/cammini\/la-rotta-dei-due-mari\/#breadcrumb\",\"itemListElement\":[{\"@type\":\"ListItem\",\"position\":1,\"name\":\"Home\",\"item\":\"https:\/\/camminiditalia.org\/en\/\"},{\"@type\":\"ListItem\",\"position\":2,\"name\":\"Walks\",\"item\":\"https:\/\/camminiditalia.org\/en\/cammini\/\"},{\"@type\":\"ListItem\",\"position\":3,\"name\":\"La Rotta dei due Mari\"}]},{\"@type\":\"WebSite\",\"@id\":\"https:\/\/camminiditalia.org\/en\/#website\",\"url\":\"https:\/\/camminiditalia.org\/en\/\",\"name\":\"Cammini d'Italia\",\"description\":\"Plan, walk and share!\",\"publisher\":{\"@id\":\"https:\/\/camminiditalia.org\/en\/#organization\"},\"potentialAction\":[{\"@type\":\"SearchAction\",\"target\":{\"@type\":\"EntryPoint\",\"urlTemplate\":\"https:\/\/camminiditalia.org\/en\/?s={search_term_string}\"},\"query-input\":{\"@type\":\"PropertyValueSpecification\",\"valueRequired\":true,\"valueName\":\"search_term_string\"}}],\"inLanguage\":\"en-US\"},{\"@type\":\"Organization\",\"@id\":\"https:\/\/camminiditalia.org\/en\/#organization\",\"name\":\"Cammini d'Italia srls\",\"url\":\"https:\/\/camminiditalia.org\/en\/\",\"logo\":{\"@type\":\"ImageObject\",\"inLanguage\":\"en-US\",\"@id\":\"https:\/\/camminiditalia.org\/en\/#\/schema\/logo\/image\/\",\"url\":\"https:\/\/media-camminiditalia.nbg1.your-objectstorage.com\/wp-content\/uploads\/2023\/08\/Risorsa-2-8-e1690918206850.png\",\"contentUrl\":\"https:\/\/media-camminiditalia.nbg1.your-objectstorage.com\/wp-content\/uploads\/2023\/08\/Risorsa-2-8-e1690918206850.png\",\"width\":1076,\"height\":329,\"caption\":\"Cammini d'Italia srls\"},\"image\":{\"@id\":\"https:\/\/camminiditalia.org\/en\/#\/schema\/logo\/image\/\"}}]}<\/script>\n<!-- \/ Yoast SEO plugin. -->","yoast_head_json":{"title":"La Rotta dei due Mari - Cammini d&#039;Italia","description":"LA ROTTA DEI DUE MARI: walking and cycling route in Puglia, ancient roads of history, nature and extraordinary peoples.","robots":{"index":"index","follow":"follow","max-snippet":"max-snippet:-1","max-image-preview":"max-image-preview:large","max-video-preview":"max-video-preview:-1"},"canonical":"https:\/\/camminiditalia.org\/en\/cammini\/la-rotta-dei-due-mari\/","og_locale":"en_US","og_type":"article","og_title":"La Rotta dei due Mari - Cammini d&#039;Italia","og_description":"LA ROTTA DEI DUE MARI: walking and cycling route in Puglia, ancient roads of history, nature and extraordinary peoples.","og_url":"https:\/\/camminiditalia.org\/en\/cammini\/la-rotta-dei-due-mari\/","og_site_name":"Cammini d&#039;Italia","article_modified_time":"2026-02-27T18:30:52+00:00","og_image":[{"width":2048,"height":1152,"url":"https:\/\/media-camminiditalia.nbg1.your-objectstorage.com\/wp-content\/uploads\/2023\/04\/WhatsApp-Image-2023-04-12-at-16.22.07-1.jpeg","type":"image\/jpeg"}],"twitter_card":"summary_large_image","twitter_misc":{"Est. reading time":"1 minute"},"schema":{"@context":"https:\/\/schema.org","@graph":[{"@type":"WebPage","@id":"https:\/\/camminiditalia.org\/en\/cammini\/la-rotta-dei-due-mari\/","url":"https:\/\/camminiditalia.org\/en\/cammini\/la-rotta-dei-due-mari\/","name":"La Rotta dei due Mari - Cammini d&#039;Italia","isPartOf":{"@id":"https:\/\/camminiditalia.org\/en\/#website"},"primaryImageOfPage":{"@id":"https:\/\/camminiditalia.org\/en\/cammini\/la-rotta-dei-due-mari\/#primaryimage"},"image":{"@id":"https:\/\/camminiditalia.org\/en\/cammini\/la-rotta-dei-due-mari\/#primaryimage"},"thumbnailUrl":"https:\/\/media-camminiditalia.nbg1.your-objectstorage.com\/wp-content\/uploads\/2023\/04\/WhatsApp-Image-2023-04-12-at-16.22.07-1.jpeg","datePublished":"2023-04-12T14:03:16+00:00","dateModified":"2026-02-27T18:30:52+00:00","description":"LA ROTTA DEI DUE MARI: walking and cycling route in Puglia, ancient roads of history, nature and extraordinary peoples.","breadcrumb":{"@id":"https:\/\/camminiditalia.org\/en\/cammini\/la-rotta-dei-due-mari\/#breadcrumb"},"inLanguage":"en-US","potentialAction":[{"@type":"ReadAction","target":["https:\/\/camminiditalia.org\/en\/cammini\/la-rotta-dei-due-mari\/"]}]},{"@type":"ImageObject","inLanguage":"en-US","@id":"https:\/\/camminiditalia.org\/en\/cammini\/la-rotta-dei-due-mari\/#primaryimage","url":"https:\/\/media-camminiditalia.nbg1.your-objectstorage.com\/wp-content\/uploads\/2023\/04\/WhatsApp-Image-2023-04-12-at-16.22.07-1.jpeg","contentUrl":"https:\/\/media-camminiditalia.nbg1.your-objectstorage.com\/wp-content\/uploads\/2023\/04\/WhatsApp-Image-2023-04-12-at-16.22.07-1.jpeg","width":2048,"height":1152,"caption":"La Rotta dei due Mari"},{"@type":"BreadcrumbList","@id":"https:\/\/camminiditalia.org\/en\/cammini\/la-rotta-dei-due-mari\/#breadcrumb","itemListElement":[{"@type":"ListItem","position":1,"name":"Home","item":"https:\/\/camminiditalia.org\/en\/"},{"@type":"ListItem","position":2,"name":"Walks","item":"https:\/\/camminiditalia.org\/en\/cammini\/"},{"@type":"ListItem","position":3,"name":"La Rotta dei due Mari"}]},{"@type":"WebSite","@id":"https:\/\/camminiditalia.org\/en\/#website","url":"https:\/\/camminiditalia.org\/en\/","name":"Cammini d'Italia","description":"Plan, walk and share!","publisher":{"@id":"https:\/\/camminiditalia.org\/en\/#organization"},"potentialAction":[{"@type":"SearchAction","target":{"@type":"EntryPoint","urlTemplate":"https:\/\/camminiditalia.org\/en\/?s={search_term_string}"},"query-input":{"@type":"PropertyValueSpecification","valueRequired":true,"valueName":"search_term_string"}}],"inLanguage":"en-US"},{"@type":"Organization","@id":"https:\/\/camminiditalia.org\/en\/#organization","name":"Cammini d'Italia srls","url":"https:\/\/camminiditalia.org\/en\/","logo":{"@type":"ImageObject","inLanguage":"en-US","@id":"https:\/\/camminiditalia.org\/en\/#\/schema\/logo\/image\/","url":"https:\/\/media-camminiditalia.nbg1.your-objectstorage.com\/wp-content\/uploads\/2023\/08\/Risorsa-2-8-e1690918206850.png","contentUrl":"https:\/\/media-camminiditalia.nbg1.your-objectstorage.com\/wp-content\/uploads\/2023\/08\/Risorsa-2-8-e1690918206850.png","width":1076,"height":329,"caption":"Cammini d'Italia srls"},"image":{"@id":"https:\/\/camminiditalia.org\/en\/#\/schema\/logo\/image\/"}}]}},"jetpack_sharing_enabled":true,"_links":{"self":[{"href":"https:\/\/camminiditalia.org\/en\/wp-json\/wp\/v2\/cammini\/55709","targetHints":{"allow":["GET"]}}],"collection":[{"href":"https:\/\/camminiditalia.org\/en\/wp-json\/wp\/v2\/cammini"}],"about":[{"href":"https:\/\/camminiditalia.org\/en\/wp-json\/wp\/v2\/types\/cammini"}],"version-history":[{"count":1,"href":"https:\/\/camminiditalia.org\/en\/wp-json\/wp\/v2\/cammini\/55709\/revisions"}],"predecessor-version":[{"id":88936,"href":"https:\/\/camminiditalia.org\/en\/wp-json\/wp\/v2\/cammini\/55709\/revisions\/88936"}],"wp:featuredmedia":[{"embeddable":true,"href":"https:\/\/camminiditalia.org\/en\/wp-json\/wp\/v2\/media\/55718"}],"wp:attachment":[{"href":"https:\/\/camminiditalia.org\/en\/wp-json\/wp\/v2\/media?parent=55709"}],"wp:term":[{"taxonomy":"category","embeddable":true,"href":"https:\/\/camminiditalia.org\/en\/wp-json\/wp\/v2\/categories?post=55709"}],"curies":[{"name":"wp","href":"https:\/\/api.w.org\/{rel}","templated":true}]}}