
{"id":67369,"date":"2023-04-19T19:59:18","date_gmt":"2023-04-19T17:59:18","guid":{"rendered":"https:\/\/camminiditalia.org\/cammini\/kalabria-coast-to-coast\/"},"modified":"2026-02-27T19:22:58","modified_gmt":"2026-02-27T18:22:58","slug":"kalabria-coast-to-coast","status":"publish","type":"cammini","link":"https:\/\/camminiditalia.org\/en\/cammini\/kalabria-coast-to-coast\/","title":{"rendered":"Kalabria Coast to Coast"},"content":{"rendered":"\n<p id=\"scopriletappe\">The walk <strong>Kalabria Coast to Coast<\/strong>, is a 55-kilometer nature trail, to be savored at a slow pace among expanses of centuries-old olive trees, rows of vines, fields of wheat and prickly pears, woods of chestnut and century-old beech trees, picturesque granite stones shaped by time and the magnificent naturalistic oasis of Lake Angitola. But above all, it is an emotional and sensory journey inside a <a href=\"https:\/\/camminiditalia.org\/?s=&amp;lunghezza=&amp;durata=&amp;dislivello=&amp;regione=calabria\">Calabria<\/a> far from the usual tourist routes, discovering those ancient flavors and values that are the roots of this wonderful Land, rich in history and millenary culture and where time seems to stand still. <\/p>\n","protected":false},"excerpt":{"rendered":"<p>The walk Kalabria Coast to Coast, is a 55-kilometer nature trail, to be savored at a slow pace among expanses of centuries-old olive trees, rows of vines, fields of wheat and prickly pears, woods of chestnut and century-old beech trees, picturesque granite stones shaped by time and the magnificent naturalistic oasis of Lake Angitola. But &hellip; <a href=\"https:\/\/camminiditalia.org\/en\/cammini\/kalabria-coast-to-coast\/\">Continued<\/a><\/p>\n","protected":false},"featured_media":61879,"parent":0,"menu_order":0,"template":"","meta":{"_acf_changed":false,"footnotes":""},"categories":[1950],"class_list":["post-67369","cammini","type-cammini","status-publish","has-post-thumbnail","hentry","category-calabria-en","regioni-calabria"],"acf":{"mobile":false,"desktop":false,"app":{"bgImg":{"ID":61877,"id":61877,"title":"Monterosso Calabro (1)","filename":"Monterosso-Calabro-1.jpg","filesize":518100,"url":"https:\/\/media-camminiditalia.nbg1.your-objectstorage.com\/wp-content\/uploads\/2023\/04\/Monterosso-Calabro-1-scaled.jpg","link":"https:\/\/camminiditalia.org\/en\/cammini\/kalabria-coast-to-coast\/monterosso-calabro-1\/","alt":"Kalabria Coast to Coast","author":"2","description":"","caption":"","name":"monterosso-calabro-1","status":"inherit","uploaded_to":67369,"date":"2023-04-19 18:03:57","modified":"2025-06-20 13:42:06","menu_order":0,"mime_type":"image\/jpeg","type":"image","subtype":"jpeg","icon":"https:\/\/camminiditalia.org\/wp-includes\/images\/media\/default.png","width":2560,"height":1707,"sizes":{"thumbnail":"https:\/\/media-camminiditalia.nbg1.your-objectstorage.com\/wp-content\/uploads\/2023\/04\/Monterosso-Calabro-1-scaled-e1681927493480-150x150.jpg","thumbnail-width":150,"thumbnail-height":150,"medium":"https:\/\/media-camminiditalia.nbg1.your-objectstorage.com\/wp-content\/uploads\/2023\/04\/Monterosso-Calabro-1-scaled-e1681927493480-300x126.jpg","medium-width":300,"medium-height":126,"medium_large":"https:\/\/media-camminiditalia.nbg1.your-objectstorage.com\/wp-content\/uploads\/2023\/04\/Monterosso-Calabro-1-scaled-e1681927493480-768x323.jpg","medium_large-width":768,"medium_large-height":323,"large":"https:\/\/media-camminiditalia.nbg1.your-objectstorage.com\/wp-content\/uploads\/2023\/04\/Monterosso-Calabro-1-scaled-e1681927493480-1024x430.jpg","large-width":1024,"large-height":430,"1536x1536":"https:\/\/media-camminiditalia.nbg1.your-objectstorage.com\/wp-content\/uploads\/2023\/04\/Monterosso-Calabro-1-scaled-e1681927493480-1536x645.jpg","1536x1536-width":1536,"1536x1536-height":645,"2048x2048":"https:\/\/media-camminiditalia.nbg1.your-objectstorage.com\/wp-content\/uploads\/2023\/04\/Monterosso-Calabro-1-scaled-e1681927493480-2048x860.jpg","2048x2048-width":2048,"2048x2048-height":860,"tc_all_events_image":"https:\/\/media-camminiditalia.nbg1.your-objectstorage.com\/wp-content\/uploads\/2023\/04\/Monterosso-Calabro-1-scaled.jpg","tc_all_events_image-width":1020,"tc_all_events_image-height":680,"woocommerce_thumbnail":"https:\/\/media-camminiditalia.nbg1.your-objectstorage.com\/wp-content\/uploads\/2023\/04\/Monterosso-Calabro-1-300x300.jpg","woocommerce_thumbnail-width":300,"woocommerce_thumbnail-height":300,"woocommerce_single":"https:\/\/media-camminiditalia.nbg1.your-objectstorage.com\/wp-content\/uploads\/2023\/04\/Monterosso-Calabro-1-600x400.jpg","woocommerce_single-width":600,"woocommerce_single-height":400,"woocommerce_gallery_thumbnail":"https:\/\/media-camminiditalia.nbg1.your-objectstorage.com\/wp-content\/uploads\/2023\/04\/Monterosso-Calabro-1-100x100.jpg","woocommerce_gallery_thumbnail-width":100,"woocommerce_gallery_thumbnail-height":100}},"title":"Kalabria Coast to Coast","text":"<p>With the free Cammini d&#8217;Italia app, you can plan and travel the Kalabria Coast to Coast in total safety, being able to plan the STAGES in detail and walk the route thanks to the built-in GPS technology that supports your orientation during your adventure.<\/p>\n<p>\u00a0<\/p>\n<p>Within the app you will find many other paths present in Italy. Thanks to the georeferenced tracks of many routes you will be able to study the itinerary that suits you best and also download the GPX tracks of the individual STAGEs offline. <\/p>\n<p>\u00a0<\/p>\n<p>The app also includes a complete digital map of all the paths surveyed to date on our portal, giving you a wide range of choices among the many paths in the Belpaese.<\/p>\n<p>\u2800<br \/>\nCammini d&#8217;Italia is the perfect app for those who want to explore the beauty of Italy on foot, discovering hidden places surrounded by nature. Download it for free today and start planning your next adventure! <\/p>\n<p>\u2800<\/p>\n<p>\u2800<\/p>\n<p><a href=\"https:\/\/apps.apple.com\/it\/app\/cammini-di-italia\/id1643119047\" target=\"_blank\" rel=\"noopener\"><img loading=\"lazy\" decoding=\"async\" class=\"alignnone wp-image-23502\" src=\"https:\/\/camminiditalia.org\/wp-content\/uploads\/s3fra1:\/\/camministorage\/wp-content\/uploads\/2023\/04\/apple-300x95.png\" alt=\"\" width=\"190\" height=\"60\" srcset=\"https:\/\/media-camminiditalia.nbg1.your-objectstorage.com\/wp-content\/uploads\/2023\/04\/apple-300x95.png 300w, https:\/\/media-camminiditalia.nbg1.your-objectstorage.com\/wp-content\/uploads\/2023\/04\/apple.png 600w, https:\/\/media-camminiditalia.nbg1.your-objectstorage.com\/wp-content\/uploads\/2023\/04\/apple-1024x323.png 1024w, https:\/\/media-camminiditalia.nbg1.your-objectstorage.com\/wp-content\/uploads\/2023\/04\/apple-768x242.png 768w, https:\/\/media-camminiditalia.nbg1.your-objectstorage.com\/wp-content\/uploads\/2023\/04\/apple.png 1109w\" sizes=\"auto, (max-width: 190px) 100vw, 190px\" \/><\/a>  \u2800\u2800\u2800<a href=\"https:\/\/play.google.com\/store\/apps\/details?id=it.webmapp.cammini&#038;hl=en_US\" target=\"_blank\" rel=\"noopener\"><img loading=\"lazy\" decoding=\"async\" class=\"alignnone wp-image-23503\" src=\"https:\/\/camminiditalia.org\/wp-content\/uploads\/s3fra1:\/\/camministorage\/wp-content\/uploads\/2023\/04\/google-play-300x93.png\" alt=\"\" width=\"193\" height=\"60\" srcset=\"https:\/\/media-camminiditalia.nbg1.your-objectstorage.com\/wp-content\/uploads\/2023\/04\/google-play-300x93.png 300w, https:\/\/media-camminiditalia.nbg1.your-objectstorage.com\/wp-content\/uploads\/2023\/04\/google-play.png 600w, https:\/\/media-camminiditalia.nbg1.your-objectstorage.com\/wp-content\/uploads\/2023\/04\/google-play-1024x318.png 1024w, https:\/\/media-camminiditalia.nbg1.your-objectstorage.com\/wp-content\/uploads\/2023\/04\/google-play-768x239.png 768w, https:\/\/media-camminiditalia.nbg1.your-objectstorage.com\/wp-content\/uploads\/2023\/04\/google-play.png 1106w\" sizes=\"auto, (max-width: 193px) 100vw, 193px\" \/><\/a><\/p>\n","img":{"ID":33841,"id":33841,"title":"app-discounted","filename":"app-scontornata.png","filesize":156691,"url":"https:\/\/media-camminiditalia.nbg1.your-objectstorage.com\/wp-content\/uploads\/2024\/04\/app-scontornata.png","link":"https:\/\/camminiditalia.org\/en\/cammini\/via-della-lana-e-della-seta\/app-scontornata-5-2\/","alt":"","author":"7","description":"","caption":"","name":"app-scontornata-5-2","status":"inherit","uploaded_to":32786,"date":"2024-05-06 13:11:58","modified":"2025-06-25 09:39:05","menu_order":0,"mime_type":"image\/png","type":"image","subtype":"png","icon":"https:\/\/camminiditalia.org\/wp-includes\/images\/media\/default.png","width":800,"height":1000,"sizes":{"thumbnail":"https:\/\/media-camminiditalia.nbg1.your-objectstorage.com\/wp-content\/uploads\/2024\/04\/app-scontornata-150x150.png","thumbnail-width":150,"thumbnail-height":150,"medium":"https:\/\/media-camminiditalia.nbg1.your-objectstorage.com\/wp-content\/uploads\/2024\/04\/app-scontornata-240x300.png","medium-width":240,"medium-height":300,"medium_large":"https:\/\/media-camminiditalia.nbg1.your-objectstorage.com\/wp-content\/uploads\/2024\/04\/app-scontornata-768x960.png","medium_large-width":768,"medium_large-height":960,"large":"https:\/\/media-camminiditalia.nbg1.your-objectstorage.com\/wp-content\/uploads\/2024\/04\/app-scontornata.png","large-width":800,"large-height":1000,"1536x1536":"https:\/\/media-camminiditalia.nbg1.your-objectstorage.com\/wp-content\/uploads\/2024\/04\/app-scontornata.png","1536x1536-width":800,"1536x1536-height":1000,"2048x2048":"https:\/\/media-camminiditalia.nbg1.your-objectstorage.com\/wp-content\/uploads\/2024\/04\/app-scontornata.png","2048x2048-width":800,"2048x2048-height":1000,"tc_all_events_image":"https:\/\/media-camminiditalia.nbg1.your-objectstorage.com\/wp-content\/uploads\/2024\/04\/app-scontornata.png","tc_all_events_image-width":544,"tc_all_events_image-height":680,"woocommerce_thumbnail":"https:\/\/media-camminiditalia.nbg1.your-objectstorage.com\/wp-content\/uploads\/2024\/04\/app-scontornata-300x300.png","woocommerce_thumbnail-width":300,"woocommerce_thumbnail-height":300,"woocommerce_single":"https:\/\/media-camminiditalia.nbg1.your-objectstorage.com\/wp-content\/uploads\/2024\/04\/app-scontornata-600x750.png","woocommerce_single-width":600,"woocommerce_single-height":750,"woocommerce_gallery_thumbnail":"https:\/\/media-camminiditalia.nbg1.your-objectstorage.com\/wp-content\/uploads\/2024\/04\/app-scontornata-100x100.png","woocommerce_gallery_thumbnail-width":100,"woocommerce_gallery_thumbnail-height":100}},"linkBtn":{"title":"","url":"https:\/\/apps.apple.com\/it\/app\/cammini-di-italia\/id1643119047","target":"_blank"},"textBtn":"DOWNLOAD OUR APP! "},"diaries":{"diary":[{"ID":25309,"post_author":"2","post_date":"2023-09-08 17:06:35","post_date_gmt":"2023-09-08 15:06:35","post_content":"<!-- wp:heading -->\n<h2 class=\"wp-block-heading\">Giorno 0: arrivo a Soverato<\/h2>\n<!-- \/wp:heading -->\n\n<!-- wp:paragraph -->\n<p>Finalmente eccoci qui:<\/p>\n<!-- \/wp:paragraph -->\n\n<!-- wp:paragraph -->\n<p>il gruppo \u00e8 al completo! Siamo appena arrivati a Soverato e abbiamo ritirato le credenziali del cammino al Bar Kiss Kiss.&nbsp;<\/p>\n<!-- \/wp:paragraph -->\n\n<!-- wp:paragraph -->\n<p>Siamo stati accolti da Rosamaria, una delle responsabili del cammino con tantissimo affetto, sembrava ci conoscesse da una vita. Ci ha deliziati con una buonissima crostata fatta con le sue mani. Sento che questo cammino ci far\u00e0 conoscere persone speciali.<\/p>\n<!-- \/wp:paragraph -->\n\n<!-- wp:paragraph -->\n<p>Ho deciso di rendere la nostra esperienza molto wild, staremo tre giorni in giro per la costa calabra muniti di zaini enormi con tutto l\u2019occorrente per dormire e nutrirci. Ho montato anche il pannello solare dietro il mio zaino per poter ricaricare cellulari lampade e torce. Ho portato tante scorte d\u2019acqua perch\u00e9 so che far\u00e0 molto caldo.<\/p>\n<!-- \/wp:paragraph -->\n\n<!-- wp:paragraph -->\n<p>In serata siamo arrivati all\u2019immensa spiaggia di Soverato, una spiaggia caratterizzata da una finissima sabbia bianca bagnata dal limpido e cristallino Mar Ionio, abbiamo montato le tende e ci siamo fermati a guardare il cielo ricco di stelle che fa da cornice ai monti che domani attraverseremo per raggiungere il mar Tirreno.<\/p>\n<!-- \/wp:paragraph -->\n\n<!-- wp:paragraph -->\n<p>A proposito \u2026Non vi ho ancora presentato i miei coraggiosissimi compagni di cammino: Kashia; Davide; Giuseppe; Carmine; Leo; Antonio; Vittorio; Laura; Giovanni e Domenico, validi alleati per un\u2019avventura cos\u00ec speciale.<\/p>\n<!-- \/wp:paragraph -->\n\n<!-- wp:paragraph -->\n<p>Stanotte attendiamo in silenzio l\u2019inizio di un nuovo giorno: Il primo giorno di cammino del<a href=\"https:\/\/camminiditalia.org\/cammini\/kalabria-coast-to-coast\/\"><strong> Kalabria coast to Coast<\/strong><\/a>.<\/p>\n<!-- \/wp:paragraph -->\n\n<!-- wp:image {\"id\":25314,\"sizeSlug\":\"large\",\"linkDestination\":\"none\"} -->\n<figure class=\"wp-block-image size-large\"><img src=\"https:\/\/camminiditalia.org\/wp-content\/uploads\/2023\/09\/WhatsApp-Image-2023-09-08-at-16.33.57-1024x682.jpeg\" alt=\"Kalabria coast to coast in tenda\" class=\"wp-image-25314\"\/><\/figure>\n<!-- \/wp:image -->\n\n<!-- wp:heading -->\n<h2 class=\"wp-block-heading\">Giorno 01: partenza!<\/h2>\n<!-- \/wp:heading -->\n\n<!-- wp:paragraph -->\n<p><strong><em>Kalabria Coast to Coast - Tappa 1: Soverato - Petrizzi<\/em><\/strong><\/p>\n<!-- \/wp:paragraph -->\n\n<!-- wp:paragraph -->\n<p>Com\u2019\u00e8 stato emozionante vedere il sole sorgere dal mare, la nascita di un nuovo giorno l\u2019inizio di una nuova avventura. Questa notte non abbiamo dormito tanto, eravamo tutti molto emozionati.<\/p>\n<!-- \/wp:paragraph -->\n\n<!-- wp:paragraph -->\n<p>Ore 7,00 siamo pronti per partire. Con gli enormi zaini sulle spalle cominciamo a camminare dalla spiaggia di Soverato verso il lungomare tra palme e oleandri per poi dirigerci verso la montagna e mentre i nostri piedi affondano nella sabbia bianca e finissima, il suono delle onde del mare ci augura \u201c<strong><em>Buon Cammino<\/em><\/strong>\u201d.<\/p>\n<!-- \/wp:paragraph -->\n\n<!-- wp:paragraph -->\n<p>Dopo un po' di chilometri abbiamo trovato ospitalit\u00e0 a casa di un gentile nonnino che ci ha offerto acqua fresca e frutta e ci ha raccontato la sua vita.&nbsp;\u00c8 questa la magia del cammino: ad ogni passo incontri persone che rendono speciale la tua giornata.<\/p>\n<!-- \/wp:paragraph -->\n\n<!-- wp:paragraph -->\n<p>La salita verso Petrizzi che ci ha portati fin quasi alla vetta del Monte La Rosa \u00e8 stata molto sofferta: i raggi cocenti del sole, l\u2019asfalto rovente, le nostre scorte d\u2019acqua sono terminate prestissimo ma fortunatamente dopo qualche chilometro ci siamo fermati in un boschetto di pini e abbiamo trovato un\u2019area attrezzata vicino la stella di Sant\u2019 Antonio di Padova. Abbiamo riposato e ci siamo rifocillati con un buonissimo piatto di pasta fatto con le nostre mani e i nostri fornelli e un bel caff\u00e8.<\/p>\n<!-- \/wp:paragraph -->\n\n<!-- wp:paragraph -->\n<p>Dopo una breve siesta si riparte con nuovi amici incontrati lungo la strada, Franco, Giovanni e Nino anch\u2019essi Campani.<\/p>\n<!-- \/wp:paragraph -->\n\n<!-- wp:paragraph -->\n<p>Durante il cammino verso Petrizzi restiamo affascinati da questi paesaggi, dalle colline che si affacciano sul mare e soprattutto dall\u2019ospitalit\u00e0 delle persone che rende tutto pi\u00f9 bello. Dall'alto della montagna godiamo di una&nbsp; meravigliosa e panoramica vista sul Golfo di Squillace.<\/p>\n<!-- \/wp:paragraph -->\n\n<!-- wp:paragraph -->\n<p>Giunti a Petrizzi mettiamo il timbro sulle nostre credenziali e veniamo accolti in paese con molta meraviglia (soprattutto per l\u2019eccessivo volume dei nostri pesantissimi zaini). Abbiamo ricevuto i complimenti da tutti per l\u2019impresa iniziata.<\/p>\n<!-- \/wp:paragraph -->\n\n<!-- wp:paragraph -->\n<p>Una bella birra ghiacciata a Piazza Regina Elena ci ha rimessi al mondo e dopo aver ammirato e fotografato il suo caratteristico pioppo nero e la sua \u201c<em>menzalora<\/em>\u201d, antica unit\u00e0 di misura delle granaglie, ci siamo rimessi in cammino. &nbsp;<\/p>\n<!-- \/wp:paragraph -->\n\n<!-- wp:paragraph -->\n<p>Dopo una bella discesa siamo arrivati lungo un fiume e l\u00ec non abbiamo resistito e ci siamo spogliati e tuffati in acqua. Rigenerati dalla freschezza del fiume abbiamo raggiunto l\u2019agriturismo di Flavio, abbiamo montato le tende e bivaccato con i prodotti tipici del luogo, abbiamo bevuto ottimo vino e una particolarissima grappa a suon di chitarra e canti. La sera quando sono tornato in tenda ero un po' brillo ma felice.<\/p>\n<!-- \/wp:paragraph -->\n\n<!-- wp:image {\"id\":25311,\"sizeSlug\":\"large\",\"linkDestination\":\"none\"} -->\n<figure class=\"wp-block-image size-large\"><img src=\"https:\/\/camminiditalia.org\/wp-content\/uploads\/2023\/09\/WhatsApp-Image-2023-09-08-at-16.34.04-1024x768.jpeg\" alt=\"Diario Kalabria coast to coast in tenda\" class=\"wp-image-25311\"\/><figcaption class=\"wp-element-caption\">\"la menzalora\" - antica unit\u00e0 di misura<\/figcaption><\/figure>\n<!-- \/wp:image -->\n\n<!-- wp:heading -->\n<h2 class=\"wp-block-heading\">Giorno 02: che accoglienza!<\/h2>\n<!-- \/wp:heading -->\n\n<!-- wp:paragraph -->\n<p><strong>Kalabria Coast to Coast - Tappa 2: Petrizzi- Monterosso Calabro<\/strong><\/p>\n<!-- \/wp:paragraph -->\n\n<!-- wp:paragraph -->\n<p>Questa mattina ci siamo svegliati affamati e dopo una bella colazione, abbiamo smontato le tende e ci siamo rimessi in cammino direzione Bosco di Monterosso a circa 20 Km.<\/p>\n<!-- \/wp:paragraph -->\n\n<!-- wp:paragraph -->\n<p>Dopo aver superato il fiume iniziamo a percorrere un luminoso campo di grano con enormi balle di fieno fino a giungere ad una vecchia ferrovia senza binari, passando per un tunnel.<\/p>\n<!-- \/wp:paragraph -->\n\n<!-- wp:paragraph -->\n<p>Si tratta della vecchia stazione di San Vito sullo Ionio che ormai \u00e8 solo un rudere purtroppo.<\/p>\n<!-- \/wp:paragraph -->\n\n<!-- wp:paragraph -->\n<p>Dopo pochi chilometri raggiungiamo la chiesa del paese e visitiamo la filanda, una vecchia zona artigianale e acquistiamo degli ottimi prodotti locali ma soprattutto tanta carne per sfamarci la sera: salsicce piccanti, costate di maiale con il loro grasso e cotica, uova paesane da cucinare con la pancetta calabrese per una carbonara con i fiocchi. Per il pranzo del giorno dopo invece ci siamo affidati alla salumeria di Bruno e ai suoi panini ricchissimi di affettati, salumi, verdure sott\u2019olio e formaggi locali, tutte prelibatezze di ottima qualit\u00e0.&nbsp; Inoltre Bruno ci ha regalato acqua e frutta fresca in abbondanza, un gesto che ha riempito il nostro cuore di gioia\u2026<\/p>\n<!-- \/wp:paragraph -->\n\n<!-- wp:paragraph -->\n<p><em><strong>Non c\u2019\u00e8 che dire l\u2019accoglienza dei calabresi supera ogni immaginazione<\/strong><\/em><\/p>\n<!-- \/wp:paragraph -->\n\n<!-- wp:paragraph -->\n<p>Riprendiamo a camminare, fa molto caldo e il sole arde nel cielo ma dopo un po' di chilometri ecco che la magia del cammino ci fa un altro bellissimo regalo. Quando fa molto caldo e sai che devi affrontare tanti chilometri e sei stanco, hai male ai piedi e alla schiena per il peso che reggi sulle spalle, capisci cosa sono le cose veramente importanti. Dei possenti alberi di ciliegio lungo il nostro cammino ci hanno regalato dei frutti dolcissimi e succosi che ci hanno rigenerato.&nbsp; Raggiungiamo il lago Acero, una zona ombreggiata da una bellissima pineta, con tanto di tavoli e fontana. Qui decidiamo di fermarci per un gustoso pranzo al volo.<\/p>\n<!-- \/wp:paragraph -->\n\n<!-- wp:paragraph -->\n<p>Dopo un po' di riposo proseguiamo attraversando i fitti boschi di Monterosso&nbsp; e ammirando la natura incontaminata che ci circonda, sembriamo tante formichine dinnanzi alla possenza di questi alberi che con la loro ombra ci riparano dal sole rovente delle due del pomeriggio ma noi siamo felici perch\u00e9 camminiamo al fresco. Piano piano raggiungiamo la sommit\u00e0 pi\u00f9 alta e iniziamo ad intravedere il Mar Tirreno. Siamo adesso in localit\u00e0 Pozzetti, un\u2019area attrezzata con una fontana, tavoli, panche, barbecue e giostrine per bambini, un\u2019oasi di pace e soprattutto di frescura. Li ho fatto uno dei bagni ghiacciati pi\u00f9 rigeneranti della mia vita.<\/p>\n<!-- \/wp:paragraph -->\n\n<!-- wp:paragraph -->\n<p>Dopo aver organizzato il campo base, fatto scorta di legna e montato le tende abbiamo iniziato a cucinare e ci siamo deliziati con quasi due chili di carbonara molto piccante.<\/p>\n<!-- \/wp:paragraph -->\n\n<!-- wp:paragraph -->\n<p>Sono le 23,00 e sono nel silenzio della mia tenda, la schiena inizia a darmi un po' di fastidio, il peso che ho caricato sulle mie spalle \u00e8 tanto, anche Kashia ha dei dolori ai fianchi e i piedi di Davide sono caldissimi ma siamo felici perch\u00e9 il cammino ci sta donando ogni giorno emozioni e soddisfazioni sempre maggiori. Domani mattina spero di trovare una crema idratante.<\/p>\n<!-- \/wp:paragraph -->\n\n<!-- wp:image {\"id\":25312,\"sizeSlug\":\"large\",\"linkDestination\":\"none\"} -->\n<figure class=\"wp-block-image size-large\"><img src=\"https:\/\/camminiditalia.org\/wp-content\/uploads\/2023\/09\/WhatsApp-Image-2023-09-08-at-16.34.14-1024x584.jpeg\" alt=\"Diario Kalabria coast to coast in tenda\" class=\"wp-image-25312\"\/><\/figure>\n<!-- \/wp:image -->\n\n<!-- wp:heading -->\n<h2 class=\"wp-block-heading\">Giorno 03: Arrivo a Pizzo!<\/h2>\n<!-- \/wp:heading -->\n\n<!-- wp:paragraph -->\n<p><strong>Kalabria Coast to coast - Tappa 3: Monterosso Calabro - Pizzo<\/strong><\/p>\n<!-- \/wp:paragraph -->\n\n<!-- wp:paragraph -->\n<p>Stamattina la sveglia \u00e8 stata molto originale. Alle 5,40 abbiamo iniziato a sentire un forte rumore. Esco dalla tenda e vedo dei boscaioli con motosega che tagliano gli alberi. Leo grida;\"<em>alberoooo\"<\/em> e fa scappare tutti dalle tende, poi ci guardiamo e ridiamo come matti.<\/p>\n<!-- \/wp:paragraph -->\n\n<!-- wp:paragraph -->\n<p>Dopo una golosa colazione continua il nostro cammino.<\/p>\n<!-- \/wp:paragraph -->\n\n<!-- wp:paragraph -->\n<p>Iniziamo una ripida discesa, prima un sentiero nel bosco e poi appena arrivati su strada asfaltata raggiungiamo il meraviglioso borgo di Monterosso Calabro, tra ampie e spettacolari vedute sul lago Angitola ed il Mar Tirreno. Monterosso Calabro \u00e8 un piccolo angolo della Calabria arroccato che racchiude in se tutta la bellezza e il fascino di questo territorio. Passeggiando tra le vie del borgo ci inoltriamo in caratteristici vicoletti nei quali abbiamo trovato disegnati con colori vivaci alcuni giochi di strada che facevamo da bambini. Un tuffo nel passato\u2026<\/p>\n<!-- \/wp:paragraph -->\n\n<!-- wp:paragraph -->\n<p>Appena lasciamo il paese incontriamo un simpatico personaggio molto bizzarro che ci ha invitato tutti a salire sul retro del suo APE e mentre lui guidava all\u2019impazzata, cantavamo tutti a squarciagola le canzoni in dialetto calabrese. \u00c8 stato molto divertente.<\/p>\n<!-- \/wp:paragraph -->\n\n<!-- wp:paragraph -->\n<p>Il nostro cammino continua fino al lago di Angitola un lago creato artificialmente con una diga di sbarramento sull\u2019omonimo fiume. \u00c8 immerso in un\u2019oasi naturalistica di inestimabile valore ambientale, ricoperta da boschi ricchi e folti, con un immenso patrimonio di flora e di fauna, affidata in gestione al WWF Calabria. Attorno al lago sono prevalenti oliveti e macchia mediterranea. Infatti, lungo il sentiero che costeggia il lago \u00e8 possibile notare casettine di legno per l\u2019osservazione delle varie specie di uccelli presenti in quest\u2019area.<\/p>\n<!-- \/wp:paragraph -->\n\n<!-- wp:paragraph -->\n<p>Decidiamo di pranzare sotto i pini e dopo l\u2019immancabile caff\u00e8 ci rimettiamo in cammino e iniziamo una dolce salita fiancheggiando una gigantesca quercia di sughero.<\/p>\n<!-- \/wp:paragraph -->\n\n<!-- wp:paragraph -->\n<p>Dopo l\u2019ultima salita camminiamo su un altopiano tra campi di grano e vecchi ruderi. Mentre salutiamo il massiccio montuoso di Monterosso verso est, iniziamo a vedere la lunga spiaggia di Pizzo Calabro verso ovest. Finalmente ci siamo, la vista del Mar Tirreno ci riempie di gioia. Inoltre abbiamo fatto un incontro molto speciale. Abbiamo conosciuto Lorenzo Borseggia, il presidente del Kalabria Trekking e ideatore di questo fantastico cammino. Ormai siamo stanchissimi, i miei &nbsp;acciacchi alla schiena causati dal troppo peso sulle spalle, il male ai piedi di Davide che ci ha costretto a fermarci pi\u00f9 volte, solo Kascia fortunatamente \u00e8 riuscita a stare meglio superando le difficolt\u00e0 iniziali ma la meta \u00e8 vicina, dobbiamo raggiungere la spiaggia di Pizzo Calabro prima del tramonto.&nbsp; Arrivati a Pizzo abbiamo gustato l\u2019immancabile tartufo, abbiamo visitato il Castello Aragonese e sorseggiato una birra ghiacciata in spiaggia guardando il sole che si immerge nel mare.&nbsp;<\/p>\n<!-- \/wp:paragraph -->\n\n<!-- wp:paragraph -->\n<p>Mio caro diario che mi hai accompagnato durante questo cammino e sei stato la mia memoria tutte le sere prima di addormentarmi, posso dirti che questa esperienza \u00e8 stata indimenticabile. Ho attraversato luoghi incantati camminando tra spiagge; colline; monti; boschi dove la natura fa ancora da padrona e ho visitato borghi dove il tempo pare si sia fermato.<\/p>\n<!-- \/wp:paragraph -->\n\n<!-- wp:image {\"id\":25313,\"width\":973,\"height\":648,\"sizeSlug\":\"large\",\"linkDestination\":\"none\"} -->\n<figure class=\"wp-block-image size-large is-resized\"><img src=\"https:\/\/camminiditalia.org\/wp-content\/uploads\/2023\/09\/WhatsApp-Image-2023-09-08-at-16.34.09-1024x682.jpeg\" alt=\"Diario Kalabria coast to coast in tenda\" class=\"wp-image-25313\" style=\"width:973px;height:648px\" width=\"973\" height=\"648\"\/><\/figure>\n<!-- \/wp:image -->\n\n<!-- wp:paragraph -->\n<p>Caro diario ti dir\u00f2 di pi\u00f9\u2026 io questo cammino lo voglio rifare perch\u00e9 voglio farlo conoscere a tanti altri amici&nbsp; magari con uno zaino pi\u00f9 leggero\u2026.<\/p>\n<!-- \/wp:paragraph -->\n\n<!-- wp:paragraph -->\n<p>Alla prossima avventura!<\/p>\n<!-- \/wp:paragraph -->\n\n<!-- wp:paragraph -->\n<p>Giovanni Desiderio <\/p>\n<!-- \/wp:paragraph -->\n\n<!-- wp:paragraph -->\n<p>(il cammino \u00e8 stato percorso tra fine maggio e inizio giugno)<\/p>\n<!-- \/wp:paragraph -->","post_title":"Diario di Giovanni lungo il Kalabria Coast to Coast in tenda","post_excerpt":"","post_status":"publish","comment_status":"open","ping_status":"open","post_password":"","post_name":"diario-di-giovanni-lungo-il-kalabria-coast-to-coast-in-tenda","to_ping":"","pinged":"","post_modified":"2023-09-20 14:59:25","post_modified_gmt":"2023-09-20 12:59:25","post_content_filtered":"","post_parent":0,"guid":"https:\/\/camminiditalia.org\/?p=25309","menu_order":0,"post_type":"post","post_mime_type":"","comment_count":"0","filter":"raw"}]},"gallery":{"images":[{"img":{"ID":61885,"id":61885,"title":"Cover photo","filename":"Foto-copertina.jpg","filesize":346809,"url":"https:\/\/media-camminiditalia.nbg1.your-objectstorage.com\/wp-content\/uploads\/2023\/04\/Foto-copertina-scaled.jpg","link":"https:\/\/camminiditalia.org\/en\/cammini\/kalabria-coast-to-coast\/foto-copertina-2\/","alt":"Kalabria Coast to Coast","author":"2","description":"","caption":"Soverato - Stage 1","name":"foto-copertina-2","status":"inherit","uploaded_to":67369,"date":"2023-04-19 18:11:20","modified":"2025-06-20 13:42:06","menu_order":0,"mime_type":"image\/jpeg","type":"image","subtype":"jpeg","icon":"https:\/\/camminiditalia.org\/wp-includes\/images\/media\/default.png","width":2560,"height":1707,"sizes":{"thumbnail":"https:\/\/media-camminiditalia.nbg1.your-objectstorage.com\/wp-content\/uploads\/2023\/04\/Foto-copertina-150x150.jpg","thumbnail-width":150,"thumbnail-height":150,"medium":"https:\/\/media-camminiditalia.nbg1.your-objectstorage.com\/wp-content\/uploads\/2023\/04\/Foto-copertina-300x200.jpg","medium-width":300,"medium-height":200,"medium_large":"https:\/\/media-camminiditalia.nbg1.your-objectstorage.com\/wp-content\/uploads\/2023\/04\/Foto-copertina-768x512.jpg","medium_large-width":768,"medium_large-height":512,"large":"https:\/\/media-camminiditalia.nbg1.your-objectstorage.com\/wp-content\/uploads\/2023\/04\/Foto-copertina-1024x683.jpg","large-width":1024,"large-height":683,"1536x1536":"https:\/\/media-camminiditalia.nbg1.your-objectstorage.com\/wp-content\/uploads\/2023\/04\/Foto-copertina-1536x1024.jpg","1536x1536-width":1536,"1536x1536-height":1024,"2048x2048":"https:\/\/media-camminiditalia.nbg1.your-objectstorage.com\/wp-content\/uploads\/2023\/04\/Foto-copertina-2048x1365.jpg","2048x2048-width":2048,"2048x2048-height":1365,"tc_all_events_image":"https:\/\/media-camminiditalia.nbg1.your-objectstorage.com\/wp-content\/uploads\/2023\/04\/Foto-copertina-scaled.jpg","tc_all_events_image-width":1020,"tc_all_events_image-height":680,"woocommerce_thumbnail":"https:\/\/media-camminiditalia.nbg1.your-objectstorage.com\/wp-content\/uploads\/2023\/04\/Foto-copertina-300x300.jpg","woocommerce_thumbnail-width":300,"woocommerce_thumbnail-height":300,"woocommerce_single":"https:\/\/media-camminiditalia.nbg1.your-objectstorage.com\/wp-content\/uploads\/2023\/04\/Foto-copertina-600x400.jpg","woocommerce_single-width":600,"woocommerce_single-height":400,"woocommerce_gallery_thumbnail":"https:\/\/media-camminiditalia.nbg1.your-objectstorage.com\/wp-content\/uploads\/2023\/04\/Foto-copertina-100x100.jpg","woocommerce_gallery_thumbnail-width":100,"woocommerce_gallery_thumbnail-height":100}}},{"img":{"ID":61883,"id":61883,"title":"Monterosso Calabro","filename":"Monterosso-Calabro.jpg","filesize":518100,"url":"https:\/\/media-camminiditalia.nbg1.your-objectstorage.com\/wp-content\/uploads\/2023\/04\/Monterosso-Calabro-scaled.jpg","link":"https:\/\/camminiditalia.org\/en\/cammini\/kalabria-coast-to-coast\/monterosso-calabro\/","alt":"Kalabria Coast to Coast","author":"2","description":"","caption":"Monterosso Calabro  ","name":"monterosso-calabro","status":"inherit","uploaded_to":67369,"date":"2023-04-19 18:09:16","modified":"2025-06-20 13:42:06","menu_order":0,"mime_type":"image\/jpeg","type":"image","subtype":"jpeg","icon":"https:\/\/camminiditalia.org\/wp-includes\/images\/media\/default.png","width":2560,"height":1707,"sizes":{"thumbnail":"https:\/\/media-camminiditalia.nbg1.your-objectstorage.com\/wp-content\/uploads\/2023\/04\/Monterosso-Calabro-150x150.jpg","thumbnail-width":150,"thumbnail-height":150,"medium":"https:\/\/media-camminiditalia.nbg1.your-objectstorage.com\/wp-content\/uploads\/2023\/04\/Monterosso-Calabro-300x200.jpg","medium-width":300,"medium-height":200,"medium_large":"https:\/\/media-camminiditalia.nbg1.your-objectstorage.com\/wp-content\/uploads\/2023\/04\/Monterosso-Calabro-768x512.jpg","medium_large-width":768,"medium_large-height":512,"large":"https:\/\/media-camminiditalia.nbg1.your-objectstorage.com\/wp-content\/uploads\/2023\/04\/Monterosso-Calabro-1024x683.jpg","large-width":1024,"large-height":683,"1536x1536":"https:\/\/media-camminiditalia.nbg1.your-objectstorage.com\/wp-content\/uploads\/2023\/04\/Monterosso-Calabro-1536x1024.jpg","1536x1536-width":1536,"1536x1536-height":1024,"2048x2048":"https:\/\/media-camminiditalia.nbg1.your-objectstorage.com\/wp-content\/uploads\/2023\/04\/Monterosso-Calabro-2048x1365.jpg","2048x2048-width":2048,"2048x2048-height":1365,"tc_all_events_image":"https:\/\/media-camminiditalia.nbg1.your-objectstorage.com\/wp-content\/uploads\/2023\/04\/Monterosso-Calabro-scaled.jpg","tc_all_events_image-width":1020,"tc_all_events_image-height":680,"woocommerce_thumbnail":"https:\/\/media-camminiditalia.nbg1.your-objectstorage.com\/wp-content\/uploads\/2023\/04\/Monterosso-Calabro-300x300.jpg","woocommerce_thumbnail-width":300,"woocommerce_thumbnail-height":300,"woocommerce_single":"https:\/\/media-camminiditalia.nbg1.your-objectstorage.com\/wp-content\/uploads\/2023\/04\/Monterosso-Calabro-600x400.jpg","woocommerce_single-width":600,"woocommerce_single-height":400,"woocommerce_gallery_thumbnail":"https:\/\/media-camminiditalia.nbg1.your-objectstorage.com\/wp-content\/uploads\/2023\/04\/Monterosso-Calabro-100x100.jpg","woocommerce_gallery_thumbnail-width":100,"woocommerce_gallery_thumbnail-height":100}}},{"img":{"ID":61881,"id":61881,"title":"Lago-Acero-scaled","filename":"Lago-Acero-scaled.webp","filesize":942386,"url":"https:\/\/media-camminiditalia.nbg1.your-objectstorage.com\/wp-content\/uploads\/2023\/04\/Lago-Acero-scaled-scaled.webp","link":"https:\/\/camminiditalia.org\/en\/cammini\/kalabria-coast-to-coast\/lago-acero\/lago-acero-scaled\/","alt":"","author":"0","description":"","caption":"Lago Acero - Tappa 2","name":"lago-acero-scaled","status":"inherit","uploaded_to":61879,"date":"2023-04-19 18:06:21","modified":"2023-04-19 18:06:21","menu_order":0,"mime_type":"image\/webp","type":"image","subtype":"webp","icon":"https:\/\/camminiditalia.org\/wp-includes\/images\/media\/default.png","width":2560,"height":1706,"sizes":{"thumbnail":"https:\/\/media-camminiditalia.nbg1.your-objectstorage.com\/wp-content\/uploads\/2023\/04\/Lago-Acero-scaled-150x150.webp","thumbnail-width":150,"thumbnail-height":150,"medium":"https:\/\/media-camminiditalia.nbg1.your-objectstorage.com\/wp-content\/uploads\/2023\/04\/Lago-Acero-scaled-300x200.webp","medium-width":300,"medium-height":200,"medium_large":"https:\/\/media-camminiditalia.nbg1.your-objectstorage.com\/wp-content\/uploads\/2023\/04\/Lago-Acero-scaled-768x512.webp","medium_large-width":768,"medium_large-height":512,"large":"https:\/\/media-camminiditalia.nbg1.your-objectstorage.com\/wp-content\/uploads\/2023\/04\/Lago-Acero-scaled-1024x683.webp","large-width":1024,"large-height":683,"1536x1536":"https:\/\/media-camminiditalia.nbg1.your-objectstorage.com\/wp-content\/uploads\/2023\/04\/Lago-Acero-scaled-1536x1024.webp","1536x1536-width":1536,"1536x1536-height":1024,"2048x2048":"https:\/\/media-camminiditalia.nbg1.your-objectstorage.com\/wp-content\/uploads\/2023\/04\/Lago-Acero-scaled-2048x1365.webp","2048x2048-width":2048,"2048x2048-height":1365,"tc_all_events_image":"https:\/\/media-camminiditalia.nbg1.your-objectstorage.com\/wp-content\/uploads\/2023\/04\/Lago-Acero-scaled-scaled.webp","tc_all_events_image-width":1020,"tc_all_events_image-height":680,"woocommerce_thumbnail":"https:\/\/media-camminiditalia.nbg1.your-objectstorage.com\/wp-content\/uploads\/2023\/04\/Lago-Acero-scaled-300x300.webp","woocommerce_thumbnail-width":300,"woocommerce_thumbnail-height":300,"woocommerce_single":"https:\/\/media-camminiditalia.nbg1.your-objectstorage.com\/wp-content\/uploads\/2023\/04\/Lago-Acero-scaled-600x400.webp","woocommerce_single-width":600,"woocommerce_single-height":400,"woocommerce_gallery_thumbnail":"https:\/\/media-camminiditalia.nbg1.your-objectstorage.com\/wp-content\/uploads\/2023\/04\/Lago-Acero-scaled-100x100.webp","woocommerce_gallery_thumbnail-width":100,"woocommerce_gallery_thumbnail-height":100}}},{"img":{"ID":34618,"id":34618,"title":"The signage along the Kalabria Coast to Coast","filename":"Screenshot-2024-05-17-123931-_1_.webp","filesize":686182,"url":"https:\/\/media-camminiditalia.nbg1.your-objectstorage.com\/wp-content\/uploads\/2023\/04\/Screenshot-2024-05-17-123931-_1_.webp","link":"https:\/\/camminiditalia.org\/en\/cammini\/kalabria-coast-to-coast\/screenshot-2024-05-17-123931-_1_-2\/","alt":"The signage along the Kalabria Coast to Coast","author":"7","description":"","caption":"The signage along the Kalabria Coast to Coast","name":"screenshot-2024-05-17-123931-_1_-2","status":"inherit","uploaded_to":20078,"date":"2024-05-17 09:43:17","modified":"2025-06-20 13:42:06","menu_order":0,"mime_type":"image\/webp","type":"image","subtype":"webp","icon":"https:\/\/camminiditalia.org\/wp-includes\/images\/media\/default.png","width":1607,"height":1045,"sizes":{"thumbnail":"https:\/\/media-camminiditalia.nbg1.your-objectstorage.com\/wp-content\/uploads\/2023\/04\/Screenshot-2024-05-17-123931-_1_-150x150.webp","thumbnail-width":150,"thumbnail-height":150,"medium":"https:\/\/media-camminiditalia.nbg1.your-objectstorage.com\/wp-content\/uploads\/2023\/04\/Screenshot-2024-05-17-123931-_1_-300x195.webp","medium-width":300,"medium-height":195,"medium_large":"https:\/\/media-camminiditalia.nbg1.your-objectstorage.com\/wp-content\/uploads\/2023\/04\/Screenshot-2024-05-17-123931-_1_-768x499.webp","medium_large-width":768,"medium_large-height":499,"large":"https:\/\/media-camminiditalia.nbg1.your-objectstorage.com\/wp-content\/uploads\/2023\/04\/Screenshot-2024-05-17-123931-_1_-1024x666.webp","large-width":1024,"large-height":666,"1536x1536":"https:\/\/media-camminiditalia.nbg1.your-objectstorage.com\/wp-content\/uploads\/2023\/04\/Screenshot-2024-05-17-123931-_1_-1536x999.webp","1536x1536-width":1536,"1536x1536-height":999,"2048x2048":"https:\/\/media-camminiditalia.nbg1.your-objectstorage.com\/wp-content\/uploads\/2023\/04\/Screenshot-2024-05-17-123931-_1_.webp","2048x2048-width":1607,"2048x2048-height":1045,"tc_all_events_image":"https:\/\/media-camminiditalia.nbg1.your-objectstorage.com\/wp-content\/uploads\/2023\/04\/Screenshot-2024-05-17-123931-_1_-1100x680.webp","tc_all_events_image-width":1100,"tc_all_events_image-height":680,"woocommerce_thumbnail":"https:\/\/media-camminiditalia.nbg1.your-objectstorage.com\/wp-content\/uploads\/2023\/04\/Screenshot-2024-05-17-123931-_1_-300x300.webp","woocommerce_thumbnail-width":300,"woocommerce_thumbnail-height":300,"woocommerce_single":"https:\/\/media-camminiditalia.nbg1.your-objectstorage.com\/wp-content\/uploads\/2023\/04\/Screenshot-2024-05-17-123931-_1_-600x390.webp","woocommerce_single-width":600,"woocommerce_single-height":390,"woocommerce_gallery_thumbnail":"https:\/\/media-camminiditalia.nbg1.your-objectstorage.com\/wp-content\/uploads\/2023\/04\/Screenshot-2024-05-17-123931-_1_-100x100.webp","woocommerce_gallery_thumbnail-width":100,"woocommerce_gallery_thumbnail-height":100}}},{"img":{"ID":34620,"id":34620,"title":"La-filanda-of-San-Vito-on-the-Ionian","filename":"La-filanda-di-San-Vito-sullo-Ionio.webp","filesize":153942,"url":"https:\/\/media-camminiditalia.nbg1.your-objectstorage.com\/wp-content\/uploads\/2023\/04\/La-filanda-di-San-Vito-sullo-Ionio.webp","link":"https:\/\/camminiditalia.org\/en\/cammini\/kalabria-coast-to-coast\/la-filanda-di-san-vito-sullo-ionio-2\/","alt":"The spinning mill of San Vito sullo Ionio","author":"7","description":"","caption":"The spinning mill of San Vito sullo Ionio","name":"la-filanda-di-san-vito-sullo-ionio-2","status":"inherit","uploaded_to":20078,"date":"2024-05-17 09:45:19","modified":"2025-06-20 13:42:05","menu_order":0,"mime_type":"image\/webp","type":"image","subtype":"webp","icon":"https:\/\/camminiditalia.org\/wp-includes\/images\/media\/default.png","width":1601,"height":1045,"sizes":{"thumbnail":"https:\/\/media-camminiditalia.nbg1.your-objectstorage.com\/wp-content\/uploads\/2023\/04\/La-filanda-di-San-Vito-sullo-Ionio-150x150.webp","thumbnail-width":150,"thumbnail-height":150,"medium":"https:\/\/media-camminiditalia.nbg1.your-objectstorage.com\/wp-content\/uploads\/2023\/04\/La-filanda-di-San-Vito-sullo-Ionio-300x196.webp","medium-width":300,"medium-height":196,"medium_large":"https:\/\/media-camminiditalia.nbg1.your-objectstorage.com\/wp-content\/uploads\/2023\/04\/La-filanda-di-San-Vito-sullo-Ionio-768x501.webp","medium_large-width":768,"medium_large-height":501,"large":"https:\/\/media-camminiditalia.nbg1.your-objectstorage.com\/wp-content\/uploads\/2023\/04\/La-filanda-di-San-Vito-sullo-Ionio-1024x668.webp","large-width":1024,"large-height":668,"1536x1536":"https:\/\/media-camminiditalia.nbg1.your-objectstorage.com\/wp-content\/uploads\/2023\/04\/La-filanda-di-San-Vito-sullo-Ionio-1536x1003.webp","1536x1536-width":1536,"1536x1536-height":1003,"2048x2048":"https:\/\/media-camminiditalia.nbg1.your-objectstorage.com\/wp-content\/uploads\/2023\/04\/La-filanda-di-San-Vito-sullo-Ionio.webp","2048x2048-width":1601,"2048x2048-height":1045,"tc_all_events_image":"https:\/\/media-camminiditalia.nbg1.your-objectstorage.com\/wp-content\/uploads\/2023\/04\/La-filanda-di-San-Vito-sullo-Ionio-1100x680.webp","tc_all_events_image-width":1100,"tc_all_events_image-height":680,"woocommerce_thumbnail":"https:\/\/media-camminiditalia.nbg1.your-objectstorage.com\/wp-content\/uploads\/2023\/04\/La-filanda-di-San-Vito-sullo-Ionio-300x300.webp","woocommerce_thumbnail-width":300,"woocommerce_thumbnail-height":300,"woocommerce_single":"https:\/\/media-camminiditalia.nbg1.your-objectstorage.com\/wp-content\/uploads\/2023\/04\/La-filanda-di-San-Vito-sullo-Ionio-600x392.webp","woocommerce_single-width":600,"woocommerce_single-height":392,"woocommerce_gallery_thumbnail":"https:\/\/media-camminiditalia.nbg1.your-objectstorage.com\/wp-content\/uploads\/2023\/04\/La-filanda-di-San-Vito-sullo-Ionio-100x100.webp","woocommerce_gallery_thumbnail-width":100,"woocommerce_gallery_thumbnail-height":100}}},{"img":{"ID":34622,"id":34622,"title":"The_oasis-naturalistic-lake-Angitola","filename":"L_oasi-naturalistica-del-lago-Angitola.webp","filesize":291070,"url":"https:\/\/media-camminiditalia.nbg1.your-objectstorage.com\/wp-content\/uploads\/2023\/04\/L_oasi-naturalistica-del-lago-Angitola.webp","link":"https:\/\/camminiditalia.org\/en\/cammini\/kalabria-coast-to-coast\/l_oasi-naturalistica-del-lago-angitola-2\/","alt":"The nature oasis of Lake Angitola","author":"7","description":"","caption":"The nature oasis of Lake Angitola","name":"l_oasi-naturalistica-del-lago-angitola-2","status":"inherit","uploaded_to":20078,"date":"2024-05-17 09:46:02","modified":"2025-06-20 13:42:05","menu_order":0,"mime_type":"image\/webp","type":"image","subtype":"webp","icon":"https:\/\/camminiditalia.org\/wp-includes\/images\/media\/default.png","width":1427,"height":1042,"sizes":{"thumbnail":"https:\/\/media-camminiditalia.nbg1.your-objectstorage.com\/wp-content\/uploads\/2023\/04\/L_oasi-naturalistica-del-lago-Angitola-150x150.webp","thumbnail-width":150,"thumbnail-height":150,"medium":"https:\/\/media-camminiditalia.nbg1.your-objectstorage.com\/wp-content\/uploads\/2023\/04\/L_oasi-naturalistica-del-lago-Angitola-300x219.webp","medium-width":300,"medium-height":219,"medium_large":"https:\/\/media-camminiditalia.nbg1.your-objectstorage.com\/wp-content\/uploads\/2023\/04\/L_oasi-naturalistica-del-lago-Angitola-768x561.webp","medium_large-width":768,"medium_large-height":561,"large":"https:\/\/media-camminiditalia.nbg1.your-objectstorage.com\/wp-content\/uploads\/2023\/04\/L_oasi-naturalistica-del-lago-Angitola-1024x748.webp","large-width":1024,"large-height":748,"1536x1536":"https:\/\/media-camminiditalia.nbg1.your-objectstorage.com\/wp-content\/uploads\/2023\/04\/L_oasi-naturalistica-del-lago-Angitola.webp","1536x1536-width":1427,"1536x1536-height":1042,"2048x2048":"https:\/\/media-camminiditalia.nbg1.your-objectstorage.com\/wp-content\/uploads\/2023\/04\/L_oasi-naturalistica-del-lago-Angitola.webp","2048x2048-width":1427,"2048x2048-height":1042,"tc_all_events_image":"https:\/\/media-camminiditalia.nbg1.your-objectstorage.com\/wp-content\/uploads\/2023\/04\/L_oasi-naturalistica-del-lago-Angitola-1100x680.webp","tc_all_events_image-width":1100,"tc_all_events_image-height":680,"woocommerce_thumbnail":"https:\/\/media-camminiditalia.nbg1.your-objectstorage.com\/wp-content\/uploads\/2023\/04\/L_oasi-naturalistica-del-lago-Angitola-300x300.webp","woocommerce_thumbnail-width":300,"woocommerce_thumbnail-height":300,"woocommerce_single":"https:\/\/media-camminiditalia.nbg1.your-objectstorage.com\/wp-content\/uploads\/2023\/04\/L_oasi-naturalistica-del-lago-Angitola-600x438.webp","woocommerce_single-width":600,"woocommerce_single-height":438,"woocommerce_gallery_thumbnail":"https:\/\/media-camminiditalia.nbg1.your-objectstorage.com\/wp-content\/uploads\/2023\/04\/L_oasi-naturalistica-del-lago-Angitola-100x100.webp","woocommerce_gallery_thumbnail-width":100,"woocommerce_gallery_thumbnail-height":100}}},{"img":{"ID":34624,"id":34624,"title":"The Gulf-of-Squillace (1)","filename":"Il-Golfo-di-Squillace-1.webp","filesize":448806,"url":"https:\/\/media-camminiditalia.nbg1.your-objectstorage.com\/wp-content\/uploads\/2023\/04\/Il-Golfo-di-Squillace-1.webp","link":"https:\/\/camminiditalia.org\/en\/cammini\/kalabria-coast-to-coast\/il-golfo-di-squillace-1-2\/","alt":"The Gulf of Squillace","author":"7","description":"","caption":"The Gulf of Squillace","name":"il-golfo-di-squillace-1-2","status":"inherit","uploaded_to":20078,"date":"2024-05-17 09:46:53","modified":"2025-06-20 13:42:05","menu_order":0,"mime_type":"image\/webp","type":"image","subtype":"webp","icon":"https:\/\/camminiditalia.org\/wp-includes\/images\/media\/default.png","width":1607,"height":1076,"sizes":{"thumbnail":"https:\/\/media-camminiditalia.nbg1.your-objectstorage.com\/wp-content\/uploads\/2023\/04\/Il-Golfo-di-Squillace-1-150x150.webp","thumbnail-width":150,"thumbnail-height":150,"medium":"https:\/\/media-camminiditalia.nbg1.your-objectstorage.com\/wp-content\/uploads\/2023\/04\/Il-Golfo-di-Squillace-1-300x201.webp","medium-width":300,"medium-height":201,"medium_large":"https:\/\/media-camminiditalia.nbg1.your-objectstorage.com\/wp-content\/uploads\/2023\/04\/Il-Golfo-di-Squillace-1-768x514.webp","medium_large-width":768,"medium_large-height":514,"large":"https:\/\/media-camminiditalia.nbg1.your-objectstorage.com\/wp-content\/uploads\/2023\/04\/Il-Golfo-di-Squillace-1-1024x686.webp","large-width":1024,"large-height":686,"1536x1536":"https:\/\/media-camminiditalia.nbg1.your-objectstorage.com\/wp-content\/uploads\/2023\/04\/Il-Golfo-di-Squillace-1-1536x1028.webp","1536x1536-width":1536,"1536x1536-height":1028,"2048x2048":"https:\/\/media-camminiditalia.nbg1.your-objectstorage.com\/wp-content\/uploads\/2023\/04\/Il-Golfo-di-Squillace-1.webp","2048x2048-width":1607,"2048x2048-height":1076,"tc_all_events_image":"https:\/\/media-camminiditalia.nbg1.your-objectstorage.com\/wp-content\/uploads\/2023\/04\/Il-Golfo-di-Squillace-1-1100x680.webp","tc_all_events_image-width":1100,"tc_all_events_image-height":680,"woocommerce_thumbnail":"https:\/\/media-camminiditalia.nbg1.your-objectstorage.com\/wp-content\/uploads\/2023\/04\/Il-Golfo-di-Squillace-1-300x300.webp","woocommerce_thumbnail-width":300,"woocommerce_thumbnail-height":300,"woocommerce_single":"https:\/\/media-camminiditalia.nbg1.your-objectstorage.com\/wp-content\/uploads\/2023\/04\/Il-Golfo-di-Squillace-1-600x402.webp","woocommerce_single-width":600,"woocommerce_single-height":402,"woocommerce_gallery_thumbnail":"https:\/\/media-camminiditalia.nbg1.your-objectstorage.com\/wp-content\/uploads\/2023\/04\/Il-Golfo-di-Squillace-1-100x100.webp","woocommerce_gallery_thumbnail-width":100,"woocommerce_gallery_thumbnail-height":100}}},{"img":{"ID":34626,"id":34626,"title":"landscape-of-countryside-between-Petrizzi-and-San-Vito-on-Ionian","filename":"paesaggio-di-campagna-tra-Petrizzi-e-San-Vito-sullo-Ionio.webp","filesize":547486,"url":"https:\/\/media-camminiditalia.nbg1.your-objectstorage.com\/wp-content\/uploads\/2023\/04\/paesaggio-di-campagna-tra-Petrizzi-e-San-Vito-sullo-Ionio.webp","link":"https:\/\/camminiditalia.org\/en\/cammini\/kalabria-coast-to-coast\/paesaggio-di-campagna-tra-petrizzi-e-san-vito-sullo-ionio-2\/","alt":"Country landscape between Petrizzi and San Vito sullo Ionio","author":"7","description":"","caption":"Country landscape between Petrizzi and San Vito sullo Ionio","name":"paesaggio-di-campagna-tra-petrizzi-e-san-vito-sullo-ionio-2","status":"inherit","uploaded_to":20078,"date":"2024-05-17 09:48:17","modified":"2025-06-20 13:42:05","menu_order":0,"mime_type":"image\/webp","type":"image","subtype":"webp","icon":"https:\/\/camminiditalia.org\/wp-includes\/images\/media\/default.png","width":1540,"height":1051,"sizes":{"thumbnail":"https:\/\/media-camminiditalia.nbg1.your-objectstorage.com\/wp-content\/uploads\/2023\/04\/paesaggio-di-campagna-tra-Petrizzi-e-San-Vito-sullo-Ionio-150x150.webp","thumbnail-width":150,"thumbnail-height":150,"medium":"https:\/\/media-camminiditalia.nbg1.your-objectstorage.com\/wp-content\/uploads\/2023\/04\/paesaggio-di-campagna-tra-Petrizzi-e-San-Vito-sullo-Ionio-300x205.webp","medium-width":300,"medium-height":205,"medium_large":"https:\/\/media-camminiditalia.nbg1.your-objectstorage.com\/wp-content\/uploads\/2023\/04\/paesaggio-di-campagna-tra-Petrizzi-e-San-Vito-sullo-Ionio-768x524.webp","medium_large-width":768,"medium_large-height":524,"large":"https:\/\/media-camminiditalia.nbg1.your-objectstorage.com\/wp-content\/uploads\/2023\/04\/paesaggio-di-campagna-tra-Petrizzi-e-San-Vito-sullo-Ionio-1024x699.webp","large-width":1024,"large-height":699,"1536x1536":"https:\/\/media-camminiditalia.nbg1.your-objectstorage.com\/wp-content\/uploads\/2023\/04\/paesaggio-di-campagna-tra-Petrizzi-e-San-Vito-sullo-Ionio-1536x1048.webp","1536x1536-width":1536,"1536x1536-height":1048,"2048x2048":"https:\/\/media-camminiditalia.nbg1.your-objectstorage.com\/wp-content\/uploads\/2023\/04\/paesaggio-di-campagna-tra-Petrizzi-e-San-Vito-sullo-Ionio.webp","2048x2048-width":1540,"2048x2048-height":1051,"tc_all_events_image":"https:\/\/media-camminiditalia.nbg1.your-objectstorage.com\/wp-content\/uploads\/2023\/04\/paesaggio-di-campagna-tra-Petrizzi-e-San-Vito-sullo-Ionio-1100x680.webp","tc_all_events_image-width":1100,"tc_all_events_image-height":680,"woocommerce_thumbnail":"https:\/\/media-camminiditalia.nbg1.your-objectstorage.com\/wp-content\/uploads\/2023\/04\/paesaggio-di-campagna-tra-Petrizzi-e-San-Vito-sullo-Ionio-300x300.webp","woocommerce_thumbnail-width":300,"woocommerce_thumbnail-height":300,"woocommerce_single":"https:\/\/media-camminiditalia.nbg1.your-objectstorage.com\/wp-content\/uploads\/2023\/04\/paesaggio-di-campagna-tra-Petrizzi-e-San-Vito-sullo-Ionio-600x409.webp","woocommerce_single-width":600,"woocommerce_single-height":409,"woocommerce_gallery_thumbnail":"https:\/\/media-camminiditalia.nbg1.your-objectstorage.com\/wp-content\/uploads\/2023\/04\/paesaggio-di-campagna-tra-Petrizzi-e-San-Vito-sullo-Ionio-100x100.webp","woocommerce_gallery_thumbnail-width":100,"woocommerce_gallery_thumbnail-height":100}}}]},"guide":{"text":"<h2>GUIDE TO THE FIRST WALK<\/h2>\n<p>The First Walk Guide is the ideal resource for those who want to embark on an adventure in the wonderful world of hiking. With this comprehensive and exhaustive guide, you will be able to better prepare for your journey, plan every detail and face the adventure in total safety.<\/p>\n<p>The book is designed primarily for those who are just approaching the world of walking, but we strongly wanted to include very specific focuses that can be very useful to even the most experienced.<\/p>\n<p>The guidebook covers all aspects necessary for your trek, from technical clothing and equipment to orientation techniques and emergency management. This will deepen your knowledge of the world of trekking and help you learn new techniques and strategies for tackling the trek successfully. <\/p>\n","img":{"ID":33042,"id":33042,"title":"guida sezione cammini-8","filename":"guida-sezione-cammini-8.png","filesize":81137,"url":"https:\/\/media-camminiditalia.nbg1.your-objectstorage.com\/wp-content\/uploads\/2023\/01\/guida-sezione-cammini-8.png","link":"https:\/\/camminiditalia.org\/en\/cammini\/via-degli-dei\/guida-sezione-cammini-8-2\/","alt":"","author":"2","description":"","caption":"","name":"guida-sezione-cammini-8-2","status":"inherit","uploaded_to":19218,"date":"2024-04-19 08:00:51","modified":"2024-04-19 08:00:51","menu_order":0,"mime_type":"image\/png","type":"image","subtype":"png","icon":"https:\/\/camminiditalia.org\/wp-includes\/images\/media\/default.png","width":400,"height":718,"sizes":{"thumbnail":"https:\/\/media-camminiditalia.nbg1.your-objectstorage.com\/wp-content\/uploads\/2023\/01\/guida-sezione-cammini-8-150x150.png","thumbnail-width":150,"thumbnail-height":150,"medium":"https:\/\/media-camminiditalia.nbg1.your-objectstorage.com\/wp-content\/uploads\/2023\/01\/guida-sezione-cammini-8-167x300.png","medium-width":167,"medium-height":300,"medium_large":"https:\/\/media-camminiditalia.nbg1.your-objectstorage.com\/wp-content\/uploads\/2023\/01\/guida-sezione-cammini-8.png","medium_large-width":400,"medium_large-height":718,"large":"https:\/\/media-camminiditalia.nbg1.your-objectstorage.com\/wp-content\/uploads\/2023\/01\/guida-sezione-cammini-8.png","large-width":400,"large-height":718,"1536x1536":"https:\/\/media-camminiditalia.nbg1.your-objectstorage.com\/wp-content\/uploads\/2023\/01\/guida-sezione-cammini-8.png","1536x1536-width":400,"1536x1536-height":718,"2048x2048":"https:\/\/media-camminiditalia.nbg1.your-objectstorage.com\/wp-content\/uploads\/2023\/01\/guida-sezione-cammini-8.png","2048x2048-width":400,"2048x2048-height":718,"tc_all_events_image":"https:\/\/media-camminiditalia.nbg1.your-objectstorage.com\/wp-content\/uploads\/2023\/01\/guida-sezione-cammini-8.png","tc_all_events_image-width":379,"tc_all_events_image-height":680,"woocommerce_thumbnail":"https:\/\/media-camminiditalia.nbg1.your-objectstorage.com\/wp-content\/uploads\/2023\/01\/guida-sezione-cammini-8-300x300.png","woocommerce_thumbnail-width":300,"woocommerce_thumbnail-height":300,"woocommerce_single":"https:\/\/media-camminiditalia.nbg1.your-objectstorage.com\/wp-content\/uploads\/2023\/01\/guida-sezione-cammini-8.png","woocommerce_single-width":400,"woocommerce_single-height":718,"woocommerce_gallery_thumbnail":"https:\/\/media-camminiditalia.nbg1.your-objectstorage.com\/wp-content\/uploads\/2023\/01\/guida-sezione-cammini-8-100x100.png","woocommerce_gallery_thumbnail-width":100,"woocommerce_gallery_thumbnail-height":100}},"linkBtn":{"title":"","url":"https:\/\/camminiditalia.shop\/product\/guida-al-primo-cammino","target":"_blank"},"textBtn":"BUY NOW!"},"maps":{"map":"<p><iframe loading=\"lazy\" style=\"border: none; overflow: hidden;\" src=\"https:\/\/1.camminiditalia.webmapp.it\/map?layer=77\" width=\"100%\" height=\"800\" scrolling=\"no\"><\/iframe><\/p>\n","url":""},"modal":{"modals":[{"status":false,"title":"SIGNAGE","text":"<p><span style=\"font-weight: 400;\">Wooden signs: <\/span><span style=\"font-weight: 400;\">Installed at major intersections in hilly-mountainous terrain, they indicate the direction to follow &#8220;Tyrrhenian&#8221; and &#8220;Ionian.&#8221;<\/span><\/p>\n<p><span style=\"font-weight: 400;\">Conventional signs: Placed all along the route on trees, low walls, stones or asphalt, in horizontal stripes with red and white paint, indicate the direction to follow:<\/span><\/p>\n<p><span style=\"font-weight: 400;\">Stickers: Attached on the posts of road signs or on the eaves of houses in urban areas, they indicate the direction to follow.<\/span><\/p>\n"},{"status":false,"title":"SERVICES ","text":"<p><span style=\"font-weight: 400;\">There are <strong>supermarkets <\/strong>and<strong> pharmacies<\/strong> in each of the 5 villages crossed.<\/span><\/p>\n"},{"status":false,"title":"CREDENTIAL","text":"<p><span style=\"font-weight: 400;\">The Kalabria Coast to Coast comes with a credential, the <strong>Walker&#8217;s Passport<\/strong>, which allows:<\/span><\/p>\n<ol>\n<li style=\"font-weight: 400;\" aria-level=\"1\"><span style=\"font-weight: 400;\">Agreements with accommodation and catering facilities;<\/span><\/li>\n<li style=\"font-weight: 400;\" aria-level=\"1\"><span style=\"font-weight: 400;\">Virtual assistance on the entire Kalabria Coast to Coast Trail;<\/span><\/li>\n<li style=\"font-weight: 400;\" aria-level=\"1\"><span style=\"font-weight: 400;\">Receiving access codes to the<a href=\"https:\/\/www.wwf.it\/dove-interveniamo\/il-nostro-lavoro-in-italia\/oasi\/oasi-lago-angitola\/\" target=\"_blank\" rel=\"noopener\">Lake Angitola Nature Oasis<\/a>;<\/span><\/li>\n<li style=\"font-weight: 400;\" aria-level=\"1\"><span style=\"font-weight: 400;\">Delivery of the Testimonium at the end of the Way.<\/span><\/li>\n<\/ol>\n<p><span style=\"font-weight: 400;\">Liberal donation of \u20ac 5.00 which is used to self-fund the &#8220;Kalabria Coast to Coast&#8221; project<\/span><\/p>\n<p>The &#8220;Kalabria Trekking&#8221; Association, before leaving, recommends checking in by filling out the appropriate <a href=\"https:\/\/www.kalabriatrekking.it\/il-cammino-coast-to-coast\/check-in-out-cammino\/\" target=\"_blank\" rel=\"noopener\">form<\/a> on the walk&#8217;s website.<\/p>\n"},{"status":false,"title":"DANGERS","text":"<p><span style=\"font-weight: 400;\">Watch out for guard dogs located near farms in Petrizzi (CZ) and Maierato (VV) near Lake Angitola.<\/span><\/p>\n"},{"status":false,"title":"IN TENT","text":"<p><span style=\"font-weight: 400;\">Where can one camp out? In the authorized Free Zone bivouacs<\/span><\/p>\n<p><span style=\"font-weight: 400;\">*The Petrizzi bivouac (STAGE 1) is private.<br \/>\nA tent site must be reserved.<\/span><\/p>\n<p><span style=\"font-weight: 400;\">Authorisations needed? NO, only communication via Path number <\/span><\/p>\n<p>Read the article related to <a href=\"https:\/\/camminiditalia.org\/campeggio-e-bivacco-libero\/\" target=\"_blank\" rel=\"noopener\">Free Bivouac and Camping <\/a> <\/p>\n"},{"status":false,"title":"CONTACTS","text":"<p>Contact Kalabria Coast to Coast<\/p>\n<p><strong>Email:<\/strong> <a href=\"mailto:cammino@kalabriatrekking.it\" target=\"_blank\" rel=\"noopener\"><span style=\"font-weight: 400;\">cammino@kalabriatrekking.it<\/span><\/a><span style=\"font-weight: 400;\"> <\/span><span style=\"font-weight: 400;\"><br \/>\n<\/span><span style=\"font-weight: 400;\"><strong>Mobile:<\/strong> 3518146225<br \/>\n<strong>Website:<\/strong> <a href=\"http:\/\/www.kalabriatrekking.it\/il-cammino-coast-to-coast\/\" target=\"_blank\" rel=\"noopener\">www.kalabriatrekking.it\/il-cammino-coast-to-coast\/<\/a><\/span><\/p>\n<p>\u00a0<\/p>\n"}]},"pagePoster":{"title":"KALABRIA COAST TO COAST","text":"<p>From the white Ionian beaches of the Costa degli Aranci, starting from Soverato and crossing the mountainous territory of the Calabrian Preserre in their shortest stretch, passing through the picturesque villages of Petrizzi, San Vito sullo Ionio and Monterosso Calabro, the <strong>Kalabria Coast to Coast<\/strong> Cammino arrives in picturesque Pizzo, perched on a tuffaceous spur that rises steeply above the golden Tyrrhenian beaches of the Costa degli Dei.<span style=\"font-weight: 400;\"><br \/>\n<\/span><\/p>\n<p>\u00a0<\/p>\n","linkBtn":{"title":"","url":"#scopriletappe","target":""},"textBtn":"DISCOVER THE STAGES"},"podcasts":{"podcast":false,"link":null},"poster":false,"read_also_posts":{"read_also":false},"scheda_tecnica":{"lunghezza":"55,3","dislivello_medio":"","n_tappe":"3","partenza":"Soverato","arrivo":"Pizzo","tipologia":"linear","tema":["coast-to-coast","naturalistic","panoramic"],"portata":"regional","periodo_ideale":"Avoid the summer period","stagione_ideale":["spring","summer","autumn"]},"slider_cammini":{"title":"","text":"","select_cammini":false},"tappe":{"show_all":true,"all_tappe":"","tappa":[{"status":false,"title":"STAGE 01","text":"<h2><b>STAGE 01: Soverato to Petrizzi<\/b><span style=\"font-weight: 400;\"> <\/span><\/h2>\n<p><strong>Departure<\/strong>: Soverato<br \/>\n<strong>Arrival<\/strong>: Petrizzi<br \/>\n<strong>Distance<\/strong>: 12.3 km<br \/>\n<strong>Height difference<\/strong>: +716 m \/ &#8211; 327 m<\/p>\n<p><span style=\"font-weight: 400;\">Municipalities territorially affected: Soverato (CZ), Montepaone (CZ) and Petrizzi (CZ)<\/span><\/p>\n<p><span style=\"font-weight: 400;\">Water: There are no sources available on this STAGE until the arrival in Petrizzi, so it is highly recommended to refuel at the start.<\/span><\/p>\n"},{"status":false,"title":"STAGE 02","text":"<h2><b>STAGE 02: Petrizzi (CZ) to Monterosso Calabro (VV)<\/b><\/h2>\n<p><strong>Departure<\/strong>: Petrizzi<br \/>\n<strong>Arrival<\/strong>: Monterosso Calabro<br \/>\n<strong>Distance<\/strong>: 23.5 km<br \/>\n<strong>Height difference<\/strong>: +979 m \/ &#8211; 1085 m<\/p>\n<p><span style=\"font-weight: 400;\">Municipalities territorially affected: Petrizzi (CZ), Chiaravalle Centrale (CZ), San Vito sullo Ionio (CZ), Polia (VV),Capistrano (VV) and Monterosso Calabro (VV)<\/span><\/p>\n<p><span style=\"font-weight: 400;\">Water: On this STAGE fountain in San Vito sullo Ionio (CZ) at Villa Comunale, spring at equipped area Lago Acero and spring in Monterosso Calabro at agro montana dei Pozzetti<\/span><\/p>\n"},{"status":false,"title":"STAGE 03","text":"<h2><b>STAGE 03: Monterosso Calabro (VV) to Pizzo (VV)  <\/b><\/h2>\n<p><strong>Departure<\/strong>: Monterosso Calabro<br \/>\n<strong>Arrival<\/strong>: Lace<br \/>\n<strong>Distance<\/strong>: 19.1 km<br \/>\n<strong>Height difference<\/strong>: +585 m \/ &#8211; 864 m<\/p>\n<p><span style=\"font-weight: 400;\">Municipalities territorially affected: Monterosso Calabro (VV), Maierato (VV) and Pizzo (VV)<\/span><\/p>\n<p><span style=\"font-weight: 400;\">Water: There are no sources available on this STAGE until the arrival in Pizzo, so it is highly recommended to refuel at the start.<\/span><\/p>\n"}]},"videos":{"video":false,"link":null},"logo_cammino":{"ID":55198,"id":55198,"title":"Logo Kalabria Coast to Coast - round_11zon","filename":"Logo-Kalabria-Coast-to-Coast-rotondo_11zon.webp","filesize":24440,"url":"https:\/\/media-camminiditalia.nbg1.your-objectstorage.com\/2023\/04\/Logo-Kalabria-Coast-to-Coast-rotondo_11zon.webp","link":"https:\/\/camminiditalia.org\/en\/cammini\/kalabria-coast-to-coast\/logo-kalabria-coast-to-coast-rotondo_11zon-2\/","alt":"","author":"2","description":"","caption":"Logo Kalabria Coast to Coast","name":"logo-kalabria-coast-to-coast-rotondo_11zon-2","status":"inherit","uploaded_to":67369,"date":"2025-06-16 14:38:44","modified":"2025-06-20 13:42:05","menu_order":0,"mime_type":"image\/webp","type":"image","subtype":"webp","icon":"https:\/\/camminiditalia.org\/wp-includes\/images\/media\/default.png","width":500,"height":500,"sizes":{"thumbnail":"https:\/\/media-camminiditalia.nbg1.your-objectstorage.com\/2023\/04\/Logo-Kalabria-Coast-to-Coast-rotondo_11zon-150x150.webp","thumbnail-width":150,"thumbnail-height":150,"medium":"https:\/\/media-camminiditalia.nbg1.your-objectstorage.com\/2023\/04\/Logo-Kalabria-Coast-to-Coast-rotondo_11zon-300x300.webp","medium-width":300,"medium-height":300,"medium_large":"https:\/\/media-camminiditalia.nbg1.your-objectstorage.com\/2023\/04\/Logo-Kalabria-Coast-to-Coast-rotondo_11zon.webp","medium_large-width":500,"medium_large-height":500,"large":"https:\/\/media-camminiditalia.nbg1.your-objectstorage.com\/2023\/04\/Logo-Kalabria-Coast-to-Coast-rotondo_11zon.webp","large-width":500,"large-height":500,"1536x1536":"https:\/\/media-camminiditalia.nbg1.your-objectstorage.com\/2023\/04\/Logo-Kalabria-Coast-to-Coast-rotondo_11zon.webp","1536x1536-width":500,"1536x1536-height":500,"2048x2048":"https:\/\/media-camminiditalia.nbg1.your-objectstorage.com\/2023\/04\/Logo-Kalabria-Coast-to-Coast-rotondo_11zon.webp","2048x2048-width":500,"2048x2048-height":500,"tc_all_events_image":"https:\/\/media-camminiditalia.nbg1.your-objectstorage.com\/2023\/04\/Logo-Kalabria-Coast-to-Coast-rotondo_11zon.webp","tc_all_events_image-width":500,"tc_all_events_image-height":500,"woocommerce_thumbnail":"https:\/\/media-camminiditalia.nbg1.your-objectstorage.com\/2023\/04\/Logo-Kalabria-Coast-to-Coast-rotondo_11zon-300x300.webp","woocommerce_thumbnail-width":300,"woocommerce_thumbnail-height":300,"woocommerce_single":"https:\/\/media-camminiditalia.nbg1.your-objectstorage.com\/2023\/04\/Logo-Kalabria-Coast-to-Coast-rotondo_11zon.webp","woocommerce_single-width":500,"woocommerce_single-height":500,"woocommerce_gallery_thumbnail":"https:\/\/media-camminiditalia.nbg1.your-objectstorage.com\/2023\/04\/Logo-Kalabria-Coast-to-Coast-rotondo_11zon-100x100.webp","woocommerce_gallery_thumbnail-width":100,"woocommerce_gallery_thumbnail-height":100}},"header_link":{"title":"","url":"","target":"","0":""}},"yoast_head":"<!-- This site is optimized with the Yoast SEO plugin v27.1.1 - https:\/\/yoast.com\/product\/yoast-seo-wordpress\/ -->\n<title>Kalabria Coast to Coast<\/title>\n<meta name=\"description\" content=\"The Kalabria Coast to Coast Trail, is a 55-km nature trail to be savored at a slow pace. An emotional and sensory journey.\" \/>\n<meta name=\"robots\" content=\"index, follow, max-snippet:-1, max-image-preview:large, max-video-preview:-1\" \/>\n<link rel=\"canonical\" href=\"https:\/\/camminiditalia.org\/en\/cammini\/kalabria-coast-to-coast\/\" \/>\n<meta property=\"og:locale\" content=\"en_US\" \/>\n<meta property=\"og:type\" content=\"article\" \/>\n<meta property=\"og:title\" content=\"Kalabria Coast to Coast\" \/>\n<meta property=\"og:description\" content=\"The Kalabria Coast to Coast Trail, is a 55-km nature trail to be savored at a slow pace. An emotional and sensory journey.\" \/>\n<meta property=\"og:url\" content=\"https:\/\/camminiditalia.org\/en\/cammini\/kalabria-coast-to-coast\/\" \/>\n<meta property=\"og:site_name\" content=\"Cammini d&#039;Italia\" \/>\n<meta property=\"article:modified_time\" content=\"2026-02-27T18:22:58+00:00\" \/>\n<meta property=\"og:image\" content=\"https:\/\/media-camminiditalia.nbg1.your-objectstorage.com\/wp-content\/uploads\/2023\/04\/Lago-Acero-scaled.jpg\" \/>\n\t<meta property=\"og:image:width\" content=\"2560\" \/>\n\t<meta property=\"og:image:height\" content=\"1706\" \/>\n\t<meta property=\"og:image:type\" content=\"image\/jpeg\" \/>\n<meta name=\"twitter:card\" content=\"summary_large_image\" \/>\n<meta name=\"twitter:label1\" content=\"Est. reading time\" \/>\n\t<meta name=\"twitter:data1\" content=\"1 minute\" \/>\n<script type=\"application\/ld+json\" class=\"yoast-schema-graph\">{\"@context\":\"https:\/\/schema.org\",\"@graph\":[{\"@type\":\"WebPage\",\"@id\":\"https:\/\/camminiditalia.org\/en\/cammini\/kalabria-coast-to-coast\/\",\"url\":\"https:\/\/camminiditalia.org\/en\/cammini\/kalabria-coast-to-coast\/\",\"name\":\"Kalabria Coast to Coast\",\"isPartOf\":{\"@id\":\"https:\/\/camminiditalia.org\/en\/#website\"},\"primaryImageOfPage\":{\"@id\":\"https:\/\/camminiditalia.org\/en\/cammini\/kalabria-coast-to-coast\/#primaryimage\"},\"image\":{\"@id\":\"https:\/\/camminiditalia.org\/en\/cammini\/kalabria-coast-to-coast\/#primaryimage\"},\"thumbnailUrl\":\"https:\/\/media-camminiditalia.nbg1.your-objectstorage.com\/wp-content\/uploads\/2023\/04\/Lago-Acero-scaled.jpg\",\"datePublished\":\"2023-04-19T17:59:18+00:00\",\"dateModified\":\"2026-02-27T18:22:58+00:00\",\"description\":\"The Kalabria Coast to Coast Trail, is a 55-km nature trail to be savored at a slow pace. An emotional and sensory journey.\",\"breadcrumb\":{\"@id\":\"https:\/\/camminiditalia.org\/en\/cammini\/kalabria-coast-to-coast\/#breadcrumb\"},\"inLanguage\":\"en-US\",\"potentialAction\":[{\"@type\":\"ReadAction\",\"target\":[\"https:\/\/camminiditalia.org\/en\/cammini\/kalabria-coast-to-coast\/\"]}]},{\"@type\":\"ImageObject\",\"inLanguage\":\"en-US\",\"@id\":\"https:\/\/camminiditalia.org\/en\/cammini\/kalabria-coast-to-coast\/#primaryimage\",\"url\":\"https:\/\/media-camminiditalia.nbg1.your-objectstorage.com\/wp-content\/uploads\/2023\/04\/Lago-Acero-scaled.jpg\",\"contentUrl\":\"https:\/\/media-camminiditalia.nbg1.your-objectstorage.com\/wp-content\/uploads\/2023\/04\/Lago-Acero-scaled.jpg\",\"width\":2560,\"height\":1706,\"caption\":\"Kalabria Coast to Coast\"},{\"@type\":\"BreadcrumbList\",\"@id\":\"https:\/\/camminiditalia.org\/en\/cammini\/kalabria-coast-to-coast\/#breadcrumb\",\"itemListElement\":[{\"@type\":\"ListItem\",\"position\":1,\"name\":\"Home\",\"item\":\"https:\/\/camminiditalia.org\/en\/\"},{\"@type\":\"ListItem\",\"position\":2,\"name\":\"Walks\",\"item\":\"https:\/\/camminiditalia.org\/en\/cammini\/\"},{\"@type\":\"ListItem\",\"position\":3,\"name\":\"Kalabria Coast to Coast\"}]},{\"@type\":\"WebSite\",\"@id\":\"https:\/\/camminiditalia.org\/en\/#website\",\"url\":\"https:\/\/camminiditalia.org\/en\/\",\"name\":\"Cammini d'Italia\",\"description\":\"Plan, walk and share!\",\"publisher\":{\"@id\":\"https:\/\/camminiditalia.org\/en\/#organization\"},\"potentialAction\":[{\"@type\":\"SearchAction\",\"target\":{\"@type\":\"EntryPoint\",\"urlTemplate\":\"https:\/\/camminiditalia.org\/en\/?s={search_term_string}\"},\"query-input\":{\"@type\":\"PropertyValueSpecification\",\"valueRequired\":true,\"valueName\":\"search_term_string\"}}],\"inLanguage\":\"en-US\"},{\"@type\":\"Organization\",\"@id\":\"https:\/\/camminiditalia.org\/en\/#organization\",\"name\":\"Cammini d'Italia srls\",\"url\":\"https:\/\/camminiditalia.org\/en\/\",\"logo\":{\"@type\":\"ImageObject\",\"inLanguage\":\"en-US\",\"@id\":\"https:\/\/camminiditalia.org\/en\/#\/schema\/logo\/image\/\",\"url\":\"https:\/\/media-camminiditalia.nbg1.your-objectstorage.com\/wp-content\/uploads\/2023\/08\/Risorsa-2-8-e1690918206850.png\",\"contentUrl\":\"https:\/\/media-camminiditalia.nbg1.your-objectstorage.com\/wp-content\/uploads\/2023\/08\/Risorsa-2-8-e1690918206850.png\",\"width\":1076,\"height\":329,\"caption\":\"Cammini d'Italia srls\"},\"image\":{\"@id\":\"https:\/\/camminiditalia.org\/en\/#\/schema\/logo\/image\/\"}}]}<\/script>\n<!-- \/ Yoast SEO plugin. -->","yoast_head_json":{"title":"Kalabria Coast to Coast","description":"The Kalabria Coast to Coast Trail, is a 55-km nature trail to be savored at a slow pace. An emotional and sensory journey.","robots":{"index":"index","follow":"follow","max-snippet":"max-snippet:-1","max-image-preview":"max-image-preview:large","max-video-preview":"max-video-preview:-1"},"canonical":"https:\/\/camminiditalia.org\/en\/cammini\/kalabria-coast-to-coast\/","og_locale":"en_US","og_type":"article","og_title":"Kalabria Coast to Coast","og_description":"The Kalabria Coast to Coast Trail, is a 55-km nature trail to be savored at a slow pace. An emotional and sensory journey.","og_url":"https:\/\/camminiditalia.org\/en\/cammini\/kalabria-coast-to-coast\/","og_site_name":"Cammini d&#039;Italia","article_modified_time":"2026-02-27T18:22:58+00:00","og_image":[{"width":2560,"height":1706,"url":"https:\/\/media-camminiditalia.nbg1.your-objectstorage.com\/wp-content\/uploads\/2023\/04\/Lago-Acero-scaled.jpg","type":"image\/jpeg"}],"twitter_card":"summary_large_image","twitter_misc":{"Est. reading time":"1 minute"},"schema":{"@context":"https:\/\/schema.org","@graph":[{"@type":"WebPage","@id":"https:\/\/camminiditalia.org\/en\/cammini\/kalabria-coast-to-coast\/","url":"https:\/\/camminiditalia.org\/en\/cammini\/kalabria-coast-to-coast\/","name":"Kalabria Coast to Coast","isPartOf":{"@id":"https:\/\/camminiditalia.org\/en\/#website"},"primaryImageOfPage":{"@id":"https:\/\/camminiditalia.org\/en\/cammini\/kalabria-coast-to-coast\/#primaryimage"},"image":{"@id":"https:\/\/camminiditalia.org\/en\/cammini\/kalabria-coast-to-coast\/#primaryimage"},"thumbnailUrl":"https:\/\/media-camminiditalia.nbg1.your-objectstorage.com\/wp-content\/uploads\/2023\/04\/Lago-Acero-scaled.jpg","datePublished":"2023-04-19T17:59:18+00:00","dateModified":"2026-02-27T18:22:58+00:00","description":"The Kalabria Coast to Coast Trail, is a 55-km nature trail to be savored at a slow pace. An emotional and sensory journey.","breadcrumb":{"@id":"https:\/\/camminiditalia.org\/en\/cammini\/kalabria-coast-to-coast\/#breadcrumb"},"inLanguage":"en-US","potentialAction":[{"@type":"ReadAction","target":["https:\/\/camminiditalia.org\/en\/cammini\/kalabria-coast-to-coast\/"]}]},{"@type":"ImageObject","inLanguage":"en-US","@id":"https:\/\/camminiditalia.org\/en\/cammini\/kalabria-coast-to-coast\/#primaryimage","url":"https:\/\/media-camminiditalia.nbg1.your-objectstorage.com\/wp-content\/uploads\/2023\/04\/Lago-Acero-scaled.jpg","contentUrl":"https:\/\/media-camminiditalia.nbg1.your-objectstorage.com\/wp-content\/uploads\/2023\/04\/Lago-Acero-scaled.jpg","width":2560,"height":1706,"caption":"Kalabria Coast to Coast"},{"@type":"BreadcrumbList","@id":"https:\/\/camminiditalia.org\/en\/cammini\/kalabria-coast-to-coast\/#breadcrumb","itemListElement":[{"@type":"ListItem","position":1,"name":"Home","item":"https:\/\/camminiditalia.org\/en\/"},{"@type":"ListItem","position":2,"name":"Walks","item":"https:\/\/camminiditalia.org\/en\/cammini\/"},{"@type":"ListItem","position":3,"name":"Kalabria Coast to Coast"}]},{"@type":"WebSite","@id":"https:\/\/camminiditalia.org\/en\/#website","url":"https:\/\/camminiditalia.org\/en\/","name":"Cammini d'Italia","description":"Plan, walk and share!","publisher":{"@id":"https:\/\/camminiditalia.org\/en\/#organization"},"potentialAction":[{"@type":"SearchAction","target":{"@type":"EntryPoint","urlTemplate":"https:\/\/camminiditalia.org\/en\/?s={search_term_string}"},"query-input":{"@type":"PropertyValueSpecification","valueRequired":true,"valueName":"search_term_string"}}],"inLanguage":"en-US"},{"@type":"Organization","@id":"https:\/\/camminiditalia.org\/en\/#organization","name":"Cammini d'Italia srls","url":"https:\/\/camminiditalia.org\/en\/","logo":{"@type":"ImageObject","inLanguage":"en-US","@id":"https:\/\/camminiditalia.org\/en\/#\/schema\/logo\/image\/","url":"https:\/\/media-camminiditalia.nbg1.your-objectstorage.com\/wp-content\/uploads\/2023\/08\/Risorsa-2-8-e1690918206850.png","contentUrl":"https:\/\/media-camminiditalia.nbg1.your-objectstorage.com\/wp-content\/uploads\/2023\/08\/Risorsa-2-8-e1690918206850.png","width":1076,"height":329,"caption":"Cammini d'Italia srls"},"image":{"@id":"https:\/\/camminiditalia.org\/en\/#\/schema\/logo\/image\/"}}]}},"jetpack_sharing_enabled":true,"_links":{"self":[{"href":"https:\/\/camminiditalia.org\/en\/wp-json\/wp\/v2\/cammini\/67369","targetHints":{"allow":["GET"]}}],"collection":[{"href":"https:\/\/camminiditalia.org\/en\/wp-json\/wp\/v2\/cammini"}],"about":[{"href":"https:\/\/camminiditalia.org\/en\/wp-json\/wp\/v2\/types\/cammini"}],"version-history":[{"count":1,"href":"https:\/\/camminiditalia.org\/en\/wp-json\/wp\/v2\/cammini\/67369\/revisions"}],"predecessor-version":[{"id":88935,"href":"https:\/\/camminiditalia.org\/en\/wp-json\/wp\/v2\/cammini\/67369\/revisions\/88935"}],"wp:featuredmedia":[{"embeddable":true,"href":"https:\/\/camminiditalia.org\/en\/wp-json\/wp\/v2\/media\/61879"}],"wp:attachment":[{"href":"https:\/\/camminiditalia.org\/en\/wp-json\/wp\/v2\/media?parent=67369"}],"wp:term":[{"taxonomy":"category","embeddable":true,"href":"https:\/\/camminiditalia.org\/en\/wp-json\/wp\/v2\/categories?post=67369"}],"curies":[{"name":"wp","href":"https:\/\/api.w.org\/{rel}","templated":true}]}}