
{"id":67634,"date":"2023-04-20T17:55:29","date_gmt":"2023-04-20T15:55:29","guid":{"rendered":"https:\/\/camminiditalia.org\/cammini\/grande-traversata-elbana\/"},"modified":"2026-03-02T19:05:32","modified_gmt":"2026-03-02T18:05:32","slug":"grande-traversata-elbana","status":"publish","type":"cammini","link":"https:\/\/camminiditalia.org\/en\/cammini\/grande-traversata-elbana\/","title":{"rendered":"Grande Traversata Elbana"},"content":{"rendered":"\n<p>The <strong>Grande Traversata Elbana (GTE)<\/strong> runs along the Elba ridge from Cavo to the extreme northeast, passing the highest peaks of the eastern ridge, the gentler reliefs of the central part and granite massif of Monte Capanne before bifurcating and descending back to the sea with a choice between the northwest of Patresi (GTE north, slightly longer) and the southwest of Pomonte (GTE south, slightly shorter).<\/p>\n\n\n\n<p id=\"scopriletappe\">The trek takes place outside built-up areas &#8211; to stop to sleep or eat you will have to leave the ridge and descend &#8211; and overlooks from time to time the seas to the north, east and south with spectacular views of villages, beaches, the mainland, and islands near and far. The route also allows you to appreciate the incredible geological, landscape and vegetal variety that distinguishes Elba, alternating in the same day&#8217;s walk between garrigue, low and high scrub, bare stony ground, and forests of holm oak, chestnut and yew. <\/p>\n\n\n\n<p>The path can be walked indifferently in either direction, keeping in mind that Monte Capanne, the massif on the western side, constitutes the most challenging climb, and one can therefore decide to get there in stages starting from the east, or face it immediately with a steep ascent, but with fresher legs. There are four classic STAGES (Cavo &#8211; Porto Azzurro, Porto Azzurro &#8211; Procchio, Procchio &#8211; Poggio, Poggio &#8211; Pomonte or Poggio &#8211; Patresi; however, there is nothing to stop elsewhere), but regular walkers can reduce them to three by merging the two shorter ones, especially if you stay overnight in some of the facilities closer to the route that save having to descend and ascend from the towns. <\/p>\n\n\n\n<p><\/p>\n","protected":false},"excerpt":{"rendered":"<p>The Grande Traversata Elbana (GTE) runs along the Elba ridge from Cavo to the extreme northeast, passing the highest peaks of the eastern ridge, the gentler reliefs of the central part and granite massif of Monte Capanne before bifurcating and descending back to the sea with a choice between the northwest of Patresi (GTE north, &hellip; <a href=\"https:\/\/camminiditalia.org\/en\/cammini\/grande-traversata-elbana\/\">Continued<\/a><\/p>\n","protected":false},"featured_media":61927,"parent":0,"menu_order":0,"template":"","meta":{"_acf_changed":false,"footnotes":""},"categories":[],"class_list":["post-67634","cammini","type-cammini","status-publish","has-post-thumbnail","hentry","regioni-toscana"],"acf":{"mobile":false,"desktop":false,"app":{"bgImg":{"ID":61931,"id":61931,"title":"GTE NORTH VIEW MOUNTAIN HUTS","filename":"GTE-NORD-VISTA-MONTE-CAPANNE.jpg","filesize":1081886,"url":"https:\/\/media-camminiditalia.nbg1.your-objectstorage.com\/wp-content\/uploads\/2023\/04\/GTE-NORD-VISTA-MONTE-CAPANNE-scaled.jpg","link":"https:\/\/camminiditalia.org\/en\/cammini\/grande-traversata-elbana\/gte-nord-vista-monte-capanne\/","alt":"Grande Traversata Elbana","author":"2","description":"","caption":"GTE north view of Mt. Huts","name":"gte-nord-vista-monte-capanne","status":"inherit","uploaded_to":67634,"date":"2023-04-20 16:07:09","modified":"2025-06-24 14:21:54","menu_order":0,"mime_type":"image\/jpeg","type":"image","subtype":"jpeg","icon":"https:\/\/camminiditalia.org\/wp-includes\/images\/media\/default.png","width":2560,"height":1707,"sizes":{"thumbnail":"https:\/\/media-camminiditalia.nbg1.your-objectstorage.com\/wp-content\/uploads\/2023\/04\/GTE-NORD-VISTA-MONTE-CAPANNE-150x150.jpg","thumbnail-width":150,"thumbnail-height":150,"medium":"https:\/\/media-camminiditalia.nbg1.your-objectstorage.com\/wp-content\/uploads\/2023\/04\/GTE-NORD-VISTA-MONTE-CAPANNE-300x200.jpg","medium-width":300,"medium-height":200,"medium_large":"https:\/\/media-camminiditalia.nbg1.your-objectstorage.com\/wp-content\/uploads\/2023\/04\/GTE-NORD-VISTA-MONTE-CAPANNE-768x512.jpg","medium_large-width":768,"medium_large-height":512,"large":"https:\/\/media-camminiditalia.nbg1.your-objectstorage.com\/wp-content\/uploads\/2023\/04\/GTE-NORD-VISTA-MONTE-CAPANNE-1024x683.jpg","large-width":1024,"large-height":683,"1536x1536":"https:\/\/media-camminiditalia.nbg1.your-objectstorage.com\/wp-content\/uploads\/2023\/04\/GTE-NORD-VISTA-MONTE-CAPANNE-1536x1024.jpg","1536x1536-width":1536,"1536x1536-height":1024,"2048x2048":"https:\/\/media-camminiditalia.nbg1.your-objectstorage.com\/wp-content\/uploads\/2023\/04\/GTE-NORD-VISTA-MONTE-CAPANNE-2048x1365.jpg","2048x2048-width":2048,"2048x2048-height":1365,"tc_all_events_image":"https:\/\/media-camminiditalia.nbg1.your-objectstorage.com\/wp-content\/uploads\/2023\/04\/GTE-NORD-VISTA-MONTE-CAPANNE-scaled.jpg","tc_all_events_image-width":1020,"tc_all_events_image-height":680,"woocommerce_thumbnail":"https:\/\/media-camminiditalia.nbg1.your-objectstorage.com\/wp-content\/uploads\/2023\/04\/GTE-NORD-VISTA-MONTE-CAPANNE-300x300.jpg","woocommerce_thumbnail-width":300,"woocommerce_thumbnail-height":300,"woocommerce_single":"https:\/\/media-camminiditalia.nbg1.your-objectstorage.com\/wp-content\/uploads\/2023\/04\/GTE-NORD-VISTA-MONTE-CAPANNE-600x400.jpg","woocommerce_single-width":600,"woocommerce_single-height":400,"woocommerce_gallery_thumbnail":"https:\/\/media-camminiditalia.nbg1.your-objectstorage.com\/wp-content\/uploads\/2023\/04\/GTE-NORD-VISTA-MONTE-CAPANNE-100x100.jpg","woocommerce_gallery_thumbnail-width":100,"woocommerce_gallery_thumbnail-height":100}},"title":"Grande Traversata Elbana","text":"<p>With Cammini d&#8217;Italia&#8217;s free app, you can plan and walk the Grande Traversata Elbana in total safety, being able to plan the stages in detail and walk the route thanks to the built-in GPS technology that supports your orientation during your adventure.<\/p>\n<p>\u00a0<\/p>\n<p>Within the app you will find many other paths present in Italy. Thanks to the georeferenced tracks of many routes you will be able to study the itinerary that suits you best and also download the GPX tracks of the individual STAGEs offline. <\/p>\n<p>\u00a0<\/p>\n<p>The app also includes a complete digital map of all the paths surveyed to date on our portal, giving you a wide range of choices among the many paths in the Belpaese.<\/p>\n<p>\u2800\u2800<br \/>\nCammini d&#8217;Italia is the perfect app for those who want to explore the beauty of Italy on foot, discovering hidden places surrounded by nature. Download it for free today and start planning your next adventure! <\/p>\n<p>\u2800<\/p>\n<p>\u2800<\/p>\n<p><a href=\"https:\/\/apps.apple.com\/it\/app\/cammini-di-italia\/id1643119047\" target=\"_blank\" rel=\"noopener\"><img loading=\"lazy\" decoding=\"async\" class=\"alignnone wp-image-23502\" src=\"https:\/\/camminiditalia.org\/wp-content\/uploads\/s3fra1:\/\/camministorage\/wp-content\/uploads\/2023\/04\/apple-300x95.png\" alt=\"\" width=\"190\" height=\"60\" srcset=\"https:\/\/media-camminiditalia.nbg1.your-objectstorage.com\/wp-content\/uploads\/2023\/04\/apple-300x95.png 300w, https:\/\/media-camminiditalia.nbg1.your-objectstorage.com\/wp-content\/uploads\/2023\/04\/apple.png 600w, https:\/\/media-camminiditalia.nbg1.your-objectstorage.com\/wp-content\/uploads\/2023\/04\/apple-1024x323.png 1024w, https:\/\/media-camminiditalia.nbg1.your-objectstorage.com\/wp-content\/uploads\/2023\/04\/apple-768x242.png 768w, https:\/\/media-camminiditalia.nbg1.your-objectstorage.com\/wp-content\/uploads\/2023\/04\/apple.png 1109w\" sizes=\"auto, (max-width: 190px) 100vw, 190px\" \/><\/a>  \u2800\u2800\u2800<a href=\"https:\/\/play.google.com\/store\/apps\/details?id=it.webmapp.cammini&#038;hl=en_US\" target=\"_blank\" rel=\"noopener\"><img loading=\"lazy\" decoding=\"async\" class=\"alignnone wp-image-23503\" src=\"https:\/\/camminiditalia.org\/wp-content\/uploads\/s3fra1:\/\/camministorage\/wp-content\/uploads\/2023\/04\/google-play-300x93.png\" alt=\"\" width=\"193\" height=\"60\" srcset=\"https:\/\/media-camminiditalia.nbg1.your-objectstorage.com\/wp-content\/uploads\/2023\/04\/google-play-300x93.png 300w, https:\/\/media-camminiditalia.nbg1.your-objectstorage.com\/wp-content\/uploads\/2023\/04\/google-play.png 600w, https:\/\/media-camminiditalia.nbg1.your-objectstorage.com\/wp-content\/uploads\/2023\/04\/google-play-1024x318.png 1024w, https:\/\/media-camminiditalia.nbg1.your-objectstorage.com\/wp-content\/uploads\/2023\/04\/google-play-768x239.png 768w, https:\/\/media-camminiditalia.nbg1.your-objectstorage.com\/wp-content\/uploads\/2023\/04\/google-play.png 1106w\" sizes=\"auto, (max-width: 193px) 100vw, 193px\" \/><\/a><\/p>\n","img":{"ID":64345,"id":64345,"title":"app-discounted","filename":"app-scontornata.webp","filesize":36370,"url":"https:\/\/media-camminiditalia.nbg1.your-objectstorage.com\/wp-content\/uploads\/2023\/04\/app-scontornata.webp","link":"https:\/\/camminiditalia.org\/en\/cammini\/grande-traversata-elbana\/app-scontornata-3\/","alt":"","author":"2","description":"","caption":"","name":"app-scontornata-3","status":"inherit","uploaded_to":67634,"date":"2024-02-03 23:22:32","modified":"2025-06-24 14:21:54","menu_order":0,"mime_type":"image\/webp","type":"image","subtype":"webp","icon":"https:\/\/camminiditalia.org\/wp-includes\/images\/media\/default.png","width":383,"height":569,"sizes":{"thumbnail":"https:\/\/media-camminiditalia.nbg1.your-objectstorage.com\/wp-content\/uploads\/2023\/04\/app-scontornata-150x150.webp","thumbnail-width":150,"thumbnail-height":150,"medium":"https:\/\/media-camminiditalia.nbg1.your-objectstorage.com\/wp-content\/uploads\/2023\/04\/app-scontornata-202x300.webp","medium-width":202,"medium-height":300,"medium_large":"https:\/\/media-camminiditalia.nbg1.your-objectstorage.com\/wp-content\/uploads\/2023\/04\/app-scontornata.webp","medium_large-width":383,"medium_large-height":569,"large":"https:\/\/media-camminiditalia.nbg1.your-objectstorage.com\/wp-content\/uploads\/2023\/04\/app-scontornata.webp","large-width":383,"large-height":569,"1536x1536":"https:\/\/media-camminiditalia.nbg1.your-objectstorage.com\/wp-content\/uploads\/2023\/04\/app-scontornata.webp","1536x1536-width":383,"1536x1536-height":569,"2048x2048":"https:\/\/media-camminiditalia.nbg1.your-objectstorage.com\/wp-content\/uploads\/2023\/04\/app-scontornata.webp","2048x2048-width":383,"2048x2048-height":569,"tc_all_events_image":"https:\/\/media-camminiditalia.nbg1.your-objectstorage.com\/wp-content\/uploads\/2023\/04\/app-scontornata.webp","tc_all_events_image-width":383,"tc_all_events_image-height":569,"woocommerce_thumbnail":"https:\/\/media-camminiditalia.nbg1.your-objectstorage.com\/wp-content\/uploads\/2023\/04\/app-scontornata-300x300.webp","woocommerce_thumbnail-width":300,"woocommerce_thumbnail-height":300,"woocommerce_single":"https:\/\/media-camminiditalia.nbg1.your-objectstorage.com\/wp-content\/uploads\/2023\/04\/app-scontornata.webp","woocommerce_single-width":383,"woocommerce_single-height":569,"woocommerce_gallery_thumbnail":"https:\/\/media-camminiditalia.nbg1.your-objectstorage.com\/wp-content\/uploads\/2023\/04\/app-scontornata-100x100.webp","woocommerce_gallery_thumbnail-width":100,"woocommerce_gallery_thumbnail-height":100}},"linkBtn":{"title":"","url":"https:\/\/camminiditalia.org\/app-cammini-d-italia\/","target":""},"textBtn":"DOWNLOAD THE APP"},"diaries":{"diary":[{"ID":27354,"post_author":"2","post_date":"2024-02-04 09:11:59","post_date_gmt":"2024-02-04 08:11:59","post_content":"<!-- wp:paragraph -->\n<p><em>La Grande Traversata Elbana, un entusiasmante trekking attraverso il Parco Nazionale dell'arcipelago toscano. Scopri panorami mozzafiato, biodiversit\u00e0 unica e avventure indimenticabili lungo questo cammino attraverso le parole di Elisa. <\/em><\/p>\n<!-- \/wp:paragraph -->\n\n<!-- wp:image {\"align\":\"center\",\"id\":27359,\"width\":\"429px\",\"height\":\"auto\",\"sizeSlug\":\"large\",\"linkDestination\":\"none\"} -->\n<figure class=\"wp-block-image aligncenter size-large is-resized\"><img src=\"https:\/\/camminiditalia.org\/wp-content\/uploads\/2024\/02\/5-819x1024.webp\" alt=\"GTE\" class=\"wp-image-27359\" style=\"width:429px;height:auto\"\/><\/figure>\n<!-- \/wp:image -->\n\n<!-- wp:heading -->\n<h2 class=\"wp-block-heading\"><strong>Introduzione<\/strong><\/h2>\n<!-- \/wp:heading -->\n\n<!-- wp:paragraph -->\n<p>Quando metto lo zaino sulle spalle, ovunque io stia camminando, mi sento completa, a casa. Per fortuna per l\u2019ennesima volta mi trovavo all\u2019inizio di un nuovo cammino e la sensazione di entusiasmo che mi pervade mi fa sempre saltellare di gioia. Quando iniziai a camminare qualche anno fa, volevo esplorare il mondo e fare molti cammini all\u2019estero. Tuttavia, i cammini d\u2019Italia mi hanno letteralmente rapita, e dal primo momento sul <a href=\"https:\/\/camminiditalia.org\/cammini\/cammino-dei-briganti\/\"><strong>Cammino dei Briganti<\/strong><\/a>, fu \"amore a prima Italia\", tanto che sono al mio quinto cammino percorso nella penisola, mentre all\u2019estero ne ho fatto soltanto uno. Ogni volta mi meraviglio ed \u00e8 stupefacente quanto sia piccola la nostra penisola in confronto al mondo, ma piena di veri e propri tesori di bellezza e biodiversit\u00e0.<\/p>\n<!-- \/wp:paragraph -->\n\n<!-- wp:paragraph -->\n<p>Quella che vi sto per raccontare \u00e8 la <a href=\"https:\/\/camminiditalia.org\/cammini\/grande-traversata-elbana\/\"><strong>Grande Traversata Elbana<\/strong><\/a> nel Parco Nazionale dell\u2019arcipelago Toscano, un cammino che attraversa l\u2019isola da Cavo a Pomonte sul crinale centrale. Non mi ero preparata molto per cause lavorative che mi avevano impegnata per tutta l\u2019estate, sapevo a grandi linee le tappe i dislivelli, che non potevamo piantare la tenda dove volevamo ma che c\u2019era da scendere ogni volta verso i paesi sul mare che tradotto vuol dire che la mattina successiva c\u2019era da risalire, che partivo con un amico e la nostra tenda. Quello che ho imparato in questi anni \u00e8 che nonostante tu pianifichi un cammino non sai mai cosa ti attender\u00e0 realmente una volta iniziato a camminare e stavolta il fatto di non aver troppo pianificato mi rendeva ancora pi\u00f9 nervosa perch\u00e9 gi\u00e0 le informazioni di base non rendevano il cammino proprio semplicissimo, ma sono una che non si arrende, a cui piace estremamente la sfida, quindi la sola risposta a tutte le mie domande era \u201cAbbiamo una casetta sulle spalle e in qualche modo faremo!\u201d.\u00a0<\/p>\n<!-- \/wp:paragraph -->\n\n<!-- wp:paragraph -->\n<p>La GTE era stata lasciata come \u201ccammino jolly\u201d ovvero in caso di ferie improvvisate avremo approfittato di quei giorni per percorrerla. Di solito per ogni cammino mi preparo almeno sei mesi prima, acquistando la guida cartacea (che colleziono insieme alle credenziali), leggendo esperienze di altri camminatori e scaricando le tracce GPX ma stavolta partivo senza tutto questo.<\/p>\n<!-- \/wp:paragraph -->\n\n<!-- wp:paragraph -->\n<p>Mi vergogno un po\u2019 a dirlo visto che sono una Guida Ambientale Escursionistica ma i mesi di lavoro che mi avevano tenuta ferma per quattro mesi avevano fatto crescere in me una voglia di camminare irrefrenabile e non importava perch\u00e9 sapevo di partire con un amico competente e che le tappe sarebbero state poi definite e organizzate strada facendo in maniera meticolosa e la cosa un po\u2019 mi intrigava. Alla fine la GTE non \u00e8 come gli altri cammini, non ha credenziali che certifica il passaggio del viandante in determinati luoghi ma si calcano i sentieri CAI che attraversano l\u2019isola e lo scopo alla fine \u00e8 proprio quello riuscire ad attraversala tutta. I sentimenti erano contrastanti tra la paura dell\u2019ignoto e l\u2019eccitazione del dover costruire un cammino passo dopo passo..<\/p>\n<!-- \/wp:paragraph -->\n\n<!-- wp:image {\"align\":\"center\",\"id\":27361,\"width\":\"429px\",\"height\":\"auto\",\"sizeSlug\":\"large\",\"linkDestination\":\"none\"} -->\n<figure class=\"wp-block-image aligncenter size-large is-resized\"><img src=\"https:\/\/camminiditalia.org\/wp-content\/uploads\/2024\/02\/7-819x1024.webp\" alt=\"Grande Traversata Elbana\" class=\"wp-image-27361\" style=\"width:429px;height:auto\"\/><\/figure>\n<!-- \/wp:image -->\n\n<!-- wp:heading -->\n<h2 class=\"wp-block-heading\"><strong>Prima tappa Massa Carrara - Cavo - Porto Azzurro<\/strong><\/h2>\n<!-- \/wp:heading -->\n\n<!-- wp:paragraph -->\n<p><strong><em>19 set 2023<\/em><\/strong> \u2022 <strong><em>Lunghezza: 20km<\/em><\/strong> \u2022 <strong><em>Dislivello: +1100m<\/em><\/strong><\/p>\n<!-- \/wp:paragraph -->\n\n<!-- wp:paragraph -->\n<p>Parto da Massa alle prime luci dell\u2019alba per raggiungere a Pisa uno dei miei pi\u00f9 cari amici. Non vedevo l\u2019ora di vederlo e di raccontargli le ultime cose che mi erano accadute, trepidavo dalla voglia di parlargli ma sapevo che ti tempo ne avremmo avuto.&nbsp;<\/p>\n<!-- \/wp:paragraph -->\n\n<!-- wp:paragraph -->\n<p>Raggiungo Marco ci facciamo subito una bella risata perch\u00e9 siamo pi\u00f9 carichi del solito e ripartiamo per Piombino. Con lui avevo gi\u00e0 condiviso molti trekking in Apuane e una splendida avventura sul Trilho Dos Pescadores ovvero il Cammino dei pescatori in Portogallo sulla Rota Vicentina.&nbsp;<\/p>\n<!-- \/wp:paragraph -->\n\n<!-- wp:paragraph -->\n<p>Arrivati stranamente in orario a Cavo tramite aliscafo (che devo dire \u00e8 veramente rapido e pratico per arrivare all\u2019isola d\u2019Elba) ci fiondiamo subito in un supermercato per prendere un po\u2019 di provviste per il giorno stesso. Ci prendiamo anche del tempo per riempire fino all\u2019orlo borracce e camel bag, sistemare e bilanciare gli zaini, allacciare le scarpe nella maniera corretta e si parte. I primi passi che muovo su un cammino mi danno un senso di libert\u00e0 immensa, alla fine cosa mi manca? Ho la mia casetta portatile, cibo, acqua, la natura, stavolta pure il mare e un caro amico con me..\u00a0<\/p>\n<!-- \/wp:paragraph -->\n\n<!-- wp:paragraph -->\n<p>Decidiamo di camminare finch\u00e9 non ci viene fame facendo paure solo per bere ammirare il panorama e una pausa \u201cmerenda\u201d a base di frutta. Ci sorprende la fame all\u2019incirca a met\u00e0 tappa quando oramai abbiamo giunto il crinale e la vista ci lascia senza fiato, si riesce a vedere l\u2019isola quasi a 360\u2022 circondata dal mare. Stendiamo appesa ad un albero le nostre magliette completamente bagnate dal sudore sperando che si asciugano, caspita non avevo mai sudato tanto in vita mia. Ci godiamo in silenzio il nostro pranzo accarezzati solo da lieve vento caldo per poi ripartire per la seconda met\u00e0 della tappa non esattamente tranquilla come la prima.\u00a0<\/p>\n<!-- \/wp:paragraph -->\n\n<!-- wp:paragraph -->\n<p>Il pomeriggio \u00e8 stato caratterizzato da discese \u201cspacca ginocchia\u201d e veramente critico perch\u00e9 per la prima volta ci siamo ritrovati a centellinare l\u2019acqua nelle nostre borracce, mai successo prima d\u2019ora perch\u00e9 l\u2019acqua \u00e8 l prima cosa di cui preoccupiamo prima di partire, molto probabilmente il caldo torrido non ha aiutato. Ricordo emozioni contrastanti, la pace che ti pervade mentre guardi il mare dall\u2019alto, il caldo che ti brucia quel poco di pelle scoperto dai vestiti, la bellezza del Mausoleo Tonietti e del Santuario della Madonna di Monserrato, l\u2019odore della macchia mediterranea, la rabbia di una tappa faticosa che non giunge mai al termine, l\u2019euforia nel riuscire a vedere a 360\u2022 l\u2019isola dall\u2019alto.\u00a0<\/p>\n<!-- \/wp:paragraph -->\n\n<!-- wp:paragraph -->\n<p>Sar\u00e0 stato il post stagione lavorativa, il caldo atroce che ci attanagliava in quel giorno o l\u2019assenza di acqua sul crinale che posso assicurarvi che per me si \u00e8 rivelato, alla fine dei conti, per adesso il cammino pi\u00f9 breve ma pi\u00f9 faticoso di tutti.. e se lo dico dopo aver fatto la Via Vandelli credetemi!&nbsp;<\/p>\n<!-- \/wp:paragraph -->\n\n<!-- wp:paragraph -->\n<p>Finalmente arrivati a Porto azzurro raggiungiamo il nostro camping dove per prima cosa sistemiamo la tenda per poi goderci un po' di mare, farci una doccia, cenare e andare stanchissimi a dormire.\u00a0<\/p>\n<!-- \/wp:paragraph -->\n\n<!-- wp:image {\"align\":\"center\",\"id\":27360,\"width\":\"429px\",\"height\":\"auto\",\"sizeSlug\":\"large\",\"linkDestination\":\"none\"} -->\n<figure class=\"wp-block-image aligncenter size-large is-resized\"><img src=\"https:\/\/camminiditalia.org\/wp-content\/uploads\/2024\/02\/6-819x1024.webp\" alt=\"\" class=\"wp-image-27360\" style=\"width:429px;height:auto\"\/><\/figure>\n<!-- \/wp:image -->\n\n<!-- wp:heading -->\n<h2 class=\"wp-block-heading\"><strong>Seconda tappa Porto Azzurro - Marina di Campo<\/strong><\/h2>\n<!-- \/wp:heading -->\n\n<!-- wp:paragraph -->\n<p><strong><em>20 set 2023<\/em><\/strong> \u2022 <strong><em>Lunghezza: 28km<\/em><\/strong> \u2022 <strong><em>Dislivello: +1000m<\/em><\/strong><\/p>\n<!-- \/wp:paragraph -->\n\n<!-- wp:paragraph -->\n<p>Mi sveglio di buon umore. Essere scesi sulla costa ieri significa risalire stamani. Prima di iniziare la risalita prendiamo qualche provvista e ci prendiamo tempo per lo stesso rituale di partenza, zaino allacciato e bilanciato scarpe sistemate e qualche cerotto anti vescia messo, e riempirci di acqua. La sete sofferta ieri un po\u2019 mi demoralizza ma non fa caldo come il giorno prima e addirittura il meteo dice che piover\u00e0. I nuvoloni non tardano ad arrivare e nemmeno la pioggerella. Decidiamo infatti di non fare una vera e propria pausa pranzo ma piccole soste acqua e frutta secca e ragioniamo sul da farsi per quanto riguarda la notte. Decidiamo anche di scendere dal crinale e avvicinarci alla costa. Da Lacona, tra pioggia e vento risaliamo verso il Monte Fonza e proseguiamo ancora un po\u2019.\u00a0<\/p>\n<!-- \/wp:paragraph -->\n\n<!-- wp:paragraph -->\n<p>La tappa \u00e8 risulta meno faticosa rispetto al giorno prima e ci concediamo anche del tempo per parlare delle nostre vite, progetti, e qualche altro viaggio insieme.\u00a0Nonostante sia meno faticosa le vesciche cominciano a farsi sentire, ho un piedino fine\u00a0\u00a0fine e qualsiasi scarpa io calzi o in qualunque modo la allacci puntualmente le vesciche si presentano e i sali e scendi della GTE non aiutano. Anche questa tappa \u00e8 caratterizzata dalla vista del mare e l\u2019odore di macchia e salmastro.\u00a0<\/p>\n<!-- \/wp:paragraph -->\n\n<!-- wp:paragraph -->\n<p>La cosa bella di questo cammino \u00e8 che alla fine lo scopo principale \u00e8 attraversare l\u2019isola e il fine tappa viene un po\u2019 gestito a seconda della disponibilit\u00e0 dei pernottamenti. Le opzioni sono varie e anche per chi percorre il cammino in tenda spesso dei locali che hanno terreni limitrofi ai sentieri della GTE permettono di bivaccare nel loro terreno previa richiesta. Noi essendo dei viandanti vagabondi non abbiamo organizzato quasi niente e non avendo contattato nessuno per chiedere ospitalit\u00e0 nelle vicinanze del cammino, siamo costretti a scendere ogni volta in paese.\u00a0<\/p>\n<!-- \/wp:paragraph -->\n\n<!-- wp:paragraph -->\n<p>La pioggerella ci rinfresca ma arrivati a Marciana Marina l\u2019orizzonte \u00e8 sormontato da enormi nuvoloni grigi perci\u00f2 decidiamo di annullare il campeggio per un hotel, che alla fine risulta la scelta migliore.&nbsp;<\/p>\n<!-- \/wp:paragraph -->\n\n<!-- wp:image {\"align\":\"center\",\"id\":27358,\"width\":\"429px\",\"height\":\"auto\",\"sizeSlug\":\"large\",\"linkDestination\":\"none\"} -->\n<figure class=\"wp-block-image aligncenter size-large is-resized\"><img src=\"https:\/\/camminiditalia.org\/wp-content\/uploads\/2024\/02\/4-819x1024.webp\" alt=\"\" class=\"wp-image-27358\" style=\"width:429px;height:auto\"\/><\/figure>\n<!-- \/wp:image -->\n\n<!-- wp:heading -->\n<h2 class=\"wp-block-heading\"><strong>Terza tappa Marina di Campo - Poggio\u00a0<\/strong><\/h2>\n<!-- \/wp:heading -->\n\n<!-- wp:paragraph -->\n<p><strong><em>21 set 2023<\/em><\/strong> \u2022 <strong><em>Lunghezza: 12km<\/em><\/strong> \u2022 <strong><em>Dislivello: +780m\u00a0<\/em><\/strong><\/p>\n<!-- \/wp:paragraph -->\n\n<!-- wp:paragraph -->\n<p>Indossiamo ancora una volta gli indumenti umidi che durante la notte piovosa non si sono asciugati. Il meteo anche in questo ennesimo cammino non ci ha aiutati e non ci aiuter\u00e0 nei prossimi giorni quindi optiamo per lasciare alla signora dell\u2019hotel la tenda i materassini gonfiabili e i sacchi a pelo e di prenotare in altra struttura a Poggio. L\u2019unico problema sar\u00e0 organizzare la logistica per tornare a prendere queste cose \u201cvabb\u00e8 poi ci penseremo\u201d.\u00a0<\/p>\n<!-- \/wp:paragraph -->\n\n<!-- wp:paragraph -->\n<p>Credo che le ultime due tappe sono le pi\u00f9 attese sia per la bellezza, sia perch\u00e9 dopo gi\u00e0 due giorni di cammino ci si appresta all\u2019avvicinamento del Monte Capanne.\u00a0Il tracciato della GTE costeggia il Capanne escludendone la vetta e questo sinceramente lo trovo giusto perch\u00e9 un cammino - a parere mio - deve dare la possibilit\u00e0 a tutti di essere percorso e dare l\u2019opzione di deviazioni a discrezione del viandante a seconda delle sue forse e capacit\u00e0.\u00a0<\/p>\n<!-- \/wp:paragraph -->\n\n<!-- wp:paragraph -->\n<p>Comunico al mio compagno che non me la sento di affrontare la salita fino in vetta, \u00e8 vero che ci siamo un po\u2019 scaricati gli zaini ma le calze bagnate di ieri mi hanno aggravato la situazione vesciche e sto camminando un po\u2019 storta causandomi cos\u00ec dolori ovunque. Ero stata sul Capanne anni fa in una splendida giornata di sole e celo terso dove si poteva vedere tutta l\u2019isola a 360\u2022, tutto l\u2019arcipelago toscano e persino la costa fino alle mie amate Apuane. L\u2019unica cosa che disturba un po\u2019 in tutta quella bellezza della natura \u00e8 un enorme antenna telefonica..\u00a0<\/p>\n<!-- \/wp:paragraph -->\n\n<!-- wp:paragraph -->\n<p>oggi non piove ma alle spalle siamo ancora minacciati da nuvoloni molto arrabbiati ma il panorama che abbiamo davanti \u00e8 davvero qualcosa di meraviglioso.. il monte Capanne si affaccia davanti a noi con tutta la sua maestosit\u00e0, solitario e roccioso tra il verde della vegetazione e il blu brillante del mare.&nbsp;<\/p>\n<!-- \/wp:paragraph -->\n\n<!-- wp:paragraph -->\n<p>Il paesaggio cambia per l\u2019ennesima volta. Durante il cammino si spazia tra il mare, la collina e la montagna tra gli ecosistemi dell'isola e il suo patrimonio naturalistico e paesaggistico, ammirando uno dei panorami pi\u00f9 affascinanti offerti.<\/p>\n<!-- \/wp:paragraph -->\n\n<!-- wp:paragraph -->\n<p>Il paesaggio faunistico \u00e8 vario ma la macchia mediterranea a mirto, lentisco e corbezzolo \u00e8 predominante. Qualche bosco a leccio \u00e8 sopravvissuto nonostante l\u2019aggressivo disboscamento negli anni delle miniere, mentre i boschi di castagni e tassi sotto il monte Capanne sono magici..&nbsp;<\/p>\n<!-- \/wp:paragraph -->\n\n<!-- wp:paragraph -->\n<p>La discesa che arriva a Poggio sembra non finire mai e ogni volta che scendo penso che poi dovr\u00f2 farla l\u2019indomani a risalire. Data la tappa breve arriviamo verso ora di pranzo quindi sistemiamo le nostre cose in alloggio e prendiamo il primo autobus per goderci un po\u2019 di mare e perch\u00e9 no un bel bicchiere di vino rosso tra chiacchiere e risate.<\/p>\n<!-- \/wp:paragraph -->\n\n<!-- wp:image {\"align\":\"center\",\"id\":27355,\"width\":\"429px\",\"height\":\"auto\",\"sizeSlug\":\"large\",\"linkDestination\":\"none\"} -->\n<figure class=\"wp-block-image aligncenter size-large is-resized\"><img src=\"https:\/\/camminiditalia.org\/wp-content\/uploads\/2024\/02\/1-4-819x1024.webp\" alt=\"Grande Traversata Elbana\" class=\"wp-image-27355\" style=\"width:429px;height:auto\"\/><\/figure>\n<!-- \/wp:image -->\n\n<!-- wp:heading -->\n<h2 class=\"wp-block-heading\"><strong>Quarta tappa Poggio -Pomonte\u00a0<\/strong><\/h2>\n<!-- \/wp:heading -->\n\n<!-- wp:paragraph -->\n<p><strong><em>22 set 2023<\/em><\/strong> \u2022 <strong><em>Lunghezza: 10km<\/em><\/strong> \u2022 <strong><em>Dislivello: +660m<\/em><\/strong><\/p>\n<!-- \/wp:paragraph -->\n\n<!-- wp:paragraph -->\n<p>Dal primo momento in cui apro gli occhi i miei pensieri sono soltanto due, la salita interminabile di oggi e se riusciremo a salire in vetta. Dopo la notte piovosa il meteo ci \u00e8 a sfavore anche oggi aggiungendo nebbia e vento.<\/p>\n<!-- \/wp:paragraph -->\n\n<!-- wp:paragraph -->\n<p>Poggio \u00e8 molto carina, si respira pace e serenit\u00e0, partiamo gi\u00e0 da 330 metri slm e tra battute iniziamo la risalita. Ho molta energia rispetto ai giorni passati e inizia gi\u00e0 la nostalgia da cammino. L\u2019ultima tappa mi mette sempre un po\u2019 di tristezza e un irrefrenabile voglia di pianificare subito un altro cammino.\u00a0<\/p>\n<!-- \/wp:paragraph -->\n\n<!-- wp:paragraph -->\n<p>Una lunga scalinata di graniti, prima di entrare nel bosco, ci porta a scorgere un panorama mozzafiato. Arrivati alla deviazione per il monte Capanne decidiamo di liberarci degli zaini e nasconderli nella vegetazione per iniziare liberi da ogni peso la salita verso la vetta. In un batter d\u2019occhio siamo su, la felicit\u00e0 che ci pervade \u00e8 tanta a pari della delusione per la mancata vista panoramica perch\u00e9 ci troviamo immersi tra una coltre di nebbia umida, fitta e pesante. Dalla vetta, in determinate condizioni atmosferiche (ovvero non quelle di oggi), \u00e8 possibile osservare tutta la costa dalla Liguria assieme alle Alpi Apuane, alle Colline Metallifere, al Monte Amiata; sono inoltre visibili tutte le isole dell'Arcipelago Toscano, la Corsica col Monte Cinto e il Monte Rotondo e, in condizioni di estrema visibilit\u00e0, anche la Sardegna settentrionale.\u00a0<\/p>\n<!-- \/wp:paragraph -->\n\n<!-- wp:paragraph -->\n<p><\/p>\n<!-- \/wp:paragraph -->\n\n<!-- wp:paragraph -->\n<p>Il Monte Capanne \u00e8 la montagna pi\u00f9 alta dell'isola d'Elba e dell'intera provincia di Livorno. Costituita prevalentemente da graniti e aggiunge i 1019m.\u00a0Rassegnati ci scattiamo qualche foto e come veri stambecchi Apuani zampettiamo gi\u00f9 tra le rocce del Capanne per recuperare gli zaini che troviamo inumiditi dalla fitta nebbia.\u00a0<\/p>\n<!-- \/wp:paragraph -->\n\n<!-- wp:paragraph -->\n<p>Da qui in poi sar\u00e0 tutta discesa fino a Pomonte ma le difficolt\u00e0 sembrano non finire perch\u00e9 le raffiche di vento e pioggia ci sorprendono in un punto esposto da entrambi i lati, non si riesce veramente a vedere niente e risulta per un tratto difficile anche mantenere il sentiero. Troviamo altre tre ragazze, le prime persone che incontriamo sul cammino.. fino a questo momento avevo sempre incontrato un sacco di persone e stretto legami anche forti sui miei cammini e incontrare queste ragazze soltanto adesso, soltanto per gli ultimi chilometri un po\u2019 mi dispiace. <\/p>\n<!-- \/wp:paragraph -->\n\n<!-- wp:paragraph -->\n<p>Passiamo l\u2019ultimo tratto chiacchierando sotto la pioggia e piano piano la costa riappare sotto ai nostri piedi.\u00a0\u00a0Salutate le ragazze, fatta la foto di rito a fine cammino prendiamo il primo autobus per Portoferraio dove ci attende il nostro traghetto non prima di aver fatto tappa a Marciana Marina per recuperare la tenda.\u00a0Il tramonto stasera \u00e8 meraviglioso, dal rosa al rosso intenso. Vedere l\u2019isola tra le onde che si allontana mi mette tanta pace e positivit\u00e0.. chiss\u00e0 quante meraviglie ancora mi aspettano qua fuori da vedere..\u00a0<\/p>\n<!-- \/wp:paragraph -->\n\n<!-- wp:paragraph -->\n<p>\u00c8 difficile descrivere la sensazione che si prova ogni volta che si finisce un cammino.. sembrano trascorse settimane dalla partenza ma forse semplicemente perch\u00e9 il viaggio a piedi, il viaggio lento, permette di vivere ogni cosa pi\u00f9 intensamente e nonostante lo sforzo fisico, le vesciche ai piedi l\u2019immensa nostalgia e il vuoto della fine ti fa desiderare soltanto di ricominciare e continuare a camminare. Cammino perch\u00e9 il progredire in avanti dei passi mi fa la sensazione che i piedi mettano in fila ordinata i miei pensieri confusi.. ma poi alla fine di un cammino \u00e8 tutto da ricominciare. Tutto da riordinare.<\/p>\n<!-- \/wp:paragraph -->\n\n<!-- wp:paragraph -->\n<p><em> Elisa Marchi<figure class=\"wp-block-image\"><\/figure><\/em><\/p>\n<!-- \/wp:paragraph -->\n\n<!-- wp:image {\"align\":\"center\",\"id\":27356,\"width\":\"429px\",\"height\":\"auto\",\"sizeSlug\":\"large\",\"linkDestination\":\"none\"} -->\n<figure class=\"wp-block-image aligncenter size-large is-resized\"><img src=\"https:\/\/camminiditalia.org\/wp-content\/uploads\/2024\/02\/2-2-819x1024.webp\" alt=\"\" class=\"wp-image-27356\" style=\"width:429px;height:auto\"\/><\/figure>\n<!-- \/wp:image -->","post_title":"La Grande Traversata Elbana: l'avventura di Elisa nell'arcipelago toscano","post_excerpt":"La Grande Traversata Elbana, un entusiasmante trekking attraverso il Parco Nazionale dell'arcipelago toscano. Scopri panorami mozzafiato, biodiversit\u00e0 unica e avventure indimenticabili lungo questo cammino attraverso le parole di Elisa. ","post_status":"publish","comment_status":"open","ping_status":"open","post_password":"","post_name":"diario-di-elisa-gte","to_ping":"","pinged":"","post_modified":"2024-07-18 15:36:55","post_modified_gmt":"2024-07-18 13:36:55","post_content_filtered":"","post_parent":0,"guid":"https:\/\/camminiditalia.org\/?p=27354","menu_order":0,"post_type":"post","post_mime_type":"","comment_count":"0","filter":"raw"},{"ID":41529,"post_author":"2","post_date":"2024-11-13 11:49:04","post_date_gmt":"2024-11-13 10:49:04","post_content":"<!-- wp:paragraph -->\n<p><em>Chiudi gli occhi e immagina di sbarcare su un\u2019isola che sembra lontana da tutto, eppure cos\u00ec vicina. La traversata da Piombino all\u2019Isola d\u2019Elba \u00e8 breve, ma sufficiente per lasciarsi alle spalle i pensieri quotidiani e abbracciare il ritmo lento del mare. Approdando a Cavo, l\u2019aria fresca di mare rinvigorisce lo spirito e i sentieri che si snodano verso l\u2019interno promettono nuove piacevoli scoperte. <\/em><\/p>\n<!-- \/wp:paragraph -->\n\n<!-- wp:paragraph -->\n<p>Ogni passo lungo l'isola conduce tra antichi borghi, piccole insenature nascoste e panorami che abbracciano cielo e mare, donando la sensazione di essere un tutt\u2019uno con la natura. E cos\u00ec, in compagnia del vento e dei profumi della macchia mediterranea, iniziamo questo viaggio alla scoperta di questa traversata tra cielo e mare. Pronti? Ecco a voi Agnese e il suo racconto alla community di Cammini d'Italia della sua Grande Traversata Elbana.<\/p>\n<!-- \/wp:paragraph -->\n\n<!-- wp:heading -->\n<h2 class=\"wp-block-heading\">Tappa 00: <strong>Verso Cavo<\/strong><\/h2>\n<!-- \/wp:heading -->\n\n<!-- wp:paragraph -->\n<p>La traversata da Piombino a Cavo \u00e8 rapida, in aliscafo. Trovarmi in mezzo al mare mi aiuta a distrarmi dalle mie attuali circostanze travagliate le cui possibili vie d\u2019uscita sono incerte e imprevedibili. Ho avuto la fortuna di poter partire per andare a camminare, e una parte di me mi sospinge a immaginare salite e mare su quell\u2019isola che si definisce sempre pi\u00f9 nelle sue forme, mentre ci avviciniamo. Ma forse stavolta non riuscir\u00f2 a distaccarmi totalmente dalla terra ferma. Sar\u00e0 comunque aria fresca per ritemprarmi un poco, pungolarmi, ispirarmi.<\/p>\n<!-- \/wp:paragraph -->\n\n<!-- wp:paragraph -->\n<p>Anche l\u2019isola d\u2019Elba \u00e8 un pesce, come la mia amata Venezia, a me connaturata, che mai mi tradisce, n\u00e9 io, tantomeno, lei. Innamoramento infinito, connubio innato. Ma avete notato quanto si somigliano nella forma?<\/p>\n<!-- \/wp:paragraph -->\n\n<!-- wp:image {\"id\":42055,\"sizeSlug\":\"large\",\"linkDestination\":\"none\"} -->\n<figure class=\"wp-block-image size-large\"><img src=\"https:\/\/camminiditalia.org\/wp-content\/uploads\/2024\/11\/Senza-titolo-1-1024x366.webp\" alt=\"\" class=\"wp-image-42055\"\/><\/figure>\n<!-- \/wp:image -->\n\n<!-- wp:paragraph -->\n<p>Sono tentata di disegnare un \u201cCanal Grande\u201d a unire via acqua due porzioni d\u2019Elba; il Monte Capanne finirebbe pi\u00f9 o meno a \u201cSan Polo\u201d, Capo di Poro sarebbe \u201cPunta della Dogana\u201d, il \u201cPonte dell\u2019Accademia\u201d cadrebbe poco a sud di San Piero in Campo, il \u201cPalazzo Ducale\u201d dalle parti della spiaggia di Lacona, mentre Porto Azzurro, l\u00e0 alla biforcazione della coda, sarebbe l\u2019ingresso dal mare all\u2019\u201dArsenale\u201d.<br>E poi Porto Ferraio a \u201cCastello\u201d, Sant\u2019Andrea a \u201cCannaregio\u201d e cos\u00ec via.<\/p>\n<!-- \/wp:paragraph -->\n\n<!-- wp:paragraph -->\n<p>Promette bene.<\/p>\n<!-- \/wp:paragraph -->\n\n<!-- wp:paragraph -->\n<p>Passeggio nella minuscola Cavo nel tardo pomeriggio. Un brindisi per celebrare l\u2019inizio di una nuova esplorazione, per breve che sia, ci starebbe bene, ma non mi fido della mia capacit\u00e0 di reggere l\u2019alcool, per poco che sia, se mi aspetta una giornata di cammino ignoto. Con qualche compagno di cammino scendo a riva a vedere il mare tra noi e l\u2019Isola dei Topi, un panettone di roccia erbosa che immagino pullulante di piccoli sorci che l\u2019hanno colonizzata, stabilendovi una societ\u00e0 tutta loro. Non ci andrei a vedere se \u00e8 proprio cos\u00ec, preferisco lasciarla nel mistero.<\/p>\n<!-- \/wp:paragraph -->\n\n<!-- wp:image {\"id\":41538,\"width\":\"790px\",\"height\":\"auto\",\"sizeSlug\":\"large\",\"linkDestination\":\"none\",\"align\":\"center\"} -->\n<figure class=\"wp-block-image aligncenter size-large is-resized\"><img src=\"https:\/\/camminiditalia.org\/wp-content\/uploads\/2024\/10\/3.IMG_0973b-1024x769.jpg\" alt=\"\" class=\"wp-image-41538\" style=\"width:790px;height:auto\"\/><figcaption class=\"wp-element-caption\">L'Isola dei topi<\/figcaption><\/figure>\n<!-- \/wp:image -->\n\n<!-- wp:paragraph -->\n<p>L\u2019acqua \u00e8 fredda a met\u00e0 maggio, non mi viene voglia di fare il bagno. Mi siedo sulla spiaggia e mi basta affidare lo sguardo al mare. Ma il segreto della spiaggetta di fronte all\u2019isolotto misterioso si rivela la notte.<\/p>\n<!-- \/wp:paragraph -->\n\n<!-- wp:paragraph -->\n<p>Dopo cena, con Laura e Paola, gi\u00e0 colme, tutte e tre, dell\u2019aria fresca di mare che spazza e rinnova, ci incamminiamo senza meta sulla strada principale di Cavo. Il cielo si fa sempre pi\u00f9 buio mentre passeggiamo chiacchierando. Due gatti sbucano tra le sbarre di un cancello e cominciano a seguirci. Si fermano a guardarmi quando mi rivolgo a loro, poi ci superano in una corsa, aspettandoci poco pi\u00f9 avanti. Senza accorgercene, ci ritroviamo sulla spiaggetta davanti all\u2019isolotto, che delimita una piccola insenatura. Raggiunta la sabbia, ci scopriamo circondate da un tripudio di lucine intermittenti: uno sfavillio di lucciole lungo le rocce che racchiudono la spiaggia mentre questa si protende verso il mare.<\/p>\n<!-- \/wp:paragraph -->\n\n<!-- wp:paragraph -->\n<p>\u00c8 ormai buio pesto, il mare, nero-argentato, va e torna nel suo canto adesso tranquillo, le <a href=\"https:\/\/camminiditalia.org\/lucciole\/\">lucciole <\/a>ricamano le basse pareti di roccia di disegni sempre nuovi che ora ci sono, ora si dissolvono, mentre altri si compongono, ma gi\u00e0 si sono spenti.<\/p>\n<!-- \/wp:paragraph -->\n\n<!-- wp:paragraph -->\n<p>\u00c8 questa la realt\u00e0.&nbsp;<\/p>\n<!-- \/wp:paragraph -->\n\n<!-- wp:paragraph -->\n<p>Costruzioni e infrastrutture abbaglianti e rumorose urlano un\u2019identit\u00e0 ammaliante ma illusoria, di cui si appropriano avvinghiandosi al palcoscenico fino a dissimularlo, a farlo scomparire. Ma il palcoscenico nella sua essenzialit\u00e0 primordiale non \u00e8 uno sfondo vuoto, \u00e8 la realt\u00e0 fremente, dove si immagina, si crea, si condivide, si modella, senza sfregiare, senza distruggere. I disegni prendono forma, ne alimentano altri, scompaiono, forse riappaiono. O si trasfigurano. Uno strato inerte e apparentemente greve riveste il palco pulsante, ma \u00e8 illusione. Lo si pu\u00f2 penetrare facilmente se lo si riconosce, e disperdere.<\/p>\n<!-- \/wp:paragraph -->\n\n<!-- wp:heading -->\n<h2 class=\"wp-block-heading\"><strong>Tappa 01: Cavo - Porto Azzurro<\/strong><\/h2>\n<!-- \/wp:heading -->\n\n<!-- wp:paragraph -->\n<p><strong>20 km, + 900 m\/\u2013900 m<\/strong><\/p>\n<!-- \/wp:paragraph -->\n\n<!-- wp:paragraph -->\n<p>La mattina dopo il cielo \u00e8 velato e non fa troppo caldo. Partiamo subito in salita, tra arbusti e cespugli. Il sentiero si allontana presto dal mare per addentarsi nella macchia. Abbiamo una serie di colline da superare in un alternarsi di saliscendi con qualche strappo ripido e qualche tratto in cresta.<\/p>\n<!-- \/wp:paragraph -->\n\n<!-- wp:paragraph -->\n<p>Attraversiamo il boschetto di lentisco che riveste le pendici del monte a cui d\u00e0 il nome, la prima altura da raggiungere. Continuiamo verso il Monte Grosso, un paio di centinaia di metri pi\u00f9 alto del primo. Siamo in collina, su un sentiero spesso sassoso, tra intrichi di rami e radici, una chiazza dalle innumerevoli sfumature verdi in mezzo all\u2019azzurro del mare, cangiante sotto una sfilata di nuvole. Respiro aria di erbe e di mare, un balsamo purificatore.<\/p>\n<!-- \/wp:paragraph -->\n\n<!-- wp:paragraph -->\n<p>\u00c8 per me sempre una meraviglia camminare tra piante e fiori, ora seguendo dinanzi a me le ondulazioni delle colline che, coperte di verde fino alle ultime rocce, si immergono nel mare. Collina e mare in un unico sguardo. Non elementi distinti, ma aspetti di uno stesso organismo di cui faccio parte anch\u2019io.<\/p>\n<!-- \/wp:paragraph -->\n\n<!-- wp:heading {\"level\":3,\"style\":{\"elements\":{\"link\":{\"color\":{\"text\":\"var:preset|color|orange-500\"}}}},\"textColor\":\"orange-500\"} -->\n<h3 class=\"wp-block-heading has-orange-500-color has-text-color has-link-color\"><em>Sei preoccupato\/a di perderti tra le colline e i sentieri di questa meravigliosa isola? Non preoccuparti, scarica l\u2019app di Cammini d\u2019Italia prima di partire! In un unico strumento avrai tutte le tracce dei cammini italiani, permettendoti di navigare (anche in modalit\u00e0 offline!). Te ne parliamo&nbsp;<a href=\"https:\/\/camminiditalia.org\/app-cammini-d-italia\/\"><strong>a questo link<\/strong><\/a>!<\/em><\/h3>\n<!-- \/wp:heading -->\n\n<!-- wp:paragraph -->\n<p>La fioritura \u00e8 al culmine ora, a met\u00e0 maggio. Cespugli punteggiati di bianco, giallo, rosa e poi il rosso dei papaveri. \u00c8 soprattutto questa vegetazione florida che si esprime in colori, forme dalle geometrie precise o imprevedibilmente sinuose, fragranze distintive e armoniose che mi stupisce gi\u00e0 dal primo giorno sui monti dell\u2019Elba e continuer\u00e0 a meravigliarmi e a riempirmi di gioia anche nei prossimi giorni. E poi questo sentirmi in montagna e al mare nello stesso momento, la sensazione pacificante di maggiore prossimit\u00e0 alla completezza.<\/p>\n<!-- \/wp:paragraph -->\n\n<!-- wp:paragraph -->\n<p>Continuiamo in discesa verso Case Colli e poi su di nuovo, in direzione del Monte Strega. Il percorso \u00e8 vario, il sentiero si insinua di tanto in tanto tra le pietre. A un certo punto, su un cocuzzolo alla nostra destra, comincia a definirsi una sagoma squadrata, in posizione dominante sul mare e sulle piccole valli e montagne che l\u2019attorniano. Ha un\u2019aria arcana ed evanescente, calamita il mio sguardo dandomi l\u2019impressione di potersi scomporre nell\u2019aria, sbriciolarsi, se per un secondo guardo altrove<\/p>\n<!-- \/wp:paragraph -->\n\n<!-- wp:paragraph -->\n<p>Un miraggio?<\/p>\n<!-- \/wp:paragraph -->\n\n<!-- wp:paragraph -->\n<p>\u00c8 la fortezza del Volterraio. La sua origine \u00e8 antica quanto gli Etruschi, che qui installarono una postazione di avvistamento per controllare non solo l\u2019accesso dal mare all\u2019Elba, ma anche qualsiasi movimento su quasi tutto il resto dell\u2019isola, distesa ai suoi piedi e ben scrutabile nelle sue pieghe. La posizione \u00e8 talmente strategica che, nei secoli, il presidio fu trasformato in una vera e propria fortezza, prima dalla Repubblica Marinara di Pisa e, pi\u00f9 tardi, verso la met\u00e0 del 1400, da Iacopo III d\u2019Appiano, Signore di Piombino, a quanto pare, abile governante, amante della cultura, ma assai dispotico. Un ottimo lavoro, perch\u00e9 il Volterraio rimase inespugnabile, proteggendo gli Elbani che riuscirono a raggiungerlo e resistendo anche agli assedi dei Turchi che scorrazzarono per tutta l\u2019Elba razziando impietosamente.<\/p>\n<!-- \/wp:paragraph -->\n\n<!-- wp:paragraph -->\n<p>Terminate le sue mansioni di difesa, la fortezza fu abbandonata e lasciata in balia di acqua, vento, sole, salsedine, tempo. Ora parte del Parco Nazionale dell\u2019Arcipelago Toscano, negli ultimi 25 anni \u00e8 stata restaurata ed \u00e8 quindi accessibile e visitabile. Non la raggiungiamo, ci accontentiamo di osservarla da un colle vicino, un po\u2019 diroccata ed enigmatica, intrisa di secoli di voci, emozioni, vita, svettante dietro uno spensierato prato di papaveri, cardi rosa intenso, spighe.<\/p>\n<!-- \/wp:paragraph -->\n\n<!-- wp:image {\"id\":41541,\"sizeSlug\":\"large\",\"linkDestination\":\"none\",\"align\":\"center\"} -->\n<figure class=\"wp-block-image aligncenter size-large\"><img src=\"https:\/\/camminiditalia.org\/wp-content\/uploads\/2024\/10\/5.IMG_1011-1024x769.jpg\" alt=\"\" class=\"wp-image-41541\"\/><figcaption class=\"wp-element-caption\">Il Volterraio<\/figcaption><\/figure>\n<!-- \/wp:image -->\n\n<!-- wp:paragraph -->\n<p>Il sentiero prosegue in salita tra sassi e arbusti verso Cima del Monte per poi calarsi tra i prati fioriti, sempre pi\u00f9 gi\u00f9 fino a inebriarsi di aria marina e approdare a Porto Azzurro.<\/p>\n<!-- \/wp:paragraph -->\n\n<!-- wp:paragraph -->\n<p>La giornata sta per finire e qui ci fermiamo.<\/p>\n<!-- \/wp:paragraph -->\n\n<!-- wp:paragraph -->\n<p>La sera, appena fa buio, non possiamo trattenerci dal provare a rinnovare lo stupore. Ci incamminiamo verso il mare, in direzione della spiaggia di Barbarossa. Le luci di Porto Azzurro si affievoliscono mentre caliamo sempre pi\u00f9 nell\u2019oscurit\u00e0. Osserviamo con attenzione i cespugli sul bordo della strada scambiando poche, brevi parole, quasi che potessimo spaventarle, mentre il discorrere del mare, dapprima un mormorio frammentato, si fa sempre pi\u00f9 coinvolgente. La notte \u00e8 buia, ma stavolta di lucciole non se ne vedono. Forse dovremmo allontanarci dalla strada, su per la scaletta che poi ridiscende al mare, e avvicinarci alla spiaggia. Ma sono io la prima a rinunciare e a voler tornare. Sono soddisfatta cos\u00ec della giornata.<\/p>\n<!-- \/wp:paragraph -->\n\n<!-- wp:heading -->\n<h2 class=\"wp-block-heading\"><strong>Tappa 02: Porto Azzurro - San Piero<\/strong><\/h2>\n<!-- \/wp:heading -->\n\n<!-- wp:paragraph -->\n<p><strong>18 km, +690 m\/\u2013500 m<\/strong><\/p>\n<!-- \/wp:paragraph -->\n\n<!-- wp:paragraph -->\n<p>Da Porto Azzurro ci riportiamo sul sentiero della<strong> <a href=\"http:\/\/www.camminiditalia.org\/cammini\/grande-traversata-elbana\">Grande Traversata Elbana<\/a><\/strong> raggiungendo in autobus Casa Marchetti. Stiamo per attraversare la parte centrale dell\u2019Elba. Il sentiero serpeggia tra cespugli fioriti e rigogliosi, e il mio passo si fa immediatamente pi\u00f9 leggero mentre mi lascio pervadere dal profumo del rosmarino. Ci sono anche ginestre e corbezzoli, e presto ci troviamo ad attraversare un boschetto di questi ultimi. Le fronde formano una galleria che lascia filtrare, attenuandola, la luce del sole, e mi sento protetta mentre la percorro, come fosse un passaggio da una realt\u00e0 ruvida e dura a un\u2019altra verde, morbida, gioiosa, confortevole, dove tutto si svolge al ritmo giusto, senza forzature, si combina con naturalezza oppure scivola via, senza urti stizziti, senza lacerazioni, verso qualcosa di pi\u00f9 consono, pi\u00f9 somigliante.<\/p>\n<!-- \/wp:paragraph -->\n\n<!-- wp:paragraph -->\n<p>Percorriamo la dorsale verso il Monte Orello, mentre la costa e il mare si allargano attorno a noi. Alla nostra destra, Portoferraio si distende, affacciata sulla rada; dalla parte opposta, capo Stella, sulla punta di una penisoletta, si divide tra il golfo omonimo e quello di Lacona. Anche oggi un saliscendi, ma il dislivello \u00e8 minore, non ci sono strappi, il sentiero fluisce tranquillo.<\/p>\n<!-- \/wp:paragraph -->\n\n<!-- wp:image {\"id\":41543,\"width\":\"1024px\",\"height\":\"auto\",\"sizeSlug\":\"large\",\"linkDestination\":\"none\",\"align\":\"center\"} -->\n<figure class=\"wp-block-image aligncenter size-large is-resized\"><img src=\"https:\/\/camminiditalia.org\/wp-content\/uploads\/2024\/10\/6.IMG_1039-1024x769.jpg\" alt=\"\" class=\"wp-image-41543\" style=\"width:1024px;height:auto\"\/><figcaption class=\"wp-element-caption\">Portoferraio, come appare dalle alture<\/figcaption><\/figure>\n<!-- \/wp:image -->\n\n<!-- wp:paragraph -->\n<p>Ricaricarsi nella quiete. Piante, bacche, fiori, cielo, mare, aromi, sole, brezza. Che ne so del domani? Io non mi annoio.<\/p>\n<!-- \/wp:paragraph -->\n\n<!-- wp:paragraph -->\n<p>Continuiamo verso Marina di Campo che vediamo dall\u2019alto e poi deviamo un po\u2019 verso l\u2019interno per raggiungere San Piero in Campo. San Piero sa di tranquillit\u00e0 silenziosa, nonostante i turisti (pochi in questo periodo, a dire il vero), e di antico. Passo tra le sue case dalle facciate chiare, raggiungo la piazza della chiesa. Qualcuno \u00e8 seduto ai bar, qualche ragazzino mi sfreccia vicino in bicicletta, il negozio dei prodotti tipici \u00e8 aperto ma ancora senza clienti. Ai margini di San Piero, raggiungo la terrazza del belvedere e qui scopro l\u2019affascinante chiesa di San Nicol\u00f2. Affascinante e un poco inquietante perch\u00e9 nella sua atmosfera ho sentore di suoni e immagini arcaici, riti propiziatori, timori generati da una realt\u00e0 inspiegabile se non attraverso gli umori di una moltitudine di dei imprevedibili. La chiesa cattolica sorse sul tempio di Glauco infatti, personaggio dalla genealogia incerta, che, nato uomo e divenuto pescatore, si tramut\u00f2 in parte in pesce, venendo accolto tra le divinit\u00e0 marine.<\/p>\n<!-- \/wp:paragraph -->\n\n<!-- wp:paragraph -->\n<p>Anche la struttura granitica, come quella della fortezza Pisana a cui la chiesa si appoggia, crea atmosfere remote e oscure, evoca altari di pietra, figure dai lineamenti squadrati scolpite su tavole e pilastri, la minaccia di castighi divini. Ma basta entrare per ritrovarsi tra i colori pastello degli affreschi, in un\u2019aria avvolgente e confortante, una chiesa a due navate separate da colonne, ciascuna con un altare.&nbsp;Ritorno al belvedere la sera; le isole toscane si indovinano nel buio tra il mare e il cielo, confusi tra le stelle.<\/p>\n<!-- \/wp:paragraph -->\n\n<!-- wp:heading -->\n<h2 class=\"wp-block-heading\"><strong>Tappa 03: San Piero - Chiessi<\/strong><\/h2>\n<!-- \/wp:heading -->\n\n<!-- wp:paragraph -->\n<p><strong>23 Km, +1100 m\/\u20131200 m<\/strong><\/p>\n<!-- \/wp:paragraph -->\n\n<!-- wp:paragraph -->\n<p>Il cammino parte immediatamente tra cespugli e alberi, preannunciando anche oggi un percorso attraverso una vegetazione esuberante e fiorita. Ci addentriamo nelle foreste mediterranee del massiccio del Monte Capanne, la cima pi\u00f9 alta dell\u2019Elba. Mi emoziono al solo pensiero di vederlo da vicino.<\/p>\n<!-- \/wp:paragraph -->\n\n<!-- wp:paragraph -->\n<p>Arriviamo presto al Santuario delle Farfalle sulle pendici del Monte Perone. Qui la particolare combinazione di erbe, piante e clima ha creato un ambiente ideale per varie specie di farfalle. Dei cartelli lungo il sentiero ne illustrano le particolarit\u00e0 e le fattezze per aiutare a identificarle. Mi guardo attorno, scruto fiori, intrichi di rami, cerco di penetrare con lo sguardo zone ombreggiate o seminascoste, cerco tra i sassi\u2026 L\u2019aria \u00e8 trasparente e fragrante, n\u00e9 secca, n\u00e9 umida, tiepida del primo sole, talvolta solleticata da un alito di brezza, ma non c\u2019\u00e8 battito d\u2019ali alcuno.<\/p>\n<!-- \/wp:paragraph -->\n\n<!-- wp:paragraph -->\n<p>La mia proverbiale incapacit\u00e0 di vedere l\u2019elefante davanti al mio naso, che spesso si palesa, mi fa pensare per un attimo di essere circondata da farfalle svolazzanti e variopinte a me invisibili. Sgrano gli occhi, ma stavolta ho ragione io: di farfalle non ce ne sono. Neanche una. Sar\u00e0 la stagione, l\u2019ora mattutina, la temperatura\u2026 non lo so e non chiedo.<\/p>\n<!-- \/wp:paragraph -->\n\n<!-- wp:paragraph -->\n<p>Il sentiero \u00e8 bello comunque, mi sento avviluppata delicatamente da questi alberi e cespugli traboccanti di linfa, di profumi, di vita, che si infoltiscono e si estendono come mi inoltro tra di loro. Continuando a salire, il sentiero diventa pi\u00f9 sassoso, la vegetazione si rimpicciolisce: il paesaggio \u00e8 ora pi\u00f9 aspro, alberi e arbusti appaiono compatti e robusti, i fiori dei puntini, che per\u00f2 non rinunciano a sfolgorare di vita.<\/p>\n<!-- \/wp:paragraph -->\n\n<!-- wp:paragraph -->\n<p>Finalmente, in fondo, al di l\u00e0 della cresta che stiamo percorrendo, scorgo il Monte Capanne. Il percorso di oggi ci porta alla sua base. In lieve discesa entriamo in un bosco dove, al riparo dal sole pi\u00f9 intenso, i cespugli si allargano e le felci si spingono tra i sassi del sentiero. Queste piante cos\u00ec indomabili nel loro essere e cos\u00ec estroverse mi tengono compagnia. Al mio passaggio, si stabilisce un\u2019interazione: il mio sguardo su di loro, lo sfiorarsi, le sensazioni che mi suscitano. Lo percepisco come un dialogo, uno scambio.<\/p>\n<!-- \/wp:paragraph -->\n\n<!-- wp:image {\"id\":41547,\"sizeSlug\":\"large\",\"linkDestination\":\"none\",\"align\":\"center\"} -->\n<figure class=\"wp-block-image aligncenter size-large\"><img src=\"https:\/\/camminiditalia.org\/wp-content\/uploads\/2024\/10\/7.IMG_1065-1024x769.jpg\" alt=\"\" class=\"wp-image-41547\"\/><\/figure>\n<!-- \/wp:image -->\n\n<!-- wp:paragraph -->\n<p>Arriviamo a una pietraia un po\u2019 scoscesa che attraversiamo in leggerezza.<\/p>\n<!-- \/wp:paragraph -->\n\n<!-- wp:paragraph -->\n<p>Il Monte Capanne \u00e8 vicino e mi chiama. Lo trovo bello. \u00c8 una presenza distintiva, si stacca dal paesaggio che lo circonda per fattezze e colori. Da qui, lo vedo in parte ricoperto di un bosco fitto, verde scuro che, quasi d\u2019improvviso, lascia spazio alla roccia. Le sue pendici diventano allora biancastre, si distendono e quindi, pi\u00f9 o meno centralmente, si increspano nella vetta quasi triangolare che domina tutta l\u2019isola. <\/p>\n<!-- \/wp:paragraph -->\n\n<!-- wp:image {\"id\":41549,\"sizeSlug\":\"large\",\"linkDestination\":\"none\",\"align\":\"center\"} -->\n<figure class=\"wp-block-image aligncenter size-large\"><img src=\"https:\/\/camminiditalia.org\/wp-content\/uploads\/2024\/10\/8.IMG_1052-1024x769.jpg\" alt=\"\" class=\"wp-image-41549\"\/><figcaption class=\"wp-element-caption\">Il  Monte Capanne<\/figcaption><\/figure>\n<!-- \/wp:image -->\n\n<!-- wp:paragraph -->\n<p>\u00c8 ancora selvaggio nella sua natura, nonostante la funivia che ne raggiunge la cima. Una funivia bizzarra, con cestelli al posto delle cabine. Ma io vorrei percorrerlo a piedi, oltrepassare la piattaforma di arrivo della funivia e raggiungere, se posso, la sua roccia pi\u00f9 alta.<\/p>\n<!-- \/wp:paragraph -->\n\n<!-- wp:paragraph -->\n<p>Forse, un giorno\u2026<\/p>\n<!-- \/wp:paragraph -->\n\n<!-- wp:paragraph -->\n<p>Entriamo nel bosco e iniziamo una discesa piuttosto ripida e un po\u2019 scivolosa. La terra sul sentiero e tra gli alberi \u00e8 smossa in zolle e buche. Lo noto ma non ci faccio caso pi\u00f9 di tanto e continuo la discesa saltellando dove posso per evitare le buche. \u201cTremenda questa discesa!\u201d sento dire da qualcuno che mi precede \u201ci cinghiali hanno rovinato il sentiero, \u00e8 impraticabile!\u201d Non me ne ero davvero accorta, n\u00e9 che quei rivoltamenti di terra fossero opera dei cinghiali, n\u00e9 che la discesa fosse impercorribile. Punti di vista, come sempre.<\/p>\n<!-- \/wp:paragraph -->\n\n<!-- wp:paragraph -->\n<p>Usciti dal bosco, della cui frescura mi sono abbeverata mentre scivolavo di zolla in zolla, ci avviamo verso Marciana. \u00c8 piacevole fermarsi in paese una mezz\u2019ora per mangiare qualcosa, riprendere le forze e ripartire perch\u00e9 il cammino oggi \u00e8 ancora lungo.<\/p>\n<!-- \/wp:paragraph -->\n\n<!-- wp:paragraph -->\n<p>Di Marciana vedo poco: ricordo una piazzetta con un negozietto di chincaglierie \u2014o ricordi\u2014 e una strada a lastroni che da l\u00ec comincia a salire. La prendiamo e, anche se cammino lentamente, i miei passi ora sono pesanti. La stradina si inerpica sempre pi\u00f9 sotto il mio respiro un po\u2019 affannato e, presto, raggiungo la prima edicola. Stiamo infatti seguendo la Via Crucis che porta al Santuario della Madonna del Monte. Il percorso \u00e8 piacevole, silenzioso, un poco arieggiato. Le cappelle scandiscono il nostro avanzare, dando una misura del cammino gi\u00e0 fatto e di quello che ancora ci aspetta, della fatica sopportata e di quella che ancora dovr\u00f2 patire. Sono conscia del contrasto: la tranquillit\u00e0 di questo luogo che come tanti, un po\u2019 appartati, ispira il silenzio interiore e il mio sforzo sproporzionato rispetto alla salita. Ma so bene che \u00e8 l\u2019effetto del pranzo veloce seguito da una rapida ripartenza.<\/p>\n<!-- \/wp:paragraph -->\n\n<!-- wp:paragraph -->\n<p>Non mi preoccupo quindi, arranco serena di cappella in cappella, contandole alla rovescia tra me e me e osservando i monti lontani pieni di primavera. La stradina continua ad arrampicarsi fino a uno spiazzo dove si erge il Santuario, di antica fondazione, risalente all\u2019epoca romanica. Mi fermo pochi minuti per vedere la chiesa e il Teatro della Fonte, una singolare esedra in granito da cui sgorga l\u2019acqua che arriva dal Monte Capanne.<\/p>\n<!-- \/wp:paragraph -->\n\n<!-- wp:paragraph -->\n<p>Continuiamo il cammino inoltrandoci lungo il fianco del Monte Giove. Saranno i raggi del sole che cominciano a inclinarsi un poco rendendo i colori pi\u00f9 morbidi, la vegetazione festosa che ancora si stringe a me nel mio andare, la pendenza decisamente pi\u00f9 dolce, sar\u00e0 tutto questo che d\u2019un tratto spazza da me ogni stanchezza e mi sento di nuovo lieve. Il sentiero \u00e8 decisamente panoramico, inciso sul fianco della montagna come un balcone sul mare. Piante turgide dalle foglie larghe e scintillanti si accompagnano ad alberi e arbusti compatti, di un verde un po\u2019 opaco, che esplodono di foglie, spesso sottili, e di fiori colorati, spesso minuscoli. Il loro manifestarsi \u00e8 un richiamo, come se cercassero attenzione, riconoscimento, e io sento, rispondo e mi rallegro assai di questa compagnia.<\/p>\n<!-- \/wp:paragraph -->\n\n<!-- wp:paragraph -->\n<p>Poi si riprende a salire fino a una delle mete provvisorie di questa giornata, la cima del Troppolo, poco meno di 700 metri. \u00c8 una meta perch\u00e9 da qui ci incamminiamo sul versante opposto della montagna imboccando una lunga discesa.<\/p>\n<!-- \/wp:paragraph -->\n\n<!-- wp:paragraph -->\n<p>Le discese sono spesso sfiancanti e noiose se lunghe, ma questa non mi pesa. La percorro nell\u2019abbraccio di fiori e piante, di tanto in tanto lasciando lo sguardo veleggiare sul mare, e anche se verso la fine le gambe cominciano a irrigidirsi, non mi viene mai da sbuffare. Raggiungiamo il piccolo paese di Chiessi, accovacciato in riva al mare. Dopo poco, sulla riva del mare, mi lascio immergere lentamente nella luce aranciata del sole.<\/p>\n<!-- \/wp:paragraph -->\n\n<!-- wp:image {\"id\":41553,\"sizeSlug\":\"large\",\"linkDestination\":\"none\",\"align\":\"center\"} -->\n<figure class=\"wp-block-image aligncenter size-large\"><img src=\"https:\/\/camminiditalia.org\/wp-content\/uploads\/2024\/10\/10.IMG_1099-1024x768.jpg\" alt=\"\" class=\"wp-image-41553\"\/><\/figure>\n<!-- \/wp:image -->\n\n<!-- wp:heading -->\n<h2 class=\"wp-block-heading\"><strong>Tappa 04: Chiessi - San Piero<\/strong><\/h2>\n<!-- \/wp:heading -->\n\n<!-- wp:paragraph -->\n<p><strong>12 Km, +800 m\/\u2013300 m<\/strong><\/p>\n<!-- \/wp:paragraph -->\n\n<!-- wp:paragraph -->\n<p>Mattino presto, ci incamminiamo verso sud in direzione di Pomonte, costeggiando per un buon tratto il mare. Il paese non si \u00e8 ancora svegliato, qualcuno si affaccia a una finestra, un uomo legge il giornale seduto su una panchina.&nbsp;Faccio scorta d\u2019acqua a una fontana in paese, poi ci dirigiamo di nuovo verso le montagne per percorrere una parte della GTE meridionale. Inizialmente, il sentiero si snoda di nuovo in un giardino naturale di arbusti fioriti, \u00e8 facile, qua e l\u00e0 sassoso. Salendo dolcemente, la vegetazione cambia, e gradatamente entriamo in un bosco.&nbsp;<\/p>\n<!-- \/wp:paragraph -->\n\n<!-- wp:image {\"id\":41555,\"sizeSlug\":\"large\",\"linkDestination\":\"none\",\"align\":\"center\"} -->\n<figure class=\"wp-block-image aligncenter size-large\"><img src=\"https:\/\/camminiditalia.org\/wp-content\/uploads\/2024\/10\/12.IMG_1110-1-1024x769.jpg\" alt=\"\" class=\"wp-image-41555\"\/><\/figure>\n<!-- \/wp:image -->\n\n<!-- wp:paragraph -->\n<p>Il sentiero diventa pi\u00f9 sconnesso e spesso sparisce tra fronde e massi, mentre il bosco si infittisce. La luce che filtra tra i rami colora l\u2019aria di verde e crea un ambiente avvolgente e intimo, in cui mi sento una visitatrice gradita. Ci inerpichiamo su alcuni sassi cercando tracce del sentiero ma presto ci troviamo circondati da cespugli: il sentiero si \u00e8 perso, inglobato nel bosco. Mi accorgo che l\u2019unico modo per superare il piccolo ammasso di pietre \u00e8 raggirarlo, arrampicandosi per un breve tratto lungo i suoi margini, tra fessure e spuntoni. Ancora pochi passi sommersi dalla folta vegetazione, ed ecco che il cammino pu\u00f2 riprendere tranquillamente.<\/p>\n<!-- \/wp:paragraph -->\n\n<!-- wp:paragraph -->\n<p>Emersi dal bosco, la via spiana, e riappare, lontano, il mare. Continuiamo a camminare lungo la cresta della montagna, il sentiero ora \u00e8 pi\u00f9 ampio e coperto di pietre. A poco a poco, la cima della montagna si allarga in una distesa di massi dalle forme stravaganti, incorniciati e in parte ricoperti da cespugli fioriti che si mescolano imprevedibilmente in forme variopinte e profumate. Mi sembra di essere in un parco di giochi, vago per la cima tra gli arbusti alla scoperta di nuove rocce, mi arrampico su alcune di queste, cerco nuovi panorami, nuove visioni, mi chino seguendo aromi, tasto delicatamente i cespugli per sentirne la ruvidezza sul palmo della mano, ne accarezzo le foglie minute.<\/p>\n<!-- \/wp:paragraph -->\n\n<!-- wp:paragraph -->\n<p>Dopo vari minuti di svago e di esplorazione di questa cima accogliente, continuiamo il cammino tra quelli che un tempo erano pascoli. I pastori portavano qui le loro greggi e si riparavano nei caprili, dove potevano accendere un fuoco per scaldarsi e cucinare qualcosa. Ci sono ancora diverse di queste costruzioni di pietra che assomigliano a dei nuraghi in miniatura o a degli igloo di sasso e che ancora conservano all\u2019interno i resti di un focolare sotto uno sfiatatoio.<br><\/p>\n<!-- \/wp:paragraph -->\n\n<!-- wp:paragraph -->\n<p>Proseguiamo oltre i caprili, e presto il sentiero comincia a scendere e la montagna a degradare, nelle sue svariate sfumature di verde, verso il mare. Siamo ormai sulla via del ritorno, diretti di nuovo a San Piero. Una lunga discesa ci porta in paese. Attraverso la piazza della chiesa, costeggio la fontana, e anche stavolta San Piero mi infonde una sensazione di tranquillit\u00e0: mi appare pacificamente in attesa di qualcuno che arrivi, passi, vada. San Piero osserva, accoglie e lascia andare, senza che la propria serenit\u00e0 ne sia scalfita.<\/p>\n<!-- \/wp:paragraph -->\n\n<!-- wp:paragraph -->\n<p>\u00c8 qui che lasciamo la GTE e il giardino fiorito dell\u2019Elba.<\/p>\n<!-- \/wp:paragraph -->\n\n<!-- wp:paragraph -->\n<p>In pulmino raggiungiamo Porto Ferraio per poi prendere il mare. Un poco acquietata, \u201critorno in continente\u201d.<\/p>\n<!-- \/wp:paragraph -->\n\n<!-- wp:paragraph {\"style\":{\"elements\":{\"link\":{\"color\":{\"text\":\"var:preset|color|black\"}}}},\"textColor\":\"black\",\"fontSize\":\"lg\"} -->\n<p class=\"has-black-color has-text-color has-link-color has-lg-font-size\"><em>Che fantastico racconto quello di Agnese, sicuramente non al suo primo cammino! Se hai voglia di partire, di metterti in gioco zaino in spalla e non sai da dove iniziare scopri la <strong>nostra\u00a0<a href=\"https:\/\/camminiditalia.shop\/product\/guida-al-primo-cammino\/\"><mark style=\"background-color:rgba(0, 0, 0, 0)\" class=\"has-inline-color has-cm-orange-color\">Guida al Primo Cammino<\/mark><\/a><\/strong><\/em><\/p>\n<!-- \/wp:paragraph -->\n\n<!-- wp:paragraph -->\n<p><\/p>\n<!-- \/wp:paragraph -->","post_title":"La Grande Traversata Elbana: alla scoperta del giardino incantato dell'Elba","post_excerpt":"","post_status":"publish","comment_status":"open","ping_status":"open","post_password":"","post_name":"la-grande-traversata-elbana-alla-scoperta-del-giardino-incantato-dellelba","to_ping":"","pinged":"","post_modified":"2024-11-14 12:22:24","post_modified_gmt":"2024-11-14 11:22:24","post_content_filtered":"","post_parent":0,"guid":"https:\/\/camminiditalia.org\/?p=41529","menu_order":0,"post_type":"post","post_mime_type":"","comment_count":"0","filter":"raw"},{"ID":42235,"post_author":"2","post_date":"2024-11-19 16:14:43","post_date_gmt":"2024-11-19 15:14:43","post_content":"<!-- wp:paragraph -->\n<p><em>Un cammino che unisce sudore, bellezza e nuove scoperte. Elena e Chiara ci portano con loro nella loro avventura sulla Grande Traversata Elbana, tra salite mozzafiato, panorami spettacolari e accoglienze inaspettate. Tre tappe di pura emozione, dove ogni passo racconta una storia di fatica, ma anche di gioia e di connessione profonda con la natura incontaminata dell'isola toscana. Tutta la Community si prepari a vivere la Grande Traversata Elbana attraverso i loro occhi!<\/em><\/p>\n<!-- \/wp:paragraph -->\n\n<!-- wp:heading -->\n<h2 class=\"wp-block-heading\"><strong>Tappa 00: Verso Cavo<\/strong><\/h2>\n<!-- \/wp:heading -->\n\n<!-- wp:paragraph -->\n<p>Ciao a tutti, siamo Elena e Chiara, amiche, colleghe e compagne di avventure! Qualche anno fa ci siamo fatte una promessa: percorrere un cammino all\u2019anno, e da allora la frase \u201cfare un cammino\u201d capeggia sempre i buoni propositi dell\u2019anno successivo. Non perch\u00e9 siamo particolarmente sportive o allenate, ma perch\u00e9 sentiamo la necessit\u00e0 di ritagliarci del tempo con noi stesse, di staccare dalla vita frenetica che talvolta \u00e8 la quotidianit\u00e0, come solo i cammini ti permettono di fare. <\/p>\n<!-- \/wp:paragraph -->\n\n<!-- wp:paragraph -->\n<p><mark style=\"background-color:rgba(0, 0, 0, 0)\" class=\"has-inline-color has-black-color\"><em>Sapevi che puoi condividere anche tu la tua esperienza di cammino con la nostra community? Inviaci una mail a <strong><a>info@camminiditalia.org<\/a><\/strong>, e ti forniremo tutte le linee guida necessarie. Se preferisci, puoi anche raccontare la tua avventura nella <strong><a href=\"https:\/\/www.facebook.com\/groups\/593032504480733\">Community Facebook<\/a><\/strong> dedicata<\/em>.<\/mark><\/p>\n<!-- \/wp:paragraph -->\n\n<!-- wp:paragraph -->\n<p><em><mark style=\"background-color:rgba(0, 0, 0, 0)\" class=\"has-inline-color has-black-color\">Se non vuoi perderti lungo la strada, ti ricordiamo di scaricare l\u2019app di Cammini d\u2019Italia prima di partire! In un unico strumento avrai tutte le tracce dei cammini italiani, permettendoti di navigare (anche in modalit\u00e0 offline!). Te ne parliamo<strong>\u00a0<a href=\"https:\/\/camminiditalia.org\/app-cammini-d-italia\/\">a questo link<\/a>!<\/strong><\/mark><\/em><\/p>\n<!-- \/wp:paragraph -->\n\n<!-- wp:paragraph -->\n<p>Quest\u2019anno, un po\u2019 per caso, abbiamo deciso di percorrere <a href=\"https:\/\/camminiditalia.org\/la-grande-traversata-elbana-alla-scoperta-del-giardino-incantato-dellelba\/\"><strong>l<\/strong><\/a><strong><a href=\"https:\/\/camminiditalia.org\/cammini\/grande-traversata-elbana\/\">a Grande Traversata Elbana<\/a><\/strong>. Il \u201clong trekking\u201d (cos\u00ec lo chiamano e c\u2019\u00e8 un perch\u00e9) si sviluppa in 4 tappe, con la possibilit\u00e0 di essere percorso anche in 3, e nell\u2019ultimo tratto si divide in due diramazioni, quella Sud che porta a Pomonte (punto di arrivo della GTE Sud), e quella nord che porta a Patresi (punto di arrivo della GTE Nord). Per motivi organizzativi la nostra GTE sarebbe stata in tre giorni e saremmo arrivate a Pomonte.<\/p>\n<!-- \/wp:paragraph -->\n\n<!-- wp:paragraph -->\n<p><em>Sapete cosa rende unico questo \"long trekking\"? Matilde<a href=\"https:\/\/camminiditalia.org\/isola-elba\/\"><strong> ne parla nel suo articolo!<\/strong><\/a><\/em><\/p>\n<!-- \/wp:paragraph -->\n\n<!-- wp:paragraph -->\n<p>Prenotati i traghetti e gli alloggi (sembrava d\u2019obbligo abbandonare a fine tappa la GTE e spostarsi a dormire nei paesi, che chiaramente all\u2019Isola d\u2019Elba sono sul mare), eravamo quasi pronte a partire! Fino all\u2019ultimo abbiamo temuto che questa avventura dovesse essere rimandata, era descritto un dislivello giornaliero importante, che con le piogge di ottobre appariva difficilmente percorribile. Per fortuna, un ultimo strascico di estate ci ha accompagnate lungo il percorso!&nbsp;<\/p>\n<!-- \/wp:paragraph -->\n\n<!-- wp:heading -->\n<h2 class=\"wp-block-heading\"><strong>Tappa 01: Cavo-Porto Azzurro<\/strong><\/h2>\n<!-- \/wp:heading -->\n\n<!-- wp:paragraph -->\n<p>Dopo aver passato la notte a Piombino e con una bella scorta d\u2019acqua (lungo la GTE c\u2019\u00e8 solo un punto d\u2019acqua e pertanto \u00e8 necessario considerare una riserva per tutta la giornata di cammino), ci incamminiamo verso il porto, dove prendiamo l\u2019aliscafo in direzione Cavo. \u00c9 da l\u00ec che parte questa nuova avventura. Una volta all\u2019Isola d\u2019Elba, il percorso inizia subito mostrando di che pasta \u00e8 fatto e ci\u00f2 che accompagner\u00e0 il camminatore per gran parte del cammino: la salita. S\u00ec, perch\u00e9, quando dicono che la Grande Traversata Elbana \u00e8 tutta salite e discese ripide, hanno proprio ragione!<\/p>\n<!-- \/wp:paragraph -->\n\n<!-- wp:heading {\"level\":3} -->\n<h3 class=\"wp-block-heading\"><em><mark style=\"background-color:rgba(0, 0, 0, 0)\" class=\"has-inline-color has-cm-orange-color\">La Toscana \u00e8 una regione ricca di cammini! Oltre alla Grande Traversata Elbana,  <a href=\"https:\/\/camminiditalia.org\/cammini-in-toscana\/\"><strong>ve ne sono tanti altri ugualmente magnifici!<\/strong><\/a><\/mark><\/em><\/h3>\n<!-- \/wp:heading -->\n\n<!-- wp:paragraph -->\n<p>Tecnicamente la prima tappa forse \u00e8 la pi\u00f9 tosta, anche se si parte ben riposati e si ha nelle gambe tanta voglia di camminare: raggiunta la quota, il primo giorno si articola per 18 km su tre cime, il Monte Grosso, il Monte Strega, e Cima del Monte. Ma i panorami mozzafiato che si apprezzano dall\u2019alto, che permettono di vedere il mare sia su un versante dell\u2019isola che sull\u2019altro, ripagano tutto. Cos\u00ec, con la bellezza negli occhi e la fatica nelle gambe, arriviamo dopo circa cinque ore di cammino al bivio che da una parte permette di continuare la GTE, e dall\u2019altra porta al paese di Porto Azzurro.<\/p>\n<!-- \/wp:paragraph -->\n\n<!-- wp:image {\"id\":42358,\"width\":\"485px\",\"height\":\"auto\",\"sizeSlug\":\"large\",\"linkDestination\":\"none\",\"align\":\"center\"} -->\n<figure class=\"wp-block-image aligncenter size-large is-resized\"><img src=\"https:\/\/camminiditalia.org\/wp-content\/uploads\/2024\/11\/5-1-819x1024.webp\" alt=\"\" class=\"wp-image-42358\" style=\"width:485px;height:auto\"\/><figcaption class=\"wp-element-caption\">Panorama sull'Isola d'Elba<\/figcaption><\/figure>\n<!-- \/wp:image -->\n\n<!-- wp:paragraph -->\n<p>Da quel momento un\u2019altra ora \u00e8 necessaria per dire conclusa la tappa e arrivare al mare. In realt\u00e0, come abbiamo scoperto strada facendo, lungo il percorso o comunque nei pressi sono presenti fattorie\/agriturismi che permettono di soggiornare senza che sia necessario arrivare nei diversi paesi. E cos\u00ec, con i colori del tramonto a fare da cornice, termina la prima giornata di cammino.&nbsp;<\/p>\n<!-- \/wp:paragraph -->\n\n<!-- wp:heading -->\n<h2 class=\"wp-block-heading\"><strong>Tappa 2: Porto Azzurro-Procchio<\/strong><\/h2>\n<!-- \/wp:heading -->\n\n<!-- wp:paragraph -->\n<p>Il giorno successivo, con le gambe riposate ma gi\u00e0 cariche di km, partiamo di buon\u2019ora per la nostra seconda tappa. Percorriamo in salita circa 3 km che ci permettono di tornare lungo la GTE<strong>.<\/strong> Dopo questa prima salita, per un lungo tratto si cammina su terreno sterrato, con pendenze positive e negative dolci, che ti illudono di aver superato la parte peggiore del cammino. Per scendere alla cittadina Colle di Procchio, da un\u2019altitudine piuttosto elevata raggiunta nei km precedenti, il percorso si identifica in un vecchio letto di un fiume: in questa ora di discesa ci vuole tanta attenzione, cosa non scontata dopo una mattina di cammino. Non \u00e8 consigliabile percorrere questo tratto quando piove perch\u00e9 potrebbe diventare pericoloso!<\/p>\n<!-- \/wp:paragraph -->\n\n<!-- wp:image {\"id\":42360,\"width\":\"473px\",\"height\":\"auto\",\"sizeSlug\":\"large\",\"linkDestination\":\"none\",\"align\":\"center\"} -->\n<figure class=\"wp-block-image aligncenter size-large is-resized\"><img src=\"https:\/\/camminiditalia.org\/wp-content\/uploads\/2024\/11\/2-1-819x1024.webp\" alt=\"\" class=\"wp-image-42360\" style=\"width:473px;height:auto\"\/><figcaption class=\"wp-element-caption\">Salita su sterrato dopo Porto Azzurro<\/figcaption><\/figure>\n<!-- \/wp:image -->\n\n<!-- wp:paragraph -->\n<p>I km successivi sono caratterizzati da poche salite brevi e un piccolo tratto nel bosco. Generalmente il punto di arrivo della seconda tappa \u00e8 identificato in Procchio, un'altra cittadina sul mare, ma noi abbiamo deciso di fermarci in una fattoria lungo il percorso per non dover poi risalire la mattina successiva. Ilaria e suo marito ci hanno accolto alla loro nota fattoria Pimpinella, dove hanno allestito un comodo e caldo <a href=\"https:\/\/camminiditalia.org\/dove-dormire-durante-un-cammino\/\"><strong>bivacco<\/strong><\/a> e ci hanno preparato una buonissima cena casalinga. Con i piedi a riposo, potevamo vedere in lontananza il monte che avremmo dovuto raggiungere l'indomani, il monte Perone.&nbsp;<\/p>\n<!-- \/wp:paragraph -->\n\n<!-- wp:heading -->\n<h2 class=\"wp-block-heading\"><strong>Tappa 3: Procchio-Pomonte<\/strong><\/h2>\n<!-- \/wp:heading -->\n\n<!-- wp:paragraph -->\n<p>La GTE ci d\u00e0 il buongiorno con una salita degna del nome, 1.8 km a 40% circa di pendenza, che ci permette di raggiungere la cima del monte Perone. Inutile dire che il \"Ma chi me l'ha fatto fare?\" sia stato d'accompagnamento, ma raggiunta l'altitudine pi\u00f9 alta della giornata, e di tutto il cammino, la vista \u00e8 stata veramente consolatoria. Il percorso continua con qualche piccola discesa in mezzo al bosco, dove abbiamo avuto la fortuna di incontrare una famiglia di mufloni, che ci hanno osservate a distanza di sicurezza molto curiosi. <\/p>\n<!-- \/wp:paragraph -->\n\n<!-- wp:paragraph -->\n<p>Dopo qualche km si arriva alla biforcazione della GTE, dove si pu\u00f2 decidere di percorrere la tratta sud, che porta a Pomonte, o la nord, che porta a Patresi. Presa la diramazione sud per raggiungere Pomonte, ci si aspetterebbe una lenta discesa al mare, ma l'ultima tratta \u00e8 caratterizzata invece da km in un falsopiano sul crinale, raggiungendo la cima di alcuni monti di altitudine minore rispetto al monte Perone. A circa 5 km da Pomonte, inizia la vera discesa, in un terreno piuttosto irregolare e scivoloso. Qui abbiamo avuto bisogno di tanta attenzione e tanta pazienza, impiegando diverso tempo a percorrerli con l'obiettivo di non farci male. Perch\u00e9 i piedi si sentono tutti a quel punto del cammino, la testa ti vede gi\u00e0 con le gambe a mollo nel mare, ma la strada non \u00e8 finita ed \u00e8 difficile. <\/p>\n<!-- \/wp:paragraph -->\n\n<!-- wp:image {\"id\":42362,\"width\":\"468px\",\"height\":\"auto\",\"sizeSlug\":\"large\",\"linkDestination\":\"none\",\"align\":\"center\"} -->\n<figure class=\"wp-block-image aligncenter size-large is-resized\"><img src=\"https:\/\/camminiditalia.org\/wp-content\/uploads\/2024\/11\/4-1-819x1024.webp\" alt=\"\" class=\"wp-image-42362\" style=\"width:468px;height:auto\"\/><figcaption class=\"wp-element-caption\">Mare tra le montagne e Pomonte all'orizzonte<\/figcaption><\/figure>\n<!-- \/wp:image -->\n\n<!-- wp:paragraph -->\n<p>Una parte \u00e8 esposta e permette di vedere Pomonte all'orizzonte, con il mare tra le montagne, mentre la seconda parte si addentra in una zona boschiva. Si arriva poi ad un ciottolato che in 500 m ti permette di raggiungere Pomonte, e camminare sull'asfalto diventa improvvisamente piacevole! Anche questo Cammino \u00e8 giunto al terminale ma, ancora con le <strong><a href=\"https:\/\/camminiditalia.org\/vesciche\/\">vesciche ai piedi<\/a><\/strong>, stiamo gi\u00e0 sognando il prossimo (accettiamo consigli su cammini senza dislivello).<\/p>\n<!-- \/wp:paragraph -->\n\n<!-- wp:heading {\"level\":3} -->\n<h3 class=\"wp-block-heading\"><em><mark style=\"background-color:rgba(0, 0, 0, 0)\" class=\"has-inline-color has-cm-orange-color\">Se anche tu stai sognando il prossimo cammino e non sai da dove partire, con <\/mark><strong><a href=\"https:\/\/camminiditalia.shop\/product\/atlante-cammini-d-italia\/\">il nostro atlante con pi\u00f9 di 100 itinerari<\/a><\/strong><mark style=\"background-color:rgba(0, 0, 0, 0)\" class=\"has-inline-color has-cm-orange-color\"><strong> <\/strong>la tua scelta sar\u00e0 pi\u00f9 facile<\/mark><\/em><strong><em><mark style=\"background-color:rgba(0, 0, 0, 0)\" class=\"has-inline-color has-cm-orange-color\">!<\/mark><\/em><\/strong><\/h3>\n<!-- \/wp:heading -->\n\n<!-- wp:paragraph -->\n<p><\/p>\n<!-- \/wp:paragraph -->","post_title":"Tra mare, monti e amicizia: il diario di Elena e Chiara sulla Grande Traversata Elbana","post_excerpt":"","post_status":"publish","comment_status":"open","ping_status":"open","post_password":"","post_name":"il-diario-di-elena-e-chiara-sulla-grande-traversata-elbana","to_ping":"","pinged":"","post_modified":"2024-11-23 11:23:05","post_modified_gmt":"2024-11-23 10:23:05","post_content_filtered":"","post_parent":0,"guid":"https:\/\/camminiditalia.org\/?p=42235","menu_order":0,"post_type":"post","post_mime_type":"","comment_count":"0","filter":"raw"}]},"gallery":{"images":[{"img":{"ID":61929,"id":61929,"title":"CIMA DEL MONTE 2, photo by Riccardo Zamboni","filename":"CIMA-DEL-MONTE-2-foto-di-Riccardo-Zamboni-1.jpg","filesize":744193,"url":"https:\/\/media-camminiditalia.nbg1.your-objectstorage.com\/wp-content\/uploads\/2023\/04\/CIMA-DEL-MONTE-2-foto-di-Riccardo-Zamboni-1-scaled.jpg","link":"https:\/\/camminiditalia.org\/en\/cammini\/grande-traversata-elbana\/cima-del-monte-2-foto-di-riccardo-zamboni-2\/","alt":"Grande Traversata Elbana","author":"2","description":"","caption":"Cima del Monte, ph: Riccardo Zamboni","name":"cima-del-monte-2-foto-di-riccardo-zamboni-2","status":"inherit","uploaded_to":67634,"date":"2023-04-20 16:04:42","modified":"2025-06-24 14:21:54","menu_order":0,"mime_type":"image\/jpeg","type":"image","subtype":"jpeg","icon":"https:\/\/camminiditalia.org\/wp-includes\/images\/media\/default.png","width":2560,"height":1707,"sizes":{"thumbnail":"https:\/\/media-camminiditalia.nbg1.your-objectstorage.com\/wp-content\/uploads\/2023\/04\/CIMA-DEL-MONTE-2-foto-di-Riccardo-Zamboni-1-150x150.jpg","thumbnail-width":150,"thumbnail-height":150,"medium":"https:\/\/media-camminiditalia.nbg1.your-objectstorage.com\/wp-content\/uploads\/2023\/04\/CIMA-DEL-MONTE-2-foto-di-Riccardo-Zamboni-1-300x200.jpg","medium-width":300,"medium-height":200,"medium_large":"https:\/\/media-camminiditalia.nbg1.your-objectstorage.com\/wp-content\/uploads\/2023\/04\/CIMA-DEL-MONTE-2-foto-di-Riccardo-Zamboni-1-768x512.jpg","medium_large-width":768,"medium_large-height":512,"large":"https:\/\/media-camminiditalia.nbg1.your-objectstorage.com\/wp-content\/uploads\/2023\/04\/CIMA-DEL-MONTE-2-foto-di-Riccardo-Zamboni-1-1024x683.jpg","large-width":1024,"large-height":683,"1536x1536":"https:\/\/media-camminiditalia.nbg1.your-objectstorage.com\/wp-content\/uploads\/2023\/04\/CIMA-DEL-MONTE-2-foto-di-Riccardo-Zamboni-1-1536x1024.jpg","1536x1536-width":1536,"1536x1536-height":1024,"2048x2048":"https:\/\/media-camminiditalia.nbg1.your-objectstorage.com\/wp-content\/uploads\/2023\/04\/CIMA-DEL-MONTE-2-foto-di-Riccardo-Zamboni-1-2048x1365.jpg","2048x2048-width":2048,"2048x2048-height":1365,"tc_all_events_image":"https:\/\/media-camminiditalia.nbg1.your-objectstorage.com\/wp-content\/uploads\/2023\/04\/CIMA-DEL-MONTE-2-foto-di-Riccardo-Zamboni-1-scaled.jpg","tc_all_events_image-width":1020,"tc_all_events_image-height":680,"woocommerce_thumbnail":"https:\/\/media-camminiditalia.nbg1.your-objectstorage.com\/wp-content\/uploads\/2023\/04\/CIMA-DEL-MONTE-2-foto-di-Riccardo-Zamboni-1-300x300.jpg","woocommerce_thumbnail-width":300,"woocommerce_thumbnail-height":300,"woocommerce_single":"https:\/\/media-camminiditalia.nbg1.your-objectstorage.com\/wp-content\/uploads\/2023\/04\/CIMA-DEL-MONTE-2-foto-di-Riccardo-Zamboni-1-600x400.jpg","woocommerce_single-width":600,"woocommerce_single-height":400,"woocommerce_gallery_thumbnail":"https:\/\/media-camminiditalia.nbg1.your-objectstorage.com\/wp-content\/uploads\/2023\/04\/CIMA-DEL-MONTE-2-foto-di-Riccardo-Zamboni-1-100x100.jpg","woocommerce_gallery_thumbnail-width":100,"woocommerce_gallery_thumbnail-height":100}}},{"img":{"ID":61931,"id":61931,"title":"GTE NORTH VIEW MOUNTAIN HUTS","filename":"GTE-NORD-VISTA-MONTE-CAPANNE.jpg","filesize":1081886,"url":"https:\/\/media-camminiditalia.nbg1.your-objectstorage.com\/wp-content\/uploads\/2023\/04\/GTE-NORD-VISTA-MONTE-CAPANNE-scaled.jpg","link":"https:\/\/camminiditalia.org\/en\/cammini\/grande-traversata-elbana\/gte-nord-vista-monte-capanne\/","alt":"Grande Traversata Elbana","author":"2","description":"","caption":"GTE north view of Mt. Huts","name":"gte-nord-vista-monte-capanne","status":"inherit","uploaded_to":67634,"date":"2023-04-20 16:07:09","modified":"2025-06-24 14:21:54","menu_order":0,"mime_type":"image\/jpeg","type":"image","subtype":"jpeg","icon":"https:\/\/camminiditalia.org\/wp-includes\/images\/media\/default.png","width":2560,"height":1707,"sizes":{"thumbnail":"https:\/\/media-camminiditalia.nbg1.your-objectstorage.com\/wp-content\/uploads\/2023\/04\/GTE-NORD-VISTA-MONTE-CAPANNE-150x150.jpg","thumbnail-width":150,"thumbnail-height":150,"medium":"https:\/\/media-camminiditalia.nbg1.your-objectstorage.com\/wp-content\/uploads\/2023\/04\/GTE-NORD-VISTA-MONTE-CAPANNE-300x200.jpg","medium-width":300,"medium-height":200,"medium_large":"https:\/\/media-camminiditalia.nbg1.your-objectstorage.com\/wp-content\/uploads\/2023\/04\/GTE-NORD-VISTA-MONTE-CAPANNE-768x512.jpg","medium_large-width":768,"medium_large-height":512,"large":"https:\/\/media-camminiditalia.nbg1.your-objectstorage.com\/wp-content\/uploads\/2023\/04\/GTE-NORD-VISTA-MONTE-CAPANNE-1024x683.jpg","large-width":1024,"large-height":683,"1536x1536":"https:\/\/media-camminiditalia.nbg1.your-objectstorage.com\/wp-content\/uploads\/2023\/04\/GTE-NORD-VISTA-MONTE-CAPANNE-1536x1024.jpg","1536x1536-width":1536,"1536x1536-height":1024,"2048x2048":"https:\/\/media-camminiditalia.nbg1.your-objectstorage.com\/wp-content\/uploads\/2023\/04\/GTE-NORD-VISTA-MONTE-CAPANNE-2048x1365.jpg","2048x2048-width":2048,"2048x2048-height":1365,"tc_all_events_image":"https:\/\/media-camminiditalia.nbg1.your-objectstorage.com\/wp-content\/uploads\/2023\/04\/GTE-NORD-VISTA-MONTE-CAPANNE-scaled.jpg","tc_all_events_image-width":1020,"tc_all_events_image-height":680,"woocommerce_thumbnail":"https:\/\/media-camminiditalia.nbg1.your-objectstorage.com\/wp-content\/uploads\/2023\/04\/GTE-NORD-VISTA-MONTE-CAPANNE-300x300.jpg","woocommerce_thumbnail-width":300,"woocommerce_thumbnail-height":300,"woocommerce_single":"https:\/\/media-camminiditalia.nbg1.your-objectstorage.com\/wp-content\/uploads\/2023\/04\/GTE-NORD-VISTA-MONTE-CAPANNE-600x400.jpg","woocommerce_single-width":600,"woocommerce_single-height":400,"woocommerce_gallery_thumbnail":"https:\/\/media-camminiditalia.nbg1.your-objectstorage.com\/wp-content\/uploads\/2023\/04\/GTE-NORD-VISTA-MONTE-CAPANNE-100x100.jpg","woocommerce_gallery_thumbnail-width":100,"woocommerce_gallery_thumbnail-height":100}}}]},"guide":{"text":"<h2>Grande Traversata Elbana<\/h2>\n<p data-start=\"146\" data-end=\"642\">Four days of walking (two if tackled by bicycle) to cross Elba from east to west, largely following the ridge immersed in the nature of the <strong data-start=\"306\" data-end=\"344\">Tuscan Archipelago National Park<\/strong>. At the end of each STAGE you descend to coastal villages, with the possibility of indulging in a rejuvenating swim in the sea.<br data-start=\"467\" data-end=\"470\">A mountain trek a stone&#8217;s throw from the beach: it is this contrast that makes the <strong data-start=\"562\" data-end=\"569\">GTE<\/strong> one of Italy&#8217;s most beautiful and well-known hiking traverses. <\/p>\n<p data-start=\"644\" data-end=\"1000\">Pearl of the Tyrrhenian Sea, Elba is a true paradise for those who love trekking and those who want to combine an active vacation with relaxation by the sea. The guide offers all the practical information: route descriptions on foot or MTB, variants, STAGE and hospitality, GPS tracks to download, and tips for experiencing the island not only in summer, but throughout the year. <\/p>\n<p>Authors: Francesco Stea, Michele Cervellino<br \/>\nPublisher: Terre di Mezzo<\/p>\n","img":{"ID":89188,"id":89188,"title":"La-Grande-traversata-Elbana_2ed_400x","filename":"La-Grande-traversata-Elbana_2ed_400x.webp","filesize":81886,"url":"https:\/\/media-camminiditalia.nbg1.your-objectstorage.com\/2023\/04\/La-Grande-traversata-Elbana_2ed_400x.webp","link":"https:\/\/camminiditalia.org\/en\/cammini\/grande-traversata-elbana\/la-grande-traversata-elbana_2ed_400x\/","alt":"","author":"2","description":"","caption":"Guida GTE - 2\u00b0 Ediz.","name":"la-grande-traversata-elbana_2ed_400x","status":"inherit","uploaded_to":67634,"date":"2025-09-18 14:50:39","modified":"2025-09-18 14:50:39","menu_order":0,"mime_type":"image\/webp","type":"image","subtype":"webp","icon":"https:\/\/camminiditalia.org\/wp-includes\/images\/media\/default.png","width":400,"height":718,"sizes":{"thumbnail":"https:\/\/media-camminiditalia.nbg1.your-objectstorage.com\/2023\/04\/La-Grande-traversata-Elbana_2ed_400x-150x150.webp","thumbnail-width":150,"thumbnail-height":150,"medium":"https:\/\/media-camminiditalia.nbg1.your-objectstorage.com\/2023\/04\/La-Grande-traversata-Elbana_2ed_400x-167x300.webp","medium-width":167,"medium-height":300,"medium_large":"https:\/\/media-camminiditalia.nbg1.your-objectstorage.com\/2023\/04\/La-Grande-traversata-Elbana_2ed_400x.webp","medium_large-width":400,"medium_large-height":718,"large":"https:\/\/media-camminiditalia.nbg1.your-objectstorage.com\/2023\/04\/La-Grande-traversata-Elbana_2ed_400x.webp","large-width":400,"large-height":718,"1536x1536":"https:\/\/media-camminiditalia.nbg1.your-objectstorage.com\/2023\/04\/La-Grande-traversata-Elbana_2ed_400x.webp","1536x1536-width":400,"1536x1536-height":718,"2048x2048":"https:\/\/media-camminiditalia.nbg1.your-objectstorage.com\/2023\/04\/La-Grande-traversata-Elbana_2ed_400x.webp","2048x2048-width":400,"2048x2048-height":718,"tc_all_events_image":"https:\/\/media-camminiditalia.nbg1.your-objectstorage.com\/2023\/04\/La-Grande-traversata-Elbana_2ed_400x-400x680.webp","tc_all_events_image-width":400,"tc_all_events_image-height":680,"woocommerce_thumbnail":"https:\/\/media-camminiditalia.nbg1.your-objectstorage.com\/2023\/04\/La-Grande-traversata-Elbana_2ed_400x-300x300.webp","woocommerce_thumbnail-width":300,"woocommerce_thumbnail-height":300,"woocommerce_single":"https:\/\/media-camminiditalia.nbg1.your-objectstorage.com\/2023\/04\/La-Grande-traversata-Elbana_2ed_400x.webp","woocommerce_single-width":400,"woocommerce_single-height":718,"woocommerce_gallery_thumbnail":"https:\/\/media-camminiditalia.nbg1.your-objectstorage.com\/2023\/04\/La-Grande-traversata-Elbana_2ed_400x-100x100.webp","woocommerce_gallery_thumbnail-width":100,"woocommerce_gallery_thumbnail-height":100}},"linkBtn":{"title":"","url":"https:\/\/camminiditalia.shop\/product\/guida-grande-traversata-elbana\/","target":""},"textBtn":"BUY NOW!"},"logo_cammino":false,"maps":{"map":"<p><iframe loading=\"lazy\" style=\"border: none; overflow: hidden;\" src=\"https:\/\/1.camminiditalia.webmapp.it\/map?layer=73\" width=\"100%\" height=\"800\" scrolling=\"no\"><\/iframe><\/p>\n","url":""},"modal":{"modals":[{"status":false,"title":"HISTORY","text":"<p><span style=\"font-weight: 500;\">The GTE was conceived in the 1980s by Renato Giombini and Mario Ferrari, experienced walkers and connoisseurs of the area and authors of one of the first guidebooks to Elba&#8217;s trails. The idea was to unite existing trails to create a route that would cross Elba from east to west while keeping as close as possible to the watershed and avoiding asphalt; in the following decades there were then slight modifications to the route, then since 2017 the GTE has been marked as such on the signage affixed by the Tuscan Archipelago National Park, which maintains most of the island&#8217;s trail network. <\/span><\/p>\n<p><span style=\"font-weight: 500;\">The route itself is not a historical one &#8211; those who had to go from Cavo to Patresi or Pomonte in the past would certainly have traveled more easily by sea &#8211; but several sections take up ancient routes connecting the villages, to be traveled on foot or on donkey backs, or the paths traveled daily by those who went to cultivate the fields and vineyards that covered the island, and sometimes preserve the paving stones; much of the stretch between Porto Azzurro and Procchio, on the other hand, passes through one of the military carriage roads built from scratch in the 1930s to move men and materials between the various lookout and defense posts at a time when motorized vehicles on Elba were still a rarity, as indeed were the carriages themselves.<\/span><\/p>\n<p><span style=\"font-weight: 400;\">In recent years, the trails of Elba have attracted an increasing number of trekking enthusiasts, and especially in spring and autumn it is easy <\/span><span style=\"font-weight: 400;\">Cross paths with other walkers. The GTE, largely exposed, is <\/span><span style=\"font-weight: 400;\">Strongly discouraged in midsummer. November is the rainiest month; <\/span><span style=\"font-weight: 400;\">in winter the days are short, there can be strong winds on the ridges, <\/span><span style=\"font-weight: 400;\">at higher altitudes you can find ice and sometimes snow: to <\/span><span style=\"font-weight: 400;\">face the GTE in winter it would be good to already have experience of <\/span><span style=\"font-weight: 400;\">similar environments, keeping in mind that on the trails we may not <\/span><span style=\"font-weight: 400;\">meet anyone and that there are far fewer facilities open.<\/span><\/p>\n<p><span style=\"font-weight: 500;\"> <\/span><\/p>\n"},{"status":false,"title":"WATER","text":"<p><span style=\"font-weight: 500;\">Aside from the towns in which it stops, the only water point is Fonte Schiumoli (coordinates 42.78486, 10.32047), between Porto Azzurro and Procchio, along the second STAGE. In summer, Fonte Schiumoli may also be dry. <\/span><\/p>\n"},{"status":false,"title":"SERVICES ","text":"<p><span style=\"font-weight: 500;\"><strong>Supermarkets:<\/strong> in Porto Azzurro; in Procchio in the summer season<\/span><span style=\"font-weight: 500;\"><br \/>\n<\/span><span style=\"font-weight: 500;\"><strong>Pharmacies:<\/strong> in Porto Azzurro and Procchio<\/span><\/p>\n<p><span style=\"font-weight: 500;\">Bars at all STAGES (in Poggio and Patresi closed in winter)<\/span><\/p>\n<p><span style=\"font-weight: 500;\">Bus stops at the start, finish, and at points where provincial roads cross: routes 117 and 118 at Campo ai Peri \/ Casa Marchetti, along SP 26 between Portoferraio and Porto Azzurro (42.77914, 10.34712); route 116 at Colle di Procchio, along SP 25 between Procchio and Marina di Campo (42.77846, 10.24647); stops are also indicated on the timetable as &#8220;GTE.&#8221;<\/span><\/p>\n"},{"status":false,"title":"SIGNAGE","text":"<p><span style=\"font-weight: 500;\">Signage is present along the Grande Traversata Elbana:<\/span><\/p>\n<ul>\n<li><span style=\"font-weight: 500;\">White-red markers to CAI standards;<\/span><\/li>\n<li><span style=\"font-weight: 500;\">White-and-red GTE flags; <\/span><\/li>\n<li><span style=\"font-weight: 500;\">GTE vertical signage (arrows); <\/span><\/li>\n<li><span style=\"font-weight: 500;\">Some wooden arrows.<\/span><\/li>\n<\/ul>\n"},{"status":false,"title":"DANGERS","text":"<p><span style=\"font-weight: 500;\">There are no particular dangers, but it is advisable to avoid approaching wild goats, mouflon and wild boar, which may feel threatened. Vipers are rare; the usual advice applies: wear long trousers and pay attention to where you place your hands and feet among the rocks. <\/span><\/p>\n<p><span style=\"font-weight: 500;\">The granite on the western slope is particularly slippery when wet. None of the sections are properly in the open or on overhangs, but some of the scree, both on the eastern ridge and especially mid-slope on Mt. Huts, requires attention. <\/span><\/p>\n"},{"status":false,"title":"ACCESSIBILITY","text":"<p><span style=\"font-weight: 500;\">Route not equipped for people with disabilities<\/span><\/p>\n"},{"status":false,"title":"ROAD BOTTOM.","text":"<p><strong>ROAD BOTTOM.<\/strong><\/p>\n<p><span style=\"font-weight: 500;\">95% trails or dirt roads; very short stretches of asphalt in the central part.<\/span><\/p>\n"},{"status":false,"title":"IN TENT","text":"<p>The regulations of the Tuscan Archipelago National Park and the municipalities prohibit free camping or bivouacking outside authorized campsites on the entire island. It is forbidden to light fires in the Park. It is not per se forbidden to spend the night there.  <\/p>\n"},{"status":false,"title":"CREDENTIALS","text":"<p><span style=\"font-weight: 500;\">Credentials have not yet been realized<\/span><\/p>\n"},{"status":false,"title":"PAPER GUIDE.","text":"<p><span style=\"font-weight: 400;\">A guide to GTE for Terre di Mezzo editions came out in 2024 (<\/span><a href=\"http:\/\/www.terre.it\/prodotto\/la-grande-traversata-elbana\"><span style=\"font-weight: 400;\">www.terre.it\/prodotto\/la-grande-traversata-elbana<\/span><\/a><span style=\"font-weight: 400;\"> ).<\/span><\/p>\n<p><span style=\"font-weight: 400;\">The Tuscan Archipelago National Park has produced a map <\/span><span style=\"font-weight: 400;\">hiking map that can be purchased at Infoparks or on the website <\/span> <span style=\"font-weight: 400;\">of 4LAND, as well as in island bookstores and various stores. The <\/span><span style=\"font-weight: 400;\">same map can be downloaded for free from the app (also free) <\/span><span style=\"font-weight: 400;\">Avenza Maps and allows geolocation in real time, even in the <\/span><span style=\"font-weight: 400;\">absence of signal.<\/span><\/p>\n"},{"status":false,"title":"CONTACTS","text":"<p><span style=\"font-weight: 400;\">Italian Alpine Club &#8211; Elba Island Subsection <\/span><a href=\"http:\/\/www.caielba.it\/\"><span style=\"font-weight: 400;\">www.caielba.it<\/span><\/a><\/p>\n<p><span style=\"font-weight: 400;\">Tuscan Archipelago National Park <\/span><a href=\"http:\/\/www.islepark.it\/rete-sentieristica\/gte\"><span style=\"font-weight: 400;\">www.islepark.it\/rete-sentieristica\/gte<\/span><\/a><\/p>\n"}]},"pagePoster":{"title":"Grande Traversata Elbana","text":"<p><span style=\"font-weight: 500;\">The Grande Traversata Elbana (GTE) is a nature trek that traverses the entire Isle of Elba!<\/span><\/p>\n<p>\u00a0<\/p>\n","linkBtn":{"title":"","url":"#scopriletappe","target":""},"textBtn":"DISCOVER THE STAGES"},"podcasts":{"podcast":false,"link":null},"poster":false,"read_also_posts":{"read_also":[{"ID":25699,"post_author":"2","post_date":"2023-10-27 09:30:22","post_date_gmt":"2023-10-27 07:30:22","post_content":"<!-- wp:paragraph -->\n<p><em>Come la Grande Traversata Elbana pu\u00f2 riattivare il territorio<\/em>. Parliamo dell'Isola d'Elba e turismo lento.<\/p>\n<!-- \/wp:paragraph -->\n\n<!-- wp:paragraph -->\n<p><em>Ciao sono Matilde, sto per laurearmi in Paesaggio e Sostenibilit\u00e0. Sono da sempre innamorata dell'Isola d'Elba e ho deciso di scrivere la mia tesi di laurea proprio sulla GTE e su quello che si potrebbe fare per migliorarla al massimo. Se hai percorso la GTE e ti va <em>di aiutarmi, al termine di questo articolo di blog ho inserito un breve questionario per migliorare la qualit\u00e0 delle mie ricerche<\/em><\/em>.<\/p>\n<!-- \/wp:paragraph -->\n\n<!-- wp:image {\"id\":25701,\"sizeSlug\":\"full\",\"linkDestination\":\"none\",\"align\":\"center\"} -->\n<figure class=\"wp-block-image aligncenter size-full\"><img src=\"https:\/\/camminiditalia.org\/wp-content\/uploads\/2023\/10\/2-1.jpg\" alt=\"\" class=\"wp-image-25701\"\/><\/figure>\n<!-- \/wp:image -->\n\n<!-- wp:paragraph -->\n<p>Questo percorso offre un\u2019opportunit\u00e0 unica di esplorare la bellezza naturale e geologica dell\u2019Isola d\u2019Elba,<strong> un tesoro semi nascosto che necessita di essere valorizzato <\/strong>al meglio per diventare un simbolo dell\u2019isola che attraversa. <strong>La GTE, infatti, offre un'esperienza escursionistica straordinaria e quasi unica nel suo genere<\/strong>, attraverso i paesaggi pi\u00f9 belli dell'Isola d'Elba. I percorsi attraversano montagne, boschi, coste rocciose e spiagge remote. Lungo il cammino, si possono ammirare i tesori geologici dell'isola, tra cui graniti, minerali e formazioni uniche che raccontano l\u2019incredibile storia geologica dell'Elba. Questa variet\u00e0 geologica \u00e8 una delle caratteristiche distintive dell'Isola d'Elba e rende la <a href=\"https:\/\/camminiditalia.org\/cammini\/grande-traversata-elbana\/\">Grande Traversata Elbana<\/a> un percorso eccezionale per gli amanti della natura e degli elementi.<\/p>\n<!-- \/wp:paragraph -->\n\n<!-- wp:paragraph -->\n<p>Nonostante la bellezza della GTE, la sua visibilit\u00e0 e l'accesso possono e devono essere migliorati. Molti escursionisti non sono consapevoli di questa opportunit\u00e0. <strong>Valorizzare la GTE significherebbe promuovere questa destinazione escursionistica unica e renderla pi\u00f9 accessibile a un pubblico pi\u00f9 ampio<\/strong>. Ci\u00f2 comporterebbe la creazione di mappe dettagliate, segnaletica chiara, migliore manutenzione del sentiero stesso e punti di accesso migliorati, rendendo pi\u00f9 semplice per i visitatori esplorare i percorsi.<\/p>\n<!-- \/wp:paragraph -->\n\n<!-- wp:paragraph -->\n<p><br><strong>La valorizzazione della GTE non \u00e8 volta all\u2019aumento del turismo di massa, bens\u00ec alla promozione di un turismo sostenibile<\/strong>. La GTE pu\u00f2 essere una risorsa economica per l'isola, creando opportunit\u00e0 di lavoro nel settore del turismo escursionistico e contribuendo all'economia locale. Tuttavia, \u00e8 fondamentale farlo in modo sostenibile, proteggendo l'ambiente e rispettando il delicato equilibrio ecologico dell'Isola d'Elba e soprattutto educando le persone ad un comportamento consapevole e rispettoso nei confronti della natura che li circonda.<\/p>\n<!-- \/wp:paragraph -->\n\n<!-- wp:image {\"id\":25702,\"sizeSlug\":\"full\",\"linkDestination\":\"none\",\"align\":\"center\"} -->\n<figure class=\"wp-block-image aligncenter size-full\"><img src=\"https:\/\/camminiditalia.org\/wp-content\/uploads\/2023\/10\/1-1.jpg\" alt=\"\" class=\"wp-image-25702\"\/><\/figure>\n<!-- \/wp:image -->\n\n<!-- wp:paragraph -->\n<p>La GTE racchiude emblematicamente tutti i difetti e i pregi dell\u2019isola \u00e8 un percorso che pu\u00f2 trasformarsi nel <strong>simbolo di rinascita dell\u2019Elba<\/strong>, valorizzando anche i percorsi escursionistici secondari per dare vita a un turismo sostenibile e creando la possibilit\u00e0 riattivare un territorio che al di fuori del turismo balneare \u00e8 poco frequentato. <strong>L'Isola d'Elba, con la sua storia mitologica e geologica, \u00e8 una perla dell'arcipelago toscano.<\/strong> La <strong><a href=\"https:\/\/camminiditalia.org\/isola-elba\/\">Grande Traversata Elbana<\/a><\/strong> offre un'esperienza eccezionale per gli amanti dell'escursionismo. Valorizzarla significa non solo rendere omaggio alla bellezza naturale dell'isola, ma anche creare opportunit\u00e0 economiche sostenibili per la comunit\u00e0 locale.<\/p>\n<!-- \/wp:paragraph -->\n\n<!-- wp:paragraph -->\n<p><strong>Se ti va ti aiutarmi a migliorare la tesi di laurea che sto scrivendo, ti chiedo la cortesia di compilare <a href=\"https:\/\/docs.google.com\/forms\/d\/e\/1FAIpQLSfgYonyE7CEIeHnagKFApZx--r19SXEPrCG5vROBewpYkT58Q\/viewform\">questo questionario<\/a>.<\/strong><\/p>\n<!-- \/wp:paragraph -->\n\n<!-- wp:paragraph -->\n<p><\/p>\n<!-- \/wp:paragraph -->\n\n<!-- wp:paragraph -->\n<p>Matilde Uva<\/p>\n<!-- \/wp:paragraph -->\n\n<!-- wp:paragraph -->\n<p><\/p>\n<!-- \/wp:paragraph -->\n\n<!-- wp:paragraph -->\n<p><\/p>\n<!-- \/wp:paragraph -->","post_title":"Grande Traversata Elbana: un trekking sull'isola che non c'\u00e8, ma che si vede!","post_excerpt":"","post_status":"publish","comment_status":"open","ping_status":"open","post_password":"","post_name":"isola-elba","to_ping":"","pinged":"","post_modified":"2024-07-18 15:35:38","post_modified_gmt":"2024-07-18 13:35:38","post_content_filtered":"","post_parent":0,"guid":"https:\/\/camminiditalia.org\/?p=25699","menu_order":0,"post_type":"post","post_mime_type":"","comment_count":"0","filter":"raw"}]},"scheda_tecnica":{"lunghezza":"55 o 47","dislivello_medio":"","n_tappe":"4","partenza":"Cavo","arrivo":"Patresi (GTE nord) o Pomonte (GTE sud)","tipologia":"linear","tema":["coast-to-coast","naturalistic","montano","panoramic"],"portata":"regional","periodo_ideale":"","stagione_ideale":["spring","autumn"]},"tappe":{"show_all":true,"all_tappe":"","tappa":[{"status":false,"title":"STAGE 01","text":"<h2><strong>STAGE 01: Cavo to Porto Azzurro<\/strong><\/h2>\n<p><strong>Departure<\/strong>: Cable<br \/>\n<strong>Arrival<\/strong>: Porto Azzurro<br \/>\n<strong>Distance<\/strong>: 18 km<br \/>\n<strong>Height difference<\/strong>: +950 m<\/p>\n<p><span style=\"font-weight: 500;\">You get to Cavo (hamlet of Rio) from Piombino by hydrofoil or rarer ferries. From the seafront, one climbs inland; after a few hundred meters one meets a very short detour to visit the Tonietti Mausoleum. The route then climbs to Monte Grosso (344 mslm), once the site of a military observation post, from where there is a stunning panorama. It then descends until it laps the Parata road, flanking the Vignolo ditch in a pleasant shady up and down; it crosses the Valle delle Fiche and reaches the rest area at Aia di Cacio, where several paths cross the paved road. From here with a detour of a few minutes on path 203 you can reach the Orto dei Semplici at the hermitage of Santa Caterina. After crossing the road, the trail resumes: a steep scree slope leads to La Croce (396 m), above the village of Rio nell&#8217;Elba, then to Monte Capannello (407 m), another beautiful vantage point from which the eastern and western sides of the island can be admired simultaneously. A few meters further down the trail enters a pine forest and almost immediately crosses the Volterraio road, whose castle majestically dominates the gulf of Portoferraio. The route then climbs to Cima del Monte, the highest peak in the eastern half (502 m). Continue on the GTE to the junction with path No. 210 on the left, which, gliding through the vineyards, allows you to descend to Porto Azzurro in about 30 minutes.         <\/span><\/p>\n"},{"status":false,"title":"STAGE 02","text":"<h2><strong>STAGE 02: Porto Azzurro to Procchio<\/strong><\/h2>\n<p><strong>Departure<\/strong>: Porto Azzurro<br \/>\n<strong>Arrival<\/strong>: Procchio<br \/>\n<strong>Distance<\/strong>: 21 km<br \/>\n<strong>Height difference<\/strong>: +400 m<\/p>\n<p><span style=\"font-weight: 500;\">The second STAGE takes place largely on an old military carriage road and has a wide walking surface with little elevation gain. After a little more than 3 km from the junction with Trail 210 and a short stretch of asphalt, it crosses Provincial Road No. 26 to climb up near Monte Orello (376 m), a viewpoint reached by a short detour, with some 1930s bunkers at the summit.  <\/span><\/p>\n<p><span style=\"font-weight: 500;\">Next, the route passes by Fonte Schiumoli, the only water point along the GTE, and skirts the Colle Reciso quarry, after which you will have to turn left and walk about 200 meters of asphalt and then turn right again on the wide dirt road through the scrub. Just before the junction with path 221, you can make a detour to the left to visit the ruins of an old windmill on the ridge and admire the view of Lacona. Past the entrance to path 244, which we find on our left, we descend with some difficulty on a dirt road heavily eroded by water to the damp valley floor and the Literno locality; here we continue until we cross the provincial road that, taken north, descends to Procchio, less than a kilometer away.  <\/span><\/p>\n"},{"status":false,"title":"STAGE 03","text":"<h2><strong>STAGE 03: Procchio to Poggio<\/strong><\/h2>\n<p><strong>Departure<\/strong>: Procchio<br \/>\n<strong>Arrival<\/strong>: Knoll<br \/>\n<strong>Distance<\/strong>: 12 km<br \/>\n<strong>Height difference<\/strong>: +950 m<\/p>\n<p><span style=\"font-weight: 500;\">The third STAGE of the GTE leads from Procchio to Poggio. Having abandoned the paved road, the trail climbs Mount Castello (226 m) where it is interesting to do a brief exploration to discover, hidden by the scrub, the ruins of a large Etruscan fortress and a small military outpost used in World War II as an observation point. The route continues as a tunnel through the vegetation until it crosses the junction with path 180 to Poggio and path 121 to Sant&#8217;Ilario. It begins the steep ascent that leads in less than an hour to Mount Perone (630 m) and then to a large and convenient rest area along the road. From here the GTE travels through the &#8220;Butterfly Sanctuary,&#8221; an important breeding area, to the Malpasso locality where the GTE fork is located in the woods.    <\/span><\/p>\n<p><span style=\"font-weight: 500;\">From here, if you want to descend to Poggio, you can either take a section of the northern GTE and then the steep trail 105, or take a longer but less strenuous loop via trails 101 or 106. However, the detour from the main route is not too easy or quick, and this is the shortest STAGE of the common section of GTE, so you may consider shortening it to the next one (descent to Patresi from GTE north or to Pomonte from GTE south) making the crossing in three stages instead of four and saving the detour, descent and ascent. <\/span><\/p>\n<p>\u00a0<\/p>\n"},{"status":false,"title":"STAGE 04 (north)","text":"<h2><strong>STAGE 04 GTE North: Poggio to Patresi<\/strong><\/h2>\n<p><strong>Departure<\/strong>: Poggio<br \/>\n<strong>Arrival<\/strong>: Patresi<br \/>\nDistance: 16 km<br \/>\n<strong>Height difference<\/strong>: +550 m<\/p>\n<p><span style=\"font-weight: 500;\">From the junction with Trail 105, the trail heads west, keeping around an elevation of 600 to 700 m, to the junction with Trail 110, where it turns left steeply up the western ridges of Monte Capanne to the Table, at the maximum elevation of 921 m.  <\/span><\/p>\n<p><span style=\"font-weight: 500;\">From here begins an almost uninterrupted descent, which takes a curious turn northward, skimming past the ruins of the small Romanesque church of San Frediano to the pastoral neighborhood of Serraventosa with its caprili, then down to the destination of Patresi &#8211; Mortaio with views of Capraia and northern Corsica. Peculiar are the granite-paved stretches of what was once the mule track that connected Marciana and Pomonte, the almost surreal silence of the areas farthest from civilization, the spectacular flowering of different species of broom between spring and summer. <\/span><\/p>\n<p>\u00a0<\/p>\n"},{"status":false,"title":"STAGE 04 (south)","text":"<h2><strong>STAGE 04 GTE South: Poggio to Pomonte<\/strong><\/h2>\n<p><strong>Departure<\/strong>: Poggio<br \/>\n<strong>Arrival<\/strong>: Pomonte<br \/>\n<strong>Distance<\/strong>: 10 km<br \/>\n<strong>Height difference<\/strong>: +50 m<\/p>\n<p><span style=\"font-weight: 500;\">From the bifurcation, follow the GTE south in a southwesterly direction, following the ridge that divides the broad Pomonte valley from the Vallebuia valley. Stones and boulders require attention but the view is worth it: the location was already exploited in prehistoric times, Bronze Age artifacts have in fact been found in the area, and the experienced eye spots near the ridge the remains of large boulder walls. <\/span><\/p>\n<p><span style=\"font-weight: 500;\">In the descent from 839 m to the sea, one will encounter Colle della Grottaccia (645 m), Le Mure (629 m) &#8211; where the experienced eye spots near the ridge the remains of large prehistoric boulder walls &#8211; Monte Cenno (589 m), Monte Orlano (549 m), and some caprili with &#8220;grottino,&#8221; stone structures built by shepherds in the early 20th century. Having passed the last caprile located a short distance from Monte Orlano, we take a narrow lane between magnificent terraces recaptured by wild vegetation and in a few dozen minutes of walking among a few surviving vineyards among those that once carpeted the entire valley, we reach Pomonte with its church, fountain, a couple of bars and, if we descend further, a beach of large pebbles. <\/span><\/p>\n"}]},"videos":{"video":false,"link":null},"slider_cammini":{"title":"","text":"","select_cammini":false},"header_link":{"title":"","url":"","target":"","0":""}},"yoast_head":"<!-- This site is optimized with the Yoast SEO plugin v27.1.1 - https:\/\/yoast.com\/product\/yoast-seo-wordpress\/ -->\n<title>Grande Traversata Elbana - Cammini d&#039;Italia<\/title>\n<meta name=\"description\" content=\"The Grande Traversata Elbana (GTE) runs along the ridge of the Elbe Mountains from the hamlet of Cavo to the extreme northeast.\" \/>\n<meta name=\"robots\" content=\"index, follow, max-snippet:-1, max-image-preview:large, max-video-preview:-1\" \/>\n<link rel=\"canonical\" href=\"https:\/\/camminiditalia.org\/en\/cammini\/grande-traversata-elbana\/\" \/>\n<meta property=\"og:locale\" content=\"en_US\" \/>\n<meta property=\"og:type\" content=\"article\" \/>\n<meta property=\"og:title\" content=\"Grande Traversata Elbana - Cammini d&#039;Italia\" \/>\n<meta property=\"og:description\" content=\"The Grande Traversata Elbana (GTE) runs along the ridge of the Elbe Mountains from the hamlet of Cavo to the extreme northeast.\" \/>\n<meta property=\"og:url\" content=\"https:\/\/camminiditalia.org\/en\/cammini\/grande-traversata-elbana\/\" \/>\n<meta property=\"og:site_name\" content=\"Cammini d&#039;Italia\" \/>\n<meta property=\"article:modified_time\" content=\"2026-03-02T18:05:32+00:00\" \/>\n<meta property=\"og:image\" content=\"https:\/\/media-camminiditalia.nbg1.your-objectstorage.com\/wp-content\/uploads\/2023\/04\/CIMA-DEL-MONTE-2-foto-di-Riccardo-Zamboni-scaled.jpg\" \/>\n\t<meta property=\"og:image:width\" content=\"2560\" \/>\n\t<meta property=\"og:image:height\" content=\"1707\" \/>\n\t<meta property=\"og:image:type\" content=\"image\/jpeg\" \/>\n<meta name=\"twitter:card\" content=\"summary_large_image\" \/>\n<meta name=\"twitter:label1\" content=\"Est. reading time\" \/>\n\t<meta name=\"twitter:data1\" content=\"2 minutes\" \/>\n<script type=\"application\/ld+json\" class=\"yoast-schema-graph\">{\"@context\":\"https:\/\/schema.org\",\"@graph\":[{\"@type\":\"WebPage\",\"@id\":\"https:\/\/camminiditalia.org\/en\/cammini\/grande-traversata-elbana\/\",\"url\":\"https:\/\/camminiditalia.org\/en\/cammini\/grande-traversata-elbana\/\",\"name\":\"Grande Traversata Elbana - Cammini d&#039;Italia\",\"isPartOf\":{\"@id\":\"https:\/\/camminiditalia.org\/en\/#website\"},\"primaryImageOfPage\":{\"@id\":\"https:\/\/camminiditalia.org\/en\/cammini\/grande-traversata-elbana\/#primaryimage\"},\"image\":{\"@id\":\"https:\/\/camminiditalia.org\/en\/cammini\/grande-traversata-elbana\/#primaryimage\"},\"thumbnailUrl\":\"https:\/\/media-camminiditalia.nbg1.your-objectstorage.com\/wp-content\/uploads\/2023\/04\/CIMA-DEL-MONTE-2-foto-di-Riccardo-Zamboni-scaled.jpg\",\"datePublished\":\"2023-04-20T15:55:29+00:00\",\"dateModified\":\"2026-03-02T18:05:32+00:00\",\"description\":\"The Grande Traversata Elbana (GTE) runs along the ridge of the Elbe Mountains from the hamlet of Cavo to the extreme northeast.\",\"breadcrumb\":{\"@id\":\"https:\/\/camminiditalia.org\/en\/cammini\/grande-traversata-elbana\/#breadcrumb\"},\"inLanguage\":\"en-US\",\"potentialAction\":[{\"@type\":\"ReadAction\",\"target\":[\"https:\/\/camminiditalia.org\/en\/cammini\/grande-traversata-elbana\/\"]}]},{\"@type\":\"ImageObject\",\"inLanguage\":\"en-US\",\"@id\":\"https:\/\/camminiditalia.org\/en\/cammini\/grande-traversata-elbana\/#primaryimage\",\"url\":\"https:\/\/media-camminiditalia.nbg1.your-objectstorage.com\/wp-content\/uploads\/2023\/04\/CIMA-DEL-MONTE-2-foto-di-Riccardo-Zamboni-scaled.jpg\",\"contentUrl\":\"https:\/\/media-camminiditalia.nbg1.your-objectstorage.com\/wp-content\/uploads\/2023\/04\/CIMA-DEL-MONTE-2-foto-di-Riccardo-Zamboni-scaled.jpg\",\"width\":2560,\"height\":1707,\"caption\":\"GTE Grande Traversata Elbana\"},{\"@type\":\"BreadcrumbList\",\"@id\":\"https:\/\/camminiditalia.org\/en\/cammini\/grande-traversata-elbana\/#breadcrumb\",\"itemListElement\":[{\"@type\":\"ListItem\",\"position\":1,\"name\":\"Home\",\"item\":\"https:\/\/camminiditalia.org\/en\/\"},{\"@type\":\"ListItem\",\"position\":2,\"name\":\"Walks\",\"item\":\"https:\/\/camminiditalia.org\/en\/cammini\/\"},{\"@type\":\"ListItem\",\"position\":3,\"name\":\"Grande Traversata Elbana\"}]},{\"@type\":\"WebSite\",\"@id\":\"https:\/\/camminiditalia.org\/en\/#website\",\"url\":\"https:\/\/camminiditalia.org\/en\/\",\"name\":\"Cammini d'Italia\",\"description\":\"Plan, walk and share!\",\"publisher\":{\"@id\":\"https:\/\/camminiditalia.org\/en\/#organization\"},\"potentialAction\":[{\"@type\":\"SearchAction\",\"target\":{\"@type\":\"EntryPoint\",\"urlTemplate\":\"https:\/\/camminiditalia.org\/en\/?s={search_term_string}\"},\"query-input\":{\"@type\":\"PropertyValueSpecification\",\"valueRequired\":true,\"valueName\":\"search_term_string\"}}],\"inLanguage\":\"en-US\"},{\"@type\":\"Organization\",\"@id\":\"https:\/\/camminiditalia.org\/en\/#organization\",\"name\":\"Cammini d'Italia srls\",\"url\":\"https:\/\/camminiditalia.org\/en\/\",\"logo\":{\"@type\":\"ImageObject\",\"inLanguage\":\"en-US\",\"@id\":\"https:\/\/camminiditalia.org\/en\/#\/schema\/logo\/image\/\",\"url\":\"https:\/\/media-camminiditalia.nbg1.your-objectstorage.com\/wp-content\/uploads\/2023\/08\/Risorsa-2-8-e1690918206850.png\",\"contentUrl\":\"https:\/\/media-camminiditalia.nbg1.your-objectstorage.com\/wp-content\/uploads\/2023\/08\/Risorsa-2-8-e1690918206850.png\",\"width\":1076,\"height\":329,\"caption\":\"Cammini d'Italia srls\"},\"image\":{\"@id\":\"https:\/\/camminiditalia.org\/en\/#\/schema\/logo\/image\/\"}}]}<\/script>\n<!-- \/ Yoast SEO plugin. -->","yoast_head_json":{"title":"Grande Traversata Elbana - Cammini d&#039;Italia","description":"The Grande Traversata Elbana (GTE) runs along the ridge of the Elbe Mountains from the hamlet of Cavo to the extreme northeast.","robots":{"index":"index","follow":"follow","max-snippet":"max-snippet:-1","max-image-preview":"max-image-preview:large","max-video-preview":"max-video-preview:-1"},"canonical":"https:\/\/camminiditalia.org\/en\/cammini\/grande-traversata-elbana\/","og_locale":"en_US","og_type":"article","og_title":"Grande Traversata Elbana - Cammini d&#039;Italia","og_description":"The Grande Traversata Elbana (GTE) runs along the ridge of the Elbe Mountains from the hamlet of Cavo to the extreme northeast.","og_url":"https:\/\/camminiditalia.org\/en\/cammini\/grande-traversata-elbana\/","og_site_name":"Cammini d&#039;Italia","article_modified_time":"2026-03-02T18:05:32+00:00","og_image":[{"width":2560,"height":1707,"url":"https:\/\/media-camminiditalia.nbg1.your-objectstorage.com\/wp-content\/uploads\/2023\/04\/CIMA-DEL-MONTE-2-foto-di-Riccardo-Zamboni-scaled.jpg","type":"image\/jpeg"}],"twitter_card":"summary_large_image","twitter_misc":{"Est. reading time":"2 minutes"},"schema":{"@context":"https:\/\/schema.org","@graph":[{"@type":"WebPage","@id":"https:\/\/camminiditalia.org\/en\/cammini\/grande-traversata-elbana\/","url":"https:\/\/camminiditalia.org\/en\/cammini\/grande-traversata-elbana\/","name":"Grande Traversata Elbana - Cammini d&#039;Italia","isPartOf":{"@id":"https:\/\/camminiditalia.org\/en\/#website"},"primaryImageOfPage":{"@id":"https:\/\/camminiditalia.org\/en\/cammini\/grande-traversata-elbana\/#primaryimage"},"image":{"@id":"https:\/\/camminiditalia.org\/en\/cammini\/grande-traversata-elbana\/#primaryimage"},"thumbnailUrl":"https:\/\/media-camminiditalia.nbg1.your-objectstorage.com\/wp-content\/uploads\/2023\/04\/CIMA-DEL-MONTE-2-foto-di-Riccardo-Zamboni-scaled.jpg","datePublished":"2023-04-20T15:55:29+00:00","dateModified":"2026-03-02T18:05:32+00:00","description":"The Grande Traversata Elbana (GTE) runs along the ridge of the Elbe Mountains from the hamlet of Cavo to the extreme northeast.","breadcrumb":{"@id":"https:\/\/camminiditalia.org\/en\/cammini\/grande-traversata-elbana\/#breadcrumb"},"inLanguage":"en-US","potentialAction":[{"@type":"ReadAction","target":["https:\/\/camminiditalia.org\/en\/cammini\/grande-traversata-elbana\/"]}]},{"@type":"ImageObject","inLanguage":"en-US","@id":"https:\/\/camminiditalia.org\/en\/cammini\/grande-traversata-elbana\/#primaryimage","url":"https:\/\/media-camminiditalia.nbg1.your-objectstorage.com\/wp-content\/uploads\/2023\/04\/CIMA-DEL-MONTE-2-foto-di-Riccardo-Zamboni-scaled.jpg","contentUrl":"https:\/\/media-camminiditalia.nbg1.your-objectstorage.com\/wp-content\/uploads\/2023\/04\/CIMA-DEL-MONTE-2-foto-di-Riccardo-Zamboni-scaled.jpg","width":2560,"height":1707,"caption":"GTE Grande Traversata Elbana"},{"@type":"BreadcrumbList","@id":"https:\/\/camminiditalia.org\/en\/cammini\/grande-traversata-elbana\/#breadcrumb","itemListElement":[{"@type":"ListItem","position":1,"name":"Home","item":"https:\/\/camminiditalia.org\/en\/"},{"@type":"ListItem","position":2,"name":"Walks","item":"https:\/\/camminiditalia.org\/en\/cammini\/"},{"@type":"ListItem","position":3,"name":"Grande Traversata Elbana"}]},{"@type":"WebSite","@id":"https:\/\/camminiditalia.org\/en\/#website","url":"https:\/\/camminiditalia.org\/en\/","name":"Cammini d'Italia","description":"Plan, walk and share!","publisher":{"@id":"https:\/\/camminiditalia.org\/en\/#organization"},"potentialAction":[{"@type":"SearchAction","target":{"@type":"EntryPoint","urlTemplate":"https:\/\/camminiditalia.org\/en\/?s={search_term_string}"},"query-input":{"@type":"PropertyValueSpecification","valueRequired":true,"valueName":"search_term_string"}}],"inLanguage":"en-US"},{"@type":"Organization","@id":"https:\/\/camminiditalia.org\/en\/#organization","name":"Cammini d'Italia srls","url":"https:\/\/camminiditalia.org\/en\/","logo":{"@type":"ImageObject","inLanguage":"en-US","@id":"https:\/\/camminiditalia.org\/en\/#\/schema\/logo\/image\/","url":"https:\/\/media-camminiditalia.nbg1.your-objectstorage.com\/wp-content\/uploads\/2023\/08\/Risorsa-2-8-e1690918206850.png","contentUrl":"https:\/\/media-camminiditalia.nbg1.your-objectstorage.com\/wp-content\/uploads\/2023\/08\/Risorsa-2-8-e1690918206850.png","width":1076,"height":329,"caption":"Cammini d'Italia srls"},"image":{"@id":"https:\/\/camminiditalia.org\/en\/#\/schema\/logo\/image\/"}}]}},"jetpack_sharing_enabled":true,"_links":{"self":[{"href":"https:\/\/camminiditalia.org\/en\/wp-json\/wp\/v2\/cammini\/67634","targetHints":{"allow":["GET"]}}],"collection":[{"href":"https:\/\/camminiditalia.org\/en\/wp-json\/wp\/v2\/cammini"}],"about":[{"href":"https:\/\/camminiditalia.org\/en\/wp-json\/wp\/v2\/types\/cammini"}],"version-history":[{"count":1,"href":"https:\/\/camminiditalia.org\/en\/wp-json\/wp\/v2\/cammini\/67634\/revisions"}],"predecessor-version":[{"id":89189,"href":"https:\/\/camminiditalia.org\/en\/wp-json\/wp\/v2\/cammini\/67634\/revisions\/89189"}],"wp:featuredmedia":[{"embeddable":true,"href":"https:\/\/camminiditalia.org\/en\/wp-json\/wp\/v2\/media\/61927"}],"wp:attachment":[{"href":"https:\/\/camminiditalia.org\/en\/wp-json\/wp\/v2\/media?parent=67634"}],"wp:term":[{"taxonomy":"category","embeddable":true,"href":"https:\/\/camminiditalia.org\/en\/wp-json\/wp\/v2\/categories?post=67634"}],"curies":[{"name":"wp","href":"https:\/\/api.w.org\/{rel}","templated":true}]}}