
{"id":67945,"date":"2023-08-25T12:20:43","date_gmt":"2023-08-25T10:20:43","guid":{"rendered":"https:\/\/camminiditalia.org\/cammini\/cammino-san-francesco-di-paola\/"},"modified":"2026-03-02T19:08:33","modified_gmt":"2026-03-02T18:08:33","slug":"cammino-san-francesco-di-paola","status":"publish","type":"cammini","link":"https:\/\/camminiditalia.org\/en\/cammini\/cammino-san-francesco-di-paola\/","title":{"rendered":"Cammino San Francesco di Paola"},"content":{"rendered":"\n<p>  It starts from the village of San Marco Argentano and arrives at the Sanctuary of Paterno Calabro, passing through Paola and the Sanctuary of St. Francis. The variety of landscapes, with changing environments and valuable biodiversity, characterizes this Walk. It goes from Mediterranean scrub areas with breathtaking views of the sea, to oak and chestnut groves, to beech forests at the highest altitudes. Almost every STAGE, ends in one of the picturesque villages of the Calabrian hinterland.   <\/p>\n\n<p>Given the central location of the Sanctuary of Paola along the Camino, the itinerary can also be walked only halfway, starting from one of the two ends (San Marco Argentano or Paterno Calabro) and still arriving at the Sanctuary of Paola.<\/p>\n\n<p>In fact, two itineraries are proposed for those who do not want to do the entire Camino:<br\/><em>THE YOUNGER&#8217;S WAY<\/em> San Marco Argentano \u2192 Paola<br\/><em>THE HERMIT&#8217;S WAY<\/em> Paterno Calabro <sub>\u2192\u2190 <\/sub>Paola (walkable in both directions)<\/p>\n","protected":false},"excerpt":{"rendered":"<p>It starts from the village of San Marco Argentano and arrives at the Sanctuary of Paterno Calabro, passing through Paola and the Sanctuary of St. Francis. The variety of landscapes, with changing environments and valuable biodiversity, characterizes this Walk. It goes from Mediterranean scrub areas with breathtaking views of the sea, to oak and chestnut &hellip; <a href=\"https:\/\/camminiditalia.org\/en\/cammini\/cammino-san-francesco-di-paola\/\">Continued<\/a><\/p>\n","protected":false},"featured_media":63436,"parent":0,"menu_order":0,"template":"","meta":{"_acf_changed":false,"footnotes":""},"categories":[],"class_list":["post-67945","cammini","type-cammini","status-publish","has-post-thumbnail","hentry","regioni-calabria"],"acf":{"mobile":false,"desktop":false,"app":{"bgImg":{"ID":63440,"id":63440,"title":"website_gallery (1)","filename":"website_gallery-1.png","filesize":1164923,"url":"https:\/\/media-camminiditalia.nbg1.your-objectstorage.com\/wp-content\/uploads\/2023\/08\/website_gallery-1.png","link":"https:\/\/camminiditalia.org\/en\/cammini\/cammino-san-francesco-di-paola\/website_gallery-1\/","alt":"","author":"2","description":"","caption":"","name":"website_gallery-1","status":"inherit","uploaded_to":67945,"date":"2023-08-25 10:12:55","modified":"2025-06-25 09:31:16","menu_order":0,"mime_type":"image\/png","type":"image","subtype":"png","icon":"https:\/\/camminiditalia.org\/wp-includes\/images\/media\/default.png","width":800,"height":600,"sizes":{"thumbnail":"https:\/\/media-camminiditalia.nbg1.your-objectstorage.com\/wp-content\/uploads\/2023\/08\/website_gallery-1-150x150.png","thumbnail-width":150,"thumbnail-height":150,"medium":"https:\/\/media-camminiditalia.nbg1.your-objectstorage.com\/wp-content\/uploads\/2023\/08\/website_gallery-1-300x225.png","medium-width":300,"medium-height":225,"medium_large":"https:\/\/media-camminiditalia.nbg1.your-objectstorage.com\/wp-content\/uploads\/2023\/08\/website_gallery-1-768x576.png","medium_large-width":768,"medium_large-height":576,"large":"https:\/\/media-camminiditalia.nbg1.your-objectstorage.com\/wp-content\/uploads\/2023\/08\/website_gallery-1.png","large-width":800,"large-height":600,"1536x1536":"https:\/\/media-camminiditalia.nbg1.your-objectstorage.com\/wp-content\/uploads\/2023\/08\/website_gallery-1.png","1536x1536-width":800,"1536x1536-height":600,"2048x2048":"https:\/\/media-camminiditalia.nbg1.your-objectstorage.com\/wp-content\/uploads\/2023\/08\/website_gallery-1.png","2048x2048-width":800,"2048x2048-height":600,"tc_all_events_image":"https:\/\/media-camminiditalia.nbg1.your-objectstorage.com\/wp-content\/uploads\/2023\/08\/website_gallery-1.png","tc_all_events_image-width":800,"tc_all_events_image-height":600,"woocommerce_thumbnail":"https:\/\/media-camminiditalia.nbg1.your-objectstorage.com\/wp-content\/uploads\/2023\/08\/website_gallery-1-300x300.png","woocommerce_thumbnail-width":300,"woocommerce_thumbnail-height":300,"woocommerce_single":"https:\/\/media-camminiditalia.nbg1.your-objectstorage.com\/wp-content\/uploads\/2023\/08\/website_gallery-1-600x450.png","woocommerce_single-width":600,"woocommerce_single-height":450,"woocommerce_gallery_thumbnail":"https:\/\/media-camminiditalia.nbg1.your-objectstorage.com\/wp-content\/uploads\/2023\/08\/website_gallery-1-100x100.png","woocommerce_gallery_thumbnail-width":100,"woocommerce_gallery_thumbnail-height":100}},"title":"Discover our app!","text":"<p>With Cammini d&#8217;Italia&#8217;s free app, you can plan and walk the <span style=\"font-weight: 400;\"> Cammino San Francesco di Paola <\/span>in total safety, being able to plan the stages in detail and walk the route thanks to the built-in GPS technology that supports your orientation during your adventure.<\/p>\n<p>\u00a0<\/p>\n<p>Within the app you will find many other paths present in Italy. Thanks to the georeferenced tracks of many routes you will be able to study the itinerary that suits you best and also download the GPX tracks of the individual STAGEs offline. <\/p>\n<p>\u00a0<\/p>\n<p>The app also includes a complete digital map of all the paths surveyed to date on our portal, giving you a wide range of choices among the many paths in the Belpaese.<\/p>\n<p>\u2800\u2800<\/p>\n<p>Cammini d&#8217;Italia is the perfect app for those who want to explore the beauty of Italy on foot, discovering hidden places surrounded by nature. Download it for free today and start planning your next adventure! <\/p>\n<p>\u2800<\/p>\n<p>\u2800<\/p>\n<p><a href=\"https:\/\/apps.apple.com\/it\/app\/cammini-di-italia\/id1643119047\" target=\"_blank\" rel=\"noopener\"><img loading=\"lazy\" decoding=\"async\" class=\"alignnone wp-image-23502\" src=\"https:\/\/camminiditalia.org\/wp-content\/uploads\/s3fra1:\/\/camministorage\/wp-content\/uploads\/2023\/04\/apple-300x95.png\" alt=\"\" width=\"190\" height=\"60\" srcset=\"https:\/\/media-camminiditalia.nbg1.your-objectstorage.com\/wp-content\/uploads\/2023\/04\/apple-300x95.png 300w, https:\/\/media-camminiditalia.nbg1.your-objectstorage.com\/wp-content\/uploads\/2023\/04\/apple.png 600w, https:\/\/media-camminiditalia.nbg1.your-objectstorage.com\/wp-content\/uploads\/2023\/04\/apple-1024x323.png 1024w, https:\/\/media-camminiditalia.nbg1.your-objectstorage.com\/wp-content\/uploads\/2023\/04\/apple-768x242.png 768w, https:\/\/media-camminiditalia.nbg1.your-objectstorage.com\/wp-content\/uploads\/2023\/04\/apple.png 1109w\" sizes=\"auto, (max-width: 190px) 100vw, 190px\" \/><\/a>  \u2800\u2800\u2800<a href=\"https:\/\/play.google.com\/store\/apps\/details?id=it.webmapp.cammini&#038;hl=en_US\" target=\"_blank\" rel=\"noopener\"><img loading=\"lazy\" decoding=\"async\" class=\"alignnone wp-image-23503\" src=\"https:\/\/camminiditalia.org\/wp-content\/uploads\/s3fra1:\/\/camministorage\/wp-content\/uploads\/2023\/04\/google-play-300x93.png\" alt=\"\" width=\"193\" height=\"60\" srcset=\"https:\/\/media-camminiditalia.nbg1.your-objectstorage.com\/wp-content\/uploads\/2023\/04\/google-play-300x93.png 300w, https:\/\/media-camminiditalia.nbg1.your-objectstorage.com\/wp-content\/uploads\/2023\/04\/google-play.png 600w, https:\/\/media-camminiditalia.nbg1.your-objectstorage.com\/wp-content\/uploads\/2023\/04\/google-play-1024x318.png 1024w, https:\/\/media-camminiditalia.nbg1.your-objectstorage.com\/wp-content\/uploads\/2023\/04\/google-play-768x239.png 768w, https:\/\/media-camminiditalia.nbg1.your-objectstorage.com\/wp-content\/uploads\/2023\/04\/google-play.png 1106w\" sizes=\"auto, (max-width: 193px) 100vw, 193px\" \/><\/a><\/p>\n","img":{"ID":64345,"id":64345,"title":"app-discounted","filename":"app-scontornata.webp","filesize":36370,"url":"https:\/\/media-camminiditalia.nbg1.your-objectstorage.com\/wp-content\/uploads\/2023\/04\/app-scontornata.webp","link":"https:\/\/camminiditalia.org\/en\/cammini\/grande-traversata-elbana\/app-scontornata-3\/","alt":"","author":"2","description":"","caption":"","name":"app-scontornata-3","status":"inherit","uploaded_to":67634,"date":"2024-02-03 23:22:32","modified":"2025-06-24 14:21:54","menu_order":0,"mime_type":"image\/webp","type":"image","subtype":"webp","icon":"https:\/\/camminiditalia.org\/wp-includes\/images\/media\/default.png","width":383,"height":569,"sizes":{"thumbnail":"https:\/\/media-camminiditalia.nbg1.your-objectstorage.com\/wp-content\/uploads\/2023\/04\/app-scontornata-150x150.webp","thumbnail-width":150,"thumbnail-height":150,"medium":"https:\/\/media-camminiditalia.nbg1.your-objectstorage.com\/wp-content\/uploads\/2023\/04\/app-scontornata-202x300.webp","medium-width":202,"medium-height":300,"medium_large":"https:\/\/media-camminiditalia.nbg1.your-objectstorage.com\/wp-content\/uploads\/2023\/04\/app-scontornata.webp","medium_large-width":383,"medium_large-height":569,"large":"https:\/\/media-camminiditalia.nbg1.your-objectstorage.com\/wp-content\/uploads\/2023\/04\/app-scontornata.webp","large-width":383,"large-height":569,"1536x1536":"https:\/\/media-camminiditalia.nbg1.your-objectstorage.com\/wp-content\/uploads\/2023\/04\/app-scontornata.webp","1536x1536-width":383,"1536x1536-height":569,"2048x2048":"https:\/\/media-camminiditalia.nbg1.your-objectstorage.com\/wp-content\/uploads\/2023\/04\/app-scontornata.webp","2048x2048-width":383,"2048x2048-height":569,"tc_all_events_image":"https:\/\/media-camminiditalia.nbg1.your-objectstorage.com\/wp-content\/uploads\/2023\/04\/app-scontornata.webp","tc_all_events_image-width":383,"tc_all_events_image-height":569,"woocommerce_thumbnail":"https:\/\/media-camminiditalia.nbg1.your-objectstorage.com\/wp-content\/uploads\/2023\/04\/app-scontornata-300x300.webp","woocommerce_thumbnail-width":300,"woocommerce_thumbnail-height":300,"woocommerce_single":"https:\/\/media-camminiditalia.nbg1.your-objectstorage.com\/wp-content\/uploads\/2023\/04\/app-scontornata.webp","woocommerce_single-width":383,"woocommerce_single-height":569,"woocommerce_gallery_thumbnail":"https:\/\/media-camminiditalia.nbg1.your-objectstorage.com\/wp-content\/uploads\/2023\/04\/app-scontornata-100x100.webp","woocommerce_gallery_thumbnail-width":100,"woocommerce_gallery_thumbnail-height":100}},"linkBtn":{"title":"","url":"","target":"","0":""},"textBtn":""},"diaries":{"diary":[{"ID":45405,"post_author":"2","post_date":"2025-03-10 10:00:00","post_date_gmt":"2025-03-10 09:00:00","post_content":"<!-- wp:paragraph -->\n<p><em>Un viaggio tra fede, natura e scoperta: Stefania ci porta con s\u00e9 lungo la Via del Giovane, un tratto del Cammino di San Francesco di Paola immerso nei boschi della Calabria, dove il tempo sembra essersi fermato. In questo diario Stefania ci racconta di una ricerca profonda: non solo del sentiero tracciato, ma dell\u2019essenza e dell\u2019essenziale nella vita. Un racconto di passi, di sfide e di meraviglia, che ti invita a seguire il sole e a riscoprire la bellezza dell\u2019umilt\u00e0 e della semplicit\u00e0, proprio come gli insegnamenti che San Francesco ci ha lasciato. Preparati a lasciarti ispirare e a sognare nuove vie da percorrere!<\/em><\/p>\n<!-- \/wp:paragraph -->\n\n<!-- wp:heading {\"level\":3} -->\n<h3 class=\"wp-block-heading\"><em><strong><mark style=\"background-color:rgba(0, 0, 0, 0)\" class=\"has-inline-color has-cm-orange-color\">Hai voglia di condividere la tua esperienza di cammino con la nostra community? Inviaci una mail a <a>info@camminiditalia.org<\/a> e ti invieremo tutte le informazioni necessarie per raccontare la tua avventura. Se preferisci, puoi anche unirti alla nostra <a href=\"https:\/\/www.facebook.com\/groups\/camminiditalia\">Community su Facebook<\/a> e condividere direttamente il tuo racconto l\u00ec.<\/mark><\/strong><\/em><\/h3>\n<!-- \/wp:heading -->\n\n<!-- wp:heading {\"level\":3} -->\n<h3 class=\"wp-block-heading\"><em><strong><mark style=\"background-color:rgba(0, 0, 0, 0)\" class=\"has-inline-color has-cm-orange-color\">E se vuoi essere sicuro di non perderti durante il tuo sentiero, ricorda di scaricare l\u2019app di Cammini d\u2019Italia prima di partire! Con essa avrai a disposizione tutte le tracce gpx di molti cammini italiani e potrai navigare facilmente, anche offline. Scopri di pi\u00f9 <a href=\"https:\/\/camminiditalia.org\/app-cammini-d-italia\/\">a questo link!<\/a><\/mark><\/strong><\/em><\/h3>\n<!-- \/wp:heading -->\n\n<!-- wp:paragraph -->\n<p>Il 2024 \u00e8 il secondo anno in cui decido di trascorrere i giorni di festivit\u00e0 natalizie in cammino. S\u00ec, proprio a inverno iniziato. Vi assicuro che non \u00e8 una fuga dai banchetti natalizi calabresi con i parenti che ti vogliono inchiodata alla sedia accanto a loro (pi\u00f9 o meno giustamente, dopo un periodo di lontananza), ma \u00e8 un modo per risintonizzarmi sull\u2019essenza e sull\u2019essenziale della vita. Questa mia nuova \u201ctradizione\u201d \u00e8 un momento di riscoperta della terra in cui sono nata e in cui ho vissuto buona parte dei miei anni: la Calabria. Spero di rinnovare questa usanza anche in futuro.<\/p>\n<!-- \/wp:paragraph -->\n\n<!-- wp:paragraph -->\n<p>Ricercando sul web i cammini presenti in Calabria, trovo il <strong><a href=\"https:\/\/camminiditalia.org\/cammini\/cammino-san-francesco-di-paola\/\">Cammino di San Francesco di Paola.<\/a><\/strong> Nel 2019 visitai il santuario di Paola e ricordo di essere rimasta molto affascinata dall\u2019energia del luogo e dalla storia del santo. Sento un forte richiamo a mettermi in cammino su questi sentieri e, con entusiasmo, scrivo subito un\u2019email per avere maggiori informazioni sulle diverse vie dell\u2019intero cammino e sulla loro percorribilit\u00e0 in periodo invernale. Scelgo quindi la <strong><a href=\"https:\/\/www.ilcamminodisanfrancesco.it\/via_del_giovane.html\">Via del Giovane<\/a><\/strong>, un percorso di circa 50 km attraverso i meravigliosi boschi della Catena Costiera, in provincia di Cosenza. In questa avventura mi accompagna e supporta mia sorella, Claudia, che ringrazio infinitamente per la sua costante presenza al mio fianco.<\/p>\n<!-- \/wp:paragraph -->\n\n<!-- wp:paragraph -->\n<p><strong><em>Se sei curioso\/a di scoprire altri cammini in Calabria, abbiamo scritto un articolo che ne parla! <a href=\"https:\/\/camminiditalia.org\/cammini-in-calabria\/\">Clicca qui <\/a>e preparati a partire!<\/em><\/strong><\/p>\n<!-- \/wp:paragraph -->\n\n<!-- wp:heading -->\n<h2 class=\"wp-block-heading\"><strong>Tappa 01: San Marco Argentano - Cerzeto<\/strong><\/h2>\n<!-- \/wp:heading -->\n\n<!-- wp:paragraph -->\n<p>Arriviamo a San Marco Argentano la sera di Natale. \u00c8 gi\u00e0 buio e nel paese ci sono poche anime in giro, complice il giorno di festa e l\u2019aria fredda. Dopo aver preso l\u2019alloggio per la notte e ritirato le credenziali, andiamo a fare un giro in paese. Purtroppo, la Torre e la Cattedrale normanna sono chiuse, ma ce lo aspettavamo vista l\u2019ora e il giorno di festivit\u00e0. Le visitiamo da fuori e leggiamo sulla <strong><a href=\"https:\/\/camminiditalia.shop\/product\/guida-cammino-di-san-francesco-di-paola\/\">guida di Terre di Mezzo<\/a><\/strong> \u2013 un acquisto prezioso e consigliatissimo \u2013 storie e leggende affascinanti e misteriose. <\/p>\n<!-- \/wp:paragraph -->\n\n<!-- wp:paragraph -->\n<p>Cerchiamo un posto al caldo per pianificare la partenza dell\u2019indomani e troviamo un bistrot, dove incontriamo dei ragazzi del luogo, tra cui Giulio, che ci racconta con entusiasmo di quanto sia bello il cammino e anche di altri sentieri nei dintorni di San Marco che, con un gruppo di amici, sta cercando di recuperare e valorizzare.<\/p>\n<!-- \/wp:paragraph -->\n\n<!-- wp:paragraph -->\n<p>L\u2019indomani, Santo Stefano (con tanti auguri di buon onomastico a me), si parte! Entriamo nella Chiesa della Riforma, convento francescano frequentato per un anno dal giovane Francesco di Paola all\u2019et\u00e0 di 14 anni. Mi ha colpito molto il coraggio di Francesco: nonostante la sua vocazione, dopo un solo anno lasci\u00f2 il convento per cercare altre vie per avvicinarsi a Dio. Da qui intraprese poi la scelta di vivere da eremita per un periodo di tempo. A questa esperienza \u00e8 dedicata un\u2019altra via del Cammino di San Francesco, chiamata la Via dell\u2019Eremita, che \u00e8 gi\u00e0 nella lista dei miei prossimi cammini.<\/p>\n<!-- \/wp:paragraph -->\n\n<!-- wp:heading {\"level\":3} -->\n<h3 class=\"wp-block-heading\"><strong><em>Con la lista dei prossimi cammini da fare ti aiutiamo noi! Abbiamo scritto un <a href=\"https:\/\/camminiditalia.shop\/product\/atlante-cammini-d-italia\/\">Atlante <\/a>con pi\u00f9 di 100 sentieri in tutta Italia. Ora non hai pi\u00f9 scuse, zaino, scarpe e via!<\/em><\/strong><\/h3>\n<!-- \/wp:heading -->\n\n<!-- wp:paragraph -->\n<p>Uscendo dalla chiesa, troviamo il primo cippo che segna la distanza dal Santuario di Paola: 49 km. Iniziamo a camminare e optiamo per la variante di valle, perch\u00e9 ci piace attraversare i borghi. Davanti a noi si apre la vista di un parco eolico con una serie di pale attive. Di vento ce n\u2019\u00e8 abbastanza e la nostra camminata inizia sotto un cielo azzurro. Arriviamo a Mongrassano, un piccolo borgo, dove ci fermiamo al bar della piazzetta per una breve sosta. <\/p>\n<!-- \/wp:paragraph -->\n\n<!-- wp:paragraph -->\n<p>Ci sediamo per un t\u00e8 caldo e la signora del bar, gentilissima, ci offre del panettone a fette gi\u00e0 pronte sul bancone, che aspettava solo di essere mangiato. Questo bar sembra sospeso nel tempo, con un\u2019atmosfera anni \u201980 che resiste in Calabria. Dopo aver rinnovato gli auguri di buone feste, usciamo e inizia la parte pi\u00f9 \u201cselvaggia\u201d della prima tappa.<\/p>\n<!-- \/wp:paragraph -->\n\n<!-- wp:paragraph -->\n<p>Ci avventuriamo in sentieri di campagna, dove le propriet\u00e0 sono delimitate da recinzioni improvvisate, tra cui porte nel vuoto e brande erette a mo\u2019 di cancelli. Poco alla volta, in lontananza, scorgiamo Cavallerizzo nuova, un agglomerato di edifici bianchi che si staglia nel paesaggio. Avvicinandoci, capiamo di essere nei pressi di Cavallerizzo vecchia. Il cielo si copre di nubi e ci troviamo davanti a case abbandonate e macerie: una zona rossa, frutto di un movimento franoso avvenuto nel marzo del 2005. Tutto \u00e8 silenzio e sembra fermo a quel momento. <\/p>\n<!-- \/wp:paragraph -->\n\n<!-- wp:paragraph -->\n<p>Le case aperte raccontano ancora il dolore dell\u2019abbandono. Lentamente e in silenzio ritorniamo sul percorso. Incontriamo un cane maremmano \u2013 compagno immancabile in ogni cammino \u2013 che ci abbaia contro ma ci lascia passare rispettosamente. Proseguiamo verso San Giacomo, frazione di Cerzeto, dove un murales in piazza ci ricorda che siamo in un borgo arb\u00ebresh\u00eb, una comunit\u00e0 di origine albanese insediatasi in Italia nel XV secolo. Dopo una breve sosta, riprendiamo il cammino verso Cerzeto.<\/p>\n<!-- \/wp:paragraph -->\n\n<!-- wp:paragraph -->\n<p>Lungo la strada troviamo murales colorati che raccontano la storia del luogo. Arrivate, veniamo ospitate da Angela, che ci accoglie con una tavola ricca e pronta per la colazione dell\u2019indomani. Assaggiamo subito i \u201cturdilli\u201d, dolci tipici locali che ci accompagneranno anche nella tappa successiva.<\/p>\n<!-- \/wp:paragraph -->\n\n<!-- wp:image {\"id\":45420,\"width\":\"578px\",\"height\":\"auto\",\"sizeSlug\":\"large\",\"linkDestination\":\"none\"} -->\n<figure class=\"wp-block-image size-large is-resized\"><img src=\"https:\/\/camminiditalia.org\/wp-content\/uploads\/2025\/01\/4.-Tappa-1-arrivo-a-Cerzeto-Angela-ci-fotografa-per-il-suo-diario-768x1024.jpeg\" alt=\"\" class=\"wp-image-45420\" style=\"width:578px;height:auto\"\/><figcaption class=\"wp-element-caption\">Arrivo a Cerzeto<\/figcaption><\/figure>\n<!-- \/wp:image -->\n\n<!-- wp:heading -->\n<h2 class=\"wp-block-heading\"><strong>Tappa 02: Cerzeto - Cinquemiglia di Fuscaldo<\/strong><\/h2>\n<!-- \/wp:heading -->\n\n<!-- wp:paragraph -->\n<p>\u201cDomani troverete cinghiali e lupi\u201d ci avevano detto a Cerzeto, \u201ce anche la neve. Partite presto. Ma sarete da sole?\u201d Devo ammettere che queste parole sono state un\u2019ottima sveglia. Partiamo presto, perch\u00e9 ci aspetta una tappa completamente immersa nel bosco e vogliamo arrivare a destinazione prima che faccia buio.<\/p>\n<!-- \/wp:paragraph -->\n\n<!-- wp:paragraph -->\n<p>Lasciamo il borgo di Cerzeto e iniziamo a salire, salire, salire. La giornata \u00e8 ancora pi\u00f9 limpida della precedente. Ogni tanto sentiamo qualche grugnito in lontananza, ci fermiamo a guardarci interrogative, ma poi tutto torna silenzioso. Dopo un po\u2019, troviamo un cartello che segnala una deviazione verso il Patriarca Kroj Shtik\u00e0n. La salita \u00e8 ripida, i nostri passi affondano in un mare di foglie secche, ma ne vale la pena. <\/p>\n<!-- \/wp:paragraph -->\n\n<!-- wp:paragraph -->\n<p><strong><em>Abbiamo scritto un articolo per parlarti dei migliori cammini da percorrere in inverno. <a href=\"https:\/\/camminiditalia.org\/cammini-in-inverno\/\">Clicca qui.<\/a><\/em><\/strong><\/p>\n<!-- \/wp:paragraph -->\n\n<!-- wp:paragraph -->\n<p>Davanti a noi si erge un castagno monumentale, un essere vivente di almeno 1.000 anni. Penso tra me e me: \u201cQuesto albero ne ha viste e sentite di storie umane...quanto siamo insignificanti di fronte a tanta sapienza!\u201d. Entriamo letteralmente dentro il tronco cavo del Patriarca, quasi in una sorta di abbraccio.<\/p>\n<!-- \/wp:paragraph -->\n\n<!-- wp:paragraph -->\n<p>Dopo questa esperienza toccante, proseguiamo lungo il sentiero. Lasciamo il bosco di castagni e ci addentriamo in una faggeta infinita. Lungo il cammino troviamo aree da picnic e sorgenti d\u2019acqua, ma non ancora il nostro obiettivo: il Faggio di San Francesco. Si tratta di un albero di almeno 600 anni, sotto il quale Francesco si riparava durante i suoi spostamenti da San Marco a Paola. Dopo aver camminato a lungo nella faggeta, ammirando i giochi di luce tra i rami e il vento che li culla come fosse un mare, finalmente arriviamo all\u2019area sacra dove si trova il Faggio di San Francesco.<\/p>\n<!-- \/wp:paragraph -->\n\n<!-- wp:image {\"id\":45424,\"width\":\"578px\",\"height\":\"auto\",\"sizeSlug\":\"large\",\"linkDestination\":\"none\"} -->\n<figure class=\"wp-block-image size-large is-resized\"><img src=\"https:\/\/camminiditalia.org\/wp-content\/uploads\/2025\/01\/2-3-819x1024.webp\" alt=\"\" class=\"wp-image-45424\" style=\"width:578px;height:auto\"\/><figcaption class=\"wp-element-caption\">Faggio di San Francesco<\/figcaption><\/figure>\n<!-- \/wp:image -->\n\n<!-- wp:paragraph -->\n<p>Qui il tempo sembra fermarsi. L\u2019edicola con la statua del santo, le panche disposte come in una cappella nel bosco, il silenzio circostante: tutto invita alla contemplazione. Ci fermiamo a spizzicare mandarini e turdilli, lasciandoci avvolgere dall\u2019atmosfera del luogo. Riprendiamo il cammino attraversando piccoli corsi d\u2019acqua che tagliano il sentiero e un gigantesco masso ricoperto di muschio e felci, che sembra un antico guardiano del bosco.<\/p>\n<!-- \/wp:paragraph -->\n\n<!-- wp:paragraph -->\n<p>Arriviamo infine al rifugio del Bosco di Cinquemiglia di Fuscaldo, chiuso durante il periodo invernale. Qui ci aspetta Piero, che ci accompagna in auto fino a Fuscaldo, a circa 10 km di distanza. Durante il tragitto, Piero ci racconta del borgo dei cento portali, sede della scuola di scalpellini e citt\u00e0 natale di Vienna, madre di Francesco. Dopo aver lasciato gli zaini nel nostro alloggio, ci affrettiamo a uscire per non perdere il tramonto sul mare. Lo spettacolo del sole che cala dietro lo Stromboli \u00e8 mozzafiato.<\/p>\n<!-- \/wp:paragraph -->\n\n<!-- wp:paragraph -->\n<p>Fuscaldo \u00e8 animato da vari presepi e scopriamo che ce n\u2019\u00e8 uno permanente nel municipio, i cui personaggi sono modellati sugli abitanti del paese. Ci perdiamo tra i vicoli, osservando i portali decorati. Quando cala il buio, la stanchezza si fa sentire, ma una gustosissima pizza ci d\u00e0 l\u2019energia per pianificare la tappa del giorno seguente.<\/p>\n<!-- \/wp:paragraph -->\n\n<!-- wp:image {\"id\":45425,\"width\":\"585px\",\"height\":\"auto\",\"sizeSlug\":\"large\",\"linkDestination\":\"none\"} -->\n<figure class=\"wp-block-image size-large is-resized\"><img src=\"https:\/\/camminiditalia.org\/wp-content\/uploads\/2025\/01\/3-4-819x1024.webp\" alt=\"\" class=\"wp-image-45425\" style=\"width:585px;height:auto\"\/><figcaption class=\"wp-element-caption\">Fuscaldo e lo Stromboli<\/figcaption><\/figure>\n<!-- \/wp:image -->\n\n<!-- wp:heading -->\n<h2 class=\"wp-block-heading\"><strong>Tappa 03: Cinquemiglia di Fuscaldo - Paola<\/strong><\/h2>\n<!-- \/wp:heading -->\n\n<!-- wp:paragraph -->\n<p>Appuntamento di prima mattina. Un gruppo di escursionisti locali ci accompagna alla tappa, lasciandoci direttamente al laghicello per evitare un tratto di strada asfaltata. Il lago, circondato dalla natura, ospita un anfibio di origine preistorica, il tritone alpestre. La mattina \u00e8 fredda, e dopo una rapida foto di rito riprendiamo subito il cammino.<\/p>\n<!-- \/wp:paragraph -->\n\n<!-- wp:paragraph -->\n<p>Iniziamo a salire tra i faggi. Le tracce di cinghiali e cacciatori sono evidenti, ma noi andiamo avanti, entusiaste. All\u2019improvviso, ci sorprendiamo per i primi sprazzi di neve. Il paesaggio diventa incantato, il vento soffia forte e freddo. Arriviamo a un bivio con le indicazioni per il Monte Palazzello, dove il vento sembra volerci spazzare via. Fa freddo, ma continuiamo con determinazione.<\/p>\n<!-- \/wp:paragraph -->\n\n<!-- wp:image {\"id\":45426,\"width\":\"583px\",\"height\":\"auto\",\"sizeSlug\":\"large\",\"linkDestination\":\"none\"} -->\n<figure class=\"wp-block-image size-large is-resized\"><img src=\"https:\/\/camminiditalia.org\/wp-content\/uploads\/2025\/01\/4-4-819x1024.webp\" alt=\"\" class=\"wp-image-45426\" style=\"width:583px;height:auto\"\/><figcaption class=\"wp-element-caption\">Monumento di San Francesco - Monte Palazzello<\/figcaption><\/figure>\n<!-- \/wp:image -->\n\n<!-- wp:paragraph -->\n<p><strong><em>Terrore di come affrontare la neve in cammino? Se stai pensando di affrontare un cammino in inverno scopri i <a href=\"https:\/\/camminiditalia.org\/12-consigli-per-camminare-in-inverno\/\">12 consigli essenziali<\/a> per goderti al massimo l\u2019avventura, tra panorami innevati e preparazione impeccabile!<\/em><\/strong><\/p>\n<!-- \/wp:paragraph -->\n\n<!-- wp:paragraph -->\n<p>Dalla cima si apre un panorama mozzafiato: mare e monti a 360 gradi. Non sappiamo dove guardare, ogni lato sembra pi\u00f9 bello dell\u2019altro. Dopo aver scattato qualche foto e aver timbrato le credenziali, proseguiamo sul crinale fino a raggiungere Cozzo Cervello, il punto pi\u00f9 alto del percorso, a quasi 1.400 metri. Qui la neve \u00e8 pi\u00f9 fitta, e troviamo un altro timbro per le <strong><a href=\"https:\/\/camminiditalia.org\/credenziale-del-camminatore\/\">credenziali<\/a><\/strong>.<\/p>\n<!-- \/wp:paragraph -->\n\n<!-- wp:paragraph -->\n<p>Inizia la discesa nella faggeta, seguendo i simboli del cammino: un sole giallo dipinto sugli alberi. Lasciamo lentamente il bosco, passando da faggi a pini e abeti. Incontriamo alcuni cacciatori che, incuriositi, ci chiedono informazioni sul cammino. Sono stupiti dal nostro viaggio. Proseguiamo ancora, fino a scorgere finalmente Paola e il mare.<\/p>\n<!-- \/wp:paragraph -->\n\n<!-- wp:paragraph -->\n<p>Arrivate in paese, ci dirigiamo verso il santuario, passando da un ponticello che sembra un confine tra il mondo naturale e quello urbano. L\u2019emozione cresce quando vediamo il santuario da vicino. Sul cippo del km 0 leggiamo una frase di San Francesco: \u201cPer carit\u00e0, devi venire pi\u00f9 spesso da queste parti\u201d. Visitiamo il santuario, ritiriamo il Testimonium e ci sentiamo piene di gratitudine. Anche se non siamo riuscite a incontrare tutti i referenti di tappa, sapere che ci sono persone dedicate a promuovere questi luoghi ci riempie di speranza.<\/p>\n<!-- \/wp:paragraph -->\n\n<!-- wp:image {\"id\":45427,\"width\":\"583px\",\"height\":\"auto\",\"sizeSlug\":\"large\",\"linkDestination\":\"none\"} -->\n<figure class=\"wp-block-image size-large is-resized\"><img src=\"https:\/\/camminiditalia.org\/wp-content\/uploads\/2025\/01\/7-1-819x1024.png\" alt=\"\" class=\"wp-image-45427\" style=\"width:583px;height:auto\"\/><figcaption class=\"wp-element-caption\">L'arrivo al Santuario di Paola<\/figcaption><\/figure>\n<!-- \/wp:image -->\n\n<!-- wp:heading -->\n<h2 class=\"wp-block-heading\"><strong>Riflessioni e ringraziamenti<\/strong><\/h2>\n<!-- \/wp:heading -->\n\n<!-- wp:paragraph -->\n<p>Seguendo i passi di Francesco lungo la Via del Giovane, sono entrata in contatto con uno spazio di semplicit\u00e0, umilt\u00e0 e fede, tre alleate indispensabili per camminare nella vita con passo fermo verso il proprio fuoco interiore. Questo cammino non \u00e8 stato soltanto un viaggio attraverso la natura incontaminata, i borghi autentici e la spiritualit\u00e0 dei luoghi, ma anche un\u2019opportunit\u00e0 per riconnettermi con me stessa e con ci\u00f2 che davvero conta.<\/p>\n<!-- \/wp:paragraph -->\n\n<!-- wp:paragraph -->\n<p>Molte immagini di questo percorso continuano a accompagnarmi anche ora, mentre torno alla quotidianit\u00e0. Dai boschi silenziosi agli incontri speciali, dalle difficolt\u00e0 superate alla bellezza pura del panorama, ogni dettaglio mi parla ancora. Una frase, semplice e potente, risuona dentro di me, animando ogni nuovo istante: <strong>\u201cSegui il Sole!\u201d<\/strong> Questo \u00e8 il piccolo <strong><a href=\"https:\/\/www.youtube.com\/watch?v=Q3kEpmZMBU0\">video<\/a><\/strong> della nostra avventura sulla Via del Giovane.<\/p>\n<!-- \/wp:paragraph -->\n\n<!-- wp:paragraph -->\n<p>Grazie a tutti voi per esserci, per camminare e condividere nuove vie in questo meraviglioso mondo.<\/p>\n<!-- \/wp:paragraph -->","post_title":"Seguendo i passi di San Francesco da Paola verso l'essenza: la Via del Giovane di Stefania","post_excerpt":"","post_status":"publish","comment_status":"open","ping_status":"open","post_password":"","post_name":"seguendo-i-passi-di-san-francesco-da-paola-verso-lessenza-la-via-del-giovane-di-stefania","to_ping":"","pinged":"","post_modified":"2025-01-21 15:45:15","post_modified_gmt":"2025-01-21 14:45:15","post_content_filtered":"","post_parent":0,"guid":"https:\/\/camminiditalia.org\/?p=45405","menu_order":0,"post_type":"post","post_mime_type":"","comment_count":"0","filter":"raw"}]},"gallery":{"images":[{"img":{"ID":89192,"id":89192,"title":"3_3_11zon","filename":"3_3_11zon-1.webp","filesize":74738,"url":"https:\/\/media-camminiditalia.nbg1.your-objectstorage.com\/2023\/08\/3_3_11zon-1.webp","link":"https:\/\/camminiditalia.org\/en\/cammini\/cammino-san-francesco-di-paola\/3_3_11zon-25\/","alt":"","author":"2","description":"","caption":"Tappa 01: La Benedetta","name":"3_3_11zon-25","status":"inherit","uploaded_to":67945,"date":"2026-02-18 09:16:22","modified":"2026-02-18 09:16:22","menu_order":0,"mime_type":"image\/webp","type":"image","subtype":"webp","icon":"https:\/\/camminiditalia.org\/wp-includes\/images\/media\/default.png","width":800,"height":600,"sizes":{"thumbnail":"https:\/\/media-camminiditalia.nbg1.your-objectstorage.com\/2023\/08\/3_3_11zon-1-150x150.webp","thumbnail-width":150,"thumbnail-height":150,"medium":"https:\/\/media-camminiditalia.nbg1.your-objectstorage.com\/2023\/08\/3_3_11zon-1-300x225.webp","medium-width":300,"medium-height":225,"medium_large":"https:\/\/media-camminiditalia.nbg1.your-objectstorage.com\/2023\/08\/3_3_11zon-1-768x576.webp","medium_large-width":768,"medium_large-height":576,"large":"https:\/\/media-camminiditalia.nbg1.your-objectstorage.com\/2023\/08\/3_3_11zon-1.webp","large-width":800,"large-height":600,"1536x1536":"https:\/\/media-camminiditalia.nbg1.your-objectstorage.com\/2023\/08\/3_3_11zon-1.webp","1536x1536-width":800,"1536x1536-height":600,"2048x2048":"https:\/\/media-camminiditalia.nbg1.your-objectstorage.com\/2023\/08\/3_3_11zon-1.webp","2048x2048-width":800,"2048x2048-height":600,"tc_all_events_image":"https:\/\/media-camminiditalia.nbg1.your-objectstorage.com\/2023\/08\/3_3_11zon-1.webp","tc_all_events_image-width":800,"tc_all_events_image-height":600,"woocommerce_thumbnail":"https:\/\/media-camminiditalia.nbg1.your-objectstorage.com\/2023\/08\/3_3_11zon-1-300x300.webp","woocommerce_thumbnail-width":300,"woocommerce_thumbnail-height":300,"woocommerce_single":"https:\/\/media-camminiditalia.nbg1.your-objectstorage.com\/2023\/08\/3_3_11zon-1-600x450.webp","woocommerce_single-width":600,"woocommerce_single-height":450,"woocommerce_gallery_thumbnail":"https:\/\/media-camminiditalia.nbg1.your-objectstorage.com\/2023\/08\/3_3_11zon-1-100x100.webp","woocommerce_gallery_thumbnail-width":100,"woocommerce_gallery_thumbnail-height":100}}},{"img":{"ID":89214,"id":89214,"title":"25_25_11zon","filename":"25_25_11zon.webp","filesize":112018,"url":"https:\/\/media-camminiditalia.nbg1.your-objectstorage.com\/2023\/08\/25_25_11zon.webp","link":"https:\/\/camminiditalia.org\/en\/cammini\/cammino-san-francesco-di-paola\/25_25_11zon-3\/","alt":"","author":"2","description":"","caption":"Tappa 01: lungo il sentiero. Sullo sfondo il borgo di Mongrassano","name":"25_25_11zon-3","status":"inherit","uploaded_to":67945,"date":"2026-02-18 09:20:32","modified":"2026-02-18 09:20:32","menu_order":0,"mime_type":"image\/webp","type":"image","subtype":"webp","icon":"https:\/\/camminiditalia.org\/wp-includes\/images\/media\/default.png","width":800,"height":600,"sizes":{"thumbnail":"https:\/\/media-camminiditalia.nbg1.your-objectstorage.com\/2023\/08\/25_25_11zon-150x150.webp","thumbnail-width":150,"thumbnail-height":150,"medium":"https:\/\/media-camminiditalia.nbg1.your-objectstorage.com\/2023\/08\/25_25_11zon-300x225.webp","medium-width":300,"medium-height":225,"medium_large":"https:\/\/media-camminiditalia.nbg1.your-objectstorage.com\/2023\/08\/25_25_11zon-768x576.webp","medium_large-width":768,"medium_large-height":576,"large":"https:\/\/media-camminiditalia.nbg1.your-objectstorage.com\/2023\/08\/25_25_11zon.webp","large-width":800,"large-height":600,"1536x1536":"https:\/\/media-camminiditalia.nbg1.your-objectstorage.com\/2023\/08\/25_25_11zon.webp","1536x1536-width":800,"1536x1536-height":600,"2048x2048":"https:\/\/media-camminiditalia.nbg1.your-objectstorage.com\/2023\/08\/25_25_11zon.webp","2048x2048-width":800,"2048x2048-height":600,"tc_all_events_image":"https:\/\/media-camminiditalia.nbg1.your-objectstorage.com\/2023\/08\/25_25_11zon.webp","tc_all_events_image-width":800,"tc_all_events_image-height":600,"woocommerce_thumbnail":"https:\/\/media-camminiditalia.nbg1.your-objectstorage.com\/2023\/08\/25_25_11zon-300x300.webp","woocommerce_thumbnail-width":300,"woocommerce_thumbnail-height":300,"woocommerce_single":"https:\/\/media-camminiditalia.nbg1.your-objectstorage.com\/2023\/08\/25_25_11zon-600x450.webp","woocommerce_single-width":600,"woocommerce_single-height":450,"woocommerce_gallery_thumbnail":"https:\/\/media-camminiditalia.nbg1.your-objectstorage.com\/2023\/08\/25_25_11zon-100x100.webp","woocommerce_gallery_thumbnail-width":100,"woocommerce_gallery_thumbnail-height":100}}},{"img":{"ID":89193,"id":89193,"title":"4_4_11zon","filename":"4_4_11zon-1.webp","filesize":78222,"url":"https:\/\/media-camminiditalia.nbg1.your-objectstorage.com\/2023\/08\/4_4_11zon-1.webp","link":"https:\/\/camminiditalia.org\/en\/cammini\/cammino-san-francesco-di-paola\/4_4_11zon-30\/","alt":"","author":"2","description":"","caption":"Tappa 01: borgo di San Marco Argentano","name":"4_4_11zon-30","status":"inherit","uploaded_to":67945,"date":"2026-02-18 09:16:31","modified":"2026-02-18 09:16:31","menu_order":0,"mime_type":"image\/webp","type":"image","subtype":"webp","icon":"https:\/\/camminiditalia.org\/wp-includes\/images\/media\/default.png","width":800,"height":600,"sizes":{"thumbnail":"https:\/\/media-camminiditalia.nbg1.your-objectstorage.com\/2023\/08\/4_4_11zon-1-150x150.webp","thumbnail-width":150,"thumbnail-height":150,"medium":"https:\/\/media-camminiditalia.nbg1.your-objectstorage.com\/2023\/08\/4_4_11zon-1-300x225.webp","medium-width":300,"medium-height":225,"medium_large":"https:\/\/media-camminiditalia.nbg1.your-objectstorage.com\/2023\/08\/4_4_11zon-1-768x576.webp","medium_large-width":768,"medium_large-height":576,"large":"https:\/\/media-camminiditalia.nbg1.your-objectstorage.com\/2023\/08\/4_4_11zon-1.webp","large-width":800,"large-height":600,"1536x1536":"https:\/\/media-camminiditalia.nbg1.your-objectstorage.com\/2023\/08\/4_4_11zon-1.webp","1536x1536-width":800,"1536x1536-height":600,"2048x2048":"https:\/\/media-camminiditalia.nbg1.your-objectstorage.com\/2023\/08\/4_4_11zon-1.webp","2048x2048-width":800,"2048x2048-height":600,"tc_all_events_image":"https:\/\/media-camminiditalia.nbg1.your-objectstorage.com\/2023\/08\/4_4_11zon-1.webp","tc_all_events_image-width":800,"tc_all_events_image-height":600,"woocommerce_thumbnail":"https:\/\/media-camminiditalia.nbg1.your-objectstorage.com\/2023\/08\/4_4_11zon-1-300x300.webp","woocommerce_thumbnail-width":300,"woocommerce_thumbnail-height":300,"woocommerce_single":"https:\/\/media-camminiditalia.nbg1.your-objectstorage.com\/2023\/08\/4_4_11zon-1-600x450.webp","woocommerce_single-width":600,"woocommerce_single-height":450,"woocommerce_gallery_thumbnail":"https:\/\/media-camminiditalia.nbg1.your-objectstorage.com\/2023\/08\/4_4_11zon-1-100x100.webp","woocommerce_gallery_thumbnail-width":100,"woocommerce_gallery_thumbnail-height":100}}},{"img":{"ID":89194,"id":89194,"title":"5_5_11zon","filename":"5_5_11zon-1.webp","filesize":138246,"url":"https:\/\/media-camminiditalia.nbg1.your-objectstorage.com\/2023\/08\/5_5_11zon-1.webp","link":"https:\/\/camminiditalia.org\/en\/cammini\/cammino-san-francesco-di-paola\/5_5_11zon-28\/","alt":"","author":"2","description":"","caption":"Tappa 02: faggeta di Bosco Cinquemiglia","name":"5_5_11zon-28","status":"inherit","uploaded_to":67945,"date":"2026-02-18 09:16:45","modified":"2026-02-18 09:16:45","menu_order":0,"mime_type":"image\/webp","type":"image","subtype":"webp","icon":"https:\/\/camminiditalia.org\/wp-includes\/images\/media\/default.png","width":800,"height":600,"sizes":{"thumbnail":"https:\/\/media-camminiditalia.nbg1.your-objectstorage.com\/2023\/08\/5_5_11zon-1-150x150.webp","thumbnail-width":150,"thumbnail-height":150,"medium":"https:\/\/media-camminiditalia.nbg1.your-objectstorage.com\/2023\/08\/5_5_11zon-1-300x225.webp","medium-width":300,"medium-height":225,"medium_large":"https:\/\/media-camminiditalia.nbg1.your-objectstorage.com\/2023\/08\/5_5_11zon-1-768x576.webp","medium_large-width":768,"medium_large-height":576,"large":"https:\/\/media-camminiditalia.nbg1.your-objectstorage.com\/2023\/08\/5_5_11zon-1.webp","large-width":800,"large-height":600,"1536x1536":"https:\/\/media-camminiditalia.nbg1.your-objectstorage.com\/2023\/08\/5_5_11zon-1.webp","1536x1536-width":800,"1536x1536-height":600,"2048x2048":"https:\/\/media-camminiditalia.nbg1.your-objectstorage.com\/2023\/08\/5_5_11zon-1.webp","2048x2048-width":800,"2048x2048-height":600,"tc_all_events_image":"https:\/\/media-camminiditalia.nbg1.your-objectstorage.com\/2023\/08\/5_5_11zon-1.webp","tc_all_events_image-width":800,"tc_all_events_image-height":600,"woocommerce_thumbnail":"https:\/\/media-camminiditalia.nbg1.your-objectstorage.com\/2023\/08\/5_5_11zon-1-300x300.webp","woocommerce_thumbnail-width":300,"woocommerce_thumbnail-height":300,"woocommerce_single":"https:\/\/media-camminiditalia.nbg1.your-objectstorage.com\/2023\/08\/5_5_11zon-1-600x450.webp","woocommerce_single-width":600,"woocommerce_single-height":450,"woocommerce_gallery_thumbnail":"https:\/\/media-camminiditalia.nbg1.your-objectstorage.com\/2023\/08\/5_5_11zon-1-100x100.webp","woocommerce_gallery_thumbnail-width":100,"woocommerce_gallery_thumbnail-height":100}}},{"img":{"ID":89196,"id":89196,"title":"7_7_11zon","filename":"7_7_11zon-1.webp","filesize":172244,"url":"https:\/\/media-camminiditalia.nbg1.your-objectstorage.com\/2023\/08\/7_7_11zon-1.webp","link":"https:\/\/camminiditalia.org\/en\/cammini\/cammino-san-francesco-di-paola\/7_7_11zon-21\/","alt":"","author":"2","description":"","caption":"Tappa 02:  ciclamini nel bosco di faggi","name":"7_7_11zon-21","status":"inherit","uploaded_to":67945,"date":"2026-02-18 09:17:23","modified":"2026-02-18 09:17:23","menu_order":0,"mime_type":"image\/webp","type":"image","subtype":"webp","icon":"https:\/\/camminiditalia.org\/wp-includes\/images\/media\/default.png","width":800,"height":600,"sizes":{"thumbnail":"https:\/\/media-camminiditalia.nbg1.your-objectstorage.com\/2023\/08\/7_7_11zon-1-150x150.webp","thumbnail-width":150,"thumbnail-height":150,"medium":"https:\/\/media-camminiditalia.nbg1.your-objectstorage.com\/2023\/08\/7_7_11zon-1-300x225.webp","medium-width":300,"medium-height":225,"medium_large":"https:\/\/media-camminiditalia.nbg1.your-objectstorage.com\/2023\/08\/7_7_11zon-1-768x576.webp","medium_large-width":768,"medium_large-height":576,"large":"https:\/\/media-camminiditalia.nbg1.your-objectstorage.com\/2023\/08\/7_7_11zon-1.webp","large-width":800,"large-height":600,"1536x1536":"https:\/\/media-camminiditalia.nbg1.your-objectstorage.com\/2023\/08\/7_7_11zon-1.webp","1536x1536-width":800,"1536x1536-height":600,"2048x2048":"https:\/\/media-camminiditalia.nbg1.your-objectstorage.com\/2023\/08\/7_7_11zon-1.webp","2048x2048-width":800,"2048x2048-height":600,"tc_all_events_image":"https:\/\/media-camminiditalia.nbg1.your-objectstorage.com\/2023\/08\/7_7_11zon-1.webp","tc_all_events_image-width":800,"tc_all_events_image-height":600,"woocommerce_thumbnail":"https:\/\/media-camminiditalia.nbg1.your-objectstorage.com\/2023\/08\/7_7_11zon-1-300x300.webp","woocommerce_thumbnail-width":300,"woocommerce_thumbnail-height":300,"woocommerce_single":"https:\/\/media-camminiditalia.nbg1.your-objectstorage.com\/2023\/08\/7_7_11zon-1-600x450.webp","woocommerce_single-width":600,"woocommerce_single-height":450,"woocommerce_gallery_thumbnail":"https:\/\/media-camminiditalia.nbg1.your-objectstorage.com\/2023\/08\/7_7_11zon-1-100x100.webp","woocommerce_gallery_thumbnail-width":100,"woocommerce_gallery_thumbnail-height":100}}},{"img":{"ID":89197,"id":89197,"title":"8_8_11zon","filename":"8_8_11zon-1.webp","filesize":107286,"url":"https:\/\/media-camminiditalia.nbg1.your-objectstorage.com\/2023\/08\/8_8_11zon-1.webp","link":"https:\/\/camminiditalia.org\/en\/cammini\/cammino-san-francesco-di-paola\/8_8_11zon-20\/","alt":"","author":"2","description":"","caption":"Tappa 03: panorami sul Tirreno da Cozzo Cervello, il punto pi\u00f9 alto del cammino.","name":"8_8_11zon-20","status":"inherit","uploaded_to":67945,"date":"2026-02-18 09:17:32","modified":"2026-02-18 09:17:32","menu_order":0,"mime_type":"image\/webp","type":"image","subtype":"webp","icon":"https:\/\/camminiditalia.org\/wp-includes\/images\/media\/default.png","width":800,"height":600,"sizes":{"thumbnail":"https:\/\/media-camminiditalia.nbg1.your-objectstorage.com\/2023\/08\/8_8_11zon-1-150x150.webp","thumbnail-width":150,"thumbnail-height":150,"medium":"https:\/\/media-camminiditalia.nbg1.your-objectstorage.com\/2023\/08\/8_8_11zon-1-300x225.webp","medium-width":300,"medium-height":225,"medium_large":"https:\/\/media-camminiditalia.nbg1.your-objectstorage.com\/2023\/08\/8_8_11zon-1-768x576.webp","medium_large-width":768,"medium_large-height":576,"large":"https:\/\/media-camminiditalia.nbg1.your-objectstorage.com\/2023\/08\/8_8_11zon-1.webp","large-width":800,"large-height":600,"1536x1536":"https:\/\/media-camminiditalia.nbg1.your-objectstorage.com\/2023\/08\/8_8_11zon-1.webp","1536x1536-width":800,"1536x1536-height":600,"2048x2048":"https:\/\/media-camminiditalia.nbg1.your-objectstorage.com\/2023\/08\/8_8_11zon-1.webp","2048x2048-width":800,"2048x2048-height":600,"tc_all_events_image":"https:\/\/media-camminiditalia.nbg1.your-objectstorage.com\/2023\/08\/8_8_11zon-1.webp","tc_all_events_image-width":800,"tc_all_events_image-height":600,"woocommerce_thumbnail":"https:\/\/media-camminiditalia.nbg1.your-objectstorage.com\/2023\/08\/8_8_11zon-1-300x300.webp","woocommerce_thumbnail-width":300,"woocommerce_thumbnail-height":300,"woocommerce_single":"https:\/\/media-camminiditalia.nbg1.your-objectstorage.com\/2023\/08\/8_8_11zon-1-600x450.webp","woocommerce_single-width":600,"woocommerce_single-height":450,"woocommerce_gallery_thumbnail":"https:\/\/media-camminiditalia.nbg1.your-objectstorage.com\/2023\/08\/8_8_11zon-1-100x100.webp","woocommerce_gallery_thumbnail-width":100,"woocommerce_gallery_thumbnail-height":100}}},{"img":{"ID":89198,"id":89198,"title":"9_9_11zon","filename":"9_9_11zon-1.webp","filesize":68448,"url":"https:\/\/media-camminiditalia.nbg1.your-objectstorage.com\/2023\/08\/9_9_11zon-1.webp","link":"https:\/\/camminiditalia.org\/en\/cammini\/cammino-san-francesco-di-paola\/9_9_11zon-18\/","alt":"","author":"2","description":"","caption":"Tappa 03: monumento di San Francesco in cammino","name":"9_9_11zon-18","status":"inherit","uploaded_to":67945,"date":"2026-02-18 09:17:45","modified":"2026-02-18 09:17:45","menu_order":0,"mime_type":"image\/webp","type":"image","subtype":"webp","icon":"https:\/\/camminiditalia.org\/wp-includes\/images\/media\/default.png","width":800,"height":600,"sizes":{"thumbnail":"https:\/\/media-camminiditalia.nbg1.your-objectstorage.com\/2023\/08\/9_9_11zon-1-150x150.webp","thumbnail-width":150,"thumbnail-height":150,"medium":"https:\/\/media-camminiditalia.nbg1.your-objectstorage.com\/2023\/08\/9_9_11zon-1-300x225.webp","medium-width":300,"medium-height":225,"medium_large":"https:\/\/media-camminiditalia.nbg1.your-objectstorage.com\/2023\/08\/9_9_11zon-1-768x576.webp","medium_large-width":768,"medium_large-height":576,"large":"https:\/\/media-camminiditalia.nbg1.your-objectstorage.com\/2023\/08\/9_9_11zon-1.webp","large-width":800,"large-height":600,"1536x1536":"https:\/\/media-camminiditalia.nbg1.your-objectstorage.com\/2023\/08\/9_9_11zon-1.webp","1536x1536-width":800,"1536x1536-height":600,"2048x2048":"https:\/\/media-camminiditalia.nbg1.your-objectstorage.com\/2023\/08\/9_9_11zon-1.webp","2048x2048-width":800,"2048x2048-height":600,"tc_all_events_image":"https:\/\/media-camminiditalia.nbg1.your-objectstorage.com\/2023\/08\/9_9_11zon-1.webp","tc_all_events_image-width":800,"tc_all_events_image-height":600,"woocommerce_thumbnail":"https:\/\/media-camminiditalia.nbg1.your-objectstorage.com\/2023\/08\/9_9_11zon-1-300x300.webp","woocommerce_thumbnail-width":300,"woocommerce_thumbnail-height":300,"woocommerce_single":"https:\/\/media-camminiditalia.nbg1.your-objectstorage.com\/2023\/08\/9_9_11zon-1-600x450.webp","woocommerce_single-width":600,"woocommerce_single-height":450,"woocommerce_gallery_thumbnail":"https:\/\/media-camminiditalia.nbg1.your-objectstorage.com\/2023\/08\/9_9_11zon-1-100x100.webp","woocommerce_gallery_thumbnail-width":100,"woocommerce_gallery_thumbnail-height":100}}},{"img":{"ID":89199,"id":89199,"title":"10_10_11zon","filename":"10_10_11zon-1.webp","filesize":21600,"url":"https:\/\/media-camminiditalia.nbg1.your-objectstorage.com\/2023\/08\/10_10_11zon-1.webp","link":"https:\/\/camminiditalia.org\/en\/cammini\/cammino-san-francesco-di-paola\/10_10_11zon-14\/","alt":"","author":"2","description":"","caption":"Tappa 03: panorami sul Tirreno e le Isole Eolie, dal sentiero nei pressi di Paola","name":"10_10_11zon-14","status":"inherit","uploaded_to":67945,"date":"2026-02-18 09:17:58","modified":"2026-02-18 09:17:58","menu_order":0,"mime_type":"image\/webp","type":"image","subtype":"webp","icon":"https:\/\/camminiditalia.org\/wp-includes\/images\/media\/default.png","width":800,"height":600,"sizes":{"thumbnail":"https:\/\/media-camminiditalia.nbg1.your-objectstorage.com\/2023\/08\/10_10_11zon-1-150x150.webp","thumbnail-width":150,"thumbnail-height":150,"medium":"https:\/\/media-camminiditalia.nbg1.your-objectstorage.com\/2023\/08\/10_10_11zon-1-300x225.webp","medium-width":300,"medium-height":225,"medium_large":"https:\/\/media-camminiditalia.nbg1.your-objectstorage.com\/2023\/08\/10_10_11zon-1-768x576.webp","medium_large-width":768,"medium_large-height":576,"large":"https:\/\/media-camminiditalia.nbg1.your-objectstorage.com\/2023\/08\/10_10_11zon-1.webp","large-width":800,"large-height":600,"1536x1536":"https:\/\/media-camminiditalia.nbg1.your-objectstorage.com\/2023\/08\/10_10_11zon-1.webp","1536x1536-width":800,"1536x1536-height":600,"2048x2048":"https:\/\/media-camminiditalia.nbg1.your-objectstorage.com\/2023\/08\/10_10_11zon-1.webp","2048x2048-width":800,"2048x2048-height":600,"tc_all_events_image":"https:\/\/media-camminiditalia.nbg1.your-objectstorage.com\/2023\/08\/10_10_11zon-1.webp","tc_all_events_image-width":800,"tc_all_events_image-height":600,"woocommerce_thumbnail":"https:\/\/media-camminiditalia.nbg1.your-objectstorage.com\/2023\/08\/10_10_11zon-1-300x300.webp","woocommerce_thumbnail-width":300,"woocommerce_thumbnail-height":300,"woocommerce_single":"https:\/\/media-camminiditalia.nbg1.your-objectstorage.com\/2023\/08\/10_10_11zon-1-600x450.webp","woocommerce_single-width":600,"woocommerce_single-height":450,"woocommerce_gallery_thumbnail":"https:\/\/media-camminiditalia.nbg1.your-objectstorage.com\/2023\/08\/10_10_11zon-1-100x100.webp","woocommerce_gallery_thumbnail-width":100,"woocommerce_gallery_thumbnail-height":100}}},{"img":{"ID":89200,"id":89200,"title":"11_11_11zon","filename":"11_11_11zon.webp","filesize":125334,"url":"https:\/\/media-camminiditalia.nbg1.your-objectstorage.com\/2023\/08\/11_11_11zon.webp","link":"https:\/\/camminiditalia.org\/en\/cammini\/cammino-san-francesco-di-paola\/11_11_11zon-9\/","alt":"","author":"2","description":"","caption":"Tappa 03: Santuario di Paola","name":"11_11_11zon-9","status":"inherit","uploaded_to":67945,"date":"2026-02-18 09:18:09","modified":"2026-02-18 09:18:09","menu_order":0,"mime_type":"image\/webp","type":"image","subtype":"webp","icon":"https:\/\/camminiditalia.org\/wp-includes\/images\/media\/default.png","width":800,"height":600,"sizes":{"thumbnail":"https:\/\/media-camminiditalia.nbg1.your-objectstorage.com\/2023\/08\/11_11_11zon-150x150.webp","thumbnail-width":150,"thumbnail-height":150,"medium":"https:\/\/media-camminiditalia.nbg1.your-objectstorage.com\/2023\/08\/11_11_11zon-300x225.webp","medium-width":300,"medium-height":225,"medium_large":"https:\/\/media-camminiditalia.nbg1.your-objectstorage.com\/2023\/08\/11_11_11zon-768x576.webp","medium_large-width":768,"medium_large-height":576,"large":"https:\/\/media-camminiditalia.nbg1.your-objectstorage.com\/2023\/08\/11_11_11zon.webp","large-width":800,"large-height":600,"1536x1536":"https:\/\/media-camminiditalia.nbg1.your-objectstorage.com\/2023\/08\/11_11_11zon.webp","1536x1536-width":800,"1536x1536-height":600,"2048x2048":"https:\/\/media-camminiditalia.nbg1.your-objectstorage.com\/2023\/08\/11_11_11zon.webp","2048x2048-width":800,"2048x2048-height":600,"tc_all_events_image":"https:\/\/media-camminiditalia.nbg1.your-objectstorage.com\/2023\/08\/11_11_11zon.webp","tc_all_events_image-width":800,"tc_all_events_image-height":600,"woocommerce_thumbnail":"https:\/\/media-camminiditalia.nbg1.your-objectstorage.com\/2023\/08\/11_11_11zon-300x300.webp","woocommerce_thumbnail-width":300,"woocommerce_thumbnail-height":300,"woocommerce_single":"https:\/\/media-camminiditalia.nbg1.your-objectstorage.com\/2023\/08\/11_11_11zon-600x450.webp","woocommerce_single-width":600,"woocommerce_single-height":450,"woocommerce_gallery_thumbnail":"https:\/\/media-camminiditalia.nbg1.your-objectstorage.com\/2023\/08\/11_11_11zon-100x100.webp","woocommerce_gallery_thumbnail-width":100,"woocommerce_gallery_thumbnail-height":100}}},{"img":{"ID":89213,"id":89213,"title":"24_24_11zon","filename":"24_24_11zon.webp","filesize":74108,"url":"https:\/\/media-camminiditalia.nbg1.your-objectstorage.com\/2023\/08\/24_24_11zon.webp","link":"https:\/\/camminiditalia.org\/en\/cammini\/cammino-san-francesco-di-paola\/24_24_11zon-3\/","alt":"","author":"2","description":"","caption":"Tappa 03: statua di San Francesco di Paola nel bosco dei faggi","name":"24_24_11zon-3","status":"inherit","uploaded_to":67945,"date":"2026-02-18 09:20:24","modified":"2026-02-18 09:20:24","menu_order":0,"mime_type":"image\/webp","type":"image","subtype":"webp","icon":"https:\/\/camminiditalia.org\/wp-includes\/images\/media\/default.png","width":800,"height":600,"sizes":{"thumbnail":"https:\/\/media-camminiditalia.nbg1.your-objectstorage.com\/2023\/08\/24_24_11zon-150x150.webp","thumbnail-width":150,"thumbnail-height":150,"medium":"https:\/\/media-camminiditalia.nbg1.your-objectstorage.com\/2023\/08\/24_24_11zon-300x225.webp","medium-width":300,"medium-height":225,"medium_large":"https:\/\/media-camminiditalia.nbg1.your-objectstorage.com\/2023\/08\/24_24_11zon-768x576.webp","medium_large-width":768,"medium_large-height":576,"large":"https:\/\/media-camminiditalia.nbg1.your-objectstorage.com\/2023\/08\/24_24_11zon.webp","large-width":800,"large-height":600,"1536x1536":"https:\/\/media-camminiditalia.nbg1.your-objectstorage.com\/2023\/08\/24_24_11zon.webp","1536x1536-width":800,"1536x1536-height":600,"2048x2048":"https:\/\/media-camminiditalia.nbg1.your-objectstorage.com\/2023\/08\/24_24_11zon.webp","2048x2048-width":800,"2048x2048-height":600,"tc_all_events_image":"https:\/\/media-camminiditalia.nbg1.your-objectstorage.com\/2023\/08\/24_24_11zon.webp","tc_all_events_image-width":800,"tc_all_events_image-height":600,"woocommerce_thumbnail":"https:\/\/media-camminiditalia.nbg1.your-objectstorage.com\/2023\/08\/24_24_11zon-300x300.webp","woocommerce_thumbnail-width":300,"woocommerce_thumbnail-height":300,"woocommerce_single":"https:\/\/media-camminiditalia.nbg1.your-objectstorage.com\/2023\/08\/24_24_11zon-600x450.webp","woocommerce_single-width":600,"woocommerce_single-height":450,"woocommerce_gallery_thumbnail":"https:\/\/media-camminiditalia.nbg1.your-objectstorage.com\/2023\/08\/24_24_11zon-100x100.webp","woocommerce_gallery_thumbnail-width":100,"woocommerce_gallery_thumbnail-height":100}}},{"img":{"ID":89217,"id":89217,"title":"1_1_11zon","filename":"1_1_11zon-1.webp","filesize":97818,"url":"https:\/\/media-camminiditalia.nbg1.your-objectstorage.com\/2023\/08\/1_1_11zon-1.webp","link":"https:\/\/camminiditalia.org\/en\/cammini\/cammino-san-francesco-di-paola\/1_1_11zon-25\/","alt":"","author":"2","description":"","caption":"Tappa 03: la pietra del km zero al Santuario di Paola","name":"1_1_11zon-25","status":"inherit","uploaded_to":67945,"date":"2026-02-18 09:20:59","modified":"2026-02-18 09:20:59","menu_order":0,"mime_type":"image\/webp","type":"image","subtype":"webp","icon":"https:\/\/camminiditalia.org\/wp-includes\/images\/media\/default.png","width":800,"height":600,"sizes":{"thumbnail":"https:\/\/media-camminiditalia.nbg1.your-objectstorage.com\/2023\/08\/1_1_11zon-1-150x150.webp","thumbnail-width":150,"thumbnail-height":150,"medium":"https:\/\/media-camminiditalia.nbg1.your-objectstorage.com\/2023\/08\/1_1_11zon-1-300x225.webp","medium-width":300,"medium-height":225,"medium_large":"https:\/\/media-camminiditalia.nbg1.your-objectstorage.com\/2023\/08\/1_1_11zon-1-768x576.webp","medium_large-width":768,"medium_large-height":576,"large":"https:\/\/media-camminiditalia.nbg1.your-objectstorage.com\/2023\/08\/1_1_11zon-1.webp","large-width":800,"large-height":600,"1536x1536":"https:\/\/media-camminiditalia.nbg1.your-objectstorage.com\/2023\/08\/1_1_11zon-1.webp","1536x1536-width":800,"1536x1536-height":600,"2048x2048":"https:\/\/media-camminiditalia.nbg1.your-objectstorage.com\/2023\/08\/1_1_11zon-1.webp","2048x2048-width":800,"2048x2048-height":600,"tc_all_events_image":"https:\/\/media-camminiditalia.nbg1.your-objectstorage.com\/2023\/08\/1_1_11zon-1.webp","tc_all_events_image-width":800,"tc_all_events_image-height":600,"woocommerce_thumbnail":"https:\/\/media-camminiditalia.nbg1.your-objectstorage.com\/2023\/08\/1_1_11zon-1-300x300.webp","woocommerce_thumbnail-width":300,"woocommerce_thumbnail-height":300,"woocommerce_single":"https:\/\/media-camminiditalia.nbg1.your-objectstorage.com\/2023\/08\/1_1_11zon-1-600x450.webp","woocommerce_single-width":600,"woocommerce_single-height":450,"woocommerce_gallery_thumbnail":"https:\/\/media-camminiditalia.nbg1.your-objectstorage.com\/2023\/08\/1_1_11zon-1-100x100.webp","woocommerce_gallery_thumbnail-width":100,"woocommerce_gallery_thumbnail-height":100}}},{"img":{"ID":89215,"id":89215,"title":"26_26_11zon","filename":"26_26_11zon.webp","filesize":204314,"url":"https:\/\/media-camminiditalia.nbg1.your-objectstorage.com\/2023\/08\/26_26_11zon.webp","link":"https:\/\/camminiditalia.org\/en\/cammini\/cammino-san-francesco-di-paola\/26_26_11zon-3\/","alt":"","author":"2","description":"","caption":"Tappa 04: la faggeta di bosco Luta, tra Paola e San Fili","name":"26_26_11zon-3","status":"inherit","uploaded_to":67945,"date":"2026-02-18 09:20:42","modified":"2026-02-18 09:20:42","menu_order":0,"mime_type":"image\/webp","type":"image","subtype":"webp","icon":"https:\/\/camminiditalia.org\/wp-includes\/images\/media\/default.png","width":800,"height":600,"sizes":{"thumbnail":"https:\/\/media-camminiditalia.nbg1.your-objectstorage.com\/2023\/08\/26_26_11zon-150x150.webp","thumbnail-width":150,"thumbnail-height":150,"medium":"https:\/\/media-camminiditalia.nbg1.your-objectstorage.com\/2023\/08\/26_26_11zon-300x225.webp","medium-width":300,"medium-height":225,"medium_large":"https:\/\/media-camminiditalia.nbg1.your-objectstorage.com\/2023\/08\/26_26_11zon-768x576.webp","medium_large-width":768,"medium_large-height":576,"large":"https:\/\/media-camminiditalia.nbg1.your-objectstorage.com\/2023\/08\/26_26_11zon.webp","large-width":800,"large-height":600,"1536x1536":"https:\/\/media-camminiditalia.nbg1.your-objectstorage.com\/2023\/08\/26_26_11zon.webp","1536x1536-width":800,"1536x1536-height":600,"2048x2048":"https:\/\/media-camminiditalia.nbg1.your-objectstorage.com\/2023\/08\/26_26_11zon.webp","2048x2048-width":800,"2048x2048-height":600,"tc_all_events_image":"https:\/\/media-camminiditalia.nbg1.your-objectstorage.com\/2023\/08\/26_26_11zon.webp","tc_all_events_image-width":800,"tc_all_events_image-height":600,"woocommerce_thumbnail":"https:\/\/media-camminiditalia.nbg1.your-objectstorage.com\/2023\/08\/26_26_11zon-300x300.webp","woocommerce_thumbnail-width":300,"woocommerce_thumbnail-height":300,"woocommerce_single":"https:\/\/media-camminiditalia.nbg1.your-objectstorage.com\/2023\/08\/26_26_11zon-600x450.webp","woocommerce_single-width":600,"woocommerce_single-height":450,"woocommerce_gallery_thumbnail":"https:\/\/media-camminiditalia.nbg1.your-objectstorage.com\/2023\/08\/26_26_11zon-100x100.webp","woocommerce_gallery_thumbnail-width":100,"woocommerce_gallery_thumbnail-height":100}}},{"img":{"ID":89202,"id":89202,"title":"13_13_11zon","filename":"13_13_11zon.webp","filesize":33134,"url":"https:\/\/media-camminiditalia.nbg1.your-objectstorage.com\/2023\/08\/13_13_11zon.webp","link":"https:\/\/camminiditalia.org\/en\/cammini\/cammino-san-francesco-di-paola\/13_13_11zon-6\/","alt":"","author":"2","description":"","caption":"Tappa 04: statua di San Francesco all'ingresso del borgo di San FIli","name":"13_13_11zon-6","status":"inherit","uploaded_to":67945,"date":"2026-02-18 09:18:35","modified":"2026-02-18 09:18:35","menu_order":0,"mime_type":"image\/webp","type":"image","subtype":"webp","icon":"https:\/\/camminiditalia.org\/wp-includes\/images\/media\/default.png","width":800,"height":600,"sizes":{"thumbnail":"https:\/\/media-camminiditalia.nbg1.your-objectstorage.com\/2023\/08\/13_13_11zon-150x150.webp","thumbnail-width":150,"thumbnail-height":150,"medium":"https:\/\/media-camminiditalia.nbg1.your-objectstorage.com\/2023\/08\/13_13_11zon-300x225.webp","medium-width":300,"medium-height":225,"medium_large":"https:\/\/media-camminiditalia.nbg1.your-objectstorage.com\/2023\/08\/13_13_11zon-768x576.webp","medium_large-width":768,"medium_large-height":576,"large":"https:\/\/media-camminiditalia.nbg1.your-objectstorage.com\/2023\/08\/13_13_11zon.webp","large-width":800,"large-height":600,"1536x1536":"https:\/\/media-camminiditalia.nbg1.your-objectstorage.com\/2023\/08\/13_13_11zon.webp","1536x1536-width":800,"1536x1536-height":600,"2048x2048":"https:\/\/media-camminiditalia.nbg1.your-objectstorage.com\/2023\/08\/13_13_11zon.webp","2048x2048-width":800,"2048x2048-height":600,"tc_all_events_image":"https:\/\/media-camminiditalia.nbg1.your-objectstorage.com\/2023\/08\/13_13_11zon.webp","tc_all_events_image-width":800,"tc_all_events_image-height":600,"woocommerce_thumbnail":"https:\/\/media-camminiditalia.nbg1.your-objectstorage.com\/2023\/08\/13_13_11zon-300x300.webp","woocommerce_thumbnail-width":300,"woocommerce_thumbnail-height":300,"woocommerce_single":"https:\/\/media-camminiditalia.nbg1.your-objectstorage.com\/2023\/08\/13_13_11zon-600x450.webp","woocommerce_single-width":600,"woocommerce_single-height":450,"woocommerce_gallery_thumbnail":"https:\/\/media-camminiditalia.nbg1.your-objectstorage.com\/2023\/08\/13_13_11zon-100x100.webp","woocommerce_gallery_thumbnail-width":100,"woocommerce_gallery_thumbnail-height":100}}},{"img":{"ID":89203,"id":89203,"title":"14_14_11zon","filename":"14_14_11zon.webp","filesize":84654,"url":"https:\/\/media-camminiditalia.nbg1.your-objectstorage.com\/2023\/08\/14_14_11zon.webp","link":"https:\/\/camminiditalia.org\/en\/cammini\/cammino-san-francesco-di-paola\/14_14_11zon-5\/","alt":"","author":"2","description":"","caption":"Tappa 04: il borgo di San Fili","name":"14_14_11zon-5","status":"inherit","uploaded_to":67945,"date":"2026-02-18 09:18:46","modified":"2026-02-18 09:18:46","menu_order":0,"mime_type":"image\/webp","type":"image","subtype":"webp","icon":"https:\/\/camminiditalia.org\/wp-includes\/images\/media\/default.png","width":800,"height":600,"sizes":{"thumbnail":"https:\/\/media-camminiditalia.nbg1.your-objectstorage.com\/2023\/08\/14_14_11zon-150x150.webp","thumbnail-width":150,"thumbnail-height":150,"medium":"https:\/\/media-camminiditalia.nbg1.your-objectstorage.com\/2023\/08\/14_14_11zon-300x225.webp","medium-width":300,"medium-height":225,"medium_large":"https:\/\/media-camminiditalia.nbg1.your-objectstorage.com\/2023\/08\/14_14_11zon-768x576.webp","medium_large-width":768,"medium_large-height":576,"large":"https:\/\/media-camminiditalia.nbg1.your-objectstorage.com\/2023\/08\/14_14_11zon.webp","large-width":800,"large-height":600,"1536x1536":"https:\/\/media-camminiditalia.nbg1.your-objectstorage.com\/2023\/08\/14_14_11zon.webp","1536x1536-width":800,"1536x1536-height":600,"2048x2048":"https:\/\/media-camminiditalia.nbg1.your-objectstorage.com\/2023\/08\/14_14_11zon.webp","2048x2048-width":800,"2048x2048-height":600,"tc_all_events_image":"https:\/\/media-camminiditalia.nbg1.your-objectstorage.com\/2023\/08\/14_14_11zon.webp","tc_all_events_image-width":800,"tc_all_events_image-height":600,"woocommerce_thumbnail":"https:\/\/media-camminiditalia.nbg1.your-objectstorage.com\/2023\/08\/14_14_11zon-300x300.webp","woocommerce_thumbnail-width":300,"woocommerce_thumbnail-height":300,"woocommerce_single":"https:\/\/media-camminiditalia.nbg1.your-objectstorage.com\/2023\/08\/14_14_11zon-600x450.webp","woocommerce_single-width":600,"woocommerce_single-height":450,"woocommerce_gallery_thumbnail":"https:\/\/media-camminiditalia.nbg1.your-objectstorage.com\/2023\/08\/14_14_11zon-100x100.webp","woocommerce_gallery_thumbnail-width":100,"woocommerce_gallery_thumbnail-height":100}}},{"img":{"ID":89204,"id":89204,"title":"15_15_11zon","filename":"15_15_11zon.webp","filesize":192652,"url":"https:\/\/media-camminiditalia.nbg1.your-objectstorage.com\/2023\/08\/15_15_11zon.webp","link":"https:\/\/camminiditalia.org\/en\/cammini\/cammino-san-francesco-di-paola\/15_15_11zon-4\/","alt":"","author":"2","description":"","caption":"Tappa 05: ponte medievale delle Jumiceddre, nei pressi di San Fili","name":"15_15_11zon-4","status":"inherit","uploaded_to":67945,"date":"2026-02-18 09:19:05","modified":"2026-02-18 09:19:05","menu_order":0,"mime_type":"image\/webp","type":"image","subtype":"webp","icon":"https:\/\/camminiditalia.org\/wp-includes\/images\/media\/default.png","width":800,"height":600,"sizes":{"thumbnail":"https:\/\/media-camminiditalia.nbg1.your-objectstorage.com\/2023\/08\/15_15_11zon-150x150.webp","thumbnail-width":150,"thumbnail-height":150,"medium":"https:\/\/media-camminiditalia.nbg1.your-objectstorage.com\/2023\/08\/15_15_11zon-300x225.webp","medium-width":300,"medium-height":225,"medium_large":"https:\/\/media-camminiditalia.nbg1.your-objectstorage.com\/2023\/08\/15_15_11zon-768x576.webp","medium_large-width":768,"medium_large-height":576,"large":"https:\/\/media-camminiditalia.nbg1.your-objectstorage.com\/2023\/08\/15_15_11zon.webp","large-width":800,"large-height":600,"1536x1536":"https:\/\/media-camminiditalia.nbg1.your-objectstorage.com\/2023\/08\/15_15_11zon.webp","1536x1536-width":800,"1536x1536-height":600,"2048x2048":"https:\/\/media-camminiditalia.nbg1.your-objectstorage.com\/2023\/08\/15_15_11zon.webp","2048x2048-width":800,"2048x2048-height":600,"tc_all_events_image":"https:\/\/media-camminiditalia.nbg1.your-objectstorage.com\/2023\/08\/15_15_11zon.webp","tc_all_events_image-width":800,"tc_all_events_image-height":600,"woocommerce_thumbnail":"https:\/\/media-camminiditalia.nbg1.your-objectstorage.com\/2023\/08\/15_15_11zon-300x300.webp","woocommerce_thumbnail-width":300,"woocommerce_thumbnail-height":300,"woocommerce_single":"https:\/\/media-camminiditalia.nbg1.your-objectstorage.com\/2023\/08\/15_15_11zon-600x450.webp","woocommerce_single-width":600,"woocommerce_single-height":450,"woocommerce_gallery_thumbnail":"https:\/\/media-camminiditalia.nbg1.your-objectstorage.com\/2023\/08\/15_15_11zon-100x100.webp","woocommerce_gallery_thumbnail-width":100,"woocommerce_gallery_thumbnail-height":100}}},{"img":{"ID":89205,"id":89205,"title":"16_16_11zon","filename":"16_16_11zon.webp","filesize":136300,"url":"https:\/\/media-camminiditalia.nbg1.your-objectstorage.com\/2023\/08\/16_16_11zon.webp","link":"https:\/\/camminiditalia.org\/en\/cammini\/cammino-san-francesco-di-paola\/16_16_11zon-3\/","alt":"","author":"2","description":"","caption":"Tappa 05: fioriture di orchidee sui pianori tra San Fili e Cerisano","name":"16_16_11zon-3","status":"inherit","uploaded_to":67945,"date":"2026-02-18 09:19:13","modified":"2026-02-18 09:19:13","menu_order":0,"mime_type":"image\/webp","type":"image","subtype":"webp","icon":"https:\/\/camminiditalia.org\/wp-includes\/images\/media\/default.png","width":800,"height":600,"sizes":{"thumbnail":"https:\/\/media-camminiditalia.nbg1.your-objectstorage.com\/2023\/08\/16_16_11zon-150x150.webp","thumbnail-width":150,"thumbnail-height":150,"medium":"https:\/\/media-camminiditalia.nbg1.your-objectstorage.com\/2023\/08\/16_16_11zon-300x225.webp","medium-width":300,"medium-height":225,"medium_large":"https:\/\/media-camminiditalia.nbg1.your-objectstorage.com\/2023\/08\/16_16_11zon-768x576.webp","medium_large-width":768,"medium_large-height":576,"large":"https:\/\/media-camminiditalia.nbg1.your-objectstorage.com\/2023\/08\/16_16_11zon.webp","large-width":800,"large-height":600,"1536x1536":"https:\/\/media-camminiditalia.nbg1.your-objectstorage.com\/2023\/08\/16_16_11zon.webp","1536x1536-width":800,"1536x1536-height":600,"2048x2048":"https:\/\/media-camminiditalia.nbg1.your-objectstorage.com\/2023\/08\/16_16_11zon.webp","2048x2048-width":800,"2048x2048-height":600,"tc_all_events_image":"https:\/\/media-camminiditalia.nbg1.your-objectstorage.com\/2023\/08\/16_16_11zon.webp","tc_all_events_image-width":800,"tc_all_events_image-height":600,"woocommerce_thumbnail":"https:\/\/media-camminiditalia.nbg1.your-objectstorage.com\/2023\/08\/16_16_11zon-300x300.webp","woocommerce_thumbnail-width":300,"woocommerce_thumbnail-height":300,"woocommerce_single":"https:\/\/media-camminiditalia.nbg1.your-objectstorage.com\/2023\/08\/16_16_11zon-600x450.webp","woocommerce_single-width":600,"woocommerce_single-height":450,"woocommerce_gallery_thumbnail":"https:\/\/media-camminiditalia.nbg1.your-objectstorage.com\/2023\/08\/16_16_11zon-100x100.webp","woocommerce_gallery_thumbnail-width":100,"woocommerce_gallery_thumbnail-height":100}}},{"img":{"ID":89206,"id":89206,"title":"17_17_11zon","filename":"17_17_11zon.webp","filesize":83440,"url":"https:\/\/media-camminiditalia.nbg1.your-objectstorage.com\/2023\/08\/17_17_11zon.webp","link":"https:\/\/camminiditalia.org\/en\/cammini\/cammino-san-francesco-di-paola\/17_17_11zon-3\/","alt":"","author":"2","description":"","caption":"Tappa 05: monumento di San Francesco di Paola e San Benedetto","name":"17_17_11zon-3","status":"inherit","uploaded_to":67945,"date":"2026-02-18 09:19:20","modified":"2026-02-18 09:19:20","menu_order":0,"mime_type":"image\/webp","type":"image","subtype":"webp","icon":"https:\/\/camminiditalia.org\/wp-includes\/images\/media\/default.png","width":800,"height":600,"sizes":{"thumbnail":"https:\/\/media-camminiditalia.nbg1.your-objectstorage.com\/2023\/08\/17_17_11zon-150x150.webp","thumbnail-width":150,"thumbnail-height":150,"medium":"https:\/\/media-camminiditalia.nbg1.your-objectstorage.com\/2023\/08\/17_17_11zon-300x225.webp","medium-width":300,"medium-height":225,"medium_large":"https:\/\/media-camminiditalia.nbg1.your-objectstorage.com\/2023\/08\/17_17_11zon-768x576.webp","medium_large-width":768,"medium_large-height":576,"large":"https:\/\/media-camminiditalia.nbg1.your-objectstorage.com\/2023\/08\/17_17_11zon.webp","large-width":800,"large-height":600,"1536x1536":"https:\/\/media-camminiditalia.nbg1.your-objectstorage.com\/2023\/08\/17_17_11zon.webp","1536x1536-width":800,"1536x1536-height":600,"2048x2048":"https:\/\/media-camminiditalia.nbg1.your-objectstorage.com\/2023\/08\/17_17_11zon.webp","2048x2048-width":800,"2048x2048-height":600,"tc_all_events_image":"https:\/\/media-camminiditalia.nbg1.your-objectstorage.com\/2023\/08\/17_17_11zon.webp","tc_all_events_image-width":800,"tc_all_events_image-height":600,"woocommerce_thumbnail":"https:\/\/media-camminiditalia.nbg1.your-objectstorage.com\/2023\/08\/17_17_11zon-300x300.webp","woocommerce_thumbnail-width":300,"woocommerce_thumbnail-height":300,"woocommerce_single":"https:\/\/media-camminiditalia.nbg1.your-objectstorage.com\/2023\/08\/17_17_11zon-600x450.webp","woocommerce_single-width":600,"woocommerce_single-height":450,"woocommerce_gallery_thumbnail":"https:\/\/media-camminiditalia.nbg1.your-objectstorage.com\/2023\/08\/17_17_11zon-100x100.webp","woocommerce_gallery_thumbnail-width":100,"woocommerce_gallery_thumbnail-height":100}}},{"img":{"ID":89207,"id":89207,"title":"18_18_11zon","filename":"18_18_11zon.webp","filesize":77182,"url":"https:\/\/media-camminiditalia.nbg1.your-objectstorage.com\/2023\/08\/18_18_11zon.webp","link":"https:\/\/camminiditalia.org\/en\/cammini\/cammino-san-francesco-di-paola\/18_18_11zon-3\/","alt":"","author":"2","description":"","caption":"Tappa 05: altopiano di Acquabianca","name":"18_18_11zon-3","status":"inherit","uploaded_to":67945,"date":"2026-02-18 09:19:32","modified":"2026-02-18 09:19:32","menu_order":0,"mime_type":"image\/webp","type":"image","subtype":"webp","icon":"https:\/\/camminiditalia.org\/wp-includes\/images\/media\/default.png","width":800,"height":600,"sizes":{"thumbnail":"https:\/\/media-camminiditalia.nbg1.your-objectstorage.com\/2023\/08\/18_18_11zon-150x150.webp","thumbnail-width":150,"thumbnail-height":150,"medium":"https:\/\/media-camminiditalia.nbg1.your-objectstorage.com\/2023\/08\/18_18_11zon-300x225.webp","medium-width":300,"medium-height":225,"medium_large":"https:\/\/media-camminiditalia.nbg1.your-objectstorage.com\/2023\/08\/18_18_11zon-768x576.webp","medium_large-width":768,"medium_large-height":576,"large":"https:\/\/media-camminiditalia.nbg1.your-objectstorage.com\/2023\/08\/18_18_11zon.webp","large-width":800,"large-height":600,"1536x1536":"https:\/\/media-camminiditalia.nbg1.your-objectstorage.com\/2023\/08\/18_18_11zon.webp","1536x1536-width":800,"1536x1536-height":600,"2048x2048":"https:\/\/media-camminiditalia.nbg1.your-objectstorage.com\/2023\/08\/18_18_11zon.webp","2048x2048-width":800,"2048x2048-height":600,"tc_all_events_image":"https:\/\/media-camminiditalia.nbg1.your-objectstorage.com\/2023\/08\/18_18_11zon.webp","tc_all_events_image-width":800,"tc_all_events_image-height":600,"woocommerce_thumbnail":"https:\/\/media-camminiditalia.nbg1.your-objectstorage.com\/2023\/08\/18_18_11zon-300x300.webp","woocommerce_thumbnail-width":300,"woocommerce_thumbnail-height":300,"woocommerce_single":"https:\/\/media-camminiditalia.nbg1.your-objectstorage.com\/2023\/08\/18_18_11zon-600x450.webp","woocommerce_single-width":600,"woocommerce_single-height":450,"woocommerce_gallery_thumbnail":"https:\/\/media-camminiditalia.nbg1.your-objectstorage.com\/2023\/08\/18_18_11zon-100x100.webp","woocommerce_gallery_thumbnail-width":100,"woocommerce_gallery_thumbnail-height":100}}},{"img":{"ID":89208,"id":89208,"title":"19_19_11zon","filename":"19_19_11zon.webp","filesize":173848,"url":"https:\/\/media-camminiditalia.nbg1.your-objectstorage.com\/2023\/08\/19_19_11zon.webp","link":"https:\/\/camminiditalia.org\/en\/cammini\/cammino-san-francesco-di-paola\/19_19_11zon-3\/","alt":"","author":"2","description":"","caption":"Tappa 06: valle del Busento tra le Serre Cosentine, fioritura delle ginestre","name":"19_19_11zon-3","status":"inherit","uploaded_to":67945,"date":"2026-02-18 09:19:38","modified":"2026-02-18 09:19:38","menu_order":0,"mime_type":"image\/webp","type":"image","subtype":"webp","icon":"https:\/\/camminiditalia.org\/wp-includes\/images\/media\/default.png","width":800,"height":600,"sizes":{"thumbnail":"https:\/\/media-camminiditalia.nbg1.your-objectstorage.com\/2023\/08\/19_19_11zon-150x150.webp","thumbnail-width":150,"thumbnail-height":150,"medium":"https:\/\/media-camminiditalia.nbg1.your-objectstorage.com\/2023\/08\/19_19_11zon-300x225.webp","medium-width":300,"medium-height":225,"medium_large":"https:\/\/media-camminiditalia.nbg1.your-objectstorage.com\/2023\/08\/19_19_11zon-768x576.webp","medium_large-width":768,"medium_large-height":576,"large":"https:\/\/media-camminiditalia.nbg1.your-objectstorage.com\/2023\/08\/19_19_11zon.webp","large-width":800,"large-height":600,"1536x1536":"https:\/\/media-camminiditalia.nbg1.your-objectstorage.com\/2023\/08\/19_19_11zon.webp","1536x1536-width":800,"1536x1536-height":600,"2048x2048":"https:\/\/media-camminiditalia.nbg1.your-objectstorage.com\/2023\/08\/19_19_11zon.webp","2048x2048-width":800,"2048x2048-height":600,"tc_all_events_image":"https:\/\/media-camminiditalia.nbg1.your-objectstorage.com\/2023\/08\/19_19_11zon.webp","tc_all_events_image-width":800,"tc_all_events_image-height":600,"woocommerce_thumbnail":"https:\/\/media-camminiditalia.nbg1.your-objectstorage.com\/2023\/08\/19_19_11zon-300x300.webp","woocommerce_thumbnail-width":300,"woocommerce_thumbnail-height":300,"woocommerce_single":"https:\/\/media-camminiditalia.nbg1.your-objectstorage.com\/2023\/08\/19_19_11zon-600x450.webp","woocommerce_single-width":600,"woocommerce_single-height":450,"woocommerce_gallery_thumbnail":"https:\/\/media-camminiditalia.nbg1.your-objectstorage.com\/2023\/08\/19_19_11zon-100x100.webp","woocommerce_gallery_thumbnail-width":100,"woocommerce_gallery_thumbnail-height":100}}},{"img":{"ID":89209,"id":89209,"title":"20_20_11zon","filename":"20_20_11zon.webp","filesize":56098,"url":"https:\/\/media-camminiditalia.nbg1.your-objectstorage.com\/2023\/08\/20_20_11zon.webp","link":"https:\/\/camminiditalia.org\/en\/cammini\/cammino-san-francesco-di-paola\/20_20_11zon-3\/","alt":"","author":"2","description":"","caption":"Tappa 06: tra le vie del borgo di Carolei","name":"20_20_11zon-3","status":"inherit","uploaded_to":67945,"date":"2026-02-18 09:19:50","modified":"2026-02-18 09:19:50","menu_order":0,"mime_type":"image\/webp","type":"image","subtype":"webp","icon":"https:\/\/camminiditalia.org\/wp-includes\/images\/media\/default.png","width":800,"height":600,"sizes":{"thumbnail":"https:\/\/media-camminiditalia.nbg1.your-objectstorage.com\/2023\/08\/20_20_11zon-150x150.webp","thumbnail-width":150,"thumbnail-height":150,"medium":"https:\/\/media-camminiditalia.nbg1.your-objectstorage.com\/2023\/08\/20_20_11zon-300x225.webp","medium-width":300,"medium-height":225,"medium_large":"https:\/\/media-camminiditalia.nbg1.your-objectstorage.com\/2023\/08\/20_20_11zon-768x576.webp","medium_large-width":768,"medium_large-height":576,"large":"https:\/\/media-camminiditalia.nbg1.your-objectstorage.com\/2023\/08\/20_20_11zon.webp","large-width":800,"large-height":600,"1536x1536":"https:\/\/media-camminiditalia.nbg1.your-objectstorage.com\/2023\/08\/20_20_11zon.webp","1536x1536-width":800,"1536x1536-height":600,"2048x2048":"https:\/\/media-camminiditalia.nbg1.your-objectstorage.com\/2023\/08\/20_20_11zon.webp","2048x2048-width":800,"2048x2048-height":600,"tc_all_events_image":"https:\/\/media-camminiditalia.nbg1.your-objectstorage.com\/2023\/08\/20_20_11zon.webp","tc_all_events_image-width":800,"tc_all_events_image-height":600,"woocommerce_thumbnail":"https:\/\/media-camminiditalia.nbg1.your-objectstorage.com\/2023\/08\/20_20_11zon-300x300.webp","woocommerce_thumbnail-width":300,"woocommerce_thumbnail-height":300,"woocommerce_single":"https:\/\/media-camminiditalia.nbg1.your-objectstorage.com\/2023\/08\/20_20_11zon-600x450.webp","woocommerce_single-width":600,"woocommerce_single-height":450,"woocommerce_gallery_thumbnail":"https:\/\/media-camminiditalia.nbg1.your-objectstorage.com\/2023\/08\/20_20_11zon-100x100.webp","woocommerce_gallery_thumbnail-width":100,"woocommerce_gallery_thumbnail-height":100}}},{"img":{"ID":89216,"id":89216,"title":"27_27_11zon","filename":"27_27_11zon.webp","filesize":89168,"url":"https:\/\/media-camminiditalia.nbg1.your-objectstorage.com\/2023\/08\/27_27_11zon.webp","link":"https:\/\/camminiditalia.org\/en\/cammini\/cammino-san-francesco-di-paola\/27_27_11zon-3\/","alt":"","author":"2","description":"","caption":"Tappa 06: Santuario di Paterno Calabro","name":"27_27_11zon-3","status":"inherit","uploaded_to":67945,"date":"2026-02-18 09:20:50","modified":"2026-02-18 09:20:50","menu_order":0,"mime_type":"image\/webp","type":"image","subtype":"webp","icon":"https:\/\/camminiditalia.org\/wp-includes\/images\/media\/default.png","width":800,"height":600,"sizes":{"thumbnail":"https:\/\/media-camminiditalia.nbg1.your-objectstorage.com\/2023\/08\/27_27_11zon-150x150.webp","thumbnail-width":150,"thumbnail-height":150,"medium":"https:\/\/media-camminiditalia.nbg1.your-objectstorage.com\/2023\/08\/27_27_11zon-300x225.webp","medium-width":300,"medium-height":225,"medium_large":"https:\/\/media-camminiditalia.nbg1.your-objectstorage.com\/2023\/08\/27_27_11zon-768x576.webp","medium_large-width":768,"medium_large-height":576,"large":"https:\/\/media-camminiditalia.nbg1.your-objectstorage.com\/2023\/08\/27_27_11zon.webp","large-width":800,"large-height":600,"1536x1536":"https:\/\/media-camminiditalia.nbg1.your-objectstorage.com\/2023\/08\/27_27_11zon.webp","1536x1536-width":800,"1536x1536-height":600,"2048x2048":"https:\/\/media-camminiditalia.nbg1.your-objectstorage.com\/2023\/08\/27_27_11zon.webp","2048x2048-width":800,"2048x2048-height":600,"tc_all_events_image":"https:\/\/media-camminiditalia.nbg1.your-objectstorage.com\/2023\/08\/27_27_11zon.webp","tc_all_events_image-width":800,"tc_all_events_image-height":600,"woocommerce_thumbnail":"https:\/\/media-camminiditalia.nbg1.your-objectstorage.com\/2023\/08\/27_27_11zon-300x300.webp","woocommerce_thumbnail-width":300,"woocommerce_thumbnail-height":300,"woocommerce_single":"https:\/\/media-camminiditalia.nbg1.your-objectstorage.com\/2023\/08\/27_27_11zon-600x450.webp","woocommerce_single-width":600,"woocommerce_single-height":450,"woocommerce_gallery_thumbnail":"https:\/\/media-camminiditalia.nbg1.your-objectstorage.com\/2023\/08\/27_27_11zon-100x100.webp","woocommerce_gallery_thumbnail-width":100,"woocommerce_gallery_thumbnail-height":100}}},{"img":{"ID":89210,"id":89210,"title":"21_21_11zon","filename":"21_21_11zon.webp","filesize":140562,"url":"https:\/\/media-camminiditalia.nbg1.your-objectstorage.com\/2023\/08\/21_21_11zon.webp","link":"https:\/\/camminiditalia.org\/en\/cammini\/cammino-san-francesco-di-paola\/21_21_11zon-3\/","alt":"","author":"2","description":"","caption":"Pietra Segnaletica","name":"21_21_11zon-3","status":"inherit","uploaded_to":67945,"date":"2026-02-18 09:19:55","modified":"2026-02-18 09:19:55","menu_order":0,"mime_type":"image\/webp","type":"image","subtype":"webp","icon":"https:\/\/camminiditalia.org\/wp-includes\/images\/media\/default.png","width":800,"height":600,"sizes":{"thumbnail":"https:\/\/media-camminiditalia.nbg1.your-objectstorage.com\/2023\/08\/21_21_11zon-150x150.webp","thumbnail-width":150,"thumbnail-height":150,"medium":"https:\/\/media-camminiditalia.nbg1.your-objectstorage.com\/2023\/08\/21_21_11zon-300x225.webp","medium-width":300,"medium-height":225,"medium_large":"https:\/\/media-camminiditalia.nbg1.your-objectstorage.com\/2023\/08\/21_21_11zon-768x576.webp","medium_large-width":768,"medium_large-height":576,"large":"https:\/\/media-camminiditalia.nbg1.your-objectstorage.com\/2023\/08\/21_21_11zon.webp","large-width":800,"large-height":600,"1536x1536":"https:\/\/media-camminiditalia.nbg1.your-objectstorage.com\/2023\/08\/21_21_11zon.webp","1536x1536-width":800,"1536x1536-height":600,"2048x2048":"https:\/\/media-camminiditalia.nbg1.your-objectstorage.com\/2023\/08\/21_21_11zon.webp","2048x2048-width":800,"2048x2048-height":600,"tc_all_events_image":"https:\/\/media-camminiditalia.nbg1.your-objectstorage.com\/2023\/08\/21_21_11zon.webp","tc_all_events_image-width":800,"tc_all_events_image-height":600,"woocommerce_thumbnail":"https:\/\/media-camminiditalia.nbg1.your-objectstorage.com\/2023\/08\/21_21_11zon-300x300.webp","woocommerce_thumbnail-width":300,"woocommerce_thumbnail-height":300,"woocommerce_single":"https:\/\/media-camminiditalia.nbg1.your-objectstorage.com\/2023\/08\/21_21_11zon-600x450.webp","woocommerce_single-width":600,"woocommerce_single-height":450,"woocommerce_gallery_thumbnail":"https:\/\/media-camminiditalia.nbg1.your-objectstorage.com\/2023\/08\/21_21_11zon-100x100.webp","woocommerce_gallery_thumbnail-width":100,"woocommerce_gallery_thumbnail-height":100}}},{"img":{"ID":89211,"id":89211,"title":"22_22_11zon","filename":"22_22_11zon.webp","filesize":36816,"url":"https:\/\/media-camminiditalia.nbg1.your-objectstorage.com\/2023\/08\/22_22_11zon.webp","link":"https:\/\/camminiditalia.org\/en\/cammini\/cammino-san-francesco-di-paola\/22_22_11zon-3\/","alt":"","author":"2","description":"","caption":"Segnaletica stradale","name":"22_22_11zon-3","status":"inherit","uploaded_to":67945,"date":"2026-02-18 09:20:05","modified":"2026-02-18 09:20:05","menu_order":0,"mime_type":"image\/webp","type":"image","subtype":"webp","icon":"https:\/\/camminiditalia.org\/wp-includes\/images\/media\/default.png","width":800,"height":600,"sizes":{"thumbnail":"https:\/\/media-camminiditalia.nbg1.your-objectstorage.com\/2023\/08\/22_22_11zon-150x150.webp","thumbnail-width":150,"thumbnail-height":150,"medium":"https:\/\/media-camminiditalia.nbg1.your-objectstorage.com\/2023\/08\/22_22_11zon-300x225.webp","medium-width":300,"medium-height":225,"medium_large":"https:\/\/media-camminiditalia.nbg1.your-objectstorage.com\/2023\/08\/22_22_11zon-768x576.webp","medium_large-width":768,"medium_large-height":576,"large":"https:\/\/media-camminiditalia.nbg1.your-objectstorage.com\/2023\/08\/22_22_11zon.webp","large-width":800,"large-height":600,"1536x1536":"https:\/\/media-camminiditalia.nbg1.your-objectstorage.com\/2023\/08\/22_22_11zon.webp","1536x1536-width":800,"1536x1536-height":600,"2048x2048":"https:\/\/media-camminiditalia.nbg1.your-objectstorage.com\/2023\/08\/22_22_11zon.webp","2048x2048-width":800,"2048x2048-height":600,"tc_all_events_image":"https:\/\/media-camminiditalia.nbg1.your-objectstorage.com\/2023\/08\/22_22_11zon.webp","tc_all_events_image-width":800,"tc_all_events_image-height":600,"woocommerce_thumbnail":"https:\/\/media-camminiditalia.nbg1.your-objectstorage.com\/2023\/08\/22_22_11zon-300x300.webp","woocommerce_thumbnail-width":300,"woocommerce_thumbnail-height":300,"woocommerce_single":"https:\/\/media-camminiditalia.nbg1.your-objectstorage.com\/2023\/08\/22_22_11zon-600x450.webp","woocommerce_single-width":600,"woocommerce_single-height":450,"woocommerce_gallery_thumbnail":"https:\/\/media-camminiditalia.nbg1.your-objectstorage.com\/2023\/08\/22_22_11zon-100x100.webp","woocommerce_gallery_thumbnail-width":100,"woocommerce_gallery_thumbnail-height":100}}}]},"guide":{"text":"<h2><strong>GUIDE TO THE CAMINO SAN FRANCESCO DI PAOLA<\/strong><\/h2>\n<p>Born in 1416, Francis of Paola is still the most revered saint in Calabria. To walk the <a href=\"https:\/\/camminiditalia.org\/cammini\/cammino-san-francesco-di-paola\/\">Cammino San Francesco di Paola<\/a> dedicated to him is to immerse oneself in an experience that combines nature, spirituality and tradition. Passing through millennia-old beech forests and villages rich in folklore and ancient customs, one comes into contact with the legacy of a man deeply connected to his community and respect for his surroundings. Along the way, one encounters the crystal-clear waters of the Tyrrhenian Sea and finally reaches the sanctuary of Paola, custodian of the spiritual aspirations of generations of pilgrims for more than 500 years.   <\/p>\n<p>The Way has two main routes, both with the possibility of reaching the shrine from different directions. One can choose to follow the Via del Giovane from San Marco Argentano, which evokes the path taken by Francis when, still young, he approached his vocation. Or one can opt for the Via dell&#8217;Eremita from Paterno Calabro, which recounts the courageous and inspired choices that led him to the founding of the Order of Minim Friars. It is also possible to combine the STAGES of both routes to create a longer six-day itinerary.   <\/p>\n<p>For those wishing to begin this adventure, the Paola train station, connected by high-speed service, is the ideal starting and arrival point, allowing the journey to begin without wasting time.<\/p>\n","img":{"ID":64527,"id":64527,"title":"The-Camino-di-Francesco-di-Paola_400x","filename":"Il-Cammino-di-Francesco-di-Paola_400x.jpg","filesize":72570,"url":"https:\/\/media-camminiditalia.nbg1.your-objectstorage.com\/wp-content\/uploads\/2023\/08\/Il-Cammino-di-Francesco-di-Paola_400x.jpg","link":"https:\/\/camminiditalia.org\/en\/cammini\/cammino-san-francesco-di-paola\/il-cammino-di-francesco-di-paola_400x\/","alt":"Guide to the Cammino di Francesco di Paola","author":"2","description":"","caption":"","name":"il-cammino-di-francesco-di-paola_400x","status":"inherit","uploaded_to":67945,"date":"2024-03-11 22:52:41","modified":"2025-06-25 09:31:16","menu_order":0,"mime_type":"image\/jpeg","type":"image","subtype":"jpeg","icon":"https:\/\/camminiditalia.org\/wp-includes\/images\/media\/default.png","width":400,"height":718,"sizes":{"thumbnail":"https:\/\/media-camminiditalia.nbg1.your-objectstorage.com\/wp-content\/uploads\/2023\/08\/Il-Cammino-di-Francesco-di-Paola_400x-150x150.jpg","thumbnail-width":150,"thumbnail-height":150,"medium":"https:\/\/media-camminiditalia.nbg1.your-objectstorage.com\/wp-content\/uploads\/2023\/08\/Il-Cammino-di-Francesco-di-Paola_400x-167x300.jpg","medium-width":167,"medium-height":300,"medium_large":"https:\/\/media-camminiditalia.nbg1.your-objectstorage.com\/wp-content\/uploads\/2023\/08\/Il-Cammino-di-Francesco-di-Paola_400x.jpg","medium_large-width":400,"medium_large-height":718,"large":"https:\/\/media-camminiditalia.nbg1.your-objectstorage.com\/wp-content\/uploads\/2023\/08\/Il-Cammino-di-Francesco-di-Paola_400x.jpg","large-width":400,"large-height":718,"1536x1536":"https:\/\/media-camminiditalia.nbg1.your-objectstorage.com\/wp-content\/uploads\/2023\/08\/Il-Cammino-di-Francesco-di-Paola_400x.jpg","1536x1536-width":400,"1536x1536-height":718,"2048x2048":"https:\/\/media-camminiditalia.nbg1.your-objectstorage.com\/wp-content\/uploads\/2023\/08\/Il-Cammino-di-Francesco-di-Paola_400x.jpg","2048x2048-width":400,"2048x2048-height":718,"tc_all_events_image":"https:\/\/media-camminiditalia.nbg1.your-objectstorage.com\/wp-content\/uploads\/2023\/08\/Il-Cammino-di-Francesco-di-Paola_400x.jpg","tc_all_events_image-width":379,"tc_all_events_image-height":680,"woocommerce_thumbnail":"https:\/\/media-camminiditalia.nbg1.your-objectstorage.com\/wp-content\/uploads\/2023\/08\/Il-Cammino-di-Francesco-di-Paola_400x-300x300.jpg","woocommerce_thumbnail-width":300,"woocommerce_thumbnail-height":300,"woocommerce_single":"https:\/\/media-camminiditalia.nbg1.your-objectstorage.com\/wp-content\/uploads\/2023\/08\/Il-Cammino-di-Francesco-di-Paola_400x.jpg","woocommerce_single-width":400,"woocommerce_single-height":718,"woocommerce_gallery_thumbnail":"https:\/\/media-camminiditalia.nbg1.your-objectstorage.com\/wp-content\/uploads\/2023\/08\/Il-Cammino-di-Francesco-di-Paola_400x-100x100.jpg","woocommerce_gallery_thumbnail-width":100,"woocommerce_gallery_thumbnail-height":100}},"linkBtn":{"title":"","url":"https:\/\/camminiditalia.shop\/product\/guida-cammino-di-san-francesco-di-paola\/","target":""},"textBtn":"BUY NOW!"},"maps":{"map":"<p><iframe loading=\"lazy\" style=\"border: none; overflow: hidden;\" src=\"https:\/\/1.camminiditalia.webmapp.it\/map?layer=46\" width=\"100%\" height=\"800\" scrolling=\"no\"><span data-mce-type=\"bookmark\" style=\"display: inline-block; width: 0px; overflow: hidden; line-height: 0;\" class=\"mce_SELRES_start\">\ufeff<\/span><\/iframe><\/p>\n","url":""},"modal":{"modals":[{"status":false,"title":"HISTORY","text":"<p><span style=\"font-weight: 400;\">The Cammino was designed to retrace the main journeys made by St. Francis of Paola (1416-1507), a hermit and founder of the Order of Minims. As a teenager, he chose the woods of Paola as a place to retire to a solitary life, contemplating God and living in a very harmonious and balanced relationship with nature. <\/span><\/p>\n<p><span style=\"font-weight: 400;\">Thanks to extensive research and cartographic assessments, each of the Traced Routes has a story related to a particular phase of the Saint&#8217;s life. The Via del Giovane presents a very young Francis, who goes to San Marco Argentano to have a vocational experience, from which he returns to Paola, his native village, convinced that he wants to embrace a eremitic, radical and solitary lifestyle. The Hermit&#8217;s Way, on the other hand, recounts an adult Friar, founder of a monastic Order, open to the needs of the people, who goes to Paterno to found his first convent after the one in Paola.  <\/span><\/p>\n<p><span style=\"font-weight: 400;\">The Camino speaks not only of historical memory, but also of traditions, cultural identity, environmental sustainability, and knowledge of places as beautiful as they are unexplored. It is not only a path to be walked: the Camino is, that inner space where everyone has the opportunity to rediscover the importance of values such as the relationship with nature, the relationship with oneself, the pleasure of meeting and conviviality. <\/span><\/p>\n"},{"status":false,"title":"WATER","text":"<p><span style=\"font-weight: 400;\">Present at the beginning of the STAGE and at the end of the STAGE. At least one intermediate source in each STAGE. <\/span><\/p>\n"},{"status":false,"title":"SERVICES ","text":"<p><span style=\"font-weight: 400;\">Supermarkets: present on all STAGEs except Bosco Cinquemiglia.<\/span><\/p>\n<p><span style=\"font-weight: 400;\">Pharmacies: present on all STAGES except Bosco Cinquemiglia.<\/span><\/p>\n<p><span style=\"font-weight: 400;\">Luggage transport: \u20ac5 per luggage per STAGE, with a minimum of 8 people (for smaller numbers the total transport fee of \u20ac40 is required). Autotrinidad &#8211; cell. 3472750217 (Eddy)  <\/span><\/p>\n<p><span style=\"font-weight: 400;\">https:\/\/www.ilcamminodisanfrancesco.it\/info.html#pl5<\/span><\/p>\n"},{"status":false,"title":"SIGNAGE","text":"<p><span style=\"font-weight: 400;\">The Cammino San Francesco di Paola is well marked. Along the route are distributed 110 marker stones decorated with the Sun, the symbol of the Way, a yellow arrow marking the direction to follow, an indication of the missing kilometers, and a scene from the life of St. Francis, different for each stone. Other signage consists of road signs, yellow-blue paint flags and occasional yellow arrows with the sun.  <\/span><\/p>\n"},{"status":false,"title":"CREDENTIALS","text":"<p><span style=\"font-weight: 400;\">It can be reserved in the info-credential section of the official website and picked up at one of the distribution points.<\/span><\/p>\n<p><span style=\"font-weight: 400;\">Alternatively you can request it, receiving it directly at home, from the shop section of the website. Cost \u20ac5 (including end-of-Walk testimonium). <\/span><\/p>\n"},{"status":false,"title":"CONTACTS  ","text":"<p><span style=\"font-weight: 400;\">WEBSITE: www.ilcamminodisanfrancesco.it<\/span><\/p>\n<p><span style=\"font-weight: 400;\">MAIL: info@ilcamminodisanfrancesco.it<\/span><\/p>\n<p><span style=\"font-weight: 400;\">OPERATING HEADQUARTERS: &#8220;La Casa del Km Zero,&#8221; Via San Francesco &#8211; 87027 Paola (CS). View on GOOGLE MAPS <\/span><\/p>\n"},{"status":false,"title":"","text":""}]},"pagePoster":{"title":"Cammino San Francesco di Paola","text":"<p><span style=\"font-weight: 400;\">The route, 112 km long and composed of 6 STAGES, runs in the Coastal Chain Mountains, the ridge that stretches parallel to the Calabrian Tyrrhenian coast, in the Province of Cosenza.<\/span><\/p>\n","linkBtn":{"title":"","url":"#scopriletappe","target":""},"textBtn":"DISCOVER THE STAGES"},"podcasts":{"podcast":false,"link":null},"poster":false,"read_also_posts":{"read_also":false},"scheda_tecnica":{"lunghezza":"112","dislivello_medio":"","n_tappe":"6","partenza":" San Marco Argentano","arrivo":"Paterno Calabro","tipologia":"linear","tema":["spiritual"],"portata":"regional","periodo_ideale":"","stagione_ideale":["spring","autumn","winter"]},"slider_cammini":{"title":"","text":"","select_cammini":false},"tappe":{"show_all":true,"all_tappe":"","tappa":[{"status":false,"title":"STAGE 01: SAN MARCO ARGENTANO - CERZETO","text":"<h2>Ridge STAGE<\/h2>\n<p><strong>Departure<\/strong>: San Marco Argentano<br \/>\n<strong>Arrival<\/strong>: Cerzeto<br \/>\n<strong>Distance<\/strong>: 11.8 km<br \/>\n<strong>Height difference<\/strong>: +520 m\/ &#8211; 505 m<\/p>\n<p>It starts in San Marco Argentano, from the church of the Riforma that hosted Francis of Paola when he was just 13 years old. The first part of the route offers views of the Crati Valley, the Pollino and the Italo-Albanian towns of Cervicati and Mongrassano. After passing through a forest of chestnut trees, one soon arrives in the village of Cerzeto also of Italo-Albanian ethnicity, language and culture.  <\/p>\n<h2>Valley STAGE.<\/h2>\n<p><strong>Departure<\/strong>: San Marco Argentano<br \/>\n<strong>Arrival<\/strong>: Cerzeto<br \/>\n<strong>Distance<\/strong>: 10.6 km<br \/>\n<strong>Height difference<\/strong>: +370 m\/ &#8211; 355 m<\/p>\n<p>This first STAGE along the valley route (alternatively, you can take the ridge variant) is fairly easy and faces moderate elevation changes. One can take advantage of half the morning for a visit to the village of San Marco Argentano (don&#8217;t miss the Cathedral and the Norman Tower). After a paved section to the village of Mongrassano, one enters country areas, skirting the ghost town of Cavallerizzo and passing through the hamlet of San Giacomo, before reaching the village of Cerzeto in about three hours.  <\/p>\n"},{"status":false,"title":"STAGE 02: CERZETO - BOSCO CINQUEMIGLIA","text":"<p><strong>Departure<\/strong>: Cerzeto<br \/>\n<strong>Arrival<\/strong>: Cinquemiglia Forest<br \/>\n<strong>Distance<\/strong>: 17.5 km<br \/>\n<strong>Height difference<\/strong>: +1100 m\/ &#8211; 500 m<\/p>\n<p>From Cerzeto going up the mountain in a forest of turkey oaks and chestnut trees, one can admire the monumental chestnut tree called <strong>Patriarch of Kroj Shtik\u00e0n<\/strong>. Further on, in an extensive beech forest, is the imposing <strong>beech of St. Francis.<\/strong> Past the <em>Cinque Vie<\/em> pass, one enters the <strong>Cinquemiglia Forest<\/strong>, one of the largest beech forests in Calabria. Downhill you reach the refuge where the STAGE ends.   <\/p>\n"},{"status":false,"title":"STAGE 03: BOSCO CINQUEMIGLIA - SANCTUARY OF PAOLA","text":"<p><strong>Departure<\/strong>: Cinquemiglia Forest<br \/>\n<strong>Arrival<\/strong>: Shrine of Paola<br \/>\n<strong>Distance<\/strong>: 19.8 km<br \/>\n<strong>Height difference<\/strong>: +750 m\/ &#8211; 1500 m<\/p>\n<p>From <strong>Bosco Cinquemiglia<\/strong> you ascend to the small natural body of water called <strong>Laghicello<\/strong>. You cross the Coastal Chain near Cozzo Cervello (highest point of the Cammino, at 1389 m) and descend on its western side, immersed in a beech forest. A life-size bronze statue of the saint is encountered, and further on magnificent views of the Tyrrhenian Sea lead to the <strong>Sanctuary of Paola<\/strong>.  <\/p>\n"},{"status":false,"title":"STAGE 04: SANCTUARY OF PAOLA - SAN FILI","text":"<p><strong>Departure<\/strong>: Sanctuary of Paola<br \/>\n<strong>Arrival<\/strong>: San Fili<br \/>\n<strong>Distance<\/strong>: 21.8 km<br \/>\n<strong>Height difference<\/strong>: +1300 m\/ &#8211; 1000 m<\/p>\n<p>From the <strong>Sanctuary of Paola<\/strong> you climb steeply, with views of the Tyrrhenian coast, to the extensive beech forests of Bosco Luta. Here one crosses the Coastal Chain and begins to descend on its eastern slope. The long descent through the woods also affords views of the Crati Valley from time to time. You arrive in the village of <strong>San Fili<\/strong>, where a statue of St. Francis welcomes travelers with open arms.   <\/p>\n"},{"status":false,"title":"STAGE 05: SAN FILI - CERISANO","text":"<p><strong>Departure<\/strong>: San Fili<br \/>\n<strong>Arrival<\/strong>: Cerisano<br \/>\n<strong>Distance<\/strong>: 18.9 km<br \/>\n<strong>Height difference<\/strong>: +900 m\/ &#8211; 850 m<\/p>\n<p>From the village of <strong>San Fili<\/strong>, past the ancient medieval bridge of the Jumiceddre, one ascends steeply through chestnut forests. You arrive in the area of the small plateau of Acquabianca and Masseria Silo, with extensive grasslands marked by limestone rocks, scattered farms and cultivated land. It continues through a beautiful beech forest and then downhill to the picturesque village of <strong>Cerisano<\/strong>.  <\/p>\n"},{"status":false,"title":"STAGE 06: CERISANO - SANCTUARY OF PATERNO CALABRO","text":"<p><strong>Departure<\/strong>: Cerisano<br \/>\n<strong>Arrival<\/strong>: Sanctuary of Paterno Calabro<br \/>\n<strong>Distance<\/strong>: 22 km<br \/>\n<strong>Height difference<\/strong>: +850 m\/ &#8211; 770 m<\/p>\n<p>The STAGE alternates between the characteristic villages of the <strong>Serre Cosentine<\/strong> and pleasant stretches in nature. From <strong>Cerisano<\/strong> one arrives in a short time at <strong>Mendicino<\/strong>. Passing the characteristic rocky ridge of Timpa Limena, you climb to the village of <strong>Carolei<\/strong>. You cross the Busento River and continue on a steep slope through pasture areas with old farmhouses. Passing the village of <strong>Dipignano<\/strong>, you arrive at the shrine of <strong>Paterno Calabro<\/strong>.    <\/p>\n"}]},"videos":{"video":false,"link":null},"logo_cammino":{"ID":55312,"id":55312,"title":"Logo-The-Cammino-San-Francesco-di-Paola","filename":"Logo-Il-Cammino-di-San-Francesco-di-Paola-scaled.webp","filesize":249522,"url":"https:\/\/media-camminiditalia.nbg1.your-objectstorage.com\/2023\/08\/Logo-Il-Cammino-di-San-Francesco-di-Paola-scaled.webp","link":"https:\/\/camminiditalia.org\/en\/cammini\/cammino-san-francesco-di-paola\/logo-il-cammino-di-san-francesco-di-paola-2\/","alt":"","author":"2","description":"","caption":"Cammino San Francesco di Paola Logo","name":"logo-il-cammino-di-san-francesco-di-paola-2","status":"inherit","uploaded_to":67945,"date":"2025-06-17 14:02:38","modified":"2025-06-25 09:31:16","menu_order":0,"mime_type":"image\/webp","type":"image","subtype":"webp","icon":"https:\/\/camminiditalia.org\/wp-includes\/images\/media\/default.png","width":2560,"height":2560,"sizes":{"thumbnail":"https:\/\/media-camminiditalia.nbg1.your-objectstorage.com\/2023\/08\/Logo-Il-Cammino-di-San-Francesco-di-Paola-150x150.webp","thumbnail-width":150,"thumbnail-height":150,"medium":"https:\/\/media-camminiditalia.nbg1.your-objectstorage.com\/2023\/08\/Logo-Il-Cammino-di-San-Francesco-di-Paola-300x300.webp","medium-width":300,"medium-height":300,"medium_large":"https:\/\/media-camminiditalia.nbg1.your-objectstorage.com\/2023\/08\/Logo-Il-Cammino-di-San-Francesco-di-Paola-768x768.webp","medium_large-width":768,"medium_large-height":768,"large":"https:\/\/media-camminiditalia.nbg1.your-objectstorage.com\/2023\/08\/Logo-Il-Cammino-di-San-Francesco-di-Paola-1024x1024.webp","large-width":1024,"large-height":1024,"1536x1536":"https:\/\/media-camminiditalia.nbg1.your-objectstorage.com\/2023\/08\/Logo-Il-Cammino-di-San-Francesco-di-Paola-1536x1536.webp","1536x1536-width":1536,"1536x1536-height":1536,"2048x2048":"https:\/\/media-camminiditalia.nbg1.your-objectstorage.com\/2023\/08\/Logo-Il-Cammino-di-San-Francesco-di-Paola-2048x2048.webp","2048x2048-width":2048,"2048x2048-height":2048,"tc_all_events_image":"https:\/\/media-camminiditalia.nbg1.your-objectstorage.com\/2023\/08\/Logo-Il-Cammino-di-San-Francesco-di-Paola-1100x680.webp","tc_all_events_image-width":1100,"tc_all_events_image-height":680,"woocommerce_thumbnail":"https:\/\/media-camminiditalia.nbg1.your-objectstorage.com\/2023\/08\/Logo-Il-Cammino-di-San-Francesco-di-Paola-300x300.webp","woocommerce_thumbnail-width":300,"woocommerce_thumbnail-height":300,"woocommerce_single":"https:\/\/media-camminiditalia.nbg1.your-objectstorage.com\/2023\/08\/Logo-Il-Cammino-di-San-Francesco-di-Paola-600x600.webp","woocommerce_single-width":600,"woocommerce_single-height":600,"woocommerce_gallery_thumbnail":"https:\/\/media-camminiditalia.nbg1.your-objectstorage.com\/2023\/08\/Logo-Il-Cammino-di-San-Francesco-di-Paola-100x100.webp","woocommerce_gallery_thumbnail-width":100,"woocommerce_gallery_thumbnail-height":100}},"header_link":{"title":"","url":"","target":"","0":""}},"yoast_head":"<!-- This site is optimized with the Yoast SEO plugin v27.1.1 - https:\/\/yoast.com\/product\/yoast-seo-wordpress\/ -->\n<title>Cammino San Francesco di Paola - Cammini d&#039;Italia<\/title>\n<meta name=\"description\" content=\"The route runs through the Coastal Chain Mountains, the ridge that stretches parallel to the coast of the Calabrian Tyrrhenian Sea.\" \/>\n<meta name=\"robots\" content=\"index, follow, max-snippet:-1, max-image-preview:large, max-video-preview:-1\" \/>\n<link rel=\"canonical\" href=\"https:\/\/camminiditalia.org\/en\/cammini\/cammino-san-francesco-di-paola\/\" \/>\n<meta property=\"og:locale\" content=\"en_US\" \/>\n<meta property=\"og:type\" content=\"article\" \/>\n<meta property=\"og:title\" content=\"Cammino San Francesco di Paola - Cammini d&#039;Italia\" \/>\n<meta property=\"og:description\" content=\"The route runs through the Coastal Chain Mountains, the ridge that stretches parallel to the coast of the Calabrian Tyrrhenian Sea.\" \/>\n<meta property=\"og:url\" content=\"https:\/\/camminiditalia.org\/en\/cammini\/cammino-san-francesco-di-paola\/\" \/>\n<meta property=\"og:site_name\" content=\"Cammini d&#039;Italia\" \/>\n<meta property=\"article:modified_time\" content=\"2026-03-02T18:08:33+00:00\" \/>\n<meta property=\"og:image\" content=\"https:\/\/media-camminiditalia.nbg1.your-objectstorage.com\/wp-content\/uploads\/2023\/08\/4-CAMMINI-COAST-TO-COAST-7.png\" \/>\n\t<meta property=\"og:image:width\" content=\"1900\" \/>\n\t<meta property=\"og:image:height\" content=\"600\" \/>\n\t<meta property=\"og:image:type\" content=\"image\/png\" \/>\n<meta name=\"twitter:card\" content=\"summary_large_image\" \/>\n<meta name=\"twitter:label1\" content=\"Est. reading time\" \/>\n\t<meta name=\"twitter:data1\" content=\"2 minutes\" \/>\n<script type=\"application\/ld+json\" class=\"yoast-schema-graph\">{\"@context\":\"https:\/\/schema.org\",\"@graph\":[{\"@type\":\"WebPage\",\"@id\":\"https:\/\/camminiditalia.org\/en\/cammini\/cammino-san-francesco-di-paola\/\",\"url\":\"https:\/\/camminiditalia.org\/en\/cammini\/cammino-san-francesco-di-paola\/\",\"name\":\"Cammino San Francesco di Paola - Cammini d&#039;Italia\",\"isPartOf\":{\"@id\":\"https:\/\/camminiditalia.org\/en\/#website\"},\"primaryImageOfPage\":{\"@id\":\"https:\/\/camminiditalia.org\/en\/cammini\/cammino-san-francesco-di-paola\/#primaryimage\"},\"image\":{\"@id\":\"https:\/\/camminiditalia.org\/en\/cammini\/cammino-san-francesco-di-paola\/#primaryimage\"},\"thumbnailUrl\":\"https:\/\/media-camminiditalia.nbg1.your-objectstorage.com\/wp-content\/uploads\/2023\/08\/4-CAMMINI-COAST-TO-COAST-7.png\",\"datePublished\":\"2023-08-25T10:20:43+00:00\",\"dateModified\":\"2026-03-02T18:08:33+00:00\",\"description\":\"The route runs through the Coastal Chain Mountains, the ridge that stretches parallel to the coast of the Calabrian Tyrrhenian Sea.\",\"breadcrumb\":{\"@id\":\"https:\/\/camminiditalia.org\/en\/cammini\/cammino-san-francesco-di-paola\/#breadcrumb\"},\"inLanguage\":\"en-US\",\"potentialAction\":[{\"@type\":\"ReadAction\",\"target\":[\"https:\/\/camminiditalia.org\/en\/cammini\/cammino-san-francesco-di-paola\/\"]}]},{\"@type\":\"ImageObject\",\"inLanguage\":\"en-US\",\"@id\":\"https:\/\/camminiditalia.org\/en\/cammini\/cammino-san-francesco-di-paola\/#primaryimage\",\"url\":\"https:\/\/media-camminiditalia.nbg1.your-objectstorage.com\/wp-content\/uploads\/2023\/08\/4-CAMMINI-COAST-TO-COAST-7.png\",\"contentUrl\":\"https:\/\/media-camminiditalia.nbg1.your-objectstorage.com\/wp-content\/uploads\/2023\/08\/4-CAMMINI-COAST-TO-COAST-7.png\",\"width\":1900,\"height\":600,\"caption\":\"Cammino San Francesco di Paola\"},{\"@type\":\"BreadcrumbList\",\"@id\":\"https:\/\/camminiditalia.org\/en\/cammini\/cammino-san-francesco-di-paola\/#breadcrumb\",\"itemListElement\":[{\"@type\":\"ListItem\",\"position\":1,\"name\":\"Home\",\"item\":\"https:\/\/camminiditalia.org\/en\/\"},{\"@type\":\"ListItem\",\"position\":2,\"name\":\"Walks\",\"item\":\"https:\/\/camminiditalia.org\/en\/cammini\/\"},{\"@type\":\"ListItem\",\"position\":3,\"name\":\"Cammino San Francesco di Paola\"}]},{\"@type\":\"WebSite\",\"@id\":\"https:\/\/camminiditalia.org\/en\/#website\",\"url\":\"https:\/\/camminiditalia.org\/en\/\",\"name\":\"Cammini d'Italia\",\"description\":\"Plan, walk and share!\",\"publisher\":{\"@id\":\"https:\/\/camminiditalia.org\/en\/#organization\"},\"potentialAction\":[{\"@type\":\"SearchAction\",\"target\":{\"@type\":\"EntryPoint\",\"urlTemplate\":\"https:\/\/camminiditalia.org\/en\/?s={search_term_string}\"},\"query-input\":{\"@type\":\"PropertyValueSpecification\",\"valueRequired\":true,\"valueName\":\"search_term_string\"}}],\"inLanguage\":\"en-US\"},{\"@type\":\"Organization\",\"@id\":\"https:\/\/camminiditalia.org\/en\/#organization\",\"name\":\"Cammini d'Italia srls\",\"url\":\"https:\/\/camminiditalia.org\/en\/\",\"logo\":{\"@type\":\"ImageObject\",\"inLanguage\":\"en-US\",\"@id\":\"https:\/\/camminiditalia.org\/en\/#\/schema\/logo\/image\/\",\"url\":\"https:\/\/media-camminiditalia.nbg1.your-objectstorage.com\/wp-content\/uploads\/2023\/08\/Risorsa-2-8-e1690918206850.png\",\"contentUrl\":\"https:\/\/media-camminiditalia.nbg1.your-objectstorage.com\/wp-content\/uploads\/2023\/08\/Risorsa-2-8-e1690918206850.png\",\"width\":1076,\"height\":329,\"caption\":\"Cammini d'Italia srls\"},\"image\":{\"@id\":\"https:\/\/camminiditalia.org\/en\/#\/schema\/logo\/image\/\"}}]}<\/script>\n<!-- \/ Yoast SEO plugin. -->","yoast_head_json":{"title":"Cammino San Francesco di Paola - Cammini d&#039;Italia","description":"The route runs through the Coastal Chain Mountains, the ridge that stretches parallel to the coast of the Calabrian Tyrrhenian Sea.","robots":{"index":"index","follow":"follow","max-snippet":"max-snippet:-1","max-image-preview":"max-image-preview:large","max-video-preview":"max-video-preview:-1"},"canonical":"https:\/\/camminiditalia.org\/en\/cammini\/cammino-san-francesco-di-paola\/","og_locale":"en_US","og_type":"article","og_title":"Cammino San Francesco di Paola - Cammini d&#039;Italia","og_description":"The route runs through the Coastal Chain Mountains, the ridge that stretches parallel to the coast of the Calabrian Tyrrhenian Sea.","og_url":"https:\/\/camminiditalia.org\/en\/cammini\/cammino-san-francesco-di-paola\/","og_site_name":"Cammini d&#039;Italia","article_modified_time":"2026-03-02T18:08:33+00:00","og_image":[{"width":1900,"height":600,"url":"https:\/\/media-camminiditalia.nbg1.your-objectstorage.com\/wp-content\/uploads\/2023\/08\/4-CAMMINI-COAST-TO-COAST-7.png","type":"image\/png"}],"twitter_card":"summary_large_image","twitter_misc":{"Est. reading time":"2 minutes"},"schema":{"@context":"https:\/\/schema.org","@graph":[{"@type":"WebPage","@id":"https:\/\/camminiditalia.org\/en\/cammini\/cammino-san-francesco-di-paola\/","url":"https:\/\/camminiditalia.org\/en\/cammini\/cammino-san-francesco-di-paola\/","name":"Cammino San Francesco di Paola - Cammini d&#039;Italia","isPartOf":{"@id":"https:\/\/camminiditalia.org\/en\/#website"},"primaryImageOfPage":{"@id":"https:\/\/camminiditalia.org\/en\/cammini\/cammino-san-francesco-di-paola\/#primaryimage"},"image":{"@id":"https:\/\/camminiditalia.org\/en\/cammini\/cammino-san-francesco-di-paola\/#primaryimage"},"thumbnailUrl":"https:\/\/media-camminiditalia.nbg1.your-objectstorage.com\/wp-content\/uploads\/2023\/08\/4-CAMMINI-COAST-TO-COAST-7.png","datePublished":"2023-08-25T10:20:43+00:00","dateModified":"2026-03-02T18:08:33+00:00","description":"The route runs through the Coastal Chain Mountains, the ridge that stretches parallel to the coast of the Calabrian Tyrrhenian Sea.","breadcrumb":{"@id":"https:\/\/camminiditalia.org\/en\/cammini\/cammino-san-francesco-di-paola\/#breadcrumb"},"inLanguage":"en-US","potentialAction":[{"@type":"ReadAction","target":["https:\/\/camminiditalia.org\/en\/cammini\/cammino-san-francesco-di-paola\/"]}]},{"@type":"ImageObject","inLanguage":"en-US","@id":"https:\/\/camminiditalia.org\/en\/cammini\/cammino-san-francesco-di-paola\/#primaryimage","url":"https:\/\/media-camminiditalia.nbg1.your-objectstorage.com\/wp-content\/uploads\/2023\/08\/4-CAMMINI-COAST-TO-COAST-7.png","contentUrl":"https:\/\/media-camminiditalia.nbg1.your-objectstorage.com\/wp-content\/uploads\/2023\/08\/4-CAMMINI-COAST-TO-COAST-7.png","width":1900,"height":600,"caption":"Cammino San Francesco di Paola"},{"@type":"BreadcrumbList","@id":"https:\/\/camminiditalia.org\/en\/cammini\/cammino-san-francesco-di-paola\/#breadcrumb","itemListElement":[{"@type":"ListItem","position":1,"name":"Home","item":"https:\/\/camminiditalia.org\/en\/"},{"@type":"ListItem","position":2,"name":"Walks","item":"https:\/\/camminiditalia.org\/en\/cammini\/"},{"@type":"ListItem","position":3,"name":"Cammino San Francesco di Paola"}]},{"@type":"WebSite","@id":"https:\/\/camminiditalia.org\/en\/#website","url":"https:\/\/camminiditalia.org\/en\/","name":"Cammini d'Italia","description":"Plan, walk and share!","publisher":{"@id":"https:\/\/camminiditalia.org\/en\/#organization"},"potentialAction":[{"@type":"SearchAction","target":{"@type":"EntryPoint","urlTemplate":"https:\/\/camminiditalia.org\/en\/?s={search_term_string}"},"query-input":{"@type":"PropertyValueSpecification","valueRequired":true,"valueName":"search_term_string"}}],"inLanguage":"en-US"},{"@type":"Organization","@id":"https:\/\/camminiditalia.org\/en\/#organization","name":"Cammini d'Italia srls","url":"https:\/\/camminiditalia.org\/en\/","logo":{"@type":"ImageObject","inLanguage":"en-US","@id":"https:\/\/camminiditalia.org\/en\/#\/schema\/logo\/image\/","url":"https:\/\/media-camminiditalia.nbg1.your-objectstorage.com\/wp-content\/uploads\/2023\/08\/Risorsa-2-8-e1690918206850.png","contentUrl":"https:\/\/media-camminiditalia.nbg1.your-objectstorage.com\/wp-content\/uploads\/2023\/08\/Risorsa-2-8-e1690918206850.png","width":1076,"height":329,"caption":"Cammini d'Italia srls"},"image":{"@id":"https:\/\/camminiditalia.org\/en\/#\/schema\/logo\/image\/"}}]}},"jetpack_sharing_enabled":true,"_links":{"self":[{"href":"https:\/\/camminiditalia.org\/en\/wp-json\/wp\/v2\/cammini\/67945","targetHints":{"allow":["GET"]}}],"collection":[{"href":"https:\/\/camminiditalia.org\/en\/wp-json\/wp\/v2\/cammini"}],"about":[{"href":"https:\/\/camminiditalia.org\/en\/wp-json\/wp\/v2\/types\/cammini"}],"version-history":[{"count":1,"href":"https:\/\/camminiditalia.org\/en\/wp-json\/wp\/v2\/cammini\/67945\/revisions"}],"predecessor-version":[{"id":89219,"href":"https:\/\/camminiditalia.org\/en\/wp-json\/wp\/v2\/cammini\/67945\/revisions\/89219"}],"wp:featuredmedia":[{"embeddable":true,"href":"https:\/\/camminiditalia.org\/en\/wp-json\/wp\/v2\/media\/63436"}],"wp:attachment":[{"href":"https:\/\/camminiditalia.org\/en\/wp-json\/wp\/v2\/media?parent=67945"}],"wp:term":[{"taxonomy":"category","embeddable":true,"href":"https:\/\/camminiditalia.org\/en\/wp-json\/wp\/v2\/categories?post=67945"}],"curies":[{"name":"wp","href":"https:\/\/api.w.org\/{rel}","templated":true}]}}