
{"id":67951,"date":"2023-08-11T12:39:32","date_gmt":"2023-08-11T10:39:32","guid":{"rendered":"https:\/\/camminiditalia.org\/cammini\/cammino-di-oropa-canavesano\/"},"modified":"2026-03-03T10:02:08","modified_gmt":"2026-03-03T09:02:08","slug":"cammino-di-oropa-canavesano","status":"publish","type":"cammini","link":"https:\/\/camminiditalia.org\/en\/cammini\/cammino-di-oropa-canavesano\/","title":{"rendered":"Cammino di Oropa Canavesano"},"content":{"rendered":"\n<p>The Cammino di DANTE Canavese is the longest of the Cammino di Oropa Canavese routes (about 85 km in 5 stages compared to 61 km in 4 stages on the main route) and the most challenging, not only because of its length and elevation differences, but also because there are fewer water and food supply points along the way.<\/p>\n\n<p>It is a recommended itinerary for wayfarers with a minimum of experience in staged walks, and for those who have already walked the Santhi\u00e0-Oropa route and want to get to know a new piece of Piedmont territory, equally beautiful and surprising.<\/p>\n\n<p>Once in Oropa, it is possible to continue the journey along the Cammino di Oropa ORIENTALE, extending the trip by 3 days, following the markers with black arrows on a yellow background.<\/p>\n","protected":false},"excerpt":{"rendered":"<p>The Cammino di DANTE Canavese is the longest of the Cammino di Oropa Canavese routes (about 85 km in 5 stages compared to 61 km in 4 stages on the main route) and the most challenging, not only because of its length and elevation differences, but also because there are fewer water and food supply &hellip; <a href=\"https:\/\/camminiditalia.org\/en\/cammini\/cammino-di-oropa-canavesano\/\">Continued<\/a><\/p>\n","protected":false},"featured_media":63344,"parent":0,"menu_order":0,"template":"","meta":{"_acf_changed":false,"footnotes":""},"categories":[],"class_list":["post-67951","cammini","type-cammini","status-publish","has-post-thumbnail","hentry","regioni-piemonte"],"acf":{"mobile":false,"desktop":false,"app":{"bgImg":{"ID":63340,"id":63340,"title":"Credits_ The Slow Movement APS","filename":"Credits_-Il-Movimento-Lento-APS-2.jpg","filesize":5531433,"url":"https:\/\/media-camminiditalia.nbg1.your-objectstorage.com\/wp-content\/uploads\/2023\/08\/Credits_-Il-Movimento-Lento-APS-2-scaled.jpg","link":"https:\/\/camminiditalia.org\/en\/cammini\/cammino-di-oropa-canavesano\/credits_-il-movimento-lento-aps-3\/","alt":"Cammino di Oropa Canavesano","author":"2","description":"","caption":"STAGE 03","name":"credits_-il-movimento-lento-aps-3","status":"inherit","uploaded_to":67951,"date":"2023-08-11 10:34:23","modified":"2025-06-25 09:31:24","menu_order":0,"mime_type":"image\/jpeg","type":"image","subtype":"jpeg","icon":"https:\/\/camminiditalia.org\/wp-includes\/images\/media\/default.png","width":0,"height":0,"sizes":{"thumbnail":"https:\/\/media-camminiditalia.nbg1.your-objectstorage.com\/wp-content\/uploads\/2023\/08\/Credits_-Il-Movimento-Lento-APS-2-150x150.jpg","thumbnail-width":150,"thumbnail-height":150,"medium":"https:\/\/media-camminiditalia.nbg1.your-objectstorage.com\/wp-content\/uploads\/2023\/08\/Credits_-Il-Movimento-Lento-APS-2-300x225.jpg","medium-width":300,"medium-height":225,"medium_large":"https:\/\/media-camminiditalia.nbg1.your-objectstorage.com\/wp-content\/uploads\/2023\/08\/Credits_-Il-Movimento-Lento-APS-2-768x576.jpg","medium_large-width":768,"medium_large-height":576,"large":"https:\/\/media-camminiditalia.nbg1.your-objectstorage.com\/wp-content\/uploads\/2023\/08\/Credits_-Il-Movimento-Lento-APS-2-1024x768.jpg","large-width":1024,"large-height":768,"1536x1536":"https:\/\/media-camminiditalia.nbg1.your-objectstorage.com\/wp-content\/uploads\/2023\/08\/Credits_-Il-Movimento-Lento-APS-2-1536x1152.jpg","1536x1536-width":1536,"1536x1536-height":1152,"2048x2048":"https:\/\/media-camminiditalia.nbg1.your-objectstorage.com\/wp-content\/uploads\/2023\/08\/Credits_-Il-Movimento-Lento-APS-2-2048x1536.jpg","2048x2048-width":2048,"2048x2048-height":1536,"tc_all_events_image":"https:\/\/media-camminiditalia.nbg1.your-objectstorage.com\/wp-content\/uploads\/2023\/08\/Credits_-Il-Movimento-Lento-APS-2-scaled.jpg","tc_all_events_image-width":1,"tc_all_events_image-height":1,"woocommerce_thumbnail":"https:\/\/media-camminiditalia.nbg1.your-objectstorage.com\/wp-content\/uploads\/2023\/08\/Credits_-Il-Movimento-Lento-APS-2-scaled-300x300.jpg","woocommerce_thumbnail-width":300,"woocommerce_thumbnail-height":300,"woocommerce_single":"https:\/\/media-camminiditalia.nbg1.your-objectstorage.com\/wp-content\/uploads\/2023\/08\/Credits_-Il-Movimento-Lento-APS-2-scaled.jpg","woocommerce_single-width":1,"woocommerce_single-height":1,"woocommerce_gallery_thumbnail":"https:\/\/media-camminiditalia.nbg1.your-objectstorage.com\/wp-content\/uploads\/2023\/08\/Credits_-Il-Movimento-Lento-APS-2-scaled-100x100.jpg","woocommerce_gallery_thumbnail-width":100,"woocommerce_gallery_thumbnail-height":100}},"title":"Cammino di Oropa Canavesano","text":"<p>With Cammini d&#8217;Italia&#8217;s free app, you can plan and walk the Cammino di Oropa Canavesano in total safety, being able to plan the stages in detail and walk the route thanks to the integrated GPS technology that supports your orientation during your adventure.<\/p>\n<p>\u2800Inside the app you will find many other paths present in Italy. Thanks to the georeferenced tracks of many routes you will be able to study the itinerary that suits you best and also download the GPX tracks of the individual STAGEs offline. <\/p>\n<p>The app also includes a complete digital map of all the paths surveyed to date on our portal, giving you a wide range of choices among the many paths in the Belpaese.<\/p>\n<p>\u2800\u2800<br \/>\nCammini d&#8217;Italia is the perfect app for those who want to explore the beauty of Italy on foot, discovering hidden places surrounded by nature. Download it for free today and start planning your next adventure! <\/p>\n<p>\u2800<\/p>\n<p>\u2800<\/p>\n<p><a href=\"https:\/\/apps.apple.com\/it\/app\/cammini-di-italia\/id1643119047\" target=\"_blank\" rel=\"noopener\"><img loading=\"lazy\" decoding=\"async\" class=\"alignnone wp-image-23502\" src=\"https:\/\/camminiditalia.org\/wp-content\/uploads\/s3fra1:\/\/camministorage\/wp-content\/uploads\/2023\/04\/apple-300x95.png\" alt=\"\" width=\"190\" height=\"60\" srcset=\"https:\/\/media-camminiditalia.nbg1.your-objectstorage.com\/wp-content\/uploads\/2023\/04\/apple-300x95.png 300w, https:\/\/media-camminiditalia.nbg1.your-objectstorage.com\/wp-content\/uploads\/2023\/04\/apple.png 600w, https:\/\/media-camminiditalia.nbg1.your-objectstorage.com\/wp-content\/uploads\/2023\/04\/apple-1024x323.png 1024w, https:\/\/media-camminiditalia.nbg1.your-objectstorage.com\/wp-content\/uploads\/2023\/04\/apple-768x242.png 768w, https:\/\/media-camminiditalia.nbg1.your-objectstorage.com\/wp-content\/uploads\/2023\/04\/apple.png 1109w\" sizes=\"auto, (max-width: 190px) 100vw, 190px\" \/><\/a>  \u2800\u2800\u2800<a href=\"https:\/\/play.google.com\/store\/apps\/details?id=it.webmapp.cammini&#038;hl=en_US\" target=\"_blank\" rel=\"noopener\"><img loading=\"lazy\" decoding=\"async\" class=\"alignnone wp-image-23503\" src=\"https:\/\/camminiditalia.org\/wp-content\/uploads\/s3fra1:\/\/camministorage\/wp-content\/uploads\/2023\/04\/google-play-300x93.png\" alt=\"\" width=\"193\" height=\"60\" srcset=\"https:\/\/media-camminiditalia.nbg1.your-objectstorage.com\/wp-content\/uploads\/2023\/04\/google-play-300x93.png 300w, https:\/\/media-camminiditalia.nbg1.your-objectstorage.com\/wp-content\/uploads\/2023\/04\/google-play.png 600w, https:\/\/media-camminiditalia.nbg1.your-objectstorage.com\/wp-content\/uploads\/2023\/04\/google-play-1024x318.png 1024w, https:\/\/media-camminiditalia.nbg1.your-objectstorage.com\/wp-content\/uploads\/2023\/04\/google-play-768x239.png 768w, https:\/\/media-camminiditalia.nbg1.your-objectstorage.com\/wp-content\/uploads\/2023\/04\/google-play.png 1106w\" sizes=\"auto, (max-width: 193px) 100vw, 193px\" \/><\/a><\/p>\n","img":{"ID":55716,"id":55716,"title":"1 - App","filename":"1-App.png","filesize":343975,"url":"https:\/\/media-camminiditalia.nbg1.your-objectstorage.com\/wp-content\/uploads\/2023\/01\/1-App.png","link":"https:\/\/camminiditalia.org\/en\/cammini\/la-rotta-dei-due-mari\/1-app-2\/","alt":"","author":"1","description":"","caption":"","name":"1-app-2","status":"inherit","uploaded_to":55709,"date":"2023-01-11 08:47:14","modified":"2023-01-11 08:47:14","menu_order":0,"mime_type":"image\/png","type":"image","subtype":"png","icon":"https:\/\/camminiditalia.org\/wp-includes\/images\/media\/default.png","width":383,"height":569,"sizes":{"thumbnail":"https:\/\/media-camminiditalia.nbg1.your-objectstorage.com\/wp-content\/uploads\/2023\/01\/1-App-150x150.png","thumbnail-width":150,"thumbnail-height":150,"medium":"https:\/\/media-camminiditalia.nbg1.your-objectstorage.com\/wp-content\/uploads\/2023\/01\/1-App-202x300.png","medium-width":202,"medium-height":300,"medium_large":"https:\/\/media-camminiditalia.nbg1.your-objectstorage.com\/wp-content\/uploads\/2023\/01\/1-App.png","medium_large-width":383,"medium_large-height":569,"large":"https:\/\/media-camminiditalia.nbg1.your-objectstorage.com\/wp-content\/uploads\/2023\/01\/1-App.png","large-width":383,"large-height":569,"1536x1536":"https:\/\/media-camminiditalia.nbg1.your-objectstorage.com\/wp-content\/uploads\/2023\/01\/1-App.png","1536x1536-width":383,"1536x1536-height":569,"2048x2048":"https:\/\/media-camminiditalia.nbg1.your-objectstorage.com\/wp-content\/uploads\/2023\/01\/1-App.png","2048x2048-width":383,"2048x2048-height":569,"tc_all_events_image":"https:\/\/media-camminiditalia.nbg1.your-objectstorage.com\/wp-content\/uploads\/2023\/01\/1-App.png","tc_all_events_image-width":383,"tc_all_events_image-height":569,"woocommerce_thumbnail":"https:\/\/media-camminiditalia.nbg1.your-objectstorage.com\/wp-content\/uploads\/2023\/01\/1-App-300x300.png","woocommerce_thumbnail-width":300,"woocommerce_thumbnail-height":300,"woocommerce_single":"https:\/\/media-camminiditalia.nbg1.your-objectstorage.com\/wp-content\/uploads\/2023\/01\/1-App.png","woocommerce_single-width":383,"woocommerce_single-height":569,"woocommerce_gallery_thumbnail":"https:\/\/media-camminiditalia.nbg1.your-objectstorage.com\/wp-content\/uploads\/2023\/01\/1-App-100x100.png","woocommerce_gallery_thumbnail-width":100,"woocommerce_gallery_thumbnail-height":100}},"linkBtn":{"title":"","url":"","target":"","0":""},"textBtn":""},"diaries":{"diary":false},"gallery":{"images":[{"img":{"ID":63338,"id":63338,"title":"CREDITS_ The Slow Movement APS; Valperga-Belmonte-015","filename":"CREDITS_-Il-Movimento-Lento-APS-Valperga-Belmonte-015.jpg","filesize":14190379,"url":"https:\/\/media-camminiditalia.nbg1.your-objectstorage.com\/wp-content\/uploads\/2023\/08\/CREDITS_-Il-Movimento-Lento-APS-Valperga-Belmonte-015-scaled.jpg","link":"https:\/\/camminiditalia.org\/en\/cammini\/cammino-di-oropa-canavesano\/credits_-il-movimento-lento-aps-valperga-belmonte-015\/","alt":"Cammino di Oropa Canavesano","author":"2","description":"","caption":"STAGE 01","name":"credits_-il-movimento-lento-aps-valperga-belmonte-015","status":"inherit","uploaded_to":67951,"date":"2023-08-11 10:32:02","modified":"2025-06-25 09:31:24","menu_order":0,"mime_type":"image\/jpeg","type":"image","subtype":"jpeg","icon":"https:\/\/camminiditalia.org\/wp-includes\/images\/media\/default.png","width":0,"height":0,"sizes":{"thumbnail":"https:\/\/media-camminiditalia.nbg1.your-objectstorage.com\/wp-content\/uploads\/2023\/08\/CREDITS_-Il-Movimento-Lento-APS-Valperga-Belmonte-015-150x150.jpg","thumbnail-width":150,"thumbnail-height":150,"medium":"https:\/\/media-camminiditalia.nbg1.your-objectstorage.com\/wp-content\/uploads\/2023\/08\/CREDITS_-Il-Movimento-Lento-APS-Valperga-Belmonte-015-300x200.jpg","medium-width":300,"medium-height":200,"medium_large":"https:\/\/media-camminiditalia.nbg1.your-objectstorage.com\/wp-content\/uploads\/2023\/08\/CREDITS_-Il-Movimento-Lento-APS-Valperga-Belmonte-015-768x512.jpg","medium_large-width":768,"medium_large-height":512,"large":"https:\/\/media-camminiditalia.nbg1.your-objectstorage.com\/wp-content\/uploads\/2023\/08\/CREDITS_-Il-Movimento-Lento-APS-Valperga-Belmonte-015-1024x683.jpg","large-width":1024,"large-height":683,"1536x1536":"https:\/\/media-camminiditalia.nbg1.your-objectstorage.com\/wp-content\/uploads\/2023\/08\/CREDITS_-Il-Movimento-Lento-APS-Valperga-Belmonte-015-1536x1024.jpg","1536x1536-width":1536,"1536x1536-height":1024,"2048x2048":"https:\/\/media-camminiditalia.nbg1.your-objectstorage.com\/wp-content\/uploads\/2023\/08\/CREDITS_-Il-Movimento-Lento-APS-Valperga-Belmonte-015-2048x1365.jpg","2048x2048-width":2048,"2048x2048-height":1365,"tc_all_events_image":"https:\/\/media-camminiditalia.nbg1.your-objectstorage.com\/wp-content\/uploads\/2023\/08\/CREDITS_-Il-Movimento-Lento-APS-Valperga-Belmonte-015-scaled.jpg","tc_all_events_image-width":1,"tc_all_events_image-height":1,"woocommerce_thumbnail":"https:\/\/media-camminiditalia.nbg1.your-objectstorage.com\/wp-content\/uploads\/2023\/08\/CREDITS_-Il-Movimento-Lento-APS-Valperga-Belmonte-015-scaled-300x300.jpg","woocommerce_thumbnail-width":300,"woocommerce_thumbnail-height":300,"woocommerce_single":"https:\/\/media-camminiditalia.nbg1.your-objectstorage.com\/wp-content\/uploads\/2023\/08\/CREDITS_-Il-Movimento-Lento-APS-Valperga-Belmonte-015-scaled.jpg","woocommerce_single-width":1,"woocommerce_single-height":1,"woocommerce_gallery_thumbnail":"https:\/\/media-camminiditalia.nbg1.your-objectstorage.com\/wp-content\/uploads\/2023\/08\/CREDITS_-Il-Movimento-Lento-APS-Valperga-Belmonte-015-scaled-100x100.jpg","woocommerce_gallery_thumbnail-width":100,"woocommerce_gallery_thumbnail-height":100}}},{"img":{"ID":63346,"id":63346,"title":"Credits_ The Slow Movement APS (2)","filename":"Credits_-Il-Movimento-Lento-APS-2-1.jpg","filesize":1758838,"url":"https:\/\/media-camminiditalia.nbg1.your-objectstorage.com\/wp-content\/uploads\/2023\/08\/Credits_-Il-Movimento-Lento-APS-2-1-scaled.jpg","link":"https:\/\/camminiditalia.org\/en\/cammini\/cammino-di-oropa-canavesano\/credits_-il-movimento-lento-aps-2-2\/","alt":"Cammino di Oropa Canavesano","author":"2","description":"","caption":"STAGE 02","name":"credits_-il-movimento-lento-aps-2-2","status":"inherit","uploaded_to":67951,"date":"2023-08-11 13:46:46","modified":"2025-06-25 09:31:23","menu_order":0,"mime_type":"image\/jpeg","type":"image","subtype":"jpeg","icon":"https:\/\/camminiditalia.org\/wp-includes\/images\/media\/default.png","width":2560,"height":1920,"sizes":{"thumbnail":"https:\/\/media-camminiditalia.nbg1.your-objectstorage.com\/wp-content\/uploads\/2023\/08\/Credits_-Il-Movimento-Lento-APS-2-1-150x150.jpg","thumbnail-width":150,"thumbnail-height":150,"medium":"https:\/\/media-camminiditalia.nbg1.your-objectstorage.com\/wp-content\/uploads\/2023\/08\/Credits_-Il-Movimento-Lento-APS-2-1-300x225.jpg","medium-width":300,"medium-height":225,"medium_large":"https:\/\/media-camminiditalia.nbg1.your-objectstorage.com\/wp-content\/uploads\/2023\/08\/Credits_-Il-Movimento-Lento-APS-2-1-768x576.jpg","medium_large-width":768,"medium_large-height":576,"large":"https:\/\/media-camminiditalia.nbg1.your-objectstorage.com\/wp-content\/uploads\/2023\/08\/Credits_-Il-Movimento-Lento-APS-2-1-1024x768.jpg","large-width":1024,"large-height":768,"1536x1536":"https:\/\/media-camminiditalia.nbg1.your-objectstorage.com\/wp-content\/uploads\/2023\/08\/Credits_-Il-Movimento-Lento-APS-2-1-1536x1152.jpg","1536x1536-width":1536,"1536x1536-height":1152,"2048x2048":"https:\/\/media-camminiditalia.nbg1.your-objectstorage.com\/wp-content\/uploads\/2023\/08\/Credits_-Il-Movimento-Lento-APS-2-1-2048x1536.jpg","2048x2048-width":2048,"2048x2048-height":1536,"tc_all_events_image":"https:\/\/media-camminiditalia.nbg1.your-objectstorage.com\/wp-content\/uploads\/2023\/08\/Credits_-Il-Movimento-Lento-APS-2-1-scaled.jpg","tc_all_events_image-width":907,"tc_all_events_image-height":680,"woocommerce_thumbnail":"https:\/\/media-camminiditalia.nbg1.your-objectstorage.com\/wp-content\/uploads\/2023\/08\/Credits_-Il-Movimento-Lento-APS-2-1-300x300.jpg","woocommerce_thumbnail-width":300,"woocommerce_thumbnail-height":300,"woocommerce_single":"https:\/\/media-camminiditalia.nbg1.your-objectstorage.com\/wp-content\/uploads\/2023\/08\/Credits_-Il-Movimento-Lento-APS-2-1-600x450.jpg","woocommerce_single-width":600,"woocommerce_single-height":450,"woocommerce_gallery_thumbnail":"https:\/\/media-camminiditalia.nbg1.your-objectstorage.com\/wp-content\/uploads\/2023\/08\/Credits_-Il-Movimento-Lento-APS-2-1-100x100.jpg","woocommerce_gallery_thumbnail-width":100,"woocommerce_gallery_thumbnail-height":100}}},{"img":{"ID":63340,"id":63340,"title":"Credits_ The Slow Movement APS","filename":"Credits_-Il-Movimento-Lento-APS-2.jpg","filesize":5531433,"url":"https:\/\/media-camminiditalia.nbg1.your-objectstorage.com\/wp-content\/uploads\/2023\/08\/Credits_-Il-Movimento-Lento-APS-2-scaled.jpg","link":"https:\/\/camminiditalia.org\/en\/cammini\/cammino-di-oropa-canavesano\/credits_-il-movimento-lento-aps-3\/","alt":"Cammino di Oropa Canavesano","author":"2","description":"","caption":"STAGE 03","name":"credits_-il-movimento-lento-aps-3","status":"inherit","uploaded_to":67951,"date":"2023-08-11 10:34:23","modified":"2025-06-25 09:31:24","menu_order":0,"mime_type":"image\/jpeg","type":"image","subtype":"jpeg","icon":"https:\/\/camminiditalia.org\/wp-includes\/images\/media\/default.png","width":0,"height":0,"sizes":{"thumbnail":"https:\/\/media-camminiditalia.nbg1.your-objectstorage.com\/wp-content\/uploads\/2023\/08\/Credits_-Il-Movimento-Lento-APS-2-150x150.jpg","thumbnail-width":150,"thumbnail-height":150,"medium":"https:\/\/media-camminiditalia.nbg1.your-objectstorage.com\/wp-content\/uploads\/2023\/08\/Credits_-Il-Movimento-Lento-APS-2-300x225.jpg","medium-width":300,"medium-height":225,"medium_large":"https:\/\/media-camminiditalia.nbg1.your-objectstorage.com\/wp-content\/uploads\/2023\/08\/Credits_-Il-Movimento-Lento-APS-2-768x576.jpg","medium_large-width":768,"medium_large-height":576,"large":"https:\/\/media-camminiditalia.nbg1.your-objectstorage.com\/wp-content\/uploads\/2023\/08\/Credits_-Il-Movimento-Lento-APS-2-1024x768.jpg","large-width":1024,"large-height":768,"1536x1536":"https:\/\/media-camminiditalia.nbg1.your-objectstorage.com\/wp-content\/uploads\/2023\/08\/Credits_-Il-Movimento-Lento-APS-2-1536x1152.jpg","1536x1536-width":1536,"1536x1536-height":1152,"2048x2048":"https:\/\/media-camminiditalia.nbg1.your-objectstorage.com\/wp-content\/uploads\/2023\/08\/Credits_-Il-Movimento-Lento-APS-2-2048x1536.jpg","2048x2048-width":2048,"2048x2048-height":1536,"tc_all_events_image":"https:\/\/media-camminiditalia.nbg1.your-objectstorage.com\/wp-content\/uploads\/2023\/08\/Credits_-Il-Movimento-Lento-APS-2-scaled.jpg","tc_all_events_image-width":1,"tc_all_events_image-height":1,"woocommerce_thumbnail":"https:\/\/media-camminiditalia.nbg1.your-objectstorage.com\/wp-content\/uploads\/2023\/08\/Credits_-Il-Movimento-Lento-APS-2-scaled-300x300.jpg","woocommerce_thumbnail-width":300,"woocommerce_thumbnail-height":300,"woocommerce_single":"https:\/\/media-camminiditalia.nbg1.your-objectstorage.com\/wp-content\/uploads\/2023\/08\/Credits_-Il-Movimento-Lento-APS-2-scaled.jpg","woocommerce_single-width":1,"woocommerce_single-height":1,"woocommerce_gallery_thumbnail":"https:\/\/media-camminiditalia.nbg1.your-objectstorage.com\/wp-content\/uploads\/2023\/08\/Credits_-Il-Movimento-Lento-APS-2-scaled-100x100.jpg","woocommerce_gallery_thumbnail-width":100,"woocommerce_gallery_thumbnail-height":100}}},{"img":{"ID":63342,"id":63342,"title":"Credits_ THE SLOW MOVEMENT APS (1)","filename":"Credits_-IL-MOVIMENTO-LENTO-APS-1-3.jpg","filesize":4714099,"url":"https:\/\/media-camminiditalia.nbg1.your-objectstorage.com\/wp-content\/uploads\/2023\/08\/Credits_-IL-MOVIMENTO-LENTO-APS-1-3-scaled.jpg","link":"https:\/\/camminiditalia.org\/en\/cammini\/cammino-di-oropa-canavesano\/credits_-il-movimento-lento-aps-1-3\/","alt":"Cammino di Oropa Canavesano","author":"2","description":"","caption":"STAGE 04","name":"credits_-il-movimento-lento-aps-1-3","status":"inherit","uploaded_to":67951,"date":"2023-08-11 10:35:26","modified":"2025-06-25 09:31:23","menu_order":0,"mime_type":"image\/jpeg","type":"image","subtype":"jpeg","icon":"https:\/\/camminiditalia.org\/wp-includes\/images\/media\/default.png","width":0,"height":0,"sizes":{"thumbnail":"https:\/\/media-camminiditalia.nbg1.your-objectstorage.com\/wp-content\/uploads\/2023\/08\/Credits_-IL-MOVIMENTO-LENTO-APS-1-3-150x150.jpg","thumbnail-width":150,"thumbnail-height":150,"medium":"https:\/\/media-camminiditalia.nbg1.your-objectstorage.com\/wp-content\/uploads\/2023\/08\/Credits_-IL-MOVIMENTO-LENTO-APS-1-3-300x225.jpg","medium-width":300,"medium-height":225,"medium_large":"https:\/\/media-camminiditalia.nbg1.your-objectstorage.com\/wp-content\/uploads\/2023\/08\/Credits_-IL-MOVIMENTO-LENTO-APS-1-3-768x576.jpg","medium_large-width":768,"medium_large-height":576,"large":"https:\/\/media-camminiditalia.nbg1.your-objectstorage.com\/wp-content\/uploads\/2023\/08\/Credits_-IL-MOVIMENTO-LENTO-APS-1-3-1024x768.jpg","large-width":1024,"large-height":768,"1536x1536":"https:\/\/media-camminiditalia.nbg1.your-objectstorage.com\/wp-content\/uploads\/2023\/08\/Credits_-IL-MOVIMENTO-LENTO-APS-1-3-1536x1152.jpg","1536x1536-width":1536,"1536x1536-height":1152,"2048x2048":"https:\/\/media-camminiditalia.nbg1.your-objectstorage.com\/wp-content\/uploads\/2023\/08\/Credits_-IL-MOVIMENTO-LENTO-APS-1-3-2048x1536.jpg","2048x2048-width":2048,"2048x2048-height":1536,"tc_all_events_image":"https:\/\/media-camminiditalia.nbg1.your-objectstorage.com\/wp-content\/uploads\/2023\/08\/Credits_-IL-MOVIMENTO-LENTO-APS-1-3-scaled.jpg","tc_all_events_image-width":1,"tc_all_events_image-height":1,"woocommerce_thumbnail":"https:\/\/media-camminiditalia.nbg1.your-objectstorage.com\/wp-content\/uploads\/2023\/08\/Credits_-IL-MOVIMENTO-LENTO-APS-1-3-scaled-300x300.jpg","woocommerce_thumbnail-width":300,"woocommerce_thumbnail-height":300,"woocommerce_single":"https:\/\/media-camminiditalia.nbg1.your-objectstorage.com\/wp-content\/uploads\/2023\/08\/Credits_-IL-MOVIMENTO-LENTO-APS-1-3-scaled.jpg","woocommerce_single-width":1,"woocommerce_single-height":1,"woocommerce_gallery_thumbnail":"https:\/\/media-camminiditalia.nbg1.your-objectstorage.com\/wp-content\/uploads\/2023\/08\/Credits_-IL-MOVIMENTO-LENTO-APS-1-3-scaled-100x100.jpg","woocommerce_gallery_thumbnail-width":100,"woocommerce_gallery_thumbnail-height":100}}},{"img":{"ID":63348,"id":63348,"title":"Credits_ THE SLOW MOVEMENT APS (3)","filename":"Credits_-IL-MOVIMENTO-LENTO-APS-3.jpg","filesize":17031056,"url":"https:\/\/media-camminiditalia.nbg1.your-objectstorage.com\/wp-content\/uploads\/2023\/08\/Credits_-IL-MOVIMENTO-LENTO-APS-3-scaled.jpg","link":"https:\/\/camminiditalia.org\/en\/cammini\/cammino-di-oropa-canavesano\/credits_-il-movimento-lento-aps-3-2\/","alt":"Cammino di Oropa Canavesano","author":"2","description":"","caption":"STAGE 05","name":"credits_-il-movimento-lento-aps-3-2","status":"inherit","uploaded_to":67951,"date":"2023-08-11 13:51:45","modified":"2025-06-25 09:31:23","menu_order":0,"mime_type":"image\/jpeg","type":"image","subtype":"jpeg","icon":"https:\/\/camminiditalia.org\/wp-includes\/images\/media\/default.png","width":0,"height":0,"sizes":{"thumbnail":"https:\/\/media-camminiditalia.nbg1.your-objectstorage.com\/wp-content\/uploads\/2023\/08\/Credits_-IL-MOVIMENTO-LENTO-APS-3-150x150.jpg","thumbnail-width":150,"thumbnail-height":150,"medium":"https:\/\/media-camminiditalia.nbg1.your-objectstorage.com\/wp-content\/uploads\/2023\/08\/Credits_-IL-MOVIMENTO-LENTO-APS-3-300x200.jpg","medium-width":300,"medium-height":200,"medium_large":"https:\/\/media-camminiditalia.nbg1.your-objectstorage.com\/wp-content\/uploads\/2023\/08\/Credits_-IL-MOVIMENTO-LENTO-APS-3-768x512.jpg","medium_large-width":768,"medium_large-height":512,"large":"https:\/\/media-camminiditalia.nbg1.your-objectstorage.com\/wp-content\/uploads\/2023\/08\/Credits_-IL-MOVIMENTO-LENTO-APS-3-1024x683.jpg","large-width":1024,"large-height":683,"1536x1536":"https:\/\/media-camminiditalia.nbg1.your-objectstorage.com\/wp-content\/uploads\/2023\/08\/Credits_-IL-MOVIMENTO-LENTO-APS-3-1536x1024.jpg","1536x1536-width":1536,"1536x1536-height":1024,"2048x2048":"https:\/\/media-camminiditalia.nbg1.your-objectstorage.com\/wp-content\/uploads\/2023\/08\/Credits_-IL-MOVIMENTO-LENTO-APS-3-2048x1365.jpg","2048x2048-width":2048,"2048x2048-height":1365,"tc_all_events_image":"https:\/\/media-camminiditalia.nbg1.your-objectstorage.com\/wp-content\/uploads\/2023\/08\/Credits_-IL-MOVIMENTO-LENTO-APS-3-scaled.jpg","tc_all_events_image-width":1,"tc_all_events_image-height":1,"woocommerce_thumbnail":"https:\/\/media-camminiditalia.nbg1.your-objectstorage.com\/wp-content\/uploads\/2023\/08\/Credits_-IL-MOVIMENTO-LENTO-APS-3-scaled-300x300.jpg","woocommerce_thumbnail-width":300,"woocommerce_thumbnail-height":300,"woocommerce_single":"https:\/\/media-camminiditalia.nbg1.your-objectstorage.com\/wp-content\/uploads\/2023\/08\/Credits_-IL-MOVIMENTO-LENTO-APS-3-scaled.jpg","woocommerce_single-width":1,"woocommerce_single-height":1,"woocommerce_gallery_thumbnail":"https:\/\/media-camminiditalia.nbg1.your-objectstorage.com\/wp-content\/uploads\/2023\/08\/Credits_-IL-MOVIMENTO-LENTO-APS-3-scaled-100x100.jpg","woocommerce_gallery_thumbnail-width":100,"woocommerce_gallery_thumbnail-height":100}}}]},"guide":{"text":"","img":false,"linkBtn":{"title":"","url":"","target":"","0":""},"textBtn":""},"maps":{"map":"<p><iframe loading=\"lazy\" style=\"border: none; overflow: hidden;\" src=\"https:\/\/1.camminiditalia.webmapp.it\/map?layer=6\" width=\"100%\" height=\"800\" scrolling=\"no\"><\/iframe><\/p>\n","url":""},"modal":{"modals":[{"status":false,"title":" HISTORY","text":"<p><span style=\"font-weight: 400;\">The Oropa Trail was conceived in 2012 by Alberto Conte, president of the<\/span><b>Association Movimento<\/b> <b>Slow<\/b><span style=\"font-weight: 400;\">, who still personally supports and promotes it, working with local associations. The Cammino di Oropa Canavesano branch of the Cammino di Oropa CANAVESANO was born in 2022, and unites three UNESCO heritage sites. <\/span><span style=\"font-weight: 400;\">: the Sacred Mount of Belmonte, the city of Ivrea and the Shrine and<\/span> <strong>Sacred Mount of Oropa.<\/strong><span style=\"font-weight: 400;\"><br \/>\n<\/span><\/p>\n"},{"status":false,"title":"WATER","text":"<p><strong>STAGE 1 :<\/strong> <span style=\"font-weight: 400;\"><br \/>\n<\/span><\/p>\n<p><span style=\"font-weight: 400;\">Valperga center<\/span><\/p>\n<p><span style=\"font-weight: 400;\">Along the ascent to the Sacro Monte di Belmonte<\/span><\/p>\n<p><span style=\"font-weight: 400;\">Shrine of Belmonte<\/span><\/p>\n<p><span style=\"font-weight: 400;\">Cuorgn\u00e9 center<\/span><\/p>\n<p><strong>STAGE 2: <\/strong><span style=\"font-weight: 400;\"><br \/>\n<\/span><\/p>\n<p><span style=\"font-weight: 400;\">Cuorgn\u00e9 center<\/span><\/p>\n<p><span style=\"font-weight: 400;\">St. Anne Woods<\/span><\/p>\n<p><span style=\"font-weight: 400;\">Along the road that skirts the Bric Filia<\/span><\/p>\n<p><span style=\"font-weight: 400;\">Campo Canavese center<\/span><\/p>\n<p><span style=\"font-weight: 400;\">Vidracco center<\/span><\/p>\n<p><strong>STAGE 3:<\/strong><\/p>\n<p><span style=\"font-weight: 400;\">Vidracco center<\/span><\/p>\n<p><span style=\"font-weight: 400;\">Vistrorio center<\/span><\/p>\n<p><span style=\"font-weight: 400;\">Fiorano Canavese<\/span><\/p>\n<p><span style=\"font-weight: 400;\">Ivrea<\/span><\/p>\n<p><strong>STAGE 4: <\/strong><\/p>\n<p><span style=\"font-weight: 400;\">Ivrea<\/span><\/p>\n<p><span style=\"font-weight: 400;\">Cascinette, Lago di Campagna <\/span><\/p>\n<p><span style=\"font-weight: 400;\">Chiaverano, Santo Stefano di Sessano<\/span><\/p>\n<p><span style=\"font-weight: 400;\">Donato, 2B Martyrs of Liberty Street<\/span><\/p>\n<p><span style=\"font-weight: 400;\">Donato, church of San Rocco<\/span><\/p>\n<p><span style=\"font-weight: 400;\">Graglia-Sanctuary<\/span><\/p>\n<p><strong>STAGE 5:<\/strong><\/p>\n<p><span style=\"font-weight: 400;\">Graglia-Sanctuary<\/span><\/p>\n<p><span style=\"font-weight: 400;\">Sordevolo, Mario Germano Street, 1<\/span><\/p>\n<p><span style=\"font-weight: 400;\">Sordevolo, Antonio Petiva Street (two fountains)<\/span><\/p>\n<p><span style=\"font-weight: 400;\">Sordevolo, via lawyer camillo vercellone 68<\/span><\/p>\n<p><span style=\"font-weight: 400;\">Oropa &#8211; Sanctuary<\/span><\/p>\n"},{"status":false,"title":"SERVICES","text":"<p><span style=\"font-weight: 400;\">STAGE 1:<\/span><span style=\"font-weight: 400;\"> in Valperga and Cuorgn\u00e8 present bars, supermarkets, restaurants and pharmacy;<\/span><\/p>\n<p><span style=\"font-weight: 400;\">STAGE 2: in Vidracco bar, small grocery store, pharmacy; <\/span><\/p>\n<p><span style=\"font-weight: 400;\">Stage 3:<\/span> <span style=\"font-weight: 400;\">in Ivrea bars, restaurants, grocery store and pharmacy;<\/span><\/p>\n<p><span style=\"font-weight: 400;\">STAGE 4: in Donato and Graglia small grocery stores, bars and pharmacies;<\/span><\/p>\n<p><span style=\"font-weight: 400;\">STAGE 5: in Sordevolo, Favaro and Oropa small grocery stores , bars and pharmacies. <\/span> <\/p>\n"},{"status":false,"title":"DANGERS","text":"<p><span style=\"font-weight: 400;\">The areas you pass through along the way are very quiet and you are always near a village. The path during the good season is quite busy and the telephone coverage is quite good, so it is also suitable for single walkers. There are no obvious dangers on the routes to be walked.  <\/span><\/p>\n"},{"status":false,"title":"ACCESSIBILITY","text":"<p><span style=\"font-weight: 400;\">The pedestrian route of the Cammino di Oropa is unfortunately not accessible with wheelchairs, the ground is often uneven and in part on the path there are several sections with high gradients that can reach 12% on asphalt ground. The bike route is mostly on asphalt or on undemanding dirt roads, and it is generally accessible with an all-terrain wheelchair but only if equipped with electric traction. We have favored cart tracks and roads that allow two people to walk side by side, trying to avoid exposed sections.   For the final stage, we still recommend taking the tramway variant. <\/span><\/p>\n"},{"status":false,"title":"ROAD BOTTOM.","text":"<p><span style=\"font-weight: 400;\">60% dirt (dirt roads or small roads in the woods\/mountains), 40% asphalt<\/span><\/p>\n"},{"status":false,"title":"CREDENTIAL","text":"<p><span style=\"font-weight: 400;\">The credential can be obtained in Valperga at the Tabaccheria di Caruso Caterina, Via Giuseppe Mazzini, 18, Valperga (also open on Sundays, mornings only). Tel: 0124658110. Only the official credential entitles the holder to special prices in hospitality facilities, and to receive the &#8220;Testimonium&#8221; at the end of the walk. Anyone can walk the route without the credential, but they will be charged the rates reserved for tourists, not the discounted rates for pilgrims.<\/span><\/p>\n"},{"status":false,"title":"IN TENT","text":"<p><span style=\"font-weight: 400;\">There are no campsites along the route, so it is recommended that you contact the municipalities where you plan to stay overnight in case you want to undertake the Camino in a tent.<\/span><\/p>\n"},{"status":false,"title":"FOOD AND WINE ","text":"<p><span style=\"font-weight: 400;\">The Cammino di Oropa Canavesano passes through places where you can taste local products such as the cheeses of the Valle Sacra and Valchiusella. The finest local wines include Erbaluce di Caluso and Nebbiolo di Carema (a Slow Food presidium). <\/span><\/p>\n<p><span style=\"font-weight: 400;\">Valchiusella is also famous for its use of wild herbs in cooking, with which the typical &#8220;Ajucche soup&#8221; is prepared in spring. In Ivrea, it is recommended to try the \u201ceporediesi\u201d biscuits and, for those with a sweet tooth, the traditional \u201cTorta 900\u201d, made using a secret recipe by the historic \u201cBalla\u201d pastry shop. <\/span><\/p>\n<p>\u00a0<\/p>\n"},{"status":false,"title":"CONTACTS  ","text":"<p><span style=\"font-weight: 400;\">Email:<\/span><span style=\"font-weight: 400;\"> <strong>oropa@movimentolento.it<\/strong><\/span><\/p>\n"}]},"pagePoster":{"title":"Cammino di Oropa Canavesano","text":"<p><span style=\"font-weight: 400;\">The western branch of the Oropa Trail connects the territory of the <\/span><b>Canavese<\/b><span style=\"font-weight: 400;\">, in the province of Turin, with the Biella region, crossing an area of great scenic, natural and cultural interest. Il Cammino <\/span><span style=\"font-weight: 400;\">unites three sites of the <\/span><b>UNESCO heritage sites<\/b><span style=\"font-weight: 400;\">: the Sacred Mount of Belmonte, the city of Ivrea and the Sanctuary and<\/span> <a href=\"https:\/\/mylifeintrek.it\/trekking-lago-del-mucrone\/\"><span style=\"font-weight: 400;\">Sacred Mount of Oropa<\/span><\/a><span style=\"font-weight: 400;\">. <\/span> <\/p>\n<p>\u00a0<\/p>\n","linkBtn":{"title":"","url":"#scopriletappe","target":""},"textBtn":"DISCOVER THE STAGES"},"podcasts":{"podcast":false,"link":null},"read_also_posts":{"read_also":[{"ID":84350,"post_author":"11","post_date":"2025-12-23 17:27:01","post_date_gmt":"2025-12-23 16:27:01","post_content":"<!-- wp:paragraph -->\n<p>Lo scorso weekend ho percorso il <strong>Grand Tour del Lago d\u2019Orta<\/strong>, un itinerario in 5 tappe tra le province di Novara e Verbanio-Cusio-Ossola, nato nel 2021 e ancora poco conosciuto, almeno tra chi non lavora nell\u2019ospitalit\u00e0. \u00c8 stato bello scoprire che, anche in zone familiari, ci sono angoli e prospettive nuove da mostrare a chi abita l\u00ec. La stessa sensazione l\u2019ho provata lungo il <strong>Cammino di Oropa<\/strong>, fondato nel 2012 e che attraversa le zone in cui sono nata cresciuta. Ho percorso per la prima volta la variante in 4 tappe da Santhi\u00e0, nell\u2019autunno 2024. Prima di allora avevo camminato quei sentieri solo occasionalmente, nelle giornate estive o invernali, ma mai con la consapevolezza di seguirne un vero percorso organizzato.<\/p>\n<!-- \/wp:paragraph -->\n\n<!-- wp:paragraph -->\n<p>La cosa pi\u00f9 bella \u00e8 stata riscoprire luoghi familiari dal punto di vista del camminatore, acquisendo una nuova prospettiva. Il Cammino di Oropa pu\u00f2 essere percorso a piedi o in bicicletta lungo diversi itinerari: Serra, Canavesano, Orientale, Valdostano e la CicloVia della Serra. Con soli tre giorni a disposizione ho cominciato dal <strong>Cammino della Serra<\/strong>: quattro tappe che si possono accorpare. Non vedo l\u2019ora di provare anche gli altri e nel frattempo condividere alcune chicche dell\u2019itinerario.<\/p>\n<!-- \/wp:paragraph -->\n\n<!-- wp:heading -->\n<h2 class=\"wp-block-heading\"><strong>Tappa 1, da Santhi\u00e0 a Roppolo<\/strong><\/h2>\n<!-- \/wp:heading -->\n\n<!-- wp:paragraph -->\n<p>Dopo aver attraversato le campagne e le risaie di pianura, aver salutato l\u2019autostrada A4 Torino-Milano con una piccola sopraelevata in cui rendersi conto di quanto sia bello spostarsi a velocit\u00e0 di cammino anzich\u00e9 sfrecciare oltre i 100 km\/h sopra l\u2019asfalto, e aver raggiunto i boschi dopo Cavagli\u00e0 \u2013 qui occhi aperti, nella piazzetta del paese, tra una borraccia da riempire e una piccola sosta per riposare le gambe, potreste trovare delle panchine speciali! \u2013 ecco che si arriva al <strong>Castello di Roppolo<\/strong>: da qui potrete godere di una vista mozzafiato sul lago di Viverone, in lontananza, che vi consiglio di raggiungere per un bagno se percorrete il cammino durante l'estate. Durante il primo giorno di cammino lo sguardo non ha modo di vagare troppo libero, ma questo panorama, dopo una salita fatta di scale, \u00e8 una delle ricompense pi\u00f9 gradite.\u00a0<\/p>\n<!-- \/wp:paragraph -->\n\n<!-- wp:paragraph -->\n<p>A Roppolo, dove dormir\u00e0 chi segue le tappe ufficiali, c\u2019\u00e8 anche<strong> il Parco degli Angeli:<\/strong> uno spazio verde immerso tra le colline e i vigneti, in cui ristorarsi e fare una pausa di riflessione, nel pieno silenzio e circondati di <a href=\"https:\/\/www.facebook.com\/camminodioropa\/posts\/-un-luogo-molto-speciale-lungo-il-cammino-il-parco-degli-angeli-a-roppolo-lungo-\/1352571113545924\/?utm_source=chatgpt.com\">frasi da cui prendere ispirazione<\/a>. Ci sono il telefono del vento, che accoglie con la scritta \u201cTi stavo aspettando\u201d, un braciere alle cui fiamme affidare, per liberarsi, un pensiero, una persona, una paura. Il Parco nasce grazie all\u2019idea di Chiara, che voleva offrire un luogo dove respirare e ritrovare leggerezza.\u00a0<\/p>\n<!-- \/wp:paragraph -->\n\n<!-- wp:image {\"id\":84351,\"sizeSlug\":\"full\",\"linkDestination\":\"none\"} -->\n<figure class=\"wp-block-image size-full\"><img src=\"https:\/\/camminiditalia.org\/wp-content\/uploads\/2025\/12\/559058958_1352563903546645_8378762872671221182_n.jpg\" alt=\"\" class=\"wp-image-84351\"\/><figcaption class=\"wp-element-caption\">Il Parco degli Angeli, foto dalla pagina Facebook del Cammino di Oropa<\/figcaption><\/figure>\n<!-- \/wp:image -->\n\n<!-- wp:heading -->\n<h2 class=\"wp-block-heading\"><strong>Tappa 2, da Roppolo a Sala Biellese e Torrazzo<\/strong><\/h2>\n<!-- \/wp:heading -->\n\n<!-- wp:paragraph -->\n<p>A poca distanza dal tracciato principale del Cammino, nella frazione di Bose, a Magnano, si trova la<strong> Comunit\u00e0 Monastica di Bose<\/strong>, tra le pi\u00f9 conosciute in Europa. Fondata nel 1968 dal priore Enzo Bianchi, \u00e8 una comunit\u00e0 ecumenica in cui uomini e donne di diverse confessioni cristiane (cattolici, ortodossi, protestanti) vivono insieme secondo i ritmi del monachesimo antico, dedicandosi alla preghiera comune e alla vita fraterna. La comunit\u00e0 accoglie ospiti per ritiri spirituali, percorsi di riflessione e momenti di ascolto della Parola, e mantiene viva una tradizione di lavoro manuale (agricoltura, apicoltura, ceramica, tipografia, tessitura) che si intreccia con la vita contemplativa e dello studio biblico, patristico e liturgico. I frutti di quel lavoro manuale sono in vendita, tra tisane, marmellate, biscotti e molto altro. Il monastero \u00e8 immerso in nella natura e si sviluppa accanto alla chiesa romanica di San Secondo.<\/p>\n<!-- \/wp:paragraph -->\n\n<!-- wp:paragraph -->\n<p>Proseguendo verso Donato, fuori dalla traccia e parte del Cammino di Oropa Canavesano, ma raggiungibile con una piccola deviazione verso Chiaverano (Torino), a Santo Stefano di Sessano, c'\u00e8 <strong>\u201cAnsema, ristoro bioculturale\u201d<\/strong>, che merita una menzione per l\u2019aspetto culinario e culturale. Il progetto nasce dall\u2019idea di Marta Miolo e Pietro Ganni, due giovani mossi dal desiderio di creare un luogo dove cibo, natura e cultura si incontrano e si raccontano attraverso i sapori del territorio. \"Ansema\" in piemontese significa \u201cinsieme\u201d, e celebra, a partire dal nome, la comunit\u00e0, la convivialit\u00e0, l\u2019inclusione, lo scambio e la socialit\u00e0 rispetto al consumo e, non meno importante, la sostenibilit\u00e0, con l\u2019uso in cucina di erbe spontanee, frutti di bosco e ortaggi coltivati o raccolti sul territorio per diventare piatti che seguono le stagioni.<\/p>\n<!-- \/wp:paragraph -->\n\n<!-- wp:image {\"id\":84353,\"sizeSlug\":\"large\",\"linkDestination\":\"none\"} -->\n<figure class=\"wp-block-image size-large\"><img src=\"https:\/\/camminiditalia.org\/wp-content\/uploads\/2025\/12\/538964465_122172951650559423_3901497569999374680_n-1024x684.jpg\" alt=\"\" class=\"wp-image-84353\"\/><figcaption class=\"wp-element-caption\">Ansema, foto dal sito del ristoro<\/figcaption><\/figure>\n<!-- \/wp:image -->\n\n<!-- wp:heading -->\n<h2 class=\"wp-block-heading\"><strong><br>Tappa 3, verso il Santuario di Graglia<\/strong><\/h2>\n<!-- \/wp:heading -->\n\n<!-- wp:paragraph -->\n<p>Arrivando a <strong>Donato<\/strong>, troverete molte fontane. Il paesino, famoso per le sue acque naturali, non a caso viene chiamato dal locali <strong>\"paese dell\u2019acqua\u201d<\/strong>. La sua buona qualit\u00e0 \u00e8 legata alla posizione geografica, alle altitudini e alla protezione naturale delle Alpi Biellesi: l\u2019acqua scorre e viene filtrata da rocce granitiche antiche che la rendono microbiologicamente pura, con basso residuo minerale, leggera e praticamente inodore. Ecco che molte delle acque in bottiglia che troviamo in vendita in tutta Italia arrivano proprio da qui\"<\/p>\n<!-- \/wp:paragraph -->\n\n<!-- wp:paragraph -->\n<p>A Donato, presso la sede storica della Societ\u00e0 Operaia, accanto al Municipio, c\u2019\u00e8 anche <strong>un centro di documentazione <\/strong>dedicato alla memoria storica del Paese, della Valle Elvo e della Serra Morenica che avrete appena attraversato, dove sono raccolti archivi familiari, fotografie, documenti e materiali d\u2019epoca che raccontano la storia delle famiglie e delle attivit\u00e0 locali. Andando verso Netro potete osservare il Mombarone, alle pendici del quale ci sono le \u201cBore d\u2019Jaf\u00e9\u201d, grotte ricche di metallo: ecco che <a href=\"https:\/\/camminodioropa.it\/sapori-e-memorie-della-valle-elvo-slow-experience-a-netro\/#ipd=807531971\">Netro<\/a> diventa in passato una delle anime industriali del Biellese.<strong> Il Museo del Ferro, <\/strong>ospitato nelle ex Officine Rubino, conserva macchinari, utensili e disegni che raccontano secoli di lavoro artigiano e industriale.\u00a0<\/p>\n<!-- \/wp:paragraph -->\n\n<!-- wp:paragraph -->\n<p>Prima di raggiungere il Santuario di Graglia e una delle visuali pi\u00f9 belle di tutto il Cammino, ci sono due chicche: la prima non potrete non notarla. Mentre in lontananza vedrete stagliarsi la cupola del Santuario, ai lati dell\u2019ultimo tratto asfaltato di percorso appariranno centinaia e centinaia di \u201cbabaccetti\u201d (pupazzini) accuratamente installati lungo i muretti della casa di una signora del luogo, addobbata tutto l\u2019anno per strapparvi un sorriso. C'\u00e8 anche un timbro per voi!<\/p>\n<!-- \/wp:paragraph -->\n\n<!-- wp:paragraph -->\n<p>Giunti quasi alla meta, sulla sinistra, delle indicazioni vi mostreranno una piccola salita attraverso cui raggiungere una piattaforma rivolta verso il Santuario: in quel piccolo spazio panoramico, in condizioni acustiche favorevoli (la giornata dev\u2019essere particolarmente limpida), scandendo ad alta voce parole o frasi fino a 11 sillabe, le sentirete tornare indietro nitidamente, restituite da un\u2019eco naturale. Si tratta dell'<strong>eco endecasillabo!<\/strong><\/p>\n<!-- \/wp:paragraph -->\n\n<!-- wp:image {\"id\":84354,\"sizeSlug\":\"large\",\"linkDestination\":\"none\"} -->\n<figure class=\"wp-block-image size-large\"><img src=\"https:\/\/camminiditalia.org\/wp-content\/uploads\/2025\/12\/Foto-dalla-Proloco-Santuario-di-Graglia-1024x614.jpg\" alt=\"\" class=\"wp-image-84354\"\/><figcaption class=\"wp-element-caption\">L'eco endecasillabo, foto Proloco Graglia<\/figcaption><\/figure>\n<!-- \/wp:image -->\n\n<!-- wp:heading -->\n<h2 class=\"wp-block-heading\"><strong>Tappa 4, da Santuario a Santuario<\/strong><\/h2>\n<!-- \/wp:heading -->\n\n<!-- wp:paragraph -->\n<p>Dopo aver dormito ed essersi rifocillati presso l\u2019ottimo e conveniente <strong>ristorante del Santuario<\/strong>, il quarto e ultimo giorno comincer\u00e0 la tappa finale verso Oropa. Il sentiero del Cammino passa da <strong>Sordevolo<\/strong>, paese in provincia di Biella famoso in tutto il mondo per la sua <strong>Passione<\/strong>: si tratta di una rappresentazione sacra popolare che ogni cinque anni, da giugno a settembre con decine di repliche, racconta gli ultimi momenti della vita di Ges\u00f9 Cristo coinvolgendo circa 400 persone del paese, tra attori, comparse e musicisti, e quasi 300 dietro le quinte, tra scenografie, costumi, allestimenti e organizzazione. La prossima edizione \u00e8 programmata per l\u2019estate 2027. A Sordevolo, dopo aver passato la piazzetta principale su cui affaccia la chiesa,<strong> non mancate il timbro nella biblioteca<\/strong>, legata all\u2019Ecomuseo della Valle Elvo e Serra, dove con una piccola offerta potrete anche fare uno spuntino, bevendo un caff\u00e8, sgranocchiando qualche biscotto e facendo quattro chiacchiere con il bibliotecario.\u00a0<\/p>\n<!-- \/wp:paragraph -->\n\n<!-- wp:paragraph -->\n<p>Da Sordevolo arriverete a Pollone, costeggiando il meraviglioso <strong>parco della Burcina \u201cFelice Piacenza\u201d<\/strong>, una riserva naturale speciale di circa 57 ettari tra i comuni di Biella e Pollone, sulle pendici di un bric (collina, in piemontese). Nata nell\u2019Ottocento grazie all\u2019industriale laniero Giovanni Piacenza (1811\u20131883), seguendo lo stile dei giardini paesaggistici inglesi in voga all\u2019epoca, fu poi curata dal figlio Felice, che prosegu\u00ec l\u2019opera per oltre mezzo secolo, creando sentieri, boschi e soprattutto la celebre valle dei rododendri, spettacolare soprattutto a fine maggio e inizio giugno, quando fioriscono migliaia di piante coloratissime.<\/p>\n<!-- \/wp:paragraph -->\n\n<!-- wp:image {\"id\":84356,\"sizeSlug\":\"large\",\"linkDestination\":\"none\"} -->\n<figure class=\"wp-block-image size-large\"><img src=\"https:\/\/camminiditalia.org\/wp-content\/uploads\/2025\/12\/conca-rododendri-4-Foto-da-piemonte-italia.eu_-1024x576.jpg\" alt=\"\" class=\"wp-image-84356\"\/><figcaption class=\"wp-element-caption\">Il parco della Burcina e i suoi rododentri, foto piemonteitalia.eu<\/figcaption><\/figure>\n<!-- \/wp:image -->\n\n<!-- wp:heading -->\n<h2 class=\"wp-block-heading\"><strong>Oropa, la meta finale&nbsp;<\/strong><\/h2>\n<!-- \/wp:heading -->\n\n<!-- wp:paragraph -->\n<p>Il <strong>Santuario di Oropa<\/strong>, meta finale del Cammino, \u00e8 uno dei pi\u00f9 importanti santuari mariani delle Alpi e richiama pellegrini da tutto il mondo, parte di tanti cammini e percorsi storici, tra cui i \u201cCammini della Stella di Oropa\u201d: esistono infatti otto vie storiche di accesso al Santuario, simbolicamente rappresentate da una stella a otto punte dipinta nel Sacello della Basilica Antica. Questi percorsi arrivano a Oropa da direzioni diverse, attraverso borghi e montagne, e includono sentieri locali e vie devozionali utilizzate da secoli. <\/p>\n<!-- \/wp:paragraph -->\n\n<!-- wp:paragraph -->\n<p>C\u2019\u00e8 il Cammino Eusebiano, antico pellegrinaggio storico e devozionale che collega Vercelli a Oropa, rifacendosi alle tracce del Vescovo Eusebio di Vercelli (IV secolo), fondatore del culto mariano della Madonna Nera (102 km in 5 tappe). C\u2019\u00e8 poi la processione di Fontainemore, che parte dalla Valle D\u2019Aosta e arriva passando per il colle della Barma:\u00a0come la Passione, si svolge ogni cinque anni, ma in notturna, con canti fino all\u2019alba.\u00a0<\/p>\n<!-- \/wp:paragraph -->\n\n<!-- wp:paragraph -->\n<p>Un\u2019altra via di storica arriva da Rassa, provincia di Vercelli, in Valgrande, utilizzata da pellegrini fin dai tempi antichi: il percorso supera il Colle della Colma e scende verso Oropa, passando per borghi storici come Montesinaro e Rosazza, toccando anche l\u2019area del Santuario di San Giovanni d\u2019Andorno lungo il tragitto. Ancora, c\u2019\u00e8 il Sentiero da Sant\u2019Eurosia di Pralungo, pi\u00f9 breve, che segue quello che un tempo era considerato un percorso di pellegrinaggio per gli abitanti della Valle Cervo. Infine, il Cammino di San Carlo, che si snoda da Arona, dove nacque San Carlo Borromeo, e segue i luoghi legati alla sua vita, raggiungendo il biellese e arrivando a Oropa.<\/p>\n<!-- \/wp:paragraph -->\n\n<!-- wp:image {\"id\":84357,\"sizeSlug\":\"full\",\"linkDestination\":\"none\"} -->\n<figure class=\"wp-block-image size-full\"><img src=\"https:\/\/camminiditalia.org\/wp-content\/uploads\/2025\/12\/02-SantuarioOropa.jpg\" alt=\"\" class=\"wp-image-84357\"\/><figcaption class=\"wp-element-caption\">Il Santuario di Oropa, foto dal sito ufficiale del Cammino di Oropa.<\/figcaption><\/figure>\n<!-- \/wp:image -->\n\n<!-- wp:paragraph -->\n<p><br>Il Santuario di Oropa \u00e8 parte integrante di un sistema culturale e spirituale pi\u00f9 ampio: i <strong>Sacri Monti del Piemonte e della Lombardia<\/strong>, riconosciuti dall\u2019UNESCO come Patrimonio dell\u2019Umanit\u00e0 dal 2003. I Sacri Monti sono complessi devozionali costituiti da cappelle e architetture sacre costruiti tra la fine del XVI e il XVII secolo, distribuiti su colline o montagne e dedicati a episodi della fede cristiana \u2014 dalla vita di Cristo o della Vergine a santi o misteri del Rosario. Gli altri sono a Varallo, Crea, Orta, Varese, Ossuccio, Ghiffa, Domodossola e Valperga.<\/p>\n<!-- \/wp:paragraph -->\n\n<!-- wp:paragraph -->\n<p>E dopo l\u2019arrivo, se avete ancora voglia di camminare (magari il giorno dopo!) vi consiglio di raggiungere<strong> il Lago glaciale delle Bose,<\/strong> a 1534 metri di quota, tramite il sentiero D11a. Si parte dal piazzale di Oropa e con una breve camminata offre un angolo di tranquillit\u00e0 vista montagna. Nella Conca di Oropa c\u2019\u00e8 anche il neonato <strong>Sentiero \u201cBen Cunci\u00e0\u201d<\/strong>, dedicato alla polenta concia biellese, uno dei piatti tipici del territorio in cui alla farina di mais si uniscono formaggi e burro locali. Un itinerario che unisce paesaggio e specialit\u00e0 culinarie per ricordarci, ancora una volta, che ogni cammino \u00e8 fatto anche fatto di sapori e tavole attorno a cui ritrovarsi per condividere un momento di convivialit\u00e0 dopo tanta fatica!\u00a0<\/p>\n<!-- \/wp:paragraph -->\n\n<!-- wp:paragraph -->\n<p><\/p>\n<!-- \/wp:paragraph -->\n\n<!-- wp:paragraph -->\n<p>Per approfondimenti su queste e per molte altre curiosit\u00e0 potete anche fare un giro sulla pagina Facebook ufficiale del Cammino di Oropa, che ringraziamo<a href=\"https:\/\/www.facebook.com\/camminodioropa\"> anche per averci fornito alcune immagini!<\/a>&nbsp;<\/p>\n<!-- \/wp:paragraph -->\n\n<!-- wp:paragraph -->\n<p><\/p>\n<!-- \/wp:paragraph -->","post_title":"Chicche dal Cammino di Oropa","post_excerpt":"","post_status":"publish","comment_status":"closed","ping_status":"open","post_password":"","post_name":"chicche-cammino-di-oropa","to_ping":"","pinged":"","post_modified":"2025-12-30 16:36:34","post_modified_gmt":"2025-12-30 15:36:34","post_content_filtered":"","post_parent":0,"guid":"https:\/\/camminiditalia.org\/?p=84350","menu_order":0,"post_type":"post","post_mime_type":"","comment_count":"0","filter":"raw"}]},"scheda_tecnica":{"lunghezza":"85","dislivello_medio":"","n_tappe":"5","partenza":"Valperga","arrivo":"Oropa - Santuario","tipologia":"","tema":[],"portata":"","periodo_ideale":"","stagione_ideale":[]},"slider_cammini":{"title":"","text":"","select_cammini":false},"tappe":{"show_all":true,"all_tappe":"","tappa":[{"status":false,"title":"STAGE 01","text":"<h2><strong>STAGE 01: Valperga to Cuorgn\u00e8<\/strong><\/h2>\n<p><strong>Departure<\/strong>: Valperga<br \/>\n<strong>Arrival<\/strong>: Cuorgn\u00e8<br \/>\n<strong>Distance<\/strong>: 10.4 km<br \/>\n<strong>Height difference<\/strong>: +388 m \/ &#8211; 365 m<\/p>\n<p><span style=\"font-weight: 400;\">The first STAGE of the Camino is a short tour to discover the Sacro Monte di Belmonte and the nature reserve that surrounds it. From the parish church of Valperga, we cross the beautiful historic center and climb toward the church of San Giorgio and the Castle of Valperga. Continue toward the Sanctuary of Belmonte, alternating between stretches in the woods and open stretches that offer beautiful views of the plains and the Ivrea morainic amphitheater. After visiting Sacro Monte, you descend down the valley and reach the village of Piemonte. From here the trail re-enters the woods. The last stretch to Cuorgn\u00e8 takes place along the provincial road, a temporary detour pending the restoration of a small bridge.       <\/span><\/p>\n"},{"status":false,"title":"STAGE 02","text":"<h2><strong>STAGE 02: Cuorgn\u00e8 to Vidracco<\/strong><\/h2>\n<p><strong>Departure<\/strong>: Cuorgn\u00e8<br \/>\n<strong>Arrival<\/strong>: Vidracco<br \/>\n<strong>Distance<\/strong>: 19.4 km<br \/>\n<strong>Height difference<\/strong>: <span style=\"font-weight: 400;\">+514 <\/span>m \/ &#8211; <span style=\"font-weight: 400;\">433 <\/span>m<\/p>\n<p><span style=\"font-weight: 400;\">The STAGE goes through the Sacred Valley on a &#8220;wild&#8221; route through the woods and ends in Valchiusella.  <\/span><\/p>\n<p><span style=\"font-weight: 400;\">From the center of Cuorgn\u00e9, cross the Orco stream to reach the spectacular bridge over the Piova stream, which must be crossed with great care as it has no shoulders. Having passed through the villages of Sant&#8217;Anna Boschi and Campo Canavese, you enter the forest to face the wildest stretch of the day: having reached the small church of Sant&#8217;Antonio, you continue straight to the top of Bric di Muriaglio. In this area the route becomes less and less legible, and it is worth keeping an eye on the App or GPS to get your bearings, because in places the signage may not be clear.  <\/span><\/p>\n<p><span style=\"font-weight: 400;\">We then descend toward Vidracco, passing by the stone labyrinths laid out by members of the Damanhur community.<\/span><\/p>\n"},{"status":false,"title":"STAGE 03","text":"<h2><strong>STAGE 03: Vidracco to Ivrea<\/strong><\/h2>\n<p><strong>Departure<\/strong>: Vidracco<br \/>\n<strong>Arrival<\/strong>: Ivrea<br \/>\n<strong>Distance<\/strong>: 17.3 km<br \/>\n<strong>Height difference<\/strong>:<span style=\"font-weight: 400;\">+320 <\/span>m \/ &#8211; <span style=\"font-weight: 400;\">545 <\/span>m<\/p>\n<p><span style=\"font-weight: 400;\">We cross the Valchiusella Valley and descend towards the Dora Valley to reach the beautiful historic center of Ivrea<\/span><\/p>\n<p><span style=\"font-weight: 400;\">From Vidracco the route resumes near the Tempi dell&#8217;Umanit\u00e0. From here we skirt the villages of Issiglio and Vistrorio, and then climb toward the Nonani pass, following the ridge that separates Valchiusella from the Dora valley. We begin the descent on a beautiful route that alternates between stretches on asphalt and dirt road and path, where beautiful views of the valley open up.  <\/span><\/p>\n<p><span style=\"font-weight: 400;\">When you reach the village of Fiorano, you can stock up on water and food before reaching the beautiful trail that follows the Dora Baltea embankment, which arrives near the historic center of Ivrea.<\/span><\/p>\n"},{"status":false,"title":"STAGE 04","text":"<h2><strong>STAGE 04: Ivrea to Graglia<\/strong><\/h2>\n<p><strong>Departure<\/strong>: Ivrea<br \/>\n<strong>Arrival<\/strong>: Graglia<br \/>\n<strong>Distance<\/strong>: 22 km<br \/>\n<strong>Height difference<\/strong>: <span style=\"font-weight: 400;\">+875 <\/span>m \/ &#8211; <span style=\"font-weight: 400;\">292 <\/span>m<\/p>\n<p><span style=\"font-weight: 400;\">The Serra Morenica of Ivrea is the protagonist of a STAGE in which we enter the territory of Biella and enter the main branch of the Cammino di Oropa.<\/span><\/p>\n<p><span style=\"font-weight: 400;\">Leaving the historic center of Ivrea and following the Via Francigena as far as Lake Campagna, we skirt the beautiful Romanesque church of Santo Stefano di Sessano, set in a panoramic position near the village of Chiaverano. Continuing through the woods, you reach the summit of the Serra Morenica, near Roc Basariund, a spectacular erratic boulder, an ancient pagan place of worship. Arriving at the road to Andrate, we join the third STAGE Cammino della Serra, to reach Donato. After a challenging up and down, you reach the Sanctuary of Graglia, set in a spectacular location overlooking much of the Po Valley plain.   <\/span><\/p>\n"},{"status":false,"title":"STAGE 05","text":"<h2><strong>STAGE 05: From Graglia to Oropa Sanctuary<\/strong><\/h2>\n<p><strong>Departure<\/strong>: Graglia<br \/>\n<strong>Arrival<\/strong>: Sanctuary of Oropa<br \/>\n<strong>Distance<\/strong>: 15.1 km<br \/>\n<strong>Height difference<\/strong>: <span style=\"font-weight: 400;\">+800 <\/span>m<\/p>\n<p><span style=\"font-weight: 400;\">The trail runs along the side of Mombarone and descends on a steep mule track until it crosses the Elvo River, before climbing back up to the beautiful old town of Sordevolo. From here it takes a rather challenging up-and-down route, through woods to pastures from which there are beautiful views of the Po Valley, to Favaro and then along path D1, which climbs to the final destination of the Cammino, the scenic Sanctuary of Oropa, set among the mountains in a small valley of the Biellese Alps.   <\/span><\/p>\n"}]},"videos":{"video":false,"link":null},"logo_cammino":{"ID":54755,"id":54755,"title":"Logo-Cammino-di-Oropa-corretto-01 (1)","filename":"Logo-Cammino-di-Oropa-corretto-01-1.webp","filesize":39148,"url":"https:\/\/media-camminiditalia.nbg1.your-objectstorage.com\/2023\/04\/Logo-Cammino-di-Oropa-corretto-01-1.webp","link":"https:\/\/camminiditalia.org\/en\/cammini\/cammino-di-oropa-della-serra\/logo-cammino-di-oropa-corretto-01-1-2\/","alt":"","author":"2","description":"","caption":"Logo Cammino di Oropa della Serra","name":"logo-cammino-di-oropa-corretto-01-1-2","status":"inherit","uploaded_to":55633,"date":"2025-06-12 09:02:39","modified":"2025-06-19 13:01:47","menu_order":0,"mime_type":"image\/webp","type":"image","subtype":"webp","icon":"https:\/\/camminiditalia.org\/wp-includes\/images\/media\/default.png","width":1928,"height":1876,"sizes":{"thumbnail":"https:\/\/media-camminiditalia.nbg1.your-objectstorage.com\/2023\/04\/Logo-Cammino-di-Oropa-corretto-01-1-150x150.webp","thumbnail-width":150,"thumbnail-height":150,"medium":"https:\/\/media-camminiditalia.nbg1.your-objectstorage.com\/2023\/04\/Logo-Cammino-di-Oropa-corretto-01-1-300x292.webp","medium-width":300,"medium-height":292,"medium_large":"https:\/\/media-camminiditalia.nbg1.your-objectstorage.com\/2023\/04\/Logo-Cammino-di-Oropa-corretto-01-1-768x747.webp","medium_large-width":768,"medium_large-height":747,"large":"https:\/\/media-camminiditalia.nbg1.your-objectstorage.com\/2023\/04\/Logo-Cammino-di-Oropa-corretto-01-1-1024x996.webp","large-width":1024,"large-height":996,"1536x1536":"https:\/\/media-camminiditalia.nbg1.your-objectstorage.com\/2023\/04\/Logo-Cammino-di-Oropa-corretto-01-1-1536x1495.webp","1536x1536-width":1536,"1536x1536-height":1495,"2048x2048":"https:\/\/media-camminiditalia.nbg1.your-objectstorage.com\/2023\/04\/Logo-Cammino-di-Oropa-corretto-01-1.webp","2048x2048-width":1928,"2048x2048-height":1876,"tc_all_events_image":"https:\/\/media-camminiditalia.nbg1.your-objectstorage.com\/2023\/04\/Logo-Cammino-di-Oropa-corretto-01-1-1100x680.webp","tc_all_events_image-width":1100,"tc_all_events_image-height":680,"woocommerce_thumbnail":"https:\/\/media-camminiditalia.nbg1.your-objectstorage.com\/2023\/04\/Logo-Cammino-di-Oropa-corretto-01-1-300x300.webp","woocommerce_thumbnail-width":300,"woocommerce_thumbnail-height":300,"woocommerce_single":"https:\/\/media-camminiditalia.nbg1.your-objectstorage.com\/2023\/04\/Logo-Cammino-di-Oropa-corretto-01-1-600x584.webp","woocommerce_single-width":600,"woocommerce_single-height":584,"woocommerce_gallery_thumbnail":"https:\/\/media-camminiditalia.nbg1.your-objectstorage.com\/2023\/04\/Logo-Cammino-di-Oropa-corretto-01-1-100x100.webp","woocommerce_gallery_thumbnail-width":100,"woocommerce_gallery_thumbnail-height":100}},"header_link":{"title":"","url":"","target":"","0":""}},"yoast_head":"<!-- This site is optimized with the Yoast SEO plugin v27.1.1 - https:\/\/yoast.com\/product\/yoast-seo-wordpress\/ -->\n<title>Cammino di Oropa Canavesano - Cammini d&#039;Italia<\/title>\n<meta name=\"description\" content=\"The Way unites three UNESCO heritage sites: the Sacred Mount of Belmonte, the city of Ivrea, and the Sanctuary and Sacred Mount of Oropa.\" \/>\n<meta name=\"robots\" content=\"index, follow, max-snippet:-1, max-image-preview:large, max-video-preview:-1\" \/>\n<link rel=\"canonical\" href=\"https:\/\/camminiditalia.org\/en\/cammini\/cammino-di-oropa-canavesano\/\" \/>\n<meta property=\"og:locale\" content=\"en_US\" \/>\n<meta property=\"og:type\" content=\"article\" \/>\n<meta property=\"og:title\" content=\"Cammino di Oropa Canavesano - Cammini d&#039;Italia\" \/>\n<meta property=\"og:description\" content=\"The Way unites three UNESCO heritage sites: the Sacred Mount of Belmonte, the city of Ivrea, and the Sanctuary and Sacred Mount of Oropa.\" \/>\n<meta property=\"og:url\" content=\"https:\/\/camminiditalia.org\/en\/cammini\/cammino-di-oropa-canavesano\/\" \/>\n<meta property=\"og:site_name\" content=\"Cammini d&#039;Italia\" \/>\n<meta property=\"article:modified_time\" content=\"2026-03-03T09:02:08+00:00\" \/>\n<meta name=\"twitter:card\" content=\"summary_large_image\" \/>\n<meta name=\"twitter:image\" content=\"https:\/\/media-camminiditalia.nbg1.your-objectstorage.com\/wp-content\/uploads\/2023\/08\/Credits_-IL-MOVIMENTO-LENTO-APS-1-4-scaled-e1691750317847.jpg\" \/>\n<meta name=\"twitter:label1\" content=\"Est. reading time\" \/>\n\t<meta name=\"twitter:data1\" content=\"1 minute\" \/>\n<script type=\"application\/ld+json\" class=\"yoast-schema-graph\">{\"@context\":\"https:\/\/schema.org\",\"@graph\":[{\"@type\":\"WebPage\",\"@id\":\"https:\/\/camminiditalia.org\/en\/cammini\/cammino-di-oropa-canavesano\/\",\"url\":\"https:\/\/camminiditalia.org\/en\/cammini\/cammino-di-oropa-canavesano\/\",\"name\":\"Cammino di Oropa Canavesano - Cammini d&#039;Italia\",\"isPartOf\":{\"@id\":\"https:\/\/camminiditalia.org\/en\/#website\"},\"primaryImageOfPage\":{\"@id\":\"https:\/\/camminiditalia.org\/en\/cammini\/cammino-di-oropa-canavesano\/#primaryimage\"},\"image\":{\"@id\":\"https:\/\/camminiditalia.org\/en\/cammini\/cammino-di-oropa-canavesano\/#primaryimage\"},\"thumbnailUrl\":\"https:\/\/media-camminiditalia.nbg1.your-objectstorage.com\/wp-content\/uploads\/2023\/08\/Credits_-IL-MOVIMENTO-LENTO-APS-1-4-scaled-e1691750317847.jpg\",\"datePublished\":\"2023-08-11T10:39:32+00:00\",\"dateModified\":\"2026-03-03T09:02:08+00:00\",\"description\":\"The Way unites three UNESCO heritage sites: the Sacred Mount of Belmonte, the city of Ivrea, and the Sanctuary and Sacred Mount of Oropa.\",\"breadcrumb\":{\"@id\":\"https:\/\/camminiditalia.org\/en\/cammini\/cammino-di-oropa-canavesano\/#breadcrumb\"},\"inLanguage\":\"en-US\",\"potentialAction\":[{\"@type\":\"ReadAction\",\"target\":[\"https:\/\/camminiditalia.org\/en\/cammini\/cammino-di-oropa-canavesano\/\"]}]},{\"@type\":\"ImageObject\",\"inLanguage\":\"en-US\",\"@id\":\"https:\/\/camminiditalia.org\/en\/cammini\/cammino-di-oropa-canavesano\/#primaryimage\",\"url\":\"https:\/\/media-camminiditalia.nbg1.your-objectstorage.com\/wp-content\/uploads\/2023\/08\/Credits_-IL-MOVIMENTO-LENTO-APS-1-4-scaled-e1691750317847.jpg\",\"contentUrl\":\"https:\/\/media-camminiditalia.nbg1.your-objectstorage.com\/wp-content\/uploads\/2023\/08\/Credits_-IL-MOVIMENTO-LENTO-APS-1-4-scaled-e1691750317847.jpg\"},{\"@type\":\"BreadcrumbList\",\"@id\":\"https:\/\/camminiditalia.org\/en\/cammini\/cammino-di-oropa-canavesano\/#breadcrumb\",\"itemListElement\":[{\"@type\":\"ListItem\",\"position\":1,\"name\":\"Home\",\"item\":\"https:\/\/camminiditalia.org\/en\/\"},{\"@type\":\"ListItem\",\"position\":2,\"name\":\"Walks\",\"item\":\"https:\/\/camminiditalia.org\/en\/cammini\/\"},{\"@type\":\"ListItem\",\"position\":3,\"name\":\"Cammino di Oropa Canavesano\"}]},{\"@type\":\"WebSite\",\"@id\":\"https:\/\/camminiditalia.org\/en\/#website\",\"url\":\"https:\/\/camminiditalia.org\/en\/\",\"name\":\"Cammini d'Italia\",\"description\":\"Plan, walk and share!\",\"publisher\":{\"@id\":\"https:\/\/camminiditalia.org\/en\/#organization\"},\"potentialAction\":[{\"@type\":\"SearchAction\",\"target\":{\"@type\":\"EntryPoint\",\"urlTemplate\":\"https:\/\/camminiditalia.org\/en\/?s={search_term_string}\"},\"query-input\":{\"@type\":\"PropertyValueSpecification\",\"valueRequired\":true,\"valueName\":\"search_term_string\"}}],\"inLanguage\":\"en-US\"},{\"@type\":\"Organization\",\"@id\":\"https:\/\/camminiditalia.org\/en\/#organization\",\"name\":\"Cammini d'Italia srls\",\"url\":\"https:\/\/camminiditalia.org\/en\/\",\"logo\":{\"@type\":\"ImageObject\",\"inLanguage\":\"en-US\",\"@id\":\"https:\/\/camminiditalia.org\/en\/#\/schema\/logo\/image\/\",\"url\":\"https:\/\/media-camminiditalia.nbg1.your-objectstorage.com\/wp-content\/uploads\/2023\/08\/Risorsa-2-8-e1690918206850.png\",\"contentUrl\":\"https:\/\/media-camminiditalia.nbg1.your-objectstorage.com\/wp-content\/uploads\/2023\/08\/Risorsa-2-8-e1690918206850.png\",\"width\":1076,\"height\":329,\"caption\":\"Cammini d'Italia srls\"},\"image\":{\"@id\":\"https:\/\/camminiditalia.org\/en\/#\/schema\/logo\/image\/\"}}]}<\/script>\n<!-- \/ Yoast SEO plugin. -->","yoast_head_json":{"title":"Cammino di Oropa Canavesano - Cammini d&#039;Italia","description":"The Way unites three UNESCO heritage sites: the Sacred Mount of Belmonte, the city of Ivrea, and the Sanctuary and Sacred Mount of Oropa.","robots":{"index":"index","follow":"follow","max-snippet":"max-snippet:-1","max-image-preview":"max-image-preview:large","max-video-preview":"max-video-preview:-1"},"canonical":"https:\/\/camminiditalia.org\/en\/cammini\/cammino-di-oropa-canavesano\/","og_locale":"en_US","og_type":"article","og_title":"Cammino di Oropa Canavesano - Cammini d&#039;Italia","og_description":"The Way unites three UNESCO heritage sites: the Sacred Mount of Belmonte, the city of Ivrea, and the Sanctuary and Sacred Mount of Oropa.","og_url":"https:\/\/camminiditalia.org\/en\/cammini\/cammino-di-oropa-canavesano\/","og_site_name":"Cammini d&#039;Italia","article_modified_time":"2026-03-03T09:02:08+00:00","twitter_card":"summary_large_image","twitter_image":"https:\/\/media-camminiditalia.nbg1.your-objectstorage.com\/wp-content\/uploads\/2023\/08\/Credits_-IL-MOVIMENTO-LENTO-APS-1-4-scaled-e1691750317847.jpg","twitter_misc":{"Est. reading time":"1 minute"},"schema":{"@context":"https:\/\/schema.org","@graph":[{"@type":"WebPage","@id":"https:\/\/camminiditalia.org\/en\/cammini\/cammino-di-oropa-canavesano\/","url":"https:\/\/camminiditalia.org\/en\/cammini\/cammino-di-oropa-canavesano\/","name":"Cammino di Oropa Canavesano - Cammini d&#039;Italia","isPartOf":{"@id":"https:\/\/camminiditalia.org\/en\/#website"},"primaryImageOfPage":{"@id":"https:\/\/camminiditalia.org\/en\/cammini\/cammino-di-oropa-canavesano\/#primaryimage"},"image":{"@id":"https:\/\/camminiditalia.org\/en\/cammini\/cammino-di-oropa-canavesano\/#primaryimage"},"thumbnailUrl":"https:\/\/media-camminiditalia.nbg1.your-objectstorage.com\/wp-content\/uploads\/2023\/08\/Credits_-IL-MOVIMENTO-LENTO-APS-1-4-scaled-e1691750317847.jpg","datePublished":"2023-08-11T10:39:32+00:00","dateModified":"2026-03-03T09:02:08+00:00","description":"The Way unites three UNESCO heritage sites: the Sacred Mount of Belmonte, the city of Ivrea, and the Sanctuary and Sacred Mount of Oropa.","breadcrumb":{"@id":"https:\/\/camminiditalia.org\/en\/cammini\/cammino-di-oropa-canavesano\/#breadcrumb"},"inLanguage":"en-US","potentialAction":[{"@type":"ReadAction","target":["https:\/\/camminiditalia.org\/en\/cammini\/cammino-di-oropa-canavesano\/"]}]},{"@type":"ImageObject","inLanguage":"en-US","@id":"https:\/\/camminiditalia.org\/en\/cammini\/cammino-di-oropa-canavesano\/#primaryimage","url":"https:\/\/media-camminiditalia.nbg1.your-objectstorage.com\/wp-content\/uploads\/2023\/08\/Credits_-IL-MOVIMENTO-LENTO-APS-1-4-scaled-e1691750317847.jpg","contentUrl":"https:\/\/media-camminiditalia.nbg1.your-objectstorage.com\/wp-content\/uploads\/2023\/08\/Credits_-IL-MOVIMENTO-LENTO-APS-1-4-scaled-e1691750317847.jpg"},{"@type":"BreadcrumbList","@id":"https:\/\/camminiditalia.org\/en\/cammini\/cammino-di-oropa-canavesano\/#breadcrumb","itemListElement":[{"@type":"ListItem","position":1,"name":"Home","item":"https:\/\/camminiditalia.org\/en\/"},{"@type":"ListItem","position":2,"name":"Walks","item":"https:\/\/camminiditalia.org\/en\/cammini\/"},{"@type":"ListItem","position":3,"name":"Cammino di Oropa Canavesano"}]},{"@type":"WebSite","@id":"https:\/\/camminiditalia.org\/en\/#website","url":"https:\/\/camminiditalia.org\/en\/","name":"Cammini d'Italia","description":"Plan, walk and share!","publisher":{"@id":"https:\/\/camminiditalia.org\/en\/#organization"},"potentialAction":[{"@type":"SearchAction","target":{"@type":"EntryPoint","urlTemplate":"https:\/\/camminiditalia.org\/en\/?s={search_term_string}"},"query-input":{"@type":"PropertyValueSpecification","valueRequired":true,"valueName":"search_term_string"}}],"inLanguage":"en-US"},{"@type":"Organization","@id":"https:\/\/camminiditalia.org\/en\/#organization","name":"Cammini d'Italia srls","url":"https:\/\/camminiditalia.org\/en\/","logo":{"@type":"ImageObject","inLanguage":"en-US","@id":"https:\/\/camminiditalia.org\/en\/#\/schema\/logo\/image\/","url":"https:\/\/media-camminiditalia.nbg1.your-objectstorage.com\/wp-content\/uploads\/2023\/08\/Risorsa-2-8-e1690918206850.png","contentUrl":"https:\/\/media-camminiditalia.nbg1.your-objectstorage.com\/wp-content\/uploads\/2023\/08\/Risorsa-2-8-e1690918206850.png","width":1076,"height":329,"caption":"Cammini d'Italia srls"},"image":{"@id":"https:\/\/camminiditalia.org\/en\/#\/schema\/logo\/image\/"}}]}},"jetpack_sharing_enabled":true,"_links":{"self":[{"href":"https:\/\/camminiditalia.org\/en\/wp-json\/wp\/v2\/cammini\/67951","targetHints":{"allow":["GET"]}}],"collection":[{"href":"https:\/\/camminiditalia.org\/en\/wp-json\/wp\/v2\/cammini"}],"about":[{"href":"https:\/\/camminiditalia.org\/en\/wp-json\/wp\/v2\/types\/cammini"}],"version-history":[{"count":1,"href":"https:\/\/camminiditalia.org\/en\/wp-json\/wp\/v2\/cammini\/67951\/revisions"}],"predecessor-version":[{"id":89324,"href":"https:\/\/camminiditalia.org\/en\/wp-json\/wp\/v2\/cammini\/67951\/revisions\/89324"}],"wp:featuredmedia":[{"embeddable":true,"href":"https:\/\/camminiditalia.org\/en\/wp-json\/wp\/v2\/media\/63344"}],"wp:attachment":[{"href":"https:\/\/camminiditalia.org\/en\/wp-json\/wp\/v2\/media?parent=67951"}],"wp:term":[{"taxonomy":"category","embeddable":true,"href":"https:\/\/camminiditalia.org\/en\/wp-json\/wp\/v2\/categories?post=67951"}],"curies":[{"name":"wp","href":"https:\/\/api.w.org\/{rel}","templated":true}]}}