
{"id":55625,"date":"2023-04-03T21:16:57","date_gmt":"2023-04-03T19:16:57","guid":{"rendered":"https:\/\/camminiditalia.org\/cammini\/via-spluga\/"},"modified":"2026-03-19T09:18:23","modified_gmt":"2026-03-19T08:18:23","slug":"via-spluga","status":"publish","type":"cammini","link":"https:\/\/camminiditalia.org\/es\/cammini\/via-spluga\/","title":{"rendered":"Via Spluga"},"content":{"rendered":"\n<p><strong>De Suiza a Italia, en el coraz\u00f3n de los Alpes.<\/strong><strong><br\/><\/strong>La <em>ViaSpluga<\/em>sigue los antiguos caminos recorridos hace m\u00e1s de 2000 a\u00f1os por peregrinos y mercaderes, pasando por pueblos hist\u00f3ricos, majestuosas gargantas y balnearios de renombre.<\/p>\n\n<p>Un itinerario de senderismo rodeado de vegetaci\u00f3n, ideal para descubrir la historia, las tradiciones y los impresionantes paisajes de los Alpes Occidentales.<\/p>\n\n<p>Este sendero transfronterizo, que en su d\u00eda fue una importante ruta comercial, comienza en Thusis, Suiza, y cruza el paso de Spl\u00fcgen a 2.115 metros de altitud, ofreciendo unas vistas espectaculares de las monta\u00f1as circundantes. Una vez superado el paso, la ruta desciende hasta Chiavenna, Italia, Ciudad Lenta y Bandera Naranja del Touring Club. <\/p>\n\n<p>A lo largo del camino, la <em>Via<\/em> Spluga no s\u00f3lo relata siglos de historia, sino que tambi\u00e9n ofrece la oportunidad de sumergirse en un paisaje alpino \u00fanico y de conectar con la poblaci\u00f3n local, profundamente apegada a la vida en torno al paso.<\/p>\n\n<p id=\"viasplugatappe\" style=\"padding-top:0;padding-right:0;padding-bottom:0;padding-left:0\">Un viaje experiencial que te permite desconectar de la vida cotidiana, redescubriendo la energ\u00eda y la conexi\u00f3n con la naturaleza.<\/p>\n\n<p><\/p>\n","protected":false},"excerpt":{"rendered":"<p>De Suiza a Italia, en el coraz\u00f3n de los Alpes.La ViaSplugasigue los antiguos caminos recorridos hace m\u00e1s de 2000 a\u00f1os por peregrinos y mercaderes, pasando por pueblos hist\u00f3ricos, majestuosas gargantas y balnearios de renombre. Un itinerario de senderismo rodeado de vegetaci\u00f3n, ideal para descubrir la historia, las tradiciones y los impresionantes paisajes de los Alpes &hellip; <a href=\"https:\/\/camminiditalia.org\/es\/cammini\/via-spluga\/\">Continued<\/a><\/p>\n","protected":false},"featured_media":82373,"parent":0,"menu_order":0,"template":"","meta":{"_acf_changed":false,"footnotes":""},"categories":[1937],"class_list":["post-55625","cammini","type-cammini","status-publish","has-post-thumbnail","hentry","category-lombardia-es","regioni-lombardia"],"acf":{"app":{"bgImg":{"ID":55653,"id":55653,"title":"Via Spluga - Tappa 03","filename":"Copertina-Tappa-3.jpg","filesize":1073579,"url":"https:\/\/media-camminiditalia.nbg1.your-objectstorage.com\/wp-content\/uploads\/2023\/04\/Copertina-Tappa-3-scaled.jpg","link":"https:\/\/camminiditalia.org\/es\/cammini\/via-spluga\/copertina-tappa-3-3\/","alt":"","author":"8","description":"","caption":"","name":"copertina-tappa-3-3","status":"inherit","uploaded_to":55625,"date":"2024-11-19 17:03:53","modified":"2024-11-19 17:03:53","menu_order":0,"mime_type":"image\/jpeg","type":"image","subtype":"jpeg","icon":"https:\/\/camminiditalia.org\/wp-includes\/images\/media\/default.png","width":2560,"height":1707,"sizes":{"thumbnail":"https:\/\/media-camminiditalia.nbg1.your-objectstorage.com\/wp-content\/uploads\/2023\/04\/Copertina-Tappa-3-150x150.jpg","thumbnail-width":150,"thumbnail-height":150,"medium":"https:\/\/media-camminiditalia.nbg1.your-objectstorage.com\/wp-content\/uploads\/2023\/04\/Copertina-Tappa-3-300x200.jpg","medium-width":300,"medium-height":200,"medium_large":"https:\/\/media-camminiditalia.nbg1.your-objectstorage.com\/wp-content\/uploads\/2023\/04\/Copertina-Tappa-3-768x512.jpg","medium_large-width":768,"medium_large-height":512,"large":"https:\/\/media-camminiditalia.nbg1.your-objectstorage.com\/wp-content\/uploads\/2023\/04\/Copertina-Tappa-3-1024x683.jpg","large-width":1024,"large-height":683,"1536x1536":"https:\/\/media-camminiditalia.nbg1.your-objectstorage.com\/wp-content\/uploads\/2023\/04\/Copertina-Tappa-3-1536x1024.jpg","1536x1536-width":1536,"1536x1536-height":1024,"2048x2048":"https:\/\/media-camminiditalia.nbg1.your-objectstorage.com\/wp-content\/uploads\/2023\/04\/Copertina-Tappa-3-2048x1365.jpg","2048x2048-width":2048,"2048x2048-height":1365,"tc_all_events_image":"https:\/\/media-camminiditalia.nbg1.your-objectstorage.com\/wp-content\/uploads\/2023\/04\/Copertina-Tappa-3-1100x680.jpg","tc_all_events_image-width":1100,"tc_all_events_image-height":680,"woocommerce_thumbnail":"https:\/\/media-camminiditalia.nbg1.your-objectstorage.com\/wp-content\/uploads\/2023\/04\/Copertina-Tappa-3-300x300.jpg","woocommerce_thumbnail-width":300,"woocommerce_thumbnail-height":300,"woocommerce_single":"https:\/\/media-camminiditalia.nbg1.your-objectstorage.com\/wp-content\/uploads\/2023\/04\/Copertina-Tappa-3-600x400.jpg","woocommerce_single-width":600,"woocommerce_single-height":400,"woocommerce_gallery_thumbnail":"https:\/\/media-camminiditalia.nbg1.your-objectstorage.com\/wp-content\/uploads\/2023\/04\/Copertina-Tappa-3-100x100.jpg","woocommerce_gallery_thumbnail-width":100,"woocommerce_gallery_thumbnail-height":100}},"title":"Via Spluga","text":"<p>Con la aplicaci\u00f3n gratuita Cammino di Dante, puedes planificar y recorrer la Via Spluga con total seguridad, pudiendo planificar las etapas al detalle y seguir la ruta gracias a la tecnolog\u00eda GPS integrada que te ayuda a orientarte durante tu aventura.<\/p>\n<p>\u2800En la app encontrar\u00e1s muchas otras rutas de senderismo por Italia. Gracias a los tracks georreferenciados de muchas rutas, podr\u00e1s estudiar la ruta que m\u00e1s te convenga y descargarte los tracks GPX de las etapas individuales sin conexi\u00f3n. <\/p>\n<p>La aplicaci\u00f3n tambi\u00e9n incluye un mapa digital completo de todos los senderos estudiados hasta la fecha en nuestro portal, lo que te ofrece una amplia gama de elecci\u00f3n entre los numerosos senderos de Italia.<\/p>\n<p>\u2800\u2800<br \/>\nCammini d&#8217;Italia es la aplicaci\u00f3n perfecta para quienes desean explorar la belleza de Italia a pie, descubriendo lugares ocultos rodeados de naturaleza. \u00a1Desc\u00e1rgatela gratis hoy mismo y empieza a planear tu pr\u00f3xima aventura! <\/p>\n<p>\u2800<\/p>\n<p>\u2800<\/p>\n<p><a href=\"https:\/\/apps.apple.com\/it\/app\/cammini-di-italia\/id1643119047\" target=\"_blank\" rel=\"noopener\"><img loading=\"lazy\" decoding=\"async\" class=\"alignnone wp-image-23502\" src=\"https:\/\/camminiditalia.org\/wp-content\/uploads\/s3fra1:\/\/camministorage\/wp-content\/uploads\/2023\/04\/apple-300x95.png\" alt=\"\" width=\"190\" height=\"60\" srcset=\"https:\/\/media-camminiditalia.nbg1.your-objectstorage.com\/wp-content\/uploads\/2023\/04\/apple-300x95.png 300w, https:\/\/media-camminiditalia.nbg1.your-objectstorage.com\/wp-content\/uploads\/2023\/04\/apple.png 600w, https:\/\/media-camminiditalia.nbg1.your-objectstorage.com\/wp-content\/uploads\/2023\/04\/apple-1024x323.png 1024w, https:\/\/media-camminiditalia.nbg1.your-objectstorage.com\/wp-content\/uploads\/2023\/04\/apple-768x242.png 768w, https:\/\/media-camminiditalia.nbg1.your-objectstorage.com\/wp-content\/uploads\/2023\/04\/apple.png 1109w\" sizes=\"auto, (max-width: 190px) 100vw, 190px\" \/><\/a>  \u2800\u2800\u2800<a href=\"https:\/\/play.google.com\/store\/apps\/details?id=it.webmapp.cammini&#038;hl=en_US\" target=\"_blank\" rel=\"noopener\"><img loading=\"lazy\" decoding=\"async\" class=\"alignnone wp-image-23503\" src=\"https:\/\/camminiditalia.org\/wp-content\/uploads\/s3fra1:\/\/camministorage\/wp-content\/uploads\/2023\/04\/google-play-300x93.png\" alt=\"\" width=\"193\" height=\"60\" srcset=\"https:\/\/media-camminiditalia.nbg1.your-objectstorage.com\/wp-content\/uploads\/2023\/04\/google-play-300x93.png 300w, https:\/\/media-camminiditalia.nbg1.your-objectstorage.com\/wp-content\/uploads\/2023\/04\/google-play.png 600w, https:\/\/media-camminiditalia.nbg1.your-objectstorage.com\/wp-content\/uploads\/2023\/04\/google-play-1024x318.png 1024w, https:\/\/media-camminiditalia.nbg1.your-objectstorage.com\/wp-content\/uploads\/2023\/04\/google-play-768x239.png 768w, https:\/\/media-camminiditalia.nbg1.your-objectstorage.com\/wp-content\/uploads\/2023\/04\/google-play.png 1106w\" sizes=\"auto, (max-width: 193px) 100vw, 193px\" \/><\/a><\/p>\n","img":{"ID":55641,"id":55641,"title":"app (2)","filename":"app-2.png","filesize":1633834,"url":"https:\/\/media-camminiditalia.nbg1.your-objectstorage.com\/wp-content\/uploads\/2023\/04\/app-2.png","link":"https:\/\/camminiditalia.org\/es\/cammini\/via-spluga\/app-2-2-2\/","alt":"","author":"2","description":"","caption":"","name":"app-2-2-2","status":"inherit","uploaded_to":55625,"date":"2024-08-23 10:46:01","modified":"2024-08-23 10:46:01","menu_order":0,"mime_type":"image\/png","type":"image","subtype":"png","icon":"https:\/\/camminiditalia.org\/wp-includes\/images\/media\/default.png","width":2000,"height":2000,"sizes":{"thumbnail":"https:\/\/media-camminiditalia.nbg1.your-objectstorage.com\/wp-content\/uploads\/2023\/04\/app-2-150x150.png","thumbnail-width":150,"thumbnail-height":150,"medium":"https:\/\/media-camminiditalia.nbg1.your-objectstorage.com\/wp-content\/uploads\/2023\/04\/app-2-300x300.png","medium-width":300,"medium-height":300,"medium_large":"https:\/\/media-camminiditalia.nbg1.your-objectstorage.com\/wp-content\/uploads\/2023\/04\/app-2-768x768.png","medium_large-width":768,"medium_large-height":768,"large":"https:\/\/media-camminiditalia.nbg1.your-objectstorage.com\/wp-content\/uploads\/2023\/04\/app-2-1024x1024.png","large-width":1024,"large-height":1024,"1536x1536":"https:\/\/media-camminiditalia.nbg1.your-objectstorage.com\/wp-content\/uploads\/2023\/04\/app-2-1536x1536.png","1536x1536-width":1536,"1536x1536-height":1536,"2048x2048":"https:\/\/media-camminiditalia.nbg1.your-objectstorage.com\/wp-content\/uploads\/2023\/04\/app-2.png","2048x2048-width":2000,"2048x2048-height":2000,"tc_all_events_image":"https:\/\/media-camminiditalia.nbg1.your-objectstorage.com\/wp-content\/uploads\/2023\/04\/app-2-1100x680.png","tc_all_events_image-width":1100,"tc_all_events_image-height":680,"woocommerce_thumbnail":"https:\/\/media-camminiditalia.nbg1.your-objectstorage.com\/wp-content\/uploads\/2023\/04\/app-2-300x300.png","woocommerce_thumbnail-width":300,"woocommerce_thumbnail-height":300,"woocommerce_single":"https:\/\/media-camminiditalia.nbg1.your-objectstorage.com\/wp-content\/uploads\/2023\/04\/app-2-600x600.png","woocommerce_single-width":600,"woocommerce_single-height":600,"woocommerce_gallery_thumbnail":"https:\/\/media-camminiditalia.nbg1.your-objectstorage.com\/wp-content\/uploads\/2023\/04\/app-2-100x100.png","woocommerce_gallery_thumbnail-width":100,"woocommerce_gallery_thumbnail-height":100}},"linkBtn":{"title":"","url":"","target":"","0":""},"textBtn":""},"diaries":{"diary":[{"ID":38821,"post_author":"2","post_date":"2024-08-22 11:50:31","post_date_gmt":"2024-08-22 09:50:31","post_content":"<!-- wp:paragraph -->\n<p><em>Io (Fra), Vins e Billo abbiamo appena concluso un'avventura straordinaria lungo la Via Spluga, percorrendo ogni tappa del viaggio da Thusis a Chiavenna. Abbiamo creato un <a href=\"https:\/\/www.youtube.com\/watch?v=ThUui7HugSA\">docufilm<\/a> che cattura ogni momento di questa esperienza unica, dalle preparazioni iniziali alle riflessioni finali.<\/em><\/p>\n<!-- \/wp:paragraph -->\n\n<!-- wp:embed {\"url\":\"https:\/\/www.youtube.com\/watch?v=ThUui7HugSA\",\"type\":\"video\",\"providerNameSlug\":\"youtube\",\"responsive\":true,\"className\":\"wp-embed-aspect-16-9 wp-has-aspect-ratio\"} -->\n<figure class=\"wp-block-embed is-type-video is-provider-youtube wp-block-embed-youtube wp-embed-aspect-16-9 wp-has-aspect-ratio\"><div class=\"wp-block-embed__wrapper\">\nhttps:\/\/www.youtube.com\/watch?v=ThUui7HugSA\n<\/div><\/figure>\n<!-- \/wp:embed -->\n\n<!-- wp:heading -->\n<h2 class=\"wp-block-heading\"><strong>Giorno 0: Thusis<\/strong><\/h2>\n<!-- \/wp:heading -->\n\n<!-- wp:paragraph -->\n<p>Il giorno zero, 23 giugno 2024, \u00e8 dedicato ai preparativi e alla partenza. Dopo aver visitato brevemente Chiavenna con Carlotta e Gloria, referenti della <a href=\"https:\/\/camminiditalia.org\/cammini\/via-spluga\/\"><strong>Via Spluga<\/strong><\/a>, abbiamo viaggiato in bus, prendendo prima il 561 verso Spl\u00fcgen e poi il 541 verso Thusis. La sera ci siamo dedicati a sistemare il nostro equipaggiamento e a familiarizzare con la nostra base per i prossimi giorni. Thusis, con il suo fascino tranquillo e la vista delle montagne circostanti, ci accoglie con un calore che preannuncia l\u2019inizio di un'avventura memorabile.<\/p>\n<!-- \/wp:paragraph -->\n\n<!-- wp:paragraph -->\n<p>Nel pomeriggio, abbiamo avuto il tempo di esplorare Thusis, un delizioso borgo svizzero. Abbiamo passeggiato per le strade, ammirando l'architettura tradizionale e visitando il centro storico. Ogni angolo sembra raccontare storie di un passato ricco e affascinante. Abbiamo fatto una sosta presso una caffetteria locale, dove abbiamo assaporato un caff\u00e8 e una fetta di torta, ricaricandoci per l'inizio del nostro cammino.<\/p>\n<!-- \/wp:paragraph -->\n\n<!-- wp:paragraph -->\n<p>La serata \u00e8 stata dedicata alla preparazione finale del nostro equipaggiamento. Abbiamo controllato le mappe, organizzato i bagagli e discusso l\u2019itinerario per il giorno successivo. L'eccitazione cresce mentre ci avviciniamo al momento in cui finalmente metteremo piede sulla Via Spluga. Siamo pronti per l'inizio di un'avventura che promette di essere tanto impegnativa quanto gratificante.<\/p>\n<!-- \/wp:paragraph -->\n\n<!-- wp:image {\"lightbox\":{\"enabled\":false},\"id\":38829,\"width\":\"700px\",\"sizeSlug\":\"full\",\"linkDestination\":\"none\"} -->\n<figure class=\"wp-block-image size-full is-resized\"><img src=\"https:\/\/camminiditalia.org\/wp-content\/uploads\/2024\/08\/1-1.png\" alt=\"\" class=\"wp-image-38829\" style=\"width:700px\"\/><figcaption class=\"wp-element-caption\">Partenza da Chiavenna verso Thusis<\/figcaption><\/figure>\n<!-- \/wp:image -->\n\n<!-- wp:heading -->\n<h2 class=\"wp-block-heading\"><strong>Tappa 01: Da Thusis ad Andeer<\/strong><\/h2>\n<!-- \/wp:heading -->\n\n<!-- wp:paragraph -->\n<p><strong>Data:<\/strong> 24 giugno 2024<br><strong>Distanza percorsa:<\/strong> Circa 16 km<br><strong>Dislivello:<\/strong> +750 m \/ -315 m<\/p>\n<!-- \/wp:paragraph -->\n\n<!-- wp:paragraph -->\n<p><strong>Il viaggio inizia<\/strong><\/p>\n<!-- \/wp:paragraph -->\n\n<!-- wp:paragraph -->\n<p>L\u2019alba su <strong>Thusis <\/strong>ci accoglie con un cielo limpido e un\u2019aria fresca che promette una giornata perfetta per camminare. Mentre ci prepariamo a partire, l\u2019entusiasmo \u00e8 palpabile. C\u2019\u00e8 qualcosa di speciale nel primo passo di un viaggio che sai cambier\u00e0 qualcosa dentro di te. Thusis, con le sue strade tranquille e le montagne che la circondano, sembra un luogo perfetto per iniziare questa avventura. Iniziamo con il registrare il docufilm alle 05.45 del mattino, cos\u00ec da avvantaggiarci sulla tabella di marcia e fare colazione alle 07.00 con gi\u00e0 la prima clip gi\u00e0 in tasca.<\/p>\n<!-- \/wp:paragraph -->\n\n<!-- wp:paragraph -->\n<p><strong>Partenza da Thusis: il battito del cuore del cammino<\/strong><\/p>\n<!-- \/wp:paragraph -->\n\n<!-- wp:paragraph -->\n<p>Il sentiero inizia dolcemente, avvolgendoci in un paesaggio che si trasforma rapidamente da urbano a rurale. Lasciamo alle spalle il borgo e ci immergiamo nei boschi di conifere, accompagnati dal canto degli uccelli e dal rumore dei nostri passi sul terreno soffice. Le prime ore di cammino sono un assaggio di quello che ci attende: un mix di quiete e bellezza naturale che ci invita a lasciare andare i pensieri quotidiani e a concentrarci su ci\u00f2 che abbiamo davanti. Ponti, ci sono tantissimi ponti su questo cammino!<\/p>\n<!-- \/wp:paragraph -->\n\n<!-- wp:paragraph -->\n<p>A met\u00e0 mattina, il sentiero ci porta in prossimit\u00e0 delle <strong>Gole della Via Mala<\/strong> e dei torrenti che attraversano la valle. I rumore dell\u2019acqua che scorre accanto a noi ci ricorda che la natura qui \u00e8 potente e viva, una presenza costante che ci accompagner\u00e0 lungo tutta la Via Spluga. Ci fermiamo per una breve pausa, ammirando i giochi di luce che filtrano attraverso gli alberi e riflettono sull\u2019acqua. Attraversiamo il magnifico Ponte Traversina, passando quindi per la variante alta di questa prima tappa.<\/p>\n<!-- \/wp:paragraph -->\n\n<!-- wp:paragraph -->\n<p><strong>Da Reischen a Zillis: attraverso la storia<\/strong><\/p>\n<!-- \/wp:paragraph -->\n\n<!-- wp:paragraph -->\n<p>Proseguendo il cammino, ci avviciniamo al piccolo villaggio di <strong>Reischen<\/strong>. \u00c8 un luogo che sembra uscito da una cartolina, con le sue case in legno e i prati verdi che lo circondano. Decidiamo di fare una breve sosta per ristorarci, osservando la semplicit\u00e0 e la tranquillit\u00e0 della vita quotidiana in questo angolo di mondo. Qui, il tempo sembra scorrere pi\u00f9 lentamente, e questo ci permette di apprezzare ancora di pi\u00f9 la bellezza del percorso.<\/p>\n<!-- \/wp:paragraph -->\n\n<!-- wp:paragraph -->\n<p>Lasciato Reischen, continuiamo verso <strong>Zillis<\/strong>, famosa per la <strong>Chiesa di San Martino<\/strong>, definita come la Sistina delle Alpi. La chiesa merita sicuramente una visita: i suoi affreschi sul soffitto sono un capolavoro che racconta storie di un\u2019epoca lontana. Camminare tra queste mura antiche, che hanno visto secoli di pellegrini e viaggiatori, ci fa sentire parte di una lunga tradizione, come se il nostro viaggio fosse solo un altro capitolo in un libro che si scrive da secoli.<\/p>\n<!-- \/wp:paragraph -->\n\n<!-- wp:paragraph -->\n<p><strong>L'arrivo ad Andeer: il calore dell'ospitalit\u00e0<\/strong><\/p>\n<!-- \/wp:paragraph -->\n\n<!-- wp:paragraph -->\n<p>Con il passare delle ore, ci avviciniamo ad <strong>Andeer<\/strong>, la meta della nostra prima giornata. Il sentiero si apre su un panorama che toglie il fiato: una valle verdeggiante incorniciata dalle montagne, con il villaggio di Andeer che si staglia in lontananza. L\u2019ingresso nel villaggio \u00e8 accompagnato da un senso di soddisfazione e di attesa per ci\u00f2 che ci attende.<\/p>\n<!-- \/wp:paragraph -->\n\n<!-- wp:paragraph -->\n<p>Ad Andeer ci accoglie un\u2019atmosfera accogliente e rilassata. Abbiamo alloggiato presso l\u2019<strong>Hotel Fravi<\/strong>, una struttura storica che si affaccia sulla piazza principale. Il personale ci accoglie con un sorriso e, dopo una giornata di cammino, nulla \u00e8 pi\u00f9 apprezzato di una doccia calda e di un letto comodo.<\/p>\n<!-- \/wp:paragraph -->\n\n<!-- wp:paragraph -->\n<p>Per la cena, ci dirigiamo verso il ristorante dell\u2019hotel, noto per la cucina tradizionale della regione. Il men\u00f9 offre piatti tipici grigionesi, tra cui la famosa \u201c<strong>capuns<\/strong>\u201d, un piatto di foglie di bietola ripiene di pasta e carne, servito con salsa alla panna. \u00c8 un pasto sostanzioso, perfetto per recuperare le energie dopo una lunga giornata di cammino.<\/p>\n<!-- \/wp:paragraph -->\n\n<!-- wp:paragraph -->\n<p><strong>Riflessioni della giornata<\/strong><\/p>\n<!-- \/wp:paragraph -->\n\n<!-- wp:paragraph -->\n<p>Mentre ci rilassiamo nel nostro alloggio, le prime impressioni della Via Spluga iniziano a sedimentarsi. La bellezza dei paesaggi, l\u2019incontro con i villaggi alpini e la sensazione di essere parte di qualcosa di pi\u00f9 grande rendono questo primo giorno indimenticabile. Ci rendiamo conto che la Via Spluga non \u00e8 solo un cammino tra le montagne, ma un viaggio nel cuore delle Alpi, dove la natura e la storia si intrecciano in modo profondo.<\/p>\n<!-- \/wp:paragraph -->\n\n<!-- wp:paragraph -->\n<p>Questa prima giornata \u00e8 stata un perfetto inizio. Non vediamo l\u2019ora di scoprire cosa ci riserveranno i giorni successivi, ma per ora, la soddisfazione di aver completato la prima tappa ci riempie di gratitudine.<\/p>\n<!-- \/wp:paragraph -->\n\n<!-- wp:image {\"lightbox\":{\"enabled\":false},\"id\":38831,\"width\":\"700px\",\"sizeSlug\":\"full\",\"linkDestination\":\"none\"} -->\n<figure class=\"wp-block-image size-full is-resized\"><img src=\"https:\/\/camminiditalia.org\/wp-content\/uploads\/2024\/08\/2-1.png\" alt=\"\" class=\"wp-image-38831\" style=\"width:700px\"\/><figcaption class=\"wp-element-caption\">Ponte Traversina - Variante Traversina della prima tappa<\/figcaption><\/figure>\n<!-- \/wp:image -->\n\n<!-- wp:heading -->\n<h2 class=\"wp-block-heading\"><strong>Tappe 02: da Andeer a Spl\u00fcgen<\/strong><\/h2>\n<!-- \/wp:heading -->\n\n<!-- wp:paragraph -->\n<p><strong>Data:<\/strong> 25 giugno 2024<br><strong>Distanza percorsa:<\/strong> circa 16 km<br><strong>Dislivello:<\/strong> +750 m \/ -300 m<\/p>\n<!-- \/wp:paragraph -->\n\n<!-- wp:paragraph -->\n<p><strong>Partenza da Andeer: un nuovo giorno di avventura<\/strong><\/p>\n<!-- \/wp:paragraph -->\n\n<!-- wp:paragraph -->\n<p>La giornata inizia presto, con il sole che illumina il pittoresco villaggio di <strong>Andeer<\/strong>. Dopo una colazione sostanziosa presso l\u2019Hotel Fravi, ci prepariamo per la tappa odierna. L\u2019atmosfera di Andeer, con le sue strade tranquille e l\u2019ospitalit\u00e0 calorosa, ci ha lasciato un\u2019impressione duratura. Tuttavia, sappiamo che la giornata di oggi ci porter\u00e0 attraverso paesaggi ancora pi\u00f9 mozzafiato.<\/p>\n<!-- \/wp:paragraph -->\n\n<!-- wp:paragraph -->\n<p><strong>Attraverso la valle di Andeer: natura e silenzio<\/strong><\/p>\n<!-- \/wp:paragraph -->\n\n<!-- wp:paragraph -->\n<p>Il sentiero si snoda lungo la valle di Andeer, offrendo panorami spettacolari delle montagne circostanti. Il cammino \u00e8 costellato di boschi e pascoli, e il rumore del <strong>Reno Posteriore<\/strong> che scorre accanto a noi ci accompagna costantemente. La freschezza dell\u2019aria alpina e la serenit\u00e0 del paesaggio ci permettono di immergerci completamente nell\u2019esperienza.<\/p>\n<!-- \/wp:paragraph -->\n\n<!-- wp:paragraph -->\n<p>A met\u00e0 mattina, ci fermiamo per visitare le <strong>Gole della Roffla<\/strong>. Questo spettacolare fenomeno naturale, con le sue pareti rocciose a picco e le rapide tumultuose, \u00e8 stato descritto da alcuni camminatori incontrati lungo il percorso come una \u201cvery scary waterfall\u201d. La potenza e la bellezza delle gole ci lasciano senza parole, e ci sentiamo piccoli di fronte alla grandiosit\u00e0 della natura.<\/p>\n<!-- \/wp:paragraph -->\n\n<!-- wp:paragraph -->\n<p><strong>Sosta a Sufers: pranzo e rifornimento<\/strong><\/p>\n<!-- \/wp:paragraph -->\n\n<!-- wp:paragraph -->\n<p>Proseguendo lungo il sentiero, arriviamo a <strong>Sufers <\/strong>per la pausa pranzo, un borgo curatissimo, tipico delle Alpi Svizzere. Questo piccolo villaggio \u00e8 un\u2019oasi di tranquillit\u00e0, dove approfittiamo per ricaricare le energie, dopo aver preso un po\u2019 d\u2019acqua dal cielo. Il momento di relax ci permette di riflettere sul percorso e di godere della compagnia dei compagni di viaggio.<\/p>\n<!-- \/wp:paragraph -->\n\n<!-- wp:paragraph -->\n<p><strong>Arrivo a Spl\u00fcgen: rilassamento e tradizione<\/strong><\/p>\n<!-- \/wp:paragraph -->\n\n<!-- wp:paragraph -->\n<p>Nel tardo pomeriggio, raggiungiamo <strong>Spl\u00fcgen<\/strong>, un affascinante villaggio alpino noto per la sua architettura tradizionale e il suo carattere storico. Siamo accolti calorosamente e ci sistemiamo presso l\u2019<strong>Hotel Bodenhaus<\/strong>, un albergo che offre un'atmosfera rustica e accogliente.<\/p>\n<!-- \/wp:paragraph -->\n\n<!-- wp:image {\"lightbox\":{\"enabled\":false},\"id\":38833,\"width\":\"700px\",\"height\":\"auto\",\"sizeSlug\":\"full\",\"linkDestination\":\"none\"} -->\n<figure class=\"wp-block-image size-full is-resized\"><img src=\"https:\/\/camminiditalia.org\/wp-content\/uploads\/2024\/08\/3-1.png\" alt=\"\" class=\"wp-image-38833\" style=\"width:700px;height:auto\"\/><figcaption class=\"wp-element-caption\">Gole della Roffla<\/figcaption><\/figure>\n<!-- \/wp:image -->\n\n<!-- wp:heading -->\n<h2 class=\"wp-block-heading\"><strong>Tappa 03: da Splugen a Isola<\/strong><\/h2>\n<!-- \/wp:heading -->\n\n<!-- wp:paragraph -->\n<p><strong>Data:<\/strong> 26 giugno 2024<br><strong>Distanza percorsa:<\/strong> circa 18 km<br><strong>Dislivello:<\/strong> +750 m \/ -1.000 m<\/p>\n<!-- \/wp:paragraph -->\n\n<!-- wp:paragraph -->\n<p><strong>Partenza da Spl\u00fcgen: l\u2019ascesa verso il Passo dello Spluga<\/strong><\/p>\n<!-- \/wp:paragraph -->\n\n<!-- wp:paragraph -->\n<p>La giornata inizia presto, con un\u2019aria fresca e il cielo limpido sopra <strong>Spl\u00fcgen<\/strong>. Dopo una colazione energetica presso l\u2019Hotel Bodenhaus, ci prepariamo per una delle tappe pi\u00f9 impegnative del nostro cammino: l\u2019ascesa verso il Passo dello Spluga, mentre ci lasciamo alle nostre spalle per l'ultima volta il fiume Reno Posteriore. <\/p>\n<!-- \/wp:paragraph -->\n\n<!-- wp:paragraph -->\n<p>Il sentiero inizia a salire dolcemente, ma presto la pendenza aumenta, trasformandosi in una salita pi\u00f9 intensa. Man mano che guadagniamo quota, il paesaggio alpino si fa sempre pi\u00f9 spettacolare. Ogni curva ci offre nuove prospettive sulle vette circostanti.<\/p>\n<!-- \/wp:paragraph -->\n\n<!-- wp:paragraph -->\n<p><strong>Arrivo al Passo dello Spluga: 2114 metri di meraviglia<\/strong><\/p>\n<!-- \/wp:paragraph -->\n\n<!-- wp:paragraph -->\n<p>Finalmente, raggiungiamo il <strong>Passo dello Spluga<\/strong>, a 2114 metri sul livello del mare. La vista dalla cima \u00e8 mozzafiato: le montagne svizzere e italiane si estendono all\u2019orizzonte, e il panorama \u00e8 un vero e proprio premio per la fatica della salita. Ci fermiamo per scattare alcune foto e per fare una pausa ristoratrice, ammirando il paesaggio spettacolare. Ahim\u00e9, il tempo peggiora tutto di un botto. <\/p>\n<!-- \/wp:paragraph -->\n\n<!-- wp:paragraph -->\n<p><strong>In compagnia di Gloria e Carlotta: la scoperta di Montespluga<\/strong><\/p>\n<!-- \/wp:paragraph -->\n\n<!-- wp:paragraph -->\n<p>Dopo la sosta al passo, proseguiamo sotto la pioggia battente verso il<strong> Lago di Montespluga<\/strong>, dove siamo raggiunti da Gloria e Carlotta, referenti dell'ufficio turistico della Valchiavenna. Ci accompagnano fino all'abitato di Montespluga e lungo le sponde dell'omonimo lago, offrendoci preziose informazioni sulla storia e la geografia della zona. Attendiamo il termine del maltempo e passiamo poi per la diga del Lago di Montespluga, un'imponente struttura ingegneristica e ci regala uno spettacolo di pura bellezza.<\/p>\n<!-- \/wp:paragraph -->\n\n<!-- wp:paragraph -->\n<p><strong>Arrivo alle gole del Cardinello e discesa verso Isola<\/strong><\/p>\n<!-- \/wp:paragraph -->\n\n<!-- wp:paragraph -->\n<p>Dopo aver salutato Gloria e Carlotta, ci dirigiamo verso le<strong> gole del Cardinello<\/strong>. Le gole, con le loro pareti rocciose e le cascate, sono un\u2019altra meraviglia naturale che ci lascia senza parole. Proseguiamo lungo il sentiero, seguendo il corso del fiume Liro, che ci accompagna in una discesa serena verso l\u2019abitato di Isola.<\/p>\n<!-- \/wp:paragraph -->\n\n<!-- wp:paragraph -->\n<p><strong>Soggiorno a Isola: relax e storia<\/strong><\/p>\n<!-- \/wp:paragraph -->\n\n<!-- wp:paragraph -->\n<p>Arriviamo a Isola nel tardo pomeriggio e ci sistemiamo presso <strong>la Locanda Cardinello<\/strong>, gestita da Martino. Questa affascinante locanda storica, risalente al 1722, offre un\u2019accoglienza calorosa e una cena deliziosa. La locanda \u00e8 immersa in un\u2019atmosfera tradizionale, e la cena preparata da Martino \u00e8 il modo perfetto per concludere una giornata intensa e piena di emozioni.<\/p>\n<!-- \/wp:paragraph -->\n\n<!-- wp:paragraph -->\n<p><strong>Riflessioni della giornata<\/strong><\/p>\n<!-- \/wp:paragraph -->\n\n<!-- wp:paragraph -->\n<p>La giornata di oggi \u00e8 stata una delle pi\u00f9 memorabili del nostro viaggio. La salita al Passo dello Spluga \u00e8 stata impegnativa ma gratificante, e la visita al Lago di Montespluga, accompagnati da Gloria e Carlotta, ha arricchito la nostra esperienza. Le gole del Cardinello e la discesa lungo il fiume Liro hanno concluso la giornata con panorami incantevoli e un senso di pace.<\/p>\n<!-- \/wp:paragraph -->\n\n<!-- wp:image {\"lightbox\":{\"enabled\":false},\"id\":38835,\"width\":\"700px\",\"height\":\"auto\",\"sizeSlug\":\"full\",\"linkDestination\":\"none\"} -->\n<figure class=\"wp-block-image size-full is-resized\"><img src=\"https:\/\/camminiditalia.org\/wp-content\/uploads\/2024\/08\/4-1.png\" alt=\"\" class=\"wp-image-38835\" style=\"width:700px;height:auto\"\/><figcaption class=\"wp-element-caption\">Lago di Montespluga<\/figcaption><\/figure>\n<!-- \/wp:image -->\n\n<!-- wp:heading -->\n<h2 class=\"wp-block-heading\"><strong>Tappa 04: da Isola a Chiavenna<\/strong><\/h2>\n<!-- \/wp:heading -->\n\n<!-- wp:paragraph -->\n<p><strong>Data:<\/strong> 27 giugno 2024<br><strong>Distanza percorsa:<\/strong> circa 21 km<br><strong>Dislivello:<\/strong> +300 \/ -1.100 m<\/p>\n<!-- \/wp:paragraph -->\n\n<!-- wp:paragraph -->\n<p><strong>Partenza da Isola: la discesa verso la Valle di San Giacomo<\/strong><\/p>\n<!-- \/wp:paragraph -->\n\n<!-- wp:paragraph -->\n<p>Partiamo dall<strong> Locanda Cardinello<\/strong>, dove Martino, che abbiamo <a href=\"https:\/\/youtu.be\/ThUui7HugSA\">intervistato nel docufilm<\/a>, ci saluta calorosamente. Siamo pronti per affrontare l\u2019ultima tappa del nostro cammino lungo la Via Spluga. La discesa da Isola verso Chiavenna ci aspetta, e siamo entusiasti di scoprire l\u2019ultima parte del nostro percorso.<\/p>\n<!-- \/wp:paragraph -->\n\n<!-- wp:paragraph -->\n<p><strong>Attraverso la Valle di San Giacomo: un paesaggio mozzafiato<\/strong><\/p>\n<!-- \/wp:paragraph -->\n\n<!-- wp:paragraph -->\n<p>Il sentiero si snoda lungo la <strong>Valle di San Giacomo<\/strong>, un\u2019area caratterizzata da ampi prati, boschi e panorami montani spettacolari. La discesa \u00e8 graduale e permette di godere di un paesaggio che cambia dolcemente con il passare delle ore. Il <strong>fiume Liro<\/strong> ci accompagna lungo il percorso, offrendo un piacevole sottofondo di suoni naturali.<\/p>\n<!-- \/wp:paragraph -->\n\n<!-- wp:paragraph -->\n<p>Durante la nostra camminata, facciamo una sosta per ammirare il paesaggio pittoresco e per scattare qualche foto. La tranquillit\u00e0 della valle e la bellezza dei panorami sono una conclusione perfetta per il nostro viaggio.<\/p>\n<!-- \/wp:paragraph -->\n\n<!-- wp:paragraph -->\n<p><strong>Visita a Campodolcino: un tuffo nella storia e nella cultura<\/strong><\/p>\n<!-- \/wp:paragraph -->\n\n<!-- wp:paragraph -->\n<p>Arriviamo a Campodolcino nel tardo mattino e ci dirigiamo verso il <strong>Museo della Via Spluga e della Valle di San Giacomo (Mu.Vi.S.)<\/strong>. Questo museo offre una panoramica approfondita sulla storia e la cultura della Via Spluga e della valle circostante. Esploriamo le esposizioni che raccontano le tradizioni locali, le storie dei viaggiatori antichi e l\u2019importanza storica di questa via di comunicazione.<\/p>\n<!-- \/wp:paragraph -->\n\n<!-- wp:paragraph -->\n<p>La visita al Mu.Vi.S. \u00e8 un\u2019opportunit\u00e0 preziosa per comprendere meglio il contesto storico del nostro percorso e apprezzare la ricchezza culturale della regione.<\/p>\n<!-- \/wp:paragraph -->\n\n<!-- wp:paragraph -->\n<p><strong>Arrivo a Chiavenna: conclusione del cammino<\/strong><\/p>\n<!-- \/wp:paragraph -->\n\n<!-- wp:paragraph -->\n<p>Dopo la visita al museo, proseguiamo verso <strong>Chiavenna<\/strong>, la nostra meta finale. La discesa finale ci conduce al cuore della cittadina, dove ci aspetta una vivace atmosfera. Arriviamo nel pomeriggio e ci sistemiamo presso l'Hotel Crimea, dove possiamo rilassarci e riflettere sul viaggio appena concluso.<\/p>\n<!-- \/wp:paragraph -->\n\n<!-- wp:image {\"id\":38837,\"sizeSlug\":\"full\",\"linkDestination\":\"none\"} -->\n<figure class=\"wp-block-image size-full\"><img src=\"https:\/\/camminiditalia.org\/wp-content\/uploads\/2024\/08\/5-1.png\" alt=\"\" class=\"wp-image-38837\"\/><figcaption class=\"wp-element-caption\">Arrivo a Chiavenna<\/figcaption><\/figure>\n<!-- \/wp:image -->\n\n<!-- wp:heading -->\n<h2 class=\"wp-block-heading\"><strong>Riflessione finale sul cammino<\/strong><\/h2>\n<!-- \/wp:heading -->\n\n<!-- wp:paragraph -->\n<p>Concludere il cammino lungo la Via Spluga \u00e8 stato un viaggio di crescita personale e di scoperta. Ogni giorno ha offerto nuove sfide e nuove meraviglie, dalle aspre salite al Passo dello Spluga fino ai panorami mozzafiato della Svizzera.<\/p>\n<!-- \/wp:paragraph -->\n\n<!-- wp:paragraph -->\n<p>La Via Spluga non \u00e8 solo un percorso fisico attraverso le Alpi, ma anche un viaggio attraverso il tempo e la tradizione. Camminare su questa storica via ci ha connesso con la storia degli antichi viaggiatori e ci ha immerso nella bellezza naturale di una delle regioni pi\u00f9 affascinanti delle Alpi. Ogni passo ha raccontato una storia, ogni vista ha offerto una nuova prospettiva, e ogni incontro ha arricchito la nostra esperienza.<\/p>\n<!-- \/wp:paragraph -->\n\n<!-- wp:paragraph -->\n<p>Siamo grati per le persone che abbiamo incontrato, per i luoghi che abbiamo esplorato e per le esperienze che abbiamo condiviso. Questo cammino \u00e8 stato un\u2019avventura che ci ha insegnato il valore della pazienza, della perseveranza e della bellezza che si trova nei piccoli dettagli della vita. Concludiamo questo viaggio con un senso di realizzazione e gratitudine, portando con noi ricordi indelebili e una rinnovata connessione con la natura e la storia.<\/p>\n<!-- \/wp:paragraph -->\n\n<!-- wp:paragraph -->\n<p>Non ti resta che guardare il docufilm completo per vivere con noi quest'avventura!<\/p>\n<!-- \/wp:paragraph -->\n\n<!-- wp:spacer {\"height\":\"50px\"} -->\n<div style=\"height:50px\" aria-hidden=\"true\" class=\"wp-block-spacer\"><\/div>\n<!-- \/wp:spacer -->\n\n<!-- wp:buttons -->\n<div class=\"wp-block-buttons\"><!-- wp:button {\"backgroundColor\":\"cm-orange\",\"textColor\":\"white\",\"style\":{\"elements\":{\"link\":{\"color\":{\"text\":\"var:preset|color|white\"}}},\"border\":{\"radius\":\"14px\"}},\"fontSize\":\"base\",\"fontFamily\":\"Montserrat\"} -->\n<div class=\"wp-block-button has-custom-font-size has-montserrat-font-family has-base-font-size\"><a class=\"wp-block-button__link has-white-color has-cm-orange-background-color has-text-color has-background has-link-color wp-element-button\" href=\"https:\/\/youtu.be\/ThUui7HugSA\" style=\"border-radius:14px\"><strong>VIVI CON NOI LA VIA SPLUGA<\/strong><\/a><\/div>\n<!-- \/wp:button --><\/div>\n<!-- \/wp:buttons -->","post_title":"La nostra Via Spluga: 70 km fra la Svizzera e l'Italia","post_excerpt":"","post_status":"publish","comment_status":"open","ping_status":"open","post_password":"","post_name":"diario-via-spluga","to_ping":"","pinged":"","post_modified":"2024-09-10 11:43:05","post_modified_gmt":"2024-09-10 09:43:05","post_content_filtered":"","post_parent":0,"guid":"https:\/\/camminiditalia.org\/?p=38821","menu_order":0,"post_type":"post","post_mime_type":"","comment_count":"0","filter":"raw"}]},"gallery":{"images":[{"img":{"ID":55655,"id":55655,"title":"Tappa 01 - Gole della Via Mala","filename":"Gole-della-Via-Mala.jpg","filesize":2954733,"url":"https:\/\/media-camminiditalia.nbg1.your-objectstorage.com\/wp-content\/uploads\/2023\/04\/Gole-della-Via-Mala.jpg","link":"https:\/\/camminiditalia.org\/es\/cammini\/via-spluga\/gole-della-via-mala-2\/","alt":"","author":"8","description":"Tappa 01 - Gole della Via Mala","caption":"Tappa 01 - Gole della Via Mala","name":"gole-della-via-mala-2","status":"inherit","uploaded_to":55625,"date":"2024-11-25 10:26:55","modified":"2024-11-25 10:26:55","menu_order":0,"mime_type":"image\/jpeg","type":"image","subtype":"jpeg","icon":"https:\/\/camminiditalia.org\/wp-includes\/images\/media\/default.png","width":1920,"height":2560,"sizes":{"thumbnail":"https:\/\/media-camminiditalia.nbg1.your-objectstorage.com\/wp-content\/uploads\/2023\/04\/Gole-della-Via-Mala-150x150.jpg","thumbnail-width":150,"thumbnail-height":150,"medium":"https:\/\/media-camminiditalia.nbg1.your-objectstorage.com\/wp-content\/uploads\/2023\/04\/Gole-della-Via-Mala-225x300.jpg","medium-width":225,"medium-height":300,"medium_large":"https:\/\/media-camminiditalia.nbg1.your-objectstorage.com\/wp-content\/uploads\/2023\/04\/Gole-della-Via-Mala-768x1024.jpg","medium_large-width":768,"medium_large-height":1024,"large":"https:\/\/media-camminiditalia.nbg1.your-objectstorage.com\/wp-content\/uploads\/2023\/04\/Gole-della-Via-Mala-768x1024.jpg","large-width":768,"large-height":1024,"1536x1536":"https:\/\/media-camminiditalia.nbg1.your-objectstorage.com\/wp-content\/uploads\/2023\/04\/Gole-della-Via-Mala-1152x1536.jpg","1536x1536-width":1152,"1536x1536-height":1536,"2048x2048":"https:\/\/media-camminiditalia.nbg1.your-objectstorage.com\/wp-content\/uploads\/2023\/04\/Gole-della-Via-Mala-1536x2048.jpg","2048x2048-width":1536,"2048x2048-height":2048,"tc_all_events_image":"https:\/\/media-camminiditalia.nbg1.your-objectstorage.com\/wp-content\/uploads\/2023\/04\/Gole-della-Via-Mala-1100x680.jpg","tc_all_events_image-width":1100,"tc_all_events_image-height":680,"woocommerce_thumbnail":"https:\/\/media-camminiditalia.nbg1.your-objectstorage.com\/wp-content\/uploads\/2023\/04\/Gole-della-Via-Mala-300x300.jpg","woocommerce_thumbnail-width":300,"woocommerce_thumbnail-height":300,"woocommerce_single":"https:\/\/media-camminiditalia.nbg1.your-objectstorage.com\/wp-content\/uploads\/2023\/04\/Gole-della-Via-Mala-600x800.jpg","woocommerce_single-width":600,"woocommerce_single-height":800,"woocommerce_gallery_thumbnail":"https:\/\/media-camminiditalia.nbg1.your-objectstorage.com\/wp-content\/uploads\/2023\/04\/Gole-della-Via-Mala-100x100.jpg","woocommerce_gallery_thumbnail-width":100,"woocommerce_gallery_thumbnail-height":100}}},{"img":{"ID":55642,"id":55642,"title":"Tappa 01 - Ponte Traversina","filename":"Tappa-01-Ponte-Traversina.jpg","filesize":735892,"url":"https:\/\/media-camminiditalia.nbg1.your-objectstorage.com\/wp-content\/uploads\/2023\/04\/Tappa-01-Ponte-Traversina.jpg","link":"https:\/\/camminiditalia.org\/es\/cammini\/via-spluga\/tappa-01-ponte-traversina-2\/","alt":"","author":"8","description":"Tappa 01 - Ponte Traversina","caption":"Tappa 01 - Ponte Traversina","name":"tappa-01-ponte-traversina-2","status":"inherit","uploaded_to":55625,"date":"2024-11-19 16:54:25","modified":"2024-11-19 16:54:25","menu_order":0,"mime_type":"image\/jpeg","type":"image","subtype":"jpeg","icon":"https:\/\/camminiditalia.org\/wp-includes\/images\/media\/default.png","width":1280,"height":1120,"sizes":{"thumbnail":"https:\/\/media-camminiditalia.nbg1.your-objectstorage.com\/wp-content\/uploads\/2023\/04\/Tappa-01-Ponte-Traversina-150x150.jpg","thumbnail-width":150,"thumbnail-height":150,"medium":"https:\/\/media-camminiditalia.nbg1.your-objectstorage.com\/wp-content\/uploads\/2023\/04\/Tappa-01-Ponte-Traversina-300x263.jpg","medium-width":300,"medium-height":263,"medium_large":"https:\/\/media-camminiditalia.nbg1.your-objectstorage.com\/wp-content\/uploads\/2023\/04\/Tappa-01-Ponte-Traversina-768x672.jpg","medium_large-width":768,"medium_large-height":672,"large":"https:\/\/media-camminiditalia.nbg1.your-objectstorage.com\/wp-content\/uploads\/2023\/04\/Tappa-01-Ponte-Traversina-1024x896.jpg","large-width":1024,"large-height":896,"1536x1536":"https:\/\/media-camminiditalia.nbg1.your-objectstorage.com\/wp-content\/uploads\/2023\/04\/Tappa-01-Ponte-Traversina.jpg","1536x1536-width":1280,"1536x1536-height":1120,"2048x2048":"https:\/\/media-camminiditalia.nbg1.your-objectstorage.com\/wp-content\/uploads\/2023\/04\/Tappa-01-Ponte-Traversina.jpg","2048x2048-width":1280,"2048x2048-height":1120,"tc_all_events_image":"https:\/\/media-camminiditalia.nbg1.your-objectstorage.com\/wp-content\/uploads\/2023\/04\/Tappa-01-Ponte-Traversina-1100x680.jpg","tc_all_events_image-width":1100,"tc_all_events_image-height":680,"woocommerce_thumbnail":"https:\/\/media-camminiditalia.nbg1.your-objectstorage.com\/wp-content\/uploads\/2023\/04\/Tappa-01-Ponte-Traversina-300x300.jpg","woocommerce_thumbnail-width":300,"woocommerce_thumbnail-height":300,"woocommerce_single":"https:\/\/media-camminiditalia.nbg1.your-objectstorage.com\/wp-content\/uploads\/2023\/04\/Tappa-01-Ponte-Traversina-600x525.jpg","woocommerce_single-width":600,"woocommerce_single-height":525,"woocommerce_gallery_thumbnail":"https:\/\/media-camminiditalia.nbg1.your-objectstorage.com\/wp-content\/uploads\/2023\/04\/Tappa-01-Ponte-Traversina-100x100.jpg","woocommerce_gallery_thumbnail-width":100,"woocommerce_gallery_thumbnail-height":100}}},{"img":{"ID":55648,"id":55648,"title":"Tappa 02 - Borgo di Sufers","filename":"Tappa-02-Borgo-di-Sufers-1.jpg","filesize":1127528,"url":"https:\/\/media-camminiditalia.nbg1.your-objectstorage.com\/wp-content\/uploads\/2023\/04\/Tappa-02-Borgo-di-Sufers-1-scaled.jpg","link":"https:\/\/camminiditalia.org\/es\/cammini\/via-spluga\/tappa-02-borgo-di-sufers-2-2\/","alt":"","author":"8","description":"Tappa 02 - Borgo di Sufers","caption":"Tappa 02 - Borgo di Sufers","name":"tappa-02-borgo-di-sufers-2-2","status":"inherit","uploaded_to":55625,"date":"2024-11-19 16:57:32","modified":"2024-11-19 16:57:32","menu_order":0,"mime_type":"image\/jpeg","type":"image","subtype":"jpeg","icon":"https:\/\/camminiditalia.org\/wp-includes\/images\/media\/default.png","width":1920,"height":2560,"sizes":{"thumbnail":"https:\/\/media-camminiditalia.nbg1.your-objectstorage.com\/wp-content\/uploads\/2023\/04\/Tappa-02-Borgo-di-Sufers-1-150x150.jpg","thumbnail-width":150,"thumbnail-height":150,"medium":"https:\/\/media-camminiditalia.nbg1.your-objectstorage.com\/wp-content\/uploads\/2023\/04\/Tappa-02-Borgo-di-Sufers-1-225x300.jpg","medium-width":225,"medium-height":300,"medium_large":"https:\/\/media-camminiditalia.nbg1.your-objectstorage.com\/wp-content\/uploads\/2023\/04\/Tappa-02-Borgo-di-Sufers-1-768x1024.jpg","medium_large-width":768,"medium_large-height":1024,"large":"https:\/\/media-camminiditalia.nbg1.your-objectstorage.com\/wp-content\/uploads\/2023\/04\/Tappa-02-Borgo-di-Sufers-1-768x1024.jpg","large-width":768,"large-height":1024,"1536x1536":"https:\/\/media-camminiditalia.nbg1.your-objectstorage.com\/wp-content\/uploads\/2023\/04\/Tappa-02-Borgo-di-Sufers-1-1152x1536.jpg","1536x1536-width":1152,"1536x1536-height":1536,"2048x2048":"https:\/\/media-camminiditalia.nbg1.your-objectstorage.com\/wp-content\/uploads\/2023\/04\/Tappa-02-Borgo-di-Sufers-1-1536x2048.jpg","2048x2048-width":1536,"2048x2048-height":2048,"tc_all_events_image":"https:\/\/media-camminiditalia.nbg1.your-objectstorage.com\/wp-content\/uploads\/2023\/04\/Tappa-02-Borgo-di-Sufers-1-1100x680.jpg","tc_all_events_image-width":1100,"tc_all_events_image-height":680,"woocommerce_thumbnail":"https:\/\/media-camminiditalia.nbg1.your-objectstorage.com\/wp-content\/uploads\/2023\/04\/Tappa-02-Borgo-di-Sufers-1-300x300.jpg","woocommerce_thumbnail-width":300,"woocommerce_thumbnail-height":300,"woocommerce_single":"https:\/\/media-camminiditalia.nbg1.your-objectstorage.com\/wp-content\/uploads\/2023\/04\/Tappa-02-Borgo-di-Sufers-1-600x800.jpg","woocommerce_single-width":600,"woocommerce_single-height":800,"woocommerce_gallery_thumbnail":"https:\/\/media-camminiditalia.nbg1.your-objectstorage.com\/wp-content\/uploads\/2023\/04\/Tappa-02-Borgo-di-Sufers-1-100x100.jpg","woocommerce_gallery_thumbnail-width":100,"woocommerce_gallery_thumbnail-height":100}}},{"img":{"ID":55649,"id":55649,"title":"Tappa 02 - Cascata della Roffla","filename":"Tappa-02-Cascata-della-Roffla-1.jpg","filesize":1333612,"url":"https:\/\/media-camminiditalia.nbg1.your-objectstorage.com\/wp-content\/uploads\/2023\/04\/Tappa-02-Cascata-della-Roffla-1-scaled.jpg","link":"https:\/\/camminiditalia.org\/es\/cammini\/via-spluga\/dcim100goprogopr1871-jpg-2-2\/","alt":"","author":"8","description":"Tappa 02 - Cascata della Roffla","caption":"Tappa 02 - Cascata della Roffla","name":"dcim100goprogopr1871-jpg-2-2","status":"inherit","uploaded_to":55625,"date":"2024-11-19 16:57:51","modified":"2024-11-19 16:57:51","menu_order":0,"mime_type":"image\/jpeg","type":"image","subtype":"jpeg","icon":"https:\/\/camminiditalia.org\/wp-includes\/images\/media\/default.png","width":2240,"height":2560,"sizes":{"thumbnail":"https:\/\/media-camminiditalia.nbg1.your-objectstorage.com\/wp-content\/uploads\/2023\/04\/Tappa-02-Cascata-della-Roffla-1-150x150.jpg","thumbnail-width":150,"thumbnail-height":150,"medium":"https:\/\/media-camminiditalia.nbg1.your-objectstorage.com\/wp-content\/uploads\/2023\/04\/Tappa-02-Cascata-della-Roffla-1-263x300.jpg","medium-width":263,"medium-height":300,"medium_large":"https:\/\/media-camminiditalia.nbg1.your-objectstorage.com\/wp-content\/uploads\/2023\/04\/Tappa-02-Cascata-della-Roffla-1-768x878.jpg","medium_large-width":768,"medium_large-height":878,"large":"https:\/\/media-camminiditalia.nbg1.your-objectstorage.com\/wp-content\/uploads\/2023\/04\/Tappa-02-Cascata-della-Roffla-1-896x1024.jpg","large-width":896,"large-height":1024,"1536x1536":"https:\/\/media-camminiditalia.nbg1.your-objectstorage.com\/wp-content\/uploads\/2023\/04\/Tappa-02-Cascata-della-Roffla-1-1344x1536.jpg","1536x1536-width":1344,"1536x1536-height":1536,"2048x2048":"https:\/\/media-camminiditalia.nbg1.your-objectstorage.com\/wp-content\/uploads\/2023\/04\/Tappa-02-Cascata-della-Roffla-1-1792x2048.jpg","2048x2048-width":1792,"2048x2048-height":2048,"tc_all_events_image":"https:\/\/media-camminiditalia.nbg1.your-objectstorage.com\/wp-content\/uploads\/2023\/04\/Tappa-02-Cascata-della-Roffla-1-1100x680.jpg","tc_all_events_image-width":1100,"tc_all_events_image-height":680,"woocommerce_thumbnail":"https:\/\/media-camminiditalia.nbg1.your-objectstorage.com\/wp-content\/uploads\/2023\/04\/Tappa-02-Cascata-della-Roffla-1-300x300.jpg","woocommerce_thumbnail-width":300,"woocommerce_thumbnail-height":300,"woocommerce_single":"https:\/\/media-camminiditalia.nbg1.your-objectstorage.com\/wp-content\/uploads\/2023\/04\/Tappa-02-Cascata-della-Roffla-1-600x686.jpg","woocommerce_single-width":600,"woocommerce_single-height":686,"woocommerce_gallery_thumbnail":"https:\/\/media-camminiditalia.nbg1.your-objectstorage.com\/wp-content\/uploads\/2023\/04\/Tappa-02-Cascata-della-Roffla-1-100x100.jpg","woocommerce_gallery_thumbnail-width":100,"woocommerce_gallery_thumbnail-height":100}}},{"img":{"ID":55659,"id":55659,"title":"Tappa 03 - Diga Montespluga","filename":"Diga-Montespluga_3-tappa.jpg","filesize":904733,"url":"https:\/\/media-camminiditalia.nbg1.your-objectstorage.com\/wp-content\/uploads\/2023\/04\/Diga-Montespluga_3-tappa-scaled.jpg","link":"https:\/\/camminiditalia.org\/es\/cammini\/via-spluga\/diga-montespluga_3-tappa-2\/","alt":"","author":"8","description":"Tappa 03 - Diga Montespluga","caption":"Tappa 03 - Diga Montespluga","name":"diga-montespluga_3-tappa-2","status":"inherit","uploaded_to":55625,"date":"2024-11-25 10:29:12","modified":"2024-11-25 10:29:12","menu_order":0,"mime_type":"image\/jpeg","type":"image","subtype":"jpeg","icon":"https:\/\/camminiditalia.org\/wp-includes\/images\/media\/default.png","width":2560,"height":1709,"sizes":{"thumbnail":"https:\/\/media-camminiditalia.nbg1.your-objectstorage.com\/wp-content\/uploads\/2023\/04\/Diga-Montespluga_3-tappa-150x150.jpg","thumbnail-width":150,"thumbnail-height":150,"medium":"https:\/\/media-camminiditalia.nbg1.your-objectstorage.com\/wp-content\/uploads\/2023\/04\/Diga-Montespluga_3-tappa-300x200.jpg","medium-width":300,"medium-height":200,"medium_large":"https:\/\/media-camminiditalia.nbg1.your-objectstorage.com\/wp-content\/uploads\/2023\/04\/Diga-Montespluga_3-tappa-768x513.jpg","medium_large-width":768,"medium_large-height":513,"large":"https:\/\/media-camminiditalia.nbg1.your-objectstorage.com\/wp-content\/uploads\/2023\/04\/Diga-Montespluga_3-tappa-1024x683.jpg","large-width":1024,"large-height":683,"1536x1536":"https:\/\/media-camminiditalia.nbg1.your-objectstorage.com\/wp-content\/uploads\/2023\/04\/Diga-Montespluga_3-tappa-1536x1025.jpg","1536x1536-width":1536,"1536x1536-height":1025,"2048x2048":"https:\/\/media-camminiditalia.nbg1.your-objectstorage.com\/wp-content\/uploads\/2023\/04\/Diga-Montespluga_3-tappa-2048x1367.jpg","2048x2048-width":2048,"2048x2048-height":1367,"tc_all_events_image":"https:\/\/media-camminiditalia.nbg1.your-objectstorage.com\/wp-content\/uploads\/2023\/04\/Diga-Montespluga_3-tappa-1100x680.jpg","tc_all_events_image-width":1100,"tc_all_events_image-height":680,"woocommerce_thumbnail":"https:\/\/media-camminiditalia.nbg1.your-objectstorage.com\/wp-content\/uploads\/2023\/04\/Diga-Montespluga_3-tappa-scaled-300x300.jpg","woocommerce_thumbnail-width":300,"woocommerce_thumbnail-height":300,"woocommerce_single":"https:\/\/media-camminiditalia.nbg1.your-objectstorage.com\/wp-content\/uploads\/2023\/04\/Diga-Montespluga_3-tappa-scaled-600x401.jpg","woocommerce_single-width":600,"woocommerce_single-height":401,"woocommerce_gallery_thumbnail":"https:\/\/media-camminiditalia.nbg1.your-objectstorage.com\/wp-content\/uploads\/2023\/04\/Diga-Montespluga_3-tappa-scaled-100x100.jpg","woocommerce_gallery_thumbnail-width":100,"woocommerce_gallery_thumbnail-height":100}}},{"img":{"ID":55670,"id":55670,"title":"Tappa 03 - Passo Spluga","filename":"Passo-Spluga_3-tappa.jpeg","filesize":1929492,"url":"https:\/\/media-camminiditalia.nbg1.your-objectstorage.com\/wp-content\/uploads\/2023\/04\/Passo-Spluga_3-tappa.jpeg","link":"https:\/\/camminiditalia.org\/es\/cammini\/via-spluga\/passo-spluga_3-tappa-2\/","alt":"","author":"8","description":"Tappa 03 - Passo Spluga","caption":"Tappa 03 - Passo Spluga","name":"passo-spluga_3-tappa-2","status":"inherit","uploaded_to":55625,"date":"2024-11-27 11:44:35","modified":"2024-11-27 11:44:35","menu_order":0,"mime_type":"image\/jpeg","type":"image","subtype":"jpeg","icon":"https:\/\/camminiditalia.org\/wp-includes\/images\/media\/default.png","width":2016,"height":1512,"sizes":{"thumbnail":"https:\/\/media-camminiditalia.nbg1.your-objectstorage.com\/wp-content\/uploads\/2023\/04\/Passo-Spluga_3-tappa-150x150.jpeg","thumbnail-width":150,"thumbnail-height":150,"medium":"https:\/\/media-camminiditalia.nbg1.your-objectstorage.com\/wp-content\/uploads\/2023\/04\/Passo-Spluga_3-tappa-300x225.jpeg","medium-width":300,"medium-height":225,"medium_large":"https:\/\/media-camminiditalia.nbg1.your-objectstorage.com\/wp-content\/uploads\/2023\/04\/Passo-Spluga_3-tappa-768x576.jpeg","medium_large-width":768,"medium_large-height":576,"large":"https:\/\/media-camminiditalia.nbg1.your-objectstorage.com\/wp-content\/uploads\/2023\/04\/Passo-Spluga_3-tappa-1024x768.jpeg","large-width":1024,"large-height":768,"1536x1536":"https:\/\/media-camminiditalia.nbg1.your-objectstorage.com\/wp-content\/uploads\/2023\/04\/Passo-Spluga_3-tappa-1536x1152.jpeg","1536x1536-width":1536,"1536x1536-height":1152,"2048x2048":"https:\/\/media-camminiditalia.nbg1.your-objectstorage.com\/wp-content\/uploads\/2023\/04\/Passo-Spluga_3-tappa.jpeg","2048x2048-width":2016,"2048x2048-height":1512,"tc_all_events_image":"https:\/\/media-camminiditalia.nbg1.your-objectstorage.com\/wp-content\/uploads\/2023\/04\/Passo-Spluga_3-tappa-1100x680.jpeg","tc_all_events_image-width":1100,"tc_all_events_image-height":680,"woocommerce_thumbnail":"https:\/\/media-camminiditalia.nbg1.your-objectstorage.com\/wp-content\/uploads\/2023\/04\/Passo-Spluga_3-tappa-300x300.jpeg","woocommerce_thumbnail-width":300,"woocommerce_thumbnail-height":300,"woocommerce_single":"https:\/\/media-camminiditalia.nbg1.your-objectstorage.com\/wp-content\/uploads\/2023\/04\/Passo-Spluga_3-tappa-600x450.jpeg","woocommerce_single-width":600,"woocommerce_single-height":450,"woocommerce_gallery_thumbnail":"https:\/\/media-camminiditalia.nbg1.your-objectstorage.com\/wp-content\/uploads\/2023\/04\/Passo-Spluga_3-tappa-100x100.jpeg","woocommerce_gallery_thumbnail-width":100,"woocommerce_gallery_thumbnail-height":100}}},{"img":{"ID":55671,"id":55671,"title":"Tappa 03 - Tracce antiche lungo il Cardinello","filename":"tracce-antiche-lungo-il-Cardinello_tappa-3.jpg","filesize":2147976,"url":"https:\/\/media-camminiditalia.nbg1.your-objectstorage.com\/wp-content\/uploads\/2023\/04\/tracce-antiche-lungo-il-Cardinello_tappa-3.jpg","link":"https:\/\/camminiditalia.org\/es\/cammini\/via-spluga\/tracce-antiche-lungo-il-cardinello_tappa-3-2\/","alt":"","author":"8","description":"Tappa 03 - Tracce antiche lungo il Cardinello","caption":"Tappa 03 - Tracce antiche lungo il Cardinello","name":"tracce-antiche-lungo-il-cardinello_tappa-3-2","status":"inherit","uploaded_to":55625,"date":"2024-11-27 11:45:26","modified":"2024-11-27 11:45:26","menu_order":0,"mime_type":"image\/jpeg","type":"image","subtype":"jpeg","icon":"https:\/\/camminiditalia.org\/wp-includes\/images\/media\/default.png","width":2000,"height":1500,"sizes":{"thumbnail":"https:\/\/media-camminiditalia.nbg1.your-objectstorage.com\/wp-content\/uploads\/2023\/04\/tracce-antiche-lungo-il-Cardinello_tappa-3-150x150.jpg","thumbnail-width":150,"thumbnail-height":150,"medium":"https:\/\/media-camminiditalia.nbg1.your-objectstorage.com\/wp-content\/uploads\/2023\/04\/tracce-antiche-lungo-il-Cardinello_tappa-3-300x225.jpg","medium-width":300,"medium-height":225,"medium_large":"https:\/\/media-camminiditalia.nbg1.your-objectstorage.com\/wp-content\/uploads\/2023\/04\/tracce-antiche-lungo-il-Cardinello_tappa-3-768x576.jpg","medium_large-width":768,"medium_large-height":576,"large":"https:\/\/media-camminiditalia.nbg1.your-objectstorage.com\/wp-content\/uploads\/2023\/04\/tracce-antiche-lungo-il-Cardinello_tappa-3-1024x768.jpg","large-width":1024,"large-height":768,"1536x1536":"https:\/\/media-camminiditalia.nbg1.your-objectstorage.com\/wp-content\/uploads\/2023\/04\/tracce-antiche-lungo-il-Cardinello_tappa-3-1536x1152.jpg","1536x1536-width":1536,"1536x1536-height":1152,"2048x2048":"https:\/\/media-camminiditalia.nbg1.your-objectstorage.com\/wp-content\/uploads\/2023\/04\/tracce-antiche-lungo-il-Cardinello_tappa-3.jpg","2048x2048-width":2000,"2048x2048-height":1500,"tc_all_events_image":"https:\/\/media-camminiditalia.nbg1.your-objectstorage.com\/wp-content\/uploads\/2023\/04\/tracce-antiche-lungo-il-Cardinello_tappa-3-1100x680.jpg","tc_all_events_image-width":1100,"tc_all_events_image-height":680,"woocommerce_thumbnail":"https:\/\/media-camminiditalia.nbg1.your-objectstorage.com\/wp-content\/uploads\/2023\/04\/tracce-antiche-lungo-il-Cardinello_tappa-3-300x300.jpg","woocommerce_thumbnail-width":300,"woocommerce_thumbnail-height":300,"woocommerce_single":"https:\/\/media-camminiditalia.nbg1.your-objectstorage.com\/wp-content\/uploads\/2023\/04\/tracce-antiche-lungo-il-Cardinello_tappa-3-600x450.jpg","woocommerce_single-width":600,"woocommerce_single-height":450,"woocommerce_gallery_thumbnail":"https:\/\/media-camminiditalia.nbg1.your-objectstorage.com\/wp-content\/uploads\/2023\/04\/tracce-antiche-lungo-il-Cardinello_tappa-3-100x100.jpg","woocommerce_gallery_thumbnail-width":100,"woocommerce_gallery_thumbnail-height":100}}},{"img":{"ID":55650,"id":55650,"title":"Tappa 03 - Gole del Cardinello dalla Diga di Montespluga","filename":"Tappa-03-Gole-del-Cardinello-dalla-Diga-di-Montesluga-1.jpg","filesize":1213762,"url":"https:\/\/media-camminiditalia.nbg1.your-objectstorage.com\/wp-content\/uploads\/2023\/04\/Tappa-03-Gole-del-Cardinello-dalla-Diga-di-Montesluga-1-scaled.jpg","link":"https:\/\/camminiditalia.org\/es\/cammini\/via-spluga\/dcim100goprogopr1940-jpg-2-2\/","alt":"","author":"8","description":"Tappa 03 - Gole del Cardinello dalla Diga di Montespluga","caption":"Tappa 03 - Gole del Cardinello dalla Diga di Montespluga","name":"dcim100goprogopr1940-jpg-2-2","status":"inherit","uploaded_to":55625,"date":"2024-11-19 16:59:29","modified":"2024-11-19 16:59:29","menu_order":0,"mime_type":"image\/jpeg","type":"image","subtype":"jpeg","icon":"https:\/\/camminiditalia.org\/wp-includes\/images\/media\/default.png","width":2240,"height":2560,"sizes":{"thumbnail":"https:\/\/media-camminiditalia.nbg1.your-objectstorage.com\/wp-content\/uploads\/2023\/04\/Tappa-03-Gole-del-Cardinello-dalla-Diga-di-Montesluga-1-150x150.jpg","thumbnail-width":150,"thumbnail-height":150,"medium":"https:\/\/media-camminiditalia.nbg1.your-objectstorage.com\/wp-content\/uploads\/2023\/04\/Tappa-03-Gole-del-Cardinello-dalla-Diga-di-Montesluga-1-263x300.jpg","medium-width":263,"medium-height":300,"medium_large":"https:\/\/media-camminiditalia.nbg1.your-objectstorage.com\/wp-content\/uploads\/2023\/04\/Tappa-03-Gole-del-Cardinello-dalla-Diga-di-Montesluga-1-768x878.jpg","medium_large-width":768,"medium_large-height":878,"large":"https:\/\/media-camminiditalia.nbg1.your-objectstorage.com\/wp-content\/uploads\/2023\/04\/Tappa-03-Gole-del-Cardinello-dalla-Diga-di-Montesluga-1-896x1024.jpg","large-width":896,"large-height":1024,"1536x1536":"https:\/\/media-camminiditalia.nbg1.your-objectstorage.com\/wp-content\/uploads\/2023\/04\/Tappa-03-Gole-del-Cardinello-dalla-Diga-di-Montesluga-1-1344x1536.jpg","1536x1536-width":1344,"1536x1536-height":1536,"2048x2048":"https:\/\/media-camminiditalia.nbg1.your-objectstorage.com\/wp-content\/uploads\/2023\/04\/Tappa-03-Gole-del-Cardinello-dalla-Diga-di-Montesluga-1-1792x2048.jpg","2048x2048-width":1792,"2048x2048-height":2048,"tc_all_events_image":"https:\/\/media-camminiditalia.nbg1.your-objectstorage.com\/wp-content\/uploads\/2023\/04\/Tappa-03-Gole-del-Cardinello-dalla-Diga-di-Montesluga-1-1100x680.jpg","tc_all_events_image-width":1100,"tc_all_events_image-height":680,"woocommerce_thumbnail":"https:\/\/media-camminiditalia.nbg1.your-objectstorage.com\/wp-content\/uploads\/2023\/04\/Tappa-03-Gole-del-Cardinello-dalla-Diga-di-Montesluga-1-300x300.jpg","woocommerce_thumbnail-width":300,"woocommerce_thumbnail-height":300,"woocommerce_single":"https:\/\/media-camminiditalia.nbg1.your-objectstorage.com\/wp-content\/uploads\/2023\/04\/Tappa-03-Gole-del-Cardinello-dalla-Diga-di-Montesluga-1-600x686.jpg","woocommerce_single-width":600,"woocommerce_single-height":686,"woocommerce_gallery_thumbnail":"https:\/\/media-camminiditalia.nbg1.your-objectstorage.com\/wp-content\/uploads\/2023\/04\/Tappa-03-Gole-del-Cardinello-dalla-Diga-di-Montesluga-1-100x100.jpg","woocommerce_gallery_thumbnail-width":100,"woocommerce_gallery_thumbnail-height":100}}},{"img":{"ID":55651,"id":55651,"title":"Tappa 03 - Lago di Montespluga","filename":"Tappa-03-Lago-di-Montespluga-1.jpg","filesize":1102398,"url":"https:\/\/media-camminiditalia.nbg1.your-objectstorage.com\/wp-content\/uploads\/2023\/04\/Tappa-03-Lago-di-Montespluga-1-scaled.jpg","link":"https:\/\/camminiditalia.org\/es\/cammini\/via-spluga\/tappa-03-lago-di-montespluga-2-2\/","alt":"","author":"8","description":"Tappa 03 - Lago di Montespluga","caption":"Tappa 03 - Lago di Montespluga","name":"tappa-03-lago-di-montespluga-2-2","status":"inherit","uploaded_to":55625,"date":"2024-11-19 16:59:56","modified":"2024-11-19 16:59:56","menu_order":0,"mime_type":"image\/jpeg","type":"image","subtype":"jpeg","icon":"https:\/\/camminiditalia.org\/wp-includes\/images\/media\/default.png","width":2048,"height":2560,"sizes":{"thumbnail":"https:\/\/media-camminiditalia.nbg1.your-objectstorage.com\/wp-content\/uploads\/2023\/04\/Tappa-03-Lago-di-Montespluga-1-150x150.jpg","thumbnail-width":150,"thumbnail-height":150,"medium":"https:\/\/media-camminiditalia.nbg1.your-objectstorage.com\/wp-content\/uploads\/2023\/04\/Tappa-03-Lago-di-Montespluga-1-240x300.jpg","medium-width":240,"medium-height":300,"medium_large":"https:\/\/media-camminiditalia.nbg1.your-objectstorage.com\/wp-content\/uploads\/2023\/04\/Tappa-03-Lago-di-Montespluga-1-768x960.jpg","medium_large-width":768,"medium_large-height":960,"large":"https:\/\/media-camminiditalia.nbg1.your-objectstorage.com\/wp-content\/uploads\/2023\/04\/Tappa-03-Lago-di-Montespluga-1-819x1024.jpg","large-width":819,"large-height":1024,"1536x1536":"https:\/\/media-camminiditalia.nbg1.your-objectstorage.com\/wp-content\/uploads\/2023\/04\/Tappa-03-Lago-di-Montespluga-1-1229x1536.jpg","1536x1536-width":1229,"1536x1536-height":1536,"2048x2048":"https:\/\/media-camminiditalia.nbg1.your-objectstorage.com\/wp-content\/uploads\/2023\/04\/Tappa-03-Lago-di-Montespluga-1-1638x2048.jpg","2048x2048-width":1638,"2048x2048-height":2048,"tc_all_events_image":"https:\/\/media-camminiditalia.nbg1.your-objectstorage.com\/wp-content\/uploads\/2023\/04\/Tappa-03-Lago-di-Montespluga-1-1100x680.jpg","tc_all_events_image-width":1100,"tc_all_events_image-height":680,"woocommerce_thumbnail":"https:\/\/media-camminiditalia.nbg1.your-objectstorage.com\/wp-content\/uploads\/2023\/04\/Tappa-03-Lago-di-Montespluga-1-300x300.jpg","woocommerce_thumbnail-width":300,"woocommerce_thumbnail-height":300,"woocommerce_single":"https:\/\/media-camminiditalia.nbg1.your-objectstorage.com\/wp-content\/uploads\/2023\/04\/Tappa-03-Lago-di-Montespluga-1-600x750.jpg","woocommerce_single-width":600,"woocommerce_single-height":750,"woocommerce_gallery_thumbnail":"https:\/\/media-camminiditalia.nbg1.your-objectstorage.com\/wp-content\/uploads\/2023\/04\/Tappa-03-Lago-di-Montespluga-1-100x100.jpg","woocommerce_gallery_thumbnail-width":100,"woocommerce_gallery_thumbnail-height":100}}},{"img":{"ID":55663,"id":55663,"title":"Tappa 03 - Montespluga","filename":"Montespluga_-3-tappa.jpg","filesize":1276840,"url":"https:\/\/media-camminiditalia.nbg1.your-objectstorage.com\/wp-content\/uploads\/2023\/04\/Montespluga_-3-tappa-scaled.jpg","link":"https:\/\/camminiditalia.org\/es\/cammini\/via-spluga\/montespluga_-3-tappa-2\/","alt":"","author":"8","description":"Tappa 03 - Montespluga","caption":"Tappa 03 - Montespluga","name":"montespluga_-3-tappa-2","status":"inherit","uploaded_to":55625,"date":"2024-11-25 10:31:45","modified":"2024-11-25 10:31:45","menu_order":0,"mime_type":"image\/jpeg","type":"image","subtype":"jpeg","icon":"https:\/\/camminiditalia.org\/wp-includes\/images\/media\/default.png","width":2560,"height":1707,"sizes":{"thumbnail":"https:\/\/media-camminiditalia.nbg1.your-objectstorage.com\/wp-content\/uploads\/2023\/04\/Montespluga_-3-tappa-150x150.jpg","thumbnail-width":150,"thumbnail-height":150,"medium":"https:\/\/media-camminiditalia.nbg1.your-objectstorage.com\/wp-content\/uploads\/2023\/04\/Montespluga_-3-tappa-300x200.jpg","medium-width":300,"medium-height":200,"medium_large":"https:\/\/media-camminiditalia.nbg1.your-objectstorage.com\/wp-content\/uploads\/2023\/04\/Montespluga_-3-tappa-768x512.jpg","medium_large-width":768,"medium_large-height":512,"large":"https:\/\/media-camminiditalia.nbg1.your-objectstorage.com\/wp-content\/uploads\/2023\/04\/Montespluga_-3-tappa-1024x683.jpg","large-width":1024,"large-height":683,"1536x1536":"https:\/\/media-camminiditalia.nbg1.your-objectstorage.com\/wp-content\/uploads\/2023\/04\/Montespluga_-3-tappa-1536x1024.jpg","1536x1536-width":1536,"1536x1536-height":1024,"2048x2048":"https:\/\/media-camminiditalia.nbg1.your-objectstorage.com\/wp-content\/uploads\/2023\/04\/Montespluga_-3-tappa-2048x1365.jpg","2048x2048-width":2048,"2048x2048-height":1365,"tc_all_events_image":"https:\/\/media-camminiditalia.nbg1.your-objectstorage.com\/wp-content\/uploads\/2023\/04\/Montespluga_-3-tappa-1100x680.jpg","tc_all_events_image-width":1100,"tc_all_events_image-height":680,"woocommerce_thumbnail":"https:\/\/media-camminiditalia.nbg1.your-objectstorage.com\/wp-content\/uploads\/2023\/04\/Montespluga_-3-tappa-scaled-300x300.jpg","woocommerce_thumbnail-width":300,"woocommerce_thumbnail-height":300,"woocommerce_single":"https:\/\/media-camminiditalia.nbg1.your-objectstorage.com\/wp-content\/uploads\/2023\/04\/Montespluga_-3-tappa-scaled-600x400.jpg","woocommerce_single-width":600,"woocommerce_single-height":400,"woocommerce_gallery_thumbnail":"https:\/\/media-camminiditalia.nbg1.your-objectstorage.com\/wp-content\/uploads\/2023\/04\/Montespluga_-3-tappa-scaled-100x100.jpg","woocommerce_gallery_thumbnail-width":100,"woocommerce_gallery_thumbnail-height":100}}},{"img":{"ID":55666,"id":55666,"title":"Tappa 04 - Campodolcino","filename":"Campodolcino-2_-4-tappa-1.jpg","filesize":166615,"url":"https:\/\/media-camminiditalia.nbg1.your-objectstorage.com\/wp-content\/uploads\/2023\/04\/Campodolcino-2_-4-tappa-1.jpg","link":"https:\/\/camminiditalia.org\/es\/cammini\/via-spluga\/campodolcino-2_-4-tappa-2-2\/","alt":"","author":"8","description":"Tappa 04 - Campodolcino","caption":"Tappa 04 - Campodolcino","name":"campodolcino-2_-4-tappa-2-2","status":"inherit","uploaded_to":55625,"date":"2024-11-25 10:32:33","modified":"2024-11-25 10:32:33","menu_order":0,"mime_type":"image\/jpeg","type":"image","subtype":"jpeg","icon":"https:\/\/camminiditalia.org\/wp-includes\/images\/media\/default.png","width":720,"height":1079,"sizes":{"thumbnail":"https:\/\/media-camminiditalia.nbg1.your-objectstorage.com\/wp-content\/uploads\/2023\/04\/Campodolcino-2_-4-tappa-1-150x150.jpg","thumbnail-width":150,"thumbnail-height":150,"medium":"https:\/\/media-camminiditalia.nbg1.your-objectstorage.com\/wp-content\/uploads\/2023\/04\/Campodolcino-2_-4-tappa-1-200x300.jpg","medium-width":200,"medium-height":300,"medium_large":"https:\/\/media-camminiditalia.nbg1.your-objectstorage.com\/wp-content\/uploads\/2023\/04\/Campodolcino-2_-4-tappa-1.jpg","medium_large-width":720,"medium_large-height":1079,"large":"https:\/\/media-camminiditalia.nbg1.your-objectstorage.com\/wp-content\/uploads\/2023\/04\/Campodolcino-2_-4-tappa-1-683x1024.jpg","large-width":683,"large-height":1024,"1536x1536":"https:\/\/media-camminiditalia.nbg1.your-objectstorage.com\/wp-content\/uploads\/2023\/04\/Campodolcino-2_-4-tappa-1.jpg","1536x1536-width":720,"1536x1536-height":1079,"2048x2048":"https:\/\/media-camminiditalia.nbg1.your-objectstorage.com\/wp-content\/uploads\/2023\/04\/Campodolcino-2_-4-tappa-1.jpg","2048x2048-width":720,"2048x2048-height":1079,"tc_all_events_image":"https:\/\/media-camminiditalia.nbg1.your-objectstorage.com\/wp-content\/uploads\/2023\/04\/Campodolcino-2_-4-tappa-1-720x680.jpg","tc_all_events_image-width":720,"tc_all_events_image-height":680,"woocommerce_thumbnail":"https:\/\/media-camminiditalia.nbg1.your-objectstorage.com\/wp-content\/uploads\/2023\/04\/Campodolcino-2_-4-tappa-1-300x300.jpg","woocommerce_thumbnail-width":300,"woocommerce_thumbnail-height":300,"woocommerce_single":"https:\/\/media-camminiditalia.nbg1.your-objectstorage.com\/wp-content\/uploads\/2023\/04\/Campodolcino-2_-4-tappa-1-600x899.jpg","woocommerce_single-width":600,"woocommerce_single-height":899,"woocommerce_gallery_thumbnail":"https:\/\/media-camminiditalia.nbg1.your-objectstorage.com\/wp-content\/uploads\/2023\/04\/Campodolcino-2_-4-tappa-1-100x100.jpg","woocommerce_gallery_thumbnail-width":100,"woocommerce_gallery_thumbnail-height":100}}},{"img":{"ID":55667,"id":55667,"title":"Tappa 04 - Chiavenna","filename":"Chiavenna_tappa-4.jpg","filesize":1278581,"url":"https:\/\/media-camminiditalia.nbg1.your-objectstorage.com\/wp-content\/uploads\/2023\/04\/Chiavenna_tappa-4.jpg","link":"https:\/\/camminiditalia.org\/es\/cammini\/via-spluga\/chiavenna_tappa-4-2\/","alt":"","author":"8","description":"Tappa 04 - Chiavenna","caption":"Tappa 04 - Chiavenna","name":"chiavenna_tappa-4-2","status":"inherit","uploaded_to":55625,"date":"2024-11-25 10:33:03","modified":"2024-11-25 10:33:03","menu_order":0,"mime_type":"image\/jpeg","type":"image","subtype":"jpeg","icon":"https:\/\/camminiditalia.org\/wp-includes\/images\/media\/default.png","width":2000,"height":1500,"sizes":{"thumbnail":"https:\/\/media-camminiditalia.nbg1.your-objectstorage.com\/wp-content\/uploads\/2023\/04\/Chiavenna_tappa-4-150x150.jpg","thumbnail-width":150,"thumbnail-height":150,"medium":"https:\/\/media-camminiditalia.nbg1.your-objectstorage.com\/wp-content\/uploads\/2023\/04\/Chiavenna_tappa-4-300x225.jpg","medium-width":300,"medium-height":225,"medium_large":"https:\/\/media-camminiditalia.nbg1.your-objectstorage.com\/wp-content\/uploads\/2023\/04\/Chiavenna_tappa-4-768x576.jpg","medium_large-width":768,"medium_large-height":576,"large":"https:\/\/media-camminiditalia.nbg1.your-objectstorage.com\/wp-content\/uploads\/2023\/04\/Chiavenna_tappa-4-1024x768.jpg","large-width":1024,"large-height":768,"1536x1536":"https:\/\/media-camminiditalia.nbg1.your-objectstorage.com\/wp-content\/uploads\/2023\/04\/Chiavenna_tappa-4-1536x1152.jpg","1536x1536-width":1536,"1536x1536-height":1152,"2048x2048":"https:\/\/media-camminiditalia.nbg1.your-objectstorage.com\/wp-content\/uploads\/2023\/04\/Chiavenna_tappa-4.jpg","2048x2048-width":2000,"2048x2048-height":1500,"tc_all_events_image":"https:\/\/media-camminiditalia.nbg1.your-objectstorage.com\/wp-content\/uploads\/2023\/04\/Chiavenna_tappa-4-1100x680.jpg","tc_all_events_image-width":1100,"tc_all_events_image-height":680,"woocommerce_thumbnail":"https:\/\/media-camminiditalia.nbg1.your-objectstorage.com\/wp-content\/uploads\/2023\/04\/Chiavenna_tappa-4-300x300.jpg","woocommerce_thumbnail-width":300,"woocommerce_thumbnail-height":300,"woocommerce_single":"https:\/\/media-camminiditalia.nbg1.your-objectstorage.com\/wp-content\/uploads\/2023\/04\/Chiavenna_tappa-4-600x450.jpg","woocommerce_single-width":600,"woocommerce_single-height":450,"woocommerce_gallery_thumbnail":"https:\/\/media-camminiditalia.nbg1.your-objectstorage.com\/wp-content\/uploads\/2023\/04\/Chiavenna_tappa-4-100x100.jpg","woocommerce_gallery_thumbnail-width":100,"woocommerce_gallery_thumbnail-height":100}}},{"img":{"ID":55647,"id":55647,"title":"Tappa 04 - Lago di Isola","filename":"Tappa-04-Lago-di-Isola.jpg","filesize":932046,"url":"https:\/\/media-camminiditalia.nbg1.your-objectstorage.com\/wp-content\/uploads\/2023\/04\/Tappa-04-Lago-di-Isola-scaled.jpg","link":"https:\/\/camminiditalia.org\/es\/cammini\/via-spluga\/tappa-04-lago-di-isola-3\/","alt":"","author":"8","description":"Tappa 04 - Lago di Isola","caption":"Tappa 04 - Lago di Isola","name":"tappa-04-lago-di-isola-3","status":"inherit","uploaded_to":55625,"date":"2024-11-19 16:57:23","modified":"2024-11-19 16:57:23","menu_order":0,"mime_type":"image\/jpeg","type":"image","subtype":"jpeg","icon":"https:\/\/camminiditalia.org\/wp-includes\/images\/media\/default.png","width":1920,"height":2560,"sizes":{"thumbnail":"https:\/\/media-camminiditalia.nbg1.your-objectstorage.com\/wp-content\/uploads\/2023\/04\/Tappa-04-Lago-di-Isola-150x150.jpg","thumbnail-width":150,"thumbnail-height":150,"medium":"https:\/\/media-camminiditalia.nbg1.your-objectstorage.com\/wp-content\/uploads\/2023\/04\/Tappa-04-Lago-di-Isola-225x300.jpg","medium-width":225,"medium-height":300,"medium_large":"https:\/\/media-camminiditalia.nbg1.your-objectstorage.com\/wp-content\/uploads\/2023\/04\/Tappa-04-Lago-di-Isola-768x1024.jpg","medium_large-width":768,"medium_large-height":1024,"large":"https:\/\/media-camminiditalia.nbg1.your-objectstorage.com\/wp-content\/uploads\/2023\/04\/Tappa-04-Lago-di-Isola-768x1024.jpg","large-width":768,"large-height":1024,"1536x1536":"https:\/\/media-camminiditalia.nbg1.your-objectstorage.com\/wp-content\/uploads\/2023\/04\/Tappa-04-Lago-di-Isola-1152x1536.jpg","1536x1536-width":1152,"1536x1536-height":1536,"2048x2048":"https:\/\/media-camminiditalia.nbg1.your-objectstorage.com\/wp-content\/uploads\/2023\/04\/Tappa-04-Lago-di-Isola-1536x2048.jpg","2048x2048-width":1536,"2048x2048-height":2048,"tc_all_events_image":"https:\/\/media-camminiditalia.nbg1.your-objectstorage.com\/wp-content\/uploads\/2023\/04\/Tappa-04-Lago-di-Isola-1100x680.jpg","tc_all_events_image-width":1100,"tc_all_events_image-height":680,"woocommerce_thumbnail":"https:\/\/media-camminiditalia.nbg1.your-objectstorage.com\/wp-content\/uploads\/2023\/04\/Tappa-04-Lago-di-Isola-300x300.jpg","woocommerce_thumbnail-width":300,"woocommerce_thumbnail-height":300,"woocommerce_single":"https:\/\/media-camminiditalia.nbg1.your-objectstorage.com\/wp-content\/uploads\/2023\/04\/Tappa-04-Lago-di-Isola-600x800.jpg","woocommerce_single-width":600,"woocommerce_single-height":800,"woocommerce_gallery_thumbnail":"https:\/\/media-camminiditalia.nbg1.your-objectstorage.com\/wp-content\/uploads\/2023\/04\/Tappa-04-Lago-di-Isola-100x100.jpg","woocommerce_gallery_thumbnail-width":100,"woocommerce_gallery_thumbnail-height":100}}},{"img":{"ID":55668,"id":55668,"title":"Tappa 04 - Ponte di Campodolcino","filename":"Ponte-di-Campodolcino.jpg","filesize":1072436,"url":"https:\/\/media-camminiditalia.nbg1.your-objectstorage.com\/wp-content\/uploads\/2023\/04\/Ponte-di-Campodolcino-scaled.jpg","link":"https:\/\/camminiditalia.org\/es\/cammini\/via-spluga\/dcim100goprogopr1981-jpg-2\/","alt":"","author":"8","description":"Tappa 04 - Ponte di Campodolcino","caption":"Tappa 04 - Ponte di Campodolcino","name":"dcim100goprogopr1981-jpg-2","status":"inherit","uploaded_to":55625,"date":"2024-11-25 10:34:08","modified":"2024-11-25 10:34:08","menu_order":0,"mime_type":"image\/jpeg","type":"image","subtype":"jpeg","icon":"https:\/\/camminiditalia.org\/wp-includes\/images\/media\/default.png","width":2240,"height":2560,"sizes":{"thumbnail":"https:\/\/media-camminiditalia.nbg1.your-objectstorage.com\/wp-content\/uploads\/2023\/04\/Ponte-di-Campodolcino-150x150.jpg","thumbnail-width":150,"thumbnail-height":150,"medium":"https:\/\/media-camminiditalia.nbg1.your-objectstorage.com\/wp-content\/uploads\/2023\/04\/Ponte-di-Campodolcino-263x300.jpg","medium-width":263,"medium-height":300,"medium_large":"https:\/\/media-camminiditalia.nbg1.your-objectstorage.com\/wp-content\/uploads\/2023\/04\/Ponte-di-Campodolcino-768x878.jpg","medium_large-width":768,"medium_large-height":878,"large":"https:\/\/media-camminiditalia.nbg1.your-objectstorage.com\/wp-content\/uploads\/2023\/04\/Ponte-di-Campodolcino-896x1024.jpg","large-width":896,"large-height":1024,"1536x1536":"https:\/\/media-camminiditalia.nbg1.your-objectstorage.com\/wp-content\/uploads\/2023\/04\/Ponte-di-Campodolcino-1344x1536.jpg","1536x1536-width":1344,"1536x1536-height":1536,"2048x2048":"https:\/\/media-camminiditalia.nbg1.your-objectstorage.com\/wp-content\/uploads\/2023\/04\/Ponte-di-Campodolcino-1792x2048.jpg","2048x2048-width":1792,"2048x2048-height":2048,"tc_all_events_image":"https:\/\/media-camminiditalia.nbg1.your-objectstorage.com\/wp-content\/uploads\/2023\/04\/Ponte-di-Campodolcino-1100x680.jpg","tc_all_events_image-width":1100,"tc_all_events_image-height":680,"woocommerce_thumbnail":"https:\/\/media-camminiditalia.nbg1.your-objectstorage.com\/wp-content\/uploads\/2023\/04\/Ponte-di-Campodolcino-scaled-300x300.jpg","woocommerce_thumbnail-width":300,"woocommerce_thumbnail-height":300,"woocommerce_single":"https:\/\/media-camminiditalia.nbg1.your-objectstorage.com\/wp-content\/uploads\/2023\/04\/Ponte-di-Campodolcino-scaled-600x686.jpg","woocommerce_single-width":600,"woocommerce_single-height":686,"woocommerce_gallery_thumbnail":"https:\/\/media-camminiditalia.nbg1.your-objectstorage.com\/wp-content\/uploads\/2023\/04\/Ponte-di-Campodolcino-scaled-100x100.jpg","woocommerce_gallery_thumbnail-width":100,"woocommerce_gallery_thumbnail-height":100}}},{"img":{"ID":55669,"id":55669,"title":"Tappa 04 - Ponte lungo la discesa per Chiavenna","filename":"Ponte-lungo-la-discesa-per-Chiavenna.jpg","filesize":1439895,"url":"https:\/\/media-camminiditalia.nbg1.your-objectstorage.com\/wp-content\/uploads\/2023\/04\/Ponte-lungo-la-discesa-per-Chiavenna-scaled.jpg","link":"https:\/\/camminiditalia.org\/es\/cammini\/via-spluga\/dcim100goprogopr1994-jpg-2\/","alt":"","author":"8","description":"Tappa 04 - Ponte lungo la discesa per Chiavenna","caption":"Tappa 04 - Ponte lungo la discesa per Chiavenna","name":"dcim100goprogopr1994-jpg-2","status":"inherit","uploaded_to":55625,"date":"2024-11-25 10:34:57","modified":"2024-11-25 10:34:57","menu_order":0,"mime_type":"image\/jpeg","type":"image","subtype":"jpeg","icon":"https:\/\/camminiditalia.org\/wp-includes\/images\/media\/default.png","width":2240,"height":2560,"sizes":{"thumbnail":"https:\/\/media-camminiditalia.nbg1.your-objectstorage.com\/wp-content\/uploads\/2023\/04\/Ponte-lungo-la-discesa-per-Chiavenna-150x150.jpg","thumbnail-width":150,"thumbnail-height":150,"medium":"https:\/\/media-camminiditalia.nbg1.your-objectstorage.com\/wp-content\/uploads\/2023\/04\/Ponte-lungo-la-discesa-per-Chiavenna-263x300.jpg","medium-width":263,"medium-height":300,"medium_large":"https:\/\/media-camminiditalia.nbg1.your-objectstorage.com\/wp-content\/uploads\/2023\/04\/Ponte-lungo-la-discesa-per-Chiavenna-768x878.jpg","medium_large-width":768,"medium_large-height":878,"large":"https:\/\/media-camminiditalia.nbg1.your-objectstorage.com\/wp-content\/uploads\/2023\/04\/Ponte-lungo-la-discesa-per-Chiavenna-896x1024.jpg","large-width":896,"large-height":1024,"1536x1536":"https:\/\/media-camminiditalia.nbg1.your-objectstorage.com\/wp-content\/uploads\/2023\/04\/Ponte-lungo-la-discesa-per-Chiavenna-1344x1536.jpg","1536x1536-width":1344,"1536x1536-height":1536,"2048x2048":"https:\/\/media-camminiditalia.nbg1.your-objectstorage.com\/wp-content\/uploads\/2023\/04\/Ponte-lungo-la-discesa-per-Chiavenna-1792x2048.jpg","2048x2048-width":1792,"2048x2048-height":2048,"tc_all_events_image":"https:\/\/media-camminiditalia.nbg1.your-objectstorage.com\/wp-content\/uploads\/2023\/04\/Ponte-lungo-la-discesa-per-Chiavenna-1100x680.jpg","tc_all_events_image-width":1100,"tc_all_events_image-height":680,"woocommerce_thumbnail":"https:\/\/media-camminiditalia.nbg1.your-objectstorage.com\/wp-content\/uploads\/2023\/04\/Ponte-lungo-la-discesa-per-Chiavenna-scaled-300x300.jpg","woocommerce_thumbnail-width":300,"woocommerce_thumbnail-height":300,"woocommerce_single":"https:\/\/media-camminiditalia.nbg1.your-objectstorage.com\/wp-content\/uploads\/2023\/04\/Ponte-lungo-la-discesa-per-Chiavenna-scaled-600x686.jpg","woocommerce_single-width":600,"woocommerce_single-height":686,"woocommerce_gallery_thumbnail":"https:\/\/media-camminiditalia.nbg1.your-objectstorage.com\/wp-content\/uploads\/2023\/04\/Ponte-lungo-la-discesa-per-Chiavenna-scaled-100x100.jpg","woocommerce_gallery_thumbnail-width":100,"woocommerce_gallery_thumbnail-height":100}}}]},"guide":{"text":"","img":false,"linkBtn":{"title":"","url":"","target":"","0":""},"textBtn":"VIA SPLUGA"},"maps":{"map":"<p><iframe loading=\"lazy\" style=\"border: none; overflow: hidden;\" src=\"https:\/\/1.camminiditalia.webmapp.it\/map?layer=61\" width=\"100%\" height=\"800\" scrolling=\"no\"><\/iframe><\/p>\n","url":""},"modal":{"modals":[{"status":false,"title":"HISTORIA","text":"<p><span style=\"font-weight: 400;\">Tras las huellas dejadas por los romanos.<\/span><\/p>\n<p><span style=\"font-weight: 400;\">La ViaSpluga es una ruta de senderismo-cultural de los Alpes Centrales que une desde hace siglos las dos ciudades de Thusis, en Suiza, y Chiavenna, en Italia. La ruta mide unos 70 kil\u00f3metros que pueden recorrerse de norte a sur o viceversa. Desde sus or\u00edgenes, la ViaSpluga se cre\u00f3 como ruta de enlace para el transporte de mercanc\u00edas a lomos de animales de carga. Sus sinuosos caminos de herradura se han conservado hasta nuestros d\u00edas, lo que ha permitido revivirla, donde la estructura original se mantiene en gran medida o ha sido restaurada.   <\/span><\/p>\n<p><span style=\"font-weight: 400;\">A lo largo de los tiempos, el \u00abPaso Sublime\u00bb ha atra\u00eddo a las personalidades m\u00e1s famosas.<\/span><\/p>\n<p><span style=\"font-weight: 400;\">La notoriedad de los valles de Spl\u00fcgen se remonta a los primeros siglos: del general romano Estilic\u00f3n a Ot\u00f3n I de Alemania; de Leonardo da Vinci a Erasmo de Rotterdam; de los Wurttemberg a Goethe. Y luego los pintores, poetas y m\u00fasicos de fama internacional; escritores de la talla de Conan Doyle y Hans Christian Andersen. Entre los italianos: Salvatore Quasimodo, Giovanni Guareschi, Giosu\u00e8 Carducci. Intelectuales como Nietsche, Bakunin y Engels tambi\u00e9n quedaron fascinados por Spl\u00fcgen. El propio Einstein pas\u00f3 all\u00ed una breve temporada.    <\/span><\/p>\n<p><span style=\"font-weight: 400;\">La historia de la presencia y el paso de estas gentes por el paso de Spluga se cuenta en el Museo de la Via Spluga y Val San Giacomo de Campodolcino.<\/span><\/p>\n<p><a href=\"https:\/\/www.museoviaspluga.it\/\">https:\/\/www.museoviaspluga.it\/<\/a><\/p>\n"},{"status":false,"title":"AGUA","text":"<p><span style=\"font-weight: 400;\">Cada ETAPA tiene varias fuentes y manantiales para repostar.<\/span><\/p>\n"},{"status":false,"title":"SERVICIOS","text":"<p><span style=\"font-weight: 400;\">\u00bfHay supermercados? S\u00ed, tambi\u00e9n panader\u00edas y lecher\u00edas <\/span><span style=\"font-weight: 400;\"><br \/>\n<\/span><span style=\"font-weight: 400;\">\u00bfHay farmacias? S\u00ed <\/span><\/p>\n"},{"status":false,"title":"SE\u00d1ALIZACI\u00d3N","text":"<p><span style=\"font-weight: 400;\">Hay se\u00f1ales verticales y horizontales.<\/span><\/p>\n<p><span style=\"font-weight: 400;\">Vertical: signo especial marr\u00f3n + signo amarillo con el n\u00famero 50 (suizo pero tambi\u00e9n presente en Italia) <\/span><\/p>\n<p><span style=\"font-weight: 400;\">En algunos puntos del sitio tambi\u00e9n hay paneles informativos biling\u00fces (italiano\/alem\u00e1n).<\/span><\/p>\n<p><span style=\"font-weight: 400;\">Horizontal: tanto en Suiza como en Italia, se\u00f1al blanca\/roja. <\/span><\/p>\n"},{"status":false,"title":"PELIGROS","text":"<p><span style=\"font-weight: 400;\">La Via Spluga es un sendero de monta\u00f1a; algunos tramos requieren cierta experiencia, buena condici\u00f3n f\u00edsica y especial atenci\u00f3n (especialmente en el tramo alto entre Thusis y Andeer y a lo largo de la Garganta del Cardinello). <\/span><\/p>\n<p><span style=\"font-weight: 400;\">Se recomienda llevar equipo adecuado a las condiciones meteorol\u00f3gicas. Tras precipitaciones fuertes y\/o inesperadas (lluvia o nieve), es aconsejable informarse sobre el estado de los senderos en las oficinas de turismo locales. En caso de mal tiempo, te recomendamos que consideres detenidamente la posibilidad de viajar en autob\u00fas.  <\/span><\/p>\n"},{"status":false,"title":"FONDO DEL CAMINO","text":"<p><span style=\"font-weight: 400;\">Principalmente caminos de monta\u00f1a y en algunos tramos cortos carreteras blancas<\/span><\/p>\n"},{"status":false,"title":"EN CARPA","text":"<p><span style=\"font-weight: 400;\">No es posible recorrer la Via Spluga sin apoyarse en los alojamientos disponibles a lo largo del camino. <\/span><\/p>\n<ul>\n<li><span style=\"font-weight: 400;\">Hay campings en cada ETAPA.<\/span><\/li>\n<\/ul>\n<p><span style=\"font-weight: 400;\">Para m\u00e1s detalles, ponte en contacto con el Consorzio Turistico Valchiavenna. Puedes encontrar todos los contactos en \u00abContactos\u00bb. <\/span><\/p>\n"},{"status":false,"title":"CONTACTOS","text":"<p>P\u00e1gina web: www.viaspluga.com<\/p>\n<p>Correo: info@viaspluga.com<\/p>\n<p>Tel\u00e9fono: 034337485<\/p>\n"},{"status":false,"title":"GU\u00cdA DE PAPEL","text":"<p>La gu\u00eda impresa puede adquirirse en el sitio web:<\/p>\n<p><a href=\"https:\/\/www.lyasis.it\/prodotto\/via-sett-via-spluga\/\"><span style=\"font-weight: 400;\">https:\/\/www.lyasis.it\/prodotto\/via-sett-via-spluga\/<\/span><\/a><\/p>\n"},{"status":false,"title":"","text":""},{"status":false,"title":"","text":""}]},"pagePoster":{"title":"Via Spluga","text":"<p>La Via Spluga es una ruta de senderismo-cultural a caballo entre Suiza e Italia, en los Alpes Centrales, que desde hace siglos une las dos ciudades de Thusis (Suiza) y Chiavenna, Ciudad Lenta y Bandera Naranja del Touring Club.<\/p>\n<p>\u00a0<\/p>\n<p>\u00a0<\/p>\n","linkBtn":{"title":"VIA SPLUGA","url":"#viasplugatappe","target":""},"textBtn":"DESCUBRE LAS ETAPAS"},"podcasts":{"podcast":[{"iframe":"","oembed":"<iframe title=\"Spotify Embed: Ep. 16 - viaSpluga: Carlotta e Gloria ci raccontano questo itinerario mozzafiato\" style=\"border-radius: 12px\" width=\"100%\" height=\"152\" frameborder=\"0\" allowfullscreen allow=\"autoplay; clipboard-write; encrypted-media; fullscreen; picture-in-picture\" loading=\"lazy\" src=\"https:\/\/open.spotify.com\/embed\/episode\/6L0wwL0WodvsJrwY1TOaDM?si=4fae4fa1b3d74fe5&amp;utm_source=oembed\"><\/iframe>"}],"link":null},"poster":false,"read_also_posts":{"read_also":[{"ID":20825,"post_author":"2","post_date":"2023-06-14 08:24:30","post_date_gmt":"2023-06-14 06:24:30","post_content":"<!-- wp:heading -->\n<h2 class=\"wp-block-heading\">I percorsi delle Vie del Viandante<\/h2>\n<!-- \/wp:heading -->\n\n<!-- wp:paragraph -->\n<p>Dodici percorsi diversi, ma tutti uniti da uno stesso obiettivo: diventare uno dei cammini pi\u00f9 affascinanti e distintivi che i viaggiatori abbiano mai percorso nel corso dei secoli. Le <strong>Vie del Viandante<\/strong> sono un insieme di sentieri che si estendono lungo le montagne delle Alpi e offrono un\u2019esperienza indimenticabile per chi desidera immergersi nella natura e godere delle spettacolari vedute alpine. Questi sentieri sono stati utilizzati per secoli dai pastori e dai commercianti che viaggiavano da un luogo all\u2019altro attraverso le montagne.<\/p>\n<!-- \/wp:paragraph -->\n\n<!-- wp:list {\"ordered\":true} -->\n<ol><!-- wp:list-item -->\n<li><a href=\"https:\/\/www.leviedelviandante.eu\/it\/resource\/tour\/01-via-san-bernardino\/\" target=\"_blank\" rel=\"noreferrer noopener\">Via San Bernardino<\/a><\/li>\n<!-- \/wp:list-item -->\n\n<!-- wp:list-item -->\n<li><a href=\"https:\/\/www.leviedelviandante.eu\/it\/resource\/tour\/02-passo-del-baldiscio\/\" target=\"_blank\" rel=\"noreferrer noopener\">Passo del Baldiscio\/Baliscio<\/a><\/li>\n<!-- \/wp:list-item -->\n\n<!-- wp:list-item -->\n<li><a href=\"https:\/\/www.leviedelviandante.eu\/it\/resource\/tour\/03-passo-della-forcola\/\" target=\"_blank\" rel=\"noreferrer noopener\">Passo della Forcola<\/a><\/li>\n<!-- \/wp:list-item -->\n\n<!-- wp:list-item -->\n<li><a href=\"https:\/\/www.leviedelviandante.eu\/it\/resource\/tour\/04-bocchetta-del-notar\/\">Bocc<\/a><a href=\"https:\/\/www.leviedelviandante.eu\/it\/resource\/tour\/04-bocchetta-del-notar\/\" target=\"_blank\" rel=\"noreferrer noopener\">h<\/a><a href=\"https:\/\/www.leviedelviandante.eu\/it\/resource\/tour\/04-bocchetta-del-notar\/\">etta del Notar<\/a><\/li>\n<!-- \/wp:list-item -->\n\n<!-- wp:list-item -->\n<li><a href=\"https:\/\/www.leviedelviandante.eu\/it\/resource\/tour\/05-bocchetta-agnon\/\" target=\"_blank\" rel=\"noreferrer noopener\">Bocchetta d\u2019Agnon<\/a><\/li>\n<!-- \/wp:list-item -->\n\n<!-- wp:list-item -->\n<li><a href=\"https:\/\/www.leviedelviandante.eu\/it\/resource\/tour\/06-bocchetta-di-camedo\/\">Bocchetta di Camedo<\/a><\/li>\n<!-- \/wp:list-item -->\n\n<!-- wp:list-item -->\n<li><a href=\"https:\/\/www.leviedelviandante.eu\/it\/resource\/tour\/07-via-spluga\/\">Via Spluga<\/a><\/li>\n<!-- \/wp:list-item -->\n\n<!-- wp:list-item -->\n<li><a href=\"https:\/\/www.leviedelviandante.eu\/it\/resource\/tour\/08-via-francisca\/\" target=\"_blank\" rel=\"noreferrer noopener\">Via Francisca<\/a><\/li>\n<!-- \/wp:list-item -->\n\n<!-- wp:list-item -->\n<li><a href=\"https:\/\/www.leviedelviandante.eu\/it\/resource\/tour\/09-sentiero-del-viandante\/\">Sentiero del Viandante<\/a><\/li>\n<!-- \/wp:list-item -->\n\n<!-- wp:list-item -->\n<li><a href=\"https:\/\/www.leviedelviandante.eu\/it\/resource\/tour\/10-sentiero-di-leonardo\/\" target=\"_blank\" rel=\"noreferrer noopener\">Sentiero di Leonardo<\/a><\/li>\n<!-- \/wp:list-item -->\n\n<!-- wp:list-item -->\n<li><a href=\"https:\/\/www.leviedelviandante.eu\/it\/resource\/tour\/11-alta-dei-monti-lariani\/\" target=\"_blank\" rel=\"noreferrer noopener\">Via dei Monti Lariani<\/a><\/li>\n<!-- \/wp:list-item -->\n\n<!-- wp:list-item -->\n<li><a href=\"https:\/\/www.leviedelviandante.eu\/it\/resource\/tour\/12-strada-regia\/\" target=\"_blank\" rel=\"noreferrer noopener\">Strada Regia<\/a><\/li>\n<!-- \/wp:list-item --><\/ol>\n<!-- \/wp:list -->\n\n<!-- wp:spacer {\"height\":\"50px\"} -->\n<div style=\"height:50px\" aria-hidden=\"true\" class=\"wp-block-spacer\"><\/div>\n<!-- \/wp:spacer -->\n\n<!-- wp:image {\"align\":\"center\",\"id\":20827,\"sizeSlug\":\"full\",\"linkDestination\":\"none\"} -->\n<figure class=\"wp-block-image aligncenter size-full\"><img src=\"https:\/\/camminiditalia.org\/wp-content\/uploads\/2023\/06\/mappa_1_800-600.webp\" alt=\"Vie del Viandante\" class=\"wp-image-20827\"\/><figcaption class=\"wp-element-caption\"><a href=\"https:\/\/www.leviedelviandante.eu\/it\/home\/\" target=\"_blank\" rel=\"noreferrer noopener\">Credits Le Vie del Viandante<\/a><\/figcaption><\/figure>\n<!-- \/wp:image -->\n\n<!-- wp:spacer {\"height\":\"14px\"} -->\n<div style=\"height:14px\" aria-hidden=\"true\" class=\"wp-block-spacer\"><\/div>\n<!-- \/wp:spacer -->\n\n<!-- wp:heading {\"level\":3} -->\n<h3 class=\"wp-block-heading\"><a href=\"https:\/\/camminiditalia.org\/cammini\/via-spluga\/\">La Via Spluga<\/a><\/h3>\n<!-- \/wp:heading -->\n\n<!-- wp:paragraph -->\n<p>Tra i sentieri pi\u00f9 importanti delle&nbsp;<a href=\"https:\/\/www.leviedelviandante.eu\/it\/home\/\">Vie del Viandante<\/a>&nbsp;si trova la&nbsp;<a href=\"https:\/\/www.viaspluga.com\/it\/itinerario\/via-spluga\/\">Via Spluga<\/a>, anche conosciuta come Strada del Passo dello Spluga. Questo sentiero, che collega la Svizzera e l\u2019Italia, \u00e8 stato un\u2019importante rotta commerciale fin dai tempi antichi. La Via Spluga segue un percorso romano attraverso le Alpi e offre una vista panoramica spettacolare sui paesaggi alpini circostanti.<\/p>\n<!-- \/wp:paragraph -->\n\n<!-- wp:paragraph -->\n<p>Il sentiero inizia a Thusis, in Svizzera, e attraversa il Passo dello Spluga, che si trova a un\u2019altitudine di 2.115 metri sopra il livello del mare. Il passo, che \u00e8 stato utilizzato per secoli dai commercianti che viaggiavano da Milano alla Svizzera, offre una vista panoramica spettacolare sulle Alpi. Dopo il passo, la Via Spluga scende verso la citt\u00e0 di Chiavenna, in Italia, attraverso una serie di strade strette e tortuose.<\/p>\n<!-- \/wp:paragraph -->\n\n<!-- wp:spacer {\"height\":\"50px\"} -->\n<div style=\"height:50px\" aria-hidden=\"true\" class=\"wp-block-spacer\"><\/div>\n<!-- \/wp:spacer -->\n\n<!-- wp:image {\"align\":\"center\",\"id\":20828,\"sizeSlug\":\"full\",\"linkDestination\":\"none\"} -->\n<figure class=\"wp-block-image aligncenter size-full\"><img src=\"https:\/\/camminiditalia.org\/wp-content\/uploads\/2023\/06\/3.webp\" alt=\"\" class=\"wp-image-20828\"\/><figcaption class=\"wp-element-caption\"><a href=\"https:\/\/www.viaspluga.com\/it\/itinerario\/via-spluga\/\">Credits Via Spluga<\/a><\/figcaption><\/figure>\n<!-- \/wp:image -->\n\n<!-- wp:spacer {\"height\":\"14px\"} -->\n<div style=\"height:14px\" aria-hidden=\"true\" class=\"wp-block-spacer\"><\/div>\n<!-- \/wp:spacer -->\n\n<!-- wp:paragraph -->\n<p>La Via Spluga \u00e8 solo uno dei molti sentieri delle Vie del Viandante. Ci sono altri percorsi che attraversano le Alpi italiane e svizzere, offrendo una variet\u00e0 di paesaggi, tra cui montagne, foreste, valli e laghi. Le Vie del Viandante sono dei sentieri segnalati e offrono riparo ai camminatori in rifugi e capanne lungo il percorso.<\/p>\n<!-- \/wp:paragraph -->\n\n<!-- wp:heading {\"level\":3} -->\n<h3 class=\"wp-block-heading\">Il Sentiero del Viandante<\/h3>\n<!-- \/wp:heading -->\n\n<!-- wp:paragraph -->\n<p>Un altro itinerario degno di nota appartenente al fascio di sentieri delle<strong> Vie del Viandante<\/strong> \u00e8 il&nbsp;<a href=\"https:\/\/www.leviedelviandante.eu\/it\/resource\/tour\/09-sentiero-del-viandante\/\">Sentiero del Viandante<\/a>, un percorso lungo circa 45 chilometri.<\/p>\n<!-- \/wp:paragraph -->\n\n<!-- wp:paragraph -->\n<p>Questo itinerario attraversa la regione della Lombardia partendo dal lago di Como. Lungo il percorso, gli escursionisti possono godere di una vista panoramica mozzafiato sulle montagne circostanti e sui paesaggi lacustri.<\/p>\n<!-- \/wp:paragraph -->\n\n<!-- wp:spacer {\"height\":\"14px\"} -->\n<div style=\"height:14px\" aria-hidden=\"true\" class=\"wp-block-spacer\"><\/div>\n<!-- \/wp:spacer -->\n\n<!-- wp:paragraph -->\n<p><\/p>\n<!-- \/wp:paragraph -->\n\n<!-- wp:image {\"align\":\"center\",\"id\":20829,\"sizeSlug\":\"full\",\"linkDestination\":\"none\"} -->\n<figure class=\"wp-block-image aligncenter size-full\"><img src=\"https:\/\/camminiditalia.org\/wp-content\/uploads\/2023\/06\/4.webp\" alt=\"\" class=\"wp-image-20829\"\/><figcaption class=\"wp-element-caption\"><a href=\"http:\/\/www.leviedelviandante.eu\/it\/home\/\">Credits Le Vie del Viandante<\/a><\/figcaption><\/figure>\n<!-- \/wp:image -->\n\n<!-- wp:spacer {\"height\":\"50px\"} -->\n<div style=\"height:50px\" aria-hidden=\"true\" class=\"wp-block-spacer\"><\/div>\n<!-- \/wp:spacer -->\n\n<!-- wp:paragraph -->\n<p>Per godere appieno dell\u2019esperienza sulle Vie del Viandante \u00e8 importante prepararsi adeguatamente prima di partire. Ci sono molte cose da considerare, tra cui il clima, l\u2019attrezzatura necessaria, l\u2019esperienza di camminata richiesta e la pianificazione del percorso. Inoltre, \u00e8 importante seguire le regole delle autorit\u00e0 locali per preservare l\u2019ambiente naturale e rispettare la fauna selvatica e la flora.<\/p>\n<!-- \/wp:paragraph -->\n\n<!-- wp:paragraph -->\n<p>Inoltre, \u00e8 possibile trovare molti tour guidati e organizzati che offrono pacchetti completi per l\u2019escursionismo sulle Vie del Viandante. Questi pacchetti includono spesso il trasporto, l\u2019attrezzatura e l\u2019assistenza di una guida esperta che conosce bene il percorso.<\/p>\n<!-- \/wp:paragraph -->\n\n<!-- wp:paragraph -->\n<p>Infine, per ottimizzare il proprio viaggio sulle Vie del Viandante, \u00e8 importante pianificare adeguatamente il proprio itinerario. Ci sono molte opzioni diverse tra cui scegliere, e sono presenti numerose fonti di informazione disponibili per aiutare a decidere quale sentiero scegliere e come pianificare il viaggio.<\/p>\n<!-- \/wp:paragraph -->\n\n<!-- wp:paragraph -->\n<p>In sintesi, le Vie del Viandante offrono un\u2019esperienza unica e indimenticabile per chi desidera immergersi nella natura e godere delle spettacolari vedute alpine. La Via Spluga e il Sentiero del Viandante sono solo due dei molti sentieri che attraversano le montagne delle Alpi italiane e svizzere, offrendo una variet\u00e0 di paesaggi, tra cui montagne, foreste, valli e laghi. Con la giusta attrezzatura, la pianificazione adeguata e il rispetto per l\u2019ambiente naturale, camminare sulle Vie del Viandante pu\u00f2 essere un\u2019esperienza indimenticabile per gli amanti della natura e per gli escursionisti.<\/p>\n<!-- \/wp:paragraph -->\n\n<!-- wp:paragraph -->\n<p>Dopo aver approfondito la Via Spluga e il Sentiero del Viandante vediamo anche gli altri itinerari appartenenti alle Vie del Viandante.<\/p>\n<!-- \/wp:paragraph -->\n\n<!-- wp:embed {\"url\":\"https:\/\/www.youtube.com\/watch?v=Z8XnRk8vxaE\",\"type\":\"video\",\"providerNameSlug\":\"youtube\",\"responsive\":true,\"className\":\"wp-embed-aspect-16-9 wp-has-aspect-ratio\"} -->\n<figure class=\"wp-block-embed is-type-video is-provider-youtube wp-block-embed-youtube wp-embed-aspect-16-9 wp-has-aspect-ratio\"><div class=\"wp-block-embed__wrapper\">\nhttps:\/\/www.youtube.com\/watch?v=Z8XnRk8vxaE\n<\/div><\/figure>\n<!-- \/wp:embed -->\n\n<!-- wp:heading {\"level\":3} -->\n<h3 class=\"wp-block-heading\"><strong>Via San Bernardino<\/strong><\/h3>\n<!-- \/wp:heading -->\n\n<!-- wp:paragraph -->\n<p>La Via Regina, che costeggia il Lago di Como, in passato aveva anche importanti diramazioni, tra cui il Passo S. Jorio che collegava il lago con la valle grigionese del Moesa attraverso le valli del Liro e dell\u2019Albano. Questa strada era stata probabilmente utilizzata gi\u00e0 ai tempi dei Romani e fu molto importante per i traffici commerciali nel periodo medioevale, utilizzata anche dai monaci teutonici per raccogliere olio e vino. La famiglia de Sacco prese il controllo della strada nel XIII secolo imponendo pedaggi ai commercianti. La strada era utilizzata da viandanti di ogni genere, dai mercanti agli allevatori e agli ambulanti partecipanti alle fiere annuali di Bellinzona e di Gravedona.<\/p>\n<!-- \/wp:paragraph -->\n\n<!-- wp:heading {\"level\":3} -->\n<h3 class=\"wp-block-heading\"><strong>Passo del Baldiscio\/Baliscio<\/strong><\/h3>\n<!-- \/wp:heading -->\n\n<!-- wp:paragraph -->\n<p>Una lunga traversata che unisce la Valchiavenna alla Valle Mesolcina attraverso i passi del Baldiscio (o Balniscio) e Serraglia.<\/p>\n<!-- \/wp:paragraph -->\n\n<!-- wp:heading {\"level\":3} -->\n<h3 class=\"wp-block-heading\"><strong>Passo della Forcola<\/strong><\/h3>\n<!-- \/wp:heading -->\n\n<!-- wp:paragraph -->\n<p>La Via della Forcola \u00e8 una mulattiera che collega la Valchiavenna con la Valle Mesolcina ed \u00e8 stata utilizzata per scopi militari fin dal Medioevo. Nel XVII e XVIII secolo \u00e8 diventata importante per il commercio tra la Svizzera e la Repubblica di Venezia, essendo chiusa la Strada dello Stato di Milano. Questo percorso \u00e8 stato anche chiamato \u201cvia del sale\u201d e in precedenza era la continuazione della Strada Priula. Durante la peste del 1600, la strada fu utilizzata per impedire ai sospetti di contagio l\u2019accesso alla citt\u00e0 di Chiavenna, come dimostra la \u201cChiave della peste\u201d, una scultura di chiave incisa sulla roccia all\u2019ingresso della citt\u00e0.<\/p>\n<!-- \/wp:paragraph -->\n\n<!-- wp:heading {\"level\":3} -->\n<h3 class=\"wp-block-heading\"><strong>Bocchetta del Notar<\/strong><\/h3>\n<!-- \/wp:heading -->\n\n<!-- wp:paragraph -->\n<p>La Bocchetta del Notar mette in collegamento, ad alta quota, la Val Bodengo, a cui si accede da Gordona, sul versante italiano e la Valle di Cama, sul versante svizzero. L\u2019itinerario \u00e8 conosciuto come \u201cVia dei Crotti\u201d e offre occasioni per soste golose nei numerosi locali tipici montani. A partire dall\u2019800 il percorso \u00e8 stato interessato in modo pi\u00f9 o meno continuativo dalle traversate dei contrabbandieri, gli spalloni, durante i loro traffici di confine tra Italia e Svizzera.&nbsp;<\/p>\n<!-- \/wp:paragraph -->\n\n<!-- wp:heading {\"level\":3} -->\n<h3 class=\"wp-block-heading\"><strong>Bocchetta d\u2019Agnon<\/strong><\/h3>\n<!-- \/wp:heading -->\n\n<!-- wp:paragraph -->\n<p>La Bocchetta d\u2019Agnon, conosciuta anche come Bocchetta di Cama, \u00e8 un passo di alta quota che collega l\u2019Italia alla Svizzera attraverso la Valle di Cama e la Val Darengo, con un percorso piuttosto lungo e impegnativo, riservato ad escursionisti esperti. A partire dal XIX secolo, il percorso \u00e8 stato frequentato dai contrabbandieri, noti come spalloni, che attraversavano il confine tra Italia e Svizzera durante i loro traffici illeciti.<\/p>\n<!-- \/wp:paragraph -->\n\n<!-- wp:heading {\"level\":3} -->\n<h3 class=\"wp-block-heading\"><strong>Bocchetta di Camedo<\/strong><\/h3>\n<!-- \/wp:heading -->\n\n<!-- wp:paragraph -->\n<p>Si tratta di un itinerario storicamente secondario, battuto principalmente da mandriani e cacciatori, affiancati successivamente dagli \u201cspalloni\u201d, i contrabbandieri che lo utilizzarono intensamente per i loro traffici transfrontalieri da Gravedona e Dongo a Roveredo.<\/p>\n<!-- \/wp:paragraph -->\n\n<!-- wp:paragraph -->\n<p><strong>N.B<\/strong>.: si tenga presente che la tappa \u2013 impegnativa \u2013 non presenta strutture intermedie per il pernottamento.<\/p>\n<!-- \/wp:paragraph -->\n\n<!-- wp:heading {\"level\":3} -->\n<h3 class=\"wp-block-heading\"><strong>Via Francisca<\/strong><\/h3>\n<!-- \/wp:heading -->\n\n<!-- wp:paragraph -->\n<p>La Via Francisca ha origini antiche e si \u00e8 evoluta nel corso dei secoli, collegando Chiavenna a Musso Gravedona e Sorico. Durante il periodo romano, c\u2019era una strada parallela chiamata \u201cStrada dei Cavalli\u201d. Nel XIII secolo, la strada torn\u00f2 in auge con un nuovo nome e divenne una via importante per i traffici commerciali e la difesa strategica della valle. Nel corso dei secoli, la Via Francisca \u00e8 stata percorsa da personaggi importanti, come il Barbarossa, e ha subito attacchi militari. Nel XVII secolo, durante la dominazione spagnola e le guerre per la Valtellina, la via fu fortificata. Anche durante la Prima Guerra Mondiale, furono costruite opere di fortificazione al Passo della Francisca. Oggi, la Via Francisca mantiene il suo fascino ancestrale, con le sue bellezze naturali e i resti delle opere dell\u2019uomo.<\/p>\n<!-- \/wp:paragraph -->\n\n<!-- wp:heading {\"level\":3} -->\n<h3 class=\"wp-block-heading\"><strong>Sentiero di Leonardo<\/strong><\/h3>\n<!-- \/wp:heading -->\n\n<!-- wp:paragraph -->\n<p>Un facile percorso da Lecco a Milano, in gran parte pianeggiante o in leggera discesa, su fondo prevalentemente asfaltato. Pu\u00f2 essere percorso da chiunque, sia a piedi sia in bicicletta, anche con bambini poich\u00e9 presenta pochissimi problemi di sicurezza. Per la maggior parte \u00e8 un percorso accessibile con carrozzine.<\/p>\n<!-- \/wp:paragraph -->\n\n<!-- wp:paragraph -->\n<p>Ha una lunghezza di 78,6 km ed \u00e8 divisibile in 4 tappe, con un grado difficolt\u00e0 Facile (T)<\/p>\n<!-- \/wp:paragraph -->\n\n<!-- wp:heading {\"level\":3} -->\n<h3 class=\"wp-block-heading\"><strong>Via dei Monti Lariani<\/strong><\/h3>\n<!-- \/wp:heading -->\n\n<!-- wp:paragraph -->\n<p>La Via dei Monti Lariani \u00e8 un percorso escursionistico che collega Cernobbio a Sorico, costeggiando in quota il lato occidentale del Lago di Como. La strada ha una storia ricca e ha assunto un\u2019importanza strategica durante la prima guerra mondiale, poich\u00e9 alcune zone dell\u2019itinerario furono scelte per la costruzione di strade e strutture militari a supporto della famosa Linea Cadorna. La Via dei Monti Lariani \u00e8 stata utilizzata principalmente come via commerciale complementare alla principale Strada Regina, ma oggi \u00e8 preferita perch\u00e9 pi\u00f9 fruibile a livello turistico e pi\u00f9 sicura. La Strada Regina \u00e8 una strada statale stretta e molto trafficata, quindi non adatta per il trekking. La Via dei Monti Lariani \u00e8 stata scelta anche per celebrare la via di collegamento tra gli antichi insediamenti e gli alpeggi di mezza stagione.<\/p>\n<!-- \/wp:paragraph -->\n\n<!-- wp:heading {\"level\":3} -->\n<h3 class=\"wp-block-heading\">&nbsp;<\/h3>\n<!-- \/wp:heading -->\n\n<!-- wp:heading {\"level\":3} -->\n<h3 class=\"wp-block-heading\"><strong>Strada Regia<\/strong><\/h3>\n<!-- \/wp:heading -->\n\n<!-- wp:paragraph -->\n<p>La Strada Regia \u00e8 un antico percorso storico di circa 35 km che collegava i paesi della sponda orientale del Triangolo Lariano, da Como a Bellagio. Le prime testimonianze della mulattiera risalgono al XVI secolo, ma alcuni ritrovamenti archeologici fanno pensare a una storia ancora pi\u00f9 antica. La prima mappatura ufficiale del sentiero risale al 1721 con il Catasto Teresiano, ma la strada \u00e8 rimasta in uso fino ai primi decenni del \u2018900, quando fu costruita la statale lariana 583 che in alcuni tratti si sovrappone alla mulattiera. Da allora, la strada \u00e8 stata utilizzata solo per attivit\u00e0 agricole e pastorali locali, cadendo in disuso. Tra il 2002 ed il 2006 \u00e8 stata ripristinata ad uso escursionistico.<\/p>\n<!-- \/wp:paragraph -->\n\n<!-- wp:heading {\"level\":3} -->\n<h3 class=\"wp-block-heading\">Scarica la nostra app e percorri la Via Spluga<\/h3>\n<!-- \/wp:heading -->\n\n<!-- wp:paragraph -->\n<p>Se non l\u2019hai ancora fatto ti invitiamo a scaricare l\u2019app ufficiale di Cammini d\u2019Italia, disponibile sia su&nbsp;<a href=\"https:\/\/apps.apple.com\/it\/app\/cammini-di-italia\/id1643119047\">App Store<\/a>&nbsp;che su&nbsp;<a href=\"https:\/\/play.google.com\/store\/apps\/details?id=it.webmapp.cammini\">Google Play Store<\/a>.<\/p>\n<!-- \/wp:paragraph -->\n\n<!-- wp:paragraph -->\n<p>Potrai trovare numerosi cammini, fra cui la Via Spluga con tutte le sue tappe nel dettaglio navigabili sia online che offline.<\/p>\n<!-- \/wp:paragraph -->\n\n<!-- wp:spacer {\"height\":\"13px\"} -->\n<div style=\"height:13px\" aria-hidden=\"true\" class=\"wp-block-spacer\"><\/div>\n<!-- \/wp:spacer -->\n\n<!-- wp:image {\"align\":\"center\",\"id\":20830,\"sizeSlug\":\"full\",\"linkDestination\":\"none\"} -->\n<figure class=\"wp-block-image aligncenter size-full\"><img src=\"https:\/\/camminiditalia.org\/wp-content\/uploads\/2023\/06\/5.webp\" alt=\"\" class=\"wp-image-20830\"\/><figcaption class=\"wp-element-caption\"><a href=\"https:\/\/www.viaspluga.com\/it\/itinerario\/via-spluga\/\">Credits Via Spluga<\/a><\/figcaption><\/figure>\n<!-- \/wp:image -->","post_title":"Le Vie del Viandante: 12 sentieri per scoprire la magnificenza delle Alpi","post_excerpt":"","post_status":"publish","comment_status":"open","ping_status":"open","post_password":"","post_name":"le-vie-del-viandante","to_ping":"","pinged":"","post_modified":"2023-10-30 18:13:30","post_modified_gmt":"2023-10-30 17:13:30","post_content_filtered":"","post_parent":0,"guid":"https:\/\/camminiditalia.org\/?p=20825","menu_order":0,"post_type":"post","post_mime_type":"","comment_count":"0","filter":"raw"}]},"scheda_tecnica":{"lunghezza":"68.2","dislivello_medio":"","n_tappe":"4","partenza":"Thusis","arrivo":"Chiavenna","tipologia":"lineal","tema":["naturalista","montano","panor\u00e1mica"],"portata":"internacional","periodo_ideale":"Junio - Septiembre","stagione_ideale":[]},"slider_cammini":{"title":"","text":"","select_cammini":false},"tappe":{"show_all":true,"all_tappe":"","tappa":[{"status":false,"title":"ETAPA 01","text":"<h2><strong>RUTA 01: De Thusis a Andeer<\/strong><\/h2>\n<p><strong>Salida<\/strong>: Thusis<br \/>\n<strong>Llegada<\/strong>: Andeer<br \/>\n<strong>Distancia<\/strong>: 17,5 km<br \/>\n<strong>Diferencia de altura<\/strong>: +783 m \/ &#8211; 519 m<\/p>\n<p><span style=\"font-weight: 400;\">Comienza en Thusis, una agradable y ordenada peque\u00f1a ciudad suiza de los Grisones, y llega enseguida a uno de los lugares m\u00e1s pintorescos y aterradores: el desfiladero de la V\u00eda Mala. La ruta termina en el pueblo de Andeer, con sus hermosos palacios pintados, sus calles empedradas y sus renombrados ba\u00f1os termales. <\/span><\/p>\n"},{"status":false,"title":"ETAPA 02","text":"<h2><strong>RUTA 02: De Andeer a <b>Spl\u00fcgen<\/b><\/strong><\/h2>\n<p><strong>Salida<\/strong>: Andeer<br \/>\n<strong>Llegada<\/strong>: Splugen<br \/>\n<strong>Distancia<\/strong>: 14,4 km<br \/>\n<strong>Diferencia de altura<\/strong>: +754 \/ &#8211; 258 m<\/p>\n<p><span style=\"font-weight: 400;\">Desde la espl\u00e9ndida capital romanche, llegas a las hermosas y burbujeantes cataratas de Roffla. Siguiendo el antiguo camino de tierra, llegas a Spl\u00fcgen, un pueblo que ha crecido a lo largo de los siglos gracias al comercio a trav\u00e9s del paso del mismo nombre. <\/span><\/p>\n"},{"status":false,"title":"ETAPA 03","text":"<h2><strong>RUTA 03: <b>De Spl\u00fcgen a Isola<\/b><\/strong><\/h2>\n<p><strong>Salida<\/strong>: Splugen<br \/>\n<strong>Llegada<\/strong>: Isla<br \/>\n<strong>Distancia<\/strong>: 17 km<br \/>\n<strong>Diferencia de altura<\/strong>: +736 \/ &#8211; 946 m<\/p>\n<p><span style=\"font-weight: 400;\">Prados de gran altitud con impresionantes vistas de los picos alpinos circundantes, caminos de herradura asfaltados y en buen estado son las se\u00f1as de identidad de esta ETAPA, que conduce desde el pueblo de Spl\u00fcgen por la ladera norte del puerto de Spl\u00fcgen hasta el pueblo de Montespluga, donde podr\u00e1s respirar la atm\u00f3sfera de anta\u00f1o. <br \/>El itinerario contin\u00faa a la derecha del embalse artificial para llegar a una de las dos presas y disfrutar de la vista especial de la Garganta del Cardinello: \u00a1uno de los tramos que se recuerda con mayor emoci\u00f3n! <\/span><\/p>\n"},{"status":false,"title":"ETAPA 04","text":"<h2><strong>RUTA 04: De <b>Isola a Chiavenna<\/b><\/strong><\/h2>\n<p><strong>Salida<\/strong>: Isla<br \/>\n<strong>Llegada<\/strong>: Chiavenna<br \/>\n<strong>Distancia<\/strong>: 20 km<br \/>\n<strong>Diferencia de altura<\/strong>: +176 \/ &#8211; 1098 m<\/p>\n<p><span style=\"font-weight: 400;\">Este tramo es todo cuesta abajo y conduce a lo largo del torrente Liro hasta el descubrimiento del valle de San Giacomo; caminas por senderos entre muros bajos y prados bien cuidados, pasando por bosques de casta\u00f1os y lugares de inter\u00e9s hist\u00f3rico y religioso. En Chiavenna, Ciudad Slow y Bandera Naranja del Touring Club Italiano, se llega por un sendero panor\u00e1mico que ofrece una vista de todo el valle hom\u00f3nimo. <\/span><\/p>\n"}]},"videos":{"video":false,"link":null},"mobile":false,"desktop":false,"logo_cammino":{"ID":89019,"id":89019,"title":"Loghi Cammini_11zon","filename":"Loghi-Cammini_11zon.webp","filesize":22654,"url":"https:\/\/media-camminiditalia.nbg1.your-objectstorage.com\/2023\/04\/Loghi-Cammini_11zon.webp","link":"https:\/\/camminiditalia.org\/es\/cammini\/via-spluga\/loghi-cammini_11zon-4\/","alt":"","author":"2","description":"","caption":"Logo Via Spluga","name":"loghi-cammini_11zon-4","status":"inherit","uploaded_to":55625,"date":"2026-01-09 11:42:49","modified":"2026-01-09 11:42:49","menu_order":0,"mime_type":"image\/webp","type":"image","subtype":"webp","icon":"https:\/\/camminiditalia.org\/wp-includes\/images\/media\/default.png","width":1080,"height":1080,"sizes":{"thumbnail":"https:\/\/media-camminiditalia.nbg1.your-objectstorage.com\/2023\/04\/Loghi-Cammini_11zon-150x150.webp","thumbnail-width":150,"thumbnail-height":150,"medium":"https:\/\/media-camminiditalia.nbg1.your-objectstorage.com\/2023\/04\/Loghi-Cammini_11zon-300x300.webp","medium-width":300,"medium-height":300,"medium_large":"https:\/\/media-camminiditalia.nbg1.your-objectstorage.com\/2023\/04\/Loghi-Cammini_11zon-768x768.webp","medium_large-width":768,"medium_large-height":768,"large":"https:\/\/media-camminiditalia.nbg1.your-objectstorage.com\/2023\/04\/Loghi-Cammini_11zon-1024x1024.webp","large-width":1024,"large-height":1024,"1536x1536":"https:\/\/media-camminiditalia.nbg1.your-objectstorage.com\/2023\/04\/Loghi-Cammini_11zon.webp","1536x1536-width":1080,"1536x1536-height":1080,"2048x2048":"https:\/\/media-camminiditalia.nbg1.your-objectstorage.com\/2023\/04\/Loghi-Cammini_11zon.webp","2048x2048-width":1080,"2048x2048-height":1080,"tc_all_events_image":"https:\/\/media-camminiditalia.nbg1.your-objectstorage.com\/2023\/04\/Loghi-Cammini_11zon.webp","tc_all_events_image-width":680,"tc_all_events_image-height":680,"woocommerce_thumbnail":"https:\/\/media-camminiditalia.nbg1.your-objectstorage.com\/2023\/04\/Loghi-Cammini_11zon.webp","woocommerce_thumbnail-width":300,"woocommerce_thumbnail-height":300,"woocommerce_single":"https:\/\/media-camminiditalia.nbg1.your-objectstorage.com\/2023\/04\/Loghi-Cammini_11zon.webp","woocommerce_single-width":600,"woocommerce_single-height":600,"woocommerce_gallery_thumbnail":"https:\/\/media-camminiditalia.nbg1.your-objectstorage.com\/2023\/04\/Loghi-Cammini_11zon.webp","woocommerce_gallery_thumbnail-width":100,"woocommerce_gallery_thumbnail-height":100}},"header_link":{"title":"","url":"","target":"","0":""}},"yoast_head":"<!-- This site is optimized with the Yoast SEO plugin v27.1.1 - https:\/\/yoast.com\/product\/yoast-seo-wordpress\/ -->\n<title>Via Spluga - Cammini d&#039;Italia<\/title>\n<meta name=\"description\" content=\"Via Spluga conocida como la Carretera del Paso de Spl\u00fcgen, un camino que une Suiza e Italia a lo largo de 70 km.\" \/>\n<meta name=\"robots\" content=\"index, follow, max-snippet:-1, max-image-preview:large, max-video-preview:-1\" \/>\n<link rel=\"canonical\" href=\"https:\/\/camminiditalia.org\/es\/cammini\/via-spluga\/\" \/>\n<meta property=\"og:locale\" content=\"es_ES\" \/>\n<meta property=\"og:type\" content=\"article\" \/>\n<meta property=\"og:title\" content=\"Via Spluga - Cammini d&#039;Italia\" \/>\n<meta property=\"og:description\" content=\"Via Spluga conocida como la Carretera del Paso de Spl\u00fcgen, un camino que une Suiza e Italia a lo largo de 70 km.\" \/>\n<meta property=\"og:url\" content=\"https:\/\/camminiditalia.org\/es\/cammini\/via-spluga\/\" \/>\n<meta property=\"og:site_name\" content=\"Cammini d&#039;Italia\" \/>\n<meta property=\"article:modified_time\" content=\"2026-03-19T08:18:23+00:00\" \/>\n<meta property=\"og:image\" content=\"https:\/\/media-camminiditalia.nbg1.your-objectstorage.com\/2023\/04\/Header-Blog-Post-Desktop-6_3_11zon.webp\" \/>\n\t<meta property=\"og:image:width\" content=\"1600\" \/>\n\t<meta property=\"og:image:height\" content=\"600\" \/>\n\t<meta property=\"og:image:type\" content=\"image\/webp\" \/>\n<meta name=\"twitter:card\" content=\"summary_large_image\" \/>\n<meta name=\"twitter:label1\" content=\"Tiempo de lectura\" \/>\n\t<meta name=\"twitter:data1\" content=\"2 minutos\" \/>\n<script type=\"application\/ld+json\" class=\"yoast-schema-graph\">{\"@context\":\"https:\/\/schema.org\",\"@graph\":[{\"@type\":\"WebPage\",\"@id\":\"https:\/\/camminiditalia.org\/es\/cammini\/via-spluga\/\",\"url\":\"https:\/\/camminiditalia.org\/es\/cammini\/via-spluga\/\",\"name\":\"Via Spluga - Cammini d&#039;Italia\",\"isPartOf\":{\"@id\":\"https:\/\/camminiditalia.org\/es\/#website\"},\"primaryImageOfPage\":{\"@id\":\"https:\/\/camminiditalia.org\/es\/cammini\/via-spluga\/#primaryimage\"},\"image\":{\"@id\":\"https:\/\/camminiditalia.org\/es\/cammini\/via-spluga\/#primaryimage\"},\"thumbnailUrl\":\"https:\/\/media-camminiditalia.nbg1.your-objectstorage.com\/2023\/04\/Header-Blog-Post-Desktop-6_3_11zon.webp\",\"datePublished\":\"2023-04-03T19:16:57+00:00\",\"dateModified\":\"2026-03-19T08:18:23+00:00\",\"description\":\"Via Spluga conocida como la Carretera del Paso de Spl\u00fcgen, un camino que une Suiza e Italia a lo largo de 70 km.\",\"breadcrumb\":{\"@id\":\"https:\/\/camminiditalia.org\/es\/cammini\/via-spluga\/#breadcrumb\"},\"inLanguage\":\"es\",\"potentialAction\":[{\"@type\":\"ReadAction\",\"target\":[\"https:\/\/camminiditalia.org\/es\/cammini\/via-spluga\/\"]}]},{\"@type\":\"ImageObject\",\"inLanguage\":\"es\",\"@id\":\"https:\/\/camminiditalia.org\/es\/cammini\/via-spluga\/#primaryimage\",\"url\":\"https:\/\/media-camminiditalia.nbg1.your-objectstorage.com\/2023\/04\/Header-Blog-Post-Desktop-6_3_11zon.webp\",\"contentUrl\":\"https:\/\/media-camminiditalia.nbg1.your-objectstorage.com\/2023\/04\/Header-Blog-Post-Desktop-6_3_11zon.webp\",\"width\":1600,\"height\":600,\"caption\":\"Via Spluga\"},{\"@type\":\"BreadcrumbList\",\"@id\":\"https:\/\/camminiditalia.org\/es\/cammini\/via-spluga\/#breadcrumb\",\"itemListElement\":[{\"@type\":\"ListItem\",\"position\":1,\"name\":\"Home\",\"item\":\"https:\/\/camminiditalia.org\/es\/inicio\/\"},{\"@type\":\"ListItem\",\"position\":2,\"name\":\"Paseos\",\"item\":\"https:\/\/camminiditalia.org\/es\/cammini\/\"},{\"@type\":\"ListItem\",\"position\":3,\"name\":\"Via Spluga\"}]},{\"@type\":\"WebSite\",\"@id\":\"https:\/\/camminiditalia.org\/es\/#website\",\"url\":\"https:\/\/camminiditalia.org\/es\/\",\"name\":\"Cammini d'Italia\",\"description\":\"Plan, walk and share!\",\"publisher\":{\"@id\":\"https:\/\/camminiditalia.org\/es\/#organization\"},\"potentialAction\":[{\"@type\":\"SearchAction\",\"target\":{\"@type\":\"EntryPoint\",\"urlTemplate\":\"https:\/\/camminiditalia.org\/es\/?s={search_term_string}\"},\"query-input\":{\"@type\":\"PropertyValueSpecification\",\"valueRequired\":true,\"valueName\":\"search_term_string\"}}],\"inLanguage\":\"es\"},{\"@type\":\"Organization\",\"@id\":\"https:\/\/camminiditalia.org\/es\/#organization\",\"name\":\"Cammini d'Italia srls\",\"url\":\"https:\/\/camminiditalia.org\/es\/\",\"logo\":{\"@type\":\"ImageObject\",\"inLanguage\":\"es\",\"@id\":\"https:\/\/camminiditalia.org\/es\/#\/schema\/logo\/image\/\",\"url\":\"https:\/\/media-camminiditalia.nbg1.your-objectstorage.com\/wp-content\/uploads\/2023\/08\/Risorsa-2-8-e1690918206850.png\",\"contentUrl\":\"https:\/\/media-camminiditalia.nbg1.your-objectstorage.com\/wp-content\/uploads\/2023\/08\/Risorsa-2-8-e1690918206850.png\",\"width\":1076,\"height\":329,\"caption\":\"Cammini d'Italia srls\"},\"image\":{\"@id\":\"https:\/\/camminiditalia.org\/es\/#\/schema\/logo\/image\/\"}}]}<\/script>\n<!-- \/ Yoast SEO plugin. -->","yoast_head_json":{"title":"Via Spluga - Cammini d&#039;Italia","description":"Via Spluga conocida como la Carretera del Paso de Spl\u00fcgen, un camino que une Suiza e Italia a lo largo de 70 km.","robots":{"index":"index","follow":"follow","max-snippet":"max-snippet:-1","max-image-preview":"max-image-preview:large","max-video-preview":"max-video-preview:-1"},"canonical":"https:\/\/camminiditalia.org\/es\/cammini\/via-spluga\/","og_locale":"es_ES","og_type":"article","og_title":"Via Spluga - Cammini d&#039;Italia","og_description":"Via Spluga conocida como la Carretera del Paso de Spl\u00fcgen, un camino que une Suiza e Italia a lo largo de 70 km.","og_url":"https:\/\/camminiditalia.org\/es\/cammini\/via-spluga\/","og_site_name":"Cammini d&#039;Italia","article_modified_time":"2026-03-19T08:18:23+00:00","og_image":[{"width":1600,"height":600,"url":"https:\/\/media-camminiditalia.nbg1.your-objectstorage.com\/2023\/04\/Header-Blog-Post-Desktop-6_3_11zon.webp","type":"image\/webp"}],"twitter_card":"summary_large_image","twitter_misc":{"Tiempo de lectura":"2 minutos"},"schema":{"@context":"https:\/\/schema.org","@graph":[{"@type":"WebPage","@id":"https:\/\/camminiditalia.org\/es\/cammini\/via-spluga\/","url":"https:\/\/camminiditalia.org\/es\/cammini\/via-spluga\/","name":"Via Spluga - Cammini d&#039;Italia","isPartOf":{"@id":"https:\/\/camminiditalia.org\/es\/#website"},"primaryImageOfPage":{"@id":"https:\/\/camminiditalia.org\/es\/cammini\/via-spluga\/#primaryimage"},"image":{"@id":"https:\/\/camminiditalia.org\/es\/cammini\/via-spluga\/#primaryimage"},"thumbnailUrl":"https:\/\/media-camminiditalia.nbg1.your-objectstorage.com\/2023\/04\/Header-Blog-Post-Desktop-6_3_11zon.webp","datePublished":"2023-04-03T19:16:57+00:00","dateModified":"2026-03-19T08:18:23+00:00","description":"Via Spluga conocida como la Carretera del Paso de Spl\u00fcgen, un camino que une Suiza e Italia a lo largo de 70 km.","breadcrumb":{"@id":"https:\/\/camminiditalia.org\/es\/cammini\/via-spluga\/#breadcrumb"},"inLanguage":"es","potentialAction":[{"@type":"ReadAction","target":["https:\/\/camminiditalia.org\/es\/cammini\/via-spluga\/"]}]},{"@type":"ImageObject","inLanguage":"es","@id":"https:\/\/camminiditalia.org\/es\/cammini\/via-spluga\/#primaryimage","url":"https:\/\/media-camminiditalia.nbg1.your-objectstorage.com\/2023\/04\/Header-Blog-Post-Desktop-6_3_11zon.webp","contentUrl":"https:\/\/media-camminiditalia.nbg1.your-objectstorage.com\/2023\/04\/Header-Blog-Post-Desktop-6_3_11zon.webp","width":1600,"height":600,"caption":"Via Spluga"},{"@type":"BreadcrumbList","@id":"https:\/\/camminiditalia.org\/es\/cammini\/via-spluga\/#breadcrumb","itemListElement":[{"@type":"ListItem","position":1,"name":"Home","item":"https:\/\/camminiditalia.org\/es\/inicio\/"},{"@type":"ListItem","position":2,"name":"Paseos","item":"https:\/\/camminiditalia.org\/es\/cammini\/"},{"@type":"ListItem","position":3,"name":"Via Spluga"}]},{"@type":"WebSite","@id":"https:\/\/camminiditalia.org\/es\/#website","url":"https:\/\/camminiditalia.org\/es\/","name":"Cammini d'Italia","description":"Plan, walk and share!","publisher":{"@id":"https:\/\/camminiditalia.org\/es\/#organization"},"potentialAction":[{"@type":"SearchAction","target":{"@type":"EntryPoint","urlTemplate":"https:\/\/camminiditalia.org\/es\/?s={search_term_string}"},"query-input":{"@type":"PropertyValueSpecification","valueRequired":true,"valueName":"search_term_string"}}],"inLanguage":"es"},{"@type":"Organization","@id":"https:\/\/camminiditalia.org\/es\/#organization","name":"Cammini d'Italia srls","url":"https:\/\/camminiditalia.org\/es\/","logo":{"@type":"ImageObject","inLanguage":"es","@id":"https:\/\/camminiditalia.org\/es\/#\/schema\/logo\/image\/","url":"https:\/\/media-camminiditalia.nbg1.your-objectstorage.com\/wp-content\/uploads\/2023\/08\/Risorsa-2-8-e1690918206850.png","contentUrl":"https:\/\/media-camminiditalia.nbg1.your-objectstorage.com\/wp-content\/uploads\/2023\/08\/Risorsa-2-8-e1690918206850.png","width":1076,"height":329,"caption":"Cammini d'Italia srls"},"image":{"@id":"https:\/\/camminiditalia.org\/es\/#\/schema\/logo\/image\/"}}]}},"jetpack_sharing_enabled":true,"_links":{"self":[{"href":"https:\/\/camminiditalia.org\/es\/wp-json\/wp\/v2\/cammini\/55625","targetHints":{"allow":["GET"]}}],"collection":[{"href":"https:\/\/camminiditalia.org\/es\/wp-json\/wp\/v2\/cammini"}],"about":[{"href":"https:\/\/camminiditalia.org\/es\/wp-json\/wp\/v2\/types\/cammini"}],"version-history":[{"count":2,"href":"https:\/\/camminiditalia.org\/es\/wp-json\/wp\/v2\/cammini\/55625\/revisions"}],"predecessor-version":[{"id":89951,"href":"https:\/\/camminiditalia.org\/es\/wp-json\/wp\/v2\/cammini\/55625\/revisions\/89951"}],"wp:featuredmedia":[{"embeddable":true,"href":"https:\/\/camminiditalia.org\/es\/wp-json\/wp\/v2\/media\/82373"}],"wp:attachment":[{"href":"https:\/\/camminiditalia.org\/es\/wp-json\/wp\/v2\/media?parent=55625"}],"wp:term":[{"taxonomy":"category","embeddable":true,"href":"https:\/\/camminiditalia.org\/es\/wp-json\/wp\/v2\/categories?post=55625"}],"curies":[{"name":"wp","href":"https:\/\/api.w.org\/{rel}","templated":true}]}}