
{"id":55723,"date":"2023-04-05T21:53:22","date_gmt":"2023-04-05T19:53:22","guid":{"rendered":"https:\/\/camminiditalia.org\/cammini\/alta-via-delle-grazie\/"},"modified":"2026-04-13T14:09:14","modified_gmt":"2026-04-13T12:09:14","slug":"alta-via-delle-grazie","status":"publish","type":"cammini","link":"https:\/\/camminiditalia.org\/es\/cammini\/alta-via-delle-grazie\/","title":{"rendered":"Alta Via delle Grazie"},"content":{"rendered":"\n<p id=\"scopriletappe\">La ruta<strong>\u00abAlta Via delle Grazie<\/strong>\u00bb es obra de Gabriella Castelli y Giovanni Battista Merelli. Inspir\u00e1ndose en Santiago de Compostela, decidieron que la busqueda, la b\u00fasqueda interior, tambi\u00e9n pod\u00eda emprenderse cerca de casa. Crearon una ruta cuyas etapas incluyen no menos de <strong>18 santuarios marianos<\/strong>, cada uno con una historia maravillosa y un mensaje espiritual por descubrir. El proyecto Alta Via delle Grazie, realizado con la generosa ayuda de varios voluntarios, absolutamente libre de cualquier \u00e1nimo de lucro, pretende descubrir y valorizar una zona de Lombard\u00eda particularmente rica en m\u00faltiples y extraordinarios atractivos, todos ellos encerrados en una ruta circular, que toca la ciudad de B\u00e9rgamo, el Valle Seriana y el Alto Sebino con el Lago de Iseo.   <\/p>\n\n<p id=\"scopriletappe\">Se propone a cualquiera que quiera convertirse en<em>\u00abPeregrino\u00bb<\/em>en busca de la belleza, de forma sencilla y compartible, para una experiencia vital nueva y gratificante. Esperar el primer rayo de sol de la ma\u00f1ana, respirar el aroma del aire puro, en soledad o en compa\u00f1\u00eda, cont\u00e1rselo libremente a un compa\u00f1ero de viaje inesperado, dejarte llevar por el viento, regenerarte en el agua de un arroyo, admirar la belleza del arte, desde los artefactos m\u00e1s sencillos hasta las obras m\u00e1s preciosas, hasta sorprenderte con la calidez de una puerta abierta para darte la bienvenida, finalmente poder expresar y compartir todos estos sentimientos; porque las relaciones son el n\u00facleo del proyecto. <\/p>\n","protected":false},"excerpt":{"rendered":"<p>La ruta\u00abAlta Via delle Grazie\u00bb es obra de Gabriella Castelli y Giovanni Battista Merelli. Inspir\u00e1ndose en Santiago de Compostela, decidieron que la busqueda, la b\u00fasqueda interior, tambi\u00e9n pod\u00eda emprenderse cerca de casa. Crearon una ruta cuyas etapas incluyen no menos de 18 santuarios marianos, cada uno con una historia maravillosa y un mensaje espiritual por &hellip; <a href=\"https:\/\/camminiditalia.org\/es\/cammini\/alta-via-delle-grazie\/\">Continued<\/a><\/p>\n","protected":false},"featured_media":55746,"parent":0,"menu_order":0,"template":"","meta":{"_acf_changed":false,"footnotes":""},"categories":[1937],"class_list":["post-55723","cammini","type-cammini","status-publish","has-post-thumbnail","hentry","category-lombardia-es","regioni-lombardia"],"acf":{"mobile":false,"desktop":false,"app":{"bgImg":{"ID":61844,"id":61844,"title":"VISTA-SANTUARIO-TRINITA-PARRE-2-1-scaled","filename":"VISTA-SANTUARIO-TRINITA-PARRE-2-1-scaled.webp","filesize":237082,"url":"https:\/\/media-camminiditalia.nbg1.your-objectstorage.com\/wp-content\/uploads\/2023\/04\/VISTA-SANTUARIO-TRINITA-PARRE-2-1-scaled-scaled.webp","link":"https:\/\/camminiditalia.org\/es\/cammini\/alta-via-delle-grazie\/vista-santuario-trinita-parre-2-1-2\/vista-santuario-trinita-parre-2-1-scaled-2\/","alt":"","author":"0","description":"","caption":"","name":"vista-santuario-trinita-parre-2-1-scaled-2","status":"inherit","uploaded_to":55745,"date":"2023-04-05 20:24:33","modified":"2023-04-05 20:24:33","menu_order":0,"mime_type":"image\/webp","type":"image","subtype":"webp","icon":"https:\/\/camminiditalia.org\/wp-includes\/images\/media\/default.png","width":2560,"height":1707,"sizes":{"thumbnail":"https:\/\/media-camminiditalia.nbg1.your-objectstorage.com\/wp-content\/uploads\/2023\/04\/VISTA-SANTUARIO-TRINITA-PARRE-2-1-scaled-150x150.webp","thumbnail-width":150,"thumbnail-height":150,"medium":"https:\/\/media-camminiditalia.nbg1.your-objectstorage.com\/wp-content\/uploads\/2023\/04\/VISTA-SANTUARIO-TRINITA-PARRE-2-1-scaled-300x200.webp","medium-width":300,"medium-height":200,"medium_large":"https:\/\/media-camminiditalia.nbg1.your-objectstorage.com\/wp-content\/uploads\/2023\/04\/VISTA-SANTUARIO-TRINITA-PARRE-2-1-scaled-768x512.webp","medium_large-width":768,"medium_large-height":512,"large":"https:\/\/media-camminiditalia.nbg1.your-objectstorage.com\/wp-content\/uploads\/2023\/04\/VISTA-SANTUARIO-TRINITA-PARRE-2-1-scaled-1024x683.webp","large-width":1024,"large-height":683,"1536x1536":"https:\/\/media-camminiditalia.nbg1.your-objectstorage.com\/wp-content\/uploads\/2023\/04\/VISTA-SANTUARIO-TRINITA-PARRE-2-1-scaled-1536x1024.webp","1536x1536-width":1536,"1536x1536-height":1024,"2048x2048":"https:\/\/media-camminiditalia.nbg1.your-objectstorage.com\/wp-content\/uploads\/2023\/04\/VISTA-SANTUARIO-TRINITA-PARRE-2-1-scaled-2048x1365.webp","2048x2048-width":2048,"2048x2048-height":1365,"tc_all_events_image":"https:\/\/media-camminiditalia.nbg1.your-objectstorage.com\/wp-content\/uploads\/2023\/04\/VISTA-SANTUARIO-TRINITA-PARRE-2-1-scaled-scaled.webp","tc_all_events_image-width":1020,"tc_all_events_image-height":680,"woocommerce_thumbnail":"https:\/\/media-camminiditalia.nbg1.your-objectstorage.com\/wp-content\/uploads\/2023\/04\/VISTA-SANTUARIO-TRINITA-PARRE-2-1-scaled-300x300.webp","woocommerce_thumbnail-width":300,"woocommerce_thumbnail-height":300,"woocommerce_single":"https:\/\/media-camminiditalia.nbg1.your-objectstorage.com\/wp-content\/uploads\/2023\/04\/VISTA-SANTUARIO-TRINITA-PARRE-2-1-scaled-600x400.webp","woocommerce_single-width":600,"woocommerce_single-height":400,"woocommerce_gallery_thumbnail":"https:\/\/media-camminiditalia.nbg1.your-objectstorage.com\/wp-content\/uploads\/2023\/04\/VISTA-SANTUARIO-TRINITA-PARRE-2-1-scaled-100x100.webp","woocommerce_gallery_thumbnail-width":100,"woocommerce_gallery_thumbnail-height":100}},"title":"\u00a1Descubre nuestra app!","text":"<p>Con la aplicaci\u00f3n gratuita Cammino d&#8217;Italia, puedes planificar y recorrer la Alta Via delle Grazie con total seguridad, pudiendo planificar las etapas al detalle y seguir la ruta gracias a la tecnolog\u00eda GPS integrada que te ayuda a orientarte durante tu aventura.<\/p>\n<p>\u00a0<\/p>\n<p>Dentro de la app encontrar\u00e1s muchos otros caminos de Italia. Gracias a los tracks georreferenciados de muchas rutas, podr\u00e1s estudiar la ruta que m\u00e1s te convenga y descargarte tambi\u00e9n offline los tracks GPX de las etapas individuales. <\/p>\n<p>\u00a0<\/p>\n<p>La aplicaci\u00f3n tambi\u00e9n incluye un mapa digital completo de todos los senderos estudiados hasta la fecha en nuestro portal, lo que te ofrece una amplia gama de elecci\u00f3n entre los numerosos senderos de Italia.<\/p>\n<p>\u00a0<\/p>\n<p>Cammini d&#8217;Italia es la aplicaci\u00f3n perfecta para quienes desean explorar la belleza de Italia a pie, descubriendo lugares ocultos rodeados de naturaleza. \u00a1Desc\u00e1rgatela gratis hoy mismo y empieza a planificar tu pr\u00f3xima aventura! <\/p>\n<p>\u2800<\/p>\n<p>\u2800<\/p>\n<p><a href=\"https:\/\/apps.apple.com\/it\/app\/cammini-di-italia\/id1643119047\" target=\"_blank\" rel=\"noopener\"><img loading=\"lazy\" decoding=\"async\" class=\"alignnone wp-image-23502\" src=\"https:\/\/camminiditalia.org\/wp-content\/uploads\/s3fra1:\/\/camministorage\/wp-content\/uploads\/2023\/04\/apple-300x95.png\" alt=\"\" width=\"190\" height=\"60\" srcset=\"https:\/\/media-camminiditalia.nbg1.your-objectstorage.com\/wp-content\/uploads\/2023\/04\/apple-300x95.png 300w, https:\/\/media-camminiditalia.nbg1.your-objectstorage.com\/wp-content\/uploads\/2023\/04\/apple.png 600w, https:\/\/media-camminiditalia.nbg1.your-objectstorage.com\/wp-content\/uploads\/2023\/04\/apple-1024x323.png 1024w, https:\/\/media-camminiditalia.nbg1.your-objectstorage.com\/wp-content\/uploads\/2023\/04\/apple-768x242.png 768w, https:\/\/media-camminiditalia.nbg1.your-objectstorage.com\/wp-content\/uploads\/2023\/04\/apple.png 1109w\" sizes=\"auto, (max-width: 190px) 100vw, 190px\" \/><\/a>  \u2800\u2800\u2800<a href=\"https:\/\/play.google.com\/store\/apps\/details?id=it.webmapp.cammini&#038;hl=en_US\" target=\"_blank\" rel=\"noopener\"><img loading=\"lazy\" decoding=\"async\" class=\"alignnone wp-image-23503\" src=\"https:\/\/camminiditalia.org\/wp-content\/uploads\/s3fra1:\/\/camministorage\/wp-content\/uploads\/2023\/04\/google-play-300x93.png\" alt=\"\" width=\"193\" height=\"60\" srcset=\"https:\/\/media-camminiditalia.nbg1.your-objectstorage.com\/wp-content\/uploads\/2023\/04\/google-play-300x93.png 300w, https:\/\/media-camminiditalia.nbg1.your-objectstorage.com\/wp-content\/uploads\/2023\/04\/google-play.png 600w, https:\/\/media-camminiditalia.nbg1.your-objectstorage.com\/wp-content\/uploads\/2023\/04\/google-play-1024x318.png 1024w, https:\/\/media-camminiditalia.nbg1.your-objectstorage.com\/wp-content\/uploads\/2023\/04\/google-play-768x239.png 768w, https:\/\/media-camminiditalia.nbg1.your-objectstorage.com\/wp-content\/uploads\/2023\/04\/google-play.png 1106w\" sizes=\"auto, (max-width: 193px) 100vw, 193px\" \/><\/a><\/p>\n","img":{"ID":63484,"id":63484,"title":"App Cammini d'Italia","filename":"app-scontornata.png","filesize":156691,"url":"https:\/\/media-camminiditalia.nbg1.your-objectstorage.com\/wp-content\/uploads\/2023\/08\/app-scontornata.png","link":"https:\/\/camminiditalia.org\/es\/cammini\/alta-via-delle-grazie\/app-scontornata-2\/","alt":"App Cammini d'Italia","author":"2","description":"App Cammini d'Italia","caption":"App Cammini d'Italia","name":"app-scontornata-2","status":"inherit","uploaded_to":55723,"date":"2023-08-28 16:27:18","modified":"2025-06-25 09:32:33","menu_order":0,"mime_type":"image\/png","type":"image","subtype":"png","icon":"https:\/\/camminiditalia.org\/wp-includes\/images\/media\/default.png","width":800,"height":1000,"sizes":{"thumbnail":"https:\/\/media-camminiditalia.nbg1.your-objectstorage.com\/wp-content\/uploads\/2023\/08\/app-scontornata-150x150.png","thumbnail-width":150,"thumbnail-height":150,"medium":"https:\/\/media-camminiditalia.nbg1.your-objectstorage.com\/wp-content\/uploads\/2023\/08\/app-scontornata-240x300.png","medium-width":240,"medium-height":300,"medium_large":"https:\/\/media-camminiditalia.nbg1.your-objectstorage.com\/wp-content\/uploads\/2023\/08\/app-scontornata-768x960.png","medium_large-width":768,"medium_large-height":960,"large":"https:\/\/media-camminiditalia.nbg1.your-objectstorage.com\/wp-content\/uploads\/2023\/08\/app-scontornata.png","large-width":800,"large-height":1000,"1536x1536":"https:\/\/media-camminiditalia.nbg1.your-objectstorage.com\/wp-content\/uploads\/2023\/08\/app-scontornata.png","1536x1536-width":800,"1536x1536-height":1000,"2048x2048":"https:\/\/media-camminiditalia.nbg1.your-objectstorage.com\/wp-content\/uploads\/2023\/08\/app-scontornata.png","2048x2048-width":800,"2048x2048-height":1000,"tc_all_events_image":"https:\/\/media-camminiditalia.nbg1.your-objectstorage.com\/wp-content\/uploads\/2023\/08\/app-scontornata.png","tc_all_events_image-width":544,"tc_all_events_image-height":680,"woocommerce_thumbnail":"https:\/\/media-camminiditalia.nbg1.your-objectstorage.com\/wp-content\/uploads\/2023\/08\/app-scontornata-300x300.png","woocommerce_thumbnail-width":300,"woocommerce_thumbnail-height":300,"woocommerce_single":"https:\/\/media-camminiditalia.nbg1.your-objectstorage.com\/wp-content\/uploads\/2023\/08\/app-scontornata-600x750.png","woocommerce_single-width":600,"woocommerce_single-height":750,"woocommerce_gallery_thumbnail":"https:\/\/media-camminiditalia.nbg1.your-objectstorage.com\/wp-content\/uploads\/2023\/08\/app-scontornata-100x100.png","woocommerce_gallery_thumbnail-width":100,"woocommerce_gallery_thumbnail-height":100}},"linkBtn":{"title":"","url":"","target":"","0":""},"textBtn":""},"diaries":{"diary":false},"gallery":{"images":[{"img":{"ID":55749,"id":55749,"title":"IMG_6700 (1)","filename":"IMG_6700-1.jpg","filesize":755240,"url":"https:\/\/media-camminiditalia.nbg1.your-objectstorage.com\/wp-content\/uploads\/2023\/04\/IMG_6700-1-scaled.jpg","link":"https:\/\/camminiditalia.org\/es\/cammini\/alta-via-delle-grazie\/img_6700-1-2\/","alt":"","author":"2","description":"","caption":"Tappa 1 - Alta Via delle Grazie","name":"img_6700-1-2","status":"inherit","uploaded_to":55723,"date":"2024-06-24 13:20:33","modified":"2024-06-24 13:20:33","menu_order":0,"mime_type":"image\/jpeg","type":"image","subtype":"jpeg","icon":"https:\/\/camminiditalia.org\/wp-includes\/images\/media\/default.png","width":2560,"height":1707,"sizes":{"thumbnail":"https:\/\/media-camminiditalia.nbg1.your-objectstorage.com\/wp-content\/uploads\/2023\/04\/IMG_6700-1-150x150.jpg","thumbnail-width":150,"thumbnail-height":150,"medium":"https:\/\/media-camminiditalia.nbg1.your-objectstorage.com\/wp-content\/uploads\/2023\/04\/IMG_6700-1-300x200.jpg","medium-width":300,"medium-height":200,"medium_large":"https:\/\/media-camminiditalia.nbg1.your-objectstorage.com\/wp-content\/uploads\/2023\/04\/IMG_6700-1-768x512.jpg","medium_large-width":768,"medium_large-height":512,"large":"https:\/\/media-camminiditalia.nbg1.your-objectstorage.com\/wp-content\/uploads\/2023\/04\/IMG_6700-1-1024x683.jpg","large-width":1024,"large-height":683,"1536x1536":"https:\/\/media-camminiditalia.nbg1.your-objectstorage.com\/wp-content\/uploads\/2023\/04\/IMG_6700-1-1536x1024.jpg","1536x1536-width":1536,"1536x1536-height":1024,"2048x2048":"https:\/\/media-camminiditalia.nbg1.your-objectstorage.com\/wp-content\/uploads\/2023\/04\/IMG_6700-1-2048x1365.jpg","2048x2048-width":2048,"2048x2048-height":1365,"tc_all_events_image":"https:\/\/media-camminiditalia.nbg1.your-objectstorage.com\/wp-content\/uploads\/2023\/04\/IMG_6700-1-1100x680.jpg","tc_all_events_image-width":1100,"tc_all_events_image-height":680,"woocommerce_thumbnail":"https:\/\/media-camminiditalia.nbg1.your-objectstorage.com\/wp-content\/uploads\/2023\/04\/IMG_6700-1-300x300.jpg","woocommerce_thumbnail-width":300,"woocommerce_thumbnail-height":300,"woocommerce_single":"https:\/\/media-camminiditalia.nbg1.your-objectstorage.com\/wp-content\/uploads\/2023\/04\/IMG_6700-1-600x400.jpg","woocommerce_single-width":600,"woocommerce_single-height":400,"woocommerce_gallery_thumbnail":"https:\/\/media-camminiditalia.nbg1.your-objectstorage.com\/wp-content\/uploads\/2023\/04\/IMG_6700-1-100x100.jpg","woocommerce_gallery_thumbnail-width":100,"woocommerce_gallery_thumbnail-height":100}}},{"img":{"ID":55748,"id":55748,"title":"VALPIANA (2) (1) (1)","filename":"VALPIANA-2-1-1.jpg","filesize":207518,"url":"https:\/\/media-camminiditalia.nbg1.your-objectstorage.com\/wp-content\/uploads\/2023\/04\/VALPIANA-2-1-1-scaled.jpg","link":"https:\/\/camminiditalia.org\/es\/cammini\/alta-via-delle-grazie\/valpiana-2-1-1-2\/","alt":"","author":"2","description":"","caption":"Valpiana - Tappa 11","name":"valpiana-2-1-1-2","status":"inherit","uploaded_to":55723,"date":"2024-06-24 13:14:32","modified":"2024-06-24 13:14:32","menu_order":0,"mime_type":"image\/jpeg","type":"image","subtype":"jpeg","icon":"https:\/\/camminiditalia.org\/wp-includes\/images\/media\/default.png","width":2560,"height":1707,"sizes":{"thumbnail":"https:\/\/media-camminiditalia.nbg1.your-objectstorage.com\/wp-content\/uploads\/2023\/04\/VALPIANA-2-1-1-150x150.jpg","thumbnail-width":150,"thumbnail-height":150,"medium":"https:\/\/media-camminiditalia.nbg1.your-objectstorage.com\/wp-content\/uploads\/2023\/04\/VALPIANA-2-1-1-300x200.jpg","medium-width":300,"medium-height":200,"medium_large":"https:\/\/media-camminiditalia.nbg1.your-objectstorage.com\/wp-content\/uploads\/2023\/04\/VALPIANA-2-1-1-768x512.jpg","medium_large-width":768,"medium_large-height":512,"large":"https:\/\/media-camminiditalia.nbg1.your-objectstorage.com\/wp-content\/uploads\/2023\/04\/VALPIANA-2-1-1-1024x683.jpg","large-width":1024,"large-height":683,"1536x1536":"https:\/\/media-camminiditalia.nbg1.your-objectstorage.com\/wp-content\/uploads\/2023\/04\/VALPIANA-2-1-1-1536x1024.jpg","1536x1536-width":1536,"1536x1536-height":1024,"2048x2048":"https:\/\/media-camminiditalia.nbg1.your-objectstorage.com\/wp-content\/uploads\/2023\/04\/VALPIANA-2-1-1-2048x1365.jpg","2048x2048-width":2048,"2048x2048-height":1365,"tc_all_events_image":"https:\/\/media-camminiditalia.nbg1.your-objectstorage.com\/wp-content\/uploads\/2023\/04\/VALPIANA-2-1-1-1100x680.jpg","tc_all_events_image-width":1100,"tc_all_events_image-height":680,"woocommerce_thumbnail":"https:\/\/media-camminiditalia.nbg1.your-objectstorage.com\/wp-content\/uploads\/2023\/04\/VALPIANA-2-1-1-300x300.jpg","woocommerce_thumbnail-width":300,"woocommerce_thumbnail-height":300,"woocommerce_single":"https:\/\/media-camminiditalia.nbg1.your-objectstorage.com\/wp-content\/uploads\/2023\/04\/VALPIANA-2-1-1-600x400.jpg","woocommerce_single-width":600,"woocommerce_single-height":400,"woocommerce_gallery_thumbnail":"https:\/\/media-camminiditalia.nbg1.your-objectstorage.com\/wp-content\/uploads\/2023\/04\/VALPIANA-2-1-1-100x100.jpg","woocommerce_gallery_thumbnail-width":100,"woocommerce_gallery_thumbnail-height":100}}}]},"guide":{"text":"<h2><strong>ALTA VIA DELLE GRAZIE<\/strong><\/h2>\n<p><strong>De B\u00e9rgamo a las monta\u00f1as y vuelta: una aventura en bucle de siete o trece d\u00edas para explorar todo el Valle Seriana.<\/strong><\/p>\n<p>Un viaje que enlaza pueblos y puertos, redescubriendo la espiritualidad preservada en los bosques, entre las rocas y en el silencio, y visitando los santuarios m\u00e1s significativos de la Orobie bergamasca. Un viaje que celebra la devoci\u00f3n, las tradiciones alpinas y la belleza de una naturaleza extraordinaria, enriquecido cada noche por la aut\u00e9ntica acogida de los peregrinos. <\/p>\n<p>Una oportunidad especial para descubrir B\u00e9rgamo, Capital Italiana de la Cultura 2023 junto con Brescia, y sumergirte en los verdes paisajes de sus valles. Completo con toda la informaci\u00f3n necesaria: mapas detallados, altimetr\u00eda, desniveles, descripciones de senderos y lugares de inter\u00e9s, as\u00ed como sugerencias de hospitalidad. <\/p>\n<p>Para quienes dispongan de menos tiempo, es posible abordar el itinerario en s\u00f3lo una semana, eligiendo etapas m\u00e1s cortas y desniveles reducidos, sin renunciar a la magia de la<strong><a href=\"https:\/\/camminiditalia.org\/cammini\/alta-via-delle-grazie\/\">Alta V\u00eda<\/a>.<\/strong><\/p>\n<p>\u00a0<\/p>\n","img":{"ID":55747,"id":55747,"title":"CVR-L-Alta-Via-delle-Grazie_RGB (2) (1)","filename":"CVR-L-Alta-Via-delle-Grazie_RGB-2-1.jpg","filesize":1624206,"url":"https:\/\/media-camminiditalia.nbg1.your-objectstorage.com\/wp-content\/uploads\/2023\/04\/CVR-L-Alta-Via-delle-Grazie_RGB-2-1.jpg","link":"https:\/\/camminiditalia.org\/es\/cammini\/alta-via-delle-grazie\/cvr-l-alta-via-delle-grazie_rgb-2-1-3\/","alt":"","author":"2","description":"","caption":"","name":"cvr-l-alta-via-delle-grazie_rgb-2-1-3","status":"inherit","uploaded_to":55723,"date":"2023-09-08 07:37:05","modified":"2023-09-08 07:37:05","menu_order":0,"mime_type":"image\/jpeg","type":"image","subtype":"jpeg","icon":"https:\/\/camminiditalia.org\/wp-includes\/images\/media\/default.png","width":1000,"height":1795,"sizes":{"thumbnail":"https:\/\/media-camminiditalia.nbg1.your-objectstorage.com\/wp-content\/uploads\/2023\/04\/CVR-L-Alta-Via-delle-Grazie_RGB-2-1-150x150.jpg","thumbnail-width":150,"thumbnail-height":150,"medium":"https:\/\/media-camminiditalia.nbg1.your-objectstorage.com\/wp-content\/uploads\/2023\/04\/CVR-L-Alta-Via-delle-Grazie_RGB-2-1-167x300.jpg","medium-width":167,"medium-height":300,"medium_large":"https:\/\/media-camminiditalia.nbg1.your-objectstorage.com\/wp-content\/uploads\/2023\/04\/CVR-L-Alta-Via-delle-Grazie_RGB-2-1-768x1379.jpg","medium_large-width":768,"medium_large-height":1379,"large":"https:\/\/media-camminiditalia.nbg1.your-objectstorage.com\/wp-content\/uploads\/2023\/04\/CVR-L-Alta-Via-delle-Grazie_RGB-2-1-570x1024.jpg","large-width":570,"large-height":1024,"1536x1536":"https:\/\/media-camminiditalia.nbg1.your-objectstorage.com\/wp-content\/uploads\/2023\/04\/CVR-L-Alta-Via-delle-Grazie_RGB-2-1-856x1536.jpg","1536x1536-width":856,"1536x1536-height":1536,"2048x2048":"https:\/\/media-camminiditalia.nbg1.your-objectstorage.com\/wp-content\/uploads\/2023\/04\/CVR-L-Alta-Via-delle-Grazie_RGB-2-1.jpg","2048x2048-width":1000,"2048x2048-height":1795,"tc_all_events_image":"https:\/\/media-camminiditalia.nbg1.your-objectstorage.com\/wp-content\/uploads\/2023\/04\/CVR-L-Alta-Via-delle-Grazie_RGB-2-1.jpg","tc_all_events_image-width":379,"tc_all_events_image-height":680,"woocommerce_thumbnail":"https:\/\/media-camminiditalia.nbg1.your-objectstorage.com\/wp-content\/uploads\/2023\/04\/CVR-L-Alta-Via-delle-Grazie_RGB-2-1-300x300.jpg","woocommerce_thumbnail-width":300,"woocommerce_thumbnail-height":300,"woocommerce_single":"https:\/\/media-camminiditalia.nbg1.your-objectstorage.com\/wp-content\/uploads\/2023\/04\/CVR-L-Alta-Via-delle-Grazie_RGB-2-1-600x1077.jpg","woocommerce_single-width":600,"woocommerce_single-height":1077,"woocommerce_gallery_thumbnail":"https:\/\/media-camminiditalia.nbg1.your-objectstorage.com\/wp-content\/uploads\/2023\/04\/CVR-L-Alta-Via-delle-Grazie_RGB-2-1-100x100.jpg","woocommerce_gallery_thumbnail-width":100,"woocommerce_gallery_thumbnail-height":100}},"linkBtn":{"title":"","url":"https:\/\/camminiditalia.shop\/product\/guida-alta-via-delle-grazie\/","target":""},"textBtn":"\u00a1COMPRAR AHORA!"},"maps":{"map":"<p><iframe loading=\"lazy\" style=\"border: none; overflow: hidden;\" src=\"https:\/\/1.camminiditalia.webmapp.it\/map?layer=55\" width=\"100%\" height=\"800\" scrolling=\"no\"><\/iframe><\/p>\n","url":""},"modal":{"modals":[{"status":false,"title":"SE\u00d1ALIZACI\u00d3N","text":"<p>Se\u00f1alizaci\u00f3n a lo largo de la ruta: flecha azul con el logotipo de la ruta<\/p>\n"},{"status":false,"title":"LOG\u00cdSTICA Y TRANSPORTE","text":"<p>La Alta Via delle Grazie parte de la Baja B\u00e9rgamo, comienza en la Iglesia de Santa Maria delle Grazie, y se desarrolla en bucle por el Valle Seriana y el Alto Sebino, para regresar finalmente a B\u00e9rgamo, llegando a la Bas\u00edlica de Santa Maria Maggiore, en la Ciudad Alta. Esto hace que la organizaci\u00f3n del viaje sea bastante c\u00f3moda, porque la salida y la vuelta se hacen en la misma ciudad. <\/p>\n<h3><strong>C\u00d3MO LLEGAR A B\u00c9RGAMO<\/strong><\/h3>\n<p><strong>EN COCHE<\/strong><\/p>\n<p>B\u00e9rgamo es f\u00e1cilmente accesible en coche por la autopista A4 Mil\u00e1n-Venecia, as\u00ed como por la red de carreteras ordinarias de la zona. Para quienes deseen dejar el coche y comenzar el paseo sin m\u00e1s desplazamientos, son convenientes el aparcamiento de la estaci\u00f3n de autobuses, cerca de la estaci\u00f3n de autobuses, los aparcamientos de la zona del cementerio monumental de Via Pirovano, o los aparcamientos de Via Codussi y de la zona de Monterosso, sobre todo para quienes prefieran interceptar m\u00e1s r\u00e1pidamente los tramos del paseo sin atravesar por completo la ciudad baja. <\/p>\n<p><strong>EN TREN<\/strong><\/p>\n<p>B\u00e9rgamo est\u00e1 bien comunicada con la red nacional de ferrocarriles y se puede llegar f\u00e1cilmente en trenes regionales y, en algunas rutas, tambi\u00e9n en conexiones r\u00e1pidas. La estaci\u00f3n de ferrocarril de B\u00e9rgamo est\u00e1 muy bien situada con respecto a los desplazamientos a pie: desde la estaci\u00f3n se puede llegar a la Chiesa delle Grazie en unos 10 minutos a pie. En la misma zona de la estaci\u00f3n se encuentran tambi\u00e9n la terminal de autobuses, la terminal TEB y otros servicios \u00fatiles para la movilidad urbana y extraurbana.  <\/p>\n<p><strong>EN AUTOB\u00daS<\/strong><\/p>\n<p>Tambi\u00e9n se puede llegar f\u00e1cilmente a B\u00e9rgamo en autob\u00fas, incluidas las conexiones de larga distancia como las que opera FlixBus. Tambi\u00e9n en este caso, la principal ventaja es la concentraci\u00f3n de servicios: la estaci\u00f3n de autobuses y la de ferrocarril est\u00e1n reunidas en la misma zona, lo que facilita mucho el traslado al punto de partida. <\/p>\n<p><strong>POR AIRE<\/strong><\/p>\n<p>El aeropuerto de referencia es el de Mil\u00e1n B\u00e9rgamo &#8211; Orio al Serio, que est\u00e1 conectado con la ciudad mediante el Autob\u00fas del Aeropuerto, con trayectos frecuentes cada 20 minutos aproximadamente. La conexi\u00f3n dura unos 20 minutos hasta la estaci\u00f3n de B\u00e9rgamo, lo que facilita mucho la llegada a los que vienen de otras regiones o del extranjero. Desde la estaci\u00f3n puedes ir andando hasta la Chiesa delle Grazie.  <\/p>\n<p>Como la Alta Via delle Grazie es una ruta circular, al final del itinerario volvemos a B\u00e9rgamo. La conclusi\u00f3n del itinerario est\u00e1 en la Ciudad Alta, en la Bas\u00edlica de Santa Maria Maggiore. Desde aqu\u00ed, para volver a la estaci\u00f3n de tren y, por tanto, al punto de partida en la Baja B\u00e9rgamo, puedes bajar en funicular, utilizar los autobuses urbanos u optar por continuar a pie por las escaleras tradicionales que conectan la Ciudad Alta y la Baja. Una vez de vuelta en el centro, se llega f\u00e1cilmente a la estaci\u00f3n.   <\/p>\n<h3><strong>C\u00d3MO VOLVER A EMPEZAR DESDE B\u00c9RGAMO<\/strong><\/h3>\n<p>Una vez de vuelta en B\u00e9rgamo Bassa, podr\u00e1s reanudar f\u00e1cilmente el viaje gracias a la proximidad de la estaci\u00f3n de ferrocarril, la estaci\u00f3n de autobuses y las conexiones con el aeropuerto. Esto hace que el viaje sea especialmente f\u00e1cil incluso para quienes llegan sin coche o necesitan organizar un viaje de vuelta inmediato al final de la \u00faltima etapa. <\/p>\n<h3><strong>TRANSPORTE LOCAL A LO LARGO DE LA RUTA<\/strong><\/h3>\n<p>Para los desplazamientos intermedios o los regresos parciales, la marcha tambi\u00e9n puede contar con una \u00fatil red de transporte local, especialmente en el Valle del Seriana. Los servicios est\u00e1n operados en particular por Arriva, con conexiones que dan servicio al Valle Seriana inferior, medio y superior, y pueden resultar pr\u00e1cticos en caso de necesidades organizativas o cambios en el programa de viaje. <\/p>\n"},{"status":false,"title":"PELIGROS","text":"<p>Al tratarse de una caminata puramente monta\u00f1era, es aconsejable tener una buena preparaci\u00f3n f\u00edsica y un m\u00ednimo de experiencia caminando a gran altura, as\u00ed como un equipo adecuado, aunque no haya ferratas ni otros pasos t\u00edpicos del alpinismo.<\/p>\n<p>En primavera y oto\u00f1o, conviene informarse sobre la transitabilidad del paso de Della Manina, que puede estar cubierto de nieve, sobre todo a<br \/>\nprincipios de temporada.<\/p>\n<p>Recomendamos organizar la caminata entre mayo y octubre.<\/p>\n"},{"status":false,"title":"EN CARPA","text":"<p>\u00bfSe puede hacer? S\u00ed<br \/>\n\u00bfSe necesita autorizaci\u00f3n?  No<\/p>\n<p>La informaci\u00f3n fue facilitada por la entidad gestora de la marcha. Para m\u00e1s informaci\u00f3n al respecto, env\u00eda un correo electr\u00f3nico a <a href=\"mailto:altaviadellegrazie@gmail.com\">altaviadellegrazie@gmail.com.<\/a> <\/p>\n"},{"status":false,"title":"FONDO DEL CAMINO ","text":"<p>40% asfalto<\/p>\n"},{"status":false,"title":"CREDENCIAL Y TESTIMONIO","text":"<h3><strong>CREDENCIAL<\/strong><\/h3>\n<p>La Alta Via delle Grazie tiene su propia credencial.<\/p>\n<p>La Credencial es el documento fundamental del Peregrino. Representa el \u00abPasaporte del Peregrino\u00bb,<br \/>\ncertificando la identidad y las motivaciones. El Peregrino debe llevarla consigo para ser identificado como tal y<br \/>\ntener acceso a las instalaciones de acogida habilitadas a lo largo de la ruta. Recibir\u00e1 un sello en las oficinas de turismo<br \/>\n, instalaciones de alojamiento y avituallamiento, parroquias, hasta la finalizaci\u00f3n de la caminata. Muchas instalaciones acogen a los peregrinos con la Credencial solicitando una simple oferta, que sirve para sufragar los gastos de funcionamiento; en otros casos, cuando se trata de instalaciones de alojamiento que ofrecen m\u00e1s servicios, suelen aplicarse reducciones.    <\/p>\n<p>Para recoger la credencial, ponte en contacto previamente con la Iglesia de Santa Maria delle Grazie en Viale Papa Giovanni XXIII,llamando por tel\u00e9fono a Don Valentino al +39 3335793798<\/p>\n<p><a href=\"https:\/\/camminiditalia.org\/credenziale-del-camminatore\/\">\u00bfQu\u00e9 es la credencial? Lee el art\u00edculo completo.   <\/a><\/p>\n<p>Puedes solicitarlo a <a href=\"http:\/\/www.altaviadellegrazie.com\">www.altaviadellegrazie.com <\/a>y enviarlo por correo postal.<\/p>\n<p>La credencial se expide contra una oferta gratuita.<br \/>\n<a href=\"https:\/\/www.altaviadellegrazie.com\/copia-di-la-credenziale-the-credent\">https:\/\/www.altaviadellegrazie.com\/copia-di-la-credenziale-the-credent<\/a><\/p>\n<h3><strong>TESTIMONIO<\/strong><\/h3>\n<p><span class=\"style_1711973506701\">Con la credencial podr\u00e1s entrar gratuitamente en la Bas\u00edlica de Santa Maria Maggiore de B\u00e9rgamo Alta y recoger el <\/span><a href=\"https:\/\/www.altaviadellegrazie.com\/riconoscimento-ufficiale-la-grazia\"><i><span class=\"style_1711973506701\">testimonio<\/span><\/i><\/a><span class=\"style_1711973506701\"> que certifica la realizaci\u00f3n del viaje (gratuito).<\/span><\/p>\n<p>\u00a0<\/p>\n"},{"status":false,"title":"AGUA","text":"<p><strong>ETAPA 1:<\/strong><\/p>\n<p>Se encuentra en los pueblos de Olera, Monte di Nese y Santuario del Perello.<\/p>\n<p><strong>ETAPA 2:<\/strong><\/p>\n<p>Puedes encontrar agua potable en Val de Gru y Valle Vertova.<\/p>\n<p><strong>ETAPA 3:<\/strong><\/p>\n<p class=\"font_8\">Se encuentra en Bondo di Colzate y en Chignolo d&#8217; Oneta. En el bar-restaurante Poli es posible hacer una parada para descansar (acuerdo para peregrinos y posibilidad de sellar la credencial). <\/p>\n<p><strong>ETAPA 4: <\/strong><\/p>\n<p class=\"font_8\">Se encuentra en la Plazza, cerca de la iglesia.<\/p>\n<p class=\"font_8\">Despu\u00e9s de aproximadamente 1 hora de marcha hasta el Puerto de Zambla, desayuno y avituallamiento en el Centro Sportivo Valle (convenci\u00f3n para peregrinos).<\/p>\n<p><strong>ETAPA 5: <\/strong><\/p>\n<p>Se encuentra en el sendero cercano a la iglesia de San Giacomo e Vincenzo de Gromo, cerca de la iglesia de San Lorenzo de Valbondione.<\/p>\n<p><strong>ETAPA 6: <\/strong><\/p>\n<p>Se encuentra en Val Sedornia<\/p>\n<p><strong>ETAPA 7:<\/strong><\/p>\n<p>Posibilidad de encontrar bares y restaurantes al pasar por varios pueblos.<\/p>\n<p><strong>ETAPA 8:<\/strong><\/p>\n<p>Posibilidad de encontrar bares y restaurantes a tu paso por varios pueblos<\/p>\n<p><strong>ETAPA 9:<\/strong><\/p>\n<p class=\"font_8\">Se puede encontrar en Rusio, en la plaza de Onore. A lo largo de los pueblos hay posibilidades de refrescarse en los diversos bares &#8211; restaurantes <\/p>\n<p><strong>ETAPA 10:<\/strong><\/p>\n<p>Se encuentra en Lovere, en la fuente cercana al Convento de los Frailes Capuchinos y en el pueblo hist\u00f3rico ambos de Lovere.<\/p>\n<p><strong>ETAPA 11:<\/strong><\/p>\n<p><strong>ETAPA 12:<\/strong><\/p>\n<p><strong>ETAPA 13:<\/strong><\/p>\n<p>\u00a0<\/p>\n"},{"status":false,"title":"CONTACTOS","text":"<p>P\u00e1gina web: <a href=\"https:\/\/www.altaviadellegrazie.com\/\">https:\/\/www.altaviadellegrazie.com\/<\/a><br \/>\nCorreo electr\u00f3nico: <a href=\"mailto:altaviadellegrazie@gmail.com\">altaviadellegrazie@gmail.com<\/a> &#8211; <a href=\"mailto:altaviadellegrazieinbici@gmail.com\">altaviadellegrazieinbici@gmail.com<\/a><br \/>\nFacebook: <a href=\"https:\/\/www.facebook.com\/altaviadellegrazie\/\">https:\/\/www.facebook.com\/altaviadellegrazie\/<\/a><br \/>\nInstagram: <a href=\"https:\/\/www.instagram.com\/altaviadellegrazie\/\">https:\/\/www.instagram.com\/altaviadellegrazie\/<\/a><\/p>\n"}]},"pagePoster":{"title":"Alta Via delle Grazie","text":"<p>Una ruta circular en el coraz\u00f3n or\u00f3bico de Lombard\u00eda, desde B\u00e9rgamo hasta los lugares m\u00e1s sugestivos del Valle Seriana y el Alto Sebino. Santuarios, iglesias, senderos, naturaleza, arte, gastronom\u00eda y hospitalidad en el magn\u00edfico teatro natural del r\u00edo Serio. <\/p>\n<p>\u00a0<\/p>\n","linkBtn":{"title":"","url":"#scopriletappe","target":""},"textBtn":"DESCUBRE LAS ETAPAS"},"podcasts":{"podcast":false,"link":null},"poster":false,"read_also_posts":{"read_also":[{"ID":73170,"post_author":"11","post_date":"2025-08-12 13:41:57","post_date_gmt":"2025-08-12 11:41:57","post_content":"<!-- wp:paragraph -->\n<p><em>L\u2019Alta Via Delle Grazie, cammino ad anello nelle Orobie bergamasche, valorizza l\u2019ospitalit\u00e0 a donativo come parte integrante dell\u2019esperienza del pellegrino, grazie all\u2019impegno di volontari, religiosi e famiglie locali<\/em> <em>che vivono l'accoglienza come un'esperienza in grado di trasformarli e di viaggiare stando fermi<\/em><\/p>\n<!-- \/wp:paragraph -->\n\n<!-- wp:paragraph -->\n<p><br>Quante volte hai letto <strong>le testimonianze di chi cammina,<\/strong> e hai raccontato le tue? Quante, chilometro dopo chilometro hai raccolto storie che poi hai riportato a casa? Ma in ogni viaggio e in ogni Cammino c\u2019\u00e8 anche<strong> il punto di vista di chi accoglie<\/strong> e di chi resta. E questo non accade solo nel pi\u00f9 famoso <strong>Cammino di Santiago de Compostela<\/strong>, dove le esperienze degli <em>hospitaleros<\/em> si tramandano e diventano storia, per chi era solo di passaggio e per chi ha scelto a sua volta di rimanere, ma anche in Cammini che passano per il nostro Paese. Accade in particolare sull<strong>\u2019<\/strong><a href=\"https:\/\/camminiditalia.org\/cammini\/alta-via-delle-grazie\/\"><strong>Alta Via Delle Grazie<\/strong><\/a>, <strong>Cammino ad anello nelle Orobie bergamasche<\/strong> che si distingue per la presenza diffusa di<strong> <\/strong><a href=\"https:\/\/camminiditalia.org\/donativi-alta-via-delle-grazie\/\"><strong>strutture \u201ca donativo\u201c<\/strong><\/a>, gestite cio\u00e8 da enti religiosi, volontari o privati, in cui gli ospiti invece di pagare per il pernottamento e l\u2019accoglienza una tariffa fissa possono fare donazioni libere, in un\u2019occasione di scambio reciproco.<\/p>\n<!-- \/wp:paragraph -->\n\n<!-- wp:heading -->\n<h2 class=\"wp-block-heading\"><strong>La missione di Gabriella Castelli<\/strong><\/h2>\n<!-- \/wp:heading -->\n\n<!-- wp:paragraph -->\n<p>Il Cammino, nato dieci anni fa da un\u2019idea di <strong>Gabriella Castelli <\/strong>e <strong>Giovanni Battista Merelli<\/strong>, \u00e8 ispirato proprio a quanto vissuto da loro e da molti&nbsp;altri sulla via per Santiago. Gabriella ha percorso per la prima volta il Cammino Francese nel 2014, travolta a 360 gradi da questa esperienza. \u00abLa cosa che mi colp\u00ec di pi\u00f9, oltre ai panorami e ai luoghi e a quel modo di incontrarsi senza essere e sentirsi giudicati, \u00e8 stato questo tipo di accoglienza a donativo, <strong>senza aspettative e pretese<\/strong>, come a dire \u201cci\u00f2 che ho lo condivido\u201d: \u00e8 questo il \u201csegreto\u201d che ho cercato di portare anche qui a Bergamo\u00bb.<\/p>\n<!-- \/wp:paragraph -->\n\n<!-- wp:paragraph -->\n<p>Non \u00e8 stato facilissimo far capire ai bergamaschi, che hanno un'accoglienza spesso meno calorosa di altri, un concetto di ospitalit\u00e0 di questo tipo,&nbsp;racconta Gabriella. \u00abCi \u00e8 voluta pazienza, ma si sono accorti che da parte mia trasparivano passione e un vero e proprio amore per il dono e che non c\u2019erano altri interessi\u00bb. L\u2019esperienza da <em>hospitalera<\/em> sul <strong>Cammino del Nord<\/strong> presso l\u2019Albergue di Guemes di Padre Ernesto \u00e8 stata fondamentale: tutt\u2019oggi Gabriella, da sola, si \u201cprende cura\u201d senza sosta del Cammino e di chi lo percorre, sempre attenta alla manutenzione, all\u2019organizzazione e, soprattutto, all\u2019accoglienza, con un monitoraggio continuo che passa attraverso i feedback dei pellegrini e di chi ospita.<\/p>\n<!-- \/wp:paragraph -->\n\n<!-- wp:image {\"id\":73171,\"sizeSlug\":\"large\",\"linkDestination\":\"none\"} -->\n<figure class=\"wp-block-image size-large\"><img src=\"https:\/\/camminiditalia.org\/wp-content\/uploads\/2025\/08\/Screenshot-2025-08-06-alle-21.54.47-1024x356.png\" alt=\"\" class=\"wp-image-73171\"\/><\/figure>\n<!-- \/wp:image -->\n\n<!-- wp:paragraph -->\n<p>Il <strong>quadrifoglio blu e giallo<\/strong> che trovate in tutta la segnaletica lungo la strada, rappresenta coi suoi petali i pilastri fondanti dell\u2019Alta Via Delle Grazie: l\u2019aspetto naturalistico, l\u2019aspetto culturale e delle tradizioni (l\u2019arte di chiese e musei ma anche la cultura contadina dei magli e quella culinaria), l\u2019aspetto spirituale (si tratta di un cammino dedicato alla Madonna, che passa infatti da 18 santuari mariani) e infine, proprio l\u2019accoglienza, a misura di pellegrino. Il 90% delle strutture sono a donativo e la maggioranza di esse sono religiose, tra santuari, conventi, case parrocchiali, ostelli: Gabriella \u00e8 riuscita a portare i pellegrini anche dentro il <strong>monastero di clausura delle suore Clarisse<\/strong>, che offrono ospitalit\u00e0 per la tappa di Lovere, sul Lago d\u2019Iseo, presso la foresteria. Sempre a Lovere, i pellegrini hanno la possibilit\u00e0 dal 2021 di sostare all'<strong>Oasi Capitanio con le suore di Carit\u00e0, <\/strong>dette di Maria Bambina: cantare i vespri, prima di cena, circondati di mosaici \u00e8 un'esperienza unica.<\/p>\n<!-- \/wp:paragraph -->\n\n<!-- wp:paragraph -->\n<p>\u00abLa cosa bella \u00e8 che i pellegrini accolti oggi sono contenti, ma lo \u00e8 anche chi li ospita! Per me \u00e8 il valore aggiunto del Cammino e anzi, proprio ci\u00f2 che ne fa un Cammino\u00bb, dice Gabriella. \u00abPer noi, \u2013 scrive Nadiamaria, delle Suore Clarisse, \u2013 aprire la porta al pellegrino che bussa significa aprirgli uno spazio in cui possa sentirsi a casa, un luogo in cui possa riposarsi e deporre non solo lo zaino che ha in spalla, ma anche il fardello che pesa sul cuore. Insieme, si vive un momento di grazia in cui il Signore si rende presente, si fa riconoscere e ci parla\u00bb.<\/p>\n<!-- \/wp:paragraph -->\n\n<!-- wp:image {\"id\":73280,\"width\":\"1160px\",\"height\":\"auto\",\"sizeSlug\":\"large\",\"linkDestination\":\"none\"} -->\n<figure class=\"wp-block-image size-large is-resized\"><img src=\"https:\/\/camminiditalia.org\/wp-content\/uploads\/2025\/08\/2-Gabry-e-Giamba-1024x576.jpg\" alt=\"\" class=\"wp-image-73280\" style=\"width:1160px;height:auto\"\/><figcaption class=\"wp-element-caption\"><em>Gabriella Castelli e Giovanni Battista Merelli<\/em><\/figcaption><\/figure>\n<!-- \/wp:image -->\n\n<!-- wp:heading -->\n<h2 class=\"wp-block-heading\"><strong>Accogliere il pellegrino: il volto umano del Cammino<\/strong><\/h2>\n<!-- \/wp:heading -->\n\n<!-- wp:paragraph -->\n<p>Dietro ogni porta aperta lungo il cammino c\u2019\u00e8 una storia. <strong>Don Roberto, al Santuario della Madonna del Perello<\/strong>, in Val Serina, prima tappa per chi parte dalla citt\u00e0 di Bergamo, racconta come l\u2019accoglienza sia nata da una \u201cspinta\u201d accolta da chi lo ha preceduto nella gestione del Santuario, poi diventata a sua volta missione a partire da un anno fa<\/p>\n<!-- \/wp:paragraph -->\n\n<!-- wp:paragraph -->\n<p>\u00abArrivare in Perello \u00e8 sempre qualcosa che d\u00e0 gioia ai pellegrini dopo la faticosa prima tappa \u2013 spiega Don Roberto. \u2013 Solitamente contatto i pellegrini il giorno precedente, soprattutto se arrivano il sabato e la domenica, giorni in cui devo dividermi fra celebrazioni delle messe, arrivi e incontri\u00bb. Quando arriva il pellegrino trova sempre qualcosa da bere, di caldo o di freddo a seconda delle stagioni, e qualche biscotto di benvenuto. Capita che qualcuno sia affamato perch\u00e9 non ha trovato nulla lungo il Cammino (anche se \u00e8 segnalato sulla guida!) e che Don Roberto debba improvvisare un veloce pranzo. \u00ab<strong>La cosa pi\u00f9 bella per me? La cucina! <\/strong>Spesso e volentieri quello che si ricorda \u00e8 proprio il buon cibo...d'altronde siamo in Italia. E per me una buona cena \u00e8 la cosa che con pi\u00f9 piacere faccio e preparo. Magari non sempre come vorrei, ma con questo desiderio!\u00bb.<\/p>\n<!-- \/wp:paragraph -->\n\n<!-- wp:paragraph -->\n<p>L'accoglienza al Santuario del Perello \u00absi gioca fra attenzione e discrezione, vicinanza e libert\u00e0, piccole regole per il buon vivere comune senza opprimere e ingabbiare. Deve essere un'esperienza che tocca cuore e mente e lasci un bel ricordo\u00bb. I pellegrini arrivano in numero ancora abbastanza contenuto, e questo permette <strong>una cura quasi personale di ciascuno<\/strong>, oltre alla possibilit\u00e0 per Don Roberto di un confronto, in alcuni casi, su tematiche spirituali. \u00abLasciano qui la loro umanit\u00e0 spesso ferita, in un cammino alla ricerca di pace e di riconciliazione. E un rinnovato senso della propria vita. Ed \u00e8 bello, seppur per poco, farsi loro <strong>compagni di viaggio<\/strong>\u00bb.<\/p>\n<!-- \/wp:paragraph -->\n\n<!-- wp:image {\"id\":73283,\"sizeSlug\":\"full\",\"linkDestination\":\"none\"} -->\n<figure class=\"wp-block-image size-full\"><img src=\"https:\/\/camminiditalia.org\/wp-content\/uploads\/2025\/08\/Santuario-del-Perello.jpg\" alt=\"\" class=\"wp-image-73283\"\/><figcaption class=\"wp-element-caption\"><em>Il Santuario della Madonna del Perello<\/em><\/figcaption><\/figure>\n<!-- \/wp:image -->\n\n<!-- wp:heading -->\n<h2 class=\"wp-block-heading\"><strong>Far sentire a casa: l\u2019ospitalit\u00e0 di Lucia e Maurizio a Plazza<\/strong><\/h2>\n<!-- \/wp:heading -->\n\n<!-- wp:paragraph -->\n<p>La storia di <strong>Lucia e Maurizio <\/strong>con il Cammino inizia nella Pasqua del 2025, con me come prima ospite pellegrina insieme al loro cane Yoj. La loro casa si trova <strong>a Plazza,<\/strong> <strong>in Val del Riso<\/strong>, poco distante dal Santuario del Frassino, che segna la fine della terza tappa. \u00abAvendo acquistato qualche anno fa una casa sul percorso dell'Alta Via Delle Grazie, ci ha entusiasmato subito l'idea di accogliere i pellegrini, ma abbiamo aspettato che io andassi in pensione e fossi pi\u00f9 libera da impegni\u00bb. La coppia, che si conosce dai tempi dell\u2019oratorio, ha poi contattato Gabriella dopo aver visto una presentazione del Cammino:&nbsp;si sono sentiti subito in sintonia con lo spirito di collaborazione di chi era gi\u00e0 coinvolto, e cos\u00ec \u00e8 nata la loro avventura.<\/p>\n<!-- \/wp:paragraph -->\n\n<!-- wp:paragraph -->\n<p>In una deliziosa casa circondata da colline erbose dove il loro cane pu\u00f2 correre e da un orto curato con amore, vista montagne, i pellegrini vengono accolti nella camera destinata ai figli. \u00abI principi dell'ospitalit\u00e0 \u2013 racconta Lucia, \u2013 per noi sono <strong>l'apertura all'incontro e il dono di ci\u00f2 che abbiamo<\/strong>. La cosa pi\u00f9 bella \u00e8 far sentire chi viene a proprio agio, seppur lontano da casa, e conoscere persone diverse, aperte a condividere con noi qualcosa della loro vita\u00bb. Io con loro ho condiviso il mio percorso, le mie speranze e i punti di vista in comune coi loro figli, di cui mi hanno parlato a lungo.<\/p>\n<!-- \/wp:paragraph -->\n\n<!-- wp:paragraph -->\n<p>Da Plazza in questi mesi sono passate persone di vario tipo: pi\u00f9 o meno giovani, amanti della montagna, in \"cammino\" sotto ogni punto di vista, con la voglia di scoprire cose nuove, italiani e stranieri. Tutte arrivano come sconosciute, \u00abma subito si crea un certo clima e a tavola \u00e8 facile \"aprirsi\" e conoscersi\u00bb, soprattutto davanti al cibo ottimo che Lucia prepara: per me \u00e8 stato bellissimo darle una mano e condividere poi il frutto del nostro lavoro con suo marito e con Gabriella, passata a trovarci. \u00abQuando vanno via, i pellegrini lasciano un \"grande vuoto\": questo esprime quanto sia intensa l'esperienza reciproca dell'incontro e dello scambio\u00bb.<\/p>\n<!-- \/wp:paragraph -->\n\n<!-- wp:image {\"id\":73286,\"sizeSlug\":\"large\",\"linkDestination\":\"none\"} -->\n<figure class=\"wp-block-image size-large\"><img src=\"https:\/\/camminiditalia.org\/wp-content\/uploads\/2025\/08\/segnaletica-pg.18-Gabriella-Castelli-1024x577.jpg\" alt=\"\" class=\"wp-image-73286\"\/><figcaption class=\"wp-element-caption\"><em>La segnaletica sul Cammino, tutta realizzata a mano con l'aiuto di Giuseppe Marchisio, artigiano<\/em> <em>che ha percorso l'Alta Via Delle Grazie e ha deciso di dare una mano a Gabriella<\/em><\/figcaption><\/figure>\n<!-- \/wp:image -->\n\n<!-- wp:heading -->\n<h2 class=\"wp-block-heading\"><strong>\u201cMetti una sera un pellegrino a cena\u201d: quando l\u2019accoglienza \u00e8 diffusa<\/strong><\/h2>\n<!-- \/wp:heading -->\n\n<!-- wp:paragraph -->\n<p><strong>A Parre, in Valseriana, quarta tappa<\/strong> per chi percorre l\u2019Alta Via Delle Grazie, il parroco ha aderito al piano di accoglienza dal primo anno in cui il Cammino \u00e8 stato inaugurato, nel 2018.&nbsp;\u00abI pellegrini portano la loro storia, il desiderio di scoprire il nostro territorio, di incontrare chi li ospita e altri pellegrini, cos\u00ec ci organizziamo al meglio per mettere a disposizione un tetto, con tutto quello che possiamo offrire\u00bb. Una cucina con una grande tavolata, 14 posti letto, 2 bagni, la lavatrice. L\u2019ex appartamento del curato, adiacente l\u2019oratorio, viene utilizzato tutto l\u2019anno dalla comunit\u00e0 per incontri, attivit\u00e0 con gli adolescenti, riunioni, e viene messo a disposizione dei pellegrini insieme alle informazioni sul territorio, affinch\u00e9 sia, innanzitutto, una casa. E infatti si chiama \"Casa Giovani\".<\/p>\n<!-- \/wp:paragraph -->\n\n<!-- wp:paragraph -->\n<p>In occasione dell\u2019estate di quest\u2019anno Don Andrea ha avuto <strong>un\u2019idea per aprire la comunit\u00e0 locale all\u2019accoglienza<\/strong>, e tornare a renderla diffusa: <strong>\u201cMetti una sera un pellegrino a cena\u201d<\/strong>. L'idea nasce un po' per caso, dalla sua lunga esperienza di pellegrino, in cui ha visto spesso <em>hospitaleros<\/em> organizzati per accogliere in casa propria e condividere la cena con i pellegrini. \u00abInizialmente riuscivamo a farlo noi; poi, quando non ci \u00e8 pi\u00f9 stato possibile, abbiamo lasciato che ognuno si organizzasse come meglio credeva, con una cena autogestita in cucina, o presso pizzerie e ristoranti locali\u00bb.<\/p>\n<!-- \/wp:paragraph -->\n\n<!-- wp:paragraph -->\n<p>Chiacchierando, \u00e8 nata l\u2019idea di coinvolgere ulteriormente la comunit\u00e0 proponendo un gesto molto semplice e immediato: <strong>ospitare un pellegrino a cena<\/strong>. \u00ab\u00c8 il modo pi\u00f9 immediato per coinvolgerli, permettere loro di gustare un po' un clima di casa e di far accadere qualcosa che poi \u00e8 un incontro\u00bb. E ora gli abitanti di Parre fanno a gara! \u00abTeniamo un tabella condivisa in cui man mano mettiamo i nomi di chi arriva (e che lingua parla): chi ha voglia contatta la segreteria della parrocchia e si mette a disposizione, segnandosi per la data della cena. Chiediamo ai pellegrini che arrivano a loro volta se hanno piacere di vivere questa esperienza, e lasciamo a loro la libert\u00e0 di scegliere come vivere la sera in cui sono ospiti da noi\u00bb.<\/p>\n<!-- \/wp:paragraph -->\n\n<!-- wp:image {\"id\":73293,\"sizeSlug\":\"large\",\"linkDestination\":\"none\"} -->\n<figure class=\"wp-block-image size-large\"><img src=\"https:\/\/camminiditalia.org\/wp-content\/uploads\/2025\/08\/DSC_5230-2-mucche-contemplative-val-seriana-1024x826.jpg\" alt=\"\" class=\"wp-image-73293\"\/><\/figure>\n<!-- \/wp:image -->\n\n<!-- wp:heading -->\n<h2 class=\"wp-block-heading\"><strong>Camminare restando fermi: l'accoglienza come esperienza trasformativa<\/strong><\/h2>\n<!-- \/wp:heading -->\n\n<!-- wp:paragraph -->\n<p>A<strong> Novazza<\/strong>, <a href=\"https:\/\/camminiditalia.org\/cammini\/alta-via-delle-grazie\/\">arrivo della quinta tappa<\/a> dalla partenza di Parre, i fratelli <strong>Amedeo e Anna Serena<\/strong> ospitano i pellegrini nella storica casa di famiglia, costruita oltre cent\u2019anni fa dal nonno, con fatica. \u201cCa' Ros\u00e8i\u201d, raccontano, ha sempre ospitato: dai villeggianti d'estate, ai minatori di uranio della montagna appena sopra il paese, ai rifugiati di guerra fuggiti da Kharkiv nel 2022. Per loro accogliere \u00e8 rispondere a una chiamata. Citando il Vangelo e l\u2019Angelus del Papa del 20 luglio 2025, parlano di una \u00abresponsabilit\u00e0 che \u00e8 apertura all\u2019altro\u00bb. La cena condivisa, la visita alla chiesa di San Michele, la contemplazione degli affreschi nel cimitero: ogni gesto \u00e8 un passo nel cammino spirituale dell\u2019accoglienza e occasione di dialogo. \u00abOgni pellegrino che arriva lascia un\u2019impronta: arriva come uno sconosciuto, e se ne va da fratello\u00bb.&nbsp;<\/p>\n<!-- \/wp:paragraph -->\n\n<!-- wp:paragraph -->\n<p>La loro esperienza con il Cammino inizia nel <strong>2018<\/strong>, con un incontro tra Amedeo e Gian Battista e Gabriella: \u00abErano alla ricerca in zona di una struttura per l'ospitalit\u00e0 del Cammino a Gromo: al bar, Amedeo disse loro di avere una casa adatta, ma a Novazza, e li invit\u00f2 a vederla. Accettarono subito!\u00bb, racconta Anna Serena. Ad accogliere i pellegrini c\u2019\u00e8 anche la madre, Maria, stupita che le persone scelgano di camminare per ore e ore su quelle strade che lei ha percorso tante volte a piedi senza avere alternative di trasporto.&nbsp;<\/p>\n<!-- \/wp:paragraph -->\n\n<!-- wp:paragraph -->\n<p>\u00abResponsabilit\u00e0 \u00e8 una parola che ci piace molto, perch\u00e9 significa rispondere a una chiamata, a qualcuno che ti cerca. Cito Papa Leone XIV, quando&nbsp;commentando il Vangelo degli \"ospiti alla casa di Betania\" dice letteralmente: \"<strong>Ci vuole umilt\u00e0 sia a ospitare sia a farsi ospitare<\/strong>\u201d. Occorrono delicatezza, attenzione, apertura. Occorre uscire da s\u00e9\u00bb. E ascoltare. Chi cammina pu\u00f2 avere mille motivi e obiettivi: \u00abDa chi arriva con il rosario in mano, a chi invece trova nella natura un momento di ristoro, di recupero, a chi ha il desiderio di andare nel profondo di s\u00e9. Qualsiasi sia il motivo per cui uno cammina, \u00e8 nell'incontro e nel dialogo che si chiarisce: la vita \u00e8 camminare insieme per vivere meno superficialmente e aiutarsi a prendere coscienza e l\u2019ho capito soprattutto parlando con le donne forti e decise che camminano da sole\u00bb.<\/p>\n<!-- \/wp:paragraph -->\n\n<!-- wp:image {\"id\":73296,\"sizeSlug\":\"large\",\"linkDestination\":\"none\"} -->\n<figure class=\"wp-block-image size-large\"><img src=\"https:\/\/camminiditalia.org\/wp-content\/uploads\/2025\/08\/salmezza-foto-beatrice-paganessi-1024x683.jpg\" alt=\"\" class=\"wp-image-73296\"\/><figcaption class=\"wp-element-caption\"><em>Salmezza, fotografia di Beatrice Paganessi<\/em><\/figcaption><\/figure>\n<!-- \/wp:image -->\n\n<!-- wp:heading -->\n<h2 class=\"wp-block-heading\">Un Cammino costruito sulle relazioni<\/h2>\n<!-- \/wp:heading -->\n\n<!-- wp:paragraph -->\n<p>L\u2019Alta Via Delle Grazie \u00e8 pi\u00f9 di un itinerario tra santuari e montagne: \u00e8 <strong>un\u2019esperienza costruita sulle relazioni<\/strong>. Le storie di chi accoglie raccontano un Cammino in cui la distanza percorsa non si misura solo in chilometri, ma nella disponibilit\u00e0 a condividere, ascoltare e mettersi in gioco. Un modo diverso di restare, che d\u00e0 senso al passaggio degli altri.<\/p>\n<!-- \/wp:paragraph -->\n\n<!-- wp:paragraph -->\n<p><\/p>\n<!-- \/wp:paragraph -->\n\n<!-- wp:paragraph -->\n<p>\u00c8 da poco uscita la <strong>ristampa aggiornata della guida<\/strong>, pubblicata da <em>Terre di Mezzo<\/em> <em>Editore<\/em>.<br><a href=\"https:\/\/www.altaviadellegrazie.com\/\">Qui<\/a>, invece, il sito ufficiale del Cammino, con variante breve da 7 giorni o completa da 13 tappe, e il <a href=\"https:\/\/www.instagram.com\/camminoaltaviadellegrazie\/\">profilo Instagram ufficiale<\/a>.<br><\/p>\n<!-- \/wp:paragraph -->","post_title":"L'Alta Via delle Grazie e l'ospitalit\u00e0 dal punto di vista di chi accoglie","post_excerpt":"","post_status":"publish","comment_status":"open","ping_status":"open","post_password":"","post_name":"alta-via-delle-grazie-ospitalita-di-chi-accoglie","to_ping":"","pinged":"","post_modified":"2025-08-12 14:05:04","post_modified_gmt":"2025-08-12 12:05:04","post_content_filtered":"","post_parent":0,"guid":"https:\/\/camminiditalia.org\/?p=73170","menu_order":0,"post_type":"post","post_mime_type":"","comment_count":"0","filter":"raw"},{"ID":27605,"post_author":"7","post_date":"2024-03-18 15:27:43","post_date_gmt":"2024-03-18 14:27:43","post_content":"<!-- wp:paragraph -->\n<p>Nel cuore della provincia di Bergamo, l'<strong>Alta Via delle Grazie<\/strong> sta dando vita a un'esperienza di Cammino che va oltre il semplice viaggio. <br>La sua essenza \u00e8 racchiusa in strutture \"<em>a donativo<\/em>\", che abbracciano una filosofia di accoglienza unica.<br>Ma che cos'\u00e8 realmente questo tipo di ospitalit\u00e0?<\/p>\n<!-- \/wp:paragraph -->\n\n<!-- wp:image {\"align\":\"center\",\"id\":28801,\"width\":\"569px\",\"height\":\"auto\",\"sizeSlug\":\"large\",\"linkDestination\":\"none\"} -->\n<figure class=\"wp-block-image aligncenter size-large is-resized\"><img src=\"https:\/\/camminiditalia.org\/wp-content\/uploads\/2024\/03\/3-837x1024.jpg\" alt=\"\" class=\"wp-image-28801\" style=\"width:569px;height:auto\"\/><figcaption class=\"wp-element-caption\">Mucche contemplative - Carlo Picinali<\/figcaption><\/figure>\n<!-- \/wp:image -->\n\n<!-- wp:heading -->\n<h2 class=\"wp-block-heading\"><strong>La filosofia dell'ospitalit\u00e0 a donativo<\/strong><\/h2>\n<!-- \/wp:heading -->\n\n<!-- wp:paragraph -->\n<p>Le strutture a donativo, che possono essere gestite da enti religiosi, volontari o privati, sono luoghi in cui gli ospiti sono incoraggiati a fare <strong>donazioni libere<\/strong> invece di pagare una tariffa fissa per il pernottamento.<br><br>Qui non si tratta solo di stanze e letti. Le strutture a donativo incarnano un'idea di <strong>condivisione <\/strong>e <strong>comunit\u00e0<\/strong>. \u00c8 come entrare a far parte di una grande famiglia, dove la tua presenza \u00e8 pi\u00f9 preziosa di qualsiasi importo che potresti mettere sul tavolo. La filosofia \u00e8 semplice: accoglienza, condivisione, e nessuna barriera economica per un'esperienza autentica.<br><br>Ci preme precisare per\u00f2 che <strong>donativo non \u00e8 sinonimo di <em>gratuito<\/em><\/strong>. Sebbene la donazione, il pi\u00f9 delle volte, sia lasciata alla discrezione degli ospiti, lasciare una donazione equa \u00e8 un modo concreto per esprimere riconoscenza e solidariet\u00e0 verso chi lavora instancabilmente per rendere l\u2019esperienza dei viandanti il pi\u00f9 piacevole possibile. <br>\u00c8 un gesto di gratitudine che sostiene la continuit\u00e0 di queste iniziative, contribuendo al mantenimento e al miglioramento delle strutture stesse.<\/p>\n<!-- \/wp:paragraph -->\n\n<!-- wp:image {\"align\":\"center\",\"id\":28794,\"width\":\"569px\",\"height\":\"auto\",\"sizeSlug\":\"large\",\"linkDestination\":\"none\"} -->\n<figure class=\"wp-block-image aligncenter size-large is-resized\"><img src=\"https:\/\/camminiditalia.org\/wp-content\/uploads\/2024\/02\/1-819x1024.jpg\" alt=\"\" class=\"wp-image-28794\" style=\"width:569px;height:auto\"\/><figcaption class=\"wp-element-caption\">Camera delle suore orsoline a Gandino - Carlo Picinali<\/figcaption><\/figure>\n<!-- \/wp:image -->\n\n<!-- wp:heading -->\n<h2 class=\"wp-block-heading\"><strong>La situazione degli ostelli donativi in Italia e in Spagna<\/strong><\/h2>\n<!-- \/wp:heading -->\n\n<!-- wp:paragraph -->\n<p>Il <strong>Cammino di Santiago<\/strong> \u00e8 stato <strong>pioniere<\/strong> nell'offrire ospitalit\u00e0 a donativo. Qui, la pratica \u00e8 radicata nella cultura e nella tradizione del pellegrinaggio. <em>Albergues <\/em>gestiti da volontari appassionati di Cammini sono sparsi lungo tutti gli itinerari che portano a Santiago, offrendo non solo un letto ma anche una calorosa accoglienza.<br><br>Luoghi come l'<em>Albergue Guemes<\/em>, sono diventati simboli di generosit\u00e0 e spirito comunitario, come ci racconta <strong>Gabriella Castelli<\/strong>, creatrice e organizzatrice dell\u2019<strong>Alta Via delle Grazie<\/strong>:<br>\u201c<em>Un giorno, nel 2017, sono giunta da pellegrina sul Cammino di Santiago del Nord, a Guemes, in un famoso albergue a donativo gestito da Padre Ernesto Bustio, una delle pi\u00f9 conosciute ospitalit\u00e0 sul Cammino di Santiago. Un luogo magico, me ne sono da subito innamorata e cos\u00ec ho deciso che da Ernesto volevo imparare a fare accoglienza. Sono stata hospitalera parecchie volte, Ernesto mi ha insegnato molto ed io ho voluto portare questo vissuto sul nostro cammino bergamasco.<\/em>\u201d<\/p>\n<!-- \/wp:paragraph -->\n\n<!-- wp:image {\"align\":\"center\",\"id\":28797,\"width\":\"569px\",\"height\":\"auto\",\"sizeSlug\":\"large\",\"linkDestination\":\"none\"} -->\n<figure class=\"wp-block-image aligncenter size-large is-resized\"><img src=\"https:\/\/camminiditalia.org\/wp-content\/uploads\/2024\/02\/4-819x1024.jpg\" alt=\"\" class=\"wp-image-28797\" style=\"width:569px;height:auto\"\/><figcaption class=\"wp-element-caption\">Cena comunitaria - Carlo Picinali<\/figcaption><\/figure>\n<!-- \/wp:image -->\n\n<!-- wp:paragraph -->\n<p>L\u2019obiettivo di Gabriella era quello di creare un Cammino con \"<strong>ospitalit\u00e0 pellegrina<\/strong>\", un'opportunit\u00e0 per fare comunit\u00e0, per accogliere in un modo pi\u00f9 inclusivo e autentico orientato all\u2019 incontro e allo stare insieme.<br>Questo spirito rispecchia l'essenza di chi intraprende un Cammino, mettendo cos\u00ec in contatto il pellegrino con gli abitanti del luogo: individui genuini, autentici e orgogliosi delle proprie origini, profondamente legati alle tradizioni, ai costumi, alle espressioni e ai sapori distintivi della gastronomia locale.<\/p>\n<!-- \/wp:paragraph -->\n\n<!-- wp:heading -->\n<h2 class=\"wp-block-heading\"><strong>I donativi sul cammino dell'Alta Via delle Grazie<\/strong><\/h2>\n<!-- \/wp:heading -->\n\n<!-- wp:paragraph -->\n<p>Le strutture a donativo sull\u2019Alta Via delle Grazie, come ci racconta Gabriella, sono state scelte accuratamente: monasteri, case parrocchiali, case vacanza, case famiglia pronti ad ospitare a donativo o prezzi convenienti.<br>Ecco una lista, in continuo aggiornamento, di strutture economiche o a donativo:<\/p>\n<!-- \/wp:paragraph -->\n\n<ul>\n<li style=\"text-align: left;\"><strong>Tappa 1: Bergamo\/Selvino<\/strong><br \/>Olera: A Casa di Paola - Donativo, con colazione e cena comunitaria<br \/>Algua: Santuario della Madonna del Perello - Donativo<br \/>Selvino: Casa Alba - 10\/15\u20ac in base alla sistemazione scelta<\/li>\n<li><strong>Tappa 2: Selvino\/Vertova<\/strong><br \/>Vertova: B&amp;B Bike - 15\u20ac pernottamento<br \/>Vertova: A casa di Paola - 20\u20ac con colazione<\/li>\n<li><strong>Tappa 3: Vertova\/Santuario del Frassino<\/strong><br \/>Oneta: Santuario del Frassino - Donativo per pernottamento<\/li>\n<li><strong>Tappa 4: Santuario del Frassino\/Parre<\/strong><br \/>Premolo: Accoglienza in famiglia da Simona e Andrea con colazione e cena<br \/>comunitaria a donativo<br \/>Parre: Locanda de Par pernottamento e colazione a buffet - 25\u20ac<br \/>Parre: Casa parrocchiale con <span style=\"font-weight: 400;\">cucina attrezzata a disposizione <\/span>- Donativo<\/li>\n<li><strong>Tappa 5: Parre\/Novazza<\/strong><br \/>Novazza: Casa vacanze Ca Rosei - Mezza pensione (colazione e cena con prodotti locali) 30\u20ac<\/li>\n<li><strong>Tappa 6: Novazza\/Lizzola<\/strong><br \/>Lizzola: Casa parrocchiale con cucina attrezzata a disposizione. - Donativo<br \/>Lizzola: Hotel Gioan - Pernottamento, cena e colazione, cucina casalinga 30\u20ac<\/li>\n<li><strong>Tappa 7: Lizzola\/Ardesio<\/strong><br \/>Ardesio: Casa del pellegrino - 15\u20ac pernottamento.\u00a0<\/li>\n<li><strong>Tappa 8: Ardesio\/Castione<\/strong><br \/>In questo momento si sta ripristando l\u2019accoglienza religiosa a donativo. \u00c8 disponibile accoglienza privata convenzionata, per esempio:<br \/>Albergo Aurora: pernottamento e colazione 28\u20ac, cena del pellegrino 15\u20ac.<\/li>\n<li><strong>Tappa 9 e 10: Castione\/Lovere<\/strong><br \/>Sovere: Bed &amp; Breakfast Villa Harriet - 18\u20ac pernottamento<br \/>Frazione Sellere: Cascina Marriet - Donativo<br \/>Sovere: Casa famiglia Associazione Santa Maria di Nazareth - Donativo<br \/>Lovere: Oasi Capitanio suore di carit\u00e0 delle Sante Capitanio e Gerosa - Donativo, con cena e colazione comunitarie<br \/>Lovere: Monastero Santa Chiara - Colazione in foresteria, cena in parlatorio - Donativo<\/li>\n<li><strong>Tappa 11: Lovere\/Gandino<\/strong><br \/>Gandino: Convento suore orsoline - Donativo<\/li>\n<li><strong>Tappa 12: Gandino\/Fiobbio<\/strong><br \/>Fiobbio: Oratorio di Fiobbo, Casa Parrocchiale - Donativo<br \/>Albino: Ca' Gromba Lodge - Accoglienza in appartamento adiacente casa familiare,<br \/>cena e colazione comunitaria - Donativo a<br \/>Possibilit\u00e0 di dormire nella storica Bergamo Alta nello splendido contesto del Seminario Vescovile - 40\u20ac pernottamento.<\/li>\n<\/ul>\n<p><!-- \/wp:paragraph --><!-- wp:paragraph {\"align\":\"left\"} --><\/p>\n<p><!-- \/wp:paragraph --><!-- wp:paragraph {\"align\":\"left\"} --><\/p>\n<p><!-- \/wp:paragraph --><!-- wp:paragraph {\"align\":\"left\"} --><\/p>\n<p><!-- \/wp:paragraph --><!-- wp:paragraph {\"align\":\"left\"} --><\/p>\n<p><!-- \/wp:paragraph --><!-- wp:paragraph {\"align\":\"left\"} --><\/p>\n<p><!-- \/wp:paragraph --><!-- wp:paragraph {\"align\":\"left\"} --><\/p>\n<p><!-- \/wp:paragraph --><!-- wp:paragraph {\"align\":\"left\"} --><\/p>\n<p><!-- \/wp:paragraph --><!-- wp:paragraph {\"align\":\"left\"} --><\/p>\n<p><!-- \/wp:paragraph --><!-- wp:paragraph {\"align\":\"left\"} --><\/p>\n<p><!-- \/wp:paragraph --><!-- wp:paragraph {\"align\":\"left\"} --><\/p>\n<p><!-- \/wp:paragraph --><!-- wp:paragraph {\"align\":\"left\"} --><\/p>\n<p><!-- \/wp:paragraph --><\/p>\n<p><!-- wp:paragraph --><\/p>\n<p>Lungo il cammino, sono numerose le possibilit\u00e0 di usufruire dei men\u00f9 del pellegrino per pranzo e cena, con costi che variano dai 10 ai 15\u20ac.<\/p>\n<p><!-- \/wp:paragraph --><\/p>\n<p><!-- wp:paragraph --><\/p>\n<p>Cos\u00ec, mentre ci si avventura tra le valli bergamasche, ognuno pu\u00f2 trovare non solo un letto, ma un rifugio caloroso e un'esperienza di viaggio davvero autentica.<\/p>\n<p><!-- \/wp:paragraph --><\/p>\n<p><!-- wp:heading --><\/p>\n<p><!-- \/wp:heading --><\/p>\n<p><!-- wp:paragraph --><\/p>\n<p><!-- \/wp:paragraph --><\/p>\n<p><!-- wp:paragraph --><\/p>\n<p><!-- \/wp:paragraph --><\/p>\n<p><!-- wp:image {\"align\":\"center\",\"id\":28795,\"width\":\"569px\",\"height\":\"auto\",\"sizeSlug\":\"large\",\"linkDestination\":\"none\"} --><\/p>\n<figure class=\"wp-block-image aligncenter size-large is-resized\">\n[caption id=\"attachment_28795\" align=\"aligncenter\" width=\"1024\"]<img class=\"wp-image-28795\" style=\"width: 569px; height: auto;\" src=\"https:\/\/camminiditalia.org\/wp-content\/uploads\/2024\/02\/2-1024x819.jpg\" alt=\"\" width=\"1024\" height=\"819\" \/> Camera pellegrina - Carlo Picinali[\/caption]\n<\/figure>\n<p><!-- \/wp:image --><\/p>\n<p><!-- wp:heading --><\/p>\n<h2 class=\"wp-block-heading\">Il futuro dell\u2019accoglienza a donativo in Italia<\/h2>\n<p><!-- \/wp:heading --><\/p>\n<p><!-- wp:paragraph --><\/p>\n<p>La differenza tra le due esperienze, quella italiana e quella spagnola, potrebbe risiedere nella scala e nell'approccio. In Spagna, le strutture a donativo sono spesso pi\u00f9 numerose e gestite con un'anima di volontariato radicato nella cultura locale. In Italia, la pratica \u00e8 in crescita, ma ancora poco conosciuta e l'Alta Via delle Grazie sta emergendo come un esempio di come l'ospitalit\u00e0 a donativo possa intrecciarsi con la valorizzazione e la crescita dei cammini italiani.<\/p>\n<p><!-- \/wp:paragraph --><\/p>\n<p><!-- wp:paragraph --><\/p>\n<p>Confidiamo che l'Alta Via delle Grazie, con il suo coraggioso modello di ospitalit\u00e0 a donativo, diventi un faro ispiratore per altri cammini. Che ogni chilometro intrapreso lungo l'Alta Via delle Grazie, che ogni soggiorno, che ogni incontro apra la strada a nuove possibilit\u00e0 di generosit\u00e0 e condivisione.<br \/>Se vuoi, puoi trovare maggiori informazioni sull'Alta Via delle Grazie sul sito ufficiale: www.altaviadellegrazie.com<\/p>\n<p><!-- \/wp:paragraph --><\/p>","post_title":"Le strutture a donativo in Italia: l\u2019esempio dell'Alta Via delle Grazie","post_excerpt":"Nel cuore della provincia di Bergamo, l'Alta Via delle Grazie sta dando vita a un'esperienza di Cammino che va oltre il semplice viaggio.","post_status":"publish","comment_status":"open","ping_status":"open","post_password":"","post_name":"donativi-alta-via-delle-grazie","to_ping":"","pinged":"","post_modified":"2024-03-25 17:44:25","post_modified_gmt":"2024-03-25 16:44:25","post_content_filtered":"","post_parent":0,"guid":"https:\/\/camminiditalia.org\/?p=27605","menu_order":0,"post_type":"post","post_mime_type":"","comment_count":"0","filter":"raw"}]},"scheda_tecnica":{"lunghezza":"271","dislivello_medio":"","n_tappe":"13","partenza":"Bergamo","arrivo":"Bergamo","tipologia":"anilla","tema":["espiritual","naturalista","montano","panor\u00e1mica"],"portata":"regional","periodo_ideale":"Mayo - Octubre","stagione_ideale":["primavera","verano","oto\u00f1o"]},"tappe":{"show_all":false,"all_tappe":"","tappa":[{"status":false,"title":"ETAPA 01: BERGAMO - SELVINO","text":"<p><strong>Longitud:<\/strong> 22,7 km<br \/>\n<strong>Diferencia de altura:<\/strong> + 1452 m \/ -694 m<\/p>\n<p>Desde el santuario de Santa Maria Immacolata delle Grazie, aparece al fondo el perfil de la \u00abCitt\u00e0 Alta\u00bb y se comprende bien la topograf\u00eda de la ciudad, caracterizada por el casco antiguo en la colina con las murallas venecianas, la c\u00fapula de la catedral y la silueta de la bas\u00edlica de Santa Maria Maggiore, destino de nuestra llegada final, y la m\u00e1s reciente \u00abCitt\u00e0 Bassa\u00bb situada al pie de la subida. Tras cruzar el<em>\u00absentierone\u00bb<\/em>\u00absal\u00f3n de la ciudad\u00bb y pasar el campo de deportes de Atalanta, comienza la ruta cuesta arriba, llegando a la Maresana, una zona verde, destino estival de los bergamascos. Por las subidas y bajadas de los senderos arbolados, se llega al pueblo medieval de Olera. La ruta contin\u00faa por el Monte di Nese y Salmezza, el punto m\u00e1s alto (1030 m s.n.m.) de la etapa de hoy, para llegar al santuario de la Madonna del Perello y finalmente a la localidad tur\u00edstica de Selvino.   <\/p>\n<p>\u00a0<\/p>\n<p><img loading=\"lazy\" decoding=\"async\" class=\"wp-image-48716 size-large aligncenter\" src=\"https:\/\/media-camminiditalia.nbg1.your-objectstorage.com\/2023\/04\/DSCF1338B-3-1-1024x685.png\" alt=\"Alta Via delle Grazie\" width=\"1024\" height=\"685\" srcset=\"https:\/\/media-camminiditalia.nbg1.your-objectstorage.com\/2023\/04\/DSCF1338B-3-1-1024x685.png 1024w, https:\/\/media-camminiditalia.nbg1.your-objectstorage.com\/2023\/04\/DSCF1338B-3-1-300x201.png 300w, https:\/\/media-camminiditalia.nbg1.your-objectstorage.com\/2023\/04\/DSCF1338B-3-1-768x514.png 768w, https:\/\/media-camminiditalia.nbg1.your-objectstorage.com\/2023\/04\/DSCF1338B-3-1-1536x1028.png 1536w, https:\/\/media-camminiditalia.nbg1.your-objectstorage.com\/2023\/04\/DSCF1338B-3-1-2048x1371.png 2048w, https:\/\/media-camminiditalia.nbg1.your-objectstorage.com\/2023\/04\/DSCF1338B-3-1-600x402.png 600w\" sizes=\"auto, (max-width: 1024px) 100vw, 1024px\" \/><\/p>\n"},{"status":false,"title":"ETAPA 02: SELVINO - VERTOVA","text":"<p><strong>Salida:<\/strong> Selvino (BG)<br \/>\n<strong>Llegada:<\/strong> Vertova (BG)<br \/>\n<strong>Longitud:<\/strong> aprox. 16,6 km<br \/>\n<strong>Diferencia de altura:<\/strong> + 620 m \/ &#8211; 1177 m<\/p>\n<p>Saliendo de Selvino hacia la cercana aldea de Ama, se comienza a ascender por un sendero que serpentea por un bosque de frondosas y conduce a la cumbre del monte Cornagera. Atravesando entre paredes rocosas el estrecho desfiladero conocido como el \u00abb\u00fcs de la Carolina\u00bb, llegamos al refugio del Monte Poieto, donde podemos parar a descansar. En una sucesi\u00f3n de subidas y bajadas por el bosque, alcanzamos el Val del Gru, un rec\u00f3ndito mundo de naturaleza y tradiciones, para llegar al rinc\u00f3n naturalista del Val Vertova, al final del cual llegamos al centro hist\u00f3rico de Vertova y a la iglesia parroquial.  <\/p>\n"},{"status":false,"title":"ETAPA 03: VERTOVA - SANT. FRASSINO ","text":"<p><strong>Salida:<\/strong> Vertova (BG)<br \/>\n<strong>Llegada:<\/strong> Sant.Frassino (BG)<br \/>\n<strong>Longitud:<\/strong> aprox. 17,3 km<br \/>\n<strong>Diferencia de altura:<\/strong> + 1196 m \/ -725 m<\/p>\n<p>La Alta Via delle Grazie contin\u00faa, desde Vertova un camino de herradura conduce al santuario de San Patrizio. Entre falsopiani cubiertos de hierba y senderos boscosos, pasando por Bondo y las pocas casas de Barbata, llegamos a la iglesia de la Madonna della Mercede con vistas a las Orobie y al valle de Riso. Pasamos junto al Cristo Redentor, una estatua de bronce de tres metros de altura, para descender a Riso y subir a \u00abOrtel\u00bb, un grupo de casas donde el tiempo parece haberse detenido. En la aldea de Chignolo d&#8217;Oneta, puedes parar a comer en casa de la Signora Renata. Contin\u00faa por el camino de altura, entre bosques de hayas y abetos, hasta el destino: el santuario de la Madonna del Frassino.    <\/p>\n"},{"status":false,"title":"ETAPA 04: SANT. ASH - ONETA ","text":"<p><strong>Salida:<\/strong> Sant.Frassino-Oneta (BG)<br \/>\n<strong>Llegada:<\/strong> Parre (BG)<br \/>\n<strong>Longitud:<\/strong> aprox. 19,2 km<br \/>\n<strong>Diferencia de altura:<\/strong> +576 m \/ &#8211; 984 m<\/p>\n<p>Partiendo del santuario de la Madonna del Frassino por un camino cuesta arriba, se llega al paso de la Crocetta. Continuando por el bosque que rodea todo el Valle del Riso, se ve el santuario enclavado en la ladera opuesta. Pasada la aldea de Plaza, se camina entre los ra\u00edles de la explotaci\u00f3n minera de Costa Jels, con sus oscuros t\u00faneles que dominan el sendero. En el largo trayecto por los bosques solitarios, se vislumbra desde lejos la cementificaci\u00f3n de todo el fondo del valle. Descendiendo, llegamos a los pueblos de Gorno y Premolo, que conservan la cripta del Siervo de Dios Don Antonio Seghezzi (aqu\u00ed, para quien lo desee, parte una ruta m\u00e1s corta para llegar al punto de llegada). M\u00e1s adelante llegamos al santuario de la Madonna delle Lacrime en Ponte Nossa y hasta el hist\u00f3rico pueblo de Parre, final de la etapa.     <\/p>\n"},{"status":false,"title":"ETAPA 05: PARRE - NOVAZZA","text":"<p><strong>Salida:<\/strong> Parre (BG)<br \/>\n<strong>Llegada:<\/strong> Novazza (BG)<br \/>\n<strong>Longitud:<\/strong> aprox. 18,5 km<br \/>\n<strong>Diferencia de altura:<\/strong> + 867 m \/ &#8211; 655 m<\/p>\n<p>Subiendo desde Parre, se toca el santuario de la Santissima Trinit\u00e0 y por un camino entre bosques se desciende hasta la localidad de Sant&#8217;Alberto. Por un puente giratorio, cruza el r\u00edo Serio para llegar al carril bici\/peatonal que bordea el r\u00edo y que, tras un tramo asfaltado, conduce al comienzo de Ardesio. Sube desde el fondo del valle para alcanzar una mayor altitud, donde vuelve a haber senderos para caminar. Recorre un tramo del valle de Valcanale, enclavado entre las monta\u00f1as, dentro del parque bergamasco de Orobie, entre prados y bosques custodiados por las altas cumbres rocosas del macizo de Arera, y llega a la aldea de Bani para continuar hasta Novazza, final del recorrido de hoy.   <\/p>\n"},{"status":false,"title":"ETAPA 06: NOVAZZA - VALBONDIONE","text":"<p><strong>Salida:<\/strong> Novazza (BG)<br \/>\n<strong>Llegada:<\/strong> Valbondione (BG)<br \/>\n<strong>Longitud:<\/strong> aprox. 20,7 km<br \/>\n<strong>Diferencia de altura:<\/strong> + 931 m \/ &#8211; 583 m<\/p>\n<p>La ETAPA 6 de la Alta VIA DELLE GRAZIE conduce desde Novazza hasta la cercana Colarete y la peque\u00f1a iglesia de San Michele Arcangelo hasta Gromo. Por el carril bici y a pie a lo largo del r\u00edo Serio, atravesamos Gandellino y Bondo para llegar a Valbondione. Un sendero conduce a la antigua aldea de Maslana y hacia arriba hasta la cabecera del valle, en el coraz\u00f3n de los picos m\u00e1s altos de las Orobie, donde se encuentra Lizzola.  <\/p>\n"},{"status":false,"title":"ETAPA 07: LIZZOLA - ARDESIO","text":"<p><strong>Salida:<\/strong> Lizzola (BG)<br \/>\n<strong>Llegada:<\/strong> Ardesio (BG)<br \/>\n<strong>Longitud:<\/strong> aprox. 23,1 km<br \/>\n<strong>Diferencia de altitud:<\/strong> + 502 m \/ -361 m<\/p>\n<p>Subimos desde Lizzola hasta el puerto de Manina, donde se alza solitaria la peque\u00f1a iglesia de la Madonna Pellegrina, rodeada a lo lejos por las altas cumbres de los montes Orobie. Continuando, superas los 2000 metros, el punto m\u00e1s alto del Cammino di Dante, donde comienza el regreso. Entre empinadas subidas y bajadas, llegas al peque\u00f1o lago Spigorel, y luego contin\u00faas un largo trecho por el valle de Sedornia hasta llegar a Gromo di Boario, entre abetos y espacios verdes. El camino \u00abdel Botto\u00bb desciende para llegar al santuario de la Madonna delle Grazie y a la hospitalidad de Ardesio.   <\/p>\n"},{"status":false,"title":"ETAPA 08: ARDESIO - CASTIONE DELLA PRESOLANA","text":"<p><strong>Salida:<\/strong> Ardesio (BG)<br \/>\n<strong>Llegada:<\/strong> Castione della Presolana (BG)<br \/>\n<strong>Longitud:<\/strong> aprox. 20,3 km<br \/>\n<strong>Diferencia de altura:<\/strong> + 659 m \/ -414 m<\/p>\n<p>Saliendo de Ardesio, la ruta avanza por la carretera asfaltada que bordea el r\u00edo Serio. Atravesamos el pueblo de Ogna y nos adentramos en el bosque, hasta la peque\u00f1a iglesia de San Rocco. Por el camino llegamos a la ciudad de Clusone y a sus famosos monumentos. Adentr\u00e1ndonos en el valle de Borlezza, llegamos al santuario de la Madonna delle Grazie en Sommaprada y luego a Rovetta, el pueblo del famoso taller de Fantoni. Atravesamos el peque\u00f1o valle de Romentaregh entre pastos y bosques y finalmente llegamos a Castione della Presolana, el lugar de nuestro descanso.    <\/p>\n"},{"status":false,"title":"ETAPA 09: CASTIONE DELLA PRESOLANA - LOVERE","text":"<p><strong>Salida:<\/strong> Castione della Presolana (BG)<br \/>\n<strong>Llegada:<\/strong> Lovere (BG)<br \/>\n<strong>Longitud:<\/strong> aprox. 30,5 km<br \/>\n<strong>Diferencia de altura:<\/strong> + 630 m \/ &#8211; 1312 m<\/p>\n<p>Desde Castione, es un corto trayecto hasta el pueblo rural de Rusio y m\u00e1s adelante hasta los pueblos de Bratto y Dorga. Despu\u00e9s del santuario de la Madonna delle Grazie en Lantana, se recorre el valle de Tede hasta Onore y con un amplio bucle hasta Songavazzo. La ruta contin\u00faa hasta el santuario de la Natividad de la Bienaventurada Virgen Mar\u00eda en la aldea de Novezio y hasta Cerete, donde se encuentra la capilla de la Annunziata. Recorremos la carretera, en parte asfaltada y en parte sin asfaltar, a trav\u00e9s de prados, bosques y viviendas poco comunes, para llegar a Sovere y desde aqu\u00ed, por un antiguo camino de herradura, a Lovere, nuestro punto de llegada.   <\/p>\n"},{"status":false,"title":"ETAPA 10: LOVERE - MONTE ISOLA","text":"<p><strong>Salida:<\/strong> Lovere (BG)<br \/>\n<strong>Llegada:<\/strong> Monte Isola (BG)<br \/>\n<strong>Duraci\u00f3n:<\/strong> Puede variar en funci\u00f3n de la ruta que decidas seguir<\/p>\n<p>Desde Lovere, en barco, se llega a Peschiera Maraglio, en la isla lacustre de Monte Isola.<\/p>\n<p>Aqu\u00ed puedes optar por pasear por los pueblos y las callejuelas de la isla, o llegar hasta el santuario de la Madonna della ceriola, en la cima de la monta\u00f1a. De vuelta al embarcadero, puedes navegar por<br \/>\nde regreso al puerto, para visitar Lovere. <\/p>\n"},{"status":false,"title":"ETAPA 11: LOVERE - GANDINO","text":"<p><strong>Salida:<\/strong> Lovere (BG)<br \/>\n<strong>Llegada:<\/strong> Gandino (BG)<br \/>\n<strong>Longitud:<\/strong> aprox. 29,1 km<br \/>\n<strong>Diferencia de altitud:<\/strong> + 1694 m \/ &#8211; 1350 m<\/p>\n<p>De vuelta a Sovere, comienza la ascensi\u00f3n al santuario de la Sant\u00edsima Virgen de la Torre. El camino, largo y a veces dif\u00edcil, contin\u00faa hasta la Malga Lunga, donde la vista se extiende sobre el lago de Iseo y las monta\u00f1as de la orilla opuesta. Por un camino silvopastoral, llegas a la meseta cubierta de hierba de Campo d&#8217;Avene. Desde aqu\u00ed, otra subida conduce a la peque\u00f1a capilla de la Tribulina dei morti. Desciende hasta los santuarios de la Madonna d&#8217;Erbia y de la Sant\u00edsima Trinidad, ambos en Casnigo, y llega finalmente a Gandino.    <\/p>\n"},{"status":false,"title":"ETAPA 12: GANDINO - FIOBBIO","text":"<p><strong>Salida:<\/strong> Gandino (BG)<br \/>\n<strong>Llegada:<\/strong> Fiobbio (BG)<br \/>\n<strong>Longitud:<\/strong> aprox. 19,4 km<br \/>\n<strong>Diferencia de altura:<\/strong> + 819 m \/ -934 m<\/p>\n<p>Desde Gandino, se asciende entre mesetas y refugios de monta\u00f1a dispersos para cruzar a Val Cavallina. Contin\u00faa hacia el puerto de Forcella, para llegar por un camino pastoral con vegetaci\u00f3n de baja altitud, a la Val Rossa y luego al santuario de la Beata Vergine di Monte Altino. Descendemos de nuevo hasta Abbazia, en el valle del Lujo, donde se alza una antigua abad\u00eda de San Benito. M\u00e1s adelante est\u00e1 Fobbio, donde se conserva el cuerpo de la beata Pierina Morosini en la iglesia parroquial.   <\/p>\n"},{"status":false,"title":"ETAPA 13: FIOBBIO - BERGAMO","text":"<p><strong>Salida:<\/strong> Fiobbio (BG)<br \/>\n<strong>Llegada:<\/strong> B\u00e9rgamo &#8211; Bas\u00edlica Santa Maria Maggiore<br \/>\n<strong>Longitud:<\/strong> 26,7 km aprox.<br \/>\n<strong>Diferencia de altura:<\/strong> +398 m \/ -437 m<\/p>\n<p>Este \u00faltimo d\u00eda, de regreso a B\u00e9rgamo, reserva varias paradas intermedias importantes. En Albino, la ciudad del pintor Moroni, se encuentra el santuario de la Madonna del Miracolo (conocida como \u00abdella Gamba\u00bb) y el de la Madonna del Pianto. <\/p>\n<p>En Nembro el santuario \u00abdello Zuccarello\u00bb y en Villa di Serio el de la Madonna del buon Consiglio. En Alzano Lombardo se expone la bas\u00edlica de San Martino con su museo anexo, y luego en B\u00e9rgamo llegamos al \u00faltimo santuario de la ciudad, el de la Addolorata, en la aldea de Santa Caterina, y a la bas\u00edlica de Santa Maria Maggiore, en el complejo de Citt\u00e0 Alta. <\/p>\n<p>Es el testimonio de fe m\u00e1s antiguo y precioso de la ciudad, donde es posible imprimir el sello final a la credencial para sellar un viaje ciertamente exigente, pero igualmente rico en muchas sugerencias, paisajes diferentes y sorpresas personales.<\/p>\n"}]},"videos":{"video":false,"link":null},"logo_cammino":{"ID":55751,"id":55751,"title":"AVDG_logo2020_211008_095019__1_-removebg-preview","filename":"AVDG_logo2020_211008_095019__1_-removebg-preview.png","filesize":211254,"url":"https:\/\/media-camminiditalia.nbg1.your-objectstorage.com\/wp-content\/uploads\/2023\/04\/AVDG_logo2020_211008_095019__1_-removebg-preview.png","link":"https:\/\/camminiditalia.org\/es\/cammini\/alta-via-delle-grazie\/avdg_logo2020_211008_095019__1_-removebg-preview-2\/","alt":"","author":"2","description":"","caption":"","name":"avdg_logo2020_211008_095019__1_-removebg-preview-2","status":"inherit","uploaded_to":55723,"date":"2025-03-08 15:46:41","modified":"2025-03-08 15:46:41","menu_order":0,"mime_type":"image\/png","type":"image","subtype":"png","icon":"https:\/\/camminiditalia.org\/wp-includes\/images\/media\/default.png","width":500,"height":500,"sizes":{"thumbnail":"https:\/\/media-camminiditalia.nbg1.your-objectstorage.com\/wp-content\/uploads\/2023\/04\/AVDG_logo2020_211008_095019__1_-removebg-preview-150x150.png","thumbnail-width":150,"thumbnail-height":150,"medium":"https:\/\/media-camminiditalia.nbg1.your-objectstorage.com\/wp-content\/uploads\/2023\/04\/AVDG_logo2020_211008_095019__1_-removebg-preview-300x300.png","medium-width":300,"medium-height":300,"medium_large":"https:\/\/media-camminiditalia.nbg1.your-objectstorage.com\/wp-content\/uploads\/2023\/04\/AVDG_logo2020_211008_095019__1_-removebg-preview.png","medium_large-width":500,"medium_large-height":500,"large":"https:\/\/media-camminiditalia.nbg1.your-objectstorage.com\/wp-content\/uploads\/2023\/04\/AVDG_logo2020_211008_095019__1_-removebg-preview.png","large-width":500,"large-height":500,"1536x1536":"https:\/\/media-camminiditalia.nbg1.your-objectstorage.com\/wp-content\/uploads\/2023\/04\/AVDG_logo2020_211008_095019__1_-removebg-preview.png","1536x1536-width":500,"1536x1536-height":500,"2048x2048":"https:\/\/media-camminiditalia.nbg1.your-objectstorage.com\/wp-content\/uploads\/2023\/04\/AVDG_logo2020_211008_095019__1_-removebg-preview.png","2048x2048-width":500,"2048x2048-height":500,"tc_all_events_image":"https:\/\/media-camminiditalia.nbg1.your-objectstorage.com\/wp-content\/uploads\/2023\/04\/AVDG_logo2020_211008_095019__1_-removebg-preview.png","tc_all_events_image-width":500,"tc_all_events_image-height":500,"woocommerce_thumbnail":"https:\/\/media-camminiditalia.nbg1.your-objectstorage.com\/wp-content\/uploads\/2023\/04\/AVDG_logo2020_211008_095019__1_-removebg-preview-300x300.png","woocommerce_thumbnail-width":300,"woocommerce_thumbnail-height":300,"woocommerce_single":"https:\/\/media-camminiditalia.nbg1.your-objectstorage.com\/wp-content\/uploads\/2023\/04\/AVDG_logo2020_211008_095019__1_-removebg-preview.png","woocommerce_single-width":500,"woocommerce_single-height":500,"woocommerce_gallery_thumbnail":"https:\/\/media-camminiditalia.nbg1.your-objectstorage.com\/wp-content\/uploads\/2023\/04\/AVDG_logo2020_211008_095019__1_-removebg-preview-100x100.png","woocommerce_gallery_thumbnail-width":100,"woocommerce_gallery_thumbnail-height":100}},"slider_cammini":{"title":"","text":"","select_cammini":false},"header_link":{"title":"","url":"","target":"","0":""}},"yoast_head":"<!-- This site is optimized with the Yoast SEO plugin v27.1.1 - https:\/\/yoast.com\/product\/yoast-seo-wordpress\/ -->\n<title>Alta Via delle Grazie - Cammini d&#039;Italia<\/title>\n<meta name=\"description\" content=\"La Alta Via delle Grazie: una ruta circular en el coraz\u00f3n or\u00f3bico de Lombard\u00eda. En las distintas etapas hay nada menos que 18 santuarios marianos.\" \/>\n<meta name=\"robots\" content=\"index, follow, max-snippet:-1, max-image-preview:large, max-video-preview:-1\" \/>\n<link rel=\"canonical\" href=\"https:\/\/camminiditalia.org\/es\/cammini\/alta-via-delle-grazie\/\" \/>\n<meta property=\"og:locale\" content=\"es_ES\" \/>\n<meta property=\"og:type\" content=\"article\" \/>\n<meta property=\"og:title\" content=\"Alta Via delle Grazie - Cammini d&#039;Italia\" \/>\n<meta property=\"og:description\" content=\"La Alta Via delle Grazie: una ruta circular en el coraz\u00f3n or\u00f3bico de Lombard\u00eda. En las distintas etapas hay nada menos que 18 santuarios marianos.\" \/>\n<meta property=\"og:url\" content=\"https:\/\/camminiditalia.org\/es\/cammini\/alta-via-delle-grazie\/\" \/>\n<meta property=\"og:site_name\" content=\"Cammini d&#039;Italia\" \/>\n<meta property=\"article:modified_time\" content=\"2026-04-13T12:09:14+00:00\" \/>\n<meta property=\"og:image\" content=\"https:\/\/media-camminiditalia.nbg1.your-objectstorage.com\/wp-content\/uploads\/2023\/04\/IMG-20220829-WA0000-e1719231515634.jpg\" \/>\n\t<meta property=\"og:image:width\" content=\"1600\" \/>\n\t<meta property=\"og:image:height\" content=\"1066\" \/>\n\t<meta property=\"og:image:type\" content=\"image\/jpeg\" \/>\n<meta name=\"twitter:card\" content=\"summary_large_image\" \/>\n<meta name=\"twitter:label1\" content=\"Tiempo de lectura\" \/>\n\t<meta name=\"twitter:data1\" content=\"2 minutos\" \/>\n<script type=\"application\/ld+json\" class=\"yoast-schema-graph\">{\"@context\":\"https:\/\/schema.org\",\"@graph\":[{\"@type\":\"WebPage\",\"@id\":\"https:\/\/camminiditalia.org\/es\/cammini\/alta-via-delle-grazie\/\",\"url\":\"https:\/\/camminiditalia.org\/es\/cammini\/alta-via-delle-grazie\/\",\"name\":\"Alta Via delle Grazie - Cammini d&#039;Italia\",\"isPartOf\":{\"@id\":\"https:\/\/camminiditalia.org\/es\/#website\"},\"primaryImageOfPage\":{\"@id\":\"https:\/\/camminiditalia.org\/es\/cammini\/alta-via-delle-grazie\/#primaryimage\"},\"image\":{\"@id\":\"https:\/\/camminiditalia.org\/es\/cammini\/alta-via-delle-grazie\/#primaryimage\"},\"thumbnailUrl\":\"https:\/\/media-camminiditalia.nbg1.your-objectstorage.com\/wp-content\/uploads\/2023\/04\/IMG-20220829-WA0000-e1719231515634.jpg\",\"datePublished\":\"2023-04-05T19:53:22+00:00\",\"dateModified\":\"2026-04-13T12:09:14+00:00\",\"description\":\"La Alta Via delle Grazie: una ruta circular en el coraz\u00f3n or\u00f3bico de Lombard\u00eda. En las distintas etapas hay nada menos que 18 santuarios marianos.\",\"breadcrumb\":{\"@id\":\"https:\/\/camminiditalia.org\/es\/cammini\/alta-via-delle-grazie\/#breadcrumb\"},\"inLanguage\":\"es\",\"potentialAction\":[{\"@type\":\"ReadAction\",\"target\":[\"https:\/\/camminiditalia.org\/es\/cammini\/alta-via-delle-grazie\/\"]}]},{\"@type\":\"ImageObject\",\"inLanguage\":\"es\",\"@id\":\"https:\/\/camminiditalia.org\/es\/cammini\/alta-via-delle-grazie\/#primaryimage\",\"url\":\"https:\/\/media-camminiditalia.nbg1.your-objectstorage.com\/wp-content\/uploads\/2023\/04\/IMG-20220829-WA0000-e1719231515634.jpg\",\"contentUrl\":\"https:\/\/media-camminiditalia.nbg1.your-objectstorage.com\/wp-content\/uploads\/2023\/04\/IMG-20220829-WA0000-e1719231515634.jpg\",\"width\":1600,\"height\":1066,\"caption\":\"Alta Via delle Grazie\"},{\"@type\":\"BreadcrumbList\",\"@id\":\"https:\/\/camminiditalia.org\/es\/cammini\/alta-via-delle-grazie\/#breadcrumb\",\"itemListElement\":[{\"@type\":\"ListItem\",\"position\":1,\"name\":\"Home\",\"item\":\"https:\/\/camminiditalia.org\/es\/inicio\/\"},{\"@type\":\"ListItem\",\"position\":2,\"name\":\"Paseos\",\"item\":\"https:\/\/camminiditalia.org\/es\/cammini\/\"},{\"@type\":\"ListItem\",\"position\":3,\"name\":\"Alta Via delle Grazie\"}]},{\"@type\":\"WebSite\",\"@id\":\"https:\/\/camminiditalia.org\/es\/#website\",\"url\":\"https:\/\/camminiditalia.org\/es\/\",\"name\":\"Cammini d'Italia\",\"description\":\"Plan, walk and share!\",\"publisher\":{\"@id\":\"https:\/\/camminiditalia.org\/es\/#organization\"},\"potentialAction\":[{\"@type\":\"SearchAction\",\"target\":{\"@type\":\"EntryPoint\",\"urlTemplate\":\"https:\/\/camminiditalia.org\/es\/?s={search_term_string}\"},\"query-input\":{\"@type\":\"PropertyValueSpecification\",\"valueRequired\":true,\"valueName\":\"search_term_string\"}}],\"inLanguage\":\"es\"},{\"@type\":\"Organization\",\"@id\":\"https:\/\/camminiditalia.org\/es\/#organization\",\"name\":\"Cammini d'Italia srls\",\"url\":\"https:\/\/camminiditalia.org\/es\/\",\"logo\":{\"@type\":\"ImageObject\",\"inLanguage\":\"es\",\"@id\":\"https:\/\/camminiditalia.org\/es\/#\/schema\/logo\/image\/\",\"url\":\"https:\/\/media-camminiditalia.nbg1.your-objectstorage.com\/wp-content\/uploads\/2023\/08\/Risorsa-2-8-e1690918206850.png\",\"contentUrl\":\"https:\/\/media-camminiditalia.nbg1.your-objectstorage.com\/wp-content\/uploads\/2023\/08\/Risorsa-2-8-e1690918206850.png\",\"width\":1076,\"height\":329,\"caption\":\"Cammini d'Italia srls\"},\"image\":{\"@id\":\"https:\/\/camminiditalia.org\/es\/#\/schema\/logo\/image\/\"}}]}<\/script>\n<!-- \/ Yoast SEO plugin. -->","yoast_head_json":{"title":"Alta Via delle Grazie - Cammini d&#039;Italia","description":"La Alta Via delle Grazie: una ruta circular en el coraz\u00f3n or\u00f3bico de Lombard\u00eda. En las distintas etapas hay nada menos que 18 santuarios marianos.","robots":{"index":"index","follow":"follow","max-snippet":"max-snippet:-1","max-image-preview":"max-image-preview:large","max-video-preview":"max-video-preview:-1"},"canonical":"https:\/\/camminiditalia.org\/es\/cammini\/alta-via-delle-grazie\/","og_locale":"es_ES","og_type":"article","og_title":"Alta Via delle Grazie - Cammini d&#039;Italia","og_description":"La Alta Via delle Grazie: una ruta circular en el coraz\u00f3n or\u00f3bico de Lombard\u00eda. En las distintas etapas hay nada menos que 18 santuarios marianos.","og_url":"https:\/\/camminiditalia.org\/es\/cammini\/alta-via-delle-grazie\/","og_site_name":"Cammini d&#039;Italia","article_modified_time":"2026-04-13T12:09:14+00:00","og_image":[{"width":1600,"height":1066,"url":"https:\/\/media-camminiditalia.nbg1.your-objectstorage.com\/wp-content\/uploads\/2023\/04\/IMG-20220829-WA0000-e1719231515634.jpg","type":"image\/jpeg"}],"twitter_card":"summary_large_image","twitter_misc":{"Tiempo de lectura":"2 minutos"},"schema":{"@context":"https:\/\/schema.org","@graph":[{"@type":"WebPage","@id":"https:\/\/camminiditalia.org\/es\/cammini\/alta-via-delle-grazie\/","url":"https:\/\/camminiditalia.org\/es\/cammini\/alta-via-delle-grazie\/","name":"Alta Via delle Grazie - Cammini d&#039;Italia","isPartOf":{"@id":"https:\/\/camminiditalia.org\/es\/#website"},"primaryImageOfPage":{"@id":"https:\/\/camminiditalia.org\/es\/cammini\/alta-via-delle-grazie\/#primaryimage"},"image":{"@id":"https:\/\/camminiditalia.org\/es\/cammini\/alta-via-delle-grazie\/#primaryimage"},"thumbnailUrl":"https:\/\/media-camminiditalia.nbg1.your-objectstorage.com\/wp-content\/uploads\/2023\/04\/IMG-20220829-WA0000-e1719231515634.jpg","datePublished":"2023-04-05T19:53:22+00:00","dateModified":"2026-04-13T12:09:14+00:00","description":"La Alta Via delle Grazie: una ruta circular en el coraz\u00f3n or\u00f3bico de Lombard\u00eda. En las distintas etapas hay nada menos que 18 santuarios marianos.","breadcrumb":{"@id":"https:\/\/camminiditalia.org\/es\/cammini\/alta-via-delle-grazie\/#breadcrumb"},"inLanguage":"es","potentialAction":[{"@type":"ReadAction","target":["https:\/\/camminiditalia.org\/es\/cammini\/alta-via-delle-grazie\/"]}]},{"@type":"ImageObject","inLanguage":"es","@id":"https:\/\/camminiditalia.org\/es\/cammini\/alta-via-delle-grazie\/#primaryimage","url":"https:\/\/media-camminiditalia.nbg1.your-objectstorage.com\/wp-content\/uploads\/2023\/04\/IMG-20220829-WA0000-e1719231515634.jpg","contentUrl":"https:\/\/media-camminiditalia.nbg1.your-objectstorage.com\/wp-content\/uploads\/2023\/04\/IMG-20220829-WA0000-e1719231515634.jpg","width":1600,"height":1066,"caption":"Alta Via delle Grazie"},{"@type":"BreadcrumbList","@id":"https:\/\/camminiditalia.org\/es\/cammini\/alta-via-delle-grazie\/#breadcrumb","itemListElement":[{"@type":"ListItem","position":1,"name":"Home","item":"https:\/\/camminiditalia.org\/es\/inicio\/"},{"@type":"ListItem","position":2,"name":"Paseos","item":"https:\/\/camminiditalia.org\/es\/cammini\/"},{"@type":"ListItem","position":3,"name":"Alta Via delle Grazie"}]},{"@type":"WebSite","@id":"https:\/\/camminiditalia.org\/es\/#website","url":"https:\/\/camminiditalia.org\/es\/","name":"Cammini d'Italia","description":"Plan, walk and share!","publisher":{"@id":"https:\/\/camminiditalia.org\/es\/#organization"},"potentialAction":[{"@type":"SearchAction","target":{"@type":"EntryPoint","urlTemplate":"https:\/\/camminiditalia.org\/es\/?s={search_term_string}"},"query-input":{"@type":"PropertyValueSpecification","valueRequired":true,"valueName":"search_term_string"}}],"inLanguage":"es"},{"@type":"Organization","@id":"https:\/\/camminiditalia.org\/es\/#organization","name":"Cammini d'Italia srls","url":"https:\/\/camminiditalia.org\/es\/","logo":{"@type":"ImageObject","inLanguage":"es","@id":"https:\/\/camminiditalia.org\/es\/#\/schema\/logo\/image\/","url":"https:\/\/media-camminiditalia.nbg1.your-objectstorage.com\/wp-content\/uploads\/2023\/08\/Risorsa-2-8-e1690918206850.png","contentUrl":"https:\/\/media-camminiditalia.nbg1.your-objectstorage.com\/wp-content\/uploads\/2023\/08\/Risorsa-2-8-e1690918206850.png","width":1076,"height":329,"caption":"Cammini d'Italia srls"},"image":{"@id":"https:\/\/camminiditalia.org\/es\/#\/schema\/logo\/image\/"}}]}},"jetpack_sharing_enabled":true,"_links":{"self":[{"href":"https:\/\/camminiditalia.org\/es\/wp-json\/wp\/v2\/cammini\/55723","targetHints":{"allow":["GET"]}}],"collection":[{"href":"https:\/\/camminiditalia.org\/es\/wp-json\/wp\/v2\/cammini"}],"about":[{"href":"https:\/\/camminiditalia.org\/es\/wp-json\/wp\/v2\/types\/cammini"}],"version-history":[{"count":2,"href":"https:\/\/camminiditalia.org\/es\/wp-json\/wp\/v2\/cammini\/55723\/revisions"}],"predecessor-version":[{"id":90968,"href":"https:\/\/camminiditalia.org\/es\/wp-json\/wp\/v2\/cammini\/55723\/revisions\/90968"}],"wp:featuredmedia":[{"embeddable":true,"href":"https:\/\/camminiditalia.org\/es\/wp-json\/wp\/v2\/media\/55746"}],"wp:attachment":[{"href":"https:\/\/camminiditalia.org\/es\/wp-json\/wp\/v2\/media?parent=55723"}],"wp:term":[{"taxonomy":"category","embeddable":true,"href":"https:\/\/camminiditalia.org\/es\/wp-json\/wp\/v2\/categories?post=55723"}],"curies":[{"name":"wp","href":"https:\/\/api.w.org\/{rel}","templated":true}]}}