
{"id":55808,"date":"2023-04-19T19:14:48","date_gmt":"2023-04-19T17:14:48","guid":{"rendered":"https:\/\/camminiditalia.org\/cammini\/via-valeriana\/"},"modified":"2026-03-02T10:29:40","modified_gmt":"2026-03-02T09:29:40","slug":"via-valeriana","status":"publish","type":"cammini","link":"https:\/\/camminiditalia.org\/es\/cammini\/via-valeriana\/","title":{"rendered":"Via Valeriana"},"content":{"rendered":"\n<p>La ruta comienza en Brescia y llega a Edolo, donde se divide en dos tramos, uno hacia el Paso de Aprica y Tirano y otro hacia el Paso de Tonale. Recorre unos 200 km y se divide en 12 etapas. En su mayor parte, la ruta discurre por la media costa de las cadenas monta\u00f1osas. Aunque es un itinerario de dificultad media, presenta varios altibajos con algunas subidas y bajadas bastante exigentes. El sentido de la ruta es unidireccional: partiendo de la ciudad, sigue los senderos de las colinas de Brescia y Fraciacorta, alcanza la orilla izquierda del lago de Iseo, luego la izquierda orogr\u00e1fica del valle Camonica hasta el centro de Boario Terme, donde atraviesa la ciudad, pasa a la derecha orogr\u00e1fica, y luego regresa por la izquierda de Edolo hasta el paso Tonale o el paso Aprica.<\/p>\n","protected":false},"excerpt":{"rendered":"<p>La ruta comienza en Brescia y llega a Edolo, donde se divide en dos tramos, uno hacia el Paso de Aprica y Tirano y otro hacia el Paso de Tonale. Recorre unos 200 km y se divide en 12 etapas. En su mayor parte, la ruta discurre por la media costa de las cadenas monta\u00f1osas. &hellip; <a href=\"https:\/\/camminiditalia.org\/es\/cammini\/via-valeriana\/\">Continued<\/a><\/p>\n","protected":false},"featured_media":78389,"parent":0,"menu_order":0,"template":"","meta":{"_acf_changed":false,"footnotes":""},"categories":[1937],"class_list":["post-55808","cammini","type-cammini","status-publish","has-post-thumbnail","hentry","category-lombardia-es","regioni-lombardia"],"acf":{"mobile":false,"desktop":false,"app":{"bgImg":{"ID":61874,"id":61874,"title":"5-Tappa-Panoramo-sulla-valle-camonica-scaled","filename":"5-Tappa-Panoramo-sulla-valle-camonica-scaled.webp","filesize":724212,"url":"https:\/\/media-camminiditalia.nbg1.your-objectstorage.com\/wp-content\/uploads\/2023\/04\/5-Tappa-Panoramo-sulla-valle-camonica-scaled-scaled.webp","link":"https:\/\/camminiditalia.org\/es\/?attachment_id=61874","alt":"","author":"0","description":"","caption":"","name":"5-tappa-panoramo-sulla-valle-camonica-scaled-2","status":"inherit","uploaded_to":55810,"date":"2023-04-19 17:33:28","modified":"2023-04-19 17:33:28","menu_order":0,"mime_type":"image\/webp","type":"image","subtype":"webp","icon":"https:\/\/camminiditalia.org\/wp-includes\/images\/media\/default.png","width":2560,"height":1928,"sizes":{"thumbnail":"https:\/\/media-camminiditalia.nbg1.your-objectstorage.com\/wp-content\/uploads\/2023\/04\/5-Tappa-Panoramo-sulla-valle-camonica-scaled-scaled-e1681925734849-150x150.webp","thumbnail-width":150,"thumbnail-height":150,"medium":"https:\/\/media-camminiditalia.nbg1.your-objectstorage.com\/wp-content\/uploads\/2023\/04\/5-Tappa-Panoramo-sulla-valle-camonica-scaled-scaled-e1681925734849-300x151.webp","medium-width":300,"medium-height":151,"medium_large":"https:\/\/media-camminiditalia.nbg1.your-objectstorage.com\/wp-content\/uploads\/2023\/04\/5-Tappa-Panoramo-sulla-valle-camonica-scaled-scaled-e1681925734849-768x386.webp","medium_large-width":768,"medium_large-height":386,"large":"https:\/\/media-camminiditalia.nbg1.your-objectstorage.com\/wp-content\/uploads\/2023\/04\/5-Tappa-Panoramo-sulla-valle-camonica-scaled-scaled-e1681925734849-1024x514.webp","large-width":1024,"large-height":514,"1536x1536":"https:\/\/media-camminiditalia.nbg1.your-objectstorage.com\/wp-content\/uploads\/2023\/04\/5-Tappa-Panoramo-sulla-valle-camonica-scaled-scaled-e1681925734849-1536x772.webp","1536x1536-width":1536,"1536x1536-height":772,"2048x2048":"https:\/\/media-camminiditalia.nbg1.your-objectstorage.com\/wp-content\/uploads\/2023\/04\/5-Tappa-Panoramo-sulla-valle-camonica-scaled-scaled-e1681925734849-2048x1029.webp","2048x2048-width":2048,"2048x2048-height":1029,"tc_all_events_image":"https:\/\/media-camminiditalia.nbg1.your-objectstorage.com\/wp-content\/uploads\/2023\/04\/5-Tappa-Panoramo-sulla-valle-camonica-scaled-scaled.webp","tc_all_events_image-width":903,"tc_all_events_image-height":680,"woocommerce_thumbnail":"https:\/\/media-camminiditalia.nbg1.your-objectstorage.com\/wp-content\/uploads\/2023\/04\/5-Tappa-Panoramo-sulla-valle-camonica-scaled-300x300.webp","woocommerce_thumbnail-width":300,"woocommerce_thumbnail-height":300,"woocommerce_single":"https:\/\/media-camminiditalia.nbg1.your-objectstorage.com\/wp-content\/uploads\/2023\/04\/5-Tappa-Panoramo-sulla-valle-camonica-scaled-600x452.webp","woocommerce_single-width":600,"woocommerce_single-height":452,"woocommerce_gallery_thumbnail":"https:\/\/media-camminiditalia.nbg1.your-objectstorage.com\/wp-content\/uploads\/2023\/04\/5-Tappa-Panoramo-sulla-valle-camonica-scaled-100x100.webp","woocommerce_gallery_thumbnail-width":100,"woocommerce_gallery_thumbnail-height":100}},"title":"Via Valeriana","text":"<p>Con la aplicaci\u00f3n gratuita Cammino d&#8217;Italia, puedes planificar y recorrer la Via Valeriana con total seguridad, pudiendo planificar las etapas al detalle y seguir la ruta gracias a la tecnolog\u00eda GPS integrada que te ayuda a orientarte durante tu aventura.<\/p>\n<p>\u2800En la app encontrar\u00e1s muchas otras rutas de senderismo por Italia. Gracias a los tracks georreferenciados de muchas rutas, podr\u00e1s estudiar la ruta que m\u00e1s te convenga y descargarte los tracks GPX de las etapas individuales sin conexi\u00f3n. <\/p>\n<p>La aplicaci\u00f3n tambi\u00e9n incluye un mapa digital completo de todos los senderos estudiados hasta la fecha en nuestro portal, lo que te ofrece una amplia gama de elecci\u00f3n entre los numerosos senderos de Italia.<\/p>\n<p>\u2800\u2800<br \/>\nCammini d&#8217;Italia es la aplicaci\u00f3n perfecta para quienes desean explorar la belleza de Italia a pie, descubriendo lugares ocultos rodeados de naturaleza. \u00a1Desc\u00e1rgatela gratis hoy mismo y empieza a planear tu pr\u00f3xima aventura! <\/p>\n<p>\u2800<\/p>\n<p>\u2800<\/p>\n<p><a href=\"https:\/\/apps.apple.com\/it\/app\/cammini-di-italia\/id1643119047\" target=\"_blank\" rel=\"noopener\"><img loading=\"lazy\" decoding=\"async\" class=\"alignnone wp-image-23502\" src=\"https:\/\/camminiditalia.org\/wp-content\/uploads\/s3fra1:\/\/camministorage\/wp-content\/uploads\/2023\/04\/apple-300x95.png\" alt=\"\" width=\"190\" height=\"60\" srcset=\"https:\/\/media-camminiditalia.nbg1.your-objectstorage.com\/wp-content\/uploads\/2023\/04\/apple-300x95.png 300w, https:\/\/media-camminiditalia.nbg1.your-objectstorage.com\/wp-content\/uploads\/2023\/04\/apple.png 600w, https:\/\/media-camminiditalia.nbg1.your-objectstorage.com\/wp-content\/uploads\/2023\/04\/apple-1024x323.png 1024w, https:\/\/media-camminiditalia.nbg1.your-objectstorage.com\/wp-content\/uploads\/2023\/04\/apple-768x242.png 768w, https:\/\/media-camminiditalia.nbg1.your-objectstorage.com\/wp-content\/uploads\/2023\/04\/apple.png 1109w\" sizes=\"auto, (max-width: 190px) 100vw, 190px\" \/><\/a>  \u2800\u2800\u2800<a href=\"https:\/\/play.google.com\/store\/apps\/details?id=it.webmapp.cammini&#038;hl=en_US\" target=\"_blank\" rel=\"noopener\"><img loading=\"lazy\" decoding=\"async\" class=\"alignnone wp-image-23503\" src=\"https:\/\/camminiditalia.org\/wp-content\/uploads\/s3fra1:\/\/camministorage\/wp-content\/uploads\/2023\/04\/google-play-300x93.png\" alt=\"\" width=\"193\" height=\"60\" srcset=\"https:\/\/media-camminiditalia.nbg1.your-objectstorage.com\/wp-content\/uploads\/2023\/04\/google-play-300x93.png 300w, https:\/\/media-camminiditalia.nbg1.your-objectstorage.com\/wp-content\/uploads\/2023\/04\/google-play.png 600w, https:\/\/media-camminiditalia.nbg1.your-objectstorage.com\/wp-content\/uploads\/2023\/04\/google-play-1024x318.png 1024w, https:\/\/media-camminiditalia.nbg1.your-objectstorage.com\/wp-content\/uploads\/2023\/04\/google-play-768x239.png 768w, https:\/\/media-camminiditalia.nbg1.your-objectstorage.com\/wp-content\/uploads\/2023\/04\/google-play.png 1106w\" sizes=\"auto, (max-width: 193px) 100vw, 193px\" \/><\/a><\/p>\n","img":false,"linkBtn":{"title":"","url":"","target":"","0":""},"textBtn":""},"diaries":{"diary":[{"ID":86963,"post_author":"2","post_date":"2026-01-26 10:00:00","post_date_gmt":"2026-01-26 09:00:00","post_content":"<!-- wp:paragraph -->\n<p><em>Cristian ha poco tempo, purtroppo come tanti. Lavora, incastra impegni, ritaglia spazi. Ma, appena pu\u00f2, parte per un cammino. Ed \u00e8 cos\u00ec che, a dicembre, con le giornate corte e l\u2019inverno addosso, ha scelto di percorrere la Via Valeriana. In questo diario Cristian racconta le prime tre tappe, da Brescia a Pisogne: attraversa l\u2019alba silenziosa della citt\u00e0, si inoltra nei boschi e tra i vigneti della Franciacorta, poi sale fino ai belvedere che aprono il lago d\u2019Iseo all\u2019improvviso, come un regalo. Nel mezzo, incontra piccoli segni e luoghi che gli restano addosso. Nonostante il breve viaggio, alla fine resta una promessa semplice: tornare per ultimare e completare questo cammino.<\/em><\/p>\n<!-- \/wp:paragraph -->\n\n<!-- wp:heading -->\n<h2 class=\"wp-block-heading\"><strong>Introduzione<\/strong><\/h2>\n<!-- \/wp:heading -->\n\n<!-- wp:paragraph -->\n<p>Quando ho un attimo di tempo mi alleno e, appena posso, parto per un cammino: questa \u00e8 diventata ormai la mia filosofia di vita. Mi ritrovo ad avere tre giorni a disposizione e, anche se \u00e8 dicembre e le giornate sono corte, decido di intraprendere le prime tre tappe della <strong><a href=\"https:\/\/camminiditalia.org\/cammini\/via-valeriana\/\">Via Valeriana.<\/a><\/strong><\/p>\n<!-- \/wp:paragraph -->\n\n<!-- wp:paragraph -->\n<p><em><strong>Se anche tu come Cristian hai voglia di condividere il tuo racconto di cammino, scrivici a <a>info@camminiditalia.org<\/a>: ti invieremo tutte le indicazioni per raccontare la tua avventura! E se preferisci un contatto diretto unisciti alla nostra <a href=\"https:\/\/www.facebook.com\/groups\/camminiditalia\">Community su Facebook<\/a> e condividi il tuo racconto con noi e altri appassionati.<\/strong><\/em><\/p>\n<!-- \/wp:paragraph -->\n\n<!-- wp:paragraph -->\n<p><strong><em>E per non perderti lungo il tuo percorso, scarica l\u2019app di Cammini d\u2019Italia! Troverai tutte le tracce GPX dei principali cammini italiani e potrai navigare facilmente, anche offline. Scopri tutti i dettagli <a href=\"https:\/\/camminiditalia.org\/app-cammini-d-italia\/\">qui!<\/a><\/em><\/strong><\/p>\n<!-- \/wp:paragraph -->\n\n<!-- wp:heading -->\n<h2 class=\"wp-block-heading\"><strong>Tappa 01: Brescia - Rodengo Saiano<\/strong><\/h2>\n<!-- \/wp:heading -->\n\n<!-- wp:paragraph -->\n<p><em><strong>20.6 km<\/strong><\/em><\/p>\n<!-- \/wp:paragraph -->\n\n<!-- wp:paragraph -->\n<p>Decido di arrivare in auto a Brescia (io sono della provincia di Piacenza) per affrontare subito la prima tappa. Attraversare il centro storico della Leonessa d\u2019Italia con le prime luci dell\u2019alba e il suo silenzio \u00e8 emozionante.<\/p>\n<!-- \/wp:paragraph -->\n\n<!-- wp:paragraph -->\n<p><strong><em><mark style=\"background-color:rgba(0, 0, 0, 0)\" class=\"has-inline-color has-cm-yellow-color\">C'\u00e8 un altro cammino in Lombardia che parte da Brescia. Si tratta de <\/mark><mark style=\"background-color:#feeddb\" class=\"has-inline-color has-cm-yellow-color\"><a href=\"https:\/\/camminiditalia.org\/cammini\/la-via-delle-sorelle\/\">\"La Via delle Sorelle\"<\/a>! <\/mark><\/em><\/strong><\/p>\n<!-- \/wp:paragraph -->\n\n<!-- wp:paragraph -->\n<p>Il Foro Romano \u00e8 qualcosa di veramente unico. Le strade lastricate e le facciate dei palazzi storici lasciano spazio a un sentiero nel bosco di roverelle: si sale di quota e si arriva nei vigneti della Franciacorta. <\/p>\n<!-- \/wp:paragraph -->\n\n<!-- wp:image {\"id\":86979,\"sizeSlug\":\"large\",\"linkDestination\":\"none\"} -->\n<figure class=\"wp-block-image size-large\"><img src=\"https:\/\/camminiditalia.org\/wp-content\/uploads\/2026\/01\/2-1-819x1024.webp\" alt=\"\" class=\"wp-image-86979\"\/><figcaption class=\"wp-element-caption\">Foro Romano di Brescia<\/figcaption><\/figure>\n<!-- \/wp:image -->\n\n<!-- wp:paragraph -->\n<p>L\u2019impressione \u00e8 quella di entrare in un quadro; la giornata \u00e8 splendida e il sole mi riscalda. Arrivo nel tardo pomeriggio a Rodengo Saiano e, prima di andare a riposare, non posso non visitare l\u2019Abbazia Benedettina. <\/p>\n<!-- \/wp:paragraph -->\n\n<!-- wp:image {\"id\":86978,\"sizeSlug\":\"large\",\"linkDestination\":\"none\"} -->\n<figure class=\"wp-block-image size-large\"><img src=\"https:\/\/camminiditalia.org\/wp-content\/uploads\/2026\/01\/1-2-819x1024.webp\" alt=\"\" class=\"wp-image-86978\"\/><figcaption class=\"wp-element-caption\">Abazia Benedettina di Rodengo Saiano<\/figcaption><\/figure>\n<!-- \/wp:image -->\n\n<!-- wp:paragraph -->\n<p>Ed \u00e8 proprio l\u00ec che, dopo cena, mi posso godere anche un concerto della banda, visto che \u00e8 San Nicola, patrono del paese. Questa \u00e8 la fortuna del pellegrino.<\/p>\n<!-- \/wp:paragraph -->\n\n<!-- wp:heading -->\n<h2 class=\"wp-block-heading\"><strong>Tappa 02: Rodengo Saiano - Sulzano<\/strong><\/h2>\n<!-- \/wp:heading -->\n\n<!-- wp:paragraph -->\n<p><em><strong>18.3 km<\/strong><\/em><\/p>\n<!-- \/wp:paragraph -->\n\n<!-- wp:paragraph -->\n<p>Dopo un\u2019ottima colazione si parte per la seconda tappa. Quella di oggi non dovrebbe essere troppo impegnativa, come quella precedente, d\u2019altronde. La giornata \u00e8 splendida e i primi km sono tutti in pianura. <\/p>\n<!-- \/wp:paragraph -->\n\n<!-- wp:paragraph -->\n<p>Anche se \u00e8 dicembre, la temperatura \u00e8 tale da permettermi di togliere il 100 grammi e proseguire solo con la felpa. Sulla mia strada incontro il Maglio di Ome, che \u00e8 ancora funzionante, e con la solita fortuna del pellegrino riesco a vedere come veniva battuto e lavorato il ferro una volta. <\/p>\n<!-- \/wp:paragraph -->\n\n<!-- wp:paragraph -->\n<p>Eccomi poi intento ad attraversare il Parco del Bosco delle Querce di Ome, un\u2019area verde famosa per i suoi boschi di querce che offre percorsi naturalistici. <\/p>\n<!-- \/wp:paragraph -->\n\n<!-- wp:image {\"id\":86981,\"sizeSlug\":\"large\",\"linkDestination\":\"none\"} -->\n<figure class=\"wp-block-image size-large\"><img src=\"https:\/\/camminiditalia.org\/wp-content\/uploads\/2026\/01\/4-2-819x1024.webp\" alt=\"\" class=\"wp-image-86981\"\/><figcaption class=\"wp-element-caption\">Parco del bosco delle querce di Ome<\/figcaption><\/figure>\n<!-- \/wp:image -->\n\n<!-- wp:paragraph -->\n<p>Tutto questo prima di cominciare la salita che mi porta a 630 m s.l.m. e dove, dopo la foto di rito sulla panchina gigante di Pilzone, riesco a vedere tutta la bellezza del lago d\u2019Iseo. Il panorama \u00e8 mozzafiato e mi sento grato per questa esperienza unica.<\/p>\n<!-- \/wp:paragraph -->\n\n<!-- wp:paragraph -->\n<p><strong><em><mark style=\"background-color:rgba(0, 0, 0, 0)\" class=\"has-inline-color has-cm-yellow-color\">Se ti piace questo mix di panorami e laghi, segnati anche il <\/mark><mark style=\"background-color:#feeddb\" class=\"has-inline-color has-cm-yellow-color\"><a href=\"https:\/\/camminiditalia.org\/cammini\/cammino-tre-laghi\/\">Cammino Tre Laghi!<\/a><\/mark><\/em><\/strong><\/p>\n<!-- \/wp:paragraph -->\n\n<!-- wp:heading -->\n<h2 class=\"wp-block-heading\"><strong>Tappa 03: Sulzano - Pisogne<\/strong><\/h2>\n<!-- \/wp:heading -->\n\n<!-- wp:paragraph -->\n<p><em><strong>22.1 km<\/strong><\/em><\/p>\n<!-- \/wp:paragraph -->\n\n<!-- wp:paragraph -->\n<p>Esco dal B&amp;B che mi ha ospitato per la notte quando \u00e8 ancora buio. Sono abbastanza in alto rispetto al lago e le luci danno un senso di magia: sar\u00e0 l\u2019aria del Natale che si avvicina, ma con quello che vedo mi sembra proprio di vivere in un presepe. La tappa di oggi \u00e8 tutta un saliscendi; a fine tappa i metri di dislivello saranno 900. <\/p>\n<!-- \/wp:paragraph -->\n\n<!-- wp:paragraph -->\n<p>Si sale fino a Zone, dove posso ammirare le sue particolari piramidi. Il paese \u00e8 bellissimo: da una parte troviamo a proteggerlo le montagne, che in questo periodo sono innevate, mentre dall\u2019altra l\u2019aria del lago che sale dalla sua gola. Magnifico. <\/p>\n<!-- \/wp:paragraph -->\n\n<!-- wp:image {\"id\":86984,\"sizeSlug\":\"large\",\"linkDestination\":\"none\"} -->\n<figure class=\"wp-block-image size-large\"><img src=\"https:\/\/camminiditalia.org\/wp-content\/uploads\/2026\/01\/7-819x1024.webp\" alt=\"\" class=\"wp-image-86984\"\/><figcaption class=\"wp-element-caption\">Vigneti in Franciacorta<\/figcaption><\/figure>\n<!-- \/wp:image -->\n\n<!-- wp:paragraph -->\n<p>Comincio la discesa e arrivo sulle sponde del lago d\u2019Iseo. La mia tre giorni finisce qui: lascio Pisogne con la promessa di ritornare per ripartire e finire questa meravigliosa via che mi ha letteralmente stupito.<\/p>\n<!-- \/wp:paragraph -->\n\n<!-- wp:paragraph -->\n<p><strong><em><mark style=\"background-color:rgba(0, 0, 0, 0)\" class=\"has-inline-color has-cm-yellow-color\">Vuoi fare un regalo utile e originale al tuo compagno di avventure? <\/mark><mark style=\"background-color:#feeddb\" class=\"has-inline-color has-cm-yellow-color\"><a href=\"https:\/\/camminiditalia.shop\/product\/atlante-cammini-d-italia\/\">L'Atlante dei Cammini d'Italia<\/a><\/mark><mark style=\"background-color:rgba(0, 0, 0, 0)\" class=\"has-inline-color has-cm-yellow-color\">\u00e8 quello che fa per te!<\/mark><\/em><\/strong><\/p>\n<!-- \/wp:paragraph -->\n\n<!-- wp:paragraph -->\n<p><br><br><\/p>\n<!-- \/wp:paragraph -->","post_title":"Cristian e la sua Via Valeriana: tre giorni tra Franciacorta e lago d\u2019Iseo","post_excerpt":"","post_status":"publish","comment_status":"closed","ping_status":"open","post_password":"","post_name":"tre-giorni-sulla-via-valeriana","to_ping":"","pinged":"","post_modified":"2026-01-23 18:47:24","post_modified_gmt":"2026-01-23 17:47:24","post_content_filtered":"","post_parent":0,"guid":"https:\/\/camminiditalia.org\/?p=86963","menu_order":0,"post_type":"post","post_mime_type":"","comment_count":"0","filter":"raw"}]},"gallery":{"images":[{"img":{"ID":55811,"id":55811,"title":"10a - TAPPA-Alta Valle Camonica","filename":"10-bis-TAPPA-Alta-Valle-Camonica.jpg","filesize":2233616,"url":"https:\/\/media-camminiditalia.nbg1.your-objectstorage.com\/wp-content\/uploads\/2023\/04\/10-bis-TAPPA-Alta-Valle-Camonica-scaled.jpg","link":"https:\/\/camminiditalia.org\/es\/cammini\/via-valeriana\/10-bis-tappa-alta-valle-camonica-2\/","alt":"Via Valeriana","author":"2","description":"","caption":"","name":"10-bis-tappa-alta-valle-camonica-2","status":"inherit","uploaded_to":55808,"date":"2023-04-19 17:33:49","modified":"2025-06-20 10:57:08","menu_order":0,"mime_type":"image\/jpeg","type":"image","subtype":"jpeg","icon":"https:\/\/camminiditalia.org\/wp-includes\/images\/media\/default.png","width":0,"height":0,"sizes":{"thumbnail":"https:\/\/media-camminiditalia.nbg1.your-objectstorage.com\/wp-content\/uploads\/2023\/04\/10-bis-TAPPA-Alta-Valle-Camonica-150x150.jpg","thumbnail-width":150,"thumbnail-height":150,"medium":"https:\/\/media-camminiditalia.nbg1.your-objectstorage.com\/wp-content\/uploads\/2023\/04\/10-bis-TAPPA-Alta-Valle-Camonica-300x225.jpg","medium-width":300,"medium-height":225,"medium_large":"https:\/\/media-camminiditalia.nbg1.your-objectstorage.com\/wp-content\/uploads\/2023\/04\/10-bis-TAPPA-Alta-Valle-Camonica-768x576.jpg","medium_large-width":768,"medium_large-height":576,"large":"https:\/\/media-camminiditalia.nbg1.your-objectstorage.com\/wp-content\/uploads\/2023\/04\/10-bis-TAPPA-Alta-Valle-Camonica-1024x768.jpg","large-width":1024,"large-height":768,"1536x1536":"https:\/\/media-camminiditalia.nbg1.your-objectstorage.com\/wp-content\/uploads\/2023\/04\/10-bis-TAPPA-Alta-Valle-Camonica-1536x1152.jpg","1536x1536-width":1536,"1536x1536-height":1152,"2048x2048":"https:\/\/media-camminiditalia.nbg1.your-objectstorage.com\/wp-content\/uploads\/2023\/04\/10-bis-TAPPA-Alta-Valle-Camonica-2048x1536.jpg","2048x2048-width":2048,"2048x2048-height":1536,"tc_all_events_image":"https:\/\/media-camminiditalia.nbg1.your-objectstorage.com\/wp-content\/uploads\/2023\/04\/10-bis-TAPPA-Alta-Valle-Camonica-scaled.jpg","tc_all_events_image-width":1,"tc_all_events_image-height":1,"woocommerce_thumbnail":"https:\/\/media-camminiditalia.nbg1.your-objectstorage.com\/wp-content\/uploads\/2023\/04\/10-bis-TAPPA-Alta-Valle-Camonica-scaled-300x300.jpg","woocommerce_thumbnail-width":300,"woocommerce_thumbnail-height":300,"woocommerce_single":"https:\/\/media-camminiditalia.nbg1.your-objectstorage.com\/wp-content\/uploads\/2023\/04\/10-bis-TAPPA-Alta-Valle-Camonica-scaled.jpg","woocommerce_single-width":1,"woocommerce_single-height":1,"woocommerce_gallery_thumbnail":"https:\/\/media-camminiditalia.nbg1.your-objectstorage.com\/wp-content\/uploads\/2023\/04\/10-bis-TAPPA-Alta-Valle-Camonica-scaled-100x100.jpg","woocommerce_gallery_thumbnail-width":100,"woocommerce_gallery_thumbnail-height":100}}},{"img":{"ID":20070,"id":20070,"title":"5 Tappa - Panoramo sulla valle camonica","filename":"5-Tappa-Panoramo-sulla-valle-camonica-scaled.jpg","filesize":860793,"url":"https:\/\/media-camminiditalia.nbg1.your-objectstorage.com\/wp-content\/uploads\/2023\/04\/5-Tappa-Panoramo-sulla-valle-camonica-scaled.jpg","link":"https:\/\/camminiditalia.org\/es\/cammini\/via-valeriana\/5-tappa-panoramo-sulla-valle-camonica\/","alt":"Via Valeriana","author":"2","description":"","caption":"","name":"5-tappa-panoramo-sulla-valle-camonica","status":"inherit","uploaded_to":20055,"date":"2023-04-19 17:32:31","modified":"2023-04-19 17:33:27","menu_order":0,"mime_type":"image\/jpeg","type":"image","subtype":"jpeg","icon":"https:\/\/camminiditalia.org\/wp-includes\/images\/media\/default.png","width":2560,"height":1928,"sizes":{"thumbnail":"https:\/\/media-camminiditalia.nbg1.your-objectstorage.com\/wp-content\/uploads\/2023\/04\/5-Tappa-Panoramo-sulla-valle-camonica-150x150.jpg","thumbnail-width":150,"thumbnail-height":150,"medium":"https:\/\/media-camminiditalia.nbg1.your-objectstorage.com\/wp-content\/uploads\/2023\/04\/5-Tappa-Panoramo-sulla-valle-camonica-300x226.jpg","medium-width":300,"medium-height":226,"medium_large":"https:\/\/media-camminiditalia.nbg1.your-objectstorage.com\/wp-content\/uploads\/2023\/04\/5-Tappa-Panoramo-sulla-valle-camonica-768x578.jpg","medium_large-width":768,"medium_large-height":578,"large":"https:\/\/media-camminiditalia.nbg1.your-objectstorage.com\/wp-content\/uploads\/2023\/04\/5-Tappa-Panoramo-sulla-valle-camonica-1024x771.jpg","large-width":1024,"large-height":771,"1536x1536":"https:\/\/media-camminiditalia.nbg1.your-objectstorage.com\/wp-content\/uploads\/2023\/04\/5-Tappa-Panoramo-sulla-valle-camonica-1536x1157.jpg","1536x1536-width":1536,"1536x1536-height":1157,"2048x2048":"https:\/\/media-camminiditalia.nbg1.your-objectstorage.com\/wp-content\/uploads\/2023\/04\/5-Tappa-Panoramo-sulla-valle-camonica-2048x1542.jpg","2048x2048-width":2048,"2048x2048-height":1542,"tc_all_events_image":"https:\/\/media-camminiditalia.nbg1.your-objectstorage.com\/wp-content\/uploads\/2023\/04\/5-Tappa-Panoramo-sulla-valle-camonica-scaled.jpg","tc_all_events_image-width":903,"tc_all_events_image-height":680,"woocommerce_thumbnail":"https:\/\/media-camminiditalia.nbg1.your-objectstorage.com\/wp-content\/uploads\/2023\/04\/5-Tappa-Panoramo-sulla-valle-camonica-300x300.jpg","woocommerce_thumbnail-width":300,"woocommerce_thumbnail-height":300,"woocommerce_single":"https:\/\/media-camminiditalia.nbg1.your-objectstorage.com\/wp-content\/uploads\/2023\/04\/5-Tappa-Panoramo-sulla-valle-camonica-600x452.jpg","woocommerce_single-width":600,"woocommerce_single-height":452,"woocommerce_gallery_thumbnail":"https:\/\/media-camminiditalia.nbg1.your-objectstorage.com\/wp-content\/uploads\/2023\/04\/5-Tappa-Panoramo-sulla-valle-camonica-100x100.jpg","woocommerce_gallery_thumbnail-width":100,"woocommerce_gallery_thumbnail-height":100}}},{"img":{"ID":61872,"id":61872,"title":"3-terza-TAPPA-scaled-e1681925279243","filename":"3-terza-TAPPA-scaled-e1681925279243.webp","filesize":334116,"url":"https:\/\/media-camminiditalia.nbg1.your-objectstorage.com\/wp-content\/uploads\/2023\/04\/3-terza-TAPPA-scaled-e1681925279243-scaled.webp","link":"https:\/\/camminiditalia.org\/es\/cammini\/via-valeriana\/3-terza-tappa-2\/3-terza-tappa-scaled-e1681925279243-2\/","alt":"","author":"0","description":"","caption":"","name":"3-terza-tappa-scaled-e1681925279243-2","status":"inherit","uploaded_to":55809,"date":"2023-04-19 17:29:07","modified":"2023-04-19 17:29:07","menu_order":0,"mime_type":"image\/webp","type":"image","subtype":"webp","icon":"https:\/\/camminiditalia.org\/wp-includes\/images\/media\/default.png","width":2560,"height":1883,"sizes":{"thumbnail":"https:\/\/media-camminiditalia.nbg1.your-objectstorage.com\/wp-content\/uploads\/2023\/04\/3-terza-TAPPA-scaled-e1681925279243-150x150.webp","thumbnail-width":150,"thumbnail-height":150,"medium":"https:\/\/media-camminiditalia.nbg1.your-objectstorage.com\/wp-content\/uploads\/2023\/04\/3-terza-TAPPA-scaled-e1681925279243-300x221.webp","medium-width":300,"medium-height":221,"medium_large":"https:\/\/media-camminiditalia.nbg1.your-objectstorage.com\/wp-content\/uploads\/2023\/04\/3-terza-TAPPA-scaled-e1681925279243-768x565.webp","medium_large-width":768,"medium_large-height":565,"large":"https:\/\/media-camminiditalia.nbg1.your-objectstorage.com\/wp-content\/uploads\/2023\/04\/3-terza-TAPPA-scaled-e1681925279243-1024x753.webp","large-width":1024,"large-height":753,"1536x1536":"https:\/\/media-camminiditalia.nbg1.your-objectstorage.com\/wp-content\/uploads\/2023\/04\/3-terza-TAPPA-scaled-e1681925279243-1536x1130.webp","1536x1536-width":1536,"1536x1536-height":1130,"2048x2048":"https:\/\/media-camminiditalia.nbg1.your-objectstorage.com\/wp-content\/uploads\/2023\/04\/3-terza-TAPPA-scaled-e1681925279243-2048x1506.webp","2048x2048-width":2048,"2048x2048-height":1506,"tc_all_events_image":"https:\/\/media-camminiditalia.nbg1.your-objectstorage.com\/wp-content\/uploads\/2023\/04\/3-terza-TAPPA-scaled-e1681925279243-scaled.webp","tc_all_events_image-width":924,"tc_all_events_image-height":680,"woocommerce_thumbnail":"https:\/\/media-camminiditalia.nbg1.your-objectstorage.com\/wp-content\/uploads\/2023\/04\/3-terza-TAPPA-scaled-e1681925279243-300x300.webp","woocommerce_thumbnail-width":300,"woocommerce_thumbnail-height":300,"woocommerce_single":"https:\/\/media-camminiditalia.nbg1.your-objectstorage.com\/wp-content\/uploads\/2023\/04\/3-terza-TAPPA-scaled-e1681925279243-600x441.webp","woocommerce_single-width":600,"woocommerce_single-height":441,"woocommerce_gallery_thumbnail":"https:\/\/media-camminiditalia.nbg1.your-objectstorage.com\/wp-content\/uploads\/2023\/04\/3-terza-TAPPA-scaled-e1681925279243-100x100.webp","woocommerce_gallery_thumbnail-width":100,"woocommerce_gallery_thumbnail-height":100}}}]},"guide":{"text":"","img":false,"linkBtn":{"title":"","url":"","target":"","0":""},"textBtn":""},"maps":{"map":"<p><iframe loading=\"lazy\" style=\"border: none; overflow: hidden;\" src=\"https:\/\/1.camminiditalia.webmapp.it\/map?layer=39\" width=\"100%\" height=\"800\" scrolling=\"no\"><\/iframe><\/p>\n","url":""},"modal":{"modals":[{"status":false,"title":"HISTORIA","text":"<p><span style=\"font-weight: 400;\">Desde la antig\u00fcedad, el lago de Iseo y el valle Camonica han estado recorridos por numerosos senderos que los un\u00edan y permit\u00edan el paso de hombres y mercanc\u00edas hacia la llanura, la ciudad de Brescia y los pasos alpinos para llegar a los valles vecinos.<\/span><\/p>\n<p><span style=\"font-weight: 400;\">Algunas rutas que ya se utilizaban en tiempos prehist\u00f3ricos se ensancharon y arreglaron en \u00e9pocas posteriores, tanto en \u00e9poca romana, con la construcci\u00f3n de la ciudad de Cividate Camuno, como en la Edad Media, con la edificaci\u00f3n de numerosos asentamientos. Estas rutas no cayeron en desuso hasta el siglo XIX, con la construcci\u00f3n de una carretera m\u00e1s c\u00f3moda a lo largo del fondo del valle. <\/span><\/p>\n<p><span style=\"font-weight: 400;\">Existen dos hip\u00f3tesis sobre el origen del t\u00e9rmino \u00abValeriano\u00bb. La primera remontar\u00eda la ruta a la \u00e9poca romana, construida en el siglo III a instancias del c\u00f3nsul Cayo Publio Licinio Valeriano. La segunda hip\u00f3tesis hace derivar el nombre de \u00abVallesiana o Valleriana\u00bb, t\u00e9rmino que indica una ruta que serpentea por un valle. El mismo t\u00e9rmino se encuentra tambi\u00e9n en Valtellina y otras zonas monta\u00f1osas.   <\/span><\/p>\n"},{"status":false,"title":"AGUA","text":"<p><span style=\"font-weight: 400;\">En el Valle Camonica hay abundante presencia de agua; de hecho, en cada pueblo que se atraviesa hay varias fuentes donde poder abastecerse. <\/span><span style=\"font-weight: 400;\">Hay fuentes de agua por t\u00e9rmino medio cada 4 km a lo largo de la ruta;<\/span><\/p>\n"},{"status":false,"title":"SERVICIOS ","text":"<p><span style=\"font-weight: 400;\">Los supermercados est\u00e1n presentes en grandes centros como Brescia-Rodengo Saiano &#8211; Pisogne-Boario-Malonno-Edolo-Ponte di Legno-Aprica- Tirano (final de ETAPA). En los pueblos de Malegno-Ono san Pietro (final de ETAPA) hay peque\u00f1as tiendas de comestibles.<\/span><\/p>\n<p><span style=\"font-weight: 400;\">En todos los finales de etapa hay farmacias.<\/span><\/p>\n"},{"status":false,"title":"SE\u00d1ALIZACI\u00d3N","text":"<p><span style=\"font-weight: 400;\">Se\u00f1ales a lo largo del camino.<\/span><\/p>\n"},{"status":false,"title":"PELIGROS","text":"<p><span style=\"font-weight: 400;\">A lo largo de la ETAPA n\u00ba 7 Ono San Pietro-Malonno hay 20 metros de sendero expuesto en el fondo del valle, tambi\u00e9n hay cadenas para permitir un paso seguro.<\/span><\/p>\n"},{"status":false,"title":"EN CARPA","text":"<p><span style=\"font-weight: 400;\">A lo largo de la ruta est\u00e1 prohibido acampar con tiendas, y tambi\u00e9n hay muchas se\u00f1ales de prohibici\u00f3n en las zonas de picnic. Adem\u00e1s, todos los terrenos a lo largo de la ruta son privados. <\/span><\/p>\n"},{"status":false,"title":"FONDO DEL CAMINO","text":"<p><span style=\"font-weight: 400;\">ETAPA 1: Asfalto 50% &#8211; Tierra 50%.<\/span><\/p>\n<p><span style=\"font-weight: 400;\">ETAPA 2: Asfalto 50% &#8211; Tierra 50%.<\/span><\/p>\n<p><span style=\"font-weight: 400;\">3Tappa: 50% asfalto &#8211; 50% grava<\/span><\/p>\n<p><span style=\"font-weight: 400;\">4etapas: 95 % asfalto &#8211; 5 % grava<\/span><\/p>\n<p><span style=\"font-weight: 400;\">ETAPA 5: 25 % asfalto &#8211; 75 % grava<\/span><\/p>\n<p><span style=\"font-weight: 400;\">ETAPA 6: 30% asfalto -70 <\/span><span style=\"font-weight: 400;\">sin asfaltar <\/span> <\/p>\n<p><span style=\"font-weight: 400;\">ETAPA 7: 25% asfalto- 75% grava  <\/span><\/p>\n<p><span style=\"font-weight: 400;\">ETAPA 8: 15% asfalto-85% grava  <\/span><\/p>\n<p><span style=\"font-weight: 400;\">  ETAPA 9: 35% asfalto -65% grava<\/span><\/p>\n<p><span style=\"font-weight: 400;\">10tap: 50 asfalto &#8211; 50 grava  <\/span><\/p>\n<p><span style=\"font-weight: 400;\">ETAPA 9bis: 45% asfalto-55% grava  <\/span><\/p>\n<p><span style=\"font-weight: 400;\">ETAPA 10bis: 5% asfalto &#8211; 95% grava  <\/span><\/p>\n"},{"status":false,"title":"CREDENCIAL","text":"<p><span style=\"font-weight: 400;\">El Camino dispone de una credencial gratuita <\/span><\/p>\n<p><span style=\"font-weight: 400;\">Para solicitar la credencial, rellena el formulario de la p\u00e1gina web:<\/span><\/p>\n<p><span style=\"font-weight: 400;\">https:\/\/www.viavaleriana.it\/credenziale\/<\/span><\/p>\n"},{"status":false,"title":"CONTACTOS  ","text":"<p><span style=\"font-weight: 400;\">correo electr\u00f3nico: <\/span><a href=\"mailto:amiciviavaleriana@libero.it\"><span style=\"font-weight: 400;\">amiciviavaleriana@libero.it<\/span><\/a><\/p>\n<p><span style=\"font-weight: 400;\">www.viavaleriana.it<\/span><\/p>\n"}]},"pagePoster":{"title":"Via Valeriana ","text":"<p><span style=\"font-weight: 400;\">La V\u00eda Valeriana discurre desde la ciudad de Brescia, a trav\u00e9s de Franciacorta, el lago de Iseo, el valle Camonica y termina en Tirano (Valtellina).<\/span><\/p>\n<p>\u00a0<\/p>\n","linkBtn":{"title":"","url":"#scopriletappe","target":""},"textBtn":"DESCUBRE LAS ETAPAS"},"podcasts":{"podcast":false,"link":null},"read_also_posts":{"read_also":false},"scheda_tecnica":{"lunghezza":"200","dislivello_medio":"","n_tappe":"12","partenza":"Brescia","arrivo":"Passo del Tonale \/ Tirano","tipologia":"lineal","tema":[],"portata":"regional","periodo_ideale":"","stagione_ideale":[]},"slider_cammini":{"title":"","text":"","select_cammini":false},"tappe":{"show_all":false,"all_tappe":"","tappa":[{"status":false,"title":"ETAPA 01","text":"<h2><strong>RUTA 01: De Brescia a Rodengo Saiano<\/strong><\/h2>\n<p><strong>Salida<\/strong>: Brescia<br \/>\n<strong>Llegada<\/strong>: Rodengo Saiano<br \/>\n<strong>Distancia<\/strong>: 17,7<span style=\"font-weight: 400;\"> <\/span>km<\/p>\n<p>El paseo parte del yacimiento arqueol\u00f3gico del Capitolium de la ciudad de Brescia, atraviesa el centro urbano y llega al Parco delle Colline en Urago Mella, donde comienza la subida a las colinas. Contin\u00faa con vistas de Franciacorta y sus vi\u00f1edos hasta llegar al Santuario de la Madonna della Stella di Cellatica. La ruta desciende a Gussago por carreteras secundarias, con vistas a la colina de la Santissima, atravesando vi\u00f1edos y campos hasta llegar a la Abad\u00eda Olivetana de los Santos Nicol\u00e1s y Pablo VI en Rodengo Saiano. El complejo merece una visita por su belleza art\u00edstica y como lugar de meditaci\u00f3n.   <\/p>\n"},{"status":false,"title":"ETAPA 02","text":"<h2><strong>RUTA 02: De Rodengo Saiano a Pilzone d&#8217;Iseo<\/strong><\/h2>\n<p><strong>Salida<\/strong>: Rodengo Saiano<br \/>\n<strong>Llegada<\/strong>: Pilzone d&#8217;Iseo<br \/>\n<strong>Distancia<\/strong>: 16 km<\/p>\n<p>Saliendo de la abad\u00eda y pasando por el pueblo de Rodengo Saiano, nos dirigimos hacia Maglio Averoldi di Ome. La ruta atraviesa el Parco del Bosco delle Querce di Ome (Bosque del Roble de Ome) y contin\u00faa ligeramente cuesta arriba hasta el pueblo de Monticelli Brusati y la localidad de Gaina. Continuamos por senderos forestales que ascienden en altitud hasta pasar la monta\u00f1a entre Franciacorta y el lago de Iseo. Una vez alcanzada la cima, comienza el descenso, a\u00fan en el bosque, hacia Pilzone d&#8217;Iseo. Recomendamos una parada en el banco gigante cerca de la iglesia de San Fermo, justo antes del final de la ETAPA, con vistas al lago y al Monte Isola.    <\/p>\n"},{"status":false,"title":"ETAPA 03","text":"<h2><strong>RUTA 03: De Pilzone d&#8217;Iseo a Pisogne<\/strong><\/h2>\n<p><strong>Salida<\/strong>: Pilzone d&#8217;Iseo<br \/>\n<strong>Llegada<\/strong>: Pisogne<br \/>\n<strong>Distancia<\/strong>: 23 km<\/p>\n<p>La ETAPA comienza en la iglesia de Pilzone, donde se cruza la carretera y comienza la subida por el trazado hist\u00f3rico de la Via Valeriana del lago de Iseo. La ruta se mantiene todo el tiempo en una posici\u00f3n dominante sobre el lago y asciende en altitud hasta llegar a Zone y cruzar el Passo di croce di Zone, desde donde comienza el descenso hacia Pisogne y luego casi hasta la orilla del lago. La ruta ofrece hermosas vistas de la zona del lago y de Montisola. La primera etapa de la Via Valeriana transcurre en su mayor parte inmersa en la naturaleza, entre olivos y bosques. Descendiendo hacia Pisogne, la etapa termina en la Iglesia de Santa Maria della Neve, famosa por sus frescos de Romanino. A partir de aqu\u00ed comienza la segunda etapa de la Via Valeriana, adentr\u00e1ndose en el Valle Camonica.     <\/p>\n<p>\u00a0<\/p>\n<p>\u00a0<\/p>\n"},{"status":false,"title":"ETAPA 04","text":"<h2><strong>RUTA 04: De Pisogne a Boario Terme<\/strong><\/h2>\n<p><strong>Salida<\/strong>: Pisogne<br \/>\n<strong>Llegada<\/strong>: Boario Terme<br \/>\n<strong>Distancia<\/strong>: 15,4 km<\/p>\n<p>Partiendo de Pisogne, un peque\u00f1o pueblo medieval a orillas del lago de Iseo, donde puedes admirar la iglesia de Santa Maria della Neve con frescos del pintor Girolamo Romanino, atravesando algunos tramos de campi\u00f1a, llegas a los pueblos de Gratacasolo, Beata, Pian Camuno y Artogne. Siguiendo cuesta arriba, la ruta atraviesa mesetas y zonas boscosas desde las que se divisa el paisaje de abajo. Al llegar al pueblo de Gianico, puedes desviarte un poco hacia el Santuario de la Madonna del Monte, construido en 1500. Saliendo de Gianico, seguimos hacia las aldeas de Darfo (Pellalepre y Fucine), donde cruzamos el r\u00edo Oglio por el antiguo puente de Montecchio. La ETAPA termina en Boario, donde podr\u00e1s admirar las termas. Se trata de una etapa f\u00e1cil que no presenta grandes desniveles y es la m\u00e1s urbanizada de todo el recorrido, ya que la Bassa Valle es rica en n\u00facleos habitados.     <\/p>\n"},{"status":false,"title":"ETAPA 05","text":"<h2><strong>RUTA 05: De Boario Terme a Malegno<\/strong><\/h2>\n<p><strong>Salida<\/strong>: Boario Terme<br \/>\n<strong>Llegada<\/strong>: Malegno<br \/>\n<strong>Distancia<\/strong>: 15,6 km<\/p>\n<p>La ETAPA comienza en las Termas de Boario y sube hasta el pueblo medieval de Erbanno, donde puedes visitar la iglesia de Santa Mar\u00eda del Restello, con frescos del pintor Callisto Piazza. Saliendo del pueblo, seguimos un camino a media ladera con terrazas de vi\u00f1edos. Tras unos kil\u00f3metros comienza la subida, a trav\u00e9s de bosques y arroyos, que conduce al Santuario dell&#8217;Annunciata di Piancogno, un complejo monasterial del siglo XV, rico en testimonios art\u00edsticos y famoso en todo el mundo por haber acogido al Beato Innocenzo da Berzo. Siguiendo hacia el pueblo de Ossimo comienza el descenso por el Bosco del Cerreto para llegar al pueblo de Malegno. Si lo deseas, al final de la etapa puedes desviarte un poco, menos de 2 km, para visitar el pueblo de Cividate Camuno, famoso por sus restos romanos.    <\/p>\n"},{"status":false,"title":"RONDA 06","text":"<h2><strong>RUTA 06: De Malegno a Ono San Pietro<\/strong><\/h2>\n<p><strong>Salida<\/strong>: Malegno<br \/>\n<strong>Llegada<\/strong>: Ono San Pietro<br \/>\n<strong>Distancia<\/strong>: 10,5 km<\/p>\n<p>La ruta serpentea por suaves pendientes entre terrazas cultivadas, santuarios votivos y casas de campo. Los amplios espacios abiertos permiten contemplar el fondo del valle y el castillo de Breno. Manteni\u00e9ndose en altitud, el camino llega al centro hist\u00f3rico de Losine. Siguiendo hacia el norte, la ruta atraviesa cultivos vit\u00edcolas y bosques hasta el pueblo de Cerveno, donde se puede visitar el Santuario del V\u00eda Crucis. Manteniendo la altitud con vistas a los montes Concarena y Pizzo Badile, definidos como los \u00abMontes Sagrados del Valle Camonica\u00bb, atravesamos zonas naturalistas peculiares de esta zona. Una caminata f\u00e1cil nos lleva al \u00faltimo tramo hasta llegar a nuestro destino.     Desde Ono San Pietro, con una desviaci\u00f3n de 2 km, puedes llegar a Cemmo y Capo di Ponte.<\/p>\n"},{"status":false,"title":"RONDA 07","text":"<h2><strong>RUTA 07: De Ono San Pietro a Malonno<\/strong><\/h2>\n<p><strong>Salida<\/strong>: Ono San Pietro<br \/>\n<strong>Llegada<\/strong>: Malonno<br \/>\n<strong>Distancia<\/strong>: 17 km<\/p>\n<p>Partiendo de Ono San Pietro, la ruta comienza entre subidas y bajadas por el bosque hasta llegar al caracter\u00edstico pueblo de Pescarzo, tras lo cual contin\u00faa por c\u00f3modos senderos a la sombra de los casta\u00f1os. Manteni\u00e9ndonos en altura y pasando por zonas salpicadas de \u00e1rboles, pasamos por Sellero. La ruta contin\u00faa por un c\u00f3modo carril bici\/peatonal rodeado de \u00e1rboles y prados hasta Forno Allione. Pasada esta zona, cruzando el r\u00edo Oglio, la ruta contin\u00faa por el carril bici\/peatonal, adentr\u00e1ndose de nuevo en los bosques y luego en los prados hasta el final de la etapa en Malonno.   <\/p>\n"},{"status":false,"title":"ETAPA 08","text":"<h2><strong>RUTA 08: De Malonno a Edolo<\/strong><\/h2>\n<p><strong>Salida<\/strong>: Malonno<br \/>\n<strong>Llegada<\/strong>: Edolo<br \/>\n<strong>Distancia<\/strong>: 10 km<\/p>\n<p>Dejando atr\u00e1s Malonno y manteniendo la altitud, la ruta atraviesa frondosos bosques de casta\u00f1os. La ETAPA tiene un contexto m\u00e1s naturalista que cultural, ya que atraviesa espesos bosques. La ruta tiene algunas subidas y bajadas empinadas hasta la meta en el centro de Edolo.  <\/p>\n"},{"status":false,"title":"ETAPA 09","text":"<h2><strong>RUTA 09: De Edolo al Paso de Aprica<\/strong><\/h2>\n<p><strong>Salida<\/strong>: Edolo<br \/>\n<strong>Llegada<\/strong>: Paso de Aprica<br \/>\n<strong>Distancia<\/strong>: 16,7 km<\/p>\n<p>Desde Edolo, el cruce entre los dos puertos principales del Valle Camonica, llegamos a la ruta del Ogliolo (un r\u00edo que nos acompa\u00f1ar\u00e1 durante todo el viaje). La ruta, inicialmente llana, es casi toda cuesta arriba para alcanzar los 1.200 metros del puerto. La etapa pasa por numerosos pueblos rodeados de naturaleza, entre ellos Corteno Golgi, lugar de nacimiento de Camillo Golgi. El tramo alterna bosques, prados, pueblos t\u00edpicos de monta\u00f1a y santuarios votivos, todo ello acompa\u00f1ado por el sonido del agua que fluye y los sonidos de la naturaleza. La etapa termina en Aprica.    <\/p>\n"},{"status":false,"title":"ETAPA 09bis","text":"<h2><strong>RUTA 09bis: De Edolo a Ponte di Legno<\/strong><\/h2>\n<p><strong>Salida<\/strong>: Edolo<br \/>\n<strong>Llegada<\/strong>: Ponte di Legno<br \/>\n<strong>Distancia<\/strong>: 20,5 km<\/p>\n<p>Partiendo de Edolo, comienza una corta subida a trav\u00e9s de la aldea de M\u00f9, desde la que puedes ver la llanura de abajo. A partir de este punto, la ruta avanza por un c\u00f3modo sendero ciclista\/peatonal con algunas subidas y bajadas no demasiado exigentes. La etapa, principalmente naturalista, atraviesa numerosas zonas boscosas t\u00edpicas de la parte alta del valle, bordeando el r\u00edo Oglio, que es m\u00e1s estrecho en esta zona a medida que nos acercamos a su nacimiento. Las zonas habitadas son escasas y en su mayor\u00eda se encuentran en el lado opuesto del valle. La ruta termina en el pueblo de Ponte di Legno, una importante estaci\u00f3n tur\u00edstica de verano e invierno debido a la presencia de numerosos senderos de monta\u00f1a, pistas de esqu\u00ed y el Paso Tonale.    <\/p>\n<p>\u00a0<\/p>\n"},{"status":false,"title":"ETAPA 10","text":"<h2><strong>RUTA 10: Del puerto de Aprica a Tirano<\/strong><\/h2>\n<p><strong>Salida<\/strong>: Paso de Aprica<br \/>\n<strong>Llegada<\/strong>: Tirano<br \/>\n<strong>Distancia<\/strong>: 15,7 km<\/p>\n<p>La ETAPA comienza en el Santuario de Maria Ausiliatrice y atraviesa Aprica hasta llegar a Valtellina, en la provincia de Sondrio. Desde la iglesia de Santa Maria Assunta tomamos el hist\u00f3rico sendero Zapei D&#8217;Abriga, a trav\u00e9s de bosques, santuarios votivos y vistas del valle inferior. Llega a la aldea de Motta, en el municipio de Villa di Tirano, y sigue caminando por la ribera del Adda. La ruta sigue llana por el sendero de Valtellina, entre huertos de manzanos y campos, terminando el paseo frente al Santuario de la Beata Vergine di Tirano.   <\/p>\n<p>\u00a0<\/p>\n"},{"status":false,"title":"ETAPA 10bis","text":"<h2><strong>RUTA 10bis: Del Ponte di Legno al Passo del Tonale<\/strong><\/h2>\n<p><strong>Salida<\/strong>: Ponte di Legno<br \/>\n<strong>Llegada<\/strong>: Paso de Tonale<br \/>\n<strong>Distancia<\/strong>: 9 km<\/p>\n<div class=\"modal-component w-full h-fit flex flex-col justify-center items-center\">\n<div class=\"w-full max-w-7xl flex flex-col px-5 bg-white border-b-2 border-b-gray-300 transition-all\">\n<div class=\"modalText w-full flex flex-col gap-5 py-5 lg:px-0 mb-5 text-base xl:text-xl text-cm-gray\">\n<p>La \u00faltima ETAPA es corta pero bastante dif\u00edcil debido al gran desnivel, pasando de 1260 metros a 1883 metros. La ruta transcurre completamente en la naturaleza, la primera parte en el bosque y la segunda en prados de gran altitud. La etapa termina en Tonale.  <\/p>\n<\/div>\n<\/div>\n<\/div>\n<div class=\"modal-component w-full h-fit flex flex-col justify-center items-center\">\n<div class=\"w-full max-w-7xl flex flex-col px-5\">\n<div class=\"w-full flex flex-row items-center gap-0.5 py-5 px-0 cursor-pointer border-b-2 border-b-gray-300\"><\/div>\n<\/div>\n<\/div>\n"}]},"videos":{"video":false,"link":null},"logo_cammino":{"ID":54908,"id":54908,"title":"Tavola-disegno-37","filename":"Tavola-disegno-37.webp","filesize":8492,"url":"https:\/\/media-camminiditalia.nbg1.your-objectstorage.com\/2023\/04\/Tavola-disegno-37.webp","link":"https:\/\/camminiditalia.org\/es\/cammini\/via-valeriana\/tavola-disegno-37-2\/","alt":"","author":"2","description":"","caption":"Logotipo de la Via Valeriana","name":"tavola-disegno-37-2","status":"inherit","uploaded_to":55808,"date":"2025-06-13 15:47:12","modified":"2025-06-20 10:57:08","menu_order":0,"mime_type":"image\/webp","type":"image","subtype":"webp","icon":"https:\/\/camminiditalia.org\/wp-includes\/images\/media\/default.png","width":800,"height":800,"sizes":{"thumbnail":"https:\/\/media-camminiditalia.nbg1.your-objectstorage.com\/2023\/04\/Tavola-disegno-37-150x150.webp","thumbnail-width":150,"thumbnail-height":150,"medium":"https:\/\/media-camminiditalia.nbg1.your-objectstorage.com\/2023\/04\/Tavola-disegno-37-300x300.webp","medium-width":300,"medium-height":300,"medium_large":"https:\/\/media-camminiditalia.nbg1.your-objectstorage.com\/2023\/04\/Tavola-disegno-37-768x768.webp","medium_large-width":768,"medium_large-height":768,"large":"https:\/\/media-camminiditalia.nbg1.your-objectstorage.com\/2023\/04\/Tavola-disegno-37.webp","large-width":800,"large-height":800,"1536x1536":"https:\/\/media-camminiditalia.nbg1.your-objectstorage.com\/2023\/04\/Tavola-disegno-37.webp","1536x1536-width":800,"1536x1536-height":800,"2048x2048":"https:\/\/media-camminiditalia.nbg1.your-objectstorage.com\/2023\/04\/Tavola-disegno-37.webp","2048x2048-width":800,"2048x2048-height":800,"tc_all_events_image":"https:\/\/media-camminiditalia.nbg1.your-objectstorage.com\/2023\/04\/Tavola-disegno-37-800x680.webp","tc_all_events_image-width":800,"tc_all_events_image-height":680,"woocommerce_thumbnail":"https:\/\/media-camminiditalia.nbg1.your-objectstorage.com\/2023\/04\/Tavola-disegno-37-300x300.webp","woocommerce_thumbnail-width":300,"woocommerce_thumbnail-height":300,"woocommerce_single":"https:\/\/media-camminiditalia.nbg1.your-objectstorage.com\/2023\/04\/Tavola-disegno-37-600x600.webp","woocommerce_single-width":600,"woocommerce_single-height":600,"woocommerce_gallery_thumbnail":"https:\/\/media-camminiditalia.nbg1.your-objectstorage.com\/2023\/04\/Tavola-disegno-37-100x100.webp","woocommerce_gallery_thumbnail-width":100,"woocommerce_gallery_thumbnail-height":100}},"header_link":{"title":"","url":"","target":"","0":""}},"yoast_head":"<!-- This site is optimized with the Yoast SEO plugin v27.1.1 - https:\/\/yoast.com\/product\/yoast-seo-wordpress\/ -->\n<title>Via Valeriana - Cammini d&#039;Italia<\/title>\n<meta name=\"description\" content=\"Via Valeriana sale de la ciudad de Brescia, pasa por Franciacorta, el lago de Iseo, Valle Camonica y termina en Tirano.\" \/>\n<meta name=\"robots\" content=\"index, follow, max-snippet:-1, max-image-preview:large, max-video-preview:-1\" \/>\n<link rel=\"canonical\" href=\"https:\/\/camminiditalia.org\/es\/cammini\/via-valeriana\/\" \/>\n<meta property=\"og:locale\" content=\"es_ES\" \/>\n<meta property=\"og:type\" content=\"article\" \/>\n<meta property=\"og:title\" content=\"Via Valeriana - Cammini d&#039;Italia\" \/>\n<meta property=\"og:description\" content=\"Via Valeriana sale de la ciudad de Brescia, pasa por Franciacorta, el lago de Iseo, Valle Camonica y termina en Tirano.\" \/>\n<meta property=\"og:url\" content=\"https:\/\/camminiditalia.org\/es\/cammini\/via-valeriana\/\" \/>\n<meta property=\"og:site_name\" content=\"Cammini d&#039;Italia\" \/>\n<meta property=\"article:modified_time\" content=\"2026-03-02T09:29:40+00:00\" \/>\n<meta property=\"og:image\" content=\"https:\/\/media-camminiditalia.nbg1.your-objectstorage.com\/2023\/04\/Header-Blog-Post-Desktop-1-1.webp\" \/>\n\t<meta property=\"og:image:width\" content=\"1600\" \/>\n\t<meta property=\"og:image:height\" content=\"600\" \/>\n\t<meta property=\"og:image:type\" content=\"image\/webp\" \/>\n<meta name=\"twitter:card\" content=\"summary_large_image\" \/>\n<meta name=\"twitter:label1\" content=\"Tiempo de lectura\" \/>\n\t<meta name=\"twitter:data1\" content=\"1 minuto\" \/>\n<script type=\"application\/ld+json\" class=\"yoast-schema-graph\">{\"@context\":\"https:\/\/schema.org\",\"@graph\":[{\"@type\":\"WebPage\",\"@id\":\"https:\/\/camminiditalia.org\/es\/cammini\/via-valeriana\/\",\"url\":\"https:\/\/camminiditalia.org\/es\/cammini\/via-valeriana\/\",\"name\":\"Via Valeriana - Cammini d&#039;Italia\",\"isPartOf\":{\"@id\":\"https:\/\/camminiditalia.org\/es\/#website\"},\"primaryImageOfPage\":{\"@id\":\"https:\/\/camminiditalia.org\/es\/cammini\/via-valeriana\/#primaryimage\"},\"image\":{\"@id\":\"https:\/\/camminiditalia.org\/es\/cammini\/via-valeriana\/#primaryimage\"},\"thumbnailUrl\":\"https:\/\/media-camminiditalia.nbg1.your-objectstorage.com\/2023\/04\/Header-Blog-Post-Desktop-1-1.webp\",\"datePublished\":\"2023-04-19T17:14:48+00:00\",\"dateModified\":\"2026-03-02T09:29:40+00:00\",\"description\":\"Via Valeriana sale de la ciudad de Brescia, pasa por Franciacorta, el lago de Iseo, Valle Camonica y termina en Tirano.\",\"breadcrumb\":{\"@id\":\"https:\/\/camminiditalia.org\/es\/cammini\/via-valeriana\/#breadcrumb\"},\"inLanguage\":\"es\",\"potentialAction\":[{\"@type\":\"ReadAction\",\"target\":[\"https:\/\/camminiditalia.org\/es\/cammini\/via-valeriana\/\"]}]},{\"@type\":\"ImageObject\",\"inLanguage\":\"es\",\"@id\":\"https:\/\/camminiditalia.org\/es\/cammini\/via-valeriana\/#primaryimage\",\"url\":\"https:\/\/media-camminiditalia.nbg1.your-objectstorage.com\/2023\/04\/Header-Blog-Post-Desktop-1-1.webp\",\"contentUrl\":\"https:\/\/media-camminiditalia.nbg1.your-objectstorage.com\/2023\/04\/Header-Blog-Post-Desktop-1-1.webp\",\"width\":1600,\"height\":600},{\"@type\":\"BreadcrumbList\",\"@id\":\"https:\/\/camminiditalia.org\/es\/cammini\/via-valeriana\/#breadcrumb\",\"itemListElement\":[{\"@type\":\"ListItem\",\"position\":1,\"name\":\"Home\",\"item\":\"https:\/\/camminiditalia.org\/es\/inicio\/\"},{\"@type\":\"ListItem\",\"position\":2,\"name\":\"Paseos\",\"item\":\"https:\/\/camminiditalia.org\/es\/cammini\/\"},{\"@type\":\"ListItem\",\"position\":3,\"name\":\"Via Valeriana\"}]},{\"@type\":\"WebSite\",\"@id\":\"https:\/\/camminiditalia.org\/es\/#website\",\"url\":\"https:\/\/camminiditalia.org\/es\/\",\"name\":\"Cammini d'Italia\",\"description\":\"Plan, walk and share!\",\"publisher\":{\"@id\":\"https:\/\/camminiditalia.org\/es\/#organization\"},\"potentialAction\":[{\"@type\":\"SearchAction\",\"target\":{\"@type\":\"EntryPoint\",\"urlTemplate\":\"https:\/\/camminiditalia.org\/es\/?s={search_term_string}\"},\"query-input\":{\"@type\":\"PropertyValueSpecification\",\"valueRequired\":true,\"valueName\":\"search_term_string\"}}],\"inLanguage\":\"es\"},{\"@type\":\"Organization\",\"@id\":\"https:\/\/camminiditalia.org\/es\/#organization\",\"name\":\"Cammini d'Italia srls\",\"url\":\"https:\/\/camminiditalia.org\/es\/\",\"logo\":{\"@type\":\"ImageObject\",\"inLanguage\":\"es\",\"@id\":\"https:\/\/camminiditalia.org\/es\/#\/schema\/logo\/image\/\",\"url\":\"https:\/\/media-camminiditalia.nbg1.your-objectstorage.com\/wp-content\/uploads\/2023\/08\/Risorsa-2-8-e1690918206850.png\",\"contentUrl\":\"https:\/\/media-camminiditalia.nbg1.your-objectstorage.com\/wp-content\/uploads\/2023\/08\/Risorsa-2-8-e1690918206850.png\",\"width\":1076,\"height\":329,\"caption\":\"Cammini d'Italia srls\"},\"image\":{\"@id\":\"https:\/\/camminiditalia.org\/es\/#\/schema\/logo\/image\/\"}}]}<\/script>\n<!-- \/ Yoast SEO plugin. -->","yoast_head_json":{"title":"Via Valeriana - Cammini d&#039;Italia","description":"Via Valeriana sale de la ciudad de Brescia, pasa por Franciacorta, el lago de Iseo, Valle Camonica y termina en Tirano.","robots":{"index":"index","follow":"follow","max-snippet":"max-snippet:-1","max-image-preview":"max-image-preview:large","max-video-preview":"max-video-preview:-1"},"canonical":"https:\/\/camminiditalia.org\/es\/cammini\/via-valeriana\/","og_locale":"es_ES","og_type":"article","og_title":"Via Valeriana - Cammini d&#039;Italia","og_description":"Via Valeriana sale de la ciudad de Brescia, pasa por Franciacorta, el lago de Iseo, Valle Camonica y termina en Tirano.","og_url":"https:\/\/camminiditalia.org\/es\/cammini\/via-valeriana\/","og_site_name":"Cammini d&#039;Italia","article_modified_time":"2026-03-02T09:29:40+00:00","og_image":[{"width":1600,"height":600,"url":"https:\/\/media-camminiditalia.nbg1.your-objectstorage.com\/2023\/04\/Header-Blog-Post-Desktop-1-1.webp","type":"image\/webp"}],"twitter_card":"summary_large_image","twitter_misc":{"Tiempo de lectura":"1 minuto"},"schema":{"@context":"https:\/\/schema.org","@graph":[{"@type":"WebPage","@id":"https:\/\/camminiditalia.org\/es\/cammini\/via-valeriana\/","url":"https:\/\/camminiditalia.org\/es\/cammini\/via-valeriana\/","name":"Via Valeriana - Cammini d&#039;Italia","isPartOf":{"@id":"https:\/\/camminiditalia.org\/es\/#website"},"primaryImageOfPage":{"@id":"https:\/\/camminiditalia.org\/es\/cammini\/via-valeriana\/#primaryimage"},"image":{"@id":"https:\/\/camminiditalia.org\/es\/cammini\/via-valeriana\/#primaryimage"},"thumbnailUrl":"https:\/\/media-camminiditalia.nbg1.your-objectstorage.com\/2023\/04\/Header-Blog-Post-Desktop-1-1.webp","datePublished":"2023-04-19T17:14:48+00:00","dateModified":"2026-03-02T09:29:40+00:00","description":"Via Valeriana sale de la ciudad de Brescia, pasa por Franciacorta, el lago de Iseo, Valle Camonica y termina en Tirano.","breadcrumb":{"@id":"https:\/\/camminiditalia.org\/es\/cammini\/via-valeriana\/#breadcrumb"},"inLanguage":"es","potentialAction":[{"@type":"ReadAction","target":["https:\/\/camminiditalia.org\/es\/cammini\/via-valeriana\/"]}]},{"@type":"ImageObject","inLanguage":"es","@id":"https:\/\/camminiditalia.org\/es\/cammini\/via-valeriana\/#primaryimage","url":"https:\/\/media-camminiditalia.nbg1.your-objectstorage.com\/2023\/04\/Header-Blog-Post-Desktop-1-1.webp","contentUrl":"https:\/\/media-camminiditalia.nbg1.your-objectstorage.com\/2023\/04\/Header-Blog-Post-Desktop-1-1.webp","width":1600,"height":600},{"@type":"BreadcrumbList","@id":"https:\/\/camminiditalia.org\/es\/cammini\/via-valeriana\/#breadcrumb","itemListElement":[{"@type":"ListItem","position":1,"name":"Home","item":"https:\/\/camminiditalia.org\/es\/inicio\/"},{"@type":"ListItem","position":2,"name":"Paseos","item":"https:\/\/camminiditalia.org\/es\/cammini\/"},{"@type":"ListItem","position":3,"name":"Via Valeriana"}]},{"@type":"WebSite","@id":"https:\/\/camminiditalia.org\/es\/#website","url":"https:\/\/camminiditalia.org\/es\/","name":"Cammini d'Italia","description":"Plan, walk and share!","publisher":{"@id":"https:\/\/camminiditalia.org\/es\/#organization"},"potentialAction":[{"@type":"SearchAction","target":{"@type":"EntryPoint","urlTemplate":"https:\/\/camminiditalia.org\/es\/?s={search_term_string}"},"query-input":{"@type":"PropertyValueSpecification","valueRequired":true,"valueName":"search_term_string"}}],"inLanguage":"es"},{"@type":"Organization","@id":"https:\/\/camminiditalia.org\/es\/#organization","name":"Cammini d'Italia srls","url":"https:\/\/camminiditalia.org\/es\/","logo":{"@type":"ImageObject","inLanguage":"es","@id":"https:\/\/camminiditalia.org\/es\/#\/schema\/logo\/image\/","url":"https:\/\/media-camminiditalia.nbg1.your-objectstorage.com\/wp-content\/uploads\/2023\/08\/Risorsa-2-8-e1690918206850.png","contentUrl":"https:\/\/media-camminiditalia.nbg1.your-objectstorage.com\/wp-content\/uploads\/2023\/08\/Risorsa-2-8-e1690918206850.png","width":1076,"height":329,"caption":"Cammini d'Italia srls"},"image":{"@id":"https:\/\/camminiditalia.org\/es\/#\/schema\/logo\/image\/"}}]}},"jetpack_sharing_enabled":true,"_links":{"self":[{"href":"https:\/\/camminiditalia.org\/es\/wp-json\/wp\/v2\/cammini\/55808","targetHints":{"allow":["GET"]}}],"collection":[{"href":"https:\/\/camminiditalia.org\/es\/wp-json\/wp\/v2\/cammini"}],"about":[{"href":"https:\/\/camminiditalia.org\/es\/wp-json\/wp\/v2\/types\/cammini"}],"version-history":[{"count":1,"href":"https:\/\/camminiditalia.org\/es\/wp-json\/wp\/v2\/cammini\/55808\/revisions"}],"predecessor-version":[{"id":89031,"href":"https:\/\/camminiditalia.org\/es\/wp-json\/wp\/v2\/cammini\/55808\/revisions\/89031"}],"wp:featuredmedia":[{"embeddable":true,"href":"https:\/\/camminiditalia.org\/es\/wp-json\/wp\/v2\/media\/78389"}],"wp:attachment":[{"href":"https:\/\/camminiditalia.org\/es\/wp-json\/wp\/v2\/media?parent=55808"}],"wp:term":[{"taxonomy":"category","embeddable":true,"href":"https:\/\/camminiditalia.org\/es\/wp-json\/wp\/v2\/categories?post=55808"}],"curies":[{"name":"wp","href":"https:\/\/api.w.org\/{rel}","templated":true}]}}