
{"id":67665,"date":"2023-05-03T18:25:16","date_gmt":"2023-05-03T16:25:16","guid":{"rendered":"https:\/\/camminiditalia.org\/cammini\/via-flavia\/"},"modified":"2025-06-26T11:02:22","modified_gmt":"2025-06-26T09:02:22","slug":"via-flavia","status":"publish","type":"cammini","link":"https:\/\/camminiditalia.org\/es\/cammini\/via-flavia\/","title":{"rendered":"Via Flavia"},"content":{"rendered":"\n<p id=\"scopriletappe\">Al borde del golfo de Trieste, donde Europa se sumerge en el mar Adri\u00e1tico, donde se cruzan aguas, lenguas y fronteras, entre santuarios, castillos y arqueolog\u00eda, atravesando reservas naturales y de fauna, en el Karst m\u00e1s aut\u00e9ntico y en la laguna de los juncos, tierra de comercio, tr\u00e1nsito de gentes, viajeros y peregrinos, aqu\u00ed deja su huella el Cammino di Dante Via Flavia de una antigua calzada romana. Deja aqu\u00ed tus huellas.   <\/p>\n","protected":false},"excerpt":{"rendered":"<p>Al borde del golfo de Trieste, donde Europa se sumerge en el mar Adri\u00e1tico, donde se cruzan aguas, lenguas y fronteras, entre santuarios, castillos y arqueolog\u00eda, atravesando reservas naturales y de fauna, en el Karst m\u00e1s aut\u00e9ntico y en la laguna de los juncos, tierra de comercio, tr\u00e1nsito de gentes, viajeros y peregrinos, aqu\u00ed deja &hellip; <a href=\"https:\/\/camminiditalia.org\/es\/cammini\/via-flavia\/\">Continued<\/a><\/p>\n","protected":false},"featured_media":63083,"parent":0,"menu_order":0,"template":"","meta":{"_acf_changed":false,"footnotes":""},"categories":[],"class_list":["post-67665","cammini","type-cammini","status-publish","has-post-thumbnail","hentry","regioni-friuli-venezia-giulia"],"acf":{"mobile":false,"desktop":false,"app":{"bgImg":false,"title":"","text":"<p>Con la aplicaci\u00f3n gratuita Cammino di Dante, puedes planificar y recorrer la Via Flavia con total seguridad, pudiendo planificar las etapas al detalle y seguir la ruta gracias a la tecnolog\u00eda GPS integrada que te ayuda a orientarte durante tu aventura.<\/p>\n<p>\u2800En la app encontrar\u00e1s muchas otras rutas de senderismo por Italia. Gracias a los tracks georreferenciados de muchas rutas, podr\u00e1s estudiar la ruta que m\u00e1s te convenga y descargarte los tracks GPX de las etapas individuales sin conexi\u00f3n.<\/p>\n<p>La aplicaci\u00f3n tambi\u00e9n incluye un mapa digital completo de todos los senderos estudiados hasta la fecha en nuestro portal, lo que te ofrece una amplia gama de elecci\u00f3n entre los numerosos senderos de Italia.<\/p>\n<p>\u2800\u2800<br \/>\nCammini d&#8217;Italia es la aplicaci\u00f3n perfecta para quienes desean explorar la belleza de Italia a pie, descubriendo lugares ocultos rodeados de naturaleza. \u00a1Desc\u00e1rgatela gratis hoy mismo y empieza a planear tu pr\u00f3xima aventura!<\/p>\n<p>\u2800<\/p>\n<p>\u2800<\/p>\n<p><a href=\"https:\/\/apps.apple.com\/it\/app\/cammini-di-italia\/id1643119047\" target=\"_blank\" rel=\"noopener\"><img loading=\"lazy\" decoding=\"async\" class=\"alignnone wp-image-23502\" src=\"https:\/\/camminiditalia.org\/wp-content\/uploads\/s3fra1:\/\/camministorage\/wp-content\/uploads\/2023\/04\/apple-300x95.png\" alt=\"\" width=\"190\" height=\"60\" srcset=\"https:\/\/media-camminiditalia.nbg1.your-objectstorage.com\/wp-content\/uploads\/2023\/04\/apple-300x95.png 300w, https:\/\/media-camminiditalia.nbg1.your-objectstorage.com\/wp-content\/uploads\/2023\/04\/apple.png 600w, https:\/\/media-camminiditalia.nbg1.your-objectstorage.com\/wp-content\/uploads\/2023\/04\/apple-1024x323.png 1024w, https:\/\/media-camminiditalia.nbg1.your-objectstorage.com\/wp-content\/uploads\/2023\/04\/apple-768x242.png 768w, https:\/\/media-camminiditalia.nbg1.your-objectstorage.com\/wp-content\/uploads\/2023\/04\/apple.png 1109w\" sizes=\"auto, (max-width: 190px) 100vw, 190px\" \/><\/a> \u2800\u2800\u2800<a href=\"https:\/\/play.google.com\/store\/apps\/details?id=it.webmapp.cammini&amp;hl=en_US\" target=\"_blank\" rel=\"noopener\"><img loading=\"lazy\" decoding=\"async\" class=\"alignnone wp-image-23503\" src=\"https:\/\/camminiditalia.org\/wp-content\/uploads\/s3fra1:\/\/camministorage\/wp-content\/uploads\/2023\/04\/google-play-300x93.png\" alt=\"\" width=\"193\" height=\"60\" srcset=\"https:\/\/media-camminiditalia.nbg1.your-objectstorage.com\/wp-content\/uploads\/2023\/04\/google-play-300x93.png 300w, https:\/\/media-camminiditalia.nbg1.your-objectstorage.com\/wp-content\/uploads\/2023\/04\/google-play.png 600w, https:\/\/media-camminiditalia.nbg1.your-objectstorage.com\/wp-content\/uploads\/2023\/04\/google-play-1024x318.png 1024w, https:\/\/media-camminiditalia.nbg1.your-objectstorage.com\/wp-content\/uploads\/2023\/04\/google-play-768x239.png 768w, https:\/\/media-camminiditalia.nbg1.your-objectstorage.com\/wp-content\/uploads\/2023\/04\/google-play.png 1106w\" sizes=\"auto, (max-width: 193px) 100vw, 193px\" \/><\/a><\/p>\n","img":{"ID":64346,"id":64346,"title":"app-scontornata","filename":"app-scontornata.webp","filesize":36370,"url":"https:\/\/media-camminiditalia.nbg1.your-objectstorage.com\/wp-content\/uploads\/2023\/04\/app-scontornata.webp","link":"https:\/\/camminiditalia.org\/es\/cammini\/grande-traversata-elbana\/app-scontornata-3-2\/","alt":"","author":"2","description":"","caption":"","name":"app-scontornata-3-2","status":"inherit","uploaded_to":67630,"date":"2024-02-03 23:22:32","modified":"2025-06-24 14:21:47","menu_order":0,"mime_type":"image\/webp","type":"image","subtype":"webp","icon":"https:\/\/camminiditalia.org\/wp-includes\/images\/media\/default.png","width":383,"height":569,"sizes":{"thumbnail":"https:\/\/media-camminiditalia.nbg1.your-objectstorage.com\/wp-content\/uploads\/2023\/04\/app-scontornata-150x150.webp","thumbnail-width":150,"thumbnail-height":150,"medium":"https:\/\/media-camminiditalia.nbg1.your-objectstorage.com\/wp-content\/uploads\/2023\/04\/app-scontornata-202x300.webp","medium-width":202,"medium-height":300,"medium_large":"https:\/\/media-camminiditalia.nbg1.your-objectstorage.com\/wp-content\/uploads\/2023\/04\/app-scontornata.webp","medium_large-width":383,"medium_large-height":569,"large":"https:\/\/media-camminiditalia.nbg1.your-objectstorage.com\/wp-content\/uploads\/2023\/04\/app-scontornata.webp","large-width":383,"large-height":569,"1536x1536":"https:\/\/media-camminiditalia.nbg1.your-objectstorage.com\/wp-content\/uploads\/2023\/04\/app-scontornata.webp","1536x1536-width":383,"1536x1536-height":569,"2048x2048":"https:\/\/media-camminiditalia.nbg1.your-objectstorage.com\/wp-content\/uploads\/2023\/04\/app-scontornata.webp","2048x2048-width":383,"2048x2048-height":569,"tc_all_events_image":"https:\/\/media-camminiditalia.nbg1.your-objectstorage.com\/wp-content\/uploads\/2023\/04\/app-scontornata.webp","tc_all_events_image-width":383,"tc_all_events_image-height":569,"woocommerce_thumbnail":"https:\/\/media-camminiditalia.nbg1.your-objectstorage.com\/wp-content\/uploads\/2023\/04\/app-scontornata-300x300.webp","woocommerce_thumbnail-width":300,"woocommerce_thumbnail-height":300,"woocommerce_single":"https:\/\/media-camminiditalia.nbg1.your-objectstorage.com\/wp-content\/uploads\/2023\/04\/app-scontornata.webp","woocommerce_single-width":383,"woocommerce_single-height":569,"woocommerce_gallery_thumbnail":"https:\/\/media-camminiditalia.nbg1.your-objectstorage.com\/wp-content\/uploads\/2023\/04\/app-scontornata-100x100.webp","woocommerce_gallery_thumbnail-width":100,"woocommerce_gallery_thumbnail-height":100}},"linkBtn":{"title":"","url":"","target":"","0":""},"textBtn":""},"diaries":{"diary":false},"gallery":{"images":[{"img":{"ID":63083,"id":63083,"title":"Aquilea - AdobeStock_300606534 (1)","filename":"Aquileia-AdobeStock_300606534-1.jpeg","filesize":1666871,"url":"https:\/\/media-camminiditalia.nbg1.your-objectstorage.com\/wp-content\/uploads\/2023\/05\/Aquileia-AdobeStock_300606534-1-scaled.jpeg","link":"https:\/\/camminiditalia.org\/es\/cammini\/via-flavia\/aquileia-adobestock_300606534-1-2\/","alt":"Via Flavia","author":"2","description":"","caption":"","name":"aquileia-adobestock_300606534-1-2","status":"inherit","uploaded_to":67665,"date":"2023-07-13 06:54:43","modified":"2025-06-24 14:22:59","menu_order":0,"mime_type":"image\/jpeg","type":"image","subtype":"jpeg","icon":"https:\/\/camminiditalia.org\/wp-includes\/images\/media\/default.png","width":2560,"height":1705,"sizes":{"thumbnail":"https:\/\/media-camminiditalia.nbg1.your-objectstorage.com\/wp-content\/uploads\/2023\/05\/Aquileia-AdobeStock_300606534-1-150x150.jpeg","thumbnail-width":150,"thumbnail-height":150,"medium":"https:\/\/media-camminiditalia.nbg1.your-objectstorage.com\/wp-content\/uploads\/2023\/05\/Aquileia-AdobeStock_300606534-1-300x200.jpeg","medium-width":300,"medium-height":200,"medium_large":"https:\/\/media-camminiditalia.nbg1.your-objectstorage.com\/wp-content\/uploads\/2023\/05\/Aquileia-AdobeStock_300606534-1-768x512.jpeg","medium_large-width":768,"medium_large-height":512,"large":"https:\/\/media-camminiditalia.nbg1.your-objectstorage.com\/wp-content\/uploads\/2023\/05\/Aquileia-AdobeStock_300606534-1-1024x682.jpeg","large-width":1024,"large-height":682,"1536x1536":"https:\/\/media-camminiditalia.nbg1.your-objectstorage.com\/wp-content\/uploads\/2023\/05\/Aquileia-AdobeStock_300606534-1-1536x1023.jpeg","1536x1536-width":1536,"1536x1536-height":1023,"2048x2048":"https:\/\/media-camminiditalia.nbg1.your-objectstorage.com\/wp-content\/uploads\/2023\/05\/Aquileia-AdobeStock_300606534-1-2048x1364.jpeg","2048x2048-width":2048,"2048x2048-height":1364,"tc_all_events_image":"https:\/\/media-camminiditalia.nbg1.your-objectstorage.com\/wp-content\/uploads\/2023\/05\/Aquileia-AdobeStock_300606534-1-scaled.jpeg","tc_all_events_image-width":1021,"tc_all_events_image-height":680,"woocommerce_thumbnail":"https:\/\/media-camminiditalia.nbg1.your-objectstorage.com\/wp-content\/uploads\/2023\/05\/Aquileia-AdobeStock_300606534-1-300x300.jpeg","woocommerce_thumbnail-width":300,"woocommerce_thumbnail-height":300,"woocommerce_single":"https:\/\/media-camminiditalia.nbg1.your-objectstorage.com\/wp-content\/uploads\/2023\/05\/Aquileia-AdobeStock_300606534-1-600x400.jpeg","woocommerce_single-width":600,"woocommerce_single-height":400,"woocommerce_gallery_thumbnail":"https:\/\/media-camminiditalia.nbg1.your-objectstorage.com\/wp-content\/uploads\/2023\/05\/Aquileia-AdobeStock_300606534-1-100x100.jpeg","woocommerce_gallery_thumbnail-width":100,"woocommerce_gallery_thumbnail-height":100}}}]},"guide":{"text":"","img":{"ID":77556,"id":77556,"title":"9788865494790-thumbnail-1000x1000-70","filename":"9788865494790-thumbnail-1000x1000-70.webp","filesize":153476,"url":"https:\/\/media-camminiditalia.nbg1.your-objectstorage.com\/2023\/05\/9788865494790-thumbnail-1000x1000-70.webp","link":"https:\/\/camminiditalia.org\/es\/cammini\/via-flavia\/9788865494790-thumbnail-1000x1000-70\/","alt":"","author":"2","description":"","caption":"","name":"9788865494790-thumbnail-1000x1000-70","status":"inherit","uploaded_to":20330,"date":"2025-09-15 14:10:44","modified":"2025-09-15 14:10:44","menu_order":0,"mime_type":"image\/webp","type":"image","subtype":"webp","icon":"https:\/\/camminiditalia.org\/wp-includes\/images\/media\/default.png","width":701,"height":1000,"sizes":{"thumbnail":"https:\/\/media-camminiditalia.nbg1.your-objectstorage.com\/2023\/05\/9788865494790-thumbnail-1000x1000-70-150x150.webp","thumbnail-width":150,"thumbnail-height":150,"medium":"https:\/\/media-camminiditalia.nbg1.your-objectstorage.com\/2023\/05\/9788865494790-thumbnail-1000x1000-70-210x300.webp","medium-width":210,"medium-height":300,"medium_large":"https:\/\/media-camminiditalia.nbg1.your-objectstorage.com\/2023\/05\/9788865494790-thumbnail-1000x1000-70.webp","medium_large-width":701,"medium_large-height":1000,"large":"https:\/\/media-camminiditalia.nbg1.your-objectstorage.com\/2023\/05\/9788865494790-thumbnail-1000x1000-70.webp","large-width":701,"large-height":1000,"1536x1536":"https:\/\/media-camminiditalia.nbg1.your-objectstorage.com\/2023\/05\/9788865494790-thumbnail-1000x1000-70.webp","1536x1536-width":701,"1536x1536-height":1000,"2048x2048":"https:\/\/media-camminiditalia.nbg1.your-objectstorage.com\/2023\/05\/9788865494790-thumbnail-1000x1000-70.webp","2048x2048-width":701,"2048x2048-height":1000,"tc_all_events_image":"https:\/\/media-camminiditalia.nbg1.your-objectstorage.com\/2023\/05\/9788865494790-thumbnail-1000x1000-70-701x680.webp","tc_all_events_image-width":701,"tc_all_events_image-height":680,"woocommerce_thumbnail":"https:\/\/media-camminiditalia.nbg1.your-objectstorage.com\/2023\/05\/9788865494790-thumbnail-1000x1000-70-300x300.webp","woocommerce_thumbnail-width":300,"woocommerce_thumbnail-height":300,"woocommerce_single":"https:\/\/media-camminiditalia.nbg1.your-objectstorage.com\/2023\/05\/9788865494790-thumbnail-1000x1000-70-600x856.webp","woocommerce_single-width":600,"woocommerce_single-height":856,"woocommerce_gallery_thumbnail":"https:\/\/media-camminiditalia.nbg1.your-objectstorage.com\/2023\/05\/9788865494790-thumbnail-1000x1000-70-100x100.webp","woocommerce_gallery_thumbnail-width":100,"woocommerce_gallery_thumbnail-height":100}},"linkBtn":{"title":"","url":"https:\/\/camminiditalia.shop\/product\/guida-al-cammino-via-flavia\/","target":""},"textBtn":""},"maps":{"map":"<p><iframe loading=\"lazy\" style=\"border: none; overflow: hidden;\" src=\"https:\/\/1.camminiditalia.webmapp.it\/map?layer=13\" width=\"100%\" height=\"800\" scrolling=\"no\"><\/iframe><\/p>\n","url":""},"modal":{"modals":[{"status":false,"title":"HISTORIA","text":"<p>La v\u00eda romana Via Flavia part\u00eda de Aquileia, seg\u00fan algunas fuentes, mientras que otras la hacen comenzar en Trieste, la antigua Tergeste. Probablemente discurr\u00eda a lo largo del mar durante un tramo, luego segu\u00eda la pen\u00ednsula de Istria hasta Parentium, la actual Pore\u010d, hasta Pula y hasta Tersatica (Rijeka). En tiempos modernos, se pens\u00f3 que conectaba la frontera esloveno-italiana en el mar, Lazzaretto de hecho, con Aquileia, suponiendo que adem\u00e1s de ser una ruta comercial y militar, hab\u00eda sido una ruta de peregrinaci\u00f3n a Roma o Santiago de Compostela en tiempos antiguos.<\/p>\n"},{"status":false,"title":"FUENTES DE AGUA","text":"<p><span style=\"font-weight: 400;\">No es dif\u00edcil encontrar fuentes de agua en la zona, debido a la presencia de fuentes, bares o supermercados. En verano, se sugiere repostar antes de la cuarta etapa, ya que los servicios mencionados son m\u00e1s escasos. <\/span><\/p>\n"},{"status":false,"title":"SERVICIOS POR ETAPAS","text":"<p><span style=\"font-weight: 400;\"><strong>\u00bfHay supermercados? <\/strong>Por supuesto, salvo en la cuarta ETAPA, s\u00f3lo se encuentran al principio.<\/span><span style=\"font-weight: 400;\"><br \/>\n<\/span><span style=\"font-weight: 400;\"><strong>\u00bfHay farmacias? <\/strong>Hay farmacias a lo largo de todas las etapas, para la cuarta etapa tienes que descansar al principio en Monfalcone.<\/span><\/p>\n"},{"status":false,"title":"SE\u00d1ALIZACI\u00d3N","text":"<p><span style=\"font-weight: 400;\">Las se\u00f1ales con flechas amarillas son claramente visibles y se mantienen constantemente. Tambi\u00e9n puedes encontrar pegatinas con una flecha amarilla sobre un campo azul, vi\u00f1etas pintadas de amarillo o las nuevas se\u00f1ales con leng\u00fcetas en el poste con el logotipo de la Via y la flecha adhesiva.<\/span><\/p>\n"},{"status":false,"title":"FONDO DEL CAMINO","text":"<p>40% grava<\/p>\n<p>40% asfalto (en carreteras con poco tr\u00e1fico) 20% carriles bici\/peatonales<\/p>\n"},{"status":false,"title":"CREDENCIAL","text":"<p>Las credenciales del <strong>Via Flavia <\/strong>pueden solicitarse al siguiente correo electr\u00f3nico:<br \/>\n<a href=\"mailto:amv.associazione@gmail.com\">amv.associazione@gmail.com<\/a><\/p>\n"},{"status":false,"title":"PASEO EN TIENDA","text":"<p><span style=\"font-weight: 400;\">\u00bfD\u00f3nde se puede acampar? Hay campings a lo largo de la ruta que s\u00f3lo est\u00e1n abiertos en verano.<\/span><span style=\"font-weight: 400;\"><br \/>\n<\/span><span style=\"font-weight: 400;\">\u00bfNecesitas permisos? Necesitas sentido com\u00fan para acampar libremente, algunos lo han hecho acampando por la noche y march\u00e1ndose temprano por la ma\u00f1ana.<\/span><\/p>\n"},{"status":false,"title":"PELIGROS","text":"<p>Es importante prestar atenci\u00f3n a ciertos tramos de terreno que pueden ser irregulares o resbaladizos, especialmente con lluvia. Por ello, es imprescindible llevar calzado adecuado. No hay animales peligrosos o vagabundos a lo largo de la ruta.<\/p>\n"},{"status":false,"title":"CONTACTOS","text":"<p><span style=\"font-weight: 400;\">La asociaci\u00f3n de referencia es <\/span><\/p>\n<p><a href=\"mailto:amv.associazione@gmail.com\"><span style=\"font-weight: 400;\">amv.associazione@gmail.com<\/span><\/a><span style=\"font-weight: 400;\"> o la p\u00e1gina de Facebook de \u201cVia Flavia un CAMMINO DI DANTE\u201d<\/span><\/p>\n<p>Web: http: <a href=\"http:\/\/www.camminoviaflavia.it\/\">\/\/www.camminoviaflavia.it\/<\/a><\/p>\n"},{"status":false,"title":"","text":""}]},"pagePoster":{"title":"Via Flavia","text":"<p>El Cammino della Via Flavia conduce al extremo noreste de Italia, a su puerta oriental entre Venecia-Giulia y Friuli, donde, sobre blancos acantilados de piedra caliza y finas arenas doradas, Europa se sumerge en el punto m\u00e1s septentrional del Mediterr\u00e1neo.<\/p>\n","linkBtn":{"title":"","url":"#scopriletappe","target":""},"textBtn":"DESCUBRE LAS ETAPAS"},"podcasts":{"podcast":false,"link":null},"poster":false,"read_also_posts":{"read_also":false},"scheda_tecnica":{"lunghezza":"116","dislivello_medio":"","n_tappe":"5","partenza":"Lazzaretto","arrivo":"Aquileia","tipologia":"","tema":[],"portata":"","periodo_ideale":"Primavera y oto\u00f1o","stagione_ideale":["primavera"]},"slider_cammini":{"title":"","text":"","select_cammini":false},"tappe":{"show_all":true,"all_tappe":"","tappa":[{"status":false,"title":"ETAPA 01","text":"<p><strong>ETAPA 1: Lazzaretto(Muggia)- Bagnoli della Rosandra 20,4 Km. h 5,30 670m.de desnivel Dificultad: media<\/strong><\/p>\n<p><span style=\"font-weight: 400;\">Emocionante ruta con impresionantes vistas de las costas de Trieste e Istria y Grado a lo lejos. Colinas de arenisca verde de Muggia y Dolina. Cruzamos el valle del R\u00edo Ospo, con sus peque\u00f1os lagos, y a trav\u00e9s de los bosques llegamos a Bagnoli con la Val Rosandra a las puertas del Karst Cl\u00e1sico. <\/span><span style=\"font-weight: 400;\"><br \/>\n<\/span><\/p>\n"},{"status":false,"title":"ETAPA 02","text":"<p><strong>ETAPA 2: Bagnoli della Rosandra-Miramare(Trieste) 20 Km. h.4.30 180m.de desnivel Dificultad:f\u00e1cil <\/strong><\/p>\n<p><span style=\"font-weight: 400;\">Saliendo de la pintoresca Val Rosandra, siguiendo un sendero panor\u00e1mico de pedaleo llegamos al maravilloso centro de Trieste, siempre con el mar azul del golfo como punto de referencia, con verdes arboledas y campi\u00f1a a nuestro alrededor.<\/span><\/p>\n"},{"status":false,"title":"ETAPA 03","text":"<p><span style=\"font-weight: 400;\">ETAPA 3:Miramare(Trieste)-Monfalcone 26 Km. h.6:00 390m.de desnivel Dificultad: exigente <\/span><\/p>\n<p><span style=\"font-weight: 400;\">o <\/span><\/p>\n<p><span style=\"font-weight: 400;\">Variante Alta 33,1 Km. h.7.30 625m.de desnivel Dificultad: muy exigente.<\/span><\/p>\n"},{"status":false,"title":"ETAPA 04","text":"<p><strong>ETAPA 4: Monfalcone &#8211; Fossalon di Grado. Longitud: 27,7 Km. Tiempo de viaje: unas 6 horas y 30 minutos. Desnivel: 20 metros. Dificultad: bastante exigente. <\/strong><\/p>\n<p>El paisaje ha cambiado por completo y estamos inmersos en un entorno costero, a veces pantanoso, que representa una zona ganada al mar en el siglo pasado. Hay muchos puntos de inter\u00e9s desde el punto de vista naturalista, como biotopos, geositios, la Reserva Natural de Foce dell&#8217;Isonzo y la Reserva Natural Regional de Val Cavanata. Es importante tener cuidado antes de partir y aprovisionarse de bebidas y alimentos.<\/p>\n"},{"status":false,"title":"ETAPA 05","text":"<p><strong>ETAPA 5: Fossalon di Grado &#8211; Aquileia. Longitud: 21,2 Km. Tiempo de viaje: unas 4 horas y 40 minutos. Desnivel: 35 metros. Dificultad: f\u00e1cil. <\/strong><\/p>\n<p>Tras abandonar las zonas ganadas al mar y las reservas naturales, llegas a la ciudad costera de Grado, especialmente bella en su casco antiguo. Desde aqu\u00ed puedes tomar el vaporetto hasta la isla Santuario de Barbana y luego concluir el paseo en Aquileia, lugar declarado Patrimonio de la Humanidad por la UNESCO, donde podr\u00e1s admirar su Bas\u00edlica Patriarcal, las ruinas romanas y visitar las tumbas de los 10 soldados desconocidos, que no fueron elegidos para representar a todos los ca\u00eddos de las guerras italianas (el elegido est\u00e1 en el Altare della Patria de Roma).<\/p>\n"}]},"videos":{"video":false,"link":null},"logo_cammino":{"ID":68488,"id":68488,"title":"Loghi Cammini (3)","filename":"Loghi-Cammini-3.png","filesize":1057508,"url":"https:\/\/media-camminiditalia.nbg1.your-objectstorage.com\/2023\/05\/Loghi-Cammini-3.png","link":"https:\/\/camminiditalia.org\/es\/cammini\/via-flavia\/loghi-cammini-3-3-2\/","alt":"","author":"2","description":"","caption":"Logo Via Flavia","name":"loghi-cammini-3-3-2","status":"inherit","uploaded_to":67665,"date":"2025-06-27 13:26:21","modified":"2025-06-27 13:26:59","menu_order":0,"mime_type":"image\/png","type":"image","subtype":"png","icon":"https:\/\/camminiditalia.org\/wp-includes\/images\/media\/default.png","width":1080,"height":1080,"sizes":{"thumbnail":"https:\/\/media-camminiditalia.nbg1.your-objectstorage.com\/2023\/05\/Loghi-Cammini-3-150x150.png","thumbnail-width":150,"thumbnail-height":150,"medium":"https:\/\/media-camminiditalia.nbg1.your-objectstorage.com\/2023\/05\/Loghi-Cammini-3-300x300.png","medium-width":300,"medium-height":300,"medium_large":"https:\/\/media-camminiditalia.nbg1.your-objectstorage.com\/2023\/05\/Loghi-Cammini-3-768x768.png","medium_large-width":768,"medium_large-height":768,"large":"https:\/\/media-camminiditalia.nbg1.your-objectstorage.com\/2023\/05\/Loghi-Cammini-3-1024x1024.png","large-width":1024,"large-height":1024,"1536x1536":"https:\/\/media-camminiditalia.nbg1.your-objectstorage.com\/2023\/05\/Loghi-Cammini-3.png","1536x1536-width":1080,"1536x1536-height":1080,"2048x2048":"https:\/\/media-camminiditalia.nbg1.your-objectstorage.com\/2023\/05\/Loghi-Cammini-3.png","2048x2048-width":1080,"2048x2048-height":1080,"tc_all_events_image":"https:\/\/media-camminiditalia.nbg1.your-objectstorage.com\/2023\/05\/Loghi-Cammini-3-1080x680.png","tc_all_events_image-width":1080,"tc_all_events_image-height":680,"woocommerce_thumbnail":"https:\/\/media-camminiditalia.nbg1.your-objectstorage.com\/2023\/05\/Loghi-Cammini-3-300x300.png","woocommerce_thumbnail-width":300,"woocommerce_thumbnail-height":300,"woocommerce_single":"https:\/\/media-camminiditalia.nbg1.your-objectstorage.com\/2023\/05\/Loghi-Cammini-3-600x600.png","woocommerce_single-width":600,"woocommerce_single-height":600,"woocommerce_gallery_thumbnail":"https:\/\/media-camminiditalia.nbg1.your-objectstorage.com\/2023\/05\/Loghi-Cammini-3-100x100.png","woocommerce_gallery_thumbnail-width":100,"woocommerce_gallery_thumbnail-height":100}},"header_link":{"title":"","url":"","target":"","0":""}},"yoast_head":"<!-- This site is optimized with the Yoast SEO plugin v27.1.1 - https:\/\/yoast.com\/product\/yoast-seo-wordpress\/ -->\n<title>Via Flavia - Cammini d&#039;Italia<\/title>\n<meta name=\"description\" content=\"La Via Flavia: extremo noreste, Venezia-Giulia y Friuli. Europa se sumerge en el punto m\u00e1s septentrional del Mediterr\u00e1neo.\" \/>\n<meta name=\"robots\" content=\"index, follow, max-snippet:-1, max-image-preview:large, max-video-preview:-1\" \/>\n<link rel=\"canonical\" href=\"https:\/\/camminiditalia.org\/es\/cammini\/via-flavia\/\" \/>\n<meta property=\"og:locale\" content=\"es_ES\" \/>\n<meta property=\"og:type\" content=\"article\" \/>\n<meta property=\"og:title\" content=\"Via Flavia - Cammini d&#039;Italia\" \/>\n<meta property=\"og:description\" content=\"La Via Flavia: extremo noreste, Venezia-Giulia y Friuli. Europa se sumerge en el punto m\u00e1s septentrional del Mediterr\u00e1neo.\" \/>\n<meta property=\"og:url\" content=\"https:\/\/camminiditalia.org\/es\/cammini\/via-flavia\/\" \/>\n<meta property=\"og:site_name\" content=\"Cammini d&#039;Italia\" \/>\n<meta property=\"article:modified_time\" content=\"2025-06-26T09:02:22+00:00\" \/>\n<meta property=\"og:image\" content=\"https:\/\/camminiditalia.org\/wp-content\/uploads\/2023\/05\/Aquileia-AdobeStock_300606534-1-scaled.jpeg\" \/>\n\t<meta property=\"og:image:width\" content=\"2560\" \/>\n\t<meta property=\"og:image:height\" content=\"1705\" \/>\n\t<meta property=\"og:image:type\" content=\"image\/jpeg\" \/>\n<meta name=\"twitter:card\" content=\"summary_large_image\" \/>\n<meta name=\"twitter:label1\" content=\"Tiempo de lectura\" \/>\n\t<meta name=\"twitter:data1\" content=\"1 minuto\" \/>\n<script type=\"application\/ld+json\" class=\"yoast-schema-graph\">{\"@context\":\"https:\/\/schema.org\",\"@graph\":[{\"@type\":\"WebPage\",\"@id\":\"https:\/\/camminiditalia.org\/es\/cammini\/via-flavia\/\",\"url\":\"https:\/\/camminiditalia.org\/es\/cammini\/via-flavia\/\",\"name\":\"Via Flavia - Cammini d&#039;Italia\",\"isPartOf\":{\"@id\":\"https:\/\/camminiditalia.org\/es\/#website\"},\"primaryImageOfPage\":{\"@id\":\"https:\/\/camminiditalia.org\/es\/cammini\/via-flavia\/#primaryimage\"},\"image\":{\"@id\":\"https:\/\/camminiditalia.org\/es\/cammini\/via-flavia\/#primaryimage\"},\"thumbnailUrl\":\"https:\/\/media-camminiditalia.nbg1.your-objectstorage.com\/wp-content\/uploads\/2023\/05\/Aquileia-AdobeStock_300606534-1-scaled.jpeg\",\"datePublished\":\"2023-05-03T16:25:16+00:00\",\"dateModified\":\"2025-06-26T09:02:22+00:00\",\"description\":\"La Via Flavia: extremo noreste, Venezia-Giulia y Friuli. Europa se sumerge en el punto m\u00e1s septentrional del Mediterr\u00e1neo.\",\"breadcrumb\":{\"@id\":\"https:\/\/camminiditalia.org\/es\/cammini\/via-flavia\/#breadcrumb\"},\"inLanguage\":\"es\",\"potentialAction\":[{\"@type\":\"ReadAction\",\"target\":[\"https:\/\/camminiditalia.org\/es\/cammini\/via-flavia\/\"]}]},{\"@type\":\"ImageObject\",\"inLanguage\":\"es\",\"@id\":\"https:\/\/camminiditalia.org\/es\/cammini\/via-flavia\/#primaryimage\",\"url\":\"https:\/\/media-camminiditalia.nbg1.your-objectstorage.com\/wp-content\/uploads\/2023\/05\/Aquileia-AdobeStock_300606534-1-scaled.jpeg\",\"contentUrl\":\"https:\/\/media-camminiditalia.nbg1.your-objectstorage.com\/wp-content\/uploads\/2023\/05\/Aquileia-AdobeStock_300606534-1-scaled.jpeg\",\"width\":2560,\"height\":1705,\"caption\":\"Via Flavia\"},{\"@type\":\"BreadcrumbList\",\"@id\":\"https:\/\/camminiditalia.org\/es\/cammini\/via-flavia\/#breadcrumb\",\"itemListElement\":[{\"@type\":\"ListItem\",\"position\":1,\"name\":\"Home\",\"item\":\"https:\/\/camminiditalia.org\/es\/inicio\/\"},{\"@type\":\"ListItem\",\"position\":2,\"name\":\"Paseos\",\"item\":\"https:\/\/camminiditalia.org\/es\/cammini\/\"},{\"@type\":\"ListItem\",\"position\":3,\"name\":\"Via Flavia\"}]},{\"@type\":\"WebSite\",\"@id\":\"https:\/\/camminiditalia.org\/es\/#website\",\"url\":\"https:\/\/camminiditalia.org\/es\/\",\"name\":\"Cammini d'Italia\",\"description\":\"Plan, walk and share!\",\"publisher\":{\"@id\":\"https:\/\/camminiditalia.org\/es\/#organization\"},\"potentialAction\":[{\"@type\":\"SearchAction\",\"target\":{\"@type\":\"EntryPoint\",\"urlTemplate\":\"https:\/\/camminiditalia.org\/es\/?s={search_term_string}\"},\"query-input\":{\"@type\":\"PropertyValueSpecification\",\"valueRequired\":true,\"valueName\":\"search_term_string\"}}],\"inLanguage\":\"es\"},{\"@type\":\"Organization\",\"@id\":\"https:\/\/camminiditalia.org\/es\/#organization\",\"name\":\"Cammini d'Italia srls\",\"url\":\"https:\/\/camminiditalia.org\/es\/\",\"logo\":{\"@type\":\"ImageObject\",\"inLanguage\":\"es\",\"@id\":\"https:\/\/camminiditalia.org\/es\/#\/schema\/logo\/image\/\",\"url\":\"https:\/\/media-camminiditalia.nbg1.your-objectstorage.com\/wp-content\/uploads\/2023\/08\/Risorsa-2-8-e1690918206850.png\",\"contentUrl\":\"https:\/\/media-camminiditalia.nbg1.your-objectstorage.com\/wp-content\/uploads\/2023\/08\/Risorsa-2-8-e1690918206850.png\",\"width\":1076,\"height\":329,\"caption\":\"Cammini d'Italia srls\"},\"image\":{\"@id\":\"https:\/\/camminiditalia.org\/es\/#\/schema\/logo\/image\/\"}}]}<\/script>\n<!-- \/ Yoast SEO plugin. -->","yoast_head_json":{"title":"Via Flavia - Cammini d&#039;Italia","description":"La Via Flavia: extremo noreste, Venezia-Giulia y Friuli. Europa se sumerge en el punto m\u00e1s septentrional del Mediterr\u00e1neo.","robots":{"index":"index","follow":"follow","max-snippet":"max-snippet:-1","max-image-preview":"max-image-preview:large","max-video-preview":"max-video-preview:-1"},"canonical":"https:\/\/camminiditalia.org\/es\/cammini\/via-flavia\/","og_locale":"es_ES","og_type":"article","og_title":"Via Flavia - Cammini d&#039;Italia","og_description":"La Via Flavia: extremo noreste, Venezia-Giulia y Friuli. Europa se sumerge en el punto m\u00e1s septentrional del Mediterr\u00e1neo.","og_url":"https:\/\/camminiditalia.org\/es\/cammini\/via-flavia\/","og_site_name":"Cammini d&#039;Italia","article_modified_time":"2025-06-26T09:02:22+00:00","og_image":[{"width":2560,"height":1705,"url":"https:\/\/camminiditalia.org\/wp-content\/uploads\/2023\/05\/Aquileia-AdobeStock_300606534-1-scaled.jpeg","type":"image\/jpeg"}],"twitter_card":"summary_large_image","twitter_misc":{"Tiempo de lectura":"1 minuto"},"schema":{"@context":"https:\/\/schema.org","@graph":[{"@type":"WebPage","@id":"https:\/\/camminiditalia.org\/es\/cammini\/via-flavia\/","url":"https:\/\/camminiditalia.org\/es\/cammini\/via-flavia\/","name":"Via Flavia - Cammini d&#039;Italia","isPartOf":{"@id":"https:\/\/camminiditalia.org\/es\/#website"},"primaryImageOfPage":{"@id":"https:\/\/camminiditalia.org\/es\/cammini\/via-flavia\/#primaryimage"},"image":{"@id":"https:\/\/camminiditalia.org\/es\/cammini\/via-flavia\/#primaryimage"},"thumbnailUrl":"https:\/\/media-camminiditalia.nbg1.your-objectstorage.com\/wp-content\/uploads\/2023\/05\/Aquileia-AdobeStock_300606534-1-scaled.jpeg","datePublished":"2023-05-03T16:25:16+00:00","dateModified":"2025-06-26T09:02:22+00:00","description":"La Via Flavia: extremo noreste, Venezia-Giulia y Friuli. Europa se sumerge en el punto m\u00e1s septentrional del Mediterr\u00e1neo.","breadcrumb":{"@id":"https:\/\/camminiditalia.org\/es\/cammini\/via-flavia\/#breadcrumb"},"inLanguage":"es","potentialAction":[{"@type":"ReadAction","target":["https:\/\/camminiditalia.org\/es\/cammini\/via-flavia\/"]}]},{"@type":"ImageObject","inLanguage":"es","@id":"https:\/\/camminiditalia.org\/es\/cammini\/via-flavia\/#primaryimage","url":"https:\/\/media-camminiditalia.nbg1.your-objectstorage.com\/wp-content\/uploads\/2023\/05\/Aquileia-AdobeStock_300606534-1-scaled.jpeg","contentUrl":"https:\/\/media-camminiditalia.nbg1.your-objectstorage.com\/wp-content\/uploads\/2023\/05\/Aquileia-AdobeStock_300606534-1-scaled.jpeg","width":2560,"height":1705,"caption":"Via Flavia"},{"@type":"BreadcrumbList","@id":"https:\/\/camminiditalia.org\/es\/cammini\/via-flavia\/#breadcrumb","itemListElement":[{"@type":"ListItem","position":1,"name":"Home","item":"https:\/\/camminiditalia.org\/es\/inicio\/"},{"@type":"ListItem","position":2,"name":"Paseos","item":"https:\/\/camminiditalia.org\/es\/cammini\/"},{"@type":"ListItem","position":3,"name":"Via Flavia"}]},{"@type":"WebSite","@id":"https:\/\/camminiditalia.org\/es\/#website","url":"https:\/\/camminiditalia.org\/es\/","name":"Cammini d'Italia","description":"Plan, walk and share!","publisher":{"@id":"https:\/\/camminiditalia.org\/es\/#organization"},"potentialAction":[{"@type":"SearchAction","target":{"@type":"EntryPoint","urlTemplate":"https:\/\/camminiditalia.org\/es\/?s={search_term_string}"},"query-input":{"@type":"PropertyValueSpecification","valueRequired":true,"valueName":"search_term_string"}}],"inLanguage":"es"},{"@type":"Organization","@id":"https:\/\/camminiditalia.org\/es\/#organization","name":"Cammini d'Italia srls","url":"https:\/\/camminiditalia.org\/es\/","logo":{"@type":"ImageObject","inLanguage":"es","@id":"https:\/\/camminiditalia.org\/es\/#\/schema\/logo\/image\/","url":"https:\/\/media-camminiditalia.nbg1.your-objectstorage.com\/wp-content\/uploads\/2023\/08\/Risorsa-2-8-e1690918206850.png","contentUrl":"https:\/\/media-camminiditalia.nbg1.your-objectstorage.com\/wp-content\/uploads\/2023\/08\/Risorsa-2-8-e1690918206850.png","width":1076,"height":329,"caption":"Cammini d'Italia srls"},"image":{"@id":"https:\/\/camminiditalia.org\/es\/#\/schema\/logo\/image\/"}}]}},"jetpack_sharing_enabled":true,"_links":{"self":[{"href":"https:\/\/camminiditalia.org\/es\/wp-json\/wp\/v2\/cammini\/67665","targetHints":{"allow":["GET"]}}],"collection":[{"href":"https:\/\/camminiditalia.org\/es\/wp-json\/wp\/v2\/cammini"}],"about":[{"href":"https:\/\/camminiditalia.org\/es\/wp-json\/wp\/v2\/types\/cammini"}],"version-history":[{"count":0,"href":"https:\/\/camminiditalia.org\/es\/wp-json\/wp\/v2\/cammini\/67665\/revisions"}],"wp:featuredmedia":[{"embeddable":true,"href":"https:\/\/camminiditalia.org\/es\/wp-json\/wp\/v2\/media\/63083"}],"wp:attachment":[{"href":"https:\/\/camminiditalia.org\/es\/wp-json\/wp\/v2\/media?parent=67665"}],"wp:term":[{"taxonomy":"category","embeddable":true,"href":"https:\/\/camminiditalia.org\/es\/wp-json\/wp\/v2\/categories?post=67665"}],"curies":[{"name":"wp","href":"https:\/\/api.w.org\/{rel}","templated":true}]}}