
{"id":67783,"date":"2023-06-28T10:42:28","date_gmt":"2023-06-28T08:42:28","guid":{"rendered":"https:\/\/camminiditalia.org\/cammini\/le-vie-del-viandante\/"},"modified":"2026-03-20T17:59:24","modified_gmt":"2026-03-20T16:59:24","slug":"le-vie-del-viandante","status":"publish","type":"cammini","link":"https:\/\/camminiditalia.org\/es\/cammini\/le-vie-del-viandante\/","title":{"rendered":"Le Vie del Viandante"},"content":{"rendered":"\n<p>  Una red de senderos conecta Mil\u00e1n con San Bernardino, en Suiza, y viceversa, a trav\u00e9s del valle de Mesolcina, Valchiavenna, el lago de Como y el r\u00edo Adda.<\/p>\n\n\n\n<p>Doce caminos unidos por un destino com\u00fan: el de convertirse en uno de los senderos m\u00e1s bellos y especiales que los viajeros han trazado a lo largo de los siglos.<\/p>\n\n\n\n<p><\/p>\n","protected":false},"excerpt":{"rendered":"<p>Una red de senderos conecta Mil\u00e1n con San Bernardino, en Suiza, y viceversa, a trav\u00e9s del valle de Mesolcina, Valchiavenna, el lago de Como y el r\u00edo Adda. Doce caminos unidos por un destino com\u00fan: el de convertirse en uno de los senderos m\u00e1s bellos y especiales que los viajeros han trazado a lo largo &hellip; <a href=\"https:\/\/camminiditalia.org\/es\/cammini\/le-vie-del-viandante\/\">Continued<\/a><\/p>\n","protected":false},"featured_media":90097,"parent":0,"menu_order":0,"template":"","meta":{"_acf_changed":false,"footnotes":""},"categories":[9,1957],"class_list":["post-67783","cammini","type-cammini","status-publish","has-post-thumbnail","hentry","category-cammini","category-paseos","regioni-lombardia"],"acf":{"mobile":false,"desktop":false,"app":{"bgImg":false,"title":"Le Vie del Viandante","text":"<p>Con la aplicaci\u00f3n gratuita Cammino d&#8217;Italia, puedes planificar y recorrer Le Vie del Viandante con total seguridad, pudiendo planificar las etapas al detalle y seguir la ruta gracias a la tecnolog\u00eda GPS integrada que te ayuda a orientarte durante tu aventura.<\/p>\n<p>\u2800En la app encontrar\u00e1s muchas otras rutas de senderismo por Italia. Gracias a los tracks georreferenciados de muchas rutas, podr\u00e1s estudiar la ruta que m\u00e1s te convenga y descargarte los tracks GPX de las etapas individuales sin conexi\u00f3n.<\/p>\n<p>La aplicaci\u00f3n tambi\u00e9n incluye un mapa digital completo de todos los senderos estudiados hasta la fecha en nuestro portal, lo que te ofrece una amplia gama de elecci\u00f3n entre los numerosos senderos de Italia.<\/p>\n<p>\u2800\u2800<br \/>\nCammini d&#8217;Italia es la aplicaci\u00f3n perfecta para quienes desean explorar la belleza de Italia a pie, descubriendo lugares ocultos rodeados de naturaleza. \u00a1Desc\u00e1rgatela gratis hoy mismo y empieza a planear tu pr\u00f3xima aventura!<\/p>\n<p>\u2800<\/p>\n<p>\u2800<\/p>\n<p><a href=\"https:\/\/apps.apple.com\/it\/app\/cammini-di-italia\/id1643119047\" target=\"_blank\" rel=\"noopener\"><img loading=\"lazy\" decoding=\"async\" class=\"alignnone wp-image-23502\" src=\"https:\/\/camminiditalia.org\/wp-content\/uploads\/s3fra1:\/\/camministorage\/wp-content\/uploads\/2023\/04\/apple-300x95.png\" alt=\"\" width=\"190\" height=\"60\" srcset=\"https:\/\/media-camminiditalia.nbg1.your-objectstorage.com\/wp-content\/uploads\/2023\/04\/apple-300x95.png 300w, https:\/\/media-camminiditalia.nbg1.your-objectstorage.com\/wp-content\/uploads\/2023\/04\/apple.png 600w, https:\/\/media-camminiditalia.nbg1.your-objectstorage.com\/wp-content\/uploads\/2023\/04\/apple-1024x323.png 1024w, https:\/\/media-camminiditalia.nbg1.your-objectstorage.com\/wp-content\/uploads\/2023\/04\/apple-768x242.png 768w, https:\/\/media-camminiditalia.nbg1.your-objectstorage.com\/wp-content\/uploads\/2023\/04\/apple.png 1109w\" sizes=\"auto, (max-width: 190px) 100vw, 190px\" \/><\/a> \u2800\u2800\u2800<a href=\"https:\/\/play.google.com\/store\/apps\/details?id=it.webmapp.cammini&amp;hl=en_US\" target=\"_blank\" rel=\"noopener\"><img loading=\"lazy\" decoding=\"async\" class=\"alignnone wp-image-23503\" src=\"https:\/\/camminiditalia.org\/wp-content\/uploads\/s3fra1:\/\/camministorage\/wp-content\/uploads\/2023\/04\/google-play-300x93.png\" alt=\"\" width=\"193\" height=\"60\" srcset=\"https:\/\/media-camminiditalia.nbg1.your-objectstorage.com\/wp-content\/uploads\/2023\/04\/google-play-300x93.png 300w, https:\/\/media-camminiditalia.nbg1.your-objectstorage.com\/wp-content\/uploads\/2023\/04\/google-play.png 600w, https:\/\/media-camminiditalia.nbg1.your-objectstorage.com\/wp-content\/uploads\/2023\/04\/google-play-1024x318.png 1024w, https:\/\/media-camminiditalia.nbg1.your-objectstorage.com\/wp-content\/uploads\/2023\/04\/google-play-768x239.png 768w, https:\/\/media-camminiditalia.nbg1.your-objectstorage.com\/wp-content\/uploads\/2023\/04\/google-play.png 1106w\" sizes=\"auto, (max-width: 193px) 100vw, 193px\" \/><\/a><\/p>\n","img":{"ID":55768,"id":55768,"title":"1 - App","filename":"1-App.png","filesize":343975,"url":"https:\/\/media-camminiditalia.nbg1.your-objectstorage.com\/wp-content\/uploads\/2023\/01\/1-App.png","link":"https:\/\/camminiditalia.org\/es\/cammini\/la-rotta-dei-due-mari\/1-app-2\/","alt":"","author":"1","description":"","caption":"","name":"1-app-2","status":"inherit","uploaded_to":55766,"date":"2023-01-11 08:47:14","modified":"2023-01-11 08:47:14","menu_order":0,"mime_type":"image\/png","type":"image","subtype":"png","icon":"https:\/\/camminiditalia.org\/wp-includes\/images\/media\/default.png","width":383,"height":569,"sizes":{"thumbnail":"https:\/\/media-camminiditalia.nbg1.your-objectstorage.com\/wp-content\/uploads\/2023\/01\/1-App-150x150.png","thumbnail-width":150,"thumbnail-height":150,"medium":"https:\/\/media-camminiditalia.nbg1.your-objectstorage.com\/wp-content\/uploads\/2023\/01\/1-App-202x300.png","medium-width":202,"medium-height":300,"medium_large":"https:\/\/media-camminiditalia.nbg1.your-objectstorage.com\/wp-content\/uploads\/2023\/01\/1-App.png","medium_large-width":383,"medium_large-height":569,"large":"https:\/\/media-camminiditalia.nbg1.your-objectstorage.com\/wp-content\/uploads\/2023\/01\/1-App.png","large-width":383,"large-height":569,"1536x1536":"https:\/\/media-camminiditalia.nbg1.your-objectstorage.com\/wp-content\/uploads\/2023\/01\/1-App.png","1536x1536-width":383,"1536x1536-height":569,"2048x2048":"https:\/\/media-camminiditalia.nbg1.your-objectstorage.com\/wp-content\/uploads\/2023\/01\/1-App.png","2048x2048-width":383,"2048x2048-height":569,"tc_all_events_image":"https:\/\/media-camminiditalia.nbg1.your-objectstorage.com\/wp-content\/uploads\/2023\/01\/1-App.png","tc_all_events_image-width":383,"tc_all_events_image-height":569,"woocommerce_thumbnail":"https:\/\/media-camminiditalia.nbg1.your-objectstorage.com\/wp-content\/uploads\/2023\/01\/1-App-300x300.png","woocommerce_thumbnail-width":300,"woocommerce_thumbnail-height":300,"woocommerce_single":"https:\/\/media-camminiditalia.nbg1.your-objectstorage.com\/wp-content\/uploads\/2023\/01\/1-App.png","woocommerce_single-width":383,"woocommerce_single-height":569,"woocommerce_gallery_thumbnail":"https:\/\/media-camminiditalia.nbg1.your-objectstorage.com\/wp-content\/uploads\/2023\/01\/1-App-100x100.png","woocommerce_gallery_thumbnail-width":100,"woocommerce_gallery_thumbnail-height":100}},"linkBtn":{"title":"","url":"","target":"","0":""},"textBtn":""},"diaries":{"diary":false},"gallery":{"images":[{"img":{"ID":90120,"id":90120,"title":"4_4_11zon","filename":"4_4_11zon-1.webp","filesize":111518,"url":"https:\/\/media-camminiditalia.nbg1.your-objectstorage.com\/2023\/06\/4_4_11zon-1.webp","link":"https:\/\/camminiditalia.org\/es\/cammini\/le-vie-del-viandante\/4_4_11zon-39-2\/","alt":"","author":"2","description":"","caption":"Lecco - Abbadia","name":"4_4_11zon-39-2","status":"inherit","uploaded_to":67783,"date":"2026-03-20 16:48:54","modified":"2026-03-20 16:48:54","menu_order":0,"mime_type":"image\/webp","type":"image","subtype":"webp","icon":"https:\/\/camminiditalia.org\/wp-includes\/images\/media\/default.png","width":800,"height":600,"sizes":{"thumbnail":"https:\/\/media-camminiditalia.nbg1.your-objectstorage.com\/2023\/06\/4_4_11zon-1-150x150.webp","thumbnail-width":150,"thumbnail-height":150,"medium":"https:\/\/media-camminiditalia.nbg1.your-objectstorage.com\/2023\/06\/4_4_11zon-1-300x225.webp","medium-width":300,"medium-height":225,"medium_large":"https:\/\/media-camminiditalia.nbg1.your-objectstorage.com\/2023\/06\/4_4_11zon-1-768x576.webp","medium_large-width":768,"medium_large-height":576,"large":"https:\/\/media-camminiditalia.nbg1.your-objectstorage.com\/2023\/06\/4_4_11zon-1.webp","large-width":800,"large-height":600,"1536x1536":"https:\/\/media-camminiditalia.nbg1.your-objectstorage.com\/2023\/06\/4_4_11zon-1.webp","1536x1536-width":800,"1536x1536-height":600,"2048x2048":"https:\/\/media-camminiditalia.nbg1.your-objectstorage.com\/2023\/06\/4_4_11zon-1.webp","2048x2048-width":800,"2048x2048-height":600,"tc_all_events_image":"https:\/\/media-camminiditalia.nbg1.your-objectstorage.com\/2023\/06\/4_4_11zon-1.webp","tc_all_events_image-width":800,"tc_all_events_image-height":600,"woocommerce_thumbnail":"https:\/\/media-camminiditalia.nbg1.your-objectstorage.com\/2023\/06\/4_4_11zon-1-300x300.webp","woocommerce_thumbnail-width":300,"woocommerce_thumbnail-height":300,"woocommerce_single":"https:\/\/media-camminiditalia.nbg1.your-objectstorage.com\/2023\/06\/4_4_11zon-1-600x450.webp","woocommerce_single-width":600,"woocommerce_single-height":450,"woocommerce_gallery_thumbnail":"https:\/\/media-camminiditalia.nbg1.your-objectstorage.com\/2023\/06\/4_4_11zon-1-100x100.webp","woocommerce_gallery_thumbnail-width":100,"woocommerce_gallery_thumbnail-height":100}}},{"img":{"ID":90123,"id":90123,"title":"7_7_11zon","filename":"7_7_11zon.webp","filesize":70728,"url":"https:\/\/media-camminiditalia.nbg1.your-objectstorage.com\/2023\/06\/7_7_11zon.webp","link":"https:\/\/camminiditalia.org\/es\/cammini\/le-vie-del-viandante\/7_7_11zon-29-2\/","alt":"","author":"2","description":"","caption":"Abbadia - Mandello","name":"7_7_11zon-29-2","status":"inherit","uploaded_to":67783,"date":"2026-03-20 16:49:11","modified":"2026-03-20 16:49:11","menu_order":0,"mime_type":"image\/webp","type":"image","subtype":"webp","icon":"https:\/\/camminiditalia.org\/wp-includes\/images\/media\/default.png","width":800,"height":600,"sizes":{"thumbnail":"https:\/\/media-camminiditalia.nbg1.your-objectstorage.com\/2023\/06\/7_7_11zon-150x150.webp","thumbnail-width":150,"thumbnail-height":150,"medium":"https:\/\/media-camminiditalia.nbg1.your-objectstorage.com\/2023\/06\/7_7_11zon-300x225.webp","medium-width":300,"medium-height":225,"medium_large":"https:\/\/media-camminiditalia.nbg1.your-objectstorage.com\/2023\/06\/7_7_11zon-768x576.webp","medium_large-width":768,"medium_large-height":576,"large":"https:\/\/media-camminiditalia.nbg1.your-objectstorage.com\/2023\/06\/7_7_11zon.webp","large-width":800,"large-height":600,"1536x1536":"https:\/\/media-camminiditalia.nbg1.your-objectstorage.com\/2023\/06\/7_7_11zon.webp","1536x1536-width":800,"1536x1536-height":600,"2048x2048":"https:\/\/media-camminiditalia.nbg1.your-objectstorage.com\/2023\/06\/7_7_11zon.webp","2048x2048-width":800,"2048x2048-height":600,"tc_all_events_image":"https:\/\/media-camminiditalia.nbg1.your-objectstorage.com\/2023\/06\/7_7_11zon.webp","tc_all_events_image-width":800,"tc_all_events_image-height":600,"woocommerce_thumbnail":"https:\/\/media-camminiditalia.nbg1.your-objectstorage.com\/2023\/06\/7_7_11zon-300x300.webp","woocommerce_thumbnail-width":300,"woocommerce_thumbnail-height":300,"woocommerce_single":"https:\/\/media-camminiditalia.nbg1.your-objectstorage.com\/2023\/06\/7_7_11zon-600x450.webp","woocommerce_single-width":600,"woocommerce_single-height":450,"woocommerce_gallery_thumbnail":"https:\/\/media-camminiditalia.nbg1.your-objectstorage.com\/2023\/06\/7_7_11zon-100x100.webp","woocommerce_gallery_thumbnail-width":100,"woocommerce_gallery_thumbnail-height":100}}},{"img":{"ID":90130,"id":90130,"title":"14_14_11zon","filename":"14_14_11zon.webp","filesize":92940,"url":"https:\/\/media-camminiditalia.nbg1.your-objectstorage.com\/2023\/06\/14_14_11zon.webp","link":"https:\/\/camminiditalia.org\/es\/cammini\/le-vie-del-viandante\/14_14_11zon-8-2\/","alt":"","author":"2","description":"","caption":"Mandello - Lierna","name":"14_14_11zon-8-2","status":"inherit","uploaded_to":67783,"date":"2026-03-20 16:49:51","modified":"2026-03-20 16:49:51","menu_order":0,"mime_type":"image\/webp","type":"image","subtype":"webp","icon":"https:\/\/camminiditalia.org\/wp-includes\/images\/media\/default.png","width":800,"height":600,"sizes":{"thumbnail":"https:\/\/media-camminiditalia.nbg1.your-objectstorage.com\/2023\/06\/14_14_11zon-150x150.webp","thumbnail-width":150,"thumbnail-height":150,"medium":"https:\/\/media-camminiditalia.nbg1.your-objectstorage.com\/2023\/06\/14_14_11zon-300x225.webp","medium-width":300,"medium-height":225,"medium_large":"https:\/\/media-camminiditalia.nbg1.your-objectstorage.com\/2023\/06\/14_14_11zon-768x576.webp","medium_large-width":768,"medium_large-height":576,"large":"https:\/\/media-camminiditalia.nbg1.your-objectstorage.com\/2023\/06\/14_14_11zon.webp","large-width":800,"large-height":600,"1536x1536":"https:\/\/media-camminiditalia.nbg1.your-objectstorage.com\/2023\/06\/14_14_11zon.webp","1536x1536-width":800,"1536x1536-height":600,"2048x2048":"https:\/\/media-camminiditalia.nbg1.your-objectstorage.com\/2023\/06\/14_14_11zon.webp","2048x2048-width":800,"2048x2048-height":600,"tc_all_events_image":"https:\/\/media-camminiditalia.nbg1.your-objectstorage.com\/2023\/06\/14_14_11zon.webp","tc_all_events_image-width":800,"tc_all_events_image-height":600,"woocommerce_thumbnail":"https:\/\/media-camminiditalia.nbg1.your-objectstorage.com\/2023\/06\/14_14_11zon-300x300.webp","woocommerce_thumbnail-width":300,"woocommerce_thumbnail-height":300,"woocommerce_single":"https:\/\/media-camminiditalia.nbg1.your-objectstorage.com\/2023\/06\/14_14_11zon-600x450.webp","woocommerce_single-width":600,"woocommerce_single-height":450,"woocommerce_gallery_thumbnail":"https:\/\/media-camminiditalia.nbg1.your-objectstorage.com\/2023\/06\/14_14_11zon-100x100.webp","woocommerce_gallery_thumbnail-width":100,"woocommerce_gallery_thumbnail-height":100}}},{"img":{"ID":90118,"id":90118,"title":"2_2_11zon","filename":"2_2_11zon-1.webp","filesize":93048,"url":"https:\/\/media-camminiditalia.nbg1.your-objectstorage.com\/2023\/06\/2_2_11zon-1.webp","link":"https:\/\/camminiditalia.org\/es\/cammini\/le-vie-del-viandante\/2_2_11zon-36-2\/","alt":"","author":"2","description":"","caption":"Lierna - Esino - Perledo (Variante Alta)","name":"2_2_11zon-36-2","status":"inherit","uploaded_to":67783,"date":"2026-03-20 16:48:42","modified":"2026-03-20 16:48:42","menu_order":0,"mime_type":"image\/webp","type":"image","subtype":"webp","icon":"https:\/\/camminiditalia.org\/wp-includes\/images\/media\/default.png","width":800,"height":600,"sizes":{"thumbnail":"https:\/\/media-camminiditalia.nbg1.your-objectstorage.com\/2023\/06\/2_2_11zon-1-150x150.webp","thumbnail-width":150,"thumbnail-height":150,"medium":"https:\/\/media-camminiditalia.nbg1.your-objectstorage.com\/2023\/06\/2_2_11zon-1-300x225.webp","medium-width":300,"medium-height":225,"medium_large":"https:\/\/media-camminiditalia.nbg1.your-objectstorage.com\/2023\/06\/2_2_11zon-1-768x576.webp","medium_large-width":768,"medium_large-height":576,"large":"https:\/\/media-camminiditalia.nbg1.your-objectstorage.com\/2023\/06\/2_2_11zon-1.webp","large-width":800,"large-height":600,"1536x1536":"https:\/\/media-camminiditalia.nbg1.your-objectstorage.com\/2023\/06\/2_2_11zon-1.webp","1536x1536-width":800,"1536x1536-height":600,"2048x2048":"https:\/\/media-camminiditalia.nbg1.your-objectstorage.com\/2023\/06\/2_2_11zon-1.webp","2048x2048-width":800,"2048x2048-height":600,"tc_all_events_image":"https:\/\/media-camminiditalia.nbg1.your-objectstorage.com\/2023\/06\/2_2_11zon-1.webp","tc_all_events_image-width":800,"tc_all_events_image-height":600,"woocommerce_thumbnail":"https:\/\/media-camminiditalia.nbg1.your-objectstorage.com\/2023\/06\/2_2_11zon-1-300x300.webp","woocommerce_thumbnail-width":300,"woocommerce_thumbnail-height":300,"woocommerce_single":"https:\/\/media-camminiditalia.nbg1.your-objectstorage.com\/2023\/06\/2_2_11zon-1-600x450.webp","woocommerce_single-width":600,"woocommerce_single-height":450,"woocommerce_gallery_thumbnail":"https:\/\/media-camminiditalia.nbg1.your-objectstorage.com\/2023\/06\/2_2_11zon-1-100x100.webp","woocommerce_gallery_thumbnail-width":100,"woocommerce_gallery_thumbnail-height":100}}},{"img":{"ID":90122,"id":90122,"title":"6_6_11zon","filename":"6_6_11zon-1.webp","filesize":177848,"url":"https:\/\/media-camminiditalia.nbg1.your-objectstorage.com\/2023\/06\/6_6_11zon-1.webp","link":"https:\/\/camminiditalia.org\/es\/cammini\/le-vie-del-viandante\/6_6_11zon-32-2\/","alt":"","author":"2","description":"","caption":"Lierna - Varenna - Perledo (Variante Bassa)","name":"6_6_11zon-32-2","status":"inherit","uploaded_to":67783,"date":"2026-03-20 16:49:06","modified":"2026-03-20 16:49:06","menu_order":0,"mime_type":"image\/webp","type":"image","subtype":"webp","icon":"https:\/\/camminiditalia.org\/wp-includes\/images\/media\/default.png","width":800,"height":600,"sizes":{"thumbnail":"https:\/\/media-camminiditalia.nbg1.your-objectstorage.com\/2023\/06\/6_6_11zon-1-150x150.webp","thumbnail-width":150,"thumbnail-height":150,"medium":"https:\/\/media-camminiditalia.nbg1.your-objectstorage.com\/2023\/06\/6_6_11zon-1-300x225.webp","medium-width":300,"medium-height":225,"medium_large":"https:\/\/media-camminiditalia.nbg1.your-objectstorage.com\/2023\/06\/6_6_11zon-1-768x576.webp","medium_large-width":768,"medium_large-height":576,"large":"https:\/\/media-camminiditalia.nbg1.your-objectstorage.com\/2023\/06\/6_6_11zon-1.webp","large-width":800,"large-height":600,"1536x1536":"https:\/\/media-camminiditalia.nbg1.your-objectstorage.com\/2023\/06\/6_6_11zon-1.webp","1536x1536-width":800,"1536x1536-height":600,"2048x2048":"https:\/\/media-camminiditalia.nbg1.your-objectstorage.com\/2023\/06\/6_6_11zon-1.webp","2048x2048-width":800,"2048x2048-height":600,"tc_all_events_image":"https:\/\/media-camminiditalia.nbg1.your-objectstorage.com\/2023\/06\/6_6_11zon-1.webp","tc_all_events_image-width":800,"tc_all_events_image-height":600,"woocommerce_thumbnail":"https:\/\/media-camminiditalia.nbg1.your-objectstorage.com\/2023\/06\/6_6_11zon-1-300x300.webp","woocommerce_thumbnail-width":300,"woocommerce_thumbnail-height":300,"woocommerce_single":"https:\/\/media-camminiditalia.nbg1.your-objectstorage.com\/2023\/06\/6_6_11zon-1-600x450.webp","woocommerce_single-width":600,"woocommerce_single-height":450,"woocommerce_gallery_thumbnail":"https:\/\/media-camminiditalia.nbg1.your-objectstorage.com\/2023\/06\/6_6_11zon-1-100x100.webp","woocommerce_gallery_thumbnail-width":100,"woocommerce_gallery_thumbnail-height":100}}},{"img":{"ID":90124,"id":90124,"title":"8_8_11zon","filename":"8_8_11zon.webp","filesize":153288,"url":"https:\/\/media-camminiditalia.nbg1.your-objectstorage.com\/2023\/06\/8_8_11zon.webp","link":"https:\/\/camminiditalia.org\/es\/cammini\/le-vie-del-viandante\/8_8_11zon-25-2\/","alt":"","author":"2","description":"","caption":"Perledo - Bellano","name":"8_8_11zon-25-2","status":"inherit","uploaded_to":67783,"date":"2026-03-20 16:49:17","modified":"2026-03-20 16:49:17","menu_order":0,"mime_type":"image\/webp","type":"image","subtype":"webp","icon":"https:\/\/camminiditalia.org\/wp-includes\/images\/media\/default.png","width":800,"height":600,"sizes":{"thumbnail":"https:\/\/media-camminiditalia.nbg1.your-objectstorage.com\/2023\/06\/8_8_11zon-150x150.webp","thumbnail-width":150,"thumbnail-height":150,"medium":"https:\/\/media-camminiditalia.nbg1.your-objectstorage.com\/2023\/06\/8_8_11zon-300x225.webp","medium-width":300,"medium-height":225,"medium_large":"https:\/\/media-camminiditalia.nbg1.your-objectstorage.com\/2023\/06\/8_8_11zon-768x576.webp","medium_large-width":768,"medium_large-height":576,"large":"https:\/\/media-camminiditalia.nbg1.your-objectstorage.com\/2023\/06\/8_8_11zon.webp","large-width":800,"large-height":600,"1536x1536":"https:\/\/media-camminiditalia.nbg1.your-objectstorage.com\/2023\/06\/8_8_11zon.webp","1536x1536-width":800,"1536x1536-height":600,"2048x2048":"https:\/\/media-camminiditalia.nbg1.your-objectstorage.com\/2023\/06\/8_8_11zon.webp","2048x2048-width":800,"2048x2048-height":600,"tc_all_events_image":"https:\/\/media-camminiditalia.nbg1.your-objectstorage.com\/2023\/06\/8_8_11zon.webp","tc_all_events_image-width":800,"tc_all_events_image-height":600,"woocommerce_thumbnail":"https:\/\/media-camminiditalia.nbg1.your-objectstorage.com\/2023\/06\/8_8_11zon-300x300.webp","woocommerce_thumbnail-width":300,"woocommerce_thumbnail-height":300,"woocommerce_single":"https:\/\/media-camminiditalia.nbg1.your-objectstorage.com\/2023\/06\/8_8_11zon-600x450.webp","woocommerce_single-width":600,"woocommerce_single-height":450,"woocommerce_gallery_thumbnail":"https:\/\/media-camminiditalia.nbg1.your-objectstorage.com\/2023\/06\/8_8_11zon-100x100.webp","woocommerce_gallery_thumbnail-width":100,"woocommerce_gallery_thumbnail-height":100}}},{"img":{"ID":90121,"id":90121,"title":"5_5_11zon","filename":"5_5_11zon-1.webp","filesize":185876,"url":"https:\/\/media-camminiditalia.nbg1.your-objectstorage.com\/2023\/06\/5_5_11zon-1.webp","link":"https:\/\/camminiditalia.org\/es\/cammini\/le-vie-del-viandante\/5_5_11zon-37-2\/","alt":"","author":"2","description":"","caption":"Bellano - Dervio","name":"5_5_11zon-37-2","status":"inherit","uploaded_to":67783,"date":"2026-03-20 16:48:59","modified":"2026-03-20 16:48:59","menu_order":0,"mime_type":"image\/webp","type":"image","subtype":"webp","icon":"https:\/\/camminiditalia.org\/wp-includes\/images\/media\/default.png","width":800,"height":600,"sizes":{"thumbnail":"https:\/\/media-camminiditalia.nbg1.your-objectstorage.com\/2023\/06\/5_5_11zon-1-150x150.webp","thumbnail-width":150,"thumbnail-height":150,"medium":"https:\/\/media-camminiditalia.nbg1.your-objectstorage.com\/2023\/06\/5_5_11zon-1-300x225.webp","medium-width":300,"medium-height":225,"medium_large":"https:\/\/media-camminiditalia.nbg1.your-objectstorage.com\/2023\/06\/5_5_11zon-1-768x576.webp","medium_large-width":768,"medium_large-height":576,"large":"https:\/\/media-camminiditalia.nbg1.your-objectstorage.com\/2023\/06\/5_5_11zon-1.webp","large-width":800,"large-height":600,"1536x1536":"https:\/\/media-camminiditalia.nbg1.your-objectstorage.com\/2023\/06\/5_5_11zon-1.webp","1536x1536-width":800,"1536x1536-height":600,"2048x2048":"https:\/\/media-camminiditalia.nbg1.your-objectstorage.com\/2023\/06\/5_5_11zon-1.webp","2048x2048-width":800,"2048x2048-height":600,"tc_all_events_image":"https:\/\/media-camminiditalia.nbg1.your-objectstorage.com\/2023\/06\/5_5_11zon-1.webp","tc_all_events_image-width":800,"tc_all_events_image-height":600,"woocommerce_thumbnail":"https:\/\/media-camminiditalia.nbg1.your-objectstorage.com\/2023\/06\/5_5_11zon-1-300x300.webp","woocommerce_thumbnail-width":300,"woocommerce_thumbnail-height":300,"woocommerce_single":"https:\/\/media-camminiditalia.nbg1.your-objectstorage.com\/2023\/06\/5_5_11zon-1-600x450.webp","woocommerce_single-width":600,"woocommerce_single-height":450,"woocommerce_gallery_thumbnail":"https:\/\/media-camminiditalia.nbg1.your-objectstorage.com\/2023\/06\/5_5_11zon-1-100x100.webp","woocommerce_gallery_thumbnail-width":100,"woocommerce_gallery_thumbnail-height":100}}},{"img":{"ID":90117,"id":90117,"title":"1_1_11zon","filename":"1_1_11zon-1.webp","filesize":139840,"url":"https:\/\/media-camminiditalia.nbg1.your-objectstorage.com\/2023\/06\/1_1_11zon-1.webp","link":"https:\/\/camminiditalia.org\/es\/cammini\/le-vie-del-viandante\/1_1_11zon-34-2\/","alt":"","author":"2","description":"","caption":"Dervio - Dorio","name":"1_1_11zon-34-2","status":"inherit","uploaded_to":67783,"date":"2026-03-20 16:48:35","modified":"2026-03-20 16:48:35","menu_order":0,"mime_type":"image\/webp","type":"image","subtype":"webp","icon":"https:\/\/camminiditalia.org\/wp-includes\/images\/media\/default.png","width":800,"height":600,"sizes":{"thumbnail":"https:\/\/media-camminiditalia.nbg1.your-objectstorage.com\/2023\/06\/1_1_11zon-1-150x150.webp","thumbnail-width":150,"thumbnail-height":150,"medium":"https:\/\/media-camminiditalia.nbg1.your-objectstorage.com\/2023\/06\/1_1_11zon-1-300x225.webp","medium-width":300,"medium-height":225,"medium_large":"https:\/\/media-camminiditalia.nbg1.your-objectstorage.com\/2023\/06\/1_1_11zon-1-768x576.webp","medium_large-width":768,"medium_large-height":576,"large":"https:\/\/media-camminiditalia.nbg1.your-objectstorage.com\/2023\/06\/1_1_11zon-1.webp","large-width":800,"large-height":600,"1536x1536":"https:\/\/media-camminiditalia.nbg1.your-objectstorage.com\/2023\/06\/1_1_11zon-1.webp","1536x1536-width":800,"1536x1536-height":600,"2048x2048":"https:\/\/media-camminiditalia.nbg1.your-objectstorage.com\/2023\/06\/1_1_11zon-1.webp","2048x2048-width":800,"2048x2048-height":600,"tc_all_events_image":"https:\/\/media-camminiditalia.nbg1.your-objectstorage.com\/2023\/06\/1_1_11zon-1.webp","tc_all_events_image-width":800,"tc_all_events_image-height":600,"woocommerce_thumbnail":"https:\/\/media-camminiditalia.nbg1.your-objectstorage.com\/2023\/06\/1_1_11zon-1-300x300.webp","woocommerce_thumbnail-width":300,"woocommerce_thumbnail-height":300,"woocommerce_single":"https:\/\/media-camminiditalia.nbg1.your-objectstorage.com\/2023\/06\/1_1_11zon-1-600x450.webp","woocommerce_single-width":600,"woocommerce_single-height":450,"woocommerce_gallery_thumbnail":"https:\/\/media-camminiditalia.nbg1.your-objectstorage.com\/2023\/06\/1_1_11zon-1-100x100.webp","woocommerce_gallery_thumbnail-width":100,"woocommerce_gallery_thumbnail-height":100}}},{"img":{"ID":90127,"id":90127,"title":"11_11_11zon","filename":"11_11_11zon.webp","filesize":132310,"url":"https:\/\/media-camminiditalia.nbg1.your-objectstorage.com\/2023\/06\/11_11_11zon.webp","link":"https:\/\/camminiditalia.org\/es\/cammini\/le-vie-del-viandante\/11_11_11zon-12-2\/","alt":"","author":"2","description":"","caption":"Dorio - Colico","name":"11_11_11zon-12-2","status":"inherit","uploaded_to":67783,"date":"2026-03-20 16:49:34","modified":"2026-03-20 16:49:34","menu_order":0,"mime_type":"image\/webp","type":"image","subtype":"webp","icon":"https:\/\/camminiditalia.org\/wp-includes\/images\/media\/default.png","width":800,"height":600,"sizes":{"thumbnail":"https:\/\/media-camminiditalia.nbg1.your-objectstorage.com\/2023\/06\/11_11_11zon-150x150.webp","thumbnail-width":150,"thumbnail-height":150,"medium":"https:\/\/media-camminiditalia.nbg1.your-objectstorage.com\/2023\/06\/11_11_11zon-300x225.webp","medium-width":300,"medium-height":225,"medium_large":"https:\/\/media-camminiditalia.nbg1.your-objectstorage.com\/2023\/06\/11_11_11zon-768x576.webp","medium_large-width":768,"medium_large-height":576,"large":"https:\/\/media-camminiditalia.nbg1.your-objectstorage.com\/2023\/06\/11_11_11zon.webp","large-width":800,"large-height":600,"1536x1536":"https:\/\/media-camminiditalia.nbg1.your-objectstorage.com\/2023\/06\/11_11_11zon.webp","1536x1536-width":800,"1536x1536-height":600,"2048x2048":"https:\/\/media-camminiditalia.nbg1.your-objectstorage.com\/2023\/06\/11_11_11zon.webp","2048x2048-width":800,"2048x2048-height":600,"tc_all_events_image":"https:\/\/media-camminiditalia.nbg1.your-objectstorage.com\/2023\/06\/11_11_11zon.webp","tc_all_events_image-width":800,"tc_all_events_image-height":600,"woocommerce_thumbnail":"https:\/\/media-camminiditalia.nbg1.your-objectstorage.com\/2023\/06\/11_11_11zon-300x300.webp","woocommerce_thumbnail-width":300,"woocommerce_thumbnail-height":300,"woocommerce_single":"https:\/\/media-camminiditalia.nbg1.your-objectstorage.com\/2023\/06\/11_11_11zon-600x450.webp","woocommerce_single-width":600,"woocommerce_single-height":450,"woocommerce_gallery_thumbnail":"https:\/\/media-camminiditalia.nbg1.your-objectstorage.com\/2023\/06\/11_11_11zon-100x100.webp","woocommerce_gallery_thumbnail-width":100,"woocommerce_gallery_thumbnail-height":100}}},{"img":{"ID":90119,"id":90119,"title":"3_3_11zon","filename":"3_3_11zon-1.webp","filesize":102910,"url":"https:\/\/media-camminiditalia.nbg1.your-objectstorage.com\/2023\/06\/3_3_11zon-1.webp","link":"https:\/\/camminiditalia.org\/es\/cammini\/le-vie-del-viandante\/3_3_11zon-34-2\/","alt":"","author":"2","description":"","caption":"Colico - Piantedo (Santuario Madonna Valpozzo=","name":"3_3_11zon-34-2","status":"inherit","uploaded_to":67783,"date":"2026-03-20 16:48:48","modified":"2026-03-20 16:48:48","menu_order":0,"mime_type":"image\/webp","type":"image","subtype":"webp","icon":"https:\/\/camminiditalia.org\/wp-includes\/images\/media\/default.png","width":800,"height":600,"sizes":{"thumbnail":"https:\/\/media-camminiditalia.nbg1.your-objectstorage.com\/2023\/06\/3_3_11zon-1-150x150.webp","thumbnail-width":150,"thumbnail-height":150,"medium":"https:\/\/media-camminiditalia.nbg1.your-objectstorage.com\/2023\/06\/3_3_11zon-1-300x225.webp","medium-width":300,"medium-height":225,"medium_large":"https:\/\/media-camminiditalia.nbg1.your-objectstorage.com\/2023\/06\/3_3_11zon-1-768x576.webp","medium_large-width":768,"medium_large-height":576,"large":"https:\/\/media-camminiditalia.nbg1.your-objectstorage.com\/2023\/06\/3_3_11zon-1.webp","large-width":800,"large-height":600,"1536x1536":"https:\/\/media-camminiditalia.nbg1.your-objectstorage.com\/2023\/06\/3_3_11zon-1.webp","1536x1536-width":800,"1536x1536-height":600,"2048x2048":"https:\/\/media-camminiditalia.nbg1.your-objectstorage.com\/2023\/06\/3_3_11zon-1.webp","2048x2048-width":800,"2048x2048-height":600,"tc_all_events_image":"https:\/\/media-camminiditalia.nbg1.your-objectstorage.com\/2023\/06\/3_3_11zon-1.webp","tc_all_events_image-width":800,"tc_all_events_image-height":600,"woocommerce_thumbnail":"https:\/\/media-camminiditalia.nbg1.your-objectstorage.com\/2023\/06\/3_3_11zon-1-300x300.webp","woocommerce_thumbnail-width":300,"woocommerce_thumbnail-height":300,"woocommerce_single":"https:\/\/media-camminiditalia.nbg1.your-objectstorage.com\/2023\/06\/3_3_11zon-1-600x450.webp","woocommerce_single-width":600,"woocommerce_single-height":450,"woocommerce_gallery_thumbnail":"https:\/\/media-camminiditalia.nbg1.your-objectstorage.com\/2023\/06\/3_3_11zon-1-100x100.webp","woocommerce_gallery_thumbnail-width":100,"woocommerce_gallery_thumbnail-height":100}}},{"img":{"ID":90125,"id":90125,"title":"9_9_11zon","filename":"9_9_11zon.webp","filesize":118072,"url":"https:\/\/media-camminiditalia.nbg1.your-objectstorage.com\/2023\/06\/9_9_11zon.webp","link":"https:\/\/camminiditalia.org\/es\/cammini\/le-vie-del-viandante\/9_9_11zon-23-2\/","alt":"","author":"2","description":"","caption":"Piantedo - Delebio","name":"9_9_11zon-23-2","status":"inherit","uploaded_to":67783,"date":"2026-03-20 16:49:22","modified":"2026-03-20 16:49:22","menu_order":0,"mime_type":"image\/webp","type":"image","subtype":"webp","icon":"https:\/\/camminiditalia.org\/wp-includes\/images\/media\/default.png","width":800,"height":600,"sizes":{"thumbnail":"https:\/\/media-camminiditalia.nbg1.your-objectstorage.com\/2023\/06\/9_9_11zon-150x150.webp","thumbnail-width":150,"thumbnail-height":150,"medium":"https:\/\/media-camminiditalia.nbg1.your-objectstorage.com\/2023\/06\/9_9_11zon-300x225.webp","medium-width":300,"medium-height":225,"medium_large":"https:\/\/media-camminiditalia.nbg1.your-objectstorage.com\/2023\/06\/9_9_11zon-768x576.webp","medium_large-width":768,"medium_large-height":576,"large":"https:\/\/media-camminiditalia.nbg1.your-objectstorage.com\/2023\/06\/9_9_11zon.webp","large-width":800,"large-height":600,"1536x1536":"https:\/\/media-camminiditalia.nbg1.your-objectstorage.com\/2023\/06\/9_9_11zon.webp","1536x1536-width":800,"1536x1536-height":600,"2048x2048":"https:\/\/media-camminiditalia.nbg1.your-objectstorage.com\/2023\/06\/9_9_11zon.webp","2048x2048-width":800,"2048x2048-height":600,"tc_all_events_image":"https:\/\/media-camminiditalia.nbg1.your-objectstorage.com\/2023\/06\/9_9_11zon.webp","tc_all_events_image-width":800,"tc_all_events_image-height":600,"woocommerce_thumbnail":"https:\/\/media-camminiditalia.nbg1.your-objectstorage.com\/2023\/06\/9_9_11zon-300x300.webp","woocommerce_thumbnail-width":300,"woocommerce_thumbnail-height":300,"woocommerce_single":"https:\/\/media-camminiditalia.nbg1.your-objectstorage.com\/2023\/06\/9_9_11zon-600x450.webp","woocommerce_single-width":600,"woocommerce_single-height":450,"woocommerce_gallery_thumbnail":"https:\/\/media-camminiditalia.nbg1.your-objectstorage.com\/2023\/06\/9_9_11zon-100x100.webp","woocommerce_gallery_thumbnail-width":100,"woocommerce_gallery_thumbnail-height":100}}},{"img":{"ID":90126,"id":90126,"title":"10_10_11zon","filename":"10_10_11zon.webp","filesize":61126,"url":"https:\/\/media-camminiditalia.nbg1.your-objectstorage.com\/2023\/06\/10_10_11zon.webp","link":"https:\/\/camminiditalia.org\/es\/cammini\/le-vie-del-viandante\/10_10_11zon-18-2\/","alt":"","author":"2","description":"","caption":"Delebio - Andalo  Rogolo","name":"10_10_11zon-18-2","status":"inherit","uploaded_to":67783,"date":"2026-03-20 16:49:29","modified":"2026-03-20 16:49:29","menu_order":0,"mime_type":"image\/webp","type":"image","subtype":"webp","icon":"https:\/\/camminiditalia.org\/wp-includes\/images\/media\/default.png","width":800,"height":600,"sizes":{"thumbnail":"https:\/\/media-camminiditalia.nbg1.your-objectstorage.com\/2023\/06\/10_10_11zon-150x150.webp","thumbnail-width":150,"thumbnail-height":150,"medium":"https:\/\/media-camminiditalia.nbg1.your-objectstorage.com\/2023\/06\/10_10_11zon-300x225.webp","medium-width":300,"medium-height":225,"medium_large":"https:\/\/media-camminiditalia.nbg1.your-objectstorage.com\/2023\/06\/10_10_11zon-768x576.webp","medium_large-width":768,"medium_large-height":576,"large":"https:\/\/media-camminiditalia.nbg1.your-objectstorage.com\/2023\/06\/10_10_11zon.webp","large-width":800,"large-height":600,"1536x1536":"https:\/\/media-camminiditalia.nbg1.your-objectstorage.com\/2023\/06\/10_10_11zon.webp","1536x1536-width":800,"1536x1536-height":600,"2048x2048":"https:\/\/media-camminiditalia.nbg1.your-objectstorage.com\/2023\/06\/10_10_11zon.webp","2048x2048-width":800,"2048x2048-height":600,"tc_all_events_image":"https:\/\/media-camminiditalia.nbg1.your-objectstorage.com\/2023\/06\/10_10_11zon.webp","tc_all_events_image-width":800,"tc_all_events_image-height":600,"woocommerce_thumbnail":"https:\/\/media-camminiditalia.nbg1.your-objectstorage.com\/2023\/06\/10_10_11zon-300x300.webp","woocommerce_thumbnail-width":300,"woocommerce_thumbnail-height":300,"woocommerce_single":"https:\/\/media-camminiditalia.nbg1.your-objectstorage.com\/2023\/06\/10_10_11zon-600x450.webp","woocommerce_single-width":600,"woocommerce_single-height":450,"woocommerce_gallery_thumbnail":"https:\/\/media-camminiditalia.nbg1.your-objectstorage.com\/2023\/06\/10_10_11zon-100x100.webp","woocommerce_gallery_thumbnail-width":100,"woocommerce_gallery_thumbnail-height":100}}},{"img":{"ID":90128,"id":90128,"title":"12_12_11zon","filename":"12_12_11zon.webp","filesize":116206,"url":"https:\/\/media-camminiditalia.nbg1.your-objectstorage.com\/2023\/06\/12_12_11zon.webp","link":"https:\/\/camminiditalia.org\/es\/cammini\/le-vie-del-viandante\/12_12_11zon-11-2\/","alt":"","author":"2","description":"","caption":"Rogolo - Cosio ","name":"12_12_11zon-11-2","status":"inherit","uploaded_to":67783,"date":"2026-03-20 16:49:41","modified":"2026-03-20 16:49:41","menu_order":0,"mime_type":"image\/webp","type":"image","subtype":"webp","icon":"https:\/\/camminiditalia.org\/wp-includes\/images\/media\/default.png","width":800,"height":600,"sizes":{"thumbnail":"https:\/\/media-camminiditalia.nbg1.your-objectstorage.com\/2023\/06\/12_12_11zon-150x150.webp","thumbnail-width":150,"thumbnail-height":150,"medium":"https:\/\/media-camminiditalia.nbg1.your-objectstorage.com\/2023\/06\/12_12_11zon-300x225.webp","medium-width":300,"medium-height":225,"medium_large":"https:\/\/media-camminiditalia.nbg1.your-objectstorage.com\/2023\/06\/12_12_11zon-768x576.webp","medium_large-width":768,"medium_large-height":576,"large":"https:\/\/media-camminiditalia.nbg1.your-objectstorage.com\/2023\/06\/12_12_11zon.webp","large-width":800,"large-height":600,"1536x1536":"https:\/\/media-camminiditalia.nbg1.your-objectstorage.com\/2023\/06\/12_12_11zon.webp","1536x1536-width":800,"1536x1536-height":600,"2048x2048":"https:\/\/media-camminiditalia.nbg1.your-objectstorage.com\/2023\/06\/12_12_11zon.webp","2048x2048-width":800,"2048x2048-height":600,"tc_all_events_image":"https:\/\/media-camminiditalia.nbg1.your-objectstorage.com\/2023\/06\/12_12_11zon.webp","tc_all_events_image-width":800,"tc_all_events_image-height":600,"woocommerce_thumbnail":"https:\/\/media-camminiditalia.nbg1.your-objectstorage.com\/2023\/06\/12_12_11zon-300x300.webp","woocommerce_thumbnail-width":300,"woocommerce_thumbnail-height":300,"woocommerce_single":"https:\/\/media-camminiditalia.nbg1.your-objectstorage.com\/2023\/06\/12_12_11zon-600x450.webp","woocommerce_single-width":600,"woocommerce_single-height":450,"woocommerce_gallery_thumbnail":"https:\/\/media-camminiditalia.nbg1.your-objectstorage.com\/2023\/06\/12_12_11zon-100x100.webp","woocommerce_gallery_thumbnail-width":100,"woocommerce_gallery_thumbnail-height":100}}},{"img":{"ID":90129,"id":90129,"title":"13_13_11zon","filename":"13_13_11zon.webp","filesize":196944,"url":"https:\/\/media-camminiditalia.nbg1.your-objectstorage.com\/2023\/06\/13_13_11zon.webp","link":"https:\/\/camminiditalia.org\/es\/cammini\/le-vie-del-viandante\/13_13_11zon-9-2\/","alt":"","author":"2","description":"","caption":"Cosio Valtellino - Morbegno","name":"13_13_11zon-9-2","status":"inherit","uploaded_to":67783,"date":"2026-03-20 16:49:46","modified":"2026-03-20 16:49:46","menu_order":0,"mime_type":"image\/webp","type":"image","subtype":"webp","icon":"https:\/\/camminiditalia.org\/wp-includes\/images\/media\/default.png","width":800,"height":600,"sizes":{"thumbnail":"https:\/\/media-camminiditalia.nbg1.your-objectstorage.com\/2023\/06\/13_13_11zon-150x150.webp","thumbnail-width":150,"thumbnail-height":150,"medium":"https:\/\/media-camminiditalia.nbg1.your-objectstorage.com\/2023\/06\/13_13_11zon-300x225.webp","medium-width":300,"medium-height":225,"medium_large":"https:\/\/media-camminiditalia.nbg1.your-objectstorage.com\/2023\/06\/13_13_11zon-768x576.webp","medium_large-width":768,"medium_large-height":576,"large":"https:\/\/media-camminiditalia.nbg1.your-objectstorage.com\/2023\/06\/13_13_11zon.webp","large-width":800,"large-height":600,"1536x1536":"https:\/\/media-camminiditalia.nbg1.your-objectstorage.com\/2023\/06\/13_13_11zon.webp","1536x1536-width":800,"1536x1536-height":600,"2048x2048":"https:\/\/media-camminiditalia.nbg1.your-objectstorage.com\/2023\/06\/13_13_11zon.webp","2048x2048-width":800,"2048x2048-height":600,"tc_all_events_image":"https:\/\/media-camminiditalia.nbg1.your-objectstorage.com\/2023\/06\/13_13_11zon.webp","tc_all_events_image-width":800,"tc_all_events_image-height":600,"woocommerce_thumbnail":"https:\/\/media-camminiditalia.nbg1.your-objectstorage.com\/2023\/06\/13_13_11zon-300x300.webp","woocommerce_thumbnail-width":300,"woocommerce_thumbnail-height":300,"woocommerce_single":"https:\/\/media-camminiditalia.nbg1.your-objectstorage.com\/2023\/06\/13_13_11zon-600x450.webp","woocommerce_single-width":600,"woocommerce_single-height":450,"woocommerce_gallery_thumbnail":"https:\/\/media-camminiditalia.nbg1.your-objectstorage.com\/2023\/06\/13_13_11zon-100x100.webp","woocommerce_gallery_thumbnail-width":100,"woocommerce_gallery_thumbnail-height":100}}}]},"guide":{"text":"<h2><strong>GU\u00cdA DEL CAMINO DEL CAMINANTE<\/strong><\/h2>\n<div class=\"flex max-w-full flex-col flex-grow\">\n<div class=\"min-h-8 text-message flex w-full flex-col items-end gap-2 whitespace-normal break-words text-start [.text-message+&amp;]:mt-5\" dir=\"auto\" data-message-author-role=\"assistant\" data-message-id=\"4c79ce3f-7ee4-4326-88f0-ab14b0bf7465\" data-message-model-slug=\"gpt-4o\">\n<div class=\"flex w-full flex-col gap-1 empty:hidden first:pt-[3px]\">\n<div class=\"markdown prose w-full break-words dark:prose-invert light\">\n<p>A un lado el azul profundo del lago, al otro el verde de las monta\u00f1as. Una antigua ruta de conexi\u00f3n entre Lecco y Valtellina para recorrer a tu ritmo.<\/p>\n<p>El sendero serpentea por la ladera, pasando por pueblos encantadores como Lierna y Varenna, entre leyendas populares y vistas que regeneran el alma, ofreciendo una profunda conexi\u00f3n con la naturaleza y el mundo. Y para los que buscan m\u00e1s, tambi\u00e9n hay indicaciones para caminar desde Mil\u00e1n por el Sentiero di Leonardo o continuar por la <strong><a href=\"https:\/\/camminiditalia.org\/cammini\/via-francisca-del-lucomagno\/\">V\u00eda Francisca<\/a> <\/strong>y la <strong><a href=\"https:\/\/camminiditalia.org\/cammini\/via-spluga\/\">Via Spluga<\/a><\/strong> hasta los Alpes suizos.<\/p>\n<p>La gu\u00eda del <strong><a href=\"https:\/\/camminiditalia.org\/sentiero-del-viandante\/\">Sendero del Caminante<\/a> <\/strong>proporciona toda la informaci\u00f3n que necesitas para organizar tu viaje: mapas detallados, altimetr\u00eda, desniveles, descripciones de rutas, hospitalidad y puntos de inter\u00e9s, enriquecidos con datos sobre cultura y tradiciones. Adem\u00e1s, incluye sugerencias pr\u00e1cticas para aprovechar al m\u00e1ximo el transporte p\u00fablico y planificar el propio Cammino di Dante, desde un fin de semana hasta un itinerario completo en doce etapas.<\/p>\n<\/div>\n<\/div>\n<\/div>\n<\/div>\n","img":{"ID":90116,"id":90116,"title":"Guida_al_sentiero_del_viandante_3ed_400px","filename":"Guida_al_sentiero_del_viandante_3ed_400px.webp","filesize":87508,"url":"https:\/\/media-camminiditalia.nbg1.your-objectstorage.com\/2023\/06\/Guida_al_sentiero_del_viandante_3ed_400px.webp","link":"https:\/\/camminiditalia.org\/es\/cammini\/le-vie-del-viandante\/guida_al_sentiero_del_viandante_3ed_400px-2\/","alt":"","author":"2","description":"","caption":"","name":"guida_al_sentiero_del_viandante_3ed_400px-2","status":"inherit","uploaded_to":67783,"date":"2025-09-26 10:37:21","modified":"2025-09-26 10:37:21","menu_order":0,"mime_type":"image\/webp","type":"image","subtype":"webp","icon":"https:\/\/camminiditalia.org\/wp-includes\/images\/media\/default.png","width":400,"height":724,"sizes":{"thumbnail":"https:\/\/media-camminiditalia.nbg1.your-objectstorage.com\/2023\/06\/Guida_al_sentiero_del_viandante_3ed_400px-150x150.webp","thumbnail-width":150,"thumbnail-height":150,"medium":"https:\/\/media-camminiditalia.nbg1.your-objectstorage.com\/2023\/06\/Guida_al_sentiero_del_viandante_3ed_400px-166x300.webp","medium-width":166,"medium-height":300,"medium_large":"https:\/\/media-camminiditalia.nbg1.your-objectstorage.com\/2023\/06\/Guida_al_sentiero_del_viandante_3ed_400px.webp","medium_large-width":400,"medium_large-height":724,"large":"https:\/\/media-camminiditalia.nbg1.your-objectstorage.com\/2023\/06\/Guida_al_sentiero_del_viandante_3ed_400px.webp","large-width":400,"large-height":724,"1536x1536":"https:\/\/media-camminiditalia.nbg1.your-objectstorage.com\/2023\/06\/Guida_al_sentiero_del_viandante_3ed_400px.webp","1536x1536-width":400,"1536x1536-height":724,"2048x2048":"https:\/\/media-camminiditalia.nbg1.your-objectstorage.com\/2023\/06\/Guida_al_sentiero_del_viandante_3ed_400px.webp","2048x2048-width":400,"2048x2048-height":724,"tc_all_events_image":"https:\/\/media-camminiditalia.nbg1.your-objectstorage.com\/2023\/06\/Guida_al_sentiero_del_viandante_3ed_400px-400x680.webp","tc_all_events_image-width":400,"tc_all_events_image-height":680,"woocommerce_thumbnail":"https:\/\/media-camminiditalia.nbg1.your-objectstorage.com\/2023\/06\/Guida_al_sentiero_del_viandante_3ed_400px-300x300.webp","woocommerce_thumbnail-width":300,"woocommerce_thumbnail-height":300,"woocommerce_single":"https:\/\/media-camminiditalia.nbg1.your-objectstorage.com\/2023\/06\/Guida_al_sentiero_del_viandante_3ed_400px.webp","woocommerce_single-width":400,"woocommerce_single-height":724,"woocommerce_gallery_thumbnail":"https:\/\/media-camminiditalia.nbg1.your-objectstorage.com\/2023\/06\/Guida_al_sentiero_del_viandante_3ed_400px-100x100.webp","woocommerce_gallery_thumbnail-width":100,"woocommerce_gallery_thumbnail-height":100}},"linkBtn":{"title":"","url":"https:\/\/camminiditalia.shop\/product\/sentiero-del-viandante\/","target":""},"textBtn":"\u00a1COMPRAR AHORA!"},"maps":{"map":"<p><iframe loading=\"lazy\" style=\"border: none; overflow: hidden;\" src=\"https:\/\/1.camminiditalia.webmapp.it\/map?layer=17\" width=\"100%\" height=\"800\" scrolling=\"no\"><\/iframe><\/p>\n","url":""},"modal":{"modals":[{"status":false,"title":"HISTORIA","text":"<p><span style=\"font-weight: 400;\">La zona tiene una rica historia vinculada al comercio entre el norte y el sur de Europa: rutas recorridas por caminantes, comerciantes, contrabandistas, peregrinos y ej\u00e9rcitos que a lo largo de los siglos han permitido la circulaci\u00f3n de hombres y mercanc\u00edas a pesar de las fronteras geogr\u00e1ficas y pol\u00edticas.<\/span><\/p>\n"},{"status":false,"title":"FUENTES DE AGUA","text":"<p><span style=\"font-weight: 400;\">Depende de la ruta (informaci\u00f3n en el Infopoint de Lecco &#8211; Infopoint del Viandante).<\/span><\/p>\n<p>Puedes encontrar m\u00e1s informaci\u00f3n en: <span style=\"font-weight: 400;\"> www.fontanelle.org<\/span><\/p>\n"},{"status":false,"title":"ETAPA","text":"<p><strong>ETAPA 1 &#8211; V\u00cdA SAN BERNARDINO<\/strong><\/p>\n<p><span style=\"font-weight: 400;\">Una ruta hist\u00f3rica, probablemente ya en uso en \u00e9poca romana, que fue adaptada y utilizada ampliamente para el tr\u00e1fico comercial en la \u00e9poca medieval. El itinerario se divide en tres rutas. <\/span><\/p>\n<p><span style=\"font-weight: 400;\">El primero, de Roveredo a Cama, tiene 6,8 km y puede recorrerse en 2 horas. El segundo tramo, de Cama a Soazza, tiene 13,8 km y puede recorrerse en 4 horas. El \u00faltimo, de Soazza a San Bernardino, tiene 15,9 km y puede recorrerse en 5 h 30 m. <\/span><\/p>\n<p><strong><br \/>\nETAPA 2 &#8211; PASO DE BALDISCIO\/BALNISCIO<\/strong><\/p>\n<p><span style=\"font-weight: 400;\">Una larga traves\u00eda que une la Valchiavenna con el Valle Mesolcina a trav\u00e9s de los puertos de Baldiscio\/Balniscio y Serraglia. De Isola a Pian San Giacomo (CH), el recorrido es de 14 km. <\/span><\/p>\n<p><span style=\"font-weight: 400;\"><br \/>\n<\/span><strong>ETAPA 3 &#8211; PASO DE FORCOLA<\/strong><\/p>\n<p><span style=\"font-weight: 400;\">La ruta por el Paso de Forcola, enlace entre el Valchiavenna (Gordona, Mese y Chiavenna) y el Valle Mesolcina (Soazza), era conocida y practicada desde la Edad Media (y probablemente incluso antes) con fines militares. La ruta de Gordona a Soazza tiene 20,5 km y puede recorrerse en 10-12 horas. <\/span><\/p>\n<p><span style=\"font-weight: 400;\"><br \/>\n<\/span><strong>ETAPA 4 &#8211; BOCINA DEL NOTARIO<\/strong><\/p>\n<p><span style=\"font-weight: 400;\">La Bocchetta del Notar conecta, a gran altura, el Val Bodengo con el que<\/span><\/p>\n<p><span style=\"font-weight: 400;\">accede desde Gordona, en el lado italiano, y el Valle de Cama, en el lado suizo. La ruta se conoce como la \u201cVia dei Crotti\u201d y ofrece la oportunidad de hacer paradas gastron\u00f3micas en los numerosos restaurantes t\u00edpicos de monta\u00f1a. La ruta de Gordona a Cama tiene 24,5 km y se puede recorrer en 13 horas. <\/span><\/p>\n<p><span style=\"font-weight: 400;\"><br \/>\n<\/span><strong>ETAPA 5 &#8211; VENTILACI\u00d3N DE AGNON<\/strong><\/p>\n<p><span style=\"font-weight: 400;\">La Bocchetta d&#8217;Agnon (tambi\u00e9n conocida como Bocchetta di Cama) es el paso de gran altitud entre Italia y<\/span><\/p>\n<p><span style=\"font-weight: 400;\">Suiza, que permite llegar al Valle de Cama desde el Val Darengo (por el Passo dell&#8217;Orso) mediante un itinerario bastante largo, reservado a excursionistas experimentados y familiarizados con las monta\u00f1as de gran altitud. El primer tramo atraviesa la Bretella Bocchetta della Crocetta, un sendero de enlace de 2,5 km de longitud. El segundo tramo, de Peglio a Cama, tiene 25,4 km y puede recorrerse en 14 horas. <\/span><\/p>\n<p><strong>ETAPA 6 &#8211; VENTILADOR CAMEDO<\/strong><\/p>\n<p><span style=\"font-weight: 400;\">Se trata de una ruta hist\u00f3ricamente secundaria, recorrida principalmente por pastores y cazadores, a los que m\u00e1s tarde se unieron los \u201cspalloni\u201d, los contrabandistas que la utilizaban intensamente para su comercio transfronterizo desde Gravedona y Dongo hasta Roveredo. Desde Rifugio Vincino hasta Roveredo, la ruta tiene 14,8 km y puede recorrerse en 7 horas. <\/span><\/p>\n<p><span style=\"font-weight: 400;\">N.B.: Ten en cuenta que la ETAPA, muy exigente, no dispone de instalaciones intermedias para pernoctar.<\/span><\/p>\n<p><strong>ETAPA 7 &#8211; VIA SPLUGA<\/strong><\/p>\n<p><span style=\"font-weight: 400;\">La Via Spluga era una v\u00eda consular romana, construida a finales del siglo I a.C. a instancias de Augusto, que un\u00eda Mil\u00e1n con Lindau a trav\u00e9s del paso de Spl\u00fcgen. El paso era conocido con el nombre de Cunus Aureus, ya que se extra\u00eda oro en las minas de los macizos monta\u00f1osos del arco alpino; de ah\u00ed el otro nombre de Via Aurea con el que se conoc\u00eda esta ruta. De Spl\u03cbgen a Isola di Madesimo la ruta tiene 17,4 km y puede recorrerse en 6h. El segundo tramo, de Isola di Madesimo a Chiavenna, tiene 18,3 km y puede recorrerse en 5h 45m. <\/span><\/p>\n<p><strong>ETAPA 8 &#8211; CALLE FRANCISCA<\/strong><\/p>\n<p><span style=\"font-weight: 400;\">La V\u00eda Francisca es un tramo de la antigua V\u00eda Regina que parte de Sorico y llega hasta Valchiavenna, cruzando la divisoria de aguas entre las provincias de Como y Sondrio, al este del monte Berlinghera. La etapa se divide en dos rutas. La primera, de Chiavenna a Samolaco, tiene 12,8 km y puede recorrerse en 3h (4h 15m variante alta). La segunda, de Samolaco a Sorico, tiene 13,5 km y puede recorrerse en 5h. Esta \u00faltima incluye una variante de 1,5 km para llegar a la peque\u00f1a iglesia de San Fedelino, y otra de 1,1 km para ver la iglesia de San Mir\u00f3. <\/span><\/p>\n<p><strong>ETAPA 9 &#8211; CAMINO DEL CAMINANTE<\/strong><\/p>\n<p><span style=\"font-weight: 400;\">El Sentiero del Viandante recorre un antiguo camino de herradura a lo largo de la orilla oriental del lago de Como (de Lecco a Colico), ofreciendo una ruta alternativa al lago y a la Via Regina hacia Valtellina y los puertos alpinos de Spluga, Settimo y Julier. La etapa se divide en 8 rutas. La primera, de Sorico a Colico, tiene 11,5 km de longitud. El segundo, de Colico a Dorio, tiene 9,5 km, con una variante de 5,3 km para llegar a la Madonna di Val Pozzo. El tercero, de Dorio a Dervio, tiene 3,9 km. El cuarto tramo, de Dervio a Bellano, tiene 4,8 km. El quinto, de Bellano a Varenna, tiene 4,8 km de longitud. El sexto, de Varenna a Lierna, tiene 8,5 km, mientras que la variante alta que llega al espl\u00e9ndido Castillo de Vezio tiene 9,7 km. El s\u00e9ptimo tramo, de Lierna a Abbadia Lariana, tiene 10,5 km de longitud. Finalmente, el \u00faltimo, de Abbadia Lariana a Lecco, tiene 7 km y lleva al centro de la ciudad en unas 2 horas. <\/span><\/p>\n<p><strong>ETAPA 10 &#8211; CAMINO DE LEONARDO<\/strong><\/p>\n<p><span style=\"font-weight: 400;\">Una ruta f\u00e1cil de Lecco a Mil\u00e1n, en su mayor parte llana o ligeramente cuesta abajo, sobre una superficie principalmente asfaltada. Puede recorrerla cualquier persona, a pie o en bicicleta, incluso con ni\u00f1os, ya que presenta muy pocos problemas de seguridad. En su mayor parte, es una ruta accesible en silla de ruedas. Tiene 78,6 km de longitud y puede dividirse en 4 etapas, con un grado de dificultad F\u00e1cil (T). El primer tramo, de Lecco a Imbersago, tiene 21,3 km y puede recorrerse en 5 horas, con llegada al Ecomuseo Adda di Leonardo. El segundo, de Imbersago a Cassano d \u201cAdda, tiene 25,8 km y se puede recorrer en 6 horas. El tercero, de Cassano d\u201d Adda a Cernusco sul Naviglio, tiene 15,9 km y se puede recorrer en 4 horas. El \u00faltimo tramo, de Cernusco sul Naviglio a la Piazza Duomo de Mil\u00e1n, tiene 16,2 km y se puede recorrer en 4 horas. <\/span><\/p>\n<p><strong>ETAPA 11 &#8211; CAMINO DE LEONARDO<\/strong><\/p>\n<p><span style=\"font-weight: 400;\">La Via dei Monti Lariani es una ruta de senderismo que forma parte del tramo lombardo del Sentiero Italia, una ruta de unos 6.000 kil\u00f3metros que atraviesa todo el territorio nacional. La Via dei Monti Lariani conecta Cernobbio con Sorico, recorriendo toda la orilla occidental del lago de Como a gran altitud. El itinerario se divide en 7 rutas. La primera, de Como a Schignano, tiene 19,1 km y puede recorrerse en 7 h 30 m. La segunda, de Schignano a San Fedele d \u201cIntelvi, tiene 19,5 km y se puede recorrer en 6h 30m. El tercero, de San Fedele d\u201d Intelvi a Lenno, tiene 18,9 km y puede recorrerse en 6 h 30 m. El cuarto tramo, de Lenno a Plesio, tiene 21 km y puede recorrerse en 8 h 30 m. El quinto, de Plesio a Garzeno, tiene 17 km y puede recorrerse en 6h. El sexto, de Garzeno a Peglio, tiene 23,6 km y puede recorrerse en 8h 30m. El \u00faltimo tramo, de Peglio a Sorico, tiene 25,7 km y se puede recorrer en 8h 30m. <\/span><\/p>\n<p><strong>ETAPA 12 &#8211; CAMINO REAL<\/strong><\/p>\n<p><span style=\"font-weight: 400;\">La Strada Regia es una ruta hist\u00f3rica de unos 35 km de longitud que conectaba todas las ciudades de la orilla oriental del Tri\u00e1ngulo Lariano, desde Como hasta Bellagio, permitiendo a pastores, viajeros y comerciantes atravesar todo el territorio. El primer tramo de la ruta, de Como Piazza Cavour a Nesso, tiene 21,7 km de longitud y puede recorrerse en 8 horas. El segundo tramo, de Nesso a Bellagio, tiene 15,5 km y puede recorrerse en 5 h 30 m, con una variante baja para llegar a la orilla del lago de 1,5 km. <\/span><\/p>\n"},{"status":false,"title":"SERVICIOS PRESENTES ETAPA POR ETAPA","text":"<p><span style=\"font-weight: 400;\">Supermercados: <\/span><\/p>\n<p><span style=\"font-weight: 400;\">Muchos, sin duda en todas las ciudades tocadas por el Camino.<\/span><\/p>\n<p><span style=\"font-weight: 400;\">Farmacias:<\/span><\/p>\n<p><span style=\"font-weight: 400;\">Muchas, en todas las ciudades tocadas por el Camino.<\/span><\/p>\n"},{"status":false,"title":"SE\u00d1ALIZACI\u00d3N","text":"<p><span style=\"font-weight: 400;\">Se\u00f1ales a lo largo del camino y fotos para subir a la carpeta <\/span><a href=\"https:\/\/drive.google.com\/drive\/folders\/1taE5FZC4xf5Qz--69aDK-IeE3FZ9_f5H?usp=sharing\"><span style=\"font-weight: 400;\">carpeta dedicada de Drive<\/span><\/a><span style=\"font-weight: 400;\">. <\/span><\/p>\n<p><span style=\"font-weight: 400;\">Los caminos individuales mantienen su propia identidad y se\u00f1alizaci\u00f3n, pero est\u00e1n vinculados por la se\u00f1alizaci\u00f3n del proyecto Le Vie del Viandante (flecha blanca sobre fondo azul para indicar la direcci\u00f3n a Mil\u00e1n, flecha azul sobre fondo blanco para indicar Suiza).<\/span><\/p>\n"},{"status":false,"title":"PELIGROS","text":"<p><span style=\"font-weight: 400;\">Barrancos: s\u00ed, algunos tramos est\u00e1n expuestos.<\/span><\/p>\n<p><span style=\"font-weight: 400;\">Animales peligrosos: v\u00edboras, procesionaria, garrapatas.<\/span><\/p>\n"},{"status":false,"title":"ACCESIBILIDAD","text":"<p><span style=\"font-weight: 400;\">El Sentiero di Leonardo es el camino m\u00e1s accesible, pero algunos tramos no est\u00e1n perfectamente asfaltados.<\/span><\/p>\n"},{"status":false,"title":"CREDENCIALES","text":"<p><span style=\"font-weight: 400;\">El Pasaporte del Viandante es el documento que te permite recoger sellos oficiales a lo largo de la ruta.<\/span><\/p>\n<p><span style=\"font-weight: 400;\">El primer sello se estampar\u00e1 en el Punto de Informaci\u00f3n del Viandante, donde tambi\u00e9n se recoge el pasaporte. Posteriormente, cada caminante podr\u00e1 sellar su credencial en alojamientos, restaurantes y servicios. Actualmente se puede recoger gratuitamente en el Infopoint de Lecco todos los d\u00edas (domingos y festivos incluidos) de 9 a 13 h y de 14 a 18 h (cerrado el 24 de diciembre por la tarde, el 25 y 26 de diciembre todo el d\u00eda, el 31 de diciembre por la tarde y el 1 de enero todo el d\u00eda). <\/span><\/p>\n"},{"status":false,"title":"PASEO EN TIENDA","text":"<p><span style=\"font-weight: 400;\">No es posible hacerlo en tiendas de campa\u00f1a. Hay que confiar en las instalaciones de alojamiento a lo largo del Cammino di Dante. <\/span><\/p>\n"}]},"pagePoster":{"title":"Le Vie del Viandante","text":"<p><span style=\"font-weight: 400;\">Le Vie del Viandante es un sendero hist\u00f3rico internacional de unos 220 km, rico en cultura, paisajes impresionantes, deportes y bienestar.<\/span><\/p>\n","linkBtn":{"title":"","url":"#scopriletappe","target":""},"textBtn":"DESCUBRE LAS ETAPAS"},"podcasts":{"podcast":false,"link":null},"read_also_posts":{"read_also":false},"scheda_tecnica":{"lunghezza":"71.4","dislivello_medio":"","n_tappe":"7\/8","partenza":"Lecco","arrivo":"Morbegno","tipologia":"","tema":[],"portata":"","periodo_ideale":"","stagione_ideale":[]},"slider_cammini":{"title":"","text":"","select_cammini":false},"tappe":{"show_all":false,"all_tappe":"","tappa":[{"status":false,"title":"","text":""},{"status":false,"title":"","text":""},{"status":false,"title":"","text":""},{"status":false,"title":"","text":""},{"status":false,"title":"","text":""},{"status":false,"title":"","text":""},{"status":false,"title":"","text":""},{"status":false,"title":"","text":""},{"status":false,"title":"","text":""},{"status":false,"title":"","text":""},{"status":false,"title":"","text":""},{"status":false,"title":"","text":""}]},"videos":{"video":false,"link":null},"logo_cammino":{"ID":90131,"id":90131,"title":"Loghi-Cammini","filename":"Loghi-Cammini.webp","filesize":47472,"url":"https:\/\/media-camminiditalia.nbg1.your-objectstorage.com\/2023\/06\/Loghi-Cammini.webp","link":"https:\/\/camminiditalia.org\/es\/cammini\/le-vie-del-viandante\/loghi-cammini-21-2\/","alt":"","author":"2","description":"","caption":"Logo Sentiero del Viandante","name":"loghi-cammini-21-2","status":"inherit","uploaded_to":67783,"date":"2026-03-20 16:57:14","modified":"2026-03-20 16:57:14","menu_order":0,"mime_type":"image\/webp","type":"image","subtype":"webp","icon":"https:\/\/camminiditalia.org\/wp-includes\/images\/media\/default.png","width":1080,"height":1080,"sizes":{"thumbnail":"https:\/\/media-camminiditalia.nbg1.your-objectstorage.com\/2023\/06\/Loghi-Cammini-150x150.webp","thumbnail-width":150,"thumbnail-height":150,"medium":"https:\/\/media-camminiditalia.nbg1.your-objectstorage.com\/2023\/06\/Loghi-Cammini-300x300.webp","medium-width":300,"medium-height":300,"medium_large":"https:\/\/media-camminiditalia.nbg1.your-objectstorage.com\/2023\/06\/Loghi-Cammini-768x768.webp","medium_large-width":768,"medium_large-height":768,"large":"https:\/\/media-camminiditalia.nbg1.your-objectstorage.com\/2023\/06\/Loghi-Cammini-1024x1024.webp","large-width":1024,"large-height":1024,"1536x1536":"https:\/\/media-camminiditalia.nbg1.your-objectstorage.com\/2023\/06\/Loghi-Cammini.webp","1536x1536-width":1080,"1536x1536-height":1080,"2048x2048":"https:\/\/media-camminiditalia.nbg1.your-objectstorage.com\/2023\/06\/Loghi-Cammini.webp","2048x2048-width":1080,"2048x2048-height":1080,"tc_all_events_image":"https:\/\/media-camminiditalia.nbg1.your-objectstorage.com\/2023\/06\/Loghi-Cammini-1080x680.webp","tc_all_events_image-width":1080,"tc_all_events_image-height":680,"woocommerce_thumbnail":"https:\/\/media-camminiditalia.nbg1.your-objectstorage.com\/2023\/06\/Loghi-Cammini-300x300.webp","woocommerce_thumbnail-width":300,"woocommerce_thumbnail-height":300,"woocommerce_single":"https:\/\/media-camminiditalia.nbg1.your-objectstorage.com\/2023\/06\/Loghi-Cammini-600x600.webp","woocommerce_single-width":600,"woocommerce_single-height":600,"woocommerce_gallery_thumbnail":"https:\/\/media-camminiditalia.nbg1.your-objectstorage.com\/2023\/06\/Loghi-Cammini-100x100.webp","woocommerce_gallery_thumbnail-width":100,"woocommerce_gallery_thumbnail-height":100}},"header_link":{"title":"","url":"","target":"","0":""}},"yoast_head":"<!-- This site is optimized with the Yoast SEO plugin v27.1.1 - https:\/\/yoast.com\/product\/yoast-seo-wordpress\/ -->\n<title>Le Vie del Viandante - Cammini d&#039;Italia<\/title>\n<meta name=\"description\" content=\"Le Vie del Viandante es un sendero hist\u00f3rico internacional de unos 220 km, con paisajes impresionantes y propuestas deportivas y de bienestar.\" \/>\n<meta name=\"robots\" content=\"index, follow, max-snippet:-1, max-image-preview:large, max-video-preview:-1\" \/>\n<link rel=\"canonical\" href=\"https:\/\/camminiditalia.org\/es\/cammini\/le-vie-del-viandante\/\" \/>\n<meta property=\"og:locale\" content=\"es_ES\" \/>\n<meta property=\"og:type\" content=\"article\" \/>\n<meta property=\"og:title\" content=\"Le Vie del Viandante - Cammini d&#039;Italia\" \/>\n<meta property=\"og:description\" content=\"Le Vie del Viandante es un sendero hist\u00f3rico internacional de unos 220 km, con paisajes impresionantes y propuestas deportivas y de bienestar.\" \/>\n<meta property=\"og:url\" content=\"https:\/\/camminiditalia.org\/es\/cammini\/le-vie-del-viandante\/\" \/>\n<meta property=\"og:site_name\" content=\"Cammini d&#039;Italia\" \/>\n<meta property=\"article:modified_time\" content=\"2026-03-20T16:59:24+00:00\" \/>\n<meta property=\"og:image\" content=\"https:\/\/media-camminiditalia.nbg1.your-objectstorage.com\/2023\/06\/Header-Blog-Post-Desktop-1_15_11zon.webp\" \/>\n\t<meta property=\"og:image:width\" content=\"1600\" \/>\n\t<meta property=\"og:image:height\" content=\"600\" \/>\n\t<meta property=\"og:image:type\" content=\"image\/webp\" \/>\n<meta name=\"twitter:card\" content=\"summary_large_image\" \/>\n<meta name=\"twitter:label1\" content=\"Tiempo de lectura\" \/>\n\t<meta name=\"twitter:data1\" content=\"1 minuto\" \/>\n<script type=\"application\/ld+json\" class=\"yoast-schema-graph\">{\"@context\":\"https:\/\/schema.org\",\"@graph\":[{\"@type\":\"WebPage\",\"@id\":\"https:\/\/camminiditalia.org\/es\/cammini\/le-vie-del-viandante\/\",\"url\":\"https:\/\/camminiditalia.org\/es\/cammini\/le-vie-del-viandante\/\",\"name\":\"Le Vie del Viandante - Cammini d&#039;Italia\",\"isPartOf\":{\"@id\":\"https:\/\/camminiditalia.org\/es\/#website\"},\"primaryImageOfPage\":{\"@id\":\"https:\/\/camminiditalia.org\/es\/cammini\/le-vie-del-viandante\/#primaryimage\"},\"image\":{\"@id\":\"https:\/\/camminiditalia.org\/es\/cammini\/le-vie-del-viandante\/#primaryimage\"},\"thumbnailUrl\":\"https:\/\/media-camminiditalia.nbg1.your-objectstorage.com\/2023\/06\/Header-Blog-Post-Desktop-1_15_11zon.webp\",\"datePublished\":\"2023-06-28T08:42:28+00:00\",\"dateModified\":\"2026-03-20T16:59:24+00:00\",\"description\":\"Le Vie del Viandante es un sendero hist\u00f3rico internacional de unos 220 km, con paisajes impresionantes y propuestas deportivas y de bienestar.\",\"breadcrumb\":{\"@id\":\"https:\/\/camminiditalia.org\/es\/cammini\/le-vie-del-viandante\/#breadcrumb\"},\"inLanguage\":\"es\",\"potentialAction\":[{\"@type\":\"ReadAction\",\"target\":[\"https:\/\/camminiditalia.org\/es\/cammini\/le-vie-del-viandante\/\"]}]},{\"@type\":\"ImageObject\",\"inLanguage\":\"es\",\"@id\":\"https:\/\/camminiditalia.org\/es\/cammini\/le-vie-del-viandante\/#primaryimage\",\"url\":\"https:\/\/media-camminiditalia.nbg1.your-objectstorage.com\/2023\/06\/Header-Blog-Post-Desktop-1_15_11zon.webp\",\"contentUrl\":\"https:\/\/media-camminiditalia.nbg1.your-objectstorage.com\/2023\/06\/Header-Blog-Post-Desktop-1_15_11zon.webp\",\"width\":1600,\"height\":600},{\"@type\":\"BreadcrumbList\",\"@id\":\"https:\/\/camminiditalia.org\/es\/cammini\/le-vie-del-viandante\/#breadcrumb\",\"itemListElement\":[{\"@type\":\"ListItem\",\"position\":1,\"name\":\"Home\",\"item\":\"https:\/\/camminiditalia.org\/es\/inicio\/\"},{\"@type\":\"ListItem\",\"position\":2,\"name\":\"Paseos\",\"item\":\"https:\/\/camminiditalia.org\/es\/cammini\/\"},{\"@type\":\"ListItem\",\"position\":3,\"name\":\"Le Vie del Viandante\"}]},{\"@type\":\"WebSite\",\"@id\":\"https:\/\/camminiditalia.org\/es\/#website\",\"url\":\"https:\/\/camminiditalia.org\/es\/\",\"name\":\"Cammini d'Italia\",\"description\":\"Plan, walk and share!\",\"publisher\":{\"@id\":\"https:\/\/camminiditalia.org\/es\/#organization\"},\"potentialAction\":[{\"@type\":\"SearchAction\",\"target\":{\"@type\":\"EntryPoint\",\"urlTemplate\":\"https:\/\/camminiditalia.org\/es\/?s={search_term_string}\"},\"query-input\":{\"@type\":\"PropertyValueSpecification\",\"valueRequired\":true,\"valueName\":\"search_term_string\"}}],\"inLanguage\":\"es\"},{\"@type\":\"Organization\",\"@id\":\"https:\/\/camminiditalia.org\/es\/#organization\",\"name\":\"Cammini d'Italia srls\",\"url\":\"https:\/\/camminiditalia.org\/es\/\",\"logo\":{\"@type\":\"ImageObject\",\"inLanguage\":\"es\",\"@id\":\"https:\/\/camminiditalia.org\/es\/#\/schema\/logo\/image\/\",\"url\":\"https:\/\/media-camminiditalia.nbg1.your-objectstorage.com\/wp-content\/uploads\/2023\/08\/Risorsa-2-8-e1690918206850.png\",\"contentUrl\":\"https:\/\/media-camminiditalia.nbg1.your-objectstorage.com\/wp-content\/uploads\/2023\/08\/Risorsa-2-8-e1690918206850.png\",\"width\":1076,\"height\":329,\"caption\":\"Cammini d'Italia srls\"},\"image\":{\"@id\":\"https:\/\/camminiditalia.org\/es\/#\/schema\/logo\/image\/\"}}]}<\/script>\n<!-- \/ Yoast SEO plugin. -->","yoast_head_json":{"title":"Le Vie del Viandante - Cammini d&#039;Italia","description":"Le Vie del Viandante es un sendero hist\u00f3rico internacional de unos 220 km, con paisajes impresionantes y propuestas deportivas y de bienestar.","robots":{"index":"index","follow":"follow","max-snippet":"max-snippet:-1","max-image-preview":"max-image-preview:large","max-video-preview":"max-video-preview:-1"},"canonical":"https:\/\/camminiditalia.org\/es\/cammini\/le-vie-del-viandante\/","og_locale":"es_ES","og_type":"article","og_title":"Le Vie del Viandante - Cammini d&#039;Italia","og_description":"Le Vie del Viandante es un sendero hist\u00f3rico internacional de unos 220 km, con paisajes impresionantes y propuestas deportivas y de bienestar.","og_url":"https:\/\/camminiditalia.org\/es\/cammini\/le-vie-del-viandante\/","og_site_name":"Cammini d&#039;Italia","article_modified_time":"2026-03-20T16:59:24+00:00","og_image":[{"width":1600,"height":600,"url":"https:\/\/media-camminiditalia.nbg1.your-objectstorage.com\/2023\/06\/Header-Blog-Post-Desktop-1_15_11zon.webp","type":"image\/webp"}],"twitter_card":"summary_large_image","twitter_misc":{"Tiempo de lectura":"1 minuto"},"schema":{"@context":"https:\/\/schema.org","@graph":[{"@type":"WebPage","@id":"https:\/\/camminiditalia.org\/es\/cammini\/le-vie-del-viandante\/","url":"https:\/\/camminiditalia.org\/es\/cammini\/le-vie-del-viandante\/","name":"Le Vie del Viandante - Cammini d&#039;Italia","isPartOf":{"@id":"https:\/\/camminiditalia.org\/es\/#website"},"primaryImageOfPage":{"@id":"https:\/\/camminiditalia.org\/es\/cammini\/le-vie-del-viandante\/#primaryimage"},"image":{"@id":"https:\/\/camminiditalia.org\/es\/cammini\/le-vie-del-viandante\/#primaryimage"},"thumbnailUrl":"https:\/\/media-camminiditalia.nbg1.your-objectstorage.com\/2023\/06\/Header-Blog-Post-Desktop-1_15_11zon.webp","datePublished":"2023-06-28T08:42:28+00:00","dateModified":"2026-03-20T16:59:24+00:00","description":"Le Vie del Viandante es un sendero hist\u00f3rico internacional de unos 220 km, con paisajes impresionantes y propuestas deportivas y de bienestar.","breadcrumb":{"@id":"https:\/\/camminiditalia.org\/es\/cammini\/le-vie-del-viandante\/#breadcrumb"},"inLanguage":"es","potentialAction":[{"@type":"ReadAction","target":["https:\/\/camminiditalia.org\/es\/cammini\/le-vie-del-viandante\/"]}]},{"@type":"ImageObject","inLanguage":"es","@id":"https:\/\/camminiditalia.org\/es\/cammini\/le-vie-del-viandante\/#primaryimage","url":"https:\/\/media-camminiditalia.nbg1.your-objectstorage.com\/2023\/06\/Header-Blog-Post-Desktop-1_15_11zon.webp","contentUrl":"https:\/\/media-camminiditalia.nbg1.your-objectstorage.com\/2023\/06\/Header-Blog-Post-Desktop-1_15_11zon.webp","width":1600,"height":600},{"@type":"BreadcrumbList","@id":"https:\/\/camminiditalia.org\/es\/cammini\/le-vie-del-viandante\/#breadcrumb","itemListElement":[{"@type":"ListItem","position":1,"name":"Home","item":"https:\/\/camminiditalia.org\/es\/inicio\/"},{"@type":"ListItem","position":2,"name":"Paseos","item":"https:\/\/camminiditalia.org\/es\/cammini\/"},{"@type":"ListItem","position":3,"name":"Le Vie del Viandante"}]},{"@type":"WebSite","@id":"https:\/\/camminiditalia.org\/es\/#website","url":"https:\/\/camminiditalia.org\/es\/","name":"Cammini d'Italia","description":"Plan, walk and share!","publisher":{"@id":"https:\/\/camminiditalia.org\/es\/#organization"},"potentialAction":[{"@type":"SearchAction","target":{"@type":"EntryPoint","urlTemplate":"https:\/\/camminiditalia.org\/es\/?s={search_term_string}"},"query-input":{"@type":"PropertyValueSpecification","valueRequired":true,"valueName":"search_term_string"}}],"inLanguage":"es"},{"@type":"Organization","@id":"https:\/\/camminiditalia.org\/es\/#organization","name":"Cammini d'Italia srls","url":"https:\/\/camminiditalia.org\/es\/","logo":{"@type":"ImageObject","inLanguage":"es","@id":"https:\/\/camminiditalia.org\/es\/#\/schema\/logo\/image\/","url":"https:\/\/media-camminiditalia.nbg1.your-objectstorage.com\/wp-content\/uploads\/2023\/08\/Risorsa-2-8-e1690918206850.png","contentUrl":"https:\/\/media-camminiditalia.nbg1.your-objectstorage.com\/wp-content\/uploads\/2023\/08\/Risorsa-2-8-e1690918206850.png","width":1076,"height":329,"caption":"Cammini d'Italia srls"},"image":{"@id":"https:\/\/camminiditalia.org\/es\/#\/schema\/logo\/image\/"}}]}},"jetpack_sharing_enabled":true,"_links":{"self":[{"href":"https:\/\/camminiditalia.org\/es\/wp-json\/wp\/v2\/cammini\/67783","targetHints":{"allow":["GET"]}}],"collection":[{"href":"https:\/\/camminiditalia.org\/es\/wp-json\/wp\/v2\/cammini"}],"about":[{"href":"https:\/\/camminiditalia.org\/es\/wp-json\/wp\/v2\/types\/cammini"}],"version-history":[{"count":1,"href":"https:\/\/camminiditalia.org\/es\/wp-json\/wp\/v2\/cammini\/67783\/revisions"}],"predecessor-version":[{"id":90132,"href":"https:\/\/camminiditalia.org\/es\/wp-json\/wp\/v2\/cammini\/67783\/revisions\/90132"}],"wp:featuredmedia":[{"embeddable":true,"href":"https:\/\/camminiditalia.org\/es\/wp-json\/wp\/v2\/media\/90097"}],"wp:attachment":[{"href":"https:\/\/camminiditalia.org\/es\/wp-json\/wp\/v2\/media?parent=67783"}],"wp:term":[{"taxonomy":"category","embeddable":true,"href":"https:\/\/camminiditalia.org\/es\/wp-json\/wp\/v2\/categories?post=67783"}],"curies":[{"name":"wp","href":"https:\/\/api.w.org\/{rel}","templated":true}]}}