
{"id":67916,"date":"2023-08-02T11:45:36","date_gmt":"2023-08-02T09:45:36","guid":{"rendered":"https:\/\/camminiditalia.org\/cammini\/cammino-mariano-delle-alpi\/"},"modified":"2025-06-26T09:45:13","modified_gmt":"2025-06-26T07:45:13","slug":"cammino-mariano-delle-alpi","status":"publish","type":"cammini","link":"https:\/\/camminiditalia.org\/es\/cammini\/cammino-mariano-delle-alpi\/","title":{"rendered":"Cammino Mariano delle Alpi"},"content":{"rendered":"","protected":false},"excerpt":{"rendered":"","protected":false},"featured_media":63233,"parent":0,"menu_order":0,"template":"","meta":{"_acf_changed":false,"footnotes":""},"categories":[],"class_list":["post-67916","cammini","type-cammini","status-publish","has-post-thumbnail","hentry","regioni-lombardia"],"acf":{"mobile":false,"desktop":false,"app":{"bgImg":{"ID":63245,"id":63245,"title":"Etapa 3_SantuariodellaSassella_Sondrio (2)","filename":"Tappa3_SantuariodellaSassella_Sondrio-2-2.jpg","filesize":11144843,"url":"https:\/\/media-camminiditalia.nbg1.your-objectstorage.com\/wp-content\/uploads\/2023\/08\/Tappa3_SantuariodellaSassella_Sondrio-2-2.jpg","link":"https:\/\/camminiditalia.org\/es\/cammini\/cammino-mariano-delle-alpi\/tappa3_santuariodellasassella_sondrio-2-3-2\/","alt":"Cammino Mariano delle Alpi","author":"2","description":"","caption":"ETAPA 3: Santuario de Sassella (Sondrio)","name":"tappa3_santuariodellasassella_sondrio-2-3-2","status":"inherit","uploaded_to":67916,"date":"2023-08-02 11:00:07","modified":"2025-06-25 09:30:26","menu_order":0,"mime_type":"image\/jpeg","type":"image","subtype":"jpeg","icon":"https:\/\/camminiditalia.org\/wp-includes\/images\/media\/default.png","width":8094,"height":5399,"sizes":{"thumbnail":"https:\/\/media-camminiditalia.nbg1.your-objectstorage.com\/wp-content\/uploads\/2023\/08\/Tappa3_SantuariodellaSassella_Sondrio-2-2.jpg","thumbnail-width":150,"thumbnail-height":100,"medium":"https:\/\/media-camminiditalia.nbg1.your-objectstorage.com\/wp-content\/uploads\/2023\/08\/Tappa3_SantuariodellaSassella_Sondrio-2-2.jpg","medium-width":300,"medium-height":200,"medium_large":"https:\/\/media-camminiditalia.nbg1.your-objectstorage.com\/wp-content\/uploads\/2023\/08\/Tappa3_SantuariodellaSassella_Sondrio-2-2.jpg","medium_large-width":768,"medium_large-height":512,"large":"https:\/\/media-camminiditalia.nbg1.your-objectstorage.com\/wp-content\/uploads\/2023\/08\/Tappa3_SantuariodellaSassella_Sondrio-2-2.jpg","large-width":1024,"large-height":683,"1536x1536":"https:\/\/media-camminiditalia.nbg1.your-objectstorage.com\/wp-content\/uploads\/2023\/08\/Tappa3_SantuariodellaSassella_Sondrio-2-2.jpg","1536x1536-width":1536,"1536x1536-height":1025,"2048x2048":"https:\/\/media-camminiditalia.nbg1.your-objectstorage.com\/wp-content\/uploads\/2023\/08\/Tappa3_SantuariodellaSassella_Sondrio-2-2.jpg","2048x2048-width":2048,"2048x2048-height":1366,"tc_all_events_image":"https:\/\/media-camminiditalia.nbg1.your-objectstorage.com\/wp-content\/uploads\/2023\/08\/Tappa3_SantuariodellaSassella_Sondrio-2-2.jpg","tc_all_events_image-width":1019,"tc_all_events_image-height":680,"woocommerce_thumbnail":"https:\/\/media-camminiditalia.nbg1.your-objectstorage.com\/wp-content\/uploads\/2023\/08\/Tappa3_SantuariodellaSassella_Sondrio-2-2-300x300.jpg","woocommerce_thumbnail-width":300,"woocommerce_thumbnail-height":300,"woocommerce_single":"https:\/\/media-camminiditalia.nbg1.your-objectstorage.com\/wp-content\/uploads\/2023\/08\/Tappa3_SantuariodellaSassella_Sondrio-2-2-600x400.jpg","woocommerce_single-width":600,"woocommerce_single-height":400,"woocommerce_gallery_thumbnail":"https:\/\/media-camminiditalia.nbg1.your-objectstorage.com\/wp-content\/uploads\/2023\/08\/Tappa3_SantuariodellaSassella_Sondrio-2-2-100x100.jpg","woocommerce_gallery_thumbnail-width":100,"woocommerce_gallery_thumbnail-height":100}},"title":"Cammino Mariano delle Alpi","text":"<p>Con la aplicaci\u00f3n gratuita Cammino di Dante, puedes planificar y recorrer la Cammino Mariano delle Alpi con total seguridad, pudiendo planificar las etapas al detalle y seguir la ruta gracias a la tecnolog\u00eda GPS integrada que te ayuda a orientarte durante tu aventura.<\/p>\n<p>\u2800En la app encontrar\u00e1s muchas otras rutas de senderismo por Italia. Gracias a los tracks georreferenciados de muchas rutas, podr\u00e1s estudiar la ruta que m\u00e1s te convenga y descargarte los tracks GPX de las etapas individuales sin conexi\u00f3n.<\/p>\n<p>La aplicaci\u00f3n tambi\u00e9n incluye un mapa digital completo de todos los senderos estudiados hasta la fecha en nuestro portal, lo que te ofrece una amplia gama de elecci\u00f3n entre los numerosos senderos de Italia.<\/p>\n<p>\u2800\u2800<br \/>\nCammini d&#8217;Italia es la aplicaci\u00f3n perfecta para quienes desean explorar la belleza de Italia a pie, descubriendo lugares ocultos rodeados de naturaleza. \u00a1Desc\u00e1rgatela gratis hoy mismo y empieza a planear tu pr\u00f3xima aventura!<\/p>\n<p>\u2800<\/p>\n<p>\u2800<\/p>\n<p><a href=\"https:\/\/apps.apple.com\/it\/app\/cammini-di-italia\/id1643119047\" target=\"_blank\" rel=\"noopener\"><img loading=\"lazy\" decoding=\"async\" class=\"alignnone wp-image-23502\" src=\"https:\/\/camminiditalia.org\/wp-content\/uploads\/s3fra1:\/\/camministorage\/wp-content\/uploads\/2023\/04\/apple-300x95.png\" alt=\"\" width=\"190\" height=\"60\" srcset=\"https:\/\/media-camminiditalia.nbg1.your-objectstorage.com\/wp-content\/uploads\/2023\/04\/apple-300x95.png 300w, https:\/\/media-camminiditalia.nbg1.your-objectstorage.com\/wp-content\/uploads\/2023\/04\/apple.png 600w, https:\/\/media-camminiditalia.nbg1.your-objectstorage.com\/wp-content\/uploads\/2023\/04\/apple-1024x323.png 1024w, https:\/\/media-camminiditalia.nbg1.your-objectstorage.com\/wp-content\/uploads\/2023\/04\/apple-768x242.png 768w, https:\/\/media-camminiditalia.nbg1.your-objectstorage.com\/wp-content\/uploads\/2023\/04\/apple.png 1109w\" sizes=\"auto, (max-width: 190px) 100vw, 190px\" \/><\/a> \u2800\u2800\u2800<a href=\"https:\/\/play.google.com\/store\/apps\/details?id=it.webmapp.cammini&amp;hl=en_US\" target=\"_blank\" rel=\"noopener\"><img loading=\"lazy\" decoding=\"async\" class=\"alignnone wp-image-23503\" src=\"https:\/\/camminiditalia.org\/wp-content\/uploads\/s3fra1:\/\/camministorage\/wp-content\/uploads\/2023\/04\/google-play-300x93.png\" alt=\"\" width=\"193\" height=\"60\" srcset=\"https:\/\/media-camminiditalia.nbg1.your-objectstorage.com\/wp-content\/uploads\/2023\/04\/google-play-300x93.png 300w, https:\/\/media-camminiditalia.nbg1.your-objectstorage.com\/wp-content\/uploads\/2023\/04\/google-play.png 600w, https:\/\/media-camminiditalia.nbg1.your-objectstorage.com\/wp-content\/uploads\/2023\/04\/google-play-1024x318.png 1024w, https:\/\/media-camminiditalia.nbg1.your-objectstorage.com\/wp-content\/uploads\/2023\/04\/google-play-768x239.png 768w, https:\/\/media-camminiditalia.nbg1.your-objectstorage.com\/wp-content\/uploads\/2023\/04\/google-play.png 1106w\" sizes=\"auto, (max-width: 193px) 100vw, 193px\" \/><\/a><\/p>\n","img":{"ID":55768,"id":55768,"title":"1 - App","filename":"1-App.png","filesize":343975,"url":"https:\/\/media-camminiditalia.nbg1.your-objectstorage.com\/wp-content\/uploads\/2023\/01\/1-App.png","link":"https:\/\/camminiditalia.org\/es\/cammini\/la-rotta-dei-due-mari\/1-app-2\/","alt":"","author":"1","description":"","caption":"","name":"1-app-2","status":"inherit","uploaded_to":55766,"date":"2023-01-11 08:47:14","modified":"2023-01-11 08:47:14","menu_order":0,"mime_type":"image\/png","type":"image","subtype":"png","icon":"https:\/\/camminiditalia.org\/wp-includes\/images\/media\/default.png","width":383,"height":569,"sizes":{"thumbnail":"https:\/\/media-camminiditalia.nbg1.your-objectstorage.com\/wp-content\/uploads\/2023\/01\/1-App-150x150.png","thumbnail-width":150,"thumbnail-height":150,"medium":"https:\/\/media-camminiditalia.nbg1.your-objectstorage.com\/wp-content\/uploads\/2023\/01\/1-App-202x300.png","medium-width":202,"medium-height":300,"medium_large":"https:\/\/media-camminiditalia.nbg1.your-objectstorage.com\/wp-content\/uploads\/2023\/01\/1-App.png","medium_large-width":383,"medium_large-height":569,"large":"https:\/\/media-camminiditalia.nbg1.your-objectstorage.com\/wp-content\/uploads\/2023\/01\/1-App.png","large-width":383,"large-height":569,"1536x1536":"https:\/\/media-camminiditalia.nbg1.your-objectstorage.com\/wp-content\/uploads\/2023\/01\/1-App.png","1536x1536-width":383,"1536x1536-height":569,"2048x2048":"https:\/\/media-camminiditalia.nbg1.your-objectstorage.com\/wp-content\/uploads\/2023\/01\/1-App.png","2048x2048-width":383,"2048x2048-height":569,"tc_all_events_image":"https:\/\/media-camminiditalia.nbg1.your-objectstorage.com\/wp-content\/uploads\/2023\/01\/1-App.png","tc_all_events_image-width":383,"tc_all_events_image-height":569,"woocommerce_thumbnail":"https:\/\/media-camminiditalia.nbg1.your-objectstorage.com\/wp-content\/uploads\/2023\/01\/1-App-300x300.png","woocommerce_thumbnail-width":300,"woocommerce_thumbnail-height":300,"woocommerce_single":"https:\/\/media-camminiditalia.nbg1.your-objectstorage.com\/wp-content\/uploads\/2023\/01\/1-App.png","woocommerce_single-width":383,"woocommerce_single-height":569,"woocommerce_gallery_thumbnail":"https:\/\/media-camminiditalia.nbg1.your-objectstorage.com\/wp-content\/uploads\/2023\/01\/1-App-100x100.png","woocommerce_gallery_thumbnail-width":100,"woocommerce_gallery_thumbnail-height":100}},"linkBtn":{"title":"","url":"","target":"","0":""},"textBtn":""},"diaries":{"diary":[{"ID":25569,"post_author":"2","post_date":"2023-10-19 19:07:33","post_date_gmt":"2023-10-19 17:07:33","post_content":"<!-- wp:paragraph -->\n<p>Un figlio di 18 anni, quasi diciannovenne. Una vacanza da organizzare, pensando che potrebbe essere l\u2019ultima \u201ccol pap\u00e0\u201d. Ed ecco che sui social compare un annuncio sul \u201c<a href=\"https:\/\/camminiditalia.org\/cammini\/cammino-mariano-delle-alpi\/\">Camminino Mariano delle Alpi<\/a>\u201d. Un segno dal Cielo?<\/p>\n<!-- \/wp:paragraph -->\n\n<!-- wp:paragraph -->\n<p><br>La proposta \u00e8 subito accettata, ci si iscrive e si ricevono le credenziali, si studia il percorso con l\u2019ottimo supporto che il sito fornisce, si prenotano i pernottamenti, si parte il 7 agosto 2022!<br>La mamma e la sorella ci accompagnano a Piantedo ed immortalano la nostra partenza davanti alla scritta \u201c<em>PELLEGRINO! BENE AVRAI<\/em>\u201d che lascia vedere in trasparenza la strada che entra in  Valtellina e ci d\u00e0 la direzione del nostro percorso. Intraprendiamo il cammino con il proposito che questa esperienza ci aiuti ad educarci all\u2019essenzialit\u00e0 (tutto quello che ci dovr\u00e0 servire nei prossimi 5 giorni \u00e8 nei nostri zaini, sulle nostre spalle!); a riscoprire quella devozione mariana un po\u2019 assopita (ed il proposito si esplicita con l\u2019impegno di una preghiera davanti ad<br>ogni immagine che avremmo incontrato\u2026e quante ne abbiamo viste!); a rinforzare un rapporto che fatto di chiacchere o di risate o di silenzi (ma sempre fianco-a-fianco) ci aiuti a sentirci sempre vicini. Ma le esperienze che il cammino ci riserva son ben pi\u00f9 di queste! <\/p>\n<!-- \/wp:paragraph -->\n\n<!-- wp:paragraph -->\n<p><em>Lo sai che il cammino Mariano delle Alpi \u00e8 disponibile sull'<a href=\"https:\/\/camminiditalia.org\/app-cammini-d-italia\/\">App di Cammini d'Italia<\/a><\/em>?<\/p>\n<!-- \/wp:paragraph -->\n\n<!-- wp:image {\"align\":\"center\",\"id\":25572,\"width\":\"473px\",\"height\":\"auto\",\"aspectRatio\":\"0.75\",\"sizeSlug\":\"large\",\"linkDestination\":\"none\"} -->\n<figure class=\"wp-block-image aligncenter size-large is-resized\"><img src=\"https:\/\/camminiditalia.org\/wp-content\/uploads\/2023\/10\/IMG_0193-768x1024.jpg\" alt=\"diario cammino mariano delle alpi\" class=\"wp-image-25572\" style=\"aspect-ratio:0.75;width:473px;height:auto\"\/><\/figure>\n<!-- \/wp:image -->\n\n<!-- wp:paragraph -->\n<p><\/p>\n<!-- \/wp:paragraph -->\n\n<!-- wp:paragraph -->\n<p><strong>GIORNO 1<\/strong><br>Un temporale che si abbatte durante l\u2019ultimo tratto verso Morbegno ci fa arrivare al nostro B&amp;B bagnati fradici, ma<br>ci fa sperimentare la calorosa accoglienza della padrona di casa.<\/p>\n<!-- \/wp:paragraph -->\n\n<!-- wp:paragraph -->\n<p><br><strong>GIORNO 2<\/strong><br>Passiamo per il timbro alla Chiesa della Beata Vergine delle Grazie di Morbegno e siamo festosamente accolti da<br>Tarcisio: ci sentiamo parte del gruppo di viandanti che ha cominciato ad intraprendere questo cammino. Arriviamo<br>poi in serata a Buglio in Monte per il pernottamento: che pace!<br><\/p>\n<!-- \/wp:paragraph -->\n\n<!-- wp:paragraph -->\n<p><strong>GIORNO 3<\/strong><br>Timbriamo presso la Parrocchiale della Beata Vergine Assunta di Berbenno e poi ci incamminiamo verso Sondrio,<br>passando tra spettacolari terrazzamenti a viti. Dopo il passaggio al Santuario della Sassella, alle porte del capoluogo<br>di provincia, arriviamo al centro cittadino che ci ospita per una serata all\u2019insegna del relax e del buon cibo.<br><\/p>\n<!-- \/wp:paragraph -->\n\n<!-- wp:paragraph -->\n<p><strong>GIORNO 4<\/strong><br>Dopo il timbro presso la Parrocchiale della Beata Vergine del Rosario, partiamo con la salita verso Teglio passando<br>tra vigneti, paesini e scorci panoramici. Il Santuario della Santa Casa di Tresivio ci sorprende per la sua imponenza (la<br>visitiamo anche all\u2019interno) e a fine giornata Teglio con la sua antica storia ci ospita per il quarto timbro.<br><\/p>\n<!-- \/wp:paragraph -->\n\n<!-- wp:paragraph -->\n<p><strong>GIORNO 5<\/strong><br>Il passo ormai \u00e8 ben allenato per l\u2019ultimo tratto e piantagioni di mele a distesa ci accompagnano, oltre ai filari di viti,<br>fino a Santa Perpetua da cui la vista sul Santuario \u00e8 spettacolare. Intraprendiamo la discesa proprio quando suonano<br>le campane del mezzogiorno che sembrano voler festeggiare il nostro ingresso in piazza. Lidia ci accoglie<br>calorosamente: la foto alla porta del pellegrino, la nota sul libro ricordi e poi l\u2019ultimo timbro. Appuntamento al<br>pomeriggio per l\u2019incontro col rettore e la consegna del Testimonium.<\/p>\n<!-- \/wp:paragraph -->\n\n<!-- wp:paragraph -->\n<p><br>UBI STETERUNT PEDES MARIAE!<\/p>\n<!-- \/wp:paragraph -->\n\n<!-- wp:paragraph -->\n<p>Umberto e Stefano<br>Besozzo (VA)<\/p>\n<!-- \/wp:paragraph -->","post_title":"Diario Cammino Mariano delle Alpi: un'Avventura Padre-Figlio tra Montagne e spiritualit\u00e0","post_excerpt":"","post_status":"publish","comment_status":"open","ping_status":"open","post_password":"","post_name":"diario-cammino-mariano-delle-alpi-unavventura-padre-figlio-tra-montagne-e-spiritualita","to_ping":"","pinged":"\nhttps:\/\/camminiditalia.org\/app-cammini-d-italia\/","post_modified":"2023-10-19 19:07:36","post_modified_gmt":"2023-10-19 17:07:36","post_content_filtered":"","post_parent":0,"guid":"https:\/\/camminiditalia.org\/?p=25569","menu_order":0,"post_type":"post","post_mime_type":"","comment_count":"0","filter":"raw"}]},"gallery":{"images":[{"img":{"ID":63245,"id":63245,"title":"Etapa 3_SantuariodellaSassella_Sondrio (2)","filename":"Tappa3_SantuariodellaSassella_Sondrio-2-2.jpg","filesize":11144843,"url":"https:\/\/media-camminiditalia.nbg1.your-objectstorage.com\/wp-content\/uploads\/2023\/08\/Tappa3_SantuariodellaSassella_Sondrio-2-2.jpg","link":"https:\/\/camminiditalia.org\/es\/cammini\/cammino-mariano-delle-alpi\/tappa3_santuariodellasassella_sondrio-2-3-2\/","alt":"Cammino Mariano delle Alpi","author":"2","description":"","caption":"ETAPA 3: Santuario de Sassella (Sondrio)","name":"tappa3_santuariodellasassella_sondrio-2-3-2","status":"inherit","uploaded_to":67916,"date":"2023-08-02 11:00:07","modified":"2025-06-25 09:30:26","menu_order":0,"mime_type":"image\/jpeg","type":"image","subtype":"jpeg","icon":"https:\/\/camminiditalia.org\/wp-includes\/images\/media\/default.png","width":8094,"height":5399,"sizes":{"thumbnail":"https:\/\/media-camminiditalia.nbg1.your-objectstorage.com\/wp-content\/uploads\/2023\/08\/Tappa3_SantuariodellaSassella_Sondrio-2-2.jpg","thumbnail-width":150,"thumbnail-height":100,"medium":"https:\/\/media-camminiditalia.nbg1.your-objectstorage.com\/wp-content\/uploads\/2023\/08\/Tappa3_SantuariodellaSassella_Sondrio-2-2.jpg","medium-width":300,"medium-height":200,"medium_large":"https:\/\/media-camminiditalia.nbg1.your-objectstorage.com\/wp-content\/uploads\/2023\/08\/Tappa3_SantuariodellaSassella_Sondrio-2-2.jpg","medium_large-width":768,"medium_large-height":512,"large":"https:\/\/media-camminiditalia.nbg1.your-objectstorage.com\/wp-content\/uploads\/2023\/08\/Tappa3_SantuariodellaSassella_Sondrio-2-2.jpg","large-width":1024,"large-height":683,"1536x1536":"https:\/\/media-camminiditalia.nbg1.your-objectstorage.com\/wp-content\/uploads\/2023\/08\/Tappa3_SantuariodellaSassella_Sondrio-2-2.jpg","1536x1536-width":1536,"1536x1536-height":1025,"2048x2048":"https:\/\/media-camminiditalia.nbg1.your-objectstorage.com\/wp-content\/uploads\/2023\/08\/Tappa3_SantuariodellaSassella_Sondrio-2-2.jpg","2048x2048-width":2048,"2048x2048-height":1366,"tc_all_events_image":"https:\/\/media-camminiditalia.nbg1.your-objectstorage.com\/wp-content\/uploads\/2023\/08\/Tappa3_SantuariodellaSassella_Sondrio-2-2.jpg","tc_all_events_image-width":1019,"tc_all_events_image-height":680,"woocommerce_thumbnail":"https:\/\/media-camminiditalia.nbg1.your-objectstorage.com\/wp-content\/uploads\/2023\/08\/Tappa3_SantuariodellaSassella_Sondrio-2-2-300x300.jpg","woocommerce_thumbnail-width":300,"woocommerce_thumbnail-height":300,"woocommerce_single":"https:\/\/media-camminiditalia.nbg1.your-objectstorage.com\/wp-content\/uploads\/2023\/08\/Tappa3_SantuariodellaSassella_Sondrio-2-2-600x400.jpg","woocommerce_single-width":600,"woocommerce_single-height":400,"woocommerce_gallery_thumbnail":"https:\/\/media-camminiditalia.nbg1.your-objectstorage.com\/wp-content\/uploads\/2023\/08\/Tappa3_SantuariodellaSassella_Sondrio-2-2-100x100.jpg","woocommerce_gallery_thumbnail-width":100,"woocommerce_gallery_thumbnail-height":100}}},{"img":{"ID":63229,"id":63229,"title":"Etapa 1_Terrazzapamoramica_Piantedo","filename":"Tappa1_Terrazzapamoramica_Piantedo.jpg","filesize":949997,"url":"https:\/\/media-camminiditalia.nbg1.your-objectstorage.com\/wp-content\/uploads\/2023\/08\/Tappa1_Terrazzapamoramica_Piantedo.jpg","link":"https:\/\/camminiditalia.org\/es\/cammini\/cammino-mariano-delle-alpi\/tappa1_terrazzapamoramica_piantedo-2\/","alt":"Paseo de la Abeja Mariana","author":"2","description":"","caption":"ETAPA 1 - Terraza Pamor\u00e1mica Piantedo","name":"tappa1_terrazzapamoramica_piantedo-2","status":"inherit","uploaded_to":67916,"date":"2023-08-02 10:14:15","modified":"2025-06-25 09:30:27","menu_order":0,"mime_type":"image\/jpeg","type":"image","subtype":"jpeg","icon":"https:\/\/camminiditalia.org\/wp-includes\/images\/media\/default.png","width":2000,"height":1333,"sizes":{"thumbnail":"https:\/\/media-camminiditalia.nbg1.your-objectstorage.com\/wp-content\/uploads\/2023\/08\/Tappa1_Terrazzapamoramica_Piantedo-150x150.jpg","thumbnail-width":150,"thumbnail-height":150,"medium":"https:\/\/media-camminiditalia.nbg1.your-objectstorage.com\/wp-content\/uploads\/2023\/08\/Tappa1_Terrazzapamoramica_Piantedo-300x200.jpg","medium-width":300,"medium-height":200,"medium_large":"https:\/\/media-camminiditalia.nbg1.your-objectstorage.com\/wp-content\/uploads\/2023\/08\/Tappa1_Terrazzapamoramica_Piantedo-768x512.jpg","medium_large-width":768,"medium_large-height":512,"large":"https:\/\/media-camminiditalia.nbg1.your-objectstorage.com\/wp-content\/uploads\/2023\/08\/Tappa1_Terrazzapamoramica_Piantedo-1024x682.jpg","large-width":1024,"large-height":682,"1536x1536":"https:\/\/media-camminiditalia.nbg1.your-objectstorage.com\/wp-content\/uploads\/2023\/08\/Tappa1_Terrazzapamoramica_Piantedo-1536x1024.jpg","1536x1536-width":1536,"1536x1536-height":1024,"2048x2048":"https:\/\/media-camminiditalia.nbg1.your-objectstorage.com\/wp-content\/uploads\/2023\/08\/Tappa1_Terrazzapamoramica_Piantedo.jpg","2048x2048-width":2000,"2048x2048-height":1333,"tc_all_events_image":"https:\/\/media-camminiditalia.nbg1.your-objectstorage.com\/wp-content\/uploads\/2023\/08\/Tappa1_Terrazzapamoramica_Piantedo.jpg","tc_all_events_image-width":1020,"tc_all_events_image-height":680,"woocommerce_thumbnail":"https:\/\/media-camminiditalia.nbg1.your-objectstorage.com\/wp-content\/uploads\/2023\/08\/Tappa1_Terrazzapamoramica_Piantedo-300x300.jpg","woocommerce_thumbnail-width":300,"woocommerce_thumbnail-height":300,"woocommerce_single":"https:\/\/media-camminiditalia.nbg1.your-objectstorage.com\/wp-content\/uploads\/2023\/08\/Tappa1_Terrazzapamoramica_Piantedo-600x400.jpg","woocommerce_single-width":600,"woocommerce_single-height":400,"woocommerce_gallery_thumbnail":"https:\/\/media-camminiditalia.nbg1.your-objectstorage.com\/wp-content\/uploads\/2023\/08\/Tappa1_Terrazzapamoramica_Piantedo-100x100.jpg","woocommerce_gallery_thumbnail-width":100,"woocommerce_gallery_thumbnail-height":100}}},{"img":{"ID":63239,"id":63239,"title":"Etapa 4_SantuariodellaSantaCasa_Tresivio (1)","filename":"Tappa4_SantuariodellaSantaCasa_Tresivio-1-2.jpg","filesize":12443725,"url":"https:\/\/media-camminiditalia.nbg1.your-objectstorage.com\/wp-content\/uploads\/2023\/08\/Tappa4_SantuariodellaSantaCasa_Tresivio-1-2.jpg","link":"https:\/\/camminiditalia.org\/es\/cammini\/cammino-mariano-delle-alpi\/tappa4_santuariodellasantacasa_tresivio-1-3-2\/","alt":"Cammino Mariano delle Alpi","author":"2","description":"","caption":"ETAPA 4: Santuario de la Santa Casa - Tresivio","name":"tappa4_santuariodellasantacasa_tresivio-1-3-2","status":"inherit","uploaded_to":67916,"date":"2023-08-02 10:46:45","modified":"2025-06-25 09:30:26","menu_order":0,"mime_type":"image\/jpeg","type":"image","subtype":"jpeg","icon":"https:\/\/camminiditalia.org\/wp-includes\/images\/media\/default.png","width":7702,"height":5137,"sizes":{"thumbnail":"https:\/\/media-camminiditalia.nbg1.your-objectstorage.com\/wp-content\/uploads\/2023\/08\/Tappa4_SantuariodellaSantaCasa_Tresivio-1-2.jpg","thumbnail-width":150,"thumbnail-height":100,"medium":"https:\/\/media-camminiditalia.nbg1.your-objectstorage.com\/wp-content\/uploads\/2023\/08\/Tappa4_SantuariodellaSantaCasa_Tresivio-1-2.jpg","medium-width":300,"medium-height":200,"medium_large":"https:\/\/media-camminiditalia.nbg1.your-objectstorage.com\/wp-content\/uploads\/2023\/08\/Tappa4_SantuariodellaSantaCasa_Tresivio-1-2.jpg","medium_large-width":768,"medium_large-height":512,"large":"https:\/\/media-camminiditalia.nbg1.your-objectstorage.com\/wp-content\/uploads\/2023\/08\/Tappa4_SantuariodellaSantaCasa_Tresivio-1-2.jpg","large-width":1024,"large-height":683,"1536x1536":"https:\/\/media-camminiditalia.nbg1.your-objectstorage.com\/wp-content\/uploads\/2023\/08\/Tappa4_SantuariodellaSantaCasa_Tresivio-1-2.jpg","1536x1536-width":1536,"1536x1536-height":1024,"2048x2048":"https:\/\/media-camminiditalia.nbg1.your-objectstorage.com\/wp-content\/uploads\/2023\/08\/Tappa4_SantuariodellaSantaCasa_Tresivio-1-2.jpg","2048x2048-width":2048,"2048x2048-height":1366,"tc_all_events_image":"https:\/\/media-camminiditalia.nbg1.your-objectstorage.com\/wp-content\/uploads\/2023\/08\/Tappa4_SantuariodellaSantaCasa_Tresivio-1-2.jpg","tc_all_events_image-width":1020,"tc_all_events_image-height":680,"woocommerce_thumbnail":"https:\/\/media-camminiditalia.nbg1.your-objectstorage.com\/wp-content\/uploads\/2023\/08\/Tappa4_SantuariodellaSantaCasa_Tresivio-1-2-300x300.jpg","woocommerce_thumbnail-width":300,"woocommerce_thumbnail-height":300,"woocommerce_single":"https:\/\/media-camminiditalia.nbg1.your-objectstorage.com\/wp-content\/uploads\/2023\/08\/Tappa4_SantuariodellaSantaCasa_Tresivio-1-2-600x400.jpg","woocommerce_single-width":600,"woocommerce_single-height":400,"woocommerce_gallery_thumbnail":"https:\/\/media-camminiditalia.nbg1.your-objectstorage.com\/wp-content\/uploads\/2023\/08\/Tappa4_SantuariodellaSantaCasa_Tresivio-1-2-100x100.jpg","woocommerce_gallery_thumbnail-width":100,"woocommerce_gallery_thumbnail-height":100}}}]},"guide":{"text":"","img":false,"linkBtn":{"title":"","url":"","target":"","0":""},"textBtn":""},"maps":{"map":"<p><iframe loading=\"lazy\" style=\"border: none; overflow: hidden;\" src=\"https:\/\/1.camminiditalia.webmapp.it\/map?layer=64\" width=\"100%\" height=\"800\" scrolling=\"no\"><\/iframe><\/p>\n","url":""},"modal":{"modals":[{"status":false,"title":"HISTORIA  ","text":"<p>El Cammino Mariano delle Alpi es un proyecto de gran significado religioso, cultural y tur\u00edstico que nace con el objetivo de crear un itinerario de senderismo que, atravesando la Valtellina y tocando varios lugares de culto mariano de la provincia de Sondrio, conduzca al Santuario de la Virgen de Tirano, proclamada en 1946 por el Papa P\u00edo XII \u201cPatrona Celeste de la Valtellina\u201d y considerada uno de los monumentos religiosos m\u00e1s importantes de la provincia.<br \/>\nEl itinerario incluye dos rutas: la Via Occidentale, de Piantedo a Tirano, con una longitud total de 91 km (totalmente utilizable a partir de la primavera de 2022) y la Via Orientale, de Bormio a Tirano, de 66 km, que est\u00e1 en fase de planificaci\u00f3n.<br \/>\nLa V\u00eda Occidental, en concreto, puede dividirse en cinco etapas: Piantedo-Morbegno, Morbegno-Berbenno, Berbenno-Sondrio, Sondrio-Teglio y Teglio-Tirano (esta \u00faltima ya accesible).<br \/>\nLa ruta se injerta en otras redes de caminos y rutas, en primer lugar la Via dei Terrazzamenti, que representa la zona m\u00e1s t\u00edpica del paisaje de la Valtellina, caracterizada por los vi\u00f1edos en terrazas, pero tambi\u00e9n por edificios hist\u00f3ricos, art\u00edsticos, civiles y religiosos de considerable valor e inter\u00e9s, fuertemente representativos y cargados de valor simb\u00f3lico.<br \/>\nSe recomienda recorrer el sendero de marzo a noviembre; la utilidad del sendero en los meses restantes no est\u00e1 garantizada.<br \/>\nEl proyecto Cammino Mariano DI DANTE, basado en una idea de la Asociaci\u00f3n \u201ccammIKAndo\u201d, fue aceptado por el Ayuntamiento de Tirano y la Rector\u00eda del Santuario de Nuestra Se\u00f1ora de Tirano, para adquirir una dimensi\u00f3n m\u00e1s amplia con la implicaci\u00f3n de la Provincia de Sondrio, que permiti\u00f3 planificar y realizar el itinerario.<\/p>\n"},{"status":false,"title":"SE\u00d1ALIZACI\u00d3N","text":"<p>Las se\u00f1ales que marcan la ruta se distinguen por la presencia del logotipo oficial: la marca es azul sobre fondo blanco con las palabras \u201cCAMMINO MARIANO DELLE ALPI\u201d. A lo largo de la ruta, tambi\u00e9n hay se\u00f1ales marrones con el logotipo blanco sobre fondo azul de la V\u00eda Mariana y el s\u00edmbolo del peat\u00f3n.<br \/>\nLa marca azul, que tradicionalmente representa el color de Mar\u00eda, est\u00e1 representada por una l\u00ednea continua de grosor variable que al principio traza el perfil de Mar\u00eda y su velo, luego contin\u00faa dibujando la l\u00ednea del horizonte de los Alpes y concluye con el camino que representa la ruta de peregrinaci\u00f3n.<\/p>\n"},{"status":false,"title":"FUENTES DE AGUA","text":"<p>Las fuentes de agua est\u00e1n indicadas en este mapa interactivo: basta con hacer clic en la 4\u00aa casilla de abajo en orden de izquierda a derecha en el mapa interactivo: todas las fuentes disponibles a lo largo del Cammino di Dante aparecer\u00e1n a trav\u00e9s del filtro \u201cfuentes de agua\u201d https:\/\/camminomarianodellealpi.it\/organizza-il-pellegrinaggio\/mappa-interattiva<\/p>\n"},{"status":false,"title":"SERVICIOS POR ETAPAS","text":"<p>\u00bfHay supermercados?<br \/>\ns\u00ed, hay<\/p>\n<p>\u00bfHay farmacias?<\/p>\n<p>s\u00ed, hay<\/p>\n"},{"status":false,"title":"GU\u00cdA  ","text":"<p>Mapa descargable gratuitamente de: <a href=\"https:\/\/camminomarianodellealpi.it\/download\/mappa-cammino-mariano\"><b>https:\/\/camminomarianodellealpi.it\/download\/mappa-cammino-mariano<\/b><\/a><\/p>\n"},{"status":false,"title":"PASEO EN TIENDA","text":"<p>No es posible viajar Cammino Mariano delle Alpi en una tienda de campa\u00f1a<\/p>\n"},{"status":false,"title":"CREDENCIAL","text":"<p>Solicita tu credencial gratuita en el siguiente enlace: <a href=\"https:\/\/camminomarianodellealpi.it\/richiedi-le-credenziali\">https:\/\/camminomarianodellealpi.it\/richiedi-le-credenziali<\/a><\/p>\n"},{"status":false,"title":"CONTACTOS","text":"<p>Valtellina Turismo Societ\u00e0 Cooperativa Consortile<br \/>\nE-mail: <a href=\"mailto:info@camminomarianodellealpi.it\">info@camminomarianodellealpi.it<\/a><br \/>\nTel: 0342 211329<\/p>\n"},{"status":false,"title":"","text":""}]},"pagePoster":{"title":"Cammino Mariano delle Alpi","text":"<p>El Cammino Mariano delle Alpi es un proyecto de gran valor religioso, cultural y tur\u00edstico que nace con el objetivo de crear un itinerario de senderismo que, a trav\u00e9s de Valtellina y tocando varios lugares de devoci\u00f3n mariana de la provincia de Sondrio, conduzca al Santuario de la Virgen de Tirano, proclamada \u201cPatrona Celestial de Valtellina\u201d en 1946 por el Papa P\u00edo XII.<\/p>\n","linkBtn":{"title":"","url":"#scopriletappe","target":""},"textBtn":"DESCUBRE LAS ETAPAS"},"podcasts":{"podcast":false,"link":null},"read_also_posts":{"read_also":false},"scheda_tecnica":{"lunghezza":"91","dislivello_medio":"","n_tappe":"5","partenza":"Piantedo","arrivo":"Tirano","tipologia":"","tema":[],"portata":"","periodo_ideale":"","stagione_ideale":[]},"slider_cammini":{"title":"","text":"","select_cammini":false},"tappe":{"show_all":true,"all_tappe":"","tappa":[{"status":false,"title":"ETAPA 01","text":"<p><strong>ETAPA 01: de Piantedo a Morbegno<\/strong><\/p>\n<p>Piantedo, a pocos kil\u00f3metros del extremo norte del lago de Como, es el punto de partida de la Via Occidentale del Cammino Mariano delle Alpi. Desde el Santuario de la Beata Vergine delle Grazie, la ruta serpentea por la vertiente or\u00f3bica de la Valtellina, atravesando peque\u00f1as aldeas hasta la Iglesia Parroquial de la Beata Vergine Immacolata, en el antiguo pueblo de Andalo.<br \/>\nDesde aqu\u00ed la ruta contin\u00faa, cruzando la carretera provincial que lleva a Val Gerola, cuna del queso Bitto DOP, y luego desciende a Morbegno, una ciudad con un animado centro hist\u00f3rico y una gran cantidad de tiendas y comercios de productos t\u00edpicos, as\u00ed como el punto de llegada de la primera ETAPA con la Iglesia de la Beata Vergine delle Grazie, definida por los lugare\u00f1os como la \u201cgis\u00e8ta\u201d (peque\u00f1a iglesia).<\/p>\n"},{"status":false,"title":"ETAPA 02","text":"<p><strong>ETAPA 02: De Morbegno a Berbenno V.no<\/strong><\/p>\n<p>La segunda ETAPA, una de las m\u00e1s largas del Cammino Mariano delle Alpi occidentales, atraviesa Morbegno para llegar, a las afueras del pueblo, al santuario de la Beata Vergine, perla del Renacimiento valtellino y lombardo.<br \/>\nTras otro tramo por la vertiente or\u00f3bica, pasando por Talamona en la iglesia parroquial de la Natividad de la Virgen Mar\u00eda, el itinerario cruza el r\u00edo Adda y luego asciende por la vertiente r\u00e9tica de la Valtellina, con sus caracter\u00edsticos vi\u00f1edos en terrazas.<\/p>\n<p>En Paniga se encuentran dos iglesias del mismo nombre, la iglesia de la Madonna delle Grazie, m\u00e1s antigua, y poco despu\u00e9s la iglesia de la Madonna delle Grazie, construida a finales de la d\u00e9cada de 1960. Esta \u00faltima se erige como el fulcro del asentamiento de la aldea de Paniga, donde se integra h\u00e1bilmente en el paisaje circundante con una acertada combinaci\u00f3n de tradici\u00f3n y contemporaneidad, tanto en el material de construcci\u00f3n (piedra) como en la forma (las l\u00edneas sinuosas, la torre circular que emerge de la planta).<br \/>\nEl itinerario contin\u00faa durante un tramo llano y luego asciende hasta la localidad de Gaggio con la iglesia de la Beata Vergine del Buon Consiglio, cuya construcci\u00f3n se llev\u00f3 a cabo gracias al generoso legado de un fiel emigrado a Roma, que decidi\u00f3 bautizar la nueva iglesia con el nombre de la Madonna del Buon Consiglio, cuyo culto desde el Lacio se extend\u00eda precisamente en aquellos a\u00f1os.<br \/>\nDespu\u00e9s de otros tres kil\u00f3metros, llegamos a Buglio in Monte, a la iglesia parroquial de S. Fedele con su sobriedad t\u00edpica de la arquitectura valtellina de la \u00e9poca barroca y, despu\u00e9s de otros ocho kil\u00f3metros, a la iglesia parroquial de Beata<br \/>\nVergine Assunta in Berbenno, destino de la segunda ETAPA y cuya puerta de madera, de principios del siglo XVIII, es una de las m\u00e1s bellas de Valtellina.<br \/>\nUna ETAPA larga en general, pero recompensada por la belleza de las caracter\u00edsticas terrazas de vi\u00f1edos, s\u00edmbolo de la viticultura de la Valtellina, y de los edificios sagrados que hay a lo largo del camino.<\/p>\n"},{"status":false,"title":"ETAPA 03","text":"<p><strong>ETAPA 3 &#8211; De Berbenno a Sondrio<\/strong><\/p>\n<p>Desde la iglesia parroquial de la Beata Vergine Assunta de Berbenno, se sigue en direcci\u00f3n a Sondrio, atravesando los caracter\u00edsticos vi\u00f1edos en terrazas con sus caracter\u00edsticos muros de piedra seca, cuyo arte de construcci\u00f3n ha sido declarado patrimonio de la UNESCO.<\/p>\n<p>Tras recorrer diez kil\u00f3metros, llegas al espl\u00e9ndido santuario de Santa Maria della Sassella, suspendido en un acantilado sobre la curva del r\u00edo Adda, en las afueras de Sondrio, a lo largo de la antigua Via Valeriana, entre vi\u00f1edos y afloramientos rocosos.<\/p>\n<p>M\u00e1s all\u00e1, llegamos a Sondrio, la capital provincial, una peque\u00f1a ciudad que se puede visitar f\u00e1cilmente a pie. La iglesia parroquial de la Beata Virgen del Rosario, de reciente construcci\u00f3n, marca el destino de la tercera ETAPA de la V\u00eda Occidental.<\/p>\n"},{"status":false,"title":"ETAPA 04","text":"<p><strong>ETAPA 4 &#8211; De Sondrio a Teglio<\/strong><\/p>\n<p>Entre las m\u00e1s evocadoras y paisaj\u00edsticas, la cuarta etapa de la V\u00eda Occidental contin\u00faa por la vertiente r\u00e9tica de la Valtellina, entre vi\u00f1edos, pueblos y recuerdos hist\u00f3ricos.<\/p>\n<p>Desde Sondrio, a trav\u00e9s del encantador barrio hist\u00f3rico de Scarpatetti, la ruta asciende hasta Castel Masegra y la aldea de Ponchiera; desde aqu\u00ed, la ruta serpentea por las terrazas, pasando por la iglesia de la Madonnina y la iglesia de la Madonna del Carmine en Montagna in Valtellina hasta llegar a Poggiridenti con la iglesia de la Beata Vergine del Buon Consiglio.<br \/>\nDespu\u00e9s de otros tres kil\u00f3metros, se llega a Tresivio, a uno de los edificios sagrados m\u00e1s importantes de la provincia de Sondrio, el majestuoso santuario de la Santa Casa de Loreto, que se distingue de todas las dem\u00e1s iglesias barrocas de Valtellina por su voluminosidad y su fachada y laterales puntuados por un doble orden de hornacinas.<\/p>\n<p>En el interior, la casa sagrada de la Virgen (templo dentro de un templo) y la estatua de madera de la Virgen negra reproducen la disposici\u00f3n del famoso santuario de Loreto, en la regi\u00f3n de Las Marcas.<\/p>\n<p>La ETAPA contin\u00faa ofreciendo encantadoras vistas panor\u00e1micas hasta llegar a Ponte in Valtellina, uno de los pueblos m\u00e1s pintorescos de Valtellina y a la iglesia de la Beata Vergine del Buon Consiglio, cuya fachada es tan sobria que se funde con las casas cercanas. Saliendo de Ponte in Valtellina, el itinerario sube hasta Teglio, otro pueblo espl\u00e9ndido y cuna de los pizzoccheri. Tras pasar por la iglesia de Santa Maria di Ligone, de origen medieval y meta de procesiones con motivo de las solemnes fiestas de la Virgen, llegamos a la iglesia parroquial de Santa Eufemia, final de etapa y de fundaci\u00f3n muy antigua.<\/p>\n"},{"status":false,"title":"ETAPA 05","text":"<p><strong>Etapa 05: de Teglio a Tirano<\/strong><\/p>\n<p>La \u00faltima etapa de la Via Occidentale serpentea por la vertiente r\u00e9tica del valle, donde a\u00fan quedan huellas vivas de la antigua tradici\u00f3n vitivin\u00edcola, atestiguadas por numerosos ejemplos de arquitectura rural; los visitantes pueden degustar la excelencia de los vinos en muchas de las principales bodegas de Valtellina.<\/p>\n<p>Tras atravesar senderos y pistas de tierra entre los vi\u00f1edos por encima de Bianzone y Villa di Tirano, llegamos finalmente al santuario de la Madonna di Tirano, el monumento religioso m\u00e1s importante de la provincia de Sondrio.<\/p>\n"},{"status":false,"title":"","text":""},{"status":false,"title":"","text":""},{"status":false,"title":"","text":""}]},"videos":{"video":false,"link":null},"logo_cammino":{"ID":55165,"id":55165,"title":"cmda_logo2","filename":"cmda_logo2.webp","filesize":50022,"url":"https:\/\/media-camminiditalia.nbg1.your-objectstorage.com\/2023\/08\/cmda_logo2.webp","link":"https:\/\/camminiditalia.org\/es\/cammini\/cammino-mariano-delle-alpi\/cmda_logo2-2\/","alt":"","author":"2","description":"","caption":"Logotipo Cammino Mariano delle Alpi","name":"cmda_logo2-2","status":"inherit","uploaded_to":67916,"date":"2025-06-16 14:25:00","modified":"2025-06-25 09:30:26","menu_order":0,"mime_type":"image\/webp","type":"image","subtype":"webp","icon":"https:\/\/camminiditalia.org\/wp-includes\/images\/media\/default.png","width":2127,"height":1003,"sizes":{"thumbnail":"https:\/\/media-camminiditalia.nbg1.your-objectstorage.com\/2023\/08\/cmda_logo2-150x150.webp","thumbnail-width":150,"thumbnail-height":150,"medium":"https:\/\/media-camminiditalia.nbg1.your-objectstorage.com\/2023\/08\/cmda_logo2-300x141.webp","medium-width":300,"medium-height":141,"medium_large":"https:\/\/media-camminiditalia.nbg1.your-objectstorage.com\/2023\/08\/cmda_logo2-768x362.webp","medium_large-width":768,"medium_large-height":362,"large":"https:\/\/media-camminiditalia.nbg1.your-objectstorage.com\/2023\/08\/cmda_logo2-1024x483.webp","large-width":1024,"large-height":483,"1536x1536":"https:\/\/media-camminiditalia.nbg1.your-objectstorage.com\/2023\/08\/cmda_logo2-1536x724.webp","1536x1536-width":1536,"1536x1536-height":724,"2048x2048":"https:\/\/media-camminiditalia.nbg1.your-objectstorage.com\/2023\/08\/cmda_logo2-2048x966.webp","2048x2048-width":2048,"2048x2048-height":966,"tc_all_events_image":"https:\/\/media-camminiditalia.nbg1.your-objectstorage.com\/2023\/08\/cmda_logo2-1100x680.webp","tc_all_events_image-width":1100,"tc_all_events_image-height":680,"woocommerce_thumbnail":"https:\/\/media-camminiditalia.nbg1.your-objectstorage.com\/2023\/08\/cmda_logo2-300x300.webp","woocommerce_thumbnail-width":300,"woocommerce_thumbnail-height":300,"woocommerce_single":"https:\/\/media-camminiditalia.nbg1.your-objectstorage.com\/2023\/08\/cmda_logo2-600x283.webp","woocommerce_single-width":600,"woocommerce_single-height":283,"woocommerce_gallery_thumbnail":"https:\/\/media-camminiditalia.nbg1.your-objectstorage.com\/2023\/08\/cmda_logo2-100x100.webp","woocommerce_gallery_thumbnail-width":100,"woocommerce_gallery_thumbnail-height":100}},"header_link":{"title":"","url":"","target":"","0":""}},"yoast_head":"<!-- This site is optimized with the Yoast SEO plugin v27.1.1 - https:\/\/yoast.com\/product\/yoast-seo-wordpress\/ -->\n<title>Cammino Mariano delle Alpi - Cammini d&#039;Italia<\/title>\n<meta name=\"description\" content=\"La Cammino Mariano delle Alpi es una ruta de senderismo por la Valtellina que conduce al Santuario de la Madonna di Tirano\" \/>\n<meta name=\"robots\" content=\"index, follow, max-snippet:-1, max-image-preview:large, max-video-preview:-1\" \/>\n<link rel=\"canonical\" href=\"https:\/\/camminiditalia.org\/es\/cammini\/cammino-mariano-delle-alpi\/\" \/>\n<meta property=\"og:locale\" content=\"es_ES\" \/>\n<meta property=\"og:type\" content=\"article\" \/>\n<meta property=\"og:title\" content=\"Cammino Mariano delle Alpi - Cammini d&#039;Italia\" \/>\n<meta property=\"og:description\" content=\"La Cammino Mariano delle Alpi es una ruta de senderismo por la Valtellina que conduce al Santuario de la Madonna di Tirano\" \/>\n<meta property=\"og:url\" content=\"https:\/\/camminiditalia.org\/es\/cammini\/cammino-mariano-delle-alpi\/\" \/>\n<meta property=\"og:site_name\" content=\"Cammini d&#039;Italia\" \/>\n<meta property=\"article:modified_time\" content=\"2025-06-26T07:45:13+00:00\" \/>\n<meta property=\"og:image\" content=\"https:\/\/camminiditalia.org\/wp-content\/uploads\/2023\/08\/Tappa3_SantuariodellaSassella_Sondrio-1-1024x683.jpg\" \/>\n\t<meta property=\"og:image:width\" content=\"1024\" \/>\n\t<meta property=\"og:image:height\" content=\"683\" \/>\n\t<meta property=\"og:image:type\" content=\"image\/jpeg\" \/>\n<meta name=\"twitter:card\" content=\"summary_large_image\" \/>\n<meta name=\"twitter:label1\" content=\"Tiempo de lectura\" \/>\n\t<meta name=\"twitter:data1\" content=\"1 minuto\" \/>\n<script type=\"application\/ld+json\" class=\"yoast-schema-graph\">{\"@context\":\"https:\/\/schema.org\",\"@graph\":[{\"@type\":\"WebPage\",\"@id\":\"https:\/\/camminiditalia.org\/es\/cammini\/cammino-mariano-delle-alpi\/\",\"url\":\"https:\/\/camminiditalia.org\/es\/cammini\/cammino-mariano-delle-alpi\/\",\"name\":\"Cammino Mariano delle Alpi - Cammini d&#039;Italia\",\"isPartOf\":{\"@id\":\"https:\/\/camminiditalia.org\/es\/#website\"},\"primaryImageOfPage\":{\"@id\":\"https:\/\/camminiditalia.org\/es\/cammini\/cammino-mariano-delle-alpi\/#primaryimage\"},\"image\":{\"@id\":\"https:\/\/camminiditalia.org\/es\/cammini\/cammino-mariano-delle-alpi\/#primaryimage\"},\"thumbnailUrl\":\"https:\/\/media-camminiditalia.nbg1.your-objectstorage.com\/wp-content\/uploads\/2023\/08\/Tappa3_SantuariodellaSassella_Sondrio-1.jpg\",\"datePublished\":\"2023-08-02T09:45:36+00:00\",\"dateModified\":\"2025-06-26T07:45:13+00:00\",\"description\":\"La Cammino Mariano delle Alpi es una ruta de senderismo por la Valtellina que conduce al Santuario de la Madonna di Tirano\",\"breadcrumb\":{\"@id\":\"https:\/\/camminiditalia.org\/es\/cammini\/cammino-mariano-delle-alpi\/#breadcrumb\"},\"inLanguage\":\"es\",\"potentialAction\":[{\"@type\":\"ReadAction\",\"target\":[\"https:\/\/camminiditalia.org\/es\/cammini\/cammino-mariano-delle-alpi\/\"]}]},{\"@type\":\"ImageObject\",\"inLanguage\":\"es\",\"@id\":\"https:\/\/camminiditalia.org\/es\/cammini\/cammino-mariano-delle-alpi\/#primaryimage\",\"url\":\"https:\/\/media-camminiditalia.nbg1.your-objectstorage.com\/wp-content\/uploads\/2023\/08\/Tappa3_SantuariodellaSassella_Sondrio-1.jpg\",\"contentUrl\":\"https:\/\/media-camminiditalia.nbg1.your-objectstorage.com\/wp-content\/uploads\/2023\/08\/Tappa3_SantuariodellaSassella_Sondrio-1.jpg\",\"width\":8094,\"height\":5399,\"caption\":\"Etapa 3: Santuario de Sassella (Sondrio)\"},{\"@type\":\"BreadcrumbList\",\"@id\":\"https:\/\/camminiditalia.org\/es\/cammini\/cammino-mariano-delle-alpi\/#breadcrumb\",\"itemListElement\":[{\"@type\":\"ListItem\",\"position\":1,\"name\":\"Home\",\"item\":\"https:\/\/camminiditalia.org\/es\/inicio\/\"},{\"@type\":\"ListItem\",\"position\":2,\"name\":\"Paseos\",\"item\":\"https:\/\/camminiditalia.org\/es\/cammini\/\"},{\"@type\":\"ListItem\",\"position\":3,\"name\":\"Cammino Mariano delle Alpi\"}]},{\"@type\":\"WebSite\",\"@id\":\"https:\/\/camminiditalia.org\/es\/#website\",\"url\":\"https:\/\/camminiditalia.org\/es\/\",\"name\":\"Cammini d'Italia\",\"description\":\"Plan, walk and share!\",\"publisher\":{\"@id\":\"https:\/\/camminiditalia.org\/es\/#organization\"},\"potentialAction\":[{\"@type\":\"SearchAction\",\"target\":{\"@type\":\"EntryPoint\",\"urlTemplate\":\"https:\/\/camminiditalia.org\/es\/?s={search_term_string}\"},\"query-input\":{\"@type\":\"PropertyValueSpecification\",\"valueRequired\":true,\"valueName\":\"search_term_string\"}}],\"inLanguage\":\"es\"},{\"@type\":\"Organization\",\"@id\":\"https:\/\/camminiditalia.org\/es\/#organization\",\"name\":\"Cammini d'Italia srls\",\"url\":\"https:\/\/camminiditalia.org\/es\/\",\"logo\":{\"@type\":\"ImageObject\",\"inLanguage\":\"es\",\"@id\":\"https:\/\/camminiditalia.org\/es\/#\/schema\/logo\/image\/\",\"url\":\"https:\/\/media-camminiditalia.nbg1.your-objectstorage.com\/wp-content\/uploads\/2023\/08\/Risorsa-2-8-e1690918206850.png\",\"contentUrl\":\"https:\/\/media-camminiditalia.nbg1.your-objectstorage.com\/wp-content\/uploads\/2023\/08\/Risorsa-2-8-e1690918206850.png\",\"width\":1076,\"height\":329,\"caption\":\"Cammini d'Italia srls\"},\"image\":{\"@id\":\"https:\/\/camminiditalia.org\/es\/#\/schema\/logo\/image\/\"}}]}<\/script>\n<!-- \/ Yoast SEO plugin. -->","yoast_head_json":{"title":"Cammino Mariano delle Alpi - Cammini d&#039;Italia","description":"La Cammino Mariano delle Alpi es una ruta de senderismo por la Valtellina que conduce al Santuario de la Madonna di Tirano","robots":{"index":"index","follow":"follow","max-snippet":"max-snippet:-1","max-image-preview":"max-image-preview:large","max-video-preview":"max-video-preview:-1"},"canonical":"https:\/\/camminiditalia.org\/es\/cammini\/cammino-mariano-delle-alpi\/","og_locale":"es_ES","og_type":"article","og_title":"Cammino Mariano delle Alpi - Cammini d&#039;Italia","og_description":"La Cammino Mariano delle Alpi es una ruta de senderismo por la Valtellina que conduce al Santuario de la Madonna di Tirano","og_url":"https:\/\/camminiditalia.org\/es\/cammini\/cammino-mariano-delle-alpi\/","og_site_name":"Cammini d&#039;Italia","article_modified_time":"2025-06-26T07:45:13+00:00","og_image":[{"width":1024,"height":683,"url":"https:\/\/camminiditalia.org\/wp-content\/uploads\/2023\/08\/Tappa3_SantuariodellaSassella_Sondrio-1-1024x683.jpg","type":"image\/jpeg"}],"twitter_card":"summary_large_image","twitter_misc":{"Tiempo de lectura":"1 minuto"},"schema":{"@context":"https:\/\/schema.org","@graph":[{"@type":"WebPage","@id":"https:\/\/camminiditalia.org\/es\/cammini\/cammino-mariano-delle-alpi\/","url":"https:\/\/camminiditalia.org\/es\/cammini\/cammino-mariano-delle-alpi\/","name":"Cammino Mariano delle Alpi - Cammini d&#039;Italia","isPartOf":{"@id":"https:\/\/camminiditalia.org\/es\/#website"},"primaryImageOfPage":{"@id":"https:\/\/camminiditalia.org\/es\/cammini\/cammino-mariano-delle-alpi\/#primaryimage"},"image":{"@id":"https:\/\/camminiditalia.org\/es\/cammini\/cammino-mariano-delle-alpi\/#primaryimage"},"thumbnailUrl":"https:\/\/media-camminiditalia.nbg1.your-objectstorage.com\/wp-content\/uploads\/2023\/08\/Tappa3_SantuariodellaSassella_Sondrio-1.jpg","datePublished":"2023-08-02T09:45:36+00:00","dateModified":"2025-06-26T07:45:13+00:00","description":"La Cammino Mariano delle Alpi es una ruta de senderismo por la Valtellina que conduce al Santuario de la Madonna di Tirano","breadcrumb":{"@id":"https:\/\/camminiditalia.org\/es\/cammini\/cammino-mariano-delle-alpi\/#breadcrumb"},"inLanguage":"es","potentialAction":[{"@type":"ReadAction","target":["https:\/\/camminiditalia.org\/es\/cammini\/cammino-mariano-delle-alpi\/"]}]},{"@type":"ImageObject","inLanguage":"es","@id":"https:\/\/camminiditalia.org\/es\/cammini\/cammino-mariano-delle-alpi\/#primaryimage","url":"https:\/\/media-camminiditalia.nbg1.your-objectstorage.com\/wp-content\/uploads\/2023\/08\/Tappa3_SantuariodellaSassella_Sondrio-1.jpg","contentUrl":"https:\/\/media-camminiditalia.nbg1.your-objectstorage.com\/wp-content\/uploads\/2023\/08\/Tappa3_SantuariodellaSassella_Sondrio-1.jpg","width":8094,"height":5399,"caption":"Etapa 3: Santuario de Sassella (Sondrio)"},{"@type":"BreadcrumbList","@id":"https:\/\/camminiditalia.org\/es\/cammini\/cammino-mariano-delle-alpi\/#breadcrumb","itemListElement":[{"@type":"ListItem","position":1,"name":"Home","item":"https:\/\/camminiditalia.org\/es\/inicio\/"},{"@type":"ListItem","position":2,"name":"Paseos","item":"https:\/\/camminiditalia.org\/es\/cammini\/"},{"@type":"ListItem","position":3,"name":"Cammino Mariano delle Alpi"}]},{"@type":"WebSite","@id":"https:\/\/camminiditalia.org\/es\/#website","url":"https:\/\/camminiditalia.org\/es\/","name":"Cammini d'Italia","description":"Plan, walk and share!","publisher":{"@id":"https:\/\/camminiditalia.org\/es\/#organization"},"potentialAction":[{"@type":"SearchAction","target":{"@type":"EntryPoint","urlTemplate":"https:\/\/camminiditalia.org\/es\/?s={search_term_string}"},"query-input":{"@type":"PropertyValueSpecification","valueRequired":true,"valueName":"search_term_string"}}],"inLanguage":"es"},{"@type":"Organization","@id":"https:\/\/camminiditalia.org\/es\/#organization","name":"Cammini d'Italia srls","url":"https:\/\/camminiditalia.org\/es\/","logo":{"@type":"ImageObject","inLanguage":"es","@id":"https:\/\/camminiditalia.org\/es\/#\/schema\/logo\/image\/","url":"https:\/\/media-camminiditalia.nbg1.your-objectstorage.com\/wp-content\/uploads\/2023\/08\/Risorsa-2-8-e1690918206850.png","contentUrl":"https:\/\/media-camminiditalia.nbg1.your-objectstorage.com\/wp-content\/uploads\/2023\/08\/Risorsa-2-8-e1690918206850.png","width":1076,"height":329,"caption":"Cammini d'Italia srls"},"image":{"@id":"https:\/\/camminiditalia.org\/es\/#\/schema\/logo\/image\/"}}]}},"jetpack_sharing_enabled":true,"_links":{"self":[{"href":"https:\/\/camminiditalia.org\/es\/wp-json\/wp\/v2\/cammini\/67916","targetHints":{"allow":["GET"]}}],"collection":[{"href":"https:\/\/camminiditalia.org\/es\/wp-json\/wp\/v2\/cammini"}],"about":[{"href":"https:\/\/camminiditalia.org\/es\/wp-json\/wp\/v2\/types\/cammini"}],"version-history":[{"count":0,"href":"https:\/\/camminiditalia.org\/es\/wp-json\/wp\/v2\/cammini\/67916\/revisions"}],"wp:featuredmedia":[{"embeddable":true,"href":"https:\/\/camminiditalia.org\/es\/wp-json\/wp\/v2\/media\/63233"}],"wp:attachment":[{"href":"https:\/\/camminiditalia.org\/es\/wp-json\/wp\/v2\/media?parent=67916"}],"wp:term":[{"taxonomy":"category","embeddable":true,"href":"https:\/\/camminiditalia.org\/es\/wp-json\/wp\/v2\/categories?post=67916"}],"curies":[{"name":"wp","href":"https:\/\/api.w.org\/{rel}","templated":true}]}}