
{"id":67984,"date":"2023-09-06T19:14:40","date_gmt":"2023-09-06T17:14:40","guid":{"rendered":"https:\/\/camminiditalia.org\/cammini\/la-via-decia\/"},"modified":"2026-03-02T19:34:49","modified_gmt":"2026-03-02T18:34:49","slug":"la-via-decia","status":"publish","type":"cammini","link":"https:\/\/camminiditalia.org\/es\/cammini\/la-via-decia\/","title":{"rendered":"La Via Decia"},"content":{"rendered":"\n<p id=\"scopriletappe\">Un valle, un r\u00edo, un sendero. Noventa y cinco kil\u00f3metros de senderos en cinco etapas, inmersos en hect\u00e1reas de bosque y pueblos que hablan de siglos de coexistencia entre el hombre y el medio ambiente. Una historia milenaria bajo el signo del mineral de hierro, extra\u00eddo en estas monta\u00f1as desde la \u00e9poca de los antiguos romanos. En 2023, cien a\u00f1os despu\u00e9s del desastre de Gleno, nace \u201cLa Via Decia &#8211; Il Cammino dei boschi di ferro\u201d (El Camino de los bosques de hierro). Una iniciativa del CAI para abrir el cofre del tesoro del Valle Scalve, originalmente el Valle Decia, a los buscadores de belleza. Una joya de los Prealpes lombardos, enclavada entre Val Camonica y Val Seriana, no lejos del lago de Iseo. Una aventura a la sombra del macizo de la Presolana, entre los distritos que vieron nacer al Card. Angelo Maj y del escultor Gi\u00f2 Piccini.         <\/p>\n\n\n\n<p><\/p>\n","protected":false},"excerpt":{"rendered":"<p>Un valle, un r\u00edo, un sendero. Noventa y cinco kil\u00f3metros de senderos en cinco etapas, inmersos en hect\u00e1reas de bosque y pueblos que hablan de siglos de coexistencia entre el hombre y el medio ambiente. Una historia milenaria bajo el signo del mineral de hierro, extra\u00eddo en estas monta\u00f1as desde la \u00e9poca de los antiguos &hellip; <a href=\"https:\/\/camminiditalia.org\/es\/cammini\/la-via-decia\/\">Continued<\/a><\/p>\n","protected":false},"featured_media":63520,"parent":0,"menu_order":0,"template":"","meta":{"_acf_changed":false,"footnotes":""},"categories":[],"class_list":["post-67984","cammini","type-cammini","status-publish","has-post-thumbnail","hentry","regioni-lombardia"],"acf":{"mobile":false,"desktop":false,"app":{"bgImg":{"ID":63522,"id":63522,"title":"galer\u00eda_sitio_web (3)","filename":"website_gallery-3.png","filesize":1229887,"url":"https:\/\/media-camminiditalia.nbg1.your-objectstorage.com\/wp-content\/uploads\/2023\/09\/website_gallery-3.png","link":"https:\/\/camminiditalia.org\/es\/cammini\/la-via-decia\/website_gallery-3-2\/","alt":"La Via Decia","author":"2","description":"","caption":"ETAPA 01 - Colere","name":"website_gallery-3-2","status":"inherit","uploaded_to":67984,"date":"2023-09-06 16:57:53","modified":"2025-06-25 09:32:45","menu_order":0,"mime_type":"image\/png","type":"image","subtype":"png","icon":"https:\/\/camminiditalia.org\/wp-includes\/images\/media\/default.png","width":800,"height":600,"sizes":{"thumbnail":"https:\/\/media-camminiditalia.nbg1.your-objectstorage.com\/wp-content\/uploads\/2023\/09\/website_gallery-3-150x150.png","thumbnail-width":150,"thumbnail-height":150,"medium":"https:\/\/media-camminiditalia.nbg1.your-objectstorage.com\/wp-content\/uploads\/2023\/09\/website_gallery-3-300x225.png","medium-width":300,"medium-height":225,"medium_large":"https:\/\/media-camminiditalia.nbg1.your-objectstorage.com\/wp-content\/uploads\/2023\/09\/website_gallery-3-768x576.png","medium_large-width":768,"medium_large-height":576,"large":"https:\/\/media-camminiditalia.nbg1.your-objectstorage.com\/wp-content\/uploads\/2023\/09\/website_gallery-3.png","large-width":800,"large-height":600,"1536x1536":"https:\/\/media-camminiditalia.nbg1.your-objectstorage.com\/wp-content\/uploads\/2023\/09\/website_gallery-3.png","1536x1536-width":800,"1536x1536-height":600,"2048x2048":"https:\/\/media-camminiditalia.nbg1.your-objectstorage.com\/wp-content\/uploads\/2023\/09\/website_gallery-3.png","2048x2048-width":800,"2048x2048-height":600,"tc_all_events_image":"https:\/\/media-camminiditalia.nbg1.your-objectstorage.com\/wp-content\/uploads\/2023\/09\/website_gallery-3.png","tc_all_events_image-width":800,"tc_all_events_image-height":600,"woocommerce_thumbnail":"https:\/\/media-camminiditalia.nbg1.your-objectstorage.com\/wp-content\/uploads\/2023\/09\/website_gallery-3-300x300.png","woocommerce_thumbnail-width":300,"woocommerce_thumbnail-height":300,"woocommerce_single":"https:\/\/media-camminiditalia.nbg1.your-objectstorage.com\/wp-content\/uploads\/2023\/09\/website_gallery-3-600x450.png","woocommerce_single-width":600,"woocommerce_single-height":450,"woocommerce_gallery_thumbnail":"https:\/\/media-camminiditalia.nbg1.your-objectstorage.com\/wp-content\/uploads\/2023\/09\/website_gallery-3-100x100.png","woocommerce_gallery_thumbnail-width":100,"woocommerce_gallery_thumbnail-height":100}},"title":"La Via Decia ","text":"<p>Con la<a href=\"https:\/\/camminiditalia.org\/app-cammini-d-italia\/\">aplicaci\u00f3n gratuita Cammino di<\/a> <span style=\"font-weight: 400;\"> Dante <\/span>, puedes planificar y recorrer <span style=\"font-weight: 400;\"> la Via Decia <\/span>con total seguridad, pudiendo planificar las etapas al detalle y seguir la ruta gracias a la tecnolog\u00eda GPS integrada que te ayuda a orientarte durante tu aventura.<\/p>\n<p>\u2800En la app encontrar\u00e1s muchas otras rutas de senderismo por Italia. Gracias a los tracks georreferenciados de muchas rutas, podr\u00e1s estudiar la ruta que m\u00e1s te convenga y descargarte los tracks GPX de las etapas individuales sin conexi\u00f3n. <\/p>\n<p>La aplicaci\u00f3n tambi\u00e9n incluye un mapa digital completo de todos los senderos estudiados hasta la fecha en nuestro portal, lo que te ofrece una amplia gama de elecci\u00f3n entre los numerosos senderos de Italia.<\/p>\n<p>\u2800\u2800<br \/>\nCammini d&#8217;Italia es la aplicaci\u00f3n perfecta para quienes desean explorar la belleza de Italia a pie, descubriendo lugares ocultos rodeados de naturaleza. \u00a1Desc\u00e1rgatela gratis hoy mismo y empieza a planear tu pr\u00f3xima aventura! <\/p>\n<p>\u2800<\/p>\n<p>\u2800<\/p>\n<p><a href=\"https:\/\/apps.apple.com\/it\/app\/cammini-di-italia\/id1643119047\" target=\"_blank\" rel=\"noopener\"><img loading=\"lazy\" decoding=\"async\" class=\"alignnone wp-image-23502\" src=\"https:\/\/camminiditalia.org\/wp-content\/uploads\/s3fra1:\/\/camministorage\/wp-content\/uploads\/2023\/04\/apple-300x95.png\" alt=\"\" width=\"190\" height=\"60\" srcset=\"https:\/\/media-camminiditalia.nbg1.your-objectstorage.com\/wp-content\/uploads\/2023\/04\/apple-300x95.png 300w, https:\/\/media-camminiditalia.nbg1.your-objectstorage.com\/wp-content\/uploads\/2023\/04\/apple.png 600w, https:\/\/media-camminiditalia.nbg1.your-objectstorage.com\/wp-content\/uploads\/2023\/04\/apple-1024x323.png 1024w, https:\/\/media-camminiditalia.nbg1.your-objectstorage.com\/wp-content\/uploads\/2023\/04\/apple-768x242.png 768w, https:\/\/media-camminiditalia.nbg1.your-objectstorage.com\/wp-content\/uploads\/2023\/04\/apple.png 1109w\" sizes=\"auto, (max-width: 190px) 100vw, 190px\" \/><\/a>  \u2800\u2800\u2800<a href=\"https:\/\/play.google.com\/store\/apps\/details?id=it.webmapp.cammini&#038;hl=en_US\" target=\"_blank\" rel=\"noopener\"><img loading=\"lazy\" decoding=\"async\" class=\"alignnone wp-image-23503\" src=\"https:\/\/camminiditalia.org\/wp-content\/uploads\/s3fra1:\/\/camministorage\/wp-content\/uploads\/2023\/04\/google-play-300x93.png\" alt=\"\" width=\"193\" height=\"60\" srcset=\"https:\/\/media-camminiditalia.nbg1.your-objectstorage.com\/wp-content\/uploads\/2023\/04\/google-play-300x93.png 300w, https:\/\/media-camminiditalia.nbg1.your-objectstorage.com\/wp-content\/uploads\/2023\/04\/google-play.png 600w, https:\/\/media-camminiditalia.nbg1.your-objectstorage.com\/wp-content\/uploads\/2023\/04\/google-play-1024x318.png 1024w, https:\/\/media-camminiditalia.nbg1.your-objectstorage.com\/wp-content\/uploads\/2023\/04\/google-play-768x239.png 768w, https:\/\/media-camminiditalia.nbg1.your-objectstorage.com\/wp-content\/uploads\/2023\/04\/google-play.png 1106w\" sizes=\"auto, (max-width: 193px) 100vw, 193px\" \/><\/a><\/p>\n","img":{"ID":63486,"id":63486,"title":"App Cammini d'Italia","filename":"app-scontornata-1.png","filesize":40531,"url":"https:\/\/media-camminiditalia.nbg1.your-objectstorage.com\/wp-content\/uploads\/2023\/08\/app-scontornata-1.png","link":"https:\/\/camminiditalia.org\/es\/cammini\/cammino-dei-borghi-silenti\/app-scontornata-2-2\/","alt":"App Cammini d'Italia","author":"2","description":"App Cammini d'Italia","caption":"App Cammini d'Italia","name":"app-scontornata-2-2","status":"inherit","uploaded_to":67972,"date":"2023-08-28 16:32:19","modified":"2025-06-25 09:32:33","menu_order":0,"mime_type":"image\/png","type":"image","subtype":"png","icon":"https:\/\/camminiditalia.org\/wp-includes\/images\/media\/default.png","width":383,"height":569,"sizes":{"thumbnail":"https:\/\/media-camminiditalia.nbg1.your-objectstorage.com\/wp-content\/uploads\/2023\/08\/app-scontornata-1-150x150.png","thumbnail-width":150,"thumbnail-height":150,"medium":"https:\/\/media-camminiditalia.nbg1.your-objectstorage.com\/wp-content\/uploads\/2023\/08\/app-scontornata-1-202x300.png","medium-width":202,"medium-height":300,"medium_large":"https:\/\/media-camminiditalia.nbg1.your-objectstorage.com\/wp-content\/uploads\/2023\/08\/app-scontornata-1.png","medium_large-width":383,"medium_large-height":569,"large":"https:\/\/media-camminiditalia.nbg1.your-objectstorage.com\/wp-content\/uploads\/2023\/08\/app-scontornata-1.png","large-width":383,"large-height":569,"1536x1536":"https:\/\/media-camminiditalia.nbg1.your-objectstorage.com\/wp-content\/uploads\/2023\/08\/app-scontornata-1.png","1536x1536-width":383,"1536x1536-height":569,"2048x2048":"https:\/\/media-camminiditalia.nbg1.your-objectstorage.com\/wp-content\/uploads\/2023\/08\/app-scontornata-1.png","2048x2048-width":383,"2048x2048-height":569,"tc_all_events_image":"https:\/\/media-camminiditalia.nbg1.your-objectstorage.com\/wp-content\/uploads\/2023\/08\/app-scontornata-1.png","tc_all_events_image-width":383,"tc_all_events_image-height":569,"woocommerce_thumbnail":"https:\/\/media-camminiditalia.nbg1.your-objectstorage.com\/wp-content\/uploads\/2023\/08\/app-scontornata-1-300x300.png","woocommerce_thumbnail-width":300,"woocommerce_thumbnail-height":300,"woocommerce_single":"https:\/\/media-camminiditalia.nbg1.your-objectstorage.com\/wp-content\/uploads\/2023\/08\/app-scontornata-1.png","woocommerce_single-width":383,"woocommerce_single-height":569,"woocommerce_gallery_thumbnail":"https:\/\/media-camminiditalia.nbg1.your-objectstorage.com\/wp-content\/uploads\/2023\/08\/app-scontornata-1-100x100.png","woocommerce_gallery_thumbnail-width":100,"woocommerce_gallery_thumbnail-height":100}},"linkBtn":{"title":"","url":"","target":"","0":""},"textBtn":""},"diaries":{"diary":false},"gallery":{"images":[{"img":{"ID":89539,"id":89539,"title":"1","filename":"1.png","filesize":905263,"url":"https:\/\/media-camminiditalia.nbg1.your-objectstorage.com\/2023\/09\/1.png","link":"https:\/\/camminiditalia.org\/es\/cammini\/la-via-decia\/1-188\/","alt":"","author":"2","description":"","caption":"Tappa 01: Cesuli di Colere","name":"1-188","status":"inherit","uploaded_to":25247,"date":"2026-03-09 09:01:19","modified":"2026-03-09 09:02:51","menu_order":0,"mime_type":"image\/png","type":"image","subtype":"png","icon":"https:\/\/camminiditalia.org\/wp-includes\/images\/media\/default.png","width":800,"height":600,"sizes":{"thumbnail":"https:\/\/media-camminiditalia.nbg1.your-objectstorage.com\/2023\/09\/1-150x150.png","thumbnail-width":150,"thumbnail-height":150,"medium":"https:\/\/media-camminiditalia.nbg1.your-objectstorage.com\/2023\/09\/1-300x225.png","medium-width":300,"medium-height":225,"medium_large":"https:\/\/media-camminiditalia.nbg1.your-objectstorage.com\/2023\/09\/1-768x576.png","medium_large-width":768,"medium_large-height":576,"large":"https:\/\/media-camminiditalia.nbg1.your-objectstorage.com\/2023\/09\/1.png","large-width":800,"large-height":600,"1536x1536":"https:\/\/media-camminiditalia.nbg1.your-objectstorage.com\/2023\/09\/1.png","1536x1536-width":800,"1536x1536-height":600,"2048x2048":"https:\/\/media-camminiditalia.nbg1.your-objectstorage.com\/2023\/09\/1.png","2048x2048-width":800,"2048x2048-height":600,"tc_all_events_image":"https:\/\/media-camminiditalia.nbg1.your-objectstorage.com\/2023\/09\/1.png","tc_all_events_image-width":800,"tc_all_events_image-height":600,"woocommerce_thumbnail":"https:\/\/media-camminiditalia.nbg1.your-objectstorage.com\/2023\/09\/1-300x300.png","woocommerce_thumbnail-width":300,"woocommerce_thumbnail-height":300,"woocommerce_single":"https:\/\/media-camminiditalia.nbg1.your-objectstorage.com\/2023\/09\/1-600x450.png","woocommerce_single-width":600,"woocommerce_single-height":450,"woocommerce_gallery_thumbnail":"https:\/\/media-camminiditalia.nbg1.your-objectstorage.com\/2023\/09\/1-100x100.png","woocommerce_gallery_thumbnail-width":100,"woocommerce_gallery_thumbnail-height":100}}},{"img":{"ID":89540,"id":89540,"title":"2","filename":"2.png","filesize":925476,"url":"https:\/\/media-camminiditalia.nbg1.your-objectstorage.com\/2023\/09\/2.png","link":"https:\/\/camminiditalia.org\/es\/cammini\/la-via-decia\/2-185\/","alt":"","author":"2","description":"","caption":"Tappa 01: Chiesetta del Sacro Cuore","name":"2-185","status":"inherit","uploaded_to":25247,"date":"2026-03-09 09:01:26","modified":"2026-03-09 09:03:02","menu_order":0,"mime_type":"image\/png","type":"image","subtype":"png","icon":"https:\/\/camminiditalia.org\/wp-includes\/images\/media\/default.png","width":800,"height":600,"sizes":{"thumbnail":"https:\/\/media-camminiditalia.nbg1.your-objectstorage.com\/2023\/09\/2-150x150.png","thumbnail-width":150,"thumbnail-height":150,"medium":"https:\/\/media-camminiditalia.nbg1.your-objectstorage.com\/2023\/09\/2-300x225.png","medium-width":300,"medium-height":225,"medium_large":"https:\/\/media-camminiditalia.nbg1.your-objectstorage.com\/2023\/09\/2-768x576.png","medium_large-width":768,"medium_large-height":576,"large":"https:\/\/media-camminiditalia.nbg1.your-objectstorage.com\/2023\/09\/2.png","large-width":800,"large-height":600,"1536x1536":"https:\/\/media-camminiditalia.nbg1.your-objectstorage.com\/2023\/09\/2.png","1536x1536-width":800,"1536x1536-height":600,"2048x2048":"https:\/\/media-camminiditalia.nbg1.your-objectstorage.com\/2023\/09\/2.png","2048x2048-width":800,"2048x2048-height":600,"tc_all_events_image":"https:\/\/media-camminiditalia.nbg1.your-objectstorage.com\/2023\/09\/2.png","tc_all_events_image-width":800,"tc_all_events_image-height":600,"woocommerce_thumbnail":"https:\/\/media-camminiditalia.nbg1.your-objectstorage.com\/2023\/09\/2-300x300.png","woocommerce_thumbnail-width":300,"woocommerce_thumbnail-height":300,"woocommerce_single":"https:\/\/media-camminiditalia.nbg1.your-objectstorage.com\/2023\/09\/2-600x450.png","woocommerce_single-width":600,"woocommerce_single-height":450,"woocommerce_gallery_thumbnail":"https:\/\/media-camminiditalia.nbg1.your-objectstorage.com\/2023\/09\/2-100x100.png","woocommerce_gallery_thumbnail-width":100,"woocommerce_gallery_thumbnail-height":100}}},{"img":{"ID":89541,"id":89541,"title":"3","filename":"3.png","filesize":858945,"url":"https:\/\/media-camminiditalia.nbg1.your-objectstorage.com\/2023\/09\/3.png","link":"https:\/\/camminiditalia.org\/es\/cammini\/la-via-decia\/3-167\/","alt":"","author":"2","description":"","caption":"Tappa 01: Darfo Boario Terme","name":"3-167","status":"inherit","uploaded_to":25247,"date":"2026-03-09 09:01:32","modified":"2026-03-09 09:03:10","menu_order":0,"mime_type":"image\/png","type":"image","subtype":"png","icon":"https:\/\/camminiditalia.org\/wp-includes\/images\/media\/default.png","width":800,"height":600,"sizes":{"thumbnail":"https:\/\/media-camminiditalia.nbg1.your-objectstorage.com\/2023\/09\/3-150x150.png","thumbnail-width":150,"thumbnail-height":150,"medium":"https:\/\/media-camminiditalia.nbg1.your-objectstorage.com\/2023\/09\/3-300x225.png","medium-width":300,"medium-height":225,"medium_large":"https:\/\/media-camminiditalia.nbg1.your-objectstorage.com\/2023\/09\/3-768x576.png","medium_large-width":768,"medium_large-height":576,"large":"https:\/\/media-camminiditalia.nbg1.your-objectstorage.com\/2023\/09\/3.png","large-width":800,"large-height":600,"1536x1536":"https:\/\/media-camminiditalia.nbg1.your-objectstorage.com\/2023\/09\/3.png","1536x1536-width":800,"1536x1536-height":600,"2048x2048":"https:\/\/media-camminiditalia.nbg1.your-objectstorage.com\/2023\/09\/3.png","2048x2048-width":800,"2048x2048-height":600,"tc_all_events_image":"https:\/\/media-camminiditalia.nbg1.your-objectstorage.com\/2023\/09\/3.png","tc_all_events_image-width":800,"tc_all_events_image-height":600,"woocommerce_thumbnail":"https:\/\/media-camminiditalia.nbg1.your-objectstorage.com\/2023\/09\/3-300x300.png","woocommerce_thumbnail-width":300,"woocommerce_thumbnail-height":300,"woocommerce_single":"https:\/\/media-camminiditalia.nbg1.your-objectstorage.com\/2023\/09\/3-600x450.png","woocommerce_single-width":600,"woocommerce_single-height":450,"woocommerce_gallery_thumbnail":"https:\/\/media-camminiditalia.nbg1.your-objectstorage.com\/2023\/09\/3-100x100.png","woocommerce_gallery_thumbnail-width":100,"woocommerce_gallery_thumbnail-height":100}}},{"img":{"ID":89551,"id":89551,"title":"13","filename":"13.png","filesize":1091802,"url":"https:\/\/media-camminiditalia.nbg1.your-objectstorage.com\/2023\/09\/13.png","link":"https:\/\/camminiditalia.org\/es\/cammini\/la-via-decia\/13-12\/","alt":"","author":"2","description":"","caption":"Tappa 01: Colere","name":"13-12","status":"inherit","uploaded_to":25247,"date":"2026-03-09 09:02:40","modified":"2026-03-09 09:05:25","menu_order":0,"mime_type":"image\/png","type":"image","subtype":"png","icon":"https:\/\/camminiditalia.org\/wp-includes\/images\/media\/default.png","width":800,"height":600,"sizes":{"thumbnail":"https:\/\/media-camminiditalia.nbg1.your-objectstorage.com\/2023\/09\/13-150x150.png","thumbnail-width":150,"thumbnail-height":150,"medium":"https:\/\/media-camminiditalia.nbg1.your-objectstorage.com\/2023\/09\/13-300x225.png","medium-width":300,"medium-height":225,"medium_large":"https:\/\/media-camminiditalia.nbg1.your-objectstorage.com\/2023\/09\/13-768x576.png","medium_large-width":768,"medium_large-height":576,"large":"https:\/\/media-camminiditalia.nbg1.your-objectstorage.com\/2023\/09\/13.png","large-width":800,"large-height":600,"1536x1536":"https:\/\/media-camminiditalia.nbg1.your-objectstorage.com\/2023\/09\/13.png","1536x1536-width":800,"1536x1536-height":600,"2048x2048":"https:\/\/media-camminiditalia.nbg1.your-objectstorage.com\/2023\/09\/13.png","2048x2048-width":800,"2048x2048-height":600,"tc_all_events_image":"https:\/\/media-camminiditalia.nbg1.your-objectstorage.com\/2023\/09\/13.png","tc_all_events_image-width":800,"tc_all_events_image-height":600,"woocommerce_thumbnail":"https:\/\/media-camminiditalia.nbg1.your-objectstorage.com\/2023\/09\/13-300x300.png","woocommerce_thumbnail-width":300,"woocommerce_thumbnail-height":300,"woocommerce_single":"https:\/\/media-camminiditalia.nbg1.your-objectstorage.com\/2023\/09\/13-600x450.png","woocommerce_single-width":600,"woocommerce_single-height":450,"woocommerce_gallery_thumbnail":"https:\/\/media-camminiditalia.nbg1.your-objectstorage.com\/2023\/09\/13-100x100.png","woocommerce_gallery_thumbnail-width":100,"woocommerce_gallery_thumbnail-height":100}}},{"img":{"ID":89550,"id":89550,"title":"12","filename":"12.png","filesize":1019327,"url":"https:\/\/media-camminiditalia.nbg1.your-objectstorage.com\/2023\/09\/12.png","link":"https:\/\/camminiditalia.org\/es\/cammini\/la-via-decia\/12-14\/","alt":"","author":"2","description":"","caption":"Tappa 01: lago Moro","name":"12-14","status":"inherit","uploaded_to":25247,"date":"2026-03-09 09:02:34","modified":"2026-03-09 09:05:39","menu_order":0,"mime_type":"image\/png","type":"image","subtype":"png","icon":"https:\/\/camminiditalia.org\/wp-includes\/images\/media\/default.png","width":800,"height":600,"sizes":{"thumbnail":"https:\/\/media-camminiditalia.nbg1.your-objectstorage.com\/2023\/09\/12-150x150.png","thumbnail-width":150,"thumbnail-height":150,"medium":"https:\/\/media-camminiditalia.nbg1.your-objectstorage.com\/2023\/09\/12-300x225.png","medium-width":300,"medium-height":225,"medium_large":"https:\/\/media-camminiditalia.nbg1.your-objectstorage.com\/2023\/09\/12-768x576.png","medium_large-width":768,"medium_large-height":576,"large":"https:\/\/media-camminiditalia.nbg1.your-objectstorage.com\/2023\/09\/12.png","large-width":800,"large-height":600,"1536x1536":"https:\/\/media-camminiditalia.nbg1.your-objectstorage.com\/2023\/09\/12.png","1536x1536-width":800,"1536x1536-height":600,"2048x2048":"https:\/\/media-camminiditalia.nbg1.your-objectstorage.com\/2023\/09\/12.png","2048x2048-width":800,"2048x2048-height":600,"tc_all_events_image":"https:\/\/media-camminiditalia.nbg1.your-objectstorage.com\/2023\/09\/12.png","tc_all_events_image-width":800,"tc_all_events_image-height":600,"woocommerce_thumbnail":"https:\/\/media-camminiditalia.nbg1.your-objectstorage.com\/2023\/09\/12-300x300.png","woocommerce_thumbnail-width":300,"woocommerce_thumbnail-height":300,"woocommerce_single":"https:\/\/media-camminiditalia.nbg1.your-objectstorage.com\/2023\/09\/12-600x450.png","woocommerce_single-width":600,"woocommerce_single-height":450,"woocommerce_gallery_thumbnail":"https:\/\/media-camminiditalia.nbg1.your-objectstorage.com\/2023\/09\/12-100x100.png","woocommerce_gallery_thumbnail-width":100,"woocommerce_gallery_thumbnail-height":100}}},{"img":{"ID":89542,"id":89542,"title":"4","filename":"4.png","filesize":951154,"url":"https:\/\/media-camminiditalia.nbg1.your-objectstorage.com\/2023\/09\/4.png","link":"https:\/\/camminiditalia.org\/es\/cammini\/la-via-decia\/4-148\/","alt":"","author":"2","description":"","caption":"Tappa 02: Pizzo Camino","name":"4-148","status":"inherit","uploaded_to":25247,"date":"2026-03-09 09:01:42","modified":"2026-03-09 09:03:27","menu_order":0,"mime_type":"image\/png","type":"image","subtype":"png","icon":"https:\/\/camminiditalia.org\/wp-includes\/images\/media\/default.png","width":800,"height":600,"sizes":{"thumbnail":"https:\/\/media-camminiditalia.nbg1.your-objectstorage.com\/2023\/09\/4-150x150.png","thumbnail-width":150,"thumbnail-height":150,"medium":"https:\/\/media-camminiditalia.nbg1.your-objectstorage.com\/2023\/09\/4-300x225.png","medium-width":300,"medium-height":225,"medium_large":"https:\/\/media-camminiditalia.nbg1.your-objectstorage.com\/2023\/09\/4-768x576.png","medium_large-width":768,"medium_large-height":576,"large":"https:\/\/media-camminiditalia.nbg1.your-objectstorage.com\/2023\/09\/4.png","large-width":800,"large-height":600,"1536x1536":"https:\/\/media-camminiditalia.nbg1.your-objectstorage.com\/2023\/09\/4.png","1536x1536-width":800,"1536x1536-height":600,"2048x2048":"https:\/\/media-camminiditalia.nbg1.your-objectstorage.com\/2023\/09\/4.png","2048x2048-width":800,"2048x2048-height":600,"tc_all_events_image":"https:\/\/media-camminiditalia.nbg1.your-objectstorage.com\/2023\/09\/4.png","tc_all_events_image-width":800,"tc_all_events_image-height":600,"woocommerce_thumbnail":"https:\/\/media-camminiditalia.nbg1.your-objectstorage.com\/2023\/09\/4-300x300.png","woocommerce_thumbnail-width":300,"woocommerce_thumbnail-height":300,"woocommerce_single":"https:\/\/media-camminiditalia.nbg1.your-objectstorage.com\/2023\/09\/4-600x450.png","woocommerce_single-width":600,"woocommerce_single-height":450,"woocommerce_gallery_thumbnail":"https:\/\/media-camminiditalia.nbg1.your-objectstorage.com\/2023\/09\/4-100x100.png","woocommerce_gallery_thumbnail-width":100,"woocommerce_gallery_thumbnail-height":100}}},{"img":{"ID":89543,"id":89543,"title":"5","filename":"5.png","filesize":1052034,"url":"https:\/\/media-camminiditalia.nbg1.your-objectstorage.com\/2023\/09\/5.png","link":"https:\/\/camminiditalia.org\/es\/cammini\/la-via-decia\/5-112\/","alt":"","author":"2","description":"","caption":"Tappa 02: ruderi diga del Gleno","name":"5-112","status":"inherit","uploaded_to":25247,"date":"2026-03-09 09:01:49","modified":"2026-03-09 09:03:48","menu_order":0,"mime_type":"image\/png","type":"image","subtype":"png","icon":"https:\/\/camminiditalia.org\/wp-includes\/images\/media\/default.png","width":800,"height":600,"sizes":{"thumbnail":"https:\/\/media-camminiditalia.nbg1.your-objectstorage.com\/2023\/09\/5-150x150.png","thumbnail-width":150,"thumbnail-height":150,"medium":"https:\/\/media-camminiditalia.nbg1.your-objectstorage.com\/2023\/09\/5-300x225.png","medium-width":300,"medium-height":225,"medium_large":"https:\/\/media-camminiditalia.nbg1.your-objectstorage.com\/2023\/09\/5-768x576.png","medium_large-width":768,"medium_large-height":576,"large":"https:\/\/media-camminiditalia.nbg1.your-objectstorage.com\/2023\/09\/5.png","large-width":800,"large-height":600,"1536x1536":"https:\/\/media-camminiditalia.nbg1.your-objectstorage.com\/2023\/09\/5.png","1536x1536-width":800,"1536x1536-height":600,"2048x2048":"https:\/\/media-camminiditalia.nbg1.your-objectstorage.com\/2023\/09\/5.png","2048x2048-width":800,"2048x2048-height":600,"tc_all_events_image":"https:\/\/media-camminiditalia.nbg1.your-objectstorage.com\/2023\/09\/5.png","tc_all_events_image-width":800,"tc_all_events_image-height":600,"woocommerce_thumbnail":"https:\/\/media-camminiditalia.nbg1.your-objectstorage.com\/2023\/09\/5-300x300.png","woocommerce_thumbnail-width":300,"woocommerce_thumbnail-height":300,"woocommerce_single":"https:\/\/media-camminiditalia.nbg1.your-objectstorage.com\/2023\/09\/5-600x450.png","woocommerce_single-width":600,"woocommerce_single-height":450,"woocommerce_gallery_thumbnail":"https:\/\/media-camminiditalia.nbg1.your-objectstorage.com\/2023\/09\/5-100x100.png","woocommerce_gallery_thumbnail-width":100,"woocommerce_gallery_thumbnail-height":100}}},{"img":{"ID":89532,"id":89532,"title":"15","filename":"15.png","filesize":1028658,"url":"https:\/\/media-camminiditalia.nbg1.your-objectstorage.com\/2023\/09\/15.png","link":"https:\/\/camminiditalia.org\/es\/cammini\/la-via-decia\/15-9\/","alt":"","author":"2","description":"","caption":"Tappa 02: sentiero per la diga del Gleno","name":"15-9","status":"inherit","uploaded_to":25247,"date":"2026-03-09 09:00:14","modified":"2026-03-09 09:05:55","menu_order":0,"mime_type":"image\/png","type":"image","subtype":"png","icon":"https:\/\/camminiditalia.org\/wp-includes\/images\/media\/default.png","width":800,"height":600,"sizes":{"thumbnail":"https:\/\/media-camminiditalia.nbg1.your-objectstorage.com\/2023\/09\/15-150x150.png","thumbnail-width":150,"thumbnail-height":150,"medium":"https:\/\/media-camminiditalia.nbg1.your-objectstorage.com\/2023\/09\/15-300x225.png","medium-width":300,"medium-height":225,"medium_large":"https:\/\/media-camminiditalia.nbg1.your-objectstorage.com\/2023\/09\/15-768x576.png","medium_large-width":768,"medium_large-height":576,"large":"https:\/\/media-camminiditalia.nbg1.your-objectstorage.com\/2023\/09\/15.png","large-width":800,"large-height":600,"1536x1536":"https:\/\/media-camminiditalia.nbg1.your-objectstorage.com\/2023\/09\/15.png","1536x1536-width":800,"1536x1536-height":600,"2048x2048":"https:\/\/media-camminiditalia.nbg1.your-objectstorage.com\/2023\/09\/15.png","2048x2048-width":800,"2048x2048-height":600,"tc_all_events_image":"https:\/\/media-camminiditalia.nbg1.your-objectstorage.com\/2023\/09\/15.png","tc_all_events_image-width":800,"tc_all_events_image-height":600,"woocommerce_thumbnail":"https:\/\/media-camminiditalia.nbg1.your-objectstorage.com\/2023\/09\/15-300x300.png","woocommerce_thumbnail-width":300,"woocommerce_thumbnail-height":300,"woocommerce_single":"https:\/\/media-camminiditalia.nbg1.your-objectstorage.com\/2023\/09\/15-600x450.png","woocommerce_single-width":600,"woocommerce_single-height":450,"woocommerce_gallery_thumbnail":"https:\/\/media-camminiditalia.nbg1.your-objectstorage.com\/2023\/09\/15-100x100.png","woocommerce_gallery_thumbnail-width":100,"woocommerce_gallery_thumbnail-height":100}}},{"img":{"ID":89552,"id":89552,"title":"14","filename":"14.png","filesize":946835,"url":"https:\/\/media-camminiditalia.nbg1.your-objectstorage.com\/2023\/09\/14.png","link":"https:\/\/camminiditalia.org\/es\/cammini\/la-via-decia\/14-12\/","alt":"","author":"2","description":"","caption":"Tappa 02: Vilminore di Scalve","name":"14-12","status":"inherit","uploaded_to":25247,"date":"2026-03-09 09:02:46","modified":"2026-03-09 09:06:08","menu_order":0,"mime_type":"image\/png","type":"image","subtype":"png","icon":"https:\/\/camminiditalia.org\/wp-includes\/images\/media\/default.png","width":800,"height":600,"sizes":{"thumbnail":"https:\/\/media-camminiditalia.nbg1.your-objectstorage.com\/2023\/09\/14-150x150.png","thumbnail-width":150,"thumbnail-height":150,"medium":"https:\/\/media-camminiditalia.nbg1.your-objectstorage.com\/2023\/09\/14-300x225.png","medium-width":300,"medium-height":225,"medium_large":"https:\/\/media-camminiditalia.nbg1.your-objectstorage.com\/2023\/09\/14-768x576.png","medium_large-width":768,"medium_large-height":576,"large":"https:\/\/media-camminiditalia.nbg1.your-objectstorage.com\/2023\/09\/14.png","large-width":800,"large-height":600,"1536x1536":"https:\/\/media-camminiditalia.nbg1.your-objectstorage.com\/2023\/09\/14.png","1536x1536-width":800,"1536x1536-height":600,"2048x2048":"https:\/\/media-camminiditalia.nbg1.your-objectstorage.com\/2023\/09\/14.png","2048x2048-width":800,"2048x2048-height":600,"tc_all_events_image":"https:\/\/media-camminiditalia.nbg1.your-objectstorage.com\/2023\/09\/14.png","tc_all_events_image-width":800,"tc_all_events_image-height":600,"woocommerce_thumbnail":"https:\/\/media-camminiditalia.nbg1.your-objectstorage.com\/2023\/09\/14-300x300.png","woocommerce_thumbnail-width":300,"woocommerce_thumbnail-height":300,"woocommerce_single":"https:\/\/media-camminiditalia.nbg1.your-objectstorage.com\/2023\/09\/14-600x450.png","woocommerce_single-width":600,"woocommerce_single-height":450,"woocommerce_gallery_thumbnail":"https:\/\/media-camminiditalia.nbg1.your-objectstorage.com\/2023\/09\/14-100x100.png","woocommerce_gallery_thumbnail-width":100,"woocommerce_gallery_thumbnail-height":100}}},{"img":{"ID":89534,"id":89534,"title":"17","filename":"17.png","filesize":1083206,"url":"https:\/\/media-camminiditalia.nbg1.your-objectstorage.com\/2023\/09\/17.png","link":"https:\/\/camminiditalia.org\/es\/cammini\/la-via-decia\/17-10\/","alt":"","author":"2","description":"","caption":"Tappa 03: cascata del Vo","name":"17-10","status":"inherit","uploaded_to":25247,"date":"2026-03-09 09:00:30","modified":"2026-03-09 09:06:22","menu_order":0,"mime_type":"image\/png","type":"image","subtype":"png","icon":"https:\/\/camminiditalia.org\/wp-includes\/images\/media\/default.png","width":800,"height":600,"sizes":{"thumbnail":"https:\/\/media-camminiditalia.nbg1.your-objectstorage.com\/2023\/09\/17-150x150.png","thumbnail-width":150,"thumbnail-height":150,"medium":"https:\/\/media-camminiditalia.nbg1.your-objectstorage.com\/2023\/09\/17-300x225.png","medium-width":300,"medium-height":225,"medium_large":"https:\/\/media-camminiditalia.nbg1.your-objectstorage.com\/2023\/09\/17-768x576.png","medium_large-width":768,"medium_large-height":576,"large":"https:\/\/media-camminiditalia.nbg1.your-objectstorage.com\/2023\/09\/17.png","large-width":800,"large-height":600,"1536x1536":"https:\/\/media-camminiditalia.nbg1.your-objectstorage.com\/2023\/09\/17.png","1536x1536-width":800,"1536x1536-height":600,"2048x2048":"https:\/\/media-camminiditalia.nbg1.your-objectstorage.com\/2023\/09\/17.png","2048x2048-width":800,"2048x2048-height":600,"tc_all_events_image":"https:\/\/media-camminiditalia.nbg1.your-objectstorage.com\/2023\/09\/17.png","tc_all_events_image-width":800,"tc_all_events_image-height":600,"woocommerce_thumbnail":"https:\/\/media-camminiditalia.nbg1.your-objectstorage.com\/2023\/09\/17-300x300.png","woocommerce_thumbnail-width":300,"woocommerce_thumbnail-height":300,"woocommerce_single":"https:\/\/media-camminiditalia.nbg1.your-objectstorage.com\/2023\/09\/17-600x450.png","woocommerce_single-width":600,"woocommerce_single-height":450,"woocommerce_gallery_thumbnail":"https:\/\/media-camminiditalia.nbg1.your-objectstorage.com\/2023\/09\/17-100x100.png","woocommerce_gallery_thumbnail-width":100,"woocommerce_gallery_thumbnail-height":100}}},{"img":{"ID":89533,"id":89533,"title":"16","filename":"16.png","filesize":996350,"url":"https:\/\/media-camminiditalia.nbg1.your-objectstorage.com\/2023\/09\/16.png","link":"https:\/\/camminiditalia.org\/es\/cammini\/la-via-decia\/16-10\/","alt":"","author":"2","description":"","caption":"Tappa 03: fienile Comen","name":"16-10","status":"inherit","uploaded_to":25247,"date":"2026-03-09 09:00:23","modified":"2026-03-09 09:06:31","menu_order":0,"mime_type":"image\/png","type":"image","subtype":"png","icon":"https:\/\/camminiditalia.org\/wp-includes\/images\/media\/default.png","width":800,"height":600,"sizes":{"thumbnail":"https:\/\/media-camminiditalia.nbg1.your-objectstorage.com\/2023\/09\/16-150x150.png","thumbnail-width":150,"thumbnail-height":150,"medium":"https:\/\/media-camminiditalia.nbg1.your-objectstorage.com\/2023\/09\/16-300x225.png","medium-width":300,"medium-height":225,"medium_large":"https:\/\/media-camminiditalia.nbg1.your-objectstorage.com\/2023\/09\/16-768x576.png","medium_large-width":768,"medium_large-height":576,"large":"https:\/\/media-camminiditalia.nbg1.your-objectstorage.com\/2023\/09\/16.png","large-width":800,"large-height":600,"1536x1536":"https:\/\/media-camminiditalia.nbg1.your-objectstorage.com\/2023\/09\/16.png","1536x1536-width":800,"1536x1536-height":600,"2048x2048":"https:\/\/media-camminiditalia.nbg1.your-objectstorage.com\/2023\/09\/16.png","2048x2048-width":800,"2048x2048-height":600,"tc_all_events_image":"https:\/\/media-camminiditalia.nbg1.your-objectstorage.com\/2023\/09\/16.png","tc_all_events_image-width":800,"tc_all_events_image-height":600,"woocommerce_thumbnail":"https:\/\/media-camminiditalia.nbg1.your-objectstorage.com\/2023\/09\/16-300x300.png","woocommerce_thumbnail-width":300,"woocommerce_thumbnail-height":300,"woocommerce_single":"https:\/\/media-camminiditalia.nbg1.your-objectstorage.com\/2023\/09\/16-600x450.png","woocommerce_single-width":600,"woocommerce_single-height":450,"woocommerce_gallery_thumbnail":"https:\/\/media-camminiditalia.nbg1.your-objectstorage.com\/2023\/09\/16-100x100.png","woocommerce_gallery_thumbnail-width":100,"woocommerce_gallery_thumbnail-height":100}}},{"img":{"ID":89536,"id":89536,"title":"19","filename":"19.png","filesize":941023,"url":"https:\/\/media-camminiditalia.nbg1.your-objectstorage.com\/2023\/09\/19.png","link":"https:\/\/camminiditalia.org\/es\/cammini\/la-via-decia\/19-5\/","alt":"","author":"2","description":"","caption":"Tappa 03: Schilpario","name":"19-5","status":"inherit","uploaded_to":25247,"date":"2026-03-09 09:00:56","modified":"2026-03-09 09:06:38","menu_order":0,"mime_type":"image\/png","type":"image","subtype":"png","icon":"https:\/\/camminiditalia.org\/wp-includes\/images\/media\/default.png","width":800,"height":600,"sizes":{"thumbnail":"https:\/\/media-camminiditalia.nbg1.your-objectstorage.com\/2023\/09\/19-150x150.png","thumbnail-width":150,"thumbnail-height":150,"medium":"https:\/\/media-camminiditalia.nbg1.your-objectstorage.com\/2023\/09\/19-300x225.png","medium-width":300,"medium-height":225,"medium_large":"https:\/\/media-camminiditalia.nbg1.your-objectstorage.com\/2023\/09\/19-768x576.png","medium_large-width":768,"medium_large-height":576,"large":"https:\/\/media-camminiditalia.nbg1.your-objectstorage.com\/2023\/09\/19.png","large-width":800,"large-height":600,"1536x1536":"https:\/\/media-camminiditalia.nbg1.your-objectstorage.com\/2023\/09\/19.png","1536x1536-width":800,"1536x1536-height":600,"2048x2048":"https:\/\/media-camminiditalia.nbg1.your-objectstorage.com\/2023\/09\/19.png","2048x2048-width":800,"2048x2048-height":600,"tc_all_events_image":"https:\/\/media-camminiditalia.nbg1.your-objectstorage.com\/2023\/09\/19.png","tc_all_events_image-width":800,"tc_all_events_image-height":600,"woocommerce_thumbnail":"https:\/\/media-camminiditalia.nbg1.your-objectstorage.com\/2023\/09\/19-300x300.png","woocommerce_thumbnail-width":300,"woocommerce_thumbnail-height":300,"woocommerce_single":"https:\/\/media-camminiditalia.nbg1.your-objectstorage.com\/2023\/09\/19-600x450.png","woocommerce_single-width":600,"woocommerce_single-height":450,"woocommerce_gallery_thumbnail":"https:\/\/media-camminiditalia.nbg1.your-objectstorage.com\/2023\/09\/19-100x100.png","woocommerce_gallery_thumbnail-width":100,"woocommerce_gallery_thumbnail-height":100}}},{"img":{"ID":89544,"id":89544,"title":"6","filename":"6.png","filesize":1132789,"url":"https:\/\/media-camminiditalia.nbg1.your-objectstorage.com\/2023\/09\/6.png","link":"https:\/\/camminiditalia.org\/es\/cammini\/la-via-decia\/6-85\/","alt":"","author":"2","description":"","caption":"Tappa 03: pecceta valle del Vo","name":"6-85","status":"inherit","uploaded_to":25247,"date":"2026-03-09 09:01:54","modified":"2026-03-09 09:04:02","menu_order":0,"mime_type":"image\/png","type":"image","subtype":"png","icon":"https:\/\/camminiditalia.org\/wp-includes\/images\/media\/default.png","width":800,"height":600,"sizes":{"thumbnail":"https:\/\/media-camminiditalia.nbg1.your-objectstorage.com\/2023\/09\/6-150x150.png","thumbnail-width":150,"thumbnail-height":150,"medium":"https:\/\/media-camminiditalia.nbg1.your-objectstorage.com\/2023\/09\/6-300x225.png","medium-width":300,"medium-height":225,"medium_large":"https:\/\/media-camminiditalia.nbg1.your-objectstorage.com\/2023\/09\/6-768x576.png","medium_large-width":768,"medium_large-height":576,"large":"https:\/\/media-camminiditalia.nbg1.your-objectstorage.com\/2023\/09\/6.png","large-width":800,"large-height":600,"1536x1536":"https:\/\/media-camminiditalia.nbg1.your-objectstorage.com\/2023\/09\/6.png","1536x1536-width":800,"1536x1536-height":600,"2048x2048":"https:\/\/media-camminiditalia.nbg1.your-objectstorage.com\/2023\/09\/6.png","2048x2048-width":800,"2048x2048-height":600,"tc_all_events_image":"https:\/\/media-camminiditalia.nbg1.your-objectstorage.com\/2023\/09\/6.png","tc_all_events_image-width":800,"tc_all_events_image-height":600,"woocommerce_thumbnail":"https:\/\/media-camminiditalia.nbg1.your-objectstorage.com\/2023\/09\/6-300x300.png","woocommerce_thumbnail-width":300,"woocommerce_thumbnail-height":300,"woocommerce_single":"https:\/\/media-camminiditalia.nbg1.your-objectstorage.com\/2023\/09\/6-600x450.png","woocommerce_single-width":600,"woocommerce_single-height":450,"woocommerce_gallery_thumbnail":"https:\/\/media-camminiditalia.nbg1.your-objectstorage.com\/2023\/09\/6-100x100.png","woocommerce_gallery_thumbnail-width":100,"woocommerce_gallery_thumbnail-height":100}}},{"img":{"ID":89545,"id":89545,"title":"7","filename":"7.png","filesize":936475,"url":"https:\/\/media-camminiditalia.nbg1.your-objectstorage.com\/2023\/09\/7.png","link":"https:\/\/camminiditalia.org\/es\/cammini\/la-via-decia\/7-59\/","alt":"","author":"2","description":"","caption":"Tappa 04: chiesetta degli alpini","name":"7-59","status":"inherit","uploaded_to":25247,"date":"2026-03-09 09:01:59","modified":"2026-03-09 09:04:20","menu_order":0,"mime_type":"image\/png","type":"image","subtype":"png","icon":"https:\/\/camminiditalia.org\/wp-includes\/images\/media\/default.png","width":800,"height":600,"sizes":{"thumbnail":"https:\/\/media-camminiditalia.nbg1.your-objectstorage.com\/2023\/09\/7-150x150.png","thumbnail-width":150,"thumbnail-height":150,"medium":"https:\/\/media-camminiditalia.nbg1.your-objectstorage.com\/2023\/09\/7-300x225.png","medium-width":300,"medium-height":225,"medium_large":"https:\/\/media-camminiditalia.nbg1.your-objectstorage.com\/2023\/09\/7-768x576.png","medium_large-width":768,"medium_large-height":576,"large":"https:\/\/media-camminiditalia.nbg1.your-objectstorage.com\/2023\/09\/7.png","large-width":800,"large-height":600,"1536x1536":"https:\/\/media-camminiditalia.nbg1.your-objectstorage.com\/2023\/09\/7.png","1536x1536-width":800,"1536x1536-height":600,"2048x2048":"https:\/\/media-camminiditalia.nbg1.your-objectstorage.com\/2023\/09\/7.png","2048x2048-width":800,"2048x2048-height":600,"tc_all_events_image":"https:\/\/media-camminiditalia.nbg1.your-objectstorage.com\/2023\/09\/7.png","tc_all_events_image-width":800,"tc_all_events_image-height":600,"woocommerce_thumbnail":"https:\/\/media-camminiditalia.nbg1.your-objectstorage.com\/2023\/09\/7-300x300.png","woocommerce_thumbnail-width":300,"woocommerce_thumbnail-height":300,"woocommerce_single":"https:\/\/media-camminiditalia.nbg1.your-objectstorage.com\/2023\/09\/7-600x450.png","woocommerce_single-width":600,"woocommerce_single-height":450,"woocommerce_gallery_thumbnail":"https:\/\/media-camminiditalia.nbg1.your-objectstorage.com\/2023\/09\/7-100x100.png","woocommerce_gallery_thumbnail-width":100,"woocommerce_gallery_thumbnail-height":100}}},{"img":{"ID":89546,"id":89546,"title":"8","filename":"8.png","filesize":856544,"url":"https:\/\/media-camminiditalia.nbg1.your-objectstorage.com\/2023\/09\/8.png","link":"https:\/\/camminiditalia.org\/es\/cammini\/la-via-decia\/8-46\/","alt":"","author":"2","description":"","caption":"Tappa 04: fontana di Azzone","name":"8-46","status":"inherit","uploaded_to":25247,"date":"2026-03-09 09:02:05","modified":"2026-03-09 09:04:30","menu_order":0,"mime_type":"image\/png","type":"image","subtype":"png","icon":"https:\/\/camminiditalia.org\/wp-includes\/images\/media\/default.png","width":800,"height":600,"sizes":{"thumbnail":"https:\/\/media-camminiditalia.nbg1.your-objectstorage.com\/2023\/09\/8-150x150.png","thumbnail-width":150,"thumbnail-height":150,"medium":"https:\/\/media-camminiditalia.nbg1.your-objectstorage.com\/2023\/09\/8-300x225.png","medium-width":300,"medium-height":225,"medium_large":"https:\/\/media-camminiditalia.nbg1.your-objectstorage.com\/2023\/09\/8-768x576.png","medium_large-width":768,"medium_large-height":576,"large":"https:\/\/media-camminiditalia.nbg1.your-objectstorage.com\/2023\/09\/8.png","large-width":800,"large-height":600,"1536x1536":"https:\/\/media-camminiditalia.nbg1.your-objectstorage.com\/2023\/09\/8.png","1536x1536-width":800,"1536x1536-height":600,"2048x2048":"https:\/\/media-camminiditalia.nbg1.your-objectstorage.com\/2023\/09\/8.png","2048x2048-width":800,"2048x2048-height":600,"tc_all_events_image":"https:\/\/media-camminiditalia.nbg1.your-objectstorage.com\/2023\/09\/8.png","tc_all_events_image-width":800,"tc_all_events_image-height":600,"woocommerce_thumbnail":"https:\/\/media-camminiditalia.nbg1.your-objectstorage.com\/2023\/09\/8-300x300.png","woocommerce_thumbnail-width":300,"woocommerce_thumbnail-height":300,"woocommerce_single":"https:\/\/media-camminiditalia.nbg1.your-objectstorage.com\/2023\/09\/8-600x450.png","woocommerce_single-width":600,"woocommerce_single-height":450,"woocommerce_gallery_thumbnail":"https:\/\/media-camminiditalia.nbg1.your-objectstorage.com\/2023\/09\/8-100x100.png","woocommerce_gallery_thumbnail-width":100,"woocommerce_gallery_thumbnail-height":100}}},{"img":{"ID":89535,"id":89535,"title":"18","filename":"18.png","filesize":984848,"url":"https:\/\/media-camminiditalia.nbg1.your-objectstorage.com\/2023\/09\/18.png","link":"https:\/\/camminiditalia.org\/es\/cammini\/la-via-decia\/18-5\/","alt":"","author":"2","description":"","caption":"Tappa 04: Azzone","name":"18-5","status":"inherit","uploaded_to":25247,"date":"2026-03-09 09:00:37","modified":"2026-03-09 09:06:51","menu_order":0,"mime_type":"image\/png","type":"image","subtype":"png","icon":"https:\/\/camminiditalia.org\/wp-includes\/images\/media\/default.png","width":800,"height":600,"sizes":{"thumbnail":"https:\/\/media-camminiditalia.nbg1.your-objectstorage.com\/2023\/09\/18-150x150.png","thumbnail-width":150,"thumbnail-height":150,"medium":"https:\/\/media-camminiditalia.nbg1.your-objectstorage.com\/2023\/09\/18-300x225.png","medium-width":300,"medium-height":225,"medium_large":"https:\/\/media-camminiditalia.nbg1.your-objectstorage.com\/2023\/09\/18-768x576.png","medium_large-width":768,"medium_large-height":576,"large":"https:\/\/media-camminiditalia.nbg1.your-objectstorage.com\/2023\/09\/18.png","large-width":800,"large-height":600,"1536x1536":"https:\/\/media-camminiditalia.nbg1.your-objectstorage.com\/2023\/09\/18.png","1536x1536-width":800,"1536x1536-height":600,"2048x2048":"https:\/\/media-camminiditalia.nbg1.your-objectstorage.com\/2023\/09\/18.png","2048x2048-width":800,"2048x2048-height":600,"tc_all_events_image":"https:\/\/media-camminiditalia.nbg1.your-objectstorage.com\/2023\/09\/18.png","tc_all_events_image-width":800,"tc_all_events_image-height":600,"woocommerce_thumbnail":"https:\/\/media-camminiditalia.nbg1.your-objectstorage.com\/2023\/09\/18-300x300.png","woocommerce_thumbnail-width":300,"woocommerce_thumbnail-height":300,"woocommerce_single":"https:\/\/media-camminiditalia.nbg1.your-objectstorage.com\/2023\/09\/18-600x450.png","woocommerce_single-width":600,"woocommerce_single-height":450,"woocommerce_gallery_thumbnail":"https:\/\/media-camminiditalia.nbg1.your-objectstorage.com\/2023\/09\/18-100x100.png","woocommerce_gallery_thumbnail-width":100,"woocommerce_gallery_thumbnail-height":100}}},{"img":{"ID":89537,"id":89537,"title":"20","filename":"20.png","filesize":920057,"url":"https:\/\/media-camminiditalia.nbg1.your-objectstorage.com\/2023\/09\/20.png","link":"https:\/\/camminiditalia.org\/es\/cammini\/la-via-decia\/20-3\/","alt":"","author":"2","description":"","caption":"Tappa 04: Parco Minerario Bonicelli","name":"20-3","status":"inherit","uploaded_to":25247,"date":"2026-03-09 09:01:05","modified":"2026-03-09 09:07:03","menu_order":0,"mime_type":"image\/png","type":"image","subtype":"png","icon":"https:\/\/camminiditalia.org\/wp-includes\/images\/media\/default.png","width":800,"height":600,"sizes":{"thumbnail":"https:\/\/media-camminiditalia.nbg1.your-objectstorage.com\/2023\/09\/20-150x150.png","thumbnail-width":150,"thumbnail-height":150,"medium":"https:\/\/media-camminiditalia.nbg1.your-objectstorage.com\/2023\/09\/20-300x225.png","medium-width":300,"medium-height":225,"medium_large":"https:\/\/media-camminiditalia.nbg1.your-objectstorage.com\/2023\/09\/20-768x576.png","medium_large-width":768,"medium_large-height":576,"large":"https:\/\/media-camminiditalia.nbg1.your-objectstorage.com\/2023\/09\/20.png","large-width":800,"large-height":600,"1536x1536":"https:\/\/media-camminiditalia.nbg1.your-objectstorage.com\/2023\/09\/20.png","1536x1536-width":800,"1536x1536-height":600,"2048x2048":"https:\/\/media-camminiditalia.nbg1.your-objectstorage.com\/2023\/09\/20.png","2048x2048-width":800,"2048x2048-height":600,"tc_all_events_image":"https:\/\/media-camminiditalia.nbg1.your-objectstorage.com\/2023\/09\/20.png","tc_all_events_image-width":800,"tc_all_events_image-height":600,"woocommerce_thumbnail":"https:\/\/media-camminiditalia.nbg1.your-objectstorage.com\/2023\/09\/20-300x300.png","woocommerce_thumbnail-width":300,"woocommerce_thumbnail-height":300,"woocommerce_single":"https:\/\/media-camminiditalia.nbg1.your-objectstorage.com\/2023\/09\/20-600x450.png","woocommerce_single-width":600,"woocommerce_single-height":450,"woocommerce_gallery_thumbnail":"https:\/\/media-camminiditalia.nbg1.your-objectstorage.com\/2023\/09\/20-100x100.png","woocommerce_gallery_thumbnail-width":100,"woocommerce_gallery_thumbnail-height":100}}},{"img":{"ID":89538,"id":89538,"title":"21","filename":"21.png","filesize":1141095,"url":"https:\/\/media-camminiditalia.nbg1.your-objectstorage.com\/2023\/09\/21.png","link":"https:\/\/camminiditalia.org\/es\/cammini\/la-via-decia\/21-2\/","alt":"","author":"2","description":"","caption":"Tappa 05 segheria Furli","name":"21-2","status":"inherit","uploaded_to":25247,"date":"2026-03-09 09:01:11","modified":"2026-03-09 09:07:13","menu_order":0,"mime_type":"image\/png","type":"image","subtype":"png","icon":"https:\/\/camminiditalia.org\/wp-includes\/images\/media\/default.png","width":800,"height":600,"sizes":{"thumbnail":"https:\/\/media-camminiditalia.nbg1.your-objectstorage.com\/2023\/09\/21-150x150.png","thumbnail-width":150,"thumbnail-height":150,"medium":"https:\/\/media-camminiditalia.nbg1.your-objectstorage.com\/2023\/09\/21-300x225.png","medium-width":300,"medium-height":225,"medium_large":"https:\/\/media-camminiditalia.nbg1.your-objectstorage.com\/2023\/09\/21-768x576.png","medium_large-width":768,"medium_large-height":576,"large":"https:\/\/media-camminiditalia.nbg1.your-objectstorage.com\/2023\/09\/21.png","large-width":800,"large-height":600,"1536x1536":"https:\/\/media-camminiditalia.nbg1.your-objectstorage.com\/2023\/09\/21.png","1536x1536-width":800,"1536x1536-height":600,"2048x2048":"https:\/\/media-camminiditalia.nbg1.your-objectstorage.com\/2023\/09\/21.png","2048x2048-width":800,"2048x2048-height":600,"tc_all_events_image":"https:\/\/media-camminiditalia.nbg1.your-objectstorage.com\/2023\/09\/21.png","tc_all_events_image-width":800,"tc_all_events_image-height":600,"woocommerce_thumbnail":"https:\/\/media-camminiditalia.nbg1.your-objectstorage.com\/2023\/09\/21-300x300.png","woocommerce_thumbnail-width":300,"woocommerce_thumbnail-height":300,"woocommerce_single":"https:\/\/media-camminiditalia.nbg1.your-objectstorage.com\/2023\/09\/21-600x450.png","woocommerce_single-width":600,"woocommerce_single-height":450,"woocommerce_gallery_thumbnail":"https:\/\/media-camminiditalia.nbg1.your-objectstorage.com\/2023\/09\/21-100x100.png","woocommerce_gallery_thumbnail-width":100,"woocommerce_gallery_thumbnail-height":100}}},{"img":{"ID":89547,"id":89547,"title":"9","filename":"9.png","filesize":1009875,"url":"https:\/\/media-camminiditalia.nbg1.your-objectstorage.com\/2023\/09\/9.png","link":"https:\/\/camminiditalia.org\/es\/cammini\/la-via-decia\/9-37\/","alt":"","author":"2","description":"","caption":"Tappa 05: castello di Gorzone","name":"9-37","status":"inherit","uploaded_to":25247,"date":"2026-03-09 09:02:11","modified":"2026-03-09 09:04:43","menu_order":0,"mime_type":"image\/png","type":"image","subtype":"png","icon":"https:\/\/camminiditalia.org\/wp-includes\/images\/media\/default.png","width":800,"height":600,"sizes":{"thumbnail":"https:\/\/media-camminiditalia.nbg1.your-objectstorage.com\/2023\/09\/9-150x150.png","thumbnail-width":150,"thumbnail-height":150,"medium":"https:\/\/media-camminiditalia.nbg1.your-objectstorage.com\/2023\/09\/9-300x225.png","medium-width":300,"medium-height":225,"medium_large":"https:\/\/media-camminiditalia.nbg1.your-objectstorage.com\/2023\/09\/9-768x576.png","medium_large-width":768,"medium_large-height":576,"large":"https:\/\/media-camminiditalia.nbg1.your-objectstorage.com\/2023\/09\/9.png","large-width":800,"large-height":600,"1536x1536":"https:\/\/media-camminiditalia.nbg1.your-objectstorage.com\/2023\/09\/9.png","1536x1536-width":800,"1536x1536-height":600,"2048x2048":"https:\/\/media-camminiditalia.nbg1.your-objectstorage.com\/2023\/09\/9.png","2048x2048-width":800,"2048x2048-height":600,"tc_all_events_image":"https:\/\/media-camminiditalia.nbg1.your-objectstorage.com\/2023\/09\/9.png","tc_all_events_image-width":800,"tc_all_events_image-height":600,"woocommerce_thumbnail":"https:\/\/media-camminiditalia.nbg1.your-objectstorage.com\/2023\/09\/9-300x300.png","woocommerce_thumbnail-width":300,"woocommerce_thumbnail-height":300,"woocommerce_single":"https:\/\/media-camminiditalia.nbg1.your-objectstorage.com\/2023\/09\/9-600x450.png","woocommerce_single-width":600,"woocommerce_single-height":450,"woocommerce_gallery_thumbnail":"https:\/\/media-camminiditalia.nbg1.your-objectstorage.com\/2023\/09\/9-100x100.png","woocommerce_gallery_thumbnail-width":100,"woocommerce_gallery_thumbnail-height":100}}},{"img":{"ID":89548,"id":89548,"title":"10","filename":"10.png","filesize":848999,"url":"https:\/\/media-camminiditalia.nbg1.your-objectstorage.com\/2023\/09\/10.png","link":"https:\/\/camminiditalia.org\/es\/cammini\/la-via-decia\/10-30\/","alt":"","author":"2","description":"","caption":"Tappa 05: panorama dal fienile del Colle","name":"10-30","status":"inherit","uploaded_to":25247,"date":"2026-03-09 09:02:19","modified":"2026-03-09 09:04:55","menu_order":0,"mime_type":"image\/png","type":"image","subtype":"png","icon":"https:\/\/camminiditalia.org\/wp-includes\/images\/media\/default.png","width":800,"height":600,"sizes":{"thumbnail":"https:\/\/media-camminiditalia.nbg1.your-objectstorage.com\/2023\/09\/10-150x150.png","thumbnail-width":150,"thumbnail-height":150,"medium":"https:\/\/media-camminiditalia.nbg1.your-objectstorage.com\/2023\/09\/10-300x225.png","medium-width":300,"medium-height":225,"medium_large":"https:\/\/media-camminiditalia.nbg1.your-objectstorage.com\/2023\/09\/10-768x576.png","medium_large-width":768,"medium_large-height":576,"large":"https:\/\/media-camminiditalia.nbg1.your-objectstorage.com\/2023\/09\/10.png","large-width":800,"large-height":600,"1536x1536":"https:\/\/media-camminiditalia.nbg1.your-objectstorage.com\/2023\/09\/10.png","1536x1536-width":800,"1536x1536-height":600,"2048x2048":"https:\/\/media-camminiditalia.nbg1.your-objectstorage.com\/2023\/09\/10.png","2048x2048-width":800,"2048x2048-height":600,"tc_all_events_image":"https:\/\/media-camminiditalia.nbg1.your-objectstorage.com\/2023\/09\/10.png","tc_all_events_image-width":800,"tc_all_events_image-height":600,"woocommerce_thumbnail":"https:\/\/media-camminiditalia.nbg1.your-objectstorage.com\/2023\/09\/10-300x300.png","woocommerce_thumbnail-width":300,"woocommerce_thumbnail-height":300,"woocommerce_single":"https:\/\/media-camminiditalia.nbg1.your-objectstorage.com\/2023\/09\/10-600x450.png","woocommerce_single-width":600,"woocommerce_single-height":450,"woocommerce_gallery_thumbnail":"https:\/\/media-camminiditalia.nbg1.your-objectstorage.com\/2023\/09\/10-100x100.png","woocommerce_gallery_thumbnail-width":100,"woocommerce_gallery_thumbnail-height":100}}},{"img":{"ID":89549,"id":89549,"title":"11","filename":"11.png","filesize":1042740,"url":"https:\/\/media-camminiditalia.nbg1.your-objectstorage.com\/2023\/09\/11.png","link":"https:\/\/camminiditalia.org\/es\/cammini\/la-via-decia\/11-16\/","alt":"","author":"2","description":"","caption":"Tappa 05: particolarit\u00e0 del balcone alla localit\u00e0 Fornaci","name":"11-16","status":"inherit","uploaded_to":25247,"date":"2026-03-09 09:02:27","modified":"2026-03-09 09:05:17","menu_order":0,"mime_type":"image\/png","type":"image","subtype":"png","icon":"https:\/\/camminiditalia.org\/wp-includes\/images\/media\/default.png","width":800,"height":600,"sizes":{"thumbnail":"https:\/\/media-camminiditalia.nbg1.your-objectstorage.com\/2023\/09\/11-150x150.png","thumbnail-width":150,"thumbnail-height":150,"medium":"https:\/\/media-camminiditalia.nbg1.your-objectstorage.com\/2023\/09\/11-300x225.png","medium-width":300,"medium-height":225,"medium_large":"https:\/\/media-camminiditalia.nbg1.your-objectstorage.com\/2023\/09\/11-768x576.png","medium_large-width":768,"medium_large-height":576,"large":"https:\/\/media-camminiditalia.nbg1.your-objectstorage.com\/2023\/09\/11.png","large-width":800,"large-height":600,"1536x1536":"https:\/\/media-camminiditalia.nbg1.your-objectstorage.com\/2023\/09\/11.png","1536x1536-width":800,"1536x1536-height":600,"2048x2048":"https:\/\/media-camminiditalia.nbg1.your-objectstorage.com\/2023\/09\/11.png","2048x2048-width":800,"2048x2048-height":600,"tc_all_events_image":"https:\/\/media-camminiditalia.nbg1.your-objectstorage.com\/2023\/09\/11.png","tc_all_events_image-width":800,"tc_all_events_image-height":600,"woocommerce_thumbnail":"https:\/\/media-camminiditalia.nbg1.your-objectstorage.com\/2023\/09\/11-300x300.png","woocommerce_thumbnail-width":300,"woocommerce_thumbnail-height":300,"woocommerce_single":"https:\/\/media-camminiditalia.nbg1.your-objectstorage.com\/2023\/09\/11-600x450.png","woocommerce_single-width":600,"woocommerce_single-height":450,"woocommerce_gallery_thumbnail":"https:\/\/media-camminiditalia.nbg1.your-objectstorage.com\/2023\/09\/11-100x100.png","woocommerce_gallery_thumbnail-width":100,"woocommerce_gallery_thumbnail-height":100}}}]},"guide":{"text":"","img":false,"linkBtn":{"title":"","url":"","target":"","0":""},"textBtn":""},"maps":{"map":"<p><iframe loading=\"lazy\" style=\"border: none; overflow: hidden;\" src=\"https:\/\/1.camminiditalia.webmapp.it\/map?layer=27\" width=\"100%\" height=\"800\" scrolling=\"no\"><\/iframe><\/p>\n","url":""},"modal":{"modals":[{"status":false,"title":"HISTORIA","text":"<p>El sendero se cre\u00f3 cien a\u00f1os despu\u00e9s de la cat\u00e1strofe de Gleno: el derrumbamiento de la presa que provoc\u00f3 la muerte de 359 personas en el valle de Scalve y Val Camonica. Pero tambi\u00e9n est\u00e1 vinculado al entorno monta\u00f1oso en el que se desarrolla, rico en aquellos bosques que durante siglos suministraron el carb\u00f3n necesario para alimentar los hornos de fundici\u00f3n para cocer el mineral extra\u00eddo en grandes cantidades de estas monta\u00f1as. De ah\u00ed el subt\u00edtulo: \u00ab<strong><em>El camino de los bosques de hierro<\/em><\/strong>\u00ab.  <\/p>\n"},{"status":false,"title":"FUENTES DE AGUA A LO LARGO DEL CAMINO","text":"<p><span style=\"font-weight: 400;\">Fuentes ampliamente presentes en los distintos pueblos atravesados (bares y fuentes). Para los perros, se\u00f1alamos varios cruces de arroyos a lo largo del sendero. <\/span><\/p>\n"},{"status":false,"title":"SERVICIOS PRESENTES ETAPA POR ETAPA","text":"<p><strong>Supermercados<\/strong>: Disponibles en Darfo Boario Terme.<br \/>\n<strong>Minimercados \/ tiendas de comestibles<\/strong>: Presentes en todos los finales de etapa y en casi todos los pueblos atravesados.<br \/>\n<strong>Farmacias<\/strong>: Presentes en todos los puntos de salida \/ llegada, excepto Azzone.<\/p>\n"},{"status":false,"title":"PELIGROS","text":"<p>En invierno, dependiendo de las condiciones de la nieve, no se recomienda la ascensi\u00f3n desde Nona hasta la presa de Gleno, a menos que se aborde con el equipo adecuado y suficiente experiencia en monta\u00f1ismo.<br \/>\nLa parte final de la tercera ETAPA tiene un tramo corto para excursionistas experimentados, con un paso por un t\u00fanel estrecho y luego un paso ligeramente expuesto con una cuerda fija. Tambi\u00e9n es posible una variante f\u00e1cil para todos. <\/p>\n"},{"status":false,"title":"ACCESIBILIDAD","text":"<p>Discapacidad motora: s\u00ed, con jolette.<\/p>\n"},{"status":false,"title":"PASEO EN TIENDA","text":"<p>ETAPA 1: Localit\u00e0 Pian di Vione (se permite vivaquear, no acampar).<br \/>\nETAPA 2: Localidad de Ponte del Gleno (se permite vivaquear, no acampar).<br \/>\nETAPA 3: Acampada en un camping privado (\u00abAlpen Camping\u00bb). Vivac en Paghere.<br \/>\nETAPA 4: Localit\u00e0 Chiesetta degli Alpini o Azzone, campo de deportes (ambos vivacs, no acampada).<br \/>\nETAPA 5: No. <\/p>\n<p>\u00a0<\/p>\n<p><em>Informaci\u00f3n proporcionada por la asociaci\u00f3n de referencia <\/em><\/p>\n<p>Si quieres saber m\u00e1s sobre el vivac y la acampada libre <a href=\"https:\/\/camminiditalia.org\/campeggio-e-bivacco-libero\/\"><strong>haz clic aqu\u00ed <\/strong><\/a> <\/p>\n"},{"status":false,"title":"CREDENCIALES","text":"<p>La Via Decia tiene credenciales, cuestan 5<\/p>\n"},{"status":false,"title":"CONTACTOS","text":"<p><strong>CONTACTOS VIA DECIA<\/strong><\/p>\n<p><span style=\"font-weight: 400;\">Tel. 379 1818975<\/span><\/p>\n<p><span style=\"font-weight: 400;\">Correo electr\u00f3nico <\/span><a href=\"mailto:info@laviadecia.it\"><span style=\"font-weight: 400;\">info@laviadecia.it<\/span><\/a><span style=\"font-weight: 400;\"> <\/span><\/p>\n<p><span style=\"font-weight: 400;\">Sitio web oficial de la marcha <\/span><a href=\"http:\/\/www.laviadecia.it\"><span style=\"font-weight: 400;\">www.laviadecia.it<\/span><\/a><\/p>\n"}]},"pagePoster":{"title":"La Via Decia","text":"<p>Noventa y cinco kil\u00f3metros de senderos en cinco etapas, inmersos en hect\u00e1reas de bosque y pueblos que hablan de siglos de coexistencia entre el hombre y el medio ambiente.<\/p>\n","linkBtn":{"title":"","url":"#scopriletappe","target":""},"textBtn":"DESCUBRE LAS ETAPAS"},"podcasts":{"podcast":false,"link":null},"read_also_posts":{"read_also":false},"scheda_tecnica":{"lunghezza":"95","dislivello_medio":"921","n_tappe":"5","partenza":"Corna di Darfo","arrivo":"Corna di Darfo","tipologia":"","tema":[],"portata":"","periodo_ideale":"De abril a octubre","stagione_ideale":[]},"slider_cammini":{"title":"","text":"","select_cammini":false},"tappe":{"show_all":true,"all_tappe":"","tappa":[{"status":false,"title":"ETAPA 01","text":"<h2><strong>ETAPA 1: <\/strong>Corna di Darfo &#8211; Colere<\/h2>\n<p>Salida: Corna di Darfo (220 asl)<br \/>\nLlegada: Colere (1013 asl)<br \/>\nLongitud: 21,7 km<br \/>\nDiferencia de altitud: + 1500 \/ &#8211; 715<\/p>\n"},{"status":false,"title":"ETAPA 02","text":"<h2><strong>ETAPA 2: Colere &#8211; Vilminore di Scalve<\/strong><\/h2>\n<p><span style=\"font-weight: 400;\">Salida: Colere (1013 msnm)<\/span><\/p>\n<p><span style=\"font-weight: 400;\">Llegada: Vilminore di Scalve (1018 asl)<\/span><\/p>\n<p><span style=\"font-weight: 400;\">Longitud: 17,2 km<\/span><\/p>\n<p><span style=\"font-weight: 400;\">Diferencia de altura: + 800 \/ -800<\/span><\/p>\n"},{"status":false,"title":"ETAPA 03","text":"<h2><strong>ETAPA 3: Vilminore &#8211; Schilpario<\/strong><\/h2>\n<p>Salida: Vilminore (1018 asl)<br \/>\nLlegada: Schilpario (1135 asl)<br \/>\nLongitud: 17 km<br \/>\nDiferencia de altitud: + 1000 \/ -900<\/p>\n"},{"status":false,"title":"ETAPA 04","text":"<h2><strong>ETAPA 4: Schilpario &#8211; Azzone<\/strong><\/h2>\n<p>Salida: Schilpario (1135 msnm)<br \/>\nLlegada: Azzone (973 asl)<br \/>\nLongitud: 16,8 km<br \/>\nDiferencia de altitud: + 665 \/ -836<\/p>\n<p>\u00a0<\/p>\n"},{"status":false,"title":"ETAPA 05","text":"<h2><strong>Etapa 05: Azzone &#8211; Corna di Darfo <\/strong><\/h2>\n<p>Salida: Azzone (973 asl)<br \/>\nLlegada: Corna di Darfo (220 asl)<br \/>\nLongitud: 22,1 km<br \/>\nDiferencia de altura: + 640 \/ &#8211; 1390<\/p>\n"}]},"videos":{"video":false,"link":null},"logo_cammino":{"ID":55157,"id":55157,"title":"Viadecia_logotipo negro","filename":"Logo-Viadecia_nero.webp","filesize":60584,"url":"https:\/\/media-camminiditalia.nbg1.your-objectstorage.com\/2023\/09\/Logo-Viadecia_nero.webp","link":"https:\/\/camminiditalia.org\/es\/cammini\/la-via-decia\/logo-viadecia_nero-2\/","alt":"","author":"2","description":"","caption":"Logotipo de La Via Decia","name":"logo-viadecia_nero-2","status":"inherit","uploaded_to":67984,"date":"2025-06-16 14:21:15","modified":"2025-06-25 09:32:45","menu_order":0,"mime_type":"image\/webp","type":"image","subtype":"webp","icon":"https:\/\/camminiditalia.org\/wp-includes\/images\/media\/default.png","width":2031,"height":1945,"sizes":{"thumbnail":"https:\/\/media-camminiditalia.nbg1.your-objectstorage.com\/2023\/09\/Logo-Viadecia_nero-150x150.webp","thumbnail-width":150,"thumbnail-height":150,"medium":"https:\/\/media-camminiditalia.nbg1.your-objectstorage.com\/2023\/09\/Logo-Viadecia_nero-300x287.webp","medium-width":300,"medium-height":287,"medium_large":"https:\/\/media-camminiditalia.nbg1.your-objectstorage.com\/2023\/09\/Logo-Viadecia_nero-768x735.webp","medium_large-width":768,"medium_large-height":735,"large":"https:\/\/media-camminiditalia.nbg1.your-objectstorage.com\/2023\/09\/Logo-Viadecia_nero-1024x981.webp","large-width":1024,"large-height":981,"1536x1536":"https:\/\/media-camminiditalia.nbg1.your-objectstorage.com\/2023\/09\/Logo-Viadecia_nero-1536x1471.webp","1536x1536-width":1536,"1536x1536-height":1471,"2048x2048":"https:\/\/media-camminiditalia.nbg1.your-objectstorage.com\/2023\/09\/Logo-Viadecia_nero.webp","2048x2048-width":2031,"2048x2048-height":1945,"tc_all_events_image":"https:\/\/media-camminiditalia.nbg1.your-objectstorage.com\/2023\/09\/Logo-Viadecia_nero-1100x680.webp","tc_all_events_image-width":1100,"tc_all_events_image-height":680,"woocommerce_thumbnail":"https:\/\/media-camminiditalia.nbg1.your-objectstorage.com\/2023\/09\/Logo-Viadecia_nero-300x300.webp","woocommerce_thumbnail-width":300,"woocommerce_thumbnail-height":300,"woocommerce_single":"https:\/\/media-camminiditalia.nbg1.your-objectstorage.com\/2023\/09\/Logo-Viadecia_nero-600x575.webp","woocommerce_single-width":600,"woocommerce_single-height":575,"woocommerce_gallery_thumbnail":"https:\/\/media-camminiditalia.nbg1.your-objectstorage.com\/2023\/09\/Logo-Viadecia_nero-100x100.webp","woocommerce_gallery_thumbnail-width":100,"woocommerce_gallery_thumbnail-height":100}},"header_link":{"title":"","url":"","target":"","0":""}},"yoast_head":"<!-- This site is optimized with the Yoast SEO plugin v27.1.1 - https:\/\/yoast.com\/product\/yoast-seo-wordpress\/ -->\n<title>La Via Decia - Cammini d&#039;Italia<\/title>\n<meta name=\"description\" content=\"La Via Decia 95 km de senderos en cinco etapas, inmersos en hect\u00e1reas de bosque y pueblos que hablan de siglos de coexistencia entre el hombre y el medio ambiente.\" \/>\n<meta name=\"robots\" content=\"index, follow, max-snippet:-1, max-image-preview:large, max-video-preview:-1\" \/>\n<link rel=\"canonical\" href=\"https:\/\/camminiditalia.org\/es\/cammini\/la-via-decia\/\" \/>\n<meta property=\"og:locale\" content=\"es_ES\" \/>\n<meta property=\"og:type\" content=\"article\" \/>\n<meta property=\"og:title\" content=\"La Via Decia - Cammini d&#039;Italia\" \/>\n<meta property=\"og:description\" content=\"La Via Decia 95 km de senderos en cinco etapas, inmersos en hect\u00e1reas de bosque y pueblos que hablan de siglos de coexistencia entre el hombre y el medio ambiente.\" \/>\n<meta property=\"og:url\" content=\"https:\/\/camminiditalia.org\/es\/cammini\/la-via-decia\/\" \/>\n<meta property=\"og:site_name\" content=\"Cammini d&#039;Italia\" \/>\n<meta property=\"article:modified_time\" content=\"2026-03-02T18:34:49+00:00\" \/>\n<meta property=\"og:image\" content=\"https:\/\/media-camminiditalia.nbg1.your-objectstorage.com\/wp-content\/uploads\/2023\/09\/website_cover-3-1024x323.png\" \/>\n\t<meta property=\"og:image:width\" content=\"1024\" \/>\n\t<meta property=\"og:image:height\" content=\"323\" \/>\n\t<meta property=\"og:image:type\" content=\"image\/png\" \/>\n<meta name=\"twitter:card\" content=\"summary_large_image\" \/>\n<meta name=\"twitter:label1\" content=\"Tiempo de lectura\" \/>\n\t<meta name=\"twitter:data1\" content=\"1 minuto\" \/>\n<script type=\"application\/ld+json\" class=\"yoast-schema-graph\">{\"@context\":\"https:\/\/schema.org\",\"@graph\":[{\"@type\":\"WebPage\",\"@id\":\"https:\/\/camminiditalia.org\/es\/cammini\/la-via-decia\/\",\"url\":\"https:\/\/camminiditalia.org\/es\/cammini\/la-via-decia\/\",\"name\":\"La Via Decia - Cammini d&#039;Italia\",\"isPartOf\":{\"@id\":\"https:\/\/camminiditalia.org\/es\/#website\"},\"primaryImageOfPage\":{\"@id\":\"https:\/\/camminiditalia.org\/es\/cammini\/la-via-decia\/#primaryimage\"},\"image\":{\"@id\":\"https:\/\/camminiditalia.org\/es\/cammini\/la-via-decia\/#primaryimage\"},\"thumbnailUrl\":\"https:\/\/media-camminiditalia.nbg1.your-objectstorage.com\/wp-content\/uploads\/2023\/09\/website_cover-3.png\",\"datePublished\":\"2023-09-06T17:14:40+00:00\",\"dateModified\":\"2026-03-02T18:34:49+00:00\",\"description\":\"La Via Decia 95 km de senderos en cinco etapas, inmersos en hect\u00e1reas de bosque y pueblos que hablan de siglos de coexistencia entre el hombre y el medio ambiente.\",\"breadcrumb\":{\"@id\":\"https:\/\/camminiditalia.org\/es\/cammini\/la-via-decia\/#breadcrumb\"},\"inLanguage\":\"es\",\"potentialAction\":[{\"@type\":\"ReadAction\",\"target\":[\"https:\/\/camminiditalia.org\/es\/cammini\/la-via-decia\/\"]}]},{\"@type\":\"ImageObject\",\"inLanguage\":\"es\",\"@id\":\"https:\/\/camminiditalia.org\/es\/cammini\/la-via-decia\/#primaryimage\",\"url\":\"https:\/\/media-camminiditalia.nbg1.your-objectstorage.com\/wp-content\/uploads\/2023\/09\/website_cover-3.png\",\"contentUrl\":\"https:\/\/media-camminiditalia.nbg1.your-objectstorage.com\/wp-content\/uploads\/2023\/09\/website_cover-3.png\",\"width\":1900,\"height\":600,\"caption\":\"La Via Decia\"},{\"@type\":\"BreadcrumbList\",\"@id\":\"https:\/\/camminiditalia.org\/es\/cammini\/la-via-decia\/#breadcrumb\",\"itemListElement\":[{\"@type\":\"ListItem\",\"position\":1,\"name\":\"Home\",\"item\":\"https:\/\/camminiditalia.org\/es\/inicio\/\"},{\"@type\":\"ListItem\",\"position\":2,\"name\":\"Paseos\",\"item\":\"https:\/\/camminiditalia.org\/es\/cammini\/\"},{\"@type\":\"ListItem\",\"position\":3,\"name\":\"La Via Decia\"}]},{\"@type\":\"WebSite\",\"@id\":\"https:\/\/camminiditalia.org\/es\/#website\",\"url\":\"https:\/\/camminiditalia.org\/es\/\",\"name\":\"Cammini d'Italia\",\"description\":\"Plan, walk and share!\",\"publisher\":{\"@id\":\"https:\/\/camminiditalia.org\/es\/#organization\"},\"potentialAction\":[{\"@type\":\"SearchAction\",\"target\":{\"@type\":\"EntryPoint\",\"urlTemplate\":\"https:\/\/camminiditalia.org\/es\/?s={search_term_string}\"},\"query-input\":{\"@type\":\"PropertyValueSpecification\",\"valueRequired\":true,\"valueName\":\"search_term_string\"}}],\"inLanguage\":\"es\"},{\"@type\":\"Organization\",\"@id\":\"https:\/\/camminiditalia.org\/es\/#organization\",\"name\":\"Cammini d'Italia srls\",\"url\":\"https:\/\/camminiditalia.org\/es\/\",\"logo\":{\"@type\":\"ImageObject\",\"inLanguage\":\"es\",\"@id\":\"https:\/\/camminiditalia.org\/es\/#\/schema\/logo\/image\/\",\"url\":\"https:\/\/media-camminiditalia.nbg1.your-objectstorage.com\/wp-content\/uploads\/2023\/08\/Risorsa-2-8-e1690918206850.png\",\"contentUrl\":\"https:\/\/media-camminiditalia.nbg1.your-objectstorage.com\/wp-content\/uploads\/2023\/08\/Risorsa-2-8-e1690918206850.png\",\"width\":1076,\"height\":329,\"caption\":\"Cammini d'Italia srls\"},\"image\":{\"@id\":\"https:\/\/camminiditalia.org\/es\/#\/schema\/logo\/image\/\"}}]}<\/script>\n<!-- \/ Yoast SEO plugin. -->","yoast_head_json":{"title":"La Via Decia - Cammini d&#039;Italia","description":"La Via Decia 95 km de senderos en cinco etapas, inmersos en hect\u00e1reas de bosque y pueblos que hablan de siglos de coexistencia entre el hombre y el medio ambiente.","robots":{"index":"index","follow":"follow","max-snippet":"max-snippet:-1","max-image-preview":"max-image-preview:large","max-video-preview":"max-video-preview:-1"},"canonical":"https:\/\/camminiditalia.org\/es\/cammini\/la-via-decia\/","og_locale":"es_ES","og_type":"article","og_title":"La Via Decia - Cammini d&#039;Italia","og_description":"La Via Decia 95 km de senderos en cinco etapas, inmersos en hect\u00e1reas de bosque y pueblos que hablan de siglos de coexistencia entre el hombre y el medio ambiente.","og_url":"https:\/\/camminiditalia.org\/es\/cammini\/la-via-decia\/","og_site_name":"Cammini d&#039;Italia","article_modified_time":"2026-03-02T18:34:49+00:00","og_image":[{"width":1024,"height":323,"url":"https:\/\/media-camminiditalia.nbg1.your-objectstorage.com\/wp-content\/uploads\/2023\/09\/website_cover-3-1024x323.png","type":"image\/png"}],"twitter_card":"summary_large_image","twitter_misc":{"Tiempo de lectura":"1 minuto"},"schema":{"@context":"https:\/\/schema.org","@graph":[{"@type":"WebPage","@id":"https:\/\/camminiditalia.org\/es\/cammini\/la-via-decia\/","url":"https:\/\/camminiditalia.org\/es\/cammini\/la-via-decia\/","name":"La Via Decia - Cammini d&#039;Italia","isPartOf":{"@id":"https:\/\/camminiditalia.org\/es\/#website"},"primaryImageOfPage":{"@id":"https:\/\/camminiditalia.org\/es\/cammini\/la-via-decia\/#primaryimage"},"image":{"@id":"https:\/\/camminiditalia.org\/es\/cammini\/la-via-decia\/#primaryimage"},"thumbnailUrl":"https:\/\/media-camminiditalia.nbg1.your-objectstorage.com\/wp-content\/uploads\/2023\/09\/website_cover-3.png","datePublished":"2023-09-06T17:14:40+00:00","dateModified":"2026-03-02T18:34:49+00:00","description":"La Via Decia 95 km de senderos en cinco etapas, inmersos en hect\u00e1reas de bosque y pueblos que hablan de siglos de coexistencia entre el hombre y el medio ambiente.","breadcrumb":{"@id":"https:\/\/camminiditalia.org\/es\/cammini\/la-via-decia\/#breadcrumb"},"inLanguage":"es","potentialAction":[{"@type":"ReadAction","target":["https:\/\/camminiditalia.org\/es\/cammini\/la-via-decia\/"]}]},{"@type":"ImageObject","inLanguage":"es","@id":"https:\/\/camminiditalia.org\/es\/cammini\/la-via-decia\/#primaryimage","url":"https:\/\/media-camminiditalia.nbg1.your-objectstorage.com\/wp-content\/uploads\/2023\/09\/website_cover-3.png","contentUrl":"https:\/\/media-camminiditalia.nbg1.your-objectstorage.com\/wp-content\/uploads\/2023\/09\/website_cover-3.png","width":1900,"height":600,"caption":"La Via Decia"},{"@type":"BreadcrumbList","@id":"https:\/\/camminiditalia.org\/es\/cammini\/la-via-decia\/#breadcrumb","itemListElement":[{"@type":"ListItem","position":1,"name":"Home","item":"https:\/\/camminiditalia.org\/es\/inicio\/"},{"@type":"ListItem","position":2,"name":"Paseos","item":"https:\/\/camminiditalia.org\/es\/cammini\/"},{"@type":"ListItem","position":3,"name":"La Via Decia"}]},{"@type":"WebSite","@id":"https:\/\/camminiditalia.org\/es\/#website","url":"https:\/\/camminiditalia.org\/es\/","name":"Cammini d'Italia","description":"Plan, walk and share!","publisher":{"@id":"https:\/\/camminiditalia.org\/es\/#organization"},"potentialAction":[{"@type":"SearchAction","target":{"@type":"EntryPoint","urlTemplate":"https:\/\/camminiditalia.org\/es\/?s={search_term_string}"},"query-input":{"@type":"PropertyValueSpecification","valueRequired":true,"valueName":"search_term_string"}}],"inLanguage":"es"},{"@type":"Organization","@id":"https:\/\/camminiditalia.org\/es\/#organization","name":"Cammini d'Italia srls","url":"https:\/\/camminiditalia.org\/es\/","logo":{"@type":"ImageObject","inLanguage":"es","@id":"https:\/\/camminiditalia.org\/es\/#\/schema\/logo\/image\/","url":"https:\/\/media-camminiditalia.nbg1.your-objectstorage.com\/wp-content\/uploads\/2023\/08\/Risorsa-2-8-e1690918206850.png","contentUrl":"https:\/\/media-camminiditalia.nbg1.your-objectstorage.com\/wp-content\/uploads\/2023\/08\/Risorsa-2-8-e1690918206850.png","width":1076,"height":329,"caption":"Cammini d'Italia srls"},"image":{"@id":"https:\/\/camminiditalia.org\/es\/#\/schema\/logo\/image\/"}}]}},"jetpack_sharing_enabled":true,"_links":{"self":[{"href":"https:\/\/camminiditalia.org\/es\/wp-json\/wp\/v2\/cammini\/67984","targetHints":{"allow":["GET"]}}],"collection":[{"href":"https:\/\/camminiditalia.org\/es\/wp-json\/wp\/v2\/cammini"}],"about":[{"href":"https:\/\/camminiditalia.org\/es\/wp-json\/wp\/v2\/types\/cammini"}],"version-history":[{"count":1,"href":"https:\/\/camminiditalia.org\/es\/wp-json\/wp\/v2\/cammini\/67984\/revisions"}],"predecessor-version":[{"id":89230,"href":"https:\/\/camminiditalia.org\/es\/wp-json\/wp\/v2\/cammini\/67984\/revisions\/89230"}],"wp:featuredmedia":[{"embeddable":true,"href":"https:\/\/camminiditalia.org\/es\/wp-json\/wp\/v2\/media\/63520"}],"wp:attachment":[{"href":"https:\/\/camminiditalia.org\/es\/wp-json\/wp\/v2\/media?parent=67984"}],"wp:term":[{"taxonomy":"category","embeddable":true,"href":"https:\/\/camminiditalia.org\/es\/wp-json\/wp\/v2\/categories?post=67984"}],"curies":[{"name":"wp","href":"https:\/\/api.w.org\/{rel}","templated":true}]}}