
{"id":68081,"date":"2025-06-20T12:59:42","date_gmt":"2025-06-20T10:59:42","guid":{"rendered":"https:\/\/camminiditalia.org\/cammini\/paseo-de-los-siete-lagos\/"},"modified":"2025-06-25T16:56:30","modified_gmt":"2025-06-25T14:56:30","slug":"paseo-de-los-siete-lagos","status":"publish","type":"cammini","link":"https:\/\/camminiditalia.org\/es\/cammini\/paseo-de-los-siete-lagos\/","title":{"rendered":"Paseo de los Siete Lagos"},"content":{"rendered":"\n<p>El Cammino dei Sette Laghi es una ruta de cinco etapas, con un m\u00ednimo de asfalto, inmersa en la naturaleza. Este itinerario se sit\u00faa en Trentino, precisamente en el Valle dei Laghi, un peque\u00f1o valle de las maravillas, caracterizado por una multitud de lagos, enclavado entre las cadenas monta\u00f1osas del Bondone y la Paganella; una aut\u00e9ntica joya, un lugar ideal para todos aquellos que deseen pasar unas vacaciones activas bajo la bandera de un turismo lento y respetuoso con el medio ambiente, en contacto con la comunidad de acogida. Una zona donde se entrecruzan conocimientos, sabores, tradiciones y paisajes, salpicada de siete lagos, cada uno con sus propias caracter\u00edsticas, pueblos antiguos y castillos medievales.  <\/p>\n\n\n\n<p><\/p>\n","protected":false},"excerpt":{"rendered":"<p>El Cammino dei Sette Laghi es una ruta de cinco etapas, con un m\u00ednimo de asfalto, inmersa en la naturaleza. Este itinerario se sit\u00faa en Trentino, precisamente en el Valle dei Laghi, un peque\u00f1o valle de las maravillas, caracterizado por una multitud de lagos, enclavado entre las cadenas monta\u00f1osas del Bondone y la Paganella; una &hellip; <a href=\"https:\/\/camminiditalia.org\/es\/cammini\/paseo-de-los-siete-lagos\/\">Continued<\/a><\/p>\n","protected":false},"featured_media":67333,"parent":0,"menu_order":0,"template":"","meta":{"_acf_changed":false,"footnotes":""},"categories":[1957,1959],"class_list":["post-68081","cammini","type-cammini","status-publish","has-post-thumbnail","hentry","category-paseos","category-trentino-tirol-del-sur","regioni-trentino-alto-adige"],"acf":{"mobile":false,"desktop":false,"app":{"bgImg":{"ID":82574,"id":82574,"title":"10_11zon","filename":"10_11zon-scaled.webp","filesize":854014,"url":"https:\/\/media-camminiditalia.nbg1.your-objectstorage.com\/2025\/06\/10_11zon-scaled.webp","link":"https:\/\/camminiditalia.org\/es\/cammini\/cammino-dei-sette-laghi\/10_11zon\/","alt":"","author":"2","description":"","caption":"","name":"10_11zon","status":"inherit","uploaded_to":67328,"date":"2025-11-06 11:16:10","modified":"2025-11-06 11:16:10","menu_order":0,"mime_type":"image\/webp","type":"image","subtype":"webp","icon":"https:\/\/camminiditalia.org\/wp-includes\/images\/media\/default.png","width":2560,"height":1920,"sizes":{"thumbnail":"https:\/\/media-camminiditalia.nbg1.your-objectstorage.com\/2025\/06\/10_11zon-150x150.webp","thumbnail-width":150,"thumbnail-height":150,"medium":"https:\/\/media-camminiditalia.nbg1.your-objectstorage.com\/2025\/06\/10_11zon-300x225.webp","medium-width":300,"medium-height":225,"medium_large":"https:\/\/media-camminiditalia.nbg1.your-objectstorage.com\/2025\/06\/10_11zon-768x576.webp","medium_large-width":768,"medium_large-height":576,"large":"https:\/\/media-camminiditalia.nbg1.your-objectstorage.com\/2025\/06\/10_11zon-1024x768.webp","large-width":1024,"large-height":768,"1536x1536":"https:\/\/media-camminiditalia.nbg1.your-objectstorage.com\/2025\/06\/10_11zon-1536x1152.webp","1536x1536-width":1536,"1536x1536-height":1152,"2048x2048":"https:\/\/media-camminiditalia.nbg1.your-objectstorage.com\/2025\/06\/10_11zon-2048x1536.webp","2048x2048-width":2048,"2048x2048-height":1536,"tc_all_events_image":"https:\/\/media-camminiditalia.nbg1.your-objectstorage.com\/2025\/06\/10_11zon-1100x680.webp","tc_all_events_image-width":1100,"tc_all_events_image-height":680,"woocommerce_thumbnail":"https:\/\/media-camminiditalia.nbg1.your-objectstorage.com\/2025\/06\/10_11zon-300x300.webp","woocommerce_thumbnail-width":300,"woocommerce_thumbnail-height":300,"woocommerce_single":"https:\/\/media-camminiditalia.nbg1.your-objectstorage.com\/2025\/06\/10_11zon-600x450.webp","woocommerce_single-width":600,"woocommerce_single-height":450,"woocommerce_gallery_thumbnail":"https:\/\/media-camminiditalia.nbg1.your-objectstorage.com\/2025\/06\/10_11zon-100x100.webp","woocommerce_gallery_thumbnail-width":100,"woocommerce_gallery_thumbnail-height":100}},"title":"","text":"","img":{"ID":64346,"id":64346,"title":"app-scontornata","filename":"app-scontornata.webp","filesize":36370,"url":"https:\/\/media-camminiditalia.nbg1.your-objectstorage.com\/wp-content\/uploads\/2023\/04\/app-scontornata.webp","link":"https:\/\/camminiditalia.org\/es\/cammini\/grande-traversata-elbana\/app-scontornata-3-2\/","alt":"","author":"2","description":"","caption":"","name":"app-scontornata-3-2","status":"inherit","uploaded_to":67630,"date":"2024-02-03 23:22:32","modified":"2025-06-24 14:21:47","menu_order":0,"mime_type":"image\/webp","type":"image","subtype":"webp","icon":"https:\/\/camminiditalia.org\/wp-includes\/images\/media\/default.png","width":383,"height":569,"sizes":{"thumbnail":"https:\/\/media-camminiditalia.nbg1.your-objectstorage.com\/wp-content\/uploads\/2023\/04\/app-scontornata-150x150.webp","thumbnail-width":150,"thumbnail-height":150,"medium":"https:\/\/media-camminiditalia.nbg1.your-objectstorage.com\/wp-content\/uploads\/2023\/04\/app-scontornata-202x300.webp","medium-width":202,"medium-height":300,"medium_large":"https:\/\/media-camminiditalia.nbg1.your-objectstorage.com\/wp-content\/uploads\/2023\/04\/app-scontornata.webp","medium_large-width":383,"medium_large-height":569,"large":"https:\/\/media-camminiditalia.nbg1.your-objectstorage.com\/wp-content\/uploads\/2023\/04\/app-scontornata.webp","large-width":383,"large-height":569,"1536x1536":"https:\/\/media-camminiditalia.nbg1.your-objectstorage.com\/wp-content\/uploads\/2023\/04\/app-scontornata.webp","1536x1536-width":383,"1536x1536-height":569,"2048x2048":"https:\/\/media-camminiditalia.nbg1.your-objectstorage.com\/wp-content\/uploads\/2023\/04\/app-scontornata.webp","2048x2048-width":383,"2048x2048-height":569,"tc_all_events_image":"https:\/\/media-camminiditalia.nbg1.your-objectstorage.com\/wp-content\/uploads\/2023\/04\/app-scontornata.webp","tc_all_events_image-width":383,"tc_all_events_image-height":569,"woocommerce_thumbnail":"https:\/\/media-camminiditalia.nbg1.your-objectstorage.com\/wp-content\/uploads\/2023\/04\/app-scontornata-300x300.webp","woocommerce_thumbnail-width":300,"woocommerce_thumbnail-height":300,"woocommerce_single":"https:\/\/media-camminiditalia.nbg1.your-objectstorage.com\/wp-content\/uploads\/2023\/04\/app-scontornata.webp","woocommerce_single-width":383,"woocommerce_single-height":569,"woocommerce_gallery_thumbnail":"https:\/\/media-camminiditalia.nbg1.your-objectstorage.com\/wp-content\/uploads\/2023\/04\/app-scontornata-100x100.webp","woocommerce_gallery_thumbnail-width":100,"woocommerce_gallery_thumbnail-height":100}},"linkBtn":{"title":"","url":"","target":"","0":""},"textBtn":""},"diaries":{"diary":false},"gallery":{"images":[{"img":{"ID":67341,"id":67341,"title":"I ETAPA - Castillo de Toblino","filename":"I-TAPPA-Castello-di-Toblino.webp","filesize":434812,"url":"https:\/\/media-camminiditalia.nbg1.your-objectstorage.com\/2025\/06\/I-TAPPA-Castello-di-Toblino.webp","link":"https:\/\/camminiditalia.org\/es\/cammini\/paseo-de-los-siete-lagos\/i-tappa-castello-di-toblino-2\/","alt":"","author":"2","description":"","caption":"ETAPA 01 - Castillo de Toblino","name":"i-tappa-castello-di-toblino-2","status":"inherit","uploaded_to":68081,"date":"2025-06-20 09:42:33","modified":"2025-06-25 14:56:33","menu_order":0,"mime_type":"image\/webp","type":"image","subtype":"webp","icon":"https:\/\/camminiditalia.org\/wp-includes\/images\/media\/default.png","width":1080,"height":1080,"sizes":{"thumbnail":"https:\/\/media-camminiditalia.nbg1.your-objectstorage.com\/2025\/06\/I-TAPPA-Castello-di-Toblino-150x150.webp","thumbnail-width":150,"thumbnail-height":150,"medium":"https:\/\/media-camminiditalia.nbg1.your-objectstorage.com\/2025\/06\/I-TAPPA-Castello-di-Toblino-300x300.webp","medium-width":300,"medium-height":300,"medium_large":"https:\/\/media-camminiditalia.nbg1.your-objectstorage.com\/2025\/06\/I-TAPPA-Castello-di-Toblino-768x768.webp","medium_large-width":768,"medium_large-height":768,"large":"https:\/\/media-camminiditalia.nbg1.your-objectstorage.com\/2025\/06\/I-TAPPA-Castello-di-Toblino-1024x1024.webp","large-width":1024,"large-height":1024,"1536x1536":"https:\/\/media-camminiditalia.nbg1.your-objectstorage.com\/2025\/06\/I-TAPPA-Castello-di-Toblino.webp","1536x1536-width":1080,"1536x1536-height":1080,"2048x2048":"https:\/\/media-camminiditalia.nbg1.your-objectstorage.com\/2025\/06\/I-TAPPA-Castello-di-Toblino.webp","2048x2048-width":1080,"2048x2048-height":1080,"tc_all_events_image":"https:\/\/media-camminiditalia.nbg1.your-objectstorage.com\/2025\/06\/I-TAPPA-Castello-di-Toblino-1080x680.webp","tc_all_events_image-width":1080,"tc_all_events_image-height":680,"woocommerce_thumbnail":"https:\/\/media-camminiditalia.nbg1.your-objectstorage.com\/2025\/06\/I-TAPPA-Castello-di-Toblino-300x300.webp","woocommerce_thumbnail-width":300,"woocommerce_thumbnail-height":300,"woocommerce_single":"https:\/\/media-camminiditalia.nbg1.your-objectstorage.com\/2025\/06\/I-TAPPA-Castello-di-Toblino-600x600.webp","woocommerce_single-width":600,"woocommerce_single-height":600,"woocommerce_gallery_thumbnail":"https:\/\/media-camminiditalia.nbg1.your-objectstorage.com\/2025\/06\/I-TAPPA-Castello-di-Toblino-100x100.webp","woocommerce_gallery_thumbnail-width":100,"woocommerce_gallery_thumbnail-height":100}}},{"img":{"ID":67344,"id":67344,"title":"II HABLAR DE TERLGO","filename":"II-TAPPALAGO-DI-TERLGO.webp","filesize":364190,"url":"https:\/\/media-camminiditalia.nbg1.your-objectstorage.com\/2025\/06\/II-TAPPALAGO-DI-TERLGO.webp","link":"https:\/\/camminiditalia.org\/es\/cammini\/paseo-de-los-siete-lagos\/ii-tappalago-di-terlgo-2\/","alt":"","author":"2","description":"","caption":"ETAPA 02 - Lago Terlgo","name":"ii-tappalago-di-terlgo-2","status":"inherit","uploaded_to":68081,"date":"2025-06-20 09:43:01","modified":"2025-06-25 14:56:33","menu_order":0,"mime_type":"image\/webp","type":"image","subtype":"webp","icon":"https:\/\/camminiditalia.org\/wp-includes\/images\/media\/default.png","width":1200,"height":800,"sizes":{"thumbnail":"https:\/\/media-camminiditalia.nbg1.your-objectstorage.com\/2025\/06\/II-TAPPALAGO-DI-TERLGO-150x150.webp","thumbnail-width":150,"thumbnail-height":150,"medium":"https:\/\/media-camminiditalia.nbg1.your-objectstorage.com\/2025\/06\/II-TAPPALAGO-DI-TERLGO-300x200.webp","medium-width":300,"medium-height":200,"medium_large":"https:\/\/media-camminiditalia.nbg1.your-objectstorage.com\/2025\/06\/II-TAPPALAGO-DI-TERLGO-768x512.webp","medium_large-width":768,"medium_large-height":512,"large":"https:\/\/media-camminiditalia.nbg1.your-objectstorage.com\/2025\/06\/II-TAPPALAGO-DI-TERLGO-1024x683.webp","large-width":1024,"large-height":683,"1536x1536":"https:\/\/media-camminiditalia.nbg1.your-objectstorage.com\/2025\/06\/II-TAPPALAGO-DI-TERLGO.webp","1536x1536-width":1200,"1536x1536-height":800,"2048x2048":"https:\/\/media-camminiditalia.nbg1.your-objectstorage.com\/2025\/06\/II-TAPPALAGO-DI-TERLGO.webp","2048x2048-width":1200,"2048x2048-height":800,"tc_all_events_image":"https:\/\/media-camminiditalia.nbg1.your-objectstorage.com\/2025\/06\/II-TAPPALAGO-DI-TERLGO-1100x680.webp","tc_all_events_image-width":1100,"tc_all_events_image-height":680,"woocommerce_thumbnail":"https:\/\/media-camminiditalia.nbg1.your-objectstorage.com\/2025\/06\/II-TAPPALAGO-DI-TERLGO-300x300.webp","woocommerce_thumbnail-width":300,"woocommerce_thumbnail-height":300,"woocommerce_single":"https:\/\/media-camminiditalia.nbg1.your-objectstorage.com\/2025\/06\/II-TAPPALAGO-DI-TERLGO-600x400.webp","woocommerce_single-width":600,"woocommerce_single-height":400,"woocommerce_gallery_thumbnail":"https:\/\/media-camminiditalia.nbg1.your-objectstorage.com\/2025\/06\/II-TAPPALAGO-DI-TERLGO-100x100.webp","woocommerce_gallery_thumbnail-width":100,"woocommerce_gallery_thumbnail-height":100}}},{"img":{"ID":67347,"id":67347,"title":"ETAPA III - CASTILLO MADRUZZO","filename":"III-TAPPA-CASTEL-MADRUZZO--scaled.webp","filesize":880366,"url":"https:\/\/media-camminiditalia.nbg1.your-objectstorage.com\/2025\/06\/III-TAPPA-CASTEL-MADRUZZO--scaled.webp","link":"https:\/\/camminiditalia.org\/es\/cammini\/paseo-de-los-siete-lagos\/iii-tappa-castel-madruzzo-2\/","alt":"","author":"2","description":"","caption":"ETAPA 03 - Castillo de Madruzzo","name":"iii-tappa-castel-madruzzo-2","status":"inherit","uploaded_to":68081,"date":"2025-06-20 09:43:25","modified":"2025-06-25 14:56:33","menu_order":0,"mime_type":"image\/webp","type":"image","subtype":"webp","icon":"https:\/\/camminiditalia.org\/wp-includes\/images\/media\/default.png","width":2560,"height":1707,"sizes":{"thumbnail":"https:\/\/media-camminiditalia.nbg1.your-objectstorage.com\/2025\/06\/III-TAPPA-CASTEL-MADRUZZO--150x150.webp","thumbnail-width":150,"thumbnail-height":150,"medium":"https:\/\/media-camminiditalia.nbg1.your-objectstorage.com\/2025\/06\/III-TAPPA-CASTEL-MADRUZZO--300x200.webp","medium-width":300,"medium-height":200,"medium_large":"https:\/\/media-camminiditalia.nbg1.your-objectstorage.com\/2025\/06\/III-TAPPA-CASTEL-MADRUZZO--768x512.webp","medium_large-width":768,"medium_large-height":512,"large":"https:\/\/media-camminiditalia.nbg1.your-objectstorage.com\/2025\/06\/III-TAPPA-CASTEL-MADRUZZO--1024x683.webp","large-width":1024,"large-height":683,"1536x1536":"https:\/\/media-camminiditalia.nbg1.your-objectstorage.com\/2025\/06\/III-TAPPA-CASTEL-MADRUZZO--1536x1024.webp","1536x1536-width":1536,"1536x1536-height":1024,"2048x2048":"https:\/\/media-camminiditalia.nbg1.your-objectstorage.com\/2025\/06\/III-TAPPA-CASTEL-MADRUZZO--2048x1365.webp","2048x2048-width":2048,"2048x2048-height":1365,"tc_all_events_image":"https:\/\/media-camminiditalia.nbg1.your-objectstorage.com\/2025\/06\/III-TAPPA-CASTEL-MADRUZZO--1100x680.webp","tc_all_events_image-width":1100,"tc_all_events_image-height":680,"woocommerce_thumbnail":"https:\/\/media-camminiditalia.nbg1.your-objectstorage.com\/2025\/06\/III-TAPPA-CASTEL-MADRUZZO--300x300.webp","woocommerce_thumbnail-width":300,"woocommerce_thumbnail-height":300,"woocommerce_single":"https:\/\/media-camminiditalia.nbg1.your-objectstorage.com\/2025\/06\/III-TAPPA-CASTEL-MADRUZZO--600x400.webp","woocommerce_single-width":600,"woocommerce_single-height":400,"woocommerce_gallery_thumbnail":"https:\/\/media-camminiditalia.nbg1.your-objectstorage.com\/2025\/06\/III-TAPPA-CASTEL-MADRUZZO--100x100.webp","woocommerce_gallery_thumbnail-width":100,"woocommerce_gallery_thumbnail-height":100}}},{"img":{"ID":67350,"id":67350,"title":"IV ETAPA - Castel-Drena_","filename":"IV-TAPPA-Castel-Drena_.webp","filesize":269464,"url":"https:\/\/media-camminiditalia.nbg1.your-objectstorage.com\/2025\/06\/IV-TAPPA-Castel-Drena_.webp","link":"https:\/\/camminiditalia.org\/es\/cammini\/paseo-de-los-siete-lagos\/iv-tappa-castel-drena_-2\/","alt":"","author":"2","description":"","caption":"ETAPA 04 - Castillo de Drena","name":"iv-tappa-castel-drena_-2","status":"inherit","uploaded_to":68081,"date":"2025-06-20 09:44:00","modified":"2025-06-25 14:56:33","menu_order":0,"mime_type":"image\/webp","type":"image","subtype":"webp","icon":"https:\/\/camminiditalia.org\/wp-includes\/images\/media\/default.png","width":1170,"height":777,"sizes":{"thumbnail":"https:\/\/media-camminiditalia.nbg1.your-objectstorage.com\/2025\/06\/IV-TAPPA-Castel-Drena_-150x150.webp","thumbnail-width":150,"thumbnail-height":150,"medium":"https:\/\/media-camminiditalia.nbg1.your-objectstorage.com\/2025\/06\/IV-TAPPA-Castel-Drena_-300x199.webp","medium-width":300,"medium-height":199,"medium_large":"https:\/\/media-camminiditalia.nbg1.your-objectstorage.com\/2025\/06\/IV-TAPPA-Castel-Drena_-768x510.webp","medium_large-width":768,"medium_large-height":510,"large":"https:\/\/media-camminiditalia.nbg1.your-objectstorage.com\/2025\/06\/IV-TAPPA-Castel-Drena_-1024x680.webp","large-width":1024,"large-height":680,"1536x1536":"https:\/\/media-camminiditalia.nbg1.your-objectstorage.com\/2025\/06\/IV-TAPPA-Castel-Drena_.webp","1536x1536-width":1170,"1536x1536-height":777,"2048x2048":"https:\/\/media-camminiditalia.nbg1.your-objectstorage.com\/2025\/06\/IV-TAPPA-Castel-Drena_.webp","2048x2048-width":1170,"2048x2048-height":777,"tc_all_events_image":"https:\/\/media-camminiditalia.nbg1.your-objectstorage.com\/2025\/06\/IV-TAPPA-Castel-Drena_-1100x680.webp","tc_all_events_image-width":1100,"tc_all_events_image-height":680,"woocommerce_thumbnail":"https:\/\/media-camminiditalia.nbg1.your-objectstorage.com\/2025\/06\/IV-TAPPA-Castel-Drena_-300x300.webp","woocommerce_thumbnail-width":300,"woocommerce_thumbnail-height":300,"woocommerce_single":"https:\/\/media-camminiditalia.nbg1.your-objectstorage.com\/2025\/06\/IV-TAPPA-Castel-Drena_-600x398.webp","woocommerce_single-width":600,"woocommerce_single-height":398,"woocommerce_gallery_thumbnail":"https:\/\/media-camminiditalia.nbg1.your-objectstorage.com\/2025\/06\/IV-TAPPA-Castel-Drena_-100x100.webp","woocommerce_gallery_thumbnail-width":100,"woocommerce_gallery_thumbnail-height":100}}},{"img":{"ID":67353,"id":67353,"title":"ETAPA V - LA ZANJA DE RIEGO DEL CALAVINO","filename":"V-TAPPA-LA-ROGGIA-DI-CALAVINO.webp","filesize":589546,"url":"https:\/\/media-camminiditalia.nbg1.your-objectstorage.com\/2025\/06\/V-TAPPA-LA-ROGGIA-DI-CALAVINO.webp","link":"https:\/\/camminiditalia.org\/es\/cammini\/paseo-de-los-siete-lagos\/v-tappa-la-roggia-di-calavino-2\/","alt":"","author":"2","description":"","caption":"ETAPA 05 - El Canal Calavino","name":"v-tappa-la-roggia-di-calavino-2","status":"inherit","uploaded_to":68081,"date":"2025-06-20 09:44:20","modified":"2025-06-25 14:56:33","menu_order":0,"mime_type":"image\/webp","type":"image","subtype":"webp","icon":"https:\/\/camminiditalia.org\/wp-includes\/images\/media\/default.png","width":945,"height":2048,"sizes":{"thumbnail":"https:\/\/media-camminiditalia.nbg1.your-objectstorage.com\/2025\/06\/V-TAPPA-LA-ROGGIA-DI-CALAVINO-150x150.webp","thumbnail-width":150,"thumbnail-height":150,"medium":"https:\/\/media-camminiditalia.nbg1.your-objectstorage.com\/2025\/06\/V-TAPPA-LA-ROGGIA-DI-CALAVINO-138x300.webp","medium-width":138,"medium-height":300,"medium_large":"https:\/\/media-camminiditalia.nbg1.your-objectstorage.com\/2025\/06\/V-TAPPA-LA-ROGGIA-DI-CALAVINO-768x1664.webp","medium_large-width":768,"medium_large-height":1664,"large":"https:\/\/media-camminiditalia.nbg1.your-objectstorage.com\/2025\/06\/V-TAPPA-LA-ROGGIA-DI-CALAVINO-473x1024.webp","large-width":473,"large-height":1024,"1536x1536":"https:\/\/media-camminiditalia.nbg1.your-objectstorage.com\/2025\/06\/V-TAPPA-LA-ROGGIA-DI-CALAVINO-709x1536.webp","1536x1536-width":709,"1536x1536-height":1536,"2048x2048":"https:\/\/media-camminiditalia.nbg1.your-objectstorage.com\/2025\/06\/V-TAPPA-LA-ROGGIA-DI-CALAVINO.webp","2048x2048-width":945,"2048x2048-height":2048,"tc_all_events_image":"https:\/\/media-camminiditalia.nbg1.your-objectstorage.com\/2025\/06\/V-TAPPA-LA-ROGGIA-DI-CALAVINO-945x680.webp","tc_all_events_image-width":945,"tc_all_events_image-height":680,"woocommerce_thumbnail":"https:\/\/media-camminiditalia.nbg1.your-objectstorage.com\/2025\/06\/V-TAPPA-LA-ROGGIA-DI-CALAVINO-300x300.webp","woocommerce_thumbnail-width":300,"woocommerce_thumbnail-height":300,"woocommerce_single":"https:\/\/media-camminiditalia.nbg1.your-objectstorage.com\/2025\/06\/V-TAPPA-LA-ROGGIA-DI-CALAVINO-600x1300.webp","woocommerce_single-width":600,"woocommerce_single-height":1300,"woocommerce_gallery_thumbnail":"https:\/\/media-camminiditalia.nbg1.your-objectstorage.com\/2025\/06\/V-TAPPA-LA-ROGGIA-DI-CALAVINO-100x100.webp","woocommerce_gallery_thumbnail-width":100,"woocommerce_gallery_thumbnail-height":100}}}]},"guide":{"text":"","img":false,"linkBtn":{"title":"","url":"","target":"","0":""},"textBtn":""},"maps":{"map":"<p><iframe loading=\"lazy\" style=\"border: none; overflow: hidden;\" src=\"https:\/\/1.camminiditalia.webmapp.it\/map?layer=101\" width=\"100%\" height=\"800\" scrolling=\"no\"><\/iframe><\/p>\n","url":""},"modal":{"modals":[{"status":false,"title":"HISTORIA","text":"<p><span style=\"font-weight: 400;\">El Valle dei Laghi, donde se encuentra el paseo, se extiende desde el umbral de Terlago hasta Basso Sarca en un ins\u00f3lito escenario natural de lagos, pueblos, antiguos castillos, monta\u00f1as y colinas, y acompa\u00f1a al caminante en el descenso hasta Riva del Garda. El valle goza de una singular variedad clim\u00e1tica, que va del clima alpino al mediterr\u00e1neo, ofreciendo una alternancia ideal de entornos naturales. El espect\u00e1culo que ofrece es un mosaico hist\u00f3rico y naturalista de inestimable belleza que acoge al caminante en todas las estaciones del a\u00f1o. <\/span><span style=\"font-weight: 400;\">El camino serpentea tambi\u00e9n por los cultivos de Nosiola, donde, bordeando las hileras de vi\u00f1as magistralmente dispuestas, que descienden suavemente hacia el fondo del valle y est\u00e1n contenidas por antiguos muros de piedra seca, nos reencontramos con aquel conocimiento del pasado transmitido con pasi\u00f3n y diligencia de generaci\u00f3n en generaci\u00f3n.<\/span><\/p>\n"},{"status":false,"title":"SE\u00d1ALIZACI\u00d3N","text":"<p><span style=\"font-weight: 400;\">Las se\u00f1ales a lo largo del sendero son las flechas SAT est\u00e1ndar, es decir, las se\u00f1ales de la Societ\u00e0 degli Alpinisti Tridentini. Suelen ser flechas rojas o blancas\/rojas con indicaciones de destinos, n\u00fameros de sendero y tiempos de marcha; <\/span><\/p>\n<p>Tambi\u00e9n hay pegatinas con el logotipo de la marcha o dibujos del mismo logotipo en piedras.<\/p>\n"},{"status":false,"title":"SERVICIOS","text":"<p>Hay supermercados tanto en la salida como en los pueblos de Vezzano, Drena y Dro.<\/p>\n<p>Tambi\u00e9n hay farmacias en Sarche, Vezzano, Dro y Pietramurata.<\/p>\n"},{"status":false,"title":"AGUA","text":"<p>Hay fuentes de agua en todos los pueblos por los que pasas.<\/p>\n"},{"status":false,"title":"EN CARPA","text":"<p><span style=\"font-weight: 400;\">Hay dos campings, uno al final de la ETAPA 1 y otro al final de la ETAPA 4.<\/span><\/p>\n<p><span style=\"font-weight: 400;\">En las dem\u00e1s etapas se pueden montar tiendas, pero en zonas apartadas, ya que est\u00e1 prohibido acampar libremente. <\/span><\/p>\n"},{"status":false,"title":"CREDENCIAL","text":"<p>Las credenciales existen y cuestan <span style=\"font-weight: 400;\">\u20ac 5,00. Para m\u00e1s informaci\u00f3n, ponte en contacto con el organismo gestor. <\/span><\/p>\n"},{"status":false,"title":"CONTACTOS","text":"<p><span style=\"font-weight: 400;\">La direcci\u00f3n de correo electr\u00f3nico para informaci\u00f3n es info@camminodeisettelaghi.it, mientras que el n\u00famero de la secretar\u00eda es 349-3365446.<\/span><\/p>\n<p>Para cada ETAPA, hay personas de contacto a las que dirigirse.<\/p>\n<div class=\"elementor-element elementor-element-968b1e9 e-flex e-con-boxed e-con e-child\" data-id=\"968b1e9\" data-element_type=\"container\" data-settings=\"{\">\n<div class=\"e-con-inner\">\n<div class=\"elementor-element elementor-element-5031af8 elementor-widget elementor-widget-heading\" data-id=\"5031af8\" data-element_type=\"widget\" data-widget_type=\"heading.default\">\n<p class=\"elementor-widget-container\">1\u00aa ETAPA: <a href=\"tel:%2039%20338%20196%203282\">Emanuela Miori +39 338 196 3282; <\/a><a href=\"tel:%2039%20338%20196%203282\">Stefania Lusuardi +39 348 9360172<\/a><\/p>\n<\/div>\n<\/div>\n<\/div>\n<div class=\"e-con-inner\">\n<div class=\"elementor-element elementor-element-f7572c8 elementor-widget elementor-widget-heading\" data-id=\"f7572c8\" data-element_type=\"widget\" data-widget_type=\"heading.default\">\n<div class=\"elementor-widget-container\">\n<p class=\"elementor-heading-title elementor-size-default\">2\u00aa ETAPA: <a style=\"font-size: 16px;\" href=\"tel:+393489360172\">Stefania Paoli +39 345 878 5797<\/a><\/p>\n<\/div>\n<\/div>\n<\/div>\n<div class=\"e-con-inner\">\n<div class=\"elementor-element elementor-element-1390775 elementor-widget elementor-widget-heading\" data-id=\"1390775\" data-element_type=\"widget\" data-widget_type=\"heading.default\">\n<div class=\"elementor-widget-container\">\n<p class=\"elementor-heading-title elementor-size-default\">3\u00aa ETAPA: <a style=\"font-size: 16px;\" href=\"tel:+393458785797\">Davide Bolognani: +39 371 5215388<\/a><\/p>\n<\/div>\n<\/div>\n<\/div>\n<div class=\"e-con-inner\">\n<div class=\"elementor-element elementor-element-96911cb elementor-widget elementor-widget-heading\" data-id=\"96911cb\" data-element_type=\"widget\" data-widget_type=\"heading.default\">\n<div class=\"elementor-widget-container\">\n<p class=\"elementor-heading-title elementor-size-default\">4\u00aa ETAPA <a style=\"font-size: 16px;\" href=\"tel:+393498347636\">: Sebastiano Matteotti: +39 349 834 7636 Armando Lucchi + 320 263 6664<\/a><\/p>\n<\/div>\n<\/div>\n<\/div>\n<div class=\"elementor-element elementor-element-beb39c7 e-flex e-con-boxed e-con e-child\" data-id=\"beb39c7\" data-element_type=\"container\" data-settings=\"{\">\n<div class=\"e-con-inner\">\n<div class=\"elementor-element elementor-element-99d7a66 elementor-widget elementor-widget-heading\" data-id=\"99d7a66\" data-element_type=\"widget\" data-widget_type=\"heading.default\">\n<p class=\"elementor-widget-container\">5\u00aa ETAPA: <a href=\"tel:+393485119343\">Paola Pisoni +39 339 637 9252<\/a><\/p>\n<\/div>\n<\/div>\n<\/div>\n"}]},"pagePoster":{"title":"PASEO DE LOS SIETE LAGOS","text":"<p>Una ruta de senderismo en el coraz\u00f3n del Trentino, inmersa en la naturaleza virgen del Valle dei Laghi, entre los montes Bondone y Paganella. Una experiencia de turismo lento entre lagos cristalinos, pueblos antiguos, castillos medievales y tradiciones locales.<\/p>\n","linkBtn":{"title":"","url":"#scopriletappe","target":""},"textBtn":"DESCUBRE LAS ETAPAS"},"podcasts":{"podcast":false,"link":null},"read_also_posts":{"read_also":false},"scheda_tecnica":{"lunghezza":"83 ","dislivello_medio":"","n_tappe":"5","partenza":"Sarche","arrivo":"Sarche","tipologia":"","tema":[],"portata":"","periodo_ideale":"","stagione_ideale":["primavera"]},"slider_cammini":{"title":"","text":"","select_cammini":false},"tappe":{"show_all":true,"all_tappe":"","tappa":[{"status":false,"title":"ETAPA 01","text":"<h2>RUTA O1: Sarche a Monte Terlago<\/h2>\n<p><strong>Salida:<\/strong> Sarche<br \/>\n<strong>Llegada:<\/strong> Monte Terlago<br \/>\n<strong>Distancia:<\/strong> 13,4 km<br \/>\n<strong>Diferencia de altura:<\/strong> +588 m \/ &#8211; 145 m<br \/>\n<strong>Firme: <\/strong><span style=\"font-weight: 400;\">carretera asfaltada aprox. 4,4 km, camino de tierra 0,8 km, sendero 7,3 km; otros 0,9 km.<\/span><\/p>\n<p><span style=\"font-weight: 400;\">La ETAPA inicial de la ruta conduce de Sarche a Monte Terlago, ascendiendo por la secci\u00f3n m\u00e1s septentrional del Valle dei Laghi. En la parte inicial, el paisaje est\u00e1 dominado por la pintoresca presencia de los lagos de Toblino y S. Massenza. Por el camino, se hacen cada vez m\u00e1s visibles las escarpadas laderas de Monte Gazza, Canfedin y Paganella, que culminan en impresionantes paredes rocosas. A lo largo de la etapa, el entorno es muy diverso y aparece como un rico mosaico de agradables zonas lacustres, vi\u00f1edos y campos, bosques caducifolios y de con\u00edferas, prados de heno y mucho m\u00e1s. El terreno es accidentado, muy favorable para la agricultura, con numerosos peque\u00f1os asentamientos como Sarche, S. Massenza, Fraveggio, Lon, Ciago, Covelo y Monte Terlago. Estos asentamientos son de origen muy antiguo y presentan una gran riqueza de testimonios hist\u00f3ricos, arquitect\u00f3nicos y art\u00edsticos. <\/span><\/p>\n<p><span style=\"font-weight: 400;\">La ETAPA, de duraci\u00f3n media, deja tiempo para una visita muy recomendable a los pueblos de la ruta, peque\u00f1os pero ricos en testimonios hist\u00f3ricos, art\u00edsticos y arquitect\u00f3nicos.<\/span><\/p>\n"},{"status":false,"title":"ETAPA 02","text":"<h2>RUTA O2: de Monte Terlago a Vezzano<\/h2>\n<p><strong>Salida:<\/strong> Monte Terlago<br \/>\n<strong>Llegada:<\/strong> Vezzano<br \/>\n<strong>Distancia:<\/strong> 18 km<br \/>\n<strong>Diferencia de altura:<\/strong> +272 m \/ &#8211; 590 m<br \/>\n<strong>Firme: <\/strong><span style=\"font-weight: 400;\">carretera asfaltada unos 8,4 km, camino de tierra 1,5 km, sendero 6,5 km; otros 1,6 km.<\/span><\/p>\n<p><span style=\"font-weight: 400;\">La segunda ETAPA, en el primer tramo, discurre por la pintoresca meseta de prados de Prada, al pie del monte Paganella, que se asoma al oeste con sus empinadas laderas. A continuaci\u00f3n llegamos a los Lagos de Lamar, dos peque\u00f1as pero pintorescas cuencas lacustres enclavadas en bosques de con\u00edferas y hayas. La ruta, por caminos forestales, asciende despu\u00e9s por la joroba boscosa de la Selva Faeda y desciende hasta el lago Terlago, otra cuenca de origen k\u00e1rstico sometida naturalmente a amplios cambios de nivel. La ruta, tras pasar el pueblo de Terlago -rico en testimonios hist\u00f3ricos y art\u00edsticos- desciende suavemente hacia el sur en un entorno de campos y huertos por la pista ciclopeatonal para llegar al destino de la ETAPA, el pueblo de Vezzano. <\/span><\/p>\n<p><em><strong>Notas sobre la ruta: <\/strong><\/em><span style=\"font-weight: 400;\">La frecuentaci\u00f3n de osos pardos en la zona del primer tramo de la ETAPA obliga a prestar atenci\u00f3n a las indicaciones de las se\u00f1ales colocadas a lo largo del recorrido y, en particular, a llevar siempre atados a los perros.<\/span><\/p>\n"},{"status":false,"title":"ETAPA 03","text":"<h2>RUTA O3: De Vezzano a Cavedine<\/h2>\n<p><strong>Salida:<\/strong> Vezzano<br \/>\n<strong>Llegada:<\/strong> Cavedine<br \/>\n<strong>Distancia:<\/strong> 16,6 km<br \/>\n<strong>Diferencia de altura:<\/strong> +801 m \/ &#8211; 684 m<br \/>\n<strong>Firme: <\/strong><span style=\"font-weight: 400;\">carretera asfaltada unos 3,2 km, camino de grava 0,4 km, sendero 13 km; <\/span><\/p>\n<p><span style=\"font-weight: 400;\">La tercera ETAPA es la m\u00e1s \u201cmonta\u00f1osa\u201d de las etapas del sendero. De hecho, la primera mitad discurre por la ladera occidental del Monte Bondone, afrontando un importante desnivel, primero cuesta arriba y luego cuesta abajo. El ascenso desde el pueblo de Vezzano, por un camino inmerso en bosques de con\u00edferas y frondosas, conduce al lago Lagolo, una encantadora peque\u00f1a cuenca lacustre situada a 930 metros de altitud. Desde el lago, el descenso posterior conduce a Madruzzo, un min\u00fasculo pueblo reunido al pie del acantilado sobre el que se alza el antiguo castillo del mismo nombre. La segunda parte de la etapa discurre con pendientes moderadas por el valle de Cavedine, en parte por las carreteras que discurren por el campo y en parte por los escasos bosques atravesados por la llamada \u201ccalzada romana\u201d. La ruta hasta Cavedine es f\u00e1cil y rica en elementos de inter\u00e9s, tanto por el componente naturalista como por el hist\u00f3rico-cultural. <\/span><\/p>\n<p><em><strong>Notas sobre la ruta: <\/strong><\/em>La ETAPA es bastante exigente debido al desnivel, pero deja tiempo para visitar los peque\u00f1os pero interesantes pueblos de la ruta. Para quienes deseen evitar la subida a Lagolo, existe la posibilidad de recorrer el tramo entre Vezzano y Madruzzo utilizando los senderos bien se\u00f1alizados que discurren por la base de la ladera y que pasan por el pueblo de Calavino.<\/p>\n"},{"status":false,"title":"ETAPA 04","text":"<h2>RUTA O4: De Cavedine a Pietramurata<\/h2>\n<p><strong>Salida:<\/strong> Cavedine<br \/>\n<strong>Llegada:<\/strong> Pietramurata<br \/>\n<strong>Distancia:<\/strong> 23,5 km<br \/>\n<strong>Diferencia de altura:<\/strong> +376 m \/ &#8211; 635 m<br \/>\n<strong>Firme: <\/strong><span style=\"font-weight: 400;\">carretera asfaltada unos 9,7 km, camino de grava 0,9 km, sendero 12,8 km; <\/span><\/p>\n<p><span style=\"font-weight: 400;\">Cuarto d\u00eda con la ETAPA m\u00e1s larga de la ruta: su primer tramo serpentea por el Valle de Cavedine y luego por el fondo del Valle dei Laghi, pasando por una gran variedad de situaciones paisaj\u00edsticas y medioambientales. Desde Cavedine, la ruta serpentea suavemente por la campi\u00f1a del fondo del valle, tocando pueblos tranquilos, hasta llegar a Drena, vigilada desde lo alto por su antiguo castillo. Desde aqu\u00ed, el camino desciende abruptamente por la ladera hasta la zona de Dro, un importante pueblo al que se llega por el carril bici\/peatonal. En Dro, el sendero invierte su direcci\u00f3n, dirigi\u00e9ndose hacia el norte; por caminos de tierra inmersos en bosques y campi\u00f1a, llega a la hist\u00f3rica central hidroel\u00e9ctrica de Fies y luego a la Marocche di Dro, una impresionante zona monta\u00f1osa compuesta por una gigantesca acumulaci\u00f3n de pe\u00f1ascos desprendidos. La ruta por la Marocche di Dro, un importante espacio natural protegido, sigue caminos pedregosos inmersos en un paisaje vegetal muy especial compuesto por plantas resistentes a la marcada aridez del suelo. La etapa contin\u00faa a lo largo de las orillas del encantador lago Cavedine y luego a trav\u00e9s de los bosques de latifoliadas y pinos de Gaggio, hasta llegar a la campi\u00f1a de Pietramurata, localidad de destino de la etapa. <\/span><\/p>\n<p><em><strong>Notas sobre la ruta: <\/strong><\/em><span style=\"font-weight: 400;\">La ETAPA es bastante larga; para quienes necesiten acortarla, se recomiendan dos variantes, que eluden la zona de Dro y vuelven a conectar con el sendero m\u00e1s al norte. Ambas variantes parten del punto en que el sendero que desciende de Drena alcanza el fondo del valle principal, en el borde meridional de la Marocche di Dro. La primera variante cruza la Marocche di Dro de sur a norte hasta el lago Cavedine utilizando el sendero natural de la Marocche, bien se\u00f1alizado. La segunda variante, en cambio, asciende por el valle a lo largo de la orilla izquierda del r\u00edo Sarca por el carril bici hasta la central hidroel\u00e9ctrica de Fies, donde retoma el Cammino di Dante. <\/span><\/p>\n"},{"status":false,"title":"ETAPA 05","text":"<h2>RUTA O5: de Pietramurata a Sarche<\/h2>\n<p><strong>Salida:<\/strong> Pietramurata<br \/>\n<strong>Llegada:<\/strong> Sarche<br \/>\n<strong>Distancia:<\/strong> 12,4 km<br \/>\n<strong>Diferencia de altura:<\/strong> +165 m \/ &#8211; 164 m<br \/>\n<strong>Firme: <\/strong><span style=\"font-weight: 400;\">carretera asfaltada unos 5,6 km, camino de tierra 1,3 km, sendero 5,1 km; <\/span><\/p>\n<p><span style=\"font-weight: 400;\">La quinta y \u00faltima ETAPA es relativamente corta y permite completar la ruta a primera hora de la tarde, dejando tiempo libre para cualquier viaje de vuelta. La ruta sale de Pietramurata y se dirige hacia el norte, utilizando el carril bici\/peatonal que discurre a lo largo de la orilla izquierda del r\u00edo Sarca; por caminos rurales que atraviesan huertos y vi\u00f1edos, llega al peque\u00f1o pueblo de Pergolese y luego contin\u00faa durante un buen tramo por terreno llano a lo largo del Canal del Rimone, en el borde oriental de la vasta llanura del Sarca. Desde el pueblo de Pergolese, la ruta asciende por caminos de tierra a trav\u00e9s de arboledas y parcelas vit\u00edcolas, hasta que sortea la joroba y llega al pueblo de Calavino. Desde Calavino, centro especialmente rico en testimonios hist\u00f3ricos, arquitect\u00f3nicos y art\u00edsticos, la ruta desciende hacia el desfiladero de Canevai, siguiendo el camino de la Roggia di Calavino, pasando por espectaculares cascadas y antiguos molinos. Al llegar a la localidad de Due Laghi, cerca de Padergnone, la ruta sigue la orilla noroccidental del lago Toblino, para terminar en Sarche, meta de la etapa y conclusi\u00f3n del Cammino di Dante. <\/span><\/p>\n<p><em><strong>Notas sobre la ruta: <\/strong><\/em>La etapa es bastante corta y permite paradas apropiadas en puntos de inter\u00e9s; el pueblo de Calavino merece especialmente una visita, por su riqueza en testimonios hist\u00f3ricos, art\u00edsticos y arquitect\u00f3nicos.<\/p>\n"}]},"videos":{"video":false,"link":null},"logo_cammino":{"ID":67483,"id":67483,"title":"Logos-Caminos-_2_","filename":"Loghi-Cammini-_2_.webp","filesize":17912,"url":"https:\/\/media-camminiditalia.nbg1.your-objectstorage.com\/2025\/06\/Loghi-Cammini-_2_.webp","link":"https:\/\/camminiditalia.org\/es\/cammini\/paseo-de-los-siete-lagos\/loghi-cammini-_2_-2\/","alt":"","author":"2","description":"","caption":"Logotipo de la Marcha de los Siete Lagos","name":"loghi-cammini-_2_-2","status":"inherit","uploaded_to":68081,"date":"2025-06-23 08:16:03","modified":"2025-06-25 14:56:31","menu_order":0,"mime_type":"image\/webp","type":"image","subtype":"webp","icon":"https:\/\/camminiditalia.org\/wp-includes\/images\/media\/default.png","width":1080,"height":1080,"sizes":{"thumbnail":"https:\/\/media-camminiditalia.nbg1.your-objectstorage.com\/2025\/06\/Loghi-Cammini-_2_-150x150.webp","thumbnail-width":150,"thumbnail-height":150,"medium":"https:\/\/media-camminiditalia.nbg1.your-objectstorage.com\/2025\/06\/Loghi-Cammini-_2_-300x300.webp","medium-width":300,"medium-height":300,"medium_large":"https:\/\/media-camminiditalia.nbg1.your-objectstorage.com\/2025\/06\/Loghi-Cammini-_2_-768x768.webp","medium_large-width":768,"medium_large-height":768,"large":"https:\/\/media-camminiditalia.nbg1.your-objectstorage.com\/2025\/06\/Loghi-Cammini-_2_-1024x1024.webp","large-width":1024,"large-height":1024,"1536x1536":"https:\/\/media-camminiditalia.nbg1.your-objectstorage.com\/2025\/06\/Loghi-Cammini-_2_.webp","1536x1536-width":1080,"1536x1536-height":1080,"2048x2048":"https:\/\/media-camminiditalia.nbg1.your-objectstorage.com\/2025\/06\/Loghi-Cammini-_2_.webp","2048x2048-width":1080,"2048x2048-height":1080,"tc_all_events_image":"https:\/\/media-camminiditalia.nbg1.your-objectstorage.com\/2025\/06\/Loghi-Cammini-_2_-1080x680.webp","tc_all_events_image-width":1080,"tc_all_events_image-height":680,"woocommerce_thumbnail":"https:\/\/media-camminiditalia.nbg1.your-objectstorage.com\/2025\/06\/Loghi-Cammini-_2_-300x300.webp","woocommerce_thumbnail-width":300,"woocommerce_thumbnail-height":300,"woocommerce_single":"https:\/\/media-camminiditalia.nbg1.your-objectstorage.com\/2025\/06\/Loghi-Cammini-_2_-600x600.webp","woocommerce_single-width":600,"woocommerce_single-height":600,"woocommerce_gallery_thumbnail":"https:\/\/media-camminiditalia.nbg1.your-objectstorage.com\/2025\/06\/Loghi-Cammini-_2_-100x100.webp","woocommerce_gallery_thumbnail-width":100,"woocommerce_gallery_thumbnail-height":100}},"header_link":{"title":"","url":"","target":"","0":""}},"yoast_head":"<!-- This site is optimized with the Yoast SEO plugin v27.1.1 - https:\/\/yoast.com\/product\/yoast-seo-wordpress\/ -->\n<title>Paseo de los Siete Lagos - Cammini d&#039;Italia<\/title>\n<meta name=\"robots\" content=\"index, follow, max-snippet:-1, max-image-preview:large, max-video-preview:-1\" \/>\n<link rel=\"canonical\" href=\"https:\/\/camminiditalia.org\/es\/cammini\/paseo-de-los-siete-lagos\/\" \/>\n<meta property=\"og:locale\" content=\"es_ES\" \/>\n<meta property=\"og:type\" content=\"article\" \/>\n<meta property=\"og:title\" content=\"Paseo de los Siete Lagos - Cammini d&#039;Italia\" \/>\n<meta property=\"og:description\" content=\"El Cammino dei Sette Laghi es una ruta de cinco etapas, con un m\u00ednimo de asfalto, inmersa en la naturaleza. Este itinerario se sit\u00faa en Trentino, precisamente en el Valle dei Laghi, un peque\u00f1o valle de las maravillas, caracterizado por una multitud de lagos, enclavado entre las cadenas monta\u00f1osas del Bondone y la Paganella; una &hellip; Continued\" \/>\n<meta property=\"og:url\" content=\"https:\/\/camminiditalia.org\/es\/cammini\/paseo-de-los-siete-lagos\/\" \/>\n<meta property=\"og:site_name\" content=\"Cammini d&#039;Italia\" \/>\n<meta property=\"article:modified_time\" content=\"2025-06-25T14:56:30+00:00\" \/>\n<meta name=\"twitter:card\" content=\"summary_large_image\" \/>\n<meta name=\"twitter:label1\" content=\"Tiempo de lectura\" \/>\n\t<meta name=\"twitter:data1\" content=\"1 minuto\" \/>\n<script type=\"application\/ld+json\" class=\"yoast-schema-graph\">{\"@context\":\"https:\/\/schema.org\",\"@graph\":[{\"@type\":\"WebPage\",\"@id\":\"https:\/\/camminiditalia.org\/es\/cammini\/paseo-de-los-siete-lagos\/\",\"url\":\"https:\/\/camminiditalia.org\/es\/cammini\/paseo-de-los-siete-lagos\/\",\"name\":\"Paseo de los Siete Lagos - Cammini d&#039;Italia\",\"isPartOf\":{\"@id\":\"https:\/\/camminiditalia.org\/es\/#website\"},\"primaryImageOfPage\":{\"@id\":\"https:\/\/camminiditalia.org\/es\/cammini\/paseo-de-los-siete-lagos\/#primaryimage\"},\"image\":{\"@id\":\"https:\/\/camminiditalia.org\/es\/cammini\/paseo-de-los-siete-lagos\/#primaryimage\"},\"thumbnailUrl\":\"https:\/\/media-camminiditalia.nbg1.your-objectstorage.com\/2025\/06\/Header-Blog-Post-Desktop-_3_.webp\",\"datePublished\":\"2025-06-20T10:59:42+00:00\",\"dateModified\":\"2025-06-25T14:56:30+00:00\",\"breadcrumb\":{\"@id\":\"https:\/\/camminiditalia.org\/es\/cammini\/paseo-de-los-siete-lagos\/#breadcrumb\"},\"inLanguage\":\"es\",\"potentialAction\":[{\"@type\":\"ReadAction\",\"target\":[\"https:\/\/camminiditalia.org\/es\/cammini\/paseo-de-los-siete-lagos\/\"]}]},{\"@type\":\"ImageObject\",\"inLanguage\":\"es\",\"@id\":\"https:\/\/camminiditalia.org\/es\/cammini\/paseo-de-los-siete-lagos\/#primaryimage\",\"url\":\"https:\/\/media-camminiditalia.nbg1.your-objectstorage.com\/2025\/06\/Header-Blog-Post-Desktop-_3_.webp\",\"contentUrl\":\"https:\/\/media-camminiditalia.nbg1.your-objectstorage.com\/2025\/06\/Header-Blog-Post-Desktop-_3_.webp\",\"width\":1600,\"height\":600,\"caption\":\"Paseo de los Siete Lagos\"},{\"@type\":\"BreadcrumbList\",\"@id\":\"https:\/\/camminiditalia.org\/es\/cammini\/paseo-de-los-siete-lagos\/#breadcrumb\",\"itemListElement\":[{\"@type\":\"ListItem\",\"position\":1,\"name\":\"Home\",\"item\":\"https:\/\/camminiditalia.org\/es\/inicio\/\"},{\"@type\":\"ListItem\",\"position\":2,\"name\":\"Paseos\",\"item\":\"https:\/\/camminiditalia.org\/es\/cammini\/\"},{\"@type\":\"ListItem\",\"position\":3,\"name\":\"Paseo de los Siete Lagos\"}]},{\"@type\":\"WebSite\",\"@id\":\"https:\/\/camminiditalia.org\/es\/#website\",\"url\":\"https:\/\/camminiditalia.org\/es\/\",\"name\":\"Cammini d'Italia\",\"description\":\"Plan, walk and share!\",\"publisher\":{\"@id\":\"https:\/\/camminiditalia.org\/es\/#organization\"},\"potentialAction\":[{\"@type\":\"SearchAction\",\"target\":{\"@type\":\"EntryPoint\",\"urlTemplate\":\"https:\/\/camminiditalia.org\/es\/?s={search_term_string}\"},\"query-input\":{\"@type\":\"PropertyValueSpecification\",\"valueRequired\":true,\"valueName\":\"search_term_string\"}}],\"inLanguage\":\"es\"},{\"@type\":\"Organization\",\"@id\":\"https:\/\/camminiditalia.org\/es\/#organization\",\"name\":\"Cammini d'Italia srls\",\"url\":\"https:\/\/camminiditalia.org\/es\/\",\"logo\":{\"@type\":\"ImageObject\",\"inLanguage\":\"es\",\"@id\":\"https:\/\/camminiditalia.org\/es\/#\/schema\/logo\/image\/\",\"url\":\"https:\/\/media-camminiditalia.nbg1.your-objectstorage.com\/wp-content\/uploads\/2023\/08\/Risorsa-2-8-e1690918206850.png\",\"contentUrl\":\"https:\/\/media-camminiditalia.nbg1.your-objectstorage.com\/wp-content\/uploads\/2023\/08\/Risorsa-2-8-e1690918206850.png\",\"width\":1076,\"height\":329,\"caption\":\"Cammini d'Italia srls\"},\"image\":{\"@id\":\"https:\/\/camminiditalia.org\/es\/#\/schema\/logo\/image\/\"}}]}<\/script>\n<!-- \/ Yoast SEO plugin. -->","yoast_head_json":{"title":"Paseo de los Siete Lagos - Cammini d&#039;Italia","robots":{"index":"index","follow":"follow","max-snippet":"max-snippet:-1","max-image-preview":"max-image-preview:large","max-video-preview":"max-video-preview:-1"},"canonical":"https:\/\/camminiditalia.org\/es\/cammini\/paseo-de-los-siete-lagos\/","og_locale":"es_ES","og_type":"article","og_title":"Paseo de los Siete Lagos - Cammini d&#039;Italia","og_description":"El Cammino dei Sette Laghi es una ruta de cinco etapas, con un m\u00ednimo de asfalto, inmersa en la naturaleza. Este itinerario se sit\u00faa en Trentino, precisamente en el Valle dei Laghi, un peque\u00f1o valle de las maravillas, caracterizado por una multitud de lagos, enclavado entre las cadenas monta\u00f1osas del Bondone y la Paganella; una &hellip; Continued","og_url":"https:\/\/camminiditalia.org\/es\/cammini\/paseo-de-los-siete-lagos\/","og_site_name":"Cammini d&#039;Italia","article_modified_time":"2025-06-25T14:56:30+00:00","twitter_card":"summary_large_image","twitter_misc":{"Tiempo de lectura":"1 minuto"},"schema":{"@context":"https:\/\/schema.org","@graph":[{"@type":"WebPage","@id":"https:\/\/camminiditalia.org\/es\/cammini\/paseo-de-los-siete-lagos\/","url":"https:\/\/camminiditalia.org\/es\/cammini\/paseo-de-los-siete-lagos\/","name":"Paseo de los Siete Lagos - Cammini d&#039;Italia","isPartOf":{"@id":"https:\/\/camminiditalia.org\/es\/#website"},"primaryImageOfPage":{"@id":"https:\/\/camminiditalia.org\/es\/cammini\/paseo-de-los-siete-lagos\/#primaryimage"},"image":{"@id":"https:\/\/camminiditalia.org\/es\/cammini\/paseo-de-los-siete-lagos\/#primaryimage"},"thumbnailUrl":"https:\/\/media-camminiditalia.nbg1.your-objectstorage.com\/2025\/06\/Header-Blog-Post-Desktop-_3_.webp","datePublished":"2025-06-20T10:59:42+00:00","dateModified":"2025-06-25T14:56:30+00:00","breadcrumb":{"@id":"https:\/\/camminiditalia.org\/es\/cammini\/paseo-de-los-siete-lagos\/#breadcrumb"},"inLanguage":"es","potentialAction":[{"@type":"ReadAction","target":["https:\/\/camminiditalia.org\/es\/cammini\/paseo-de-los-siete-lagos\/"]}]},{"@type":"ImageObject","inLanguage":"es","@id":"https:\/\/camminiditalia.org\/es\/cammini\/paseo-de-los-siete-lagos\/#primaryimage","url":"https:\/\/media-camminiditalia.nbg1.your-objectstorage.com\/2025\/06\/Header-Blog-Post-Desktop-_3_.webp","contentUrl":"https:\/\/media-camminiditalia.nbg1.your-objectstorage.com\/2025\/06\/Header-Blog-Post-Desktop-_3_.webp","width":1600,"height":600,"caption":"Paseo de los Siete Lagos"},{"@type":"BreadcrumbList","@id":"https:\/\/camminiditalia.org\/es\/cammini\/paseo-de-los-siete-lagos\/#breadcrumb","itemListElement":[{"@type":"ListItem","position":1,"name":"Home","item":"https:\/\/camminiditalia.org\/es\/inicio\/"},{"@type":"ListItem","position":2,"name":"Paseos","item":"https:\/\/camminiditalia.org\/es\/cammini\/"},{"@type":"ListItem","position":3,"name":"Paseo de los Siete Lagos"}]},{"@type":"WebSite","@id":"https:\/\/camminiditalia.org\/es\/#website","url":"https:\/\/camminiditalia.org\/es\/","name":"Cammini d'Italia","description":"Plan, walk and share!","publisher":{"@id":"https:\/\/camminiditalia.org\/es\/#organization"},"potentialAction":[{"@type":"SearchAction","target":{"@type":"EntryPoint","urlTemplate":"https:\/\/camminiditalia.org\/es\/?s={search_term_string}"},"query-input":{"@type":"PropertyValueSpecification","valueRequired":true,"valueName":"search_term_string"}}],"inLanguage":"es"},{"@type":"Organization","@id":"https:\/\/camminiditalia.org\/es\/#organization","name":"Cammini d'Italia srls","url":"https:\/\/camminiditalia.org\/es\/","logo":{"@type":"ImageObject","inLanguage":"es","@id":"https:\/\/camminiditalia.org\/es\/#\/schema\/logo\/image\/","url":"https:\/\/media-camminiditalia.nbg1.your-objectstorage.com\/wp-content\/uploads\/2023\/08\/Risorsa-2-8-e1690918206850.png","contentUrl":"https:\/\/media-camminiditalia.nbg1.your-objectstorage.com\/wp-content\/uploads\/2023\/08\/Risorsa-2-8-e1690918206850.png","width":1076,"height":329,"caption":"Cammini d'Italia srls"},"image":{"@id":"https:\/\/camminiditalia.org\/es\/#\/schema\/logo\/image\/"}}]}},"jetpack_sharing_enabled":true,"_links":{"self":[{"href":"https:\/\/camminiditalia.org\/es\/wp-json\/wp\/v2\/cammini\/68081","targetHints":{"allow":["GET"]}}],"collection":[{"href":"https:\/\/camminiditalia.org\/es\/wp-json\/wp\/v2\/cammini"}],"about":[{"href":"https:\/\/camminiditalia.org\/es\/wp-json\/wp\/v2\/types\/cammini"}],"version-history":[{"count":0,"href":"https:\/\/camminiditalia.org\/es\/wp-json\/wp\/v2\/cammini\/68081\/revisions"}],"wp:featuredmedia":[{"embeddable":true,"href":"https:\/\/camminiditalia.org\/es\/wp-json\/wp\/v2\/media\/67333"}],"wp:attachment":[{"href":"https:\/\/camminiditalia.org\/es\/wp-json\/wp\/v2\/media?parent=68081"}],"wp:term":[{"taxonomy":"category","embeddable":true,"href":"https:\/\/camminiditalia.org\/es\/wp-json\/wp\/v2\/categories?post=68081"}],"curies":[{"name":"wp","href":"https:\/\/api.w.org\/{rel}","templated":true}]}}