
{"id":68111,"date":"2024-12-19T15:37:19","date_gmt":"2024-12-19T14:37:19","guid":{"rendered":"https:\/\/camminiditalia.org\/cammini\/cammino-dei-borghi-sabini-sulle-tracce-della-dea-vacuna\/"},"modified":"2026-03-05T18:10:38","modified_gmt":"2026-03-05T17:10:38","slug":"cammino-dei-borghi-sabini-sulle-tracce-della-dea-vacuna","status":"publish","type":"cammini","link":"https:\/\/camminiditalia.org\/es\/cammini\/cammino-dei-borghi-sabini-sulle-tracce-della-dea-vacuna\/","title":{"rendered":"Paseo de las Aldeas Sabinas"},"content":{"rendered":"\n<p>A menos de una hora de Roma, la <strong>Cammino dei Borghi Sabini: sulle tracce della dea Vacuna <\/strong>te invita a descubrir la aut\u00e9ntica belleza de la Sabina tiberina y la provincia de Rieti. Esta ruta circular de 6 d\u00edas, accesible desde varias estaciones de ferrocarril de la l\u00ednea Fiumicino-Orte, serpentea por antiguas rutas prerromanas vinculadas al culto de la diosa Vacuna y ofrece itinerarios adecuados a distintos niveles de experiencia. <\/p>\n\n<p>Por el camino, pasar\u00e1s por pueblos medievales, antiguas ruinas arqueol\u00f3gicas y encantadores paisajes naturales. Cada paso es una oportunidad para sumergirte en las tradiciones locales, descubrir sabores aut\u00e9nticos y conocer la c\u00e1lida hospitalidad de los lugare\u00f1os. <\/p>\n\n<p>La marcha se entrelaza con otras rutas de gran relevancia, como el <strong>Via di Francesco<\/strong> y la emergente <strong>Senda para un Nuevo Humanismo<\/strong>, enriqueciendo la experiencia con una conexi\u00f3n m\u00e1s amplia con la historia y la espiritualidad de estas tierras.<\/p>\n\n<p>La Sabina, con su car\u00e1cter \u00fanico y su biodiversidad, se convierte en el coraz\u00f3n del turismo lento y sostenible, invit\u00e1ndote a vivir una aut\u00e9ntica aventura que celebra el v\u00ednculo entre cultura, naturaleza y comunidad.<\/p>\n\n<p id=\"scopriletappe\"><\/p>\n","protected":false},"excerpt":{"rendered":"<p>A menos de una hora de Roma, la Cammino dei Borghi Sabini: sulle tracce della dea Vacuna te invita a descubrir la aut\u00e9ntica belleza de la Sabina tiberina y la provincia de Rieti. Esta ruta circular de 6 d\u00edas, accesible desde varias estaciones de ferrocarril de la l\u00ednea Fiumicino-Orte, serpentea por antiguas rutas prerromanas vinculadas &hellip; <a href=\"https:\/\/camminiditalia.org\/es\/cammini\/cammino-dei-borghi-sabini-sulle-tracce-della-dea-vacuna\/\">Continued<\/a><\/p>\n","protected":false},"featured_media":65857,"parent":0,"menu_order":0,"template":"","meta":{"_acf_changed":false,"footnotes":""},"categories":[1970,1957],"class_list":["post-68111","cammini","type-cammini","status-publish","has-post-thumbnail","hentry","category-lazio-es","category-paseos","regioni-lazio"],"acf":{"mobile":false,"desktop":false,"app":{"bgImg":false,"title":"Descarga nuestra app","text":"<p>Con la aplicaci\u00f3n gratuita Cammini d&#8217;Italia, puedes planificar y recorrer el Cammino dei Borghi Sabini con total seguridad, pudiendo planificar las etapas al detalle y seguir la ruta gracias a la tecnolog\u00eda GPS integrada que te ayuda a orientarte durante tu aventura.<\/p>\n<p>Dentro de la app encontrar\u00e1s muchos otros caminos de Italia. Gracias a los tracks georreferenciados de muchas rutas, podr\u00e1s estudiar la ruta que m\u00e1s te convenga y descargarte tambi\u00e9n offline los tracks GPX de las etapas individuales. <\/p>\n<p>La aplicaci\u00f3n tambi\u00e9n incluye un mapa digital completo de todos los senderos estudiados hasta la fecha en nuestro portal, lo que te ofrece una amplia gama de elecci\u00f3n entre los numerosos senderos de Italia.<\/p>\n<p>\u2800\u2800<br \/>\nCammini d&#8217;Italia es la aplicaci\u00f3n perfecta para quienes desean explorar la belleza de Italia a pie, descubriendo lugares ocultos rodeados de naturaleza. \u00a1Desc\u00e1rgatela gratis hoy mismo y empieza a planear tu pr\u00f3xima aventura! <\/p>\n<p>\u2800<\/p>\n<p>\u2800<\/p>\n<p><a href=\"https:\/\/apps.apple.com\/it\/app\/cammini-di-italia\/id1643119047\" target=\"_blank\" rel=\"noopener\"><img loading=\"lazy\" decoding=\"async\" class=\"alignnone wp-image-23502\" src=\"https:\/\/camminiditalia.org\/wp-content\/uploads\/s3fra1:\/\/camministorage\/wp-content\/uploads\/2023\/04\/apple-300x95.png\" alt=\"\" width=\"190\" height=\"60\" srcset=\"https:\/\/media-camminiditalia.nbg1.your-objectstorage.com\/wp-content\/uploads\/2023\/04\/apple-300x95.png 300w, https:\/\/media-camminiditalia.nbg1.your-objectstorage.com\/wp-content\/uploads\/2023\/04\/apple.png 600w, https:\/\/media-camminiditalia.nbg1.your-objectstorage.com\/wp-content\/uploads\/2023\/04\/apple-1024x323.png 1024w, https:\/\/media-camminiditalia.nbg1.your-objectstorage.com\/wp-content\/uploads\/2023\/04\/apple-768x242.png 768w, https:\/\/media-camminiditalia.nbg1.your-objectstorage.com\/wp-content\/uploads\/2023\/04\/apple.png 1109w\" sizes=\"auto, (max-width: 190px) 100vw, 190px\" \/><\/a>  \u2800\u2800\u2800<a href=\"https:\/\/play.google.com\/store\/apps\/details?id=it.webmapp.cammini&#038;hl=en_US\" target=\"_blank\" rel=\"noopener\"><img loading=\"lazy\" decoding=\"async\" class=\"alignnone wp-image-23503\" src=\"https:\/\/camminiditalia.org\/wp-content\/uploads\/s3fra1:\/\/camministorage\/wp-content\/uploads\/2023\/04\/google-play-300x93.png\" alt=\"\" width=\"193\" height=\"60\" srcset=\"https:\/\/media-camminiditalia.nbg1.your-objectstorage.com\/wp-content\/uploads\/2023\/04\/google-play-300x93.png 300w, https:\/\/media-camminiditalia.nbg1.your-objectstorage.com\/wp-content\/uploads\/2023\/04\/google-play.png 600w, https:\/\/media-camminiditalia.nbg1.your-objectstorage.com\/wp-content\/uploads\/2023\/04\/google-play-1024x318.png 1024w, https:\/\/media-camminiditalia.nbg1.your-objectstorage.com\/wp-content\/uploads\/2023\/04\/google-play-768x239.png 768w, https:\/\/media-camminiditalia.nbg1.your-objectstorage.com\/wp-content\/uploads\/2023\/04\/google-play.png 1106w\" sizes=\"auto, (max-width: 193px) 100vw, 193px\" \/><\/a><\/p>\n","img":{"ID":64346,"id":64346,"title":"app-scontornata","filename":"app-scontornata.webp","filesize":36370,"url":"https:\/\/media-camminiditalia.nbg1.your-objectstorage.com\/wp-content\/uploads\/2023\/04\/app-scontornata.webp","link":"https:\/\/camminiditalia.org\/es\/cammini\/grande-traversata-elbana\/app-scontornata-3-2\/","alt":"","author":"2","description":"","caption":"","name":"app-scontornata-3-2","status":"inherit","uploaded_to":67630,"date":"2024-02-03 23:22:32","modified":"2025-06-24 14:21:47","menu_order":0,"mime_type":"image\/webp","type":"image","subtype":"webp","icon":"https:\/\/camminiditalia.org\/wp-includes\/images\/media\/default.png","width":383,"height":569,"sizes":{"thumbnail":"https:\/\/media-camminiditalia.nbg1.your-objectstorage.com\/wp-content\/uploads\/2023\/04\/app-scontornata-150x150.webp","thumbnail-width":150,"thumbnail-height":150,"medium":"https:\/\/media-camminiditalia.nbg1.your-objectstorage.com\/wp-content\/uploads\/2023\/04\/app-scontornata-202x300.webp","medium-width":202,"medium-height":300,"medium_large":"https:\/\/media-camminiditalia.nbg1.your-objectstorage.com\/wp-content\/uploads\/2023\/04\/app-scontornata.webp","medium_large-width":383,"medium_large-height":569,"large":"https:\/\/media-camminiditalia.nbg1.your-objectstorage.com\/wp-content\/uploads\/2023\/04\/app-scontornata.webp","large-width":383,"large-height":569,"1536x1536":"https:\/\/media-camminiditalia.nbg1.your-objectstorage.com\/wp-content\/uploads\/2023\/04\/app-scontornata.webp","1536x1536-width":383,"1536x1536-height":569,"2048x2048":"https:\/\/media-camminiditalia.nbg1.your-objectstorage.com\/wp-content\/uploads\/2023\/04\/app-scontornata.webp","2048x2048-width":383,"2048x2048-height":569,"tc_all_events_image":"https:\/\/media-camminiditalia.nbg1.your-objectstorage.com\/wp-content\/uploads\/2023\/04\/app-scontornata.webp","tc_all_events_image-width":383,"tc_all_events_image-height":569,"woocommerce_thumbnail":"https:\/\/media-camminiditalia.nbg1.your-objectstorage.com\/wp-content\/uploads\/2023\/04\/app-scontornata-300x300.webp","woocommerce_thumbnail-width":300,"woocommerce_thumbnail-height":300,"woocommerce_single":"https:\/\/media-camminiditalia.nbg1.your-objectstorage.com\/wp-content\/uploads\/2023\/04\/app-scontornata.webp","woocommerce_single-width":383,"woocommerce_single-height":569,"woocommerce_gallery_thumbnail":"https:\/\/media-camminiditalia.nbg1.your-objectstorage.com\/wp-content\/uploads\/2023\/04\/app-scontornata-100x100.webp","woocommerce_gallery_thumbnail-width":100,"woocommerce_gallery_thumbnail-height":100}},"linkBtn":{"title":"","url":"","target":"","0":""},"textBtn":""},"diaries":{"diary":false},"gallery":{"images":[{"img":{"ID":65859,"id":65859,"title":"Bocchignano","filename":"Bocchignano_ph-Giulia-Pesarin-2.jpg","filesize":556104,"url":"https:\/\/media-camminiditalia.nbg1.your-objectstorage.com\/wp-content\/uploads\/2024\/12\/Bocchignano_ph-Giulia-Pesarin-2.jpg","link":"https:\/\/camminiditalia.org\/es\/cammini\/cammino-dei-borghi-sabini-sulle-tracce-della-dea-vacuna\/bocchignano_ph-giulia-pesarin-2-2\/","alt":"Bocchignano","author":"8","description":"","caption":"Bocchignano","name":"bocchignano_ph-giulia-pesarin-2-2","status":"inherit","uploaded_to":68111,"date":"2024-12-19 14:50:19","modified":"2025-06-25 09:40:42","menu_order":0,"mime_type":"image\/jpeg","type":"image","subtype":"jpeg","icon":"https:\/\/camminiditalia.org\/wp-includes\/images\/media\/default.png","width":2000,"height":1333,"sizes":{"thumbnail":"https:\/\/media-camminiditalia.nbg1.your-objectstorage.com\/wp-content\/uploads\/2024\/12\/Bocchignano_ph-Giulia-Pesarin-2-150x150.jpg","thumbnail-width":150,"thumbnail-height":150,"medium":"https:\/\/media-camminiditalia.nbg1.your-objectstorage.com\/wp-content\/uploads\/2024\/12\/Bocchignano_ph-Giulia-Pesarin-2-300x200.jpg","medium-width":300,"medium-height":200,"medium_large":"https:\/\/media-camminiditalia.nbg1.your-objectstorage.com\/wp-content\/uploads\/2024\/12\/Bocchignano_ph-Giulia-Pesarin-2-768x512.jpg","medium_large-width":768,"medium_large-height":512,"large":"https:\/\/media-camminiditalia.nbg1.your-objectstorage.com\/wp-content\/uploads\/2024\/12\/Bocchignano_ph-Giulia-Pesarin-2-1024x682.jpg","large-width":1024,"large-height":682,"1536x1536":"https:\/\/media-camminiditalia.nbg1.your-objectstorage.com\/wp-content\/uploads\/2024\/12\/Bocchignano_ph-Giulia-Pesarin-2-1536x1024.jpg","1536x1536-width":1536,"1536x1536-height":1024,"2048x2048":"https:\/\/media-camminiditalia.nbg1.your-objectstorage.com\/wp-content\/uploads\/2024\/12\/Bocchignano_ph-Giulia-Pesarin-2.jpg","2048x2048-width":2000,"2048x2048-height":1333,"tc_all_events_image":"https:\/\/media-camminiditalia.nbg1.your-objectstorage.com\/wp-content\/uploads\/2024\/12\/Bocchignano_ph-Giulia-Pesarin-2-1100x680.jpg","tc_all_events_image-width":1100,"tc_all_events_image-height":680,"woocommerce_thumbnail":"https:\/\/media-camminiditalia.nbg1.your-objectstorage.com\/wp-content\/uploads\/2024\/12\/Bocchignano_ph-Giulia-Pesarin-2-300x300.jpg","woocommerce_thumbnail-width":300,"woocommerce_thumbnail-height":300,"woocommerce_single":"https:\/\/media-camminiditalia.nbg1.your-objectstorage.com\/wp-content\/uploads\/2024\/12\/Bocchignano_ph-Giulia-Pesarin-2-600x400.jpg","woocommerce_single-width":600,"woocommerce_single-height":400,"woocommerce_gallery_thumbnail":"https:\/\/media-camminiditalia.nbg1.your-objectstorage.com\/wp-content\/uploads\/2024\/12\/Bocchignano_ph-Giulia-Pesarin-2-100x100.jpg","woocommerce_gallery_thumbnail-width":100,"woocommerce_gallery_thumbnail-height":100}}},{"img":{"ID":65861,"id":65861,"title":"Bocchignano","filename":"Bocchignano_ph-Giulia-Pesarin.jpg","filesize":1049357,"url":"https:\/\/media-camminiditalia.nbg1.your-objectstorage.com\/wp-content\/uploads\/2024\/12\/Bocchignano_ph-Giulia-Pesarin.jpg","link":"https:\/\/camminiditalia.org\/es\/cammini\/cammino-dei-borghi-sabini-sulle-tracce-della-dea-vacuna\/bocchignano_ph-giulia-pesarin-3\/","alt":"Bocchignano","author":"8","description":"","caption":"Bocchignano","name":"bocchignano_ph-giulia-pesarin-3","status":"inherit","uploaded_to":68111,"date":"2024-12-19 14:50:50","modified":"2025-06-25 09:40:41","menu_order":0,"mime_type":"image\/jpeg","type":"image","subtype":"jpeg","icon":"https:\/\/camminiditalia.org\/wp-includes\/images\/media\/default.png","width":2000,"height":1429,"sizes":{"thumbnail":"https:\/\/media-camminiditalia.nbg1.your-objectstorage.com\/wp-content\/uploads\/2024\/12\/Bocchignano_ph-Giulia-Pesarin-150x150.jpg","thumbnail-width":150,"thumbnail-height":150,"medium":"https:\/\/media-camminiditalia.nbg1.your-objectstorage.com\/wp-content\/uploads\/2024\/12\/Bocchignano_ph-Giulia-Pesarin-300x214.jpg","medium-width":300,"medium-height":214,"medium_large":"https:\/\/media-camminiditalia.nbg1.your-objectstorage.com\/wp-content\/uploads\/2024\/12\/Bocchignano_ph-Giulia-Pesarin-768x549.jpg","medium_large-width":768,"medium_large-height":549,"large":"https:\/\/media-camminiditalia.nbg1.your-objectstorage.com\/wp-content\/uploads\/2024\/12\/Bocchignano_ph-Giulia-Pesarin-1024x732.jpg","large-width":1024,"large-height":732,"1536x1536":"https:\/\/media-camminiditalia.nbg1.your-objectstorage.com\/wp-content\/uploads\/2024\/12\/Bocchignano_ph-Giulia-Pesarin-1536x1097.jpg","1536x1536-width":1536,"1536x1536-height":1097,"2048x2048":"https:\/\/media-camminiditalia.nbg1.your-objectstorage.com\/wp-content\/uploads\/2024\/12\/Bocchignano_ph-Giulia-Pesarin.jpg","2048x2048-width":2000,"2048x2048-height":1429,"tc_all_events_image":"https:\/\/media-camminiditalia.nbg1.your-objectstorage.com\/wp-content\/uploads\/2024\/12\/Bocchignano_ph-Giulia-Pesarin-1100x680.jpg","tc_all_events_image-width":1100,"tc_all_events_image-height":680,"woocommerce_thumbnail":"https:\/\/media-camminiditalia.nbg1.your-objectstorage.com\/wp-content\/uploads\/2024\/12\/Bocchignano_ph-Giulia-Pesarin-300x300.jpg","woocommerce_thumbnail-width":300,"woocommerce_thumbnail-height":300,"woocommerce_single":"https:\/\/media-camminiditalia.nbg1.your-objectstorage.com\/wp-content\/uploads\/2024\/12\/Bocchignano_ph-Giulia-Pesarin-600x429.jpg","woocommerce_single-width":600,"woocommerce_single-height":429,"woocommerce_gallery_thumbnail":"https:\/\/media-camminiditalia.nbg1.your-objectstorage.com\/wp-content\/uploads\/2024\/12\/Bocchignano_ph-Giulia-Pesarin-100x100.jpg","woocommerce_gallery_thumbnail-width":100,"woocommerce_gallery_thumbnail-height":100}}},{"img":{"ID":65863,"id":65863,"title":"Cantalupo en Sabina","filename":"Cantalupo-in-Sabina_ph-Giulia-Pesarin-2.jpg","filesize":762895,"url":"https:\/\/media-camminiditalia.nbg1.your-objectstorage.com\/wp-content\/uploads\/2024\/12\/Cantalupo-in-Sabina_ph-Giulia-Pesarin-2.jpg","link":"https:\/\/camminiditalia.org\/es\/cammini\/cammino-dei-borghi-sabini-sulle-tracce-della-dea-vacuna\/cantalupo-in-sabina_ph-giulia-pesarin-2-2\/","alt":"Cantalupo en Sabina","author":"8","description":"","caption":"Cantalupo en Sabina","name":"cantalupo-in-sabina_ph-giulia-pesarin-2-2","status":"inherit","uploaded_to":68111,"date":"2024-12-19 14:51:20","modified":"2025-06-25 09:40:41","menu_order":0,"mime_type":"image\/jpeg","type":"image","subtype":"jpeg","icon":"https:\/\/camminiditalia.org\/wp-includes\/images\/media\/default.png","width":2109,"height":1582,"sizes":{"thumbnail":"https:\/\/media-camminiditalia.nbg1.your-objectstorage.com\/wp-content\/uploads\/2024\/12\/Cantalupo-in-Sabina_ph-Giulia-Pesarin-2-150x150.jpg","thumbnail-width":150,"thumbnail-height":150,"medium":"https:\/\/media-camminiditalia.nbg1.your-objectstorage.com\/wp-content\/uploads\/2024\/12\/Cantalupo-in-Sabina_ph-Giulia-Pesarin-2-300x225.jpg","medium-width":300,"medium-height":225,"medium_large":"https:\/\/media-camminiditalia.nbg1.your-objectstorage.com\/wp-content\/uploads\/2024\/12\/Cantalupo-in-Sabina_ph-Giulia-Pesarin-2-768x576.jpg","medium_large-width":768,"medium_large-height":576,"large":"https:\/\/media-camminiditalia.nbg1.your-objectstorage.com\/wp-content\/uploads\/2024\/12\/Cantalupo-in-Sabina_ph-Giulia-Pesarin-2-1024x768.jpg","large-width":1024,"large-height":768,"1536x1536":"https:\/\/media-camminiditalia.nbg1.your-objectstorage.com\/wp-content\/uploads\/2024\/12\/Cantalupo-in-Sabina_ph-Giulia-Pesarin-2-1536x1152.jpg","1536x1536-width":1536,"1536x1536-height":1152,"2048x2048":"https:\/\/media-camminiditalia.nbg1.your-objectstorage.com\/wp-content\/uploads\/2024\/12\/Cantalupo-in-Sabina_ph-Giulia-Pesarin-2-2048x1536.jpg","2048x2048-width":2048,"2048x2048-height":1536,"tc_all_events_image":"https:\/\/media-camminiditalia.nbg1.your-objectstorage.com\/wp-content\/uploads\/2024\/12\/Cantalupo-in-Sabina_ph-Giulia-Pesarin-2-1100x680.jpg","tc_all_events_image-width":1100,"tc_all_events_image-height":680,"woocommerce_thumbnail":"https:\/\/media-camminiditalia.nbg1.your-objectstorage.com\/wp-content\/uploads\/2024\/12\/Cantalupo-in-Sabina_ph-Giulia-Pesarin-2-300x300.jpg","woocommerce_thumbnail-width":300,"woocommerce_thumbnail-height":300,"woocommerce_single":"https:\/\/media-camminiditalia.nbg1.your-objectstorage.com\/wp-content\/uploads\/2024\/12\/Cantalupo-in-Sabina_ph-Giulia-Pesarin-2-600x450.jpg","woocommerce_single-width":600,"woocommerce_single-height":450,"woocommerce_gallery_thumbnail":"https:\/\/media-camminiditalia.nbg1.your-objectstorage.com\/wp-content\/uploads\/2024\/12\/Cantalupo-in-Sabina_ph-Giulia-Pesarin-2-100x100.jpg","woocommerce_gallery_thumbnail-width":100,"woocommerce_gallery_thumbnail-height":100}}},{"img":{"ID":65865,"id":65865,"title":"Casperia - Monta\u00f1as Sabinas","filename":"casperia-monti-sabini-drone_ph-Andrea-Cimini-1.jpg","filesize":717831,"url":"https:\/\/media-camminiditalia.nbg1.your-objectstorage.com\/wp-content\/uploads\/2024\/12\/casperia-monti-sabini-drone_ph-Andrea-Cimini-1-scaled.jpg","link":"https:\/\/camminiditalia.org\/es\/cammini\/cammino-dei-borghi-sabini-sulle-tracce-della-dea-vacuna\/casperia-monti-sabini-drone_ph-andrea-cimini-2-2\/","alt":"Casperia - Monta\u00f1as Sabinas","author":"8","description":"","caption":"Casperia - Monta\u00f1as Sabinas","name":"casperia-monti-sabini-drone_ph-andrea-cimini-2-2","status":"inherit","uploaded_to":68111,"date":"2024-12-19 14:52:07","modified":"2025-06-25 09:40:41","menu_order":0,"mime_type":"image\/jpeg","type":"image","subtype":"jpeg","icon":"https:\/\/camminiditalia.org\/wp-includes\/images\/media\/default.png","width":2560,"height":1438,"sizes":{"thumbnail":"https:\/\/media-camminiditalia.nbg1.your-objectstorage.com\/wp-content\/uploads\/2024\/12\/casperia-monti-sabini-drone_ph-Andrea-Cimini-1-150x150.jpg","thumbnail-width":150,"thumbnail-height":150,"medium":"https:\/\/media-camminiditalia.nbg1.your-objectstorage.com\/wp-content\/uploads\/2024\/12\/casperia-monti-sabini-drone_ph-Andrea-Cimini-1-300x169.jpg","medium-width":300,"medium-height":169,"medium_large":"https:\/\/media-camminiditalia.nbg1.your-objectstorage.com\/wp-content\/uploads\/2024\/12\/casperia-monti-sabini-drone_ph-Andrea-Cimini-1-768x432.jpg","medium_large-width":768,"medium_large-height":432,"large":"https:\/\/media-camminiditalia.nbg1.your-objectstorage.com\/wp-content\/uploads\/2024\/12\/casperia-monti-sabini-drone_ph-Andrea-Cimini-1-1024x575.jpg","large-width":1024,"large-height":575,"1536x1536":"https:\/\/media-camminiditalia.nbg1.your-objectstorage.com\/wp-content\/uploads\/2024\/12\/casperia-monti-sabini-drone_ph-Andrea-Cimini-1-1536x863.jpg","1536x1536-width":1536,"1536x1536-height":863,"2048x2048":"https:\/\/media-camminiditalia.nbg1.your-objectstorage.com\/wp-content\/uploads\/2024\/12\/casperia-monti-sabini-drone_ph-Andrea-Cimini-1-2048x1151.jpg","2048x2048-width":2048,"2048x2048-height":1151,"tc_all_events_image":"https:\/\/media-camminiditalia.nbg1.your-objectstorage.com\/wp-content\/uploads\/2024\/12\/casperia-monti-sabini-drone_ph-Andrea-Cimini-1-1100x680.jpg","tc_all_events_image-width":1100,"tc_all_events_image-height":680,"woocommerce_thumbnail":"https:\/\/media-camminiditalia.nbg1.your-objectstorage.com\/wp-content\/uploads\/2024\/12\/casperia-monti-sabini-drone_ph-Andrea-Cimini-1-scaled-300x300.jpg","woocommerce_thumbnail-width":300,"woocommerce_thumbnail-height":300,"woocommerce_single":"https:\/\/media-camminiditalia.nbg1.your-objectstorage.com\/wp-content\/uploads\/2024\/12\/casperia-monti-sabini-drone_ph-Andrea-Cimini-1-scaled-600x337.jpg","woocommerce_single-width":600,"woocommerce_single-height":337,"woocommerce_gallery_thumbnail":"https:\/\/media-camminiditalia.nbg1.your-objectstorage.com\/wp-content\/uploads\/2024\/12\/casperia-monti-sabini-drone_ph-Andrea-Cimini-1-scaled-100x100.jpg","woocommerce_gallery_thumbnail-width":100,"woocommerce_gallery_thumbnail-height":100}}},{"img":{"ID":65867,"id":65867,"title":"Casperia","filename":"Casperia-ph-Giulia-Pesarin.jpg","filesize":1298250,"url":"https:\/\/media-camminiditalia.nbg1.your-objectstorage.com\/wp-content\/uploads\/2024\/12\/Casperia-ph-Giulia-Pesarin.jpg","link":"https:\/\/camminiditalia.org\/es\/cammini\/cammino-dei-borghi-sabini-sulle-tracce-della-dea-vacuna\/casperia-ph-giulia-pesarin-2\/","alt":"Casperia","author":"8","description":"","caption":"Casperia","name":"casperia-ph-giulia-pesarin-2","status":"inherit","uploaded_to":68111,"date":"2024-12-19 14:52:48","modified":"2025-06-25 09:40:41","menu_order":0,"mime_type":"image\/jpeg","type":"image","subtype":"jpeg","icon":"https:\/\/camminiditalia.org\/wp-includes\/images\/media\/default.png","width":2500,"height":1667,"sizes":{"thumbnail":"https:\/\/media-camminiditalia.nbg1.your-objectstorage.com\/wp-content\/uploads\/2024\/12\/Casperia-ph-Giulia-Pesarin-150x150.jpg","thumbnail-width":150,"thumbnail-height":150,"medium":"https:\/\/media-camminiditalia.nbg1.your-objectstorage.com\/wp-content\/uploads\/2024\/12\/Casperia-ph-Giulia-Pesarin-300x200.jpg","medium-width":300,"medium-height":200,"medium_large":"https:\/\/media-camminiditalia.nbg1.your-objectstorage.com\/wp-content\/uploads\/2024\/12\/Casperia-ph-Giulia-Pesarin-768x512.jpg","medium_large-width":768,"medium_large-height":512,"large":"https:\/\/media-camminiditalia.nbg1.your-objectstorage.com\/wp-content\/uploads\/2024\/12\/Casperia-ph-Giulia-Pesarin-1024x683.jpg","large-width":1024,"large-height":683,"1536x1536":"https:\/\/media-camminiditalia.nbg1.your-objectstorage.com\/wp-content\/uploads\/2024\/12\/Casperia-ph-Giulia-Pesarin-1536x1024.jpg","1536x1536-width":1536,"1536x1536-height":1024,"2048x2048":"https:\/\/media-camminiditalia.nbg1.your-objectstorage.com\/wp-content\/uploads\/2024\/12\/Casperia-ph-Giulia-Pesarin-2048x1366.jpg","2048x2048-width":2048,"2048x2048-height":1366,"tc_all_events_image":"https:\/\/media-camminiditalia.nbg1.your-objectstorage.com\/wp-content\/uploads\/2024\/12\/Casperia-ph-Giulia-Pesarin-1100x680.jpg","tc_all_events_image-width":1100,"tc_all_events_image-height":680,"woocommerce_thumbnail":"https:\/\/media-camminiditalia.nbg1.your-objectstorage.com\/wp-content\/uploads\/2024\/12\/Casperia-ph-Giulia-Pesarin-300x300.jpg","woocommerce_thumbnail-width":300,"woocommerce_thumbnail-height":300,"woocommerce_single":"https:\/\/media-camminiditalia.nbg1.your-objectstorage.com\/wp-content\/uploads\/2024\/12\/Casperia-ph-Giulia-Pesarin-600x400.jpg","woocommerce_single-width":600,"woocommerce_single-height":400,"woocommerce_gallery_thumbnail":"https:\/\/media-camminiditalia.nbg1.your-objectstorage.com\/wp-content\/uploads\/2024\/12\/Casperia-ph-Giulia-Pesarin-100x100.jpg","woocommerce_gallery_thumbnail-width":100,"woocommerce_gallery_thumbnail-height":100}}},{"img":{"ID":65871,"id":65871,"title":"Castelnuovo di Farfa - Museo del Aceite","filename":"Castelnuovo-di-Farfa_Museo-olio-ph-Giulia-Pesarin-1-1.jpg","filesize":1130908,"url":"https:\/\/media-camminiditalia.nbg1.your-objectstorage.com\/wp-content\/uploads\/2024\/12\/Castelnuovo-di-Farfa_Museo-olio-ph-Giulia-Pesarin-1-1-scaled.jpg","link":"https:\/\/camminiditalia.org\/es\/cammini\/cammino-dei-borghi-sabini-sulle-tracce-della-dea-vacuna\/castelnuovo-di-farfa_museo-olio-ph-giulia-pesarin-1-2-2\/","alt":"Castelnuovo di Farfa - Museo del Aceite","author":"8","description":"","caption":"Castelnuovo di Farfa - Museo del Aceite","name":"castelnuovo-di-farfa_museo-olio-ph-giulia-pesarin-1-2-2","status":"inherit","uploaded_to":68111,"date":"2024-12-19 14:54:52","modified":"2025-06-25 09:40:41","menu_order":0,"mime_type":"image\/jpeg","type":"image","subtype":"jpeg","icon":"https:\/\/camminiditalia.org\/wp-includes\/images\/media\/default.png","width":2560,"height":1707,"sizes":{"thumbnail":"https:\/\/media-camminiditalia.nbg1.your-objectstorage.com\/wp-content\/uploads\/2024\/12\/Castelnuovo-di-Farfa_Museo-olio-ph-Giulia-Pesarin-1-1-150x150.jpg","thumbnail-width":150,"thumbnail-height":150,"medium":"https:\/\/media-camminiditalia.nbg1.your-objectstorage.com\/wp-content\/uploads\/2024\/12\/Castelnuovo-di-Farfa_Museo-olio-ph-Giulia-Pesarin-1-1-300x200.jpg","medium-width":300,"medium-height":200,"medium_large":"https:\/\/media-camminiditalia.nbg1.your-objectstorage.com\/wp-content\/uploads\/2024\/12\/Castelnuovo-di-Farfa_Museo-olio-ph-Giulia-Pesarin-1-1-768x512.jpg","medium_large-width":768,"medium_large-height":512,"large":"https:\/\/media-camminiditalia.nbg1.your-objectstorage.com\/wp-content\/uploads\/2024\/12\/Castelnuovo-di-Farfa_Museo-olio-ph-Giulia-Pesarin-1-1-1024x683.jpg","large-width":1024,"large-height":683,"1536x1536":"https:\/\/media-camminiditalia.nbg1.your-objectstorage.com\/wp-content\/uploads\/2024\/12\/Castelnuovo-di-Farfa_Museo-olio-ph-Giulia-Pesarin-1-1-1536x1024.jpg","1536x1536-width":1536,"1536x1536-height":1024,"2048x2048":"https:\/\/media-camminiditalia.nbg1.your-objectstorage.com\/wp-content\/uploads\/2024\/12\/Castelnuovo-di-Farfa_Museo-olio-ph-Giulia-Pesarin-1-1-2048x1365.jpg","2048x2048-width":2048,"2048x2048-height":1365,"tc_all_events_image":"https:\/\/media-camminiditalia.nbg1.your-objectstorage.com\/wp-content\/uploads\/2024\/12\/Castelnuovo-di-Farfa_Museo-olio-ph-Giulia-Pesarin-1-1-1100x680.jpg","tc_all_events_image-width":1100,"tc_all_events_image-height":680,"woocommerce_thumbnail":"https:\/\/media-camminiditalia.nbg1.your-objectstorage.com\/wp-content\/uploads\/2024\/12\/Castelnuovo-di-Farfa_Museo-olio-ph-Giulia-Pesarin-1-1-scaled-300x300.jpg","woocommerce_thumbnail-width":300,"woocommerce_thumbnail-height":300,"woocommerce_single":"https:\/\/media-camminiditalia.nbg1.your-objectstorage.com\/wp-content\/uploads\/2024\/12\/Castelnuovo-di-Farfa_Museo-olio-ph-Giulia-Pesarin-1-1-scaled-600x400.jpg","woocommerce_single-width":600,"woocommerce_single-height":400,"woocommerce_gallery_thumbnail":"https:\/\/media-camminiditalia.nbg1.your-objectstorage.com\/wp-content\/uploads\/2024\/12\/Castelnuovo-di-Farfa_Museo-olio-ph-Giulia-Pesarin-1-1-scaled-100x100.jpg","woocommerce_gallery_thumbnail-width":100,"woocommerce_gallery_thumbnail-height":100}}},{"img":{"ID":65873,"id":65873,"title":"Castelnuovo di Farfa","filename":"Castelnuovo-di-Farfa_ph-Giulia-Pesarin-3.jpg","filesize":1319706,"url":"https:\/\/media-camminiditalia.nbg1.your-objectstorage.com\/wp-content\/uploads\/2024\/12\/Castelnuovo-di-Farfa_ph-Giulia-Pesarin-3-scaled.jpg","link":"https:\/\/camminiditalia.org\/es\/cammini\/cammino-dei-borghi-sabini-sulle-tracce-della-dea-vacuna\/castelnuovo-di-farfa_ph-giulia-pesarin-3-2\/","alt":"Castelnuovo di Farfa","author":"8","description":"","caption":"Castelnuovo di Farfa","name":"castelnuovo-di-farfa_ph-giulia-pesarin-3-2","status":"inherit","uploaded_to":68111,"date":"2024-12-19 14:57:36","modified":"2025-06-25 09:40:41","menu_order":0,"mime_type":"image\/jpeg","type":"image","subtype":"jpeg","icon":"https:\/\/camminiditalia.org\/wp-includes\/images\/media\/default.png","width":2560,"height":1707,"sizes":{"thumbnail":"https:\/\/media-camminiditalia.nbg1.your-objectstorage.com\/wp-content\/uploads\/2024\/12\/Castelnuovo-di-Farfa_ph-Giulia-Pesarin-3-150x150.jpg","thumbnail-width":150,"thumbnail-height":150,"medium":"https:\/\/media-camminiditalia.nbg1.your-objectstorage.com\/wp-content\/uploads\/2024\/12\/Castelnuovo-di-Farfa_ph-Giulia-Pesarin-3-300x200.jpg","medium-width":300,"medium-height":200,"medium_large":"https:\/\/media-camminiditalia.nbg1.your-objectstorage.com\/wp-content\/uploads\/2024\/12\/Castelnuovo-di-Farfa_ph-Giulia-Pesarin-3-768x512.jpg","medium_large-width":768,"medium_large-height":512,"large":"https:\/\/media-camminiditalia.nbg1.your-objectstorage.com\/wp-content\/uploads\/2024\/12\/Castelnuovo-di-Farfa_ph-Giulia-Pesarin-3-1024x683.jpg","large-width":1024,"large-height":683,"1536x1536":"https:\/\/media-camminiditalia.nbg1.your-objectstorage.com\/wp-content\/uploads\/2024\/12\/Castelnuovo-di-Farfa_ph-Giulia-Pesarin-3-1536x1024.jpg","1536x1536-width":1536,"1536x1536-height":1024,"2048x2048":"https:\/\/media-camminiditalia.nbg1.your-objectstorage.com\/wp-content\/uploads\/2024\/12\/Castelnuovo-di-Farfa_ph-Giulia-Pesarin-3-2048x1365.jpg","2048x2048-width":2048,"2048x2048-height":1365,"tc_all_events_image":"https:\/\/media-camminiditalia.nbg1.your-objectstorage.com\/wp-content\/uploads\/2024\/12\/Castelnuovo-di-Farfa_ph-Giulia-Pesarin-3-1100x680.jpg","tc_all_events_image-width":1100,"tc_all_events_image-height":680,"woocommerce_thumbnail":"https:\/\/media-camminiditalia.nbg1.your-objectstorage.com\/wp-content\/uploads\/2024\/12\/Castelnuovo-di-Farfa_ph-Giulia-Pesarin-3-scaled-300x300.jpg","woocommerce_thumbnail-width":300,"woocommerce_thumbnail-height":300,"woocommerce_single":"https:\/\/media-camminiditalia.nbg1.your-objectstorage.com\/wp-content\/uploads\/2024\/12\/Castelnuovo-di-Farfa_ph-Giulia-Pesarin-3-scaled-600x400.jpg","woocommerce_single-width":600,"woocommerce_single-height":400,"woocommerce_gallery_thumbnail":"https:\/\/media-camminiditalia.nbg1.your-objectstorage.com\/wp-content\/uploads\/2024\/12\/Castelnuovo-di-Farfa_ph-Giulia-Pesarin-3-scaled-100x100.jpg","woocommerce_gallery_thumbnail-width":100,"woocommerce_gallery_thumbnail-height":100}}},{"img":{"ID":65875,"id":65875,"title":"Castelnuovo di Farfa","filename":"Castelnuovo-di-Farfa_VDF-ph-Giulia-Pesarin-2.jpg","filesize":1192341,"url":"https:\/\/media-camminiditalia.nbg1.your-objectstorage.com\/wp-content\/uploads\/2024\/12\/Castelnuovo-di-Farfa_VDF-ph-Giulia-Pesarin-2-scaled.jpg","link":"https:\/\/camminiditalia.org\/es\/cammini\/cammino-dei-borghi-sabini-sulle-tracce-della-dea-vacuna\/castelnuovo-di-farfa_vdf-ph-giulia-pesarin-2-2\/","alt":"Castelnuovo di Farfa","author":"8","description":"","caption":"Castelnuovo di Farfa","name":"castelnuovo-di-farfa_vdf-ph-giulia-pesarin-2-2","status":"inherit","uploaded_to":68111,"date":"2024-12-19 14:58:09","modified":"2025-06-25 09:40:41","menu_order":0,"mime_type":"image\/jpeg","type":"image","subtype":"jpeg","icon":"https:\/\/camminiditalia.org\/wp-includes\/images\/media\/default.png","width":2560,"height":1707,"sizes":{"thumbnail":"https:\/\/media-camminiditalia.nbg1.your-objectstorage.com\/wp-content\/uploads\/2024\/12\/Castelnuovo-di-Farfa_VDF-ph-Giulia-Pesarin-2-150x150.jpg","thumbnail-width":150,"thumbnail-height":150,"medium":"https:\/\/media-camminiditalia.nbg1.your-objectstorage.com\/wp-content\/uploads\/2024\/12\/Castelnuovo-di-Farfa_VDF-ph-Giulia-Pesarin-2-300x200.jpg","medium-width":300,"medium-height":200,"medium_large":"https:\/\/media-camminiditalia.nbg1.your-objectstorage.com\/wp-content\/uploads\/2024\/12\/Castelnuovo-di-Farfa_VDF-ph-Giulia-Pesarin-2-768x512.jpg","medium_large-width":768,"medium_large-height":512,"large":"https:\/\/media-camminiditalia.nbg1.your-objectstorage.com\/wp-content\/uploads\/2024\/12\/Castelnuovo-di-Farfa_VDF-ph-Giulia-Pesarin-2-1024x683.jpg","large-width":1024,"large-height":683,"1536x1536":"https:\/\/media-camminiditalia.nbg1.your-objectstorage.com\/wp-content\/uploads\/2024\/12\/Castelnuovo-di-Farfa_VDF-ph-Giulia-Pesarin-2-1536x1024.jpg","1536x1536-width":1536,"1536x1536-height":1024,"2048x2048":"https:\/\/media-camminiditalia.nbg1.your-objectstorage.com\/wp-content\/uploads\/2024\/12\/Castelnuovo-di-Farfa_VDF-ph-Giulia-Pesarin-2-2048x1365.jpg","2048x2048-width":2048,"2048x2048-height":1365,"tc_all_events_image":"https:\/\/media-camminiditalia.nbg1.your-objectstorage.com\/wp-content\/uploads\/2024\/12\/Castelnuovo-di-Farfa_VDF-ph-Giulia-Pesarin-2-1100x680.jpg","tc_all_events_image-width":1100,"tc_all_events_image-height":680,"woocommerce_thumbnail":"https:\/\/media-camminiditalia.nbg1.your-objectstorage.com\/wp-content\/uploads\/2024\/12\/Castelnuovo-di-Farfa_VDF-ph-Giulia-Pesarin-2-scaled-300x300.jpg","woocommerce_thumbnail-width":300,"woocommerce_thumbnail-height":300,"woocommerce_single":"https:\/\/media-camminiditalia.nbg1.your-objectstorage.com\/wp-content\/uploads\/2024\/12\/Castelnuovo-di-Farfa_VDF-ph-Giulia-Pesarin-2-scaled-600x400.jpg","woocommerce_single-width":600,"woocommerce_single-height":400,"woocommerce_gallery_thumbnail":"https:\/\/media-camminiditalia.nbg1.your-objectstorage.com\/wp-content\/uploads\/2024\/12\/Castelnuovo-di-Farfa_VDF-ph-Giulia-Pesarin-2-scaled-100x100.jpg","woocommerce_gallery_thumbnail-width":100,"woocommerce_gallery_thumbnail-height":100}}},{"img":{"ID":65877,"id":65877,"title":"Cueva de San Miguel Arc\u00e1ngel en la Tancia","filename":"Grotta-di-S.-Michele-Arcangelo-sul-tancia_ph-Emilia-Konopka-7.jpg","filesize":329793,"url":"https:\/\/media-camminiditalia.nbg1.your-objectstorage.com\/wp-content\/uploads\/2024\/12\/Grotta-di-S.-Michele-Arcangelo-sul-tancia_ph-Emilia-Konopka-7.jpg","link":"https:\/\/camminiditalia.org\/es\/cammini\/cammino-dei-borghi-sabini-sulle-tracce-della-dea-vacuna\/grotta-di-s-michele-arcangelo-sul-tancia_ph-emilia-konopka-7-2\/","alt":"Cueva de San Miguel Arc\u00e1ngel en la Tancia","author":"8","description":"","caption":"Cueva de San Miguel Arc\u00e1ngel en la Tancia","name":"grotta-di-s-michele-arcangelo-sul-tancia_ph-emilia-konopka-7-2","status":"inherit","uploaded_to":68111,"date":"2024-12-19 14:58:40","modified":"2025-06-25 09:40:41","menu_order":0,"mime_type":"image\/jpeg","type":"image","subtype":"jpeg","icon":"https:\/\/camminiditalia.org\/wp-includes\/images\/media\/default.png","width":2048,"height":1152,"sizes":{"thumbnail":"https:\/\/media-camminiditalia.nbg1.your-objectstorage.com\/wp-content\/uploads\/2024\/12\/Grotta-di-S.-Michele-Arcangelo-sul-tancia_ph-Emilia-Konopka-7-150x150.jpg","thumbnail-width":150,"thumbnail-height":150,"medium":"https:\/\/media-camminiditalia.nbg1.your-objectstorage.com\/wp-content\/uploads\/2024\/12\/Grotta-di-S.-Michele-Arcangelo-sul-tancia_ph-Emilia-Konopka-7-300x169.jpg","medium-width":300,"medium-height":169,"medium_large":"https:\/\/media-camminiditalia.nbg1.your-objectstorage.com\/wp-content\/uploads\/2024\/12\/Grotta-di-S.-Michele-Arcangelo-sul-tancia_ph-Emilia-Konopka-7-768x432.jpg","medium_large-width":768,"medium_large-height":432,"large":"https:\/\/media-camminiditalia.nbg1.your-objectstorage.com\/wp-content\/uploads\/2024\/12\/Grotta-di-S.-Michele-Arcangelo-sul-tancia_ph-Emilia-Konopka-7-1024x576.jpg","large-width":1024,"large-height":576,"1536x1536":"https:\/\/media-camminiditalia.nbg1.your-objectstorage.com\/wp-content\/uploads\/2024\/12\/Grotta-di-S.-Michele-Arcangelo-sul-tancia_ph-Emilia-Konopka-7-1536x864.jpg","1536x1536-width":1536,"1536x1536-height":864,"2048x2048":"https:\/\/media-camminiditalia.nbg1.your-objectstorage.com\/wp-content\/uploads\/2024\/12\/Grotta-di-S.-Michele-Arcangelo-sul-tancia_ph-Emilia-Konopka-7.jpg","2048x2048-width":2048,"2048x2048-height":1152,"tc_all_events_image":"https:\/\/media-camminiditalia.nbg1.your-objectstorage.com\/wp-content\/uploads\/2024\/12\/Grotta-di-S.-Michele-Arcangelo-sul-tancia_ph-Emilia-Konopka-7-1100x680.jpg","tc_all_events_image-width":1100,"tc_all_events_image-height":680,"woocommerce_thumbnail":"https:\/\/media-camminiditalia.nbg1.your-objectstorage.com\/wp-content\/uploads\/2024\/12\/Grotta-di-S.-Michele-Arcangelo-sul-tancia_ph-Emilia-Konopka-7-300x300.jpg","woocommerce_thumbnail-width":300,"woocommerce_thumbnail-height":300,"woocommerce_single":"https:\/\/media-camminiditalia.nbg1.your-objectstorage.com\/wp-content\/uploads\/2024\/12\/Grotta-di-S.-Michele-Arcangelo-sul-tancia_ph-Emilia-Konopka-7-600x338.jpg","woocommerce_single-width":600,"woocommerce_single-height":338,"woocommerce_gallery_thumbnail":"https:\/\/media-camminiditalia.nbg1.your-objectstorage.com\/wp-content\/uploads\/2024\/12\/Grotta-di-S.-Michele-Arcangelo-sul-tancia_ph-Emilia-Konopka-7-100x100.jpg","woocommerce_gallery_thumbnail-width":100,"woocommerce_gallery_thumbnail-height":100}}},{"img":{"ID":65879,"id":65879,"title":"Cueva de San Miguel Arc\u00e1ngel en la Tancia","filename":"Grotta-di-S.-Michele-Arcangelo-sul-tancia_ph-Emilia-Konopka-8.jpg","filesize":173896,"url":"https:\/\/media-camminiditalia.nbg1.your-objectstorage.com\/wp-content\/uploads\/2024\/12\/Grotta-di-S.-Michele-Arcangelo-sul-tancia_ph-Emilia-Konopka-8.jpg","link":"https:\/\/camminiditalia.org\/es\/cammini\/cammino-dei-borghi-sabini-sulle-tracce-della-dea-vacuna\/grotta-di-s-michele-arcangelo-sul-tancia_ph-emilia-konopka-8-2\/","alt":"Cueva de San Miguel Arc\u00e1ngel en la Tancia","author":"8","description":"","caption":"Cueva de San Miguel Arc\u00e1ngel en la Tancia","name":"grotta-di-s-michele-arcangelo-sul-tancia_ph-emilia-konopka-8-2","status":"inherit","uploaded_to":68111,"date":"2024-12-19 14:59:06","modified":"2025-06-25 09:40:41","menu_order":0,"mime_type":"image\/jpeg","type":"image","subtype":"jpeg","icon":"https:\/\/camminiditalia.org\/wp-includes\/images\/media\/default.png","width":1080,"height":755,"sizes":{"thumbnail":"https:\/\/media-camminiditalia.nbg1.your-objectstorage.com\/wp-content\/uploads\/2024\/12\/Grotta-di-S.-Michele-Arcangelo-sul-tancia_ph-Emilia-Konopka-8-150x150.jpg","thumbnail-width":150,"thumbnail-height":150,"medium":"https:\/\/media-camminiditalia.nbg1.your-objectstorage.com\/wp-content\/uploads\/2024\/12\/Grotta-di-S.-Michele-Arcangelo-sul-tancia_ph-Emilia-Konopka-8-300x210.jpg","medium-width":300,"medium-height":210,"medium_large":"https:\/\/media-camminiditalia.nbg1.your-objectstorage.com\/wp-content\/uploads\/2024\/12\/Grotta-di-S.-Michele-Arcangelo-sul-tancia_ph-Emilia-Konopka-8-768x537.jpg","medium_large-width":768,"medium_large-height":537,"large":"https:\/\/media-camminiditalia.nbg1.your-objectstorage.com\/wp-content\/uploads\/2024\/12\/Grotta-di-S.-Michele-Arcangelo-sul-tancia_ph-Emilia-Konopka-8-1024x716.jpg","large-width":1024,"large-height":716,"1536x1536":"https:\/\/media-camminiditalia.nbg1.your-objectstorage.com\/wp-content\/uploads\/2024\/12\/Grotta-di-S.-Michele-Arcangelo-sul-tancia_ph-Emilia-Konopka-8.jpg","1536x1536-width":1080,"1536x1536-height":755,"2048x2048":"https:\/\/media-camminiditalia.nbg1.your-objectstorage.com\/wp-content\/uploads\/2024\/12\/Grotta-di-S.-Michele-Arcangelo-sul-tancia_ph-Emilia-Konopka-8.jpg","2048x2048-width":1080,"2048x2048-height":755,"tc_all_events_image":"https:\/\/media-camminiditalia.nbg1.your-objectstorage.com\/wp-content\/uploads\/2024\/12\/Grotta-di-S.-Michele-Arcangelo-sul-tancia_ph-Emilia-Konopka-8-1080x680.jpg","tc_all_events_image-width":1080,"tc_all_events_image-height":680,"woocommerce_thumbnail":"https:\/\/media-camminiditalia.nbg1.your-objectstorage.com\/wp-content\/uploads\/2024\/12\/Grotta-di-S.-Michele-Arcangelo-sul-tancia_ph-Emilia-Konopka-8-300x300.jpg","woocommerce_thumbnail-width":300,"woocommerce_thumbnail-height":300,"woocommerce_single":"https:\/\/media-camminiditalia.nbg1.your-objectstorage.com\/wp-content\/uploads\/2024\/12\/Grotta-di-S.-Michele-Arcangelo-sul-tancia_ph-Emilia-Konopka-8-600x419.jpg","woocommerce_single-width":600,"woocommerce_single-height":419,"woocommerce_gallery_thumbnail":"https:\/\/media-camminiditalia.nbg1.your-objectstorage.com\/wp-content\/uploads\/2024\/12\/Grotta-di-S.-Michele-Arcangelo-sul-tancia_ph-Emilia-Konopka-8-100x100.jpg","woocommerce_gallery_thumbnail-width":100,"woocommerce_gallery_thumbnail-height":100}}},{"img":{"ID":65881,"id":65881,"title":"Vacone - callejuelas del centro hist\u00f3rico","filename":"Vacone-vicoli-centro-storico-ph-Andrea-Cimini.jpg","filesize":577203,"url":"https:\/\/media-camminiditalia.nbg1.your-objectstorage.com\/wp-content\/uploads\/2024\/12\/Vacone-vicoli-centro-storico-ph-Andrea-Cimini-scaled.jpg","link":"https:\/\/camminiditalia.org\/es\/cammini\/cammino-dei-borghi-sabini-sulle-tracce-della-dea-vacuna\/vacone-vicoli-centro-storico-ph-andrea-cimini-2\/","alt":"Vacone - callejuelas del centro hist\u00f3rico","author":"8","description":"","caption":"Vacone - callejuelas del centro hist\u00f3rico","name":"vacone-vicoli-centro-storico-ph-andrea-cimini-2","status":"inherit","uploaded_to":68111,"date":"2024-12-19 14:59:37","modified":"2025-06-25 09:40:41","menu_order":0,"mime_type":"image\/jpeg","type":"image","subtype":"jpeg","icon":"https:\/\/camminiditalia.org\/wp-includes\/images\/media\/default.png","width":1920,"height":2560,"sizes":{"thumbnail":"https:\/\/media-camminiditalia.nbg1.your-objectstorage.com\/wp-content\/uploads\/2024\/12\/Vacone-vicoli-centro-storico-ph-Andrea-Cimini-150x150.jpg","thumbnail-width":150,"thumbnail-height":150,"medium":"https:\/\/media-camminiditalia.nbg1.your-objectstorage.com\/wp-content\/uploads\/2024\/12\/Vacone-vicoli-centro-storico-ph-Andrea-Cimini-225x300.jpg","medium-width":225,"medium-height":300,"medium_large":"https:\/\/media-camminiditalia.nbg1.your-objectstorage.com\/wp-content\/uploads\/2024\/12\/Vacone-vicoli-centro-storico-ph-Andrea-Cimini-768x1024.jpg","medium_large-width":768,"medium_large-height":1024,"large":"https:\/\/media-camminiditalia.nbg1.your-objectstorage.com\/wp-content\/uploads\/2024\/12\/Vacone-vicoli-centro-storico-ph-Andrea-Cimini-768x1024.jpg","large-width":768,"large-height":1024,"1536x1536":"https:\/\/media-camminiditalia.nbg1.your-objectstorage.com\/wp-content\/uploads\/2024\/12\/Vacone-vicoli-centro-storico-ph-Andrea-Cimini-1152x1536.jpg","1536x1536-width":1152,"1536x1536-height":1536,"2048x2048":"https:\/\/media-camminiditalia.nbg1.your-objectstorage.com\/wp-content\/uploads\/2024\/12\/Vacone-vicoli-centro-storico-ph-Andrea-Cimini-1536x2048.jpg","2048x2048-width":1536,"2048x2048-height":2048,"tc_all_events_image":"https:\/\/media-camminiditalia.nbg1.your-objectstorage.com\/wp-content\/uploads\/2024\/12\/Vacone-vicoli-centro-storico-ph-Andrea-Cimini-1100x680.jpg","tc_all_events_image-width":1100,"tc_all_events_image-height":680,"woocommerce_thumbnail":"https:\/\/media-camminiditalia.nbg1.your-objectstorage.com\/wp-content\/uploads\/2024\/12\/Vacone-vicoli-centro-storico-ph-Andrea-Cimini-scaled-300x300.jpg","woocommerce_thumbnail-width":300,"woocommerce_thumbnail-height":300,"woocommerce_single":"https:\/\/media-camminiditalia.nbg1.your-objectstorage.com\/wp-content\/uploads\/2024\/12\/Vacone-vicoli-centro-storico-ph-Andrea-Cimini-scaled-600x800.jpg","woocommerce_single-width":600,"woocommerce_single-height":800,"woocommerce_gallery_thumbnail":"https:\/\/media-camminiditalia.nbg1.your-objectstorage.com\/wp-content\/uploads\/2024\/12\/Vacone-vicoli-centro-storico-ph-Andrea-Cimini-scaled-100x100.jpg","woocommerce_gallery_thumbnail-width":100,"woocommerce_gallery_thumbnail-height":100}}}]},"guide":{"text":"","img":false,"linkBtn":{"title":"","url":"","target":"","0":""},"textBtn":""},"maps":{"map":"<p><iframe loading=\"lazy\" style=\"border: none; overflow: hidden;\" src=\"https:\/\/1.camminiditalia.webmapp.it\/map?layer=43\" width=\"100%\" height=\"800\" scrolling=\"no\"><\/iframe><\/p>\n","url":""},"modal":{"modals":[{"status":false,"title":"HISTORIA","text":"<p><span style=\"font-weight: 400;\">Il Cammino dei Borghi Sabin tras las huellas de la diosa Vacuna, una aventura atemporal sobre las antiguas huellas de la civilizaci\u00f3n prerromana y de la famosa diosa Vacuna. <\/span><\/p>\n<p><span style=\"font-weight: 400;\">El v\u00ednculo entre la Diosa Vacuna y el territorio sabino es profundo e intr\u00ednseco. La ruta \u00abCammino dei Borghi Sabini\u00bb no s\u00f3lo ofrece la oportunidad de explorar antiguos yacimientos arqueol\u00f3gicos vinculados al culto de la deidad, sino tambi\u00e9n de sumergirse en las tradiciones locales que a\u00fan hoy mantienen vivo su legado espiritual. <\/span><\/p>\n<p><span style=\"font-weight: 400;\">El paseo se convierte as\u00ed en un viaje de descubrimiento y conexi\u00f3n con las profundas ra\u00edces de Sabina, una oportunidad para deambular por paisajes evocadores y aldeas encantadas, en un ambiente que evoca el sentido de sacralidad y misterio asociado a la figura de la Diosa Vacuna.<\/span><\/p>\n<p><span style=\"font-weight: 400;\">En este contexto, caminar se convierte en algo m\u00e1s que un simple movimiento f\u00edsico; se convierte en una experiencia errante, una oportunidad para explorar y conectar con la tierra, con la historia y con uno mismo.<\/span><\/p>\n<p><span style=\"font-weight: 400;\">Te embarcar\u00e1s en un viaje \u00e9pico por caminos y rutas ancestrales. Prep\u00e1rense para explorar los misterios de las ruinas arqueol\u00f3gicas, perderse entre las estrechas calles de los pueblos medievales y disfrutar de la c\u00e1lida acogida de los habitantes locales. <\/span><\/p>\n<p><span style=\"font-weight: 400;\">El Cammino dei Borghi Sabini te espera, dispuesto a guiarte en un viaje a trav\u00e9s del tiempo y del espacio. Prep\u00e1rate para sentirte encantado e inspirado por esta extraordinaria experiencia de descubrimiento y conexi\u00f3n con las ra\u00edces ancestrales de esta tierra. <\/span><\/p>\n"},{"status":false,"title":"AGUA","text":"<h3><strong>ETAPA 1<\/strong><\/h3>\n<ul>\n<li><strong>Poggio Mirteto<\/strong>\n<ul>\n<li>Via Matteotti, 7<\/li>\n<li>Plaza Riosole<\/li>\n<\/ul>\n<\/li>\n<li><strong>aldea de Bocchignano (Montopoli in Sabina) <\/strong>\n<ul>\n<li>Via Romana, 2<\/li>\n<li>Via del Borgo, 15<\/li>\n<\/ul>\n<\/li>\n<li><strong>Farfa<\/strong><\/li>\n<\/ul>\n<h3><\/h3>\n<h3><strong>ETAPA 2<\/strong><\/h3>\n<ul>\n<li><strong>Castelnuovo di Farfa<\/strong>\n<ul>\n<li>Via della Fonte, 4<\/li>\n<li>Via Roma Este<\/li>\n<li>Via Roma Oeste<\/li>\n<li>Avenida Margarita<\/li>\n<\/ul>\n<\/li>\n<li><strong>Mompeo<\/strong>\n<ul>\n<li>Via Pompeo Magno, 14A<\/li>\n<\/ul>\n<\/li>\n<\/ul>\n<h3><\/h3>\n<h3><strong>ETAPA 3<\/strong><\/h3>\n<ul>\n<li><strong>Montenero Sabino<\/strong>\n<ul>\n<li>Via Ducale, 30<\/li>\n<li>Fontanile Via Tancia (SP46)<\/li>\n<\/ul>\n<\/li>\n<li><strong>aldea de Osteria del Tancia (Monte San Giovanni in Sabina) <\/strong><\/li>\n<\/ul>\n<h3><\/h3>\n<h3><strong>ETAPA 4<\/strong><\/h3>\n<ul>\n<li><strong>Roccantica<\/strong>\n<ul>\n<li>Via del Campanile, 6<\/li>\n<li>Via Marta Robbiotacci<\/li>\n<\/ul>\n<\/li>\n<li><strong>Casperia<\/strong>\n<ul>\n<li>Plaza de San Juan Bautista, 1<\/li>\n<li>Via Roma, 2<\/li>\n<\/ul>\n<\/li>\n<li><strong>Montasola<\/strong>\n<ul>\n<li>Plaza de San Pedro, 1<\/li>\n<\/ul>\n<\/li>\n<\/ul>\n<h3><\/h3>\n<h3><strong>ETAPA 5<\/strong><\/h3>\n<ul>\n<li><strong>Vacone<\/strong>\n<ul>\n<li>Via S. Stefano, 4<\/li>\n<li>Via Pago, 14<\/li>\n<\/ul>\n<\/li>\n<li><strong>aldea de Rocchette (Torri in Sabina) <\/strong>\n<ul>\n<li>Via del Colle della Fonte, 7<\/li>\n<li>SP54, 1<\/li>\n<\/ul>\n<\/li>\n<li><strong>Montebuono<\/strong>\n<ul>\n<li>Via Roma, 1<\/li>\n<\/ul>\n<\/li>\n<li><strong>Tarano<\/strong>\n<ul>\n<li>Via Roma, 2<\/li>\n<\/ul>\n<\/li>\n<li><strong>aldea Cicignano (Collevecchio) <\/strong>\n<ul>\n<li>Via Collefiore, 3<\/li>\n<\/ul>\n<\/li>\n<\/ul>\n<h3><\/h3>\n<h3><strong>ETAPA 6<\/strong><\/h3>\n<ul>\n<li><strong>Collevecchio<\/strong>\n<ul>\n<li>Via dei Cappuccini, 5<\/li>\n<li>Via S. Valentino, 48<\/li>\n<\/ul>\n<\/li>\n<li><strong>Selci<\/strong>\n<ul>\n<li>Via Collemannaro, 1<\/li>\n<li>Via Roma, 2<\/li>\n<\/ul>\n<\/li>\n<li><strong>Cantalupo en Sabina<\/strong>\n<ul>\n<li>Via Fonte Pescina, 6<\/li>\n<li>Plaza Giuseppe Garibaldi<\/li>\n<li>Plaza Camuccini, 2<\/li>\n<\/ul>\n<\/li>\n<\/ul>\n"},{"status":false,"title":"SERVICIOS","text":"<h3><strong>Supermercados<\/strong><\/h3>\n<p>A lo largo de la ruta encontrar\u00e1s supermercados en los siguientes centros:<\/p>\n<ul>\n<li>Poggio Mirteto<\/li>\n<li>Castelnuovo di Farfa<\/li>\n<li>Mompeo<\/li>\n<li>Montenero Sabino<\/li>\n<li>Casperia<\/li>\n<li>Montasola<\/li>\n<li>Montebuono<\/li>\n<li>Collevecchio<\/li>\n<li>Cantalupo en Sabina<\/li>\n<\/ul>\n<p>En los pueblos m\u00e1s peque\u00f1os, en cambio, puedes contar con la presencia de bares, ideales para un descanso y un momento de refresco.<\/p>\n<p>\u00a0<\/p>\n<h3><strong>Farmacias<\/strong><\/h3>\n<p>Hay farmacias en las principales ciudades del camino, que te prestar\u00e1n ayuda cuando la necesites. Las encontrar\u00e1s en: <\/p>\n<ul>\n<li>Poggio Mirteto<\/li>\n<li>Castelnuovo di Farfa<\/li>\n<li>Mompeo<\/li>\n<li>Roccantica<\/li>\n<li>Casperia<\/li>\n<li>Montasola<\/li>\n<li>Montebuono<\/li>\n<li>Collevecchio<\/li>\n<li>Aldea de Borgonuovo (Tarano)<\/li>\n<li>Selci<\/li>\n<li>Cantalupo en Sabina<\/li>\n<li style=\"list-style-type: none;\">\n<\/li>\n<\/ul>\n"},{"status":false,"title":"FONDO DEL CAMINO","text":"<p><span style=\"font-weight: 400;\">El porcentaje de asfalto detectado en todo el recorrido es del 40%.<\/span><\/p>\n"},{"status":false,"title":"CREDENCIALES","text":"<p><span style=\"font-weight: 400;\">Actualmente no disponible.<\/span><span style=\"font-weight: 400;\">En proceso de activaci\u00f3n<\/span><\/p>\n"},{"status":false,"title":"CONTACTOS","text":"<p><span style=\"font-weight: 400;\">Red Empresarial Sabina<\/span><\/p>\n<p><span style=\"font-weight: 400;\">Via Roma snc, 02040 Montebuono (Rieti)<\/span><\/p>\n<p><a href=\"mailto:retetraimpresedellasabina@gmail.com\"><span style=\"font-weight: 400;\">retetraimpresedellasabina@gmail.com<\/span><\/a><\/p>\n<p><span style=\"font-weight: 400;\">3388234091<\/span><\/p>\n"}]},"pagePoster":{"title":"Paseo de las Aldeas Sabinas","text":"<p>El <strong>CAMMINO DEI BORGHI SABINI: SULLE <\/strong>TRACCE DELLA DEA VACUNA es una ruta circular a trav\u00e9s de paisajes evocadores, pueblos medievales y antiguos yacimientos arqueol\u00f3gicos, que ofrece una aut\u00e9ntica experiencia de conexi\u00f3n con la historia y la naturaleza de Sabina.<\/p>\n","linkBtn":{"title":"SCOPRI LE TAPPE","url":"#scopriletappe","target":""},"textBtn":"DESCUBRE LAS ETAPAS"},"podcasts":{"podcast":false,"link":null},"read_also_posts":{"read_also":false},"scheda_tecnica":{"lunghezza":"101.8","dislivello_medio":"","n_tappe":"6","partenza":"Poggio Mirteto","arrivo":"Poggio Mirteto","tipologia":"anilla","tema":["espiritual","historiador"],"portata":"regional","periodo_ideale":"primavera y oto\u00f1o","stagione_ideale":["primavera","oto\u00f1o"]},"slider_cammini":{"title":"","text":"","select_cammini":false},"tappe":{"show_all":true,"all_tappe":"","tappa":[{"status":false,"title":"ETAPA 01","text":"<h2><strong>ETAPA 01: de Poggio Mirteto a Castelnuovo di Farfa<\/strong><\/h2>\n<p><strong>Salida<\/strong>: Poggio Mirteto<br \/>\n<strong>Llegada<\/strong>: Castelnuovo di Farfa<br \/>\n<strong>Distancia<\/strong>: 15,5 km<br \/>\n<strong>Diferencia de altura<\/strong>: +591 m \/ &#8211; 489 m<\/p>\n<p>Esta ETAPA te lleva por paisajes evocadores, entre verdes colinas, pueblos hist\u00f3ricos y lugares de gran espiritualidad.<\/p>\n<p>Partiendo de <strong>Poggio Mirteto<\/strong>, un pueblo medieval encaramado en una colina con murallas del siglo XIV y calles empedradas, la ruta contin\u00faa hasta <strong>Bocchignano<\/strong>, una tranquila aldea de casas de piedra rodeada de belleza rural. Desde aqu\u00ed, llegamos al <strong>Monumento Natural de las Gargantas de Farfa<\/strong>, un lugar encantador donde el r\u00edo ha esculpido profundas gargantas, ideales para un descanso regenerador. <\/p>\n<p>Por el camino, te encontrar\u00e1s con la <strong>Iglesia de San Donato<\/strong>, con frescos de gran valor, y la <strong>Iglesia de Santa Br\u00edgida<\/strong>, fascinante por su sencilla arquitectura y sus frescos dedicados a la santa del siglo XIV.<\/p>\n<p>El tramo culmina en la<strong>Abad\u00eda de Farfa<\/strong>, una obra maestra del rom\u00e1nico fundada en el siglo VI, rica en claustros y frescos que relatan una historia milenaria. Este lugar sagrado ofrece una experiencia de paz e introspecci\u00f3n. <\/p>\n<p>La ETAPA termina en <strong>Castelnuovo di Farfa<\/strong>, un aut\u00e9ntico pueblo medieval con vistas pintorescas, el <strong>Palacio Salustri Galli<\/strong> y sus jardines de estilo italiano. Aqu\u00ed podr\u00e1s relajarte, disfrutar de la cocina local y admirar las impresionantes vistas de las colinas Sabinas. <\/p>\n"},{"status":false,"title":"ETAPA 02","text":"<h2><strong>ETAPA 02: de Castelnuovo di Farfa a Montenero Sabino<\/strong><\/h2>\n<p><strong>Salida<\/strong>: Castelnuovo di Farfa<br \/>\n<strong>Llegada<\/strong>: Montenero Sabino<br \/>\n<strong>Distancia<\/strong>: 11 km<br \/>\n<strong>Diferencia de altura<\/strong>: +537 m \/ &#8211; 438 m<\/p>\n<div class=\"flex max-w-full flex-col flex-grow\">\n<div class=\"min-h-8 text-message flex w-full flex-col items-end gap-2 whitespace-normal break-words text-start [.text-message+&#038;]:mt-5\" dir=\"auto\" data-message-author-role=\"assistant\" data-message-id=\"47726346-af68-4bff-b86a-f3d677706f91\" data-message-model-slug=\"gpt-4o\">\n<div class=\"flex w-full flex-col gap-1 empty:hidden first:pt-[3px]\">\n<div class=\"markdown prose w-full break-words dark:prose-invert light\">\n<p>Esta ETAPA combina paisajes naturales, historia y tradiciones locales, ofreciendo una experiencia aut\u00e9ntica en el coraz\u00f3n de Sabina.<\/p>\n<p>Desde <strong>Castelnuovo di Farfa<\/strong>, famoso por su <strong>Museo del Aceite<\/strong> y las degustaciones de productos t\u00edpicos, la ruta conduce al <strong>Monumento Natural de las Gargantas de Farfa<\/strong>. Cruzando un puente medieval sin parapetos, el sendero serpentea por bosques de encinas y sauces, acompa\u00f1ado por el sonido de las cascadas naturales del r\u00edo Farfa. <\/p>\n<p>En <strong>Mompeo<\/strong>, aut\u00e9ntico pueblo dominado por el <strong>Castillo Orsini<\/strong>, te sumergir\u00e1s en la tradici\u00f3n olivarera entre olivos centenarios y testimonios hist\u00f3ricos como la Iglesia de San Juan Bautista y el Palacio Baronal.<\/p>\n<p>El tramo final te lleva a <strong>Montenero Sabino<\/strong>, con su imponente <strong>Castillo Orsini<\/strong> y vestigios del culto a la diosa Vacuna, atestiguados por hallazgos arqueol\u00f3gicos y excavaciones. Aqu\u00ed podr\u00e1s relajarte entre verdes colinas y degustar los sabores locales en restaurantes t\u00edpicos, terminando la etapa con una pausa regeneradora. <\/p>\n<\/div>\n<\/div>\n<\/div>\n<\/div>\n"},{"status":false,"title":"ETAPA 03","text":"<h2><strong>ETAPA 03: de Montenero Sabino a Roccantica<\/strong><\/h2>\n<p><strong>Salida<\/strong>: Montenero Sabino<br \/>\n<strong>Llegada<\/strong>: Roccantica<br \/>\n<strong>Distancia<\/strong>: 18,3 km<br \/>\n<strong>Desnivel<\/strong>: +763 m \/ &#8211; 810 m<\/p>\n<p>Esta ETAPA ofrece unas vistas impresionantes y una gran cantidad de lugares hist\u00f3ricos rodeados de naturaleza.<\/p>\n<p>Desde <strong>Montenero Sabino<\/strong>, con su imponente <strong>castillo<\/strong> y la <strong>Iglesia de San Cataldo<\/strong> con sus antiguos frescos, la ruta serpentea por verdes colinas y pintorescos paisajes. La subida a <strong>Osteria Tancia<\/strong>, el punto m\u00e1s alto de la ruta, ofrece unas vistas espectaculares de los montes Terminillo, Cervia y Navegna, ideales para una pausa regeneradora. <\/p>\n<p>Descendiendo, se pasa por la sugestiva <strong>Gruta de San Michele Arcangelo<\/strong>, un antiguo lugar de culto adornado con frescos e impresionantes formaciones naturales. Continuando, se llega a la<strong>Ermita de San Leonardo<\/strong>, enclavada en la roca y rodeada de exuberante naturaleza, que invita a la meditaci\u00f3n. <\/p>\n<p>La ETAPA termina en <strong>Roccantica<\/strong>, un pueblo de cuento con estrechas calles de piedra, la <strong>Iglesia de Santa Caterina<\/strong> y la <strong>Torre C\u00edvica<\/strong>, perfecto para relajarse y saborear la cocina t\u00edpica sabina.<\/p>\n"},{"status":false,"title":"ETAPA 04","text":"<h2><strong>ETAPA 04: de Roccantica a Vacone<\/strong><\/h2>\n<p><strong>Salida<\/strong>: Roccantica<br \/>\n<strong>Llegada<\/strong>: Vacone<br \/>\n<strong>Distancia<\/strong>: 17,3 km<br \/>\n<strong>Diferencia de altura<\/strong>: +523 m \/ &#8211; 541 m<\/p>\n<p>Esta etapa atraviesa pueblos medievales e impresionantes paisajes de colinas, combinando historia, naturaleza y cultura local.<\/p>\n<p>Desde <strong>Roccantica<\/strong>, con sus estrechas calles de piedra, la <strong>Iglesia de Santa Caterina<\/strong> y la <strong>Rocca<\/strong>, la ruta serpentea por verdes colinas hasta <strong>Casperia<\/strong>, un pueblo medieval caracterizado por sus antiguas murallas, sus encantadoras callejuelas y el majestuoso <strong>Palacio Forani<\/strong>.<\/p>\n<p>La ruta contin\u00faa hasta <strong>Montasola<\/strong>, el punto m\u00e1s alto de la ETAPA, con espectaculares vistas panor\u00e1micas y monumentos como la <strong>Iglesia de San Michele Arcangelo<\/strong>. Finalmente, llegar\u00e1s a <strong>Vacone<\/strong>, donde podr\u00e1s relajarte admirando el paisaje y disfrutar de la cocina tradicional sabina. <\/p>\n"},{"status":false,"title":"ETAPA 05","text":"<h2><strong>ETAPA 05: De Vacone a Collevecchio<\/strong><\/h2>\n<p><strong>Salida<\/strong>: Vacone<br \/>\n<strong>Llegada<\/strong>: Collevecchio<br \/>\n<strong>Distancia<\/strong>: 21,9 km<br \/>\n<strong>Diferencia de altura<\/strong>: +687 m \/ &#8211; 823 m<\/p>\n<div class=\"flex max-w-full flex-col flex-grow\">\n<div class=\"min-h-8 text-message flex w-full flex-col items-end gap-2 whitespace-normal break-words text-start [.text-message+&#038;]:mt-5\" dir=\"auto\" data-message-author-role=\"assistant\" data-message-id=\"00999915-5e0f-4a75-9f1a-ec61fe35e31e\" data-message-model-slug=\"gpt-4o\">\n<div class=\"flex w-full flex-col gap-1 empty:hidden first:pt-[3px]\">\n<div class=\"markdown prose w-full break-words dark:prose-invert light\">\n<p>Esta ETAPA combina naturaleza e historia, pasando por pueblos antiguos, bosques frondosos y paisajes monta\u00f1osos.<\/p>\n<p>Desde <strong>Vacone<\/strong>, pueblo de origen romano vinculado al culto de la diosa Vacuna, la ruta serpentea por <strong>Il Pago<\/strong>, entre colinas y bosques de robles y casta\u00f1os, hasta la<strong>Ermita de San Sebastiano<\/strong>, un lugar de paz y reflexi\u00f3n rodeado de naturaleza.<\/p>\n<p>Siguiendo adelante, te encuentras con <strong>Rocchette<\/strong> y <strong>Rocchettine<\/strong>, pueblos medievales con murallas, torres y la evocadora <strong>Rocca Guidonesca<\/strong>. Un poco m\u00e1s all\u00e1, el r\u00edo Aia a\u00f1ade un toque de serenidad al paisaje. <\/p>\n<p>El camino contin\u00faa hasta <strong>Montebuono<\/strong>, famoso por su bajorrelieve dedicado a la diosa Vacuna, y atraviesa campi\u00f1a y olivares hasta <strong>Collevecchio<\/strong>, un acogedor pueblo de ladera, ideal para descansar y saborear la cocina t\u00edpica sabina.<\/p>\n<\/div>\n<\/div>\n<\/div>\n<\/div>\n"},{"status":false,"title":"RONDA 06","text":"<h2><strong>ETAPA 06: Collevecchio &#8211; Poggio Mirteto<\/strong><\/h2>\n<p><strong>Salida<\/strong>: Collevecchio<br \/>\n<strong>Llegada<\/strong>: Poggio Mirteto<br \/>\n<strong>Distancia<\/strong>: 19,9 km<br \/>\n<strong>Diferencia de altura<\/strong>: +515 m \/ &#8211; 490 m<\/p>\n<p>Esta etapa final del Cammino dei Borghi Sabini entrelaza historia, naturaleza y espiritualidad, ofreciendo vistas panor\u00e1micas y pueblos pintorescos.<\/p>\n<p>La ruta comienza en <strong>Collevecchio<\/strong>, un pueblo en lo alto de una colina con calles empedradas, dominado por la Iglesia de San Michele Arcangelo y el Ayuntamiento. Saliendo del pueblo, la ruta serpentea por verdes colinas y campos, pasando por el peque\u00f1o santuario de <strong>la Madonna della Noce<\/strong>, un lugar de paz a lo largo de la Via di Francesco. <\/p>\n<p>Continuando, llegar\u00e1s al <strong>Santuario de Vescovio<\/strong>, una joya rom\u00e1nica rodeada por el yacimiento arqueol\u00f3gico del Forum Novum, que conserva restos de antiguas construcciones y calzadas romanas.<\/p>\n<p>A continuaci\u00f3n, el camino conduce a <strong>Selci<\/strong>, un animado pueblo conocido por sus murales que convierten la aldea en un museo al aire libre.<\/p>\n<p>Por \u00faltimo, el itinerario termina en <strong>Poggio Mirteto<\/strong>, un pueblo hist\u00f3rico rodeado de olivares, donde podr\u00e1s relajarte y disfrutar de la gastronom\u00eda local, coronando un extraordinario viaje al coraz\u00f3n de Sabina.<\/p>\n"}]},"videos":{"video":false,"link":null},"logo_cammino":{"ID":89466,"id":89466,"title":"Loghi Cammini (1)_11zon","filename":"Loghi-Cammini-1_11zon.webp","filesize":24668,"url":"https:\/\/media-camminiditalia.nbg1.your-objectstorage.com\/2024\/12\/Loghi-Cammini-1_11zon.webp","link":"https:\/\/camminiditalia.org\/es\/cammini\/cammino-dei-borghi-sabini-sulle-tracce-della-dea-vacuna\/loghi-cammini-1_11zon-3\/","alt":"","author":"2","description":"","caption":"Logo Cammino dei Borghi Sabini - sfondo trasparente","name":"loghi-cammini-1_11zon-3","status":"inherit","uploaded_to":68111,"date":"2026-01-02 16:48:02","modified":"2026-01-02 16:48:02","menu_order":0,"mime_type":"image\/webp","type":"image","subtype":"webp","icon":"https:\/\/camminiditalia.org\/wp-includes\/images\/media\/default.png","width":1080,"height":1080,"sizes":{"thumbnail":"https:\/\/media-camminiditalia.nbg1.your-objectstorage.com\/2024\/12\/Loghi-Cammini-1_11zon-150x150.webp","thumbnail-width":150,"thumbnail-height":150,"medium":"https:\/\/media-camminiditalia.nbg1.your-objectstorage.com\/2024\/12\/Loghi-Cammini-1_11zon-300x300.webp","medium-width":300,"medium-height":300,"medium_large":"https:\/\/media-camminiditalia.nbg1.your-objectstorage.com\/2024\/12\/Loghi-Cammini-1_11zon-768x768.webp","medium_large-width":768,"medium_large-height":768,"large":"https:\/\/media-camminiditalia.nbg1.your-objectstorage.com\/2024\/12\/Loghi-Cammini-1_11zon-1024x1024.webp","large-width":1024,"large-height":1024,"1536x1536":"https:\/\/media-camminiditalia.nbg1.your-objectstorage.com\/2024\/12\/Loghi-Cammini-1_11zon.webp","1536x1536-width":1080,"1536x1536-height":1080,"2048x2048":"https:\/\/media-camminiditalia.nbg1.your-objectstorage.com\/2024\/12\/Loghi-Cammini-1_11zon.webp","2048x2048-width":1080,"2048x2048-height":1080,"tc_all_events_image":"https:\/\/media-camminiditalia.nbg1.your-objectstorage.com\/2024\/12\/Loghi-Cammini-1_11zon.webp","tc_all_events_image-width":680,"tc_all_events_image-height":680,"woocommerce_thumbnail":"https:\/\/media-camminiditalia.nbg1.your-objectstorage.com\/2024\/12\/Loghi-Cammini-1_11zon.webp","woocommerce_thumbnail-width":300,"woocommerce_thumbnail-height":300,"woocommerce_single":"https:\/\/media-camminiditalia.nbg1.your-objectstorage.com\/2024\/12\/Loghi-Cammini-1_11zon.webp","woocommerce_single-width":600,"woocommerce_single-height":600,"woocommerce_gallery_thumbnail":"https:\/\/media-camminiditalia.nbg1.your-objectstorage.com\/2024\/12\/Loghi-Cammini-1_11zon.webp","woocommerce_gallery_thumbnail-width":100,"woocommerce_gallery_thumbnail-height":100}},"header_link":{"title":"","url":"","target":"","0":""}},"yoast_head":"<!-- This site is optimized with the Yoast SEO plugin v27.1.1 - https:\/\/yoast.com\/product\/yoast-seo-wordpress\/ -->\n<title>Paseo de las Aldeas Sabinas<\/title>\n<meta name=\"description\" content=\"La Cammino dei Borghi Sabini: sulle tracce della dea Vacuna es una ruta circular que atraviesa paisajes evocadores, pueblos medievales.\" \/>\n<meta name=\"robots\" content=\"index, follow, max-snippet:-1, max-image-preview:large, max-video-preview:-1\" \/>\n<link rel=\"canonical\" href=\"https:\/\/camminiditalia.org\/es\/cammini\/cammino-dei-borghi-sabini-sulle-tracce-della-dea-vacuna\/\" \/>\n<meta property=\"og:locale\" content=\"es_ES\" \/>\n<meta property=\"og:type\" content=\"article\" \/>\n<meta property=\"og:title\" content=\"Paseo de las Aldeas Sabinas\" \/>\n<meta property=\"og:description\" content=\"La Cammino dei Borghi Sabini: sulle tracce della dea Vacuna es una ruta circular que atraviesa paisajes evocadores, pueblos medievales.\" \/>\n<meta property=\"og:url\" content=\"https:\/\/camminiditalia.org\/es\/cammini\/cammino-dei-borghi-sabini-sulle-tracce-della-dea-vacuna\/\" \/>\n<meta property=\"og:site_name\" content=\"Cammini d&#039;Italia\" \/>\n<meta property=\"article:modified_time\" content=\"2026-03-05T17:10:38+00:00\" \/>\n<meta property=\"og:image\" content=\"https:\/\/media-camminiditalia.nbg1.your-objectstorage.com\/wp-content\/uploads\/2024\/12\/casperia-monti-sabini-drone_ph-Andrea-Cimini-scaled.jpg\" \/>\n\t<meta property=\"og:image:width\" content=\"2560\" \/>\n\t<meta property=\"og:image:height\" content=\"1438\" \/>\n\t<meta property=\"og:image:type\" content=\"image\/jpeg\" \/>\n<meta name=\"twitter:card\" content=\"summary_large_image\" \/>\n<meta name=\"twitter:label1\" content=\"Tiempo de lectura\" \/>\n\t<meta name=\"twitter:data1\" content=\"2 minutos\" \/>\n<script type=\"application\/ld+json\" class=\"yoast-schema-graph\">{\"@context\":\"https:\/\/schema.org\",\"@graph\":[{\"@type\":\"WebPage\",\"@id\":\"https:\/\/camminiditalia.org\/es\/cammini\/cammino-dei-borghi-sabini-sulle-tracce-della-dea-vacuna\/\",\"url\":\"https:\/\/camminiditalia.org\/es\/cammini\/cammino-dei-borghi-sabini-sulle-tracce-della-dea-vacuna\/\",\"name\":\"Paseo de las Aldeas Sabinas\",\"isPartOf\":{\"@id\":\"https:\/\/camminiditalia.org\/es\/#website\"},\"primaryImageOfPage\":{\"@id\":\"https:\/\/camminiditalia.org\/es\/cammini\/cammino-dei-borghi-sabini-sulle-tracce-della-dea-vacuna\/#primaryimage\"},\"image\":{\"@id\":\"https:\/\/camminiditalia.org\/es\/cammini\/cammino-dei-borghi-sabini-sulle-tracce-della-dea-vacuna\/#primaryimage\"},\"thumbnailUrl\":\"https:\/\/media-camminiditalia.nbg1.your-objectstorage.com\/wp-content\/uploads\/2024\/12\/casperia-monti-sabini-drone_ph-Andrea-Cimini-scaled.jpg\",\"datePublished\":\"2024-12-19T14:37:19+00:00\",\"dateModified\":\"2026-03-05T17:10:38+00:00\",\"description\":\"La Cammino dei Borghi Sabini: sulle tracce della dea Vacuna es una ruta circular que atraviesa paisajes evocadores, pueblos medievales.\",\"breadcrumb\":{\"@id\":\"https:\/\/camminiditalia.org\/es\/cammini\/cammino-dei-borghi-sabini-sulle-tracce-della-dea-vacuna\/#breadcrumb\"},\"inLanguage\":\"es\",\"potentialAction\":[{\"@type\":\"ReadAction\",\"target\":[\"https:\/\/camminiditalia.org\/es\/cammini\/cammino-dei-borghi-sabini-sulle-tracce-della-dea-vacuna\/\"]}]},{\"@type\":\"ImageObject\",\"inLanguage\":\"es\",\"@id\":\"https:\/\/camminiditalia.org\/es\/cammini\/cammino-dei-borghi-sabini-sulle-tracce-della-dea-vacuna\/#primaryimage\",\"url\":\"https:\/\/media-camminiditalia.nbg1.your-objectstorage.com\/wp-content\/uploads\/2024\/12\/casperia-monti-sabini-drone_ph-Andrea-Cimini-scaled.jpg\",\"contentUrl\":\"https:\/\/media-camminiditalia.nbg1.your-objectstorage.com\/wp-content\/uploads\/2024\/12\/casperia-monti-sabini-drone_ph-Andrea-Cimini-scaled.jpg\",\"width\":2560,\"height\":1438,\"caption\":\"Paseo de las Aldeas Sabinas\"},{\"@type\":\"BreadcrumbList\",\"@id\":\"https:\/\/camminiditalia.org\/es\/cammini\/cammino-dei-borghi-sabini-sulle-tracce-della-dea-vacuna\/#breadcrumb\",\"itemListElement\":[{\"@type\":\"ListItem\",\"position\":1,\"name\":\"Home\",\"item\":\"https:\/\/camminiditalia.org\/es\/inicio\/\"},{\"@type\":\"ListItem\",\"position\":2,\"name\":\"Paseos\",\"item\":\"https:\/\/camminiditalia.org\/es\/cammini\/\"},{\"@type\":\"ListItem\",\"position\":3,\"name\":\"Paseo de las Aldeas Sabinas\"}]},{\"@type\":\"WebSite\",\"@id\":\"https:\/\/camminiditalia.org\/es\/#website\",\"url\":\"https:\/\/camminiditalia.org\/es\/\",\"name\":\"Cammini d'Italia\",\"description\":\"Plan, walk and share!\",\"publisher\":{\"@id\":\"https:\/\/camminiditalia.org\/es\/#organization\"},\"potentialAction\":[{\"@type\":\"SearchAction\",\"target\":{\"@type\":\"EntryPoint\",\"urlTemplate\":\"https:\/\/camminiditalia.org\/es\/?s={search_term_string}\"},\"query-input\":{\"@type\":\"PropertyValueSpecification\",\"valueRequired\":true,\"valueName\":\"search_term_string\"}}],\"inLanguage\":\"es\"},{\"@type\":\"Organization\",\"@id\":\"https:\/\/camminiditalia.org\/es\/#organization\",\"name\":\"Cammini d'Italia srls\",\"url\":\"https:\/\/camminiditalia.org\/es\/\",\"logo\":{\"@type\":\"ImageObject\",\"inLanguage\":\"es\",\"@id\":\"https:\/\/camminiditalia.org\/es\/#\/schema\/logo\/image\/\",\"url\":\"https:\/\/media-camminiditalia.nbg1.your-objectstorage.com\/wp-content\/uploads\/2023\/08\/Risorsa-2-8-e1690918206850.png\",\"contentUrl\":\"https:\/\/media-camminiditalia.nbg1.your-objectstorage.com\/wp-content\/uploads\/2023\/08\/Risorsa-2-8-e1690918206850.png\",\"width\":1076,\"height\":329,\"caption\":\"Cammini d'Italia srls\"},\"image\":{\"@id\":\"https:\/\/camminiditalia.org\/es\/#\/schema\/logo\/image\/\"}}]}<\/script>\n<!-- \/ Yoast SEO plugin. -->","yoast_head_json":{"title":"Paseo de las Aldeas Sabinas","description":"La Cammino dei Borghi Sabini: sulle tracce della dea Vacuna es una ruta circular que atraviesa paisajes evocadores, pueblos medievales.","robots":{"index":"index","follow":"follow","max-snippet":"max-snippet:-1","max-image-preview":"max-image-preview:large","max-video-preview":"max-video-preview:-1"},"canonical":"https:\/\/camminiditalia.org\/es\/cammini\/cammino-dei-borghi-sabini-sulle-tracce-della-dea-vacuna\/","og_locale":"es_ES","og_type":"article","og_title":"Paseo de las Aldeas Sabinas","og_description":"La Cammino dei Borghi Sabini: sulle tracce della dea Vacuna es una ruta circular que atraviesa paisajes evocadores, pueblos medievales.","og_url":"https:\/\/camminiditalia.org\/es\/cammini\/cammino-dei-borghi-sabini-sulle-tracce-della-dea-vacuna\/","og_site_name":"Cammini d&#039;Italia","article_modified_time":"2026-03-05T17:10:38+00:00","og_image":[{"width":2560,"height":1438,"url":"https:\/\/media-camminiditalia.nbg1.your-objectstorage.com\/wp-content\/uploads\/2024\/12\/casperia-monti-sabini-drone_ph-Andrea-Cimini-scaled.jpg","type":"image\/jpeg"}],"twitter_card":"summary_large_image","twitter_misc":{"Tiempo de lectura":"2 minutos"},"schema":{"@context":"https:\/\/schema.org","@graph":[{"@type":"WebPage","@id":"https:\/\/camminiditalia.org\/es\/cammini\/cammino-dei-borghi-sabini-sulle-tracce-della-dea-vacuna\/","url":"https:\/\/camminiditalia.org\/es\/cammini\/cammino-dei-borghi-sabini-sulle-tracce-della-dea-vacuna\/","name":"Paseo de las Aldeas Sabinas","isPartOf":{"@id":"https:\/\/camminiditalia.org\/es\/#website"},"primaryImageOfPage":{"@id":"https:\/\/camminiditalia.org\/es\/cammini\/cammino-dei-borghi-sabini-sulle-tracce-della-dea-vacuna\/#primaryimage"},"image":{"@id":"https:\/\/camminiditalia.org\/es\/cammini\/cammino-dei-borghi-sabini-sulle-tracce-della-dea-vacuna\/#primaryimage"},"thumbnailUrl":"https:\/\/media-camminiditalia.nbg1.your-objectstorage.com\/wp-content\/uploads\/2024\/12\/casperia-monti-sabini-drone_ph-Andrea-Cimini-scaled.jpg","datePublished":"2024-12-19T14:37:19+00:00","dateModified":"2026-03-05T17:10:38+00:00","description":"La Cammino dei Borghi Sabini: sulle tracce della dea Vacuna es una ruta circular que atraviesa paisajes evocadores, pueblos medievales.","breadcrumb":{"@id":"https:\/\/camminiditalia.org\/es\/cammini\/cammino-dei-borghi-sabini-sulle-tracce-della-dea-vacuna\/#breadcrumb"},"inLanguage":"es","potentialAction":[{"@type":"ReadAction","target":["https:\/\/camminiditalia.org\/es\/cammini\/cammino-dei-borghi-sabini-sulle-tracce-della-dea-vacuna\/"]}]},{"@type":"ImageObject","inLanguage":"es","@id":"https:\/\/camminiditalia.org\/es\/cammini\/cammino-dei-borghi-sabini-sulle-tracce-della-dea-vacuna\/#primaryimage","url":"https:\/\/media-camminiditalia.nbg1.your-objectstorage.com\/wp-content\/uploads\/2024\/12\/casperia-monti-sabini-drone_ph-Andrea-Cimini-scaled.jpg","contentUrl":"https:\/\/media-camminiditalia.nbg1.your-objectstorage.com\/wp-content\/uploads\/2024\/12\/casperia-monti-sabini-drone_ph-Andrea-Cimini-scaled.jpg","width":2560,"height":1438,"caption":"Paseo de las Aldeas Sabinas"},{"@type":"BreadcrumbList","@id":"https:\/\/camminiditalia.org\/es\/cammini\/cammino-dei-borghi-sabini-sulle-tracce-della-dea-vacuna\/#breadcrumb","itemListElement":[{"@type":"ListItem","position":1,"name":"Home","item":"https:\/\/camminiditalia.org\/es\/inicio\/"},{"@type":"ListItem","position":2,"name":"Paseos","item":"https:\/\/camminiditalia.org\/es\/cammini\/"},{"@type":"ListItem","position":3,"name":"Paseo de las Aldeas Sabinas"}]},{"@type":"WebSite","@id":"https:\/\/camminiditalia.org\/es\/#website","url":"https:\/\/camminiditalia.org\/es\/","name":"Cammini d'Italia","description":"Plan, walk and share!","publisher":{"@id":"https:\/\/camminiditalia.org\/es\/#organization"},"potentialAction":[{"@type":"SearchAction","target":{"@type":"EntryPoint","urlTemplate":"https:\/\/camminiditalia.org\/es\/?s={search_term_string}"},"query-input":{"@type":"PropertyValueSpecification","valueRequired":true,"valueName":"search_term_string"}}],"inLanguage":"es"},{"@type":"Organization","@id":"https:\/\/camminiditalia.org\/es\/#organization","name":"Cammini d'Italia srls","url":"https:\/\/camminiditalia.org\/es\/","logo":{"@type":"ImageObject","inLanguage":"es","@id":"https:\/\/camminiditalia.org\/es\/#\/schema\/logo\/image\/","url":"https:\/\/media-camminiditalia.nbg1.your-objectstorage.com\/wp-content\/uploads\/2023\/08\/Risorsa-2-8-e1690918206850.png","contentUrl":"https:\/\/media-camminiditalia.nbg1.your-objectstorage.com\/wp-content\/uploads\/2023\/08\/Risorsa-2-8-e1690918206850.png","width":1076,"height":329,"caption":"Cammini d'Italia srls"},"image":{"@id":"https:\/\/camminiditalia.org\/es\/#\/schema\/logo\/image\/"}}]}},"jetpack_sharing_enabled":true,"_links":{"self":[{"href":"https:\/\/camminiditalia.org\/es\/wp-json\/wp\/v2\/cammini\/68111","targetHints":{"allow":["GET"]}}],"collection":[{"href":"https:\/\/camminiditalia.org\/es\/wp-json\/wp\/v2\/cammini"}],"about":[{"href":"https:\/\/camminiditalia.org\/es\/wp-json\/wp\/v2\/types\/cammini"}],"version-history":[{"count":1,"href":"https:\/\/camminiditalia.org\/es\/wp-json\/wp\/v2\/cammini\/68111\/revisions"}],"predecessor-version":[{"id":89467,"href":"https:\/\/camminiditalia.org\/es\/wp-json\/wp\/v2\/cammini\/68111\/revisions\/89467"}],"wp:featuredmedia":[{"embeddable":true,"href":"https:\/\/camminiditalia.org\/es\/wp-json\/wp\/v2\/media\/65857"}],"wp:attachment":[{"href":"https:\/\/camminiditalia.org\/es\/wp-json\/wp\/v2\/media?parent=68111"}],"wp:term":[{"taxonomy":"category","embeddable":true,"href":"https:\/\/camminiditalia.org\/es\/wp-json\/wp\/v2\/categories?post=68111"}],"curies":[{"name":"wp","href":"https:\/\/api.w.org\/{rel}","templated":true}]}}