
{"id":68141,"date":"2024-07-23T09:54:01","date_gmt":"2024-07-23T07:54:01","guid":{"rendered":"https:\/\/camminiditalia.org\/cammini\/via-francisca-del-lucomagno\/"},"modified":"2025-06-25T17:21:17","modified_gmt":"2025-06-25T15:21:17","slug":"via-francisca-del-lucomagno","status":"publish","type":"cammini","link":"https:\/\/camminiditalia.org\/es\/cammini\/via-francisca-del-lucomagno\/","title":{"rendered":"Via Francisca del Lucomagno"},"content":{"rendered":"\n<p id=\"scopriletappe\">La <strong>Via Francisca del Lucomagno<\/strong> nace en Constanza, en la frontera germano-suiza, atraviesa los Alpes gracias al paso de Lukmanier y entra en Italia, tras recorrer 375 km, en Lavena Ponte Tresa antes de seguir hasta Pav\u00eda, uni\u00e9ndose al <a href=\"http:\/\/www.camminiditalia.org\/cammini\/via-francigena\">Via Francigena<\/a> hacia Roma.  <\/p>\n\n\n\n<p>En Italia, la ruta tiene 138,6 km y discurre por bosques, carriles bici, senderos y carreteras secundarias, todo ello con seguridad, tocando importantes lugares de inter\u00e9s cultural, art\u00edstico y religioso, incluidos dos sitios de la Unesco y varias ciudades de arte. El Via Francisca del Lucomagno puede recorrerse todo el a\u00f1o, a pie o en bicicleta, gracias a que el paso de Lukmanier, en Suiza, con sus 1915 metros de altura, es el m\u00e1s bajo de la zona alpina y casi nunca presenta condiciones adversas para los senderistas. <\/p>\n\n\n\n<p><\/p>\n","protected":false},"excerpt":{"rendered":"<p>La Via Francisca del Lucomagno nace en Constanza, en la frontera germano-suiza, atraviesa los Alpes gracias al paso de Lukmanier y entra en Italia, tras recorrer 375 km, en Lavena Ponte Tresa antes de seguir hasta Pav\u00eda, uni\u00e9ndose al Via Francigena hacia Roma. En Italia, la ruta tiene 138,6 km y discurre por bosques, carriles &hellip; <a href=\"https:\/\/camminiditalia.org\/es\/cammini\/via-francisca-del-lucomagno\/\">Continued<\/a><\/p>\n","protected":false},"featured_media":65084,"parent":0,"menu_order":0,"template":"","meta":{"_acf_changed":false,"footnotes":""},"categories":[],"class_list":["post-68141","cammini","type-cammini","status-publish","has-post-thumbnail","hentry","regioni-lombardia"],"acf":{"mobile":false,"desktop":false,"app":{"bgImg":{"ID":82415,"id":82415,"title":"Varese_ Sacro Monte","filename":"Varese_-Sacro-Monte.webp","filesize":177350,"url":"https:\/\/media-camminiditalia.nbg1.your-objectstorage.com\/2024\/07\/Varese_-Sacro-Monte.webp","link":"https:\/\/camminiditalia.org\/es\/cammini\/via-francisca-del-lucomagno\/varese_-sacro-monte\/","alt":"","author":"2","description":"","caption":"","name":"varese_-sacro-monte","status":"inherit","uploaded_to":37206,"date":"2025-11-05 15:14:58","modified":"2025-11-05 15:14:58","menu_order":0,"mime_type":"image\/webp","type":"image","subtype":"webp","icon":"https:\/\/camminiditalia.org\/wp-includes\/images\/media\/default.png","width":1024,"height":653,"sizes":{"thumbnail":"https:\/\/media-camminiditalia.nbg1.your-objectstorage.com\/2024\/07\/Varese_-Sacro-Monte-150x150.webp","thumbnail-width":150,"thumbnail-height":150,"medium":"https:\/\/media-camminiditalia.nbg1.your-objectstorage.com\/2024\/07\/Varese_-Sacro-Monte-300x191.webp","medium-width":300,"medium-height":191,"medium_large":"https:\/\/media-camminiditalia.nbg1.your-objectstorage.com\/2024\/07\/Varese_-Sacro-Monte-768x490.webp","medium_large-width":768,"medium_large-height":490,"large":"https:\/\/media-camminiditalia.nbg1.your-objectstorage.com\/2024\/07\/Varese_-Sacro-Monte.webp","large-width":1024,"large-height":653,"1536x1536":"https:\/\/media-camminiditalia.nbg1.your-objectstorage.com\/2024\/07\/Varese_-Sacro-Monte.webp","1536x1536-width":1024,"1536x1536-height":653,"2048x2048":"https:\/\/media-camminiditalia.nbg1.your-objectstorage.com\/2024\/07\/Varese_-Sacro-Monte.webp","2048x2048-width":1024,"2048x2048-height":653,"tc_all_events_image":"https:\/\/media-camminiditalia.nbg1.your-objectstorage.com\/2024\/07\/Varese_-Sacro-Monte.webp","tc_all_events_image-width":1024,"tc_all_events_image-height":653,"woocommerce_thumbnail":"https:\/\/media-camminiditalia.nbg1.your-objectstorage.com\/2024\/07\/Varese_-Sacro-Monte-300x300.webp","woocommerce_thumbnail-width":300,"woocommerce_thumbnail-height":300,"woocommerce_single":"https:\/\/media-camminiditalia.nbg1.your-objectstorage.com\/2024\/07\/Varese_-Sacro-Monte-600x383.webp","woocommerce_single-width":600,"woocommerce_single-height":383,"woocommerce_gallery_thumbnail":"https:\/\/media-camminiditalia.nbg1.your-objectstorage.com\/2024\/07\/Varese_-Sacro-Monte-100x100.webp","woocommerce_gallery_thumbnail-width":100,"woocommerce_gallery_thumbnail-height":100}},"title":"","text":"","img":{"ID":64346,"id":64346,"title":"app-scontornata","filename":"app-scontornata.webp","filesize":36370,"url":"https:\/\/media-camminiditalia.nbg1.your-objectstorage.com\/wp-content\/uploads\/2023\/04\/app-scontornata.webp","link":"https:\/\/camminiditalia.org\/es\/cammini\/grande-traversata-elbana\/app-scontornata-3-2\/","alt":"","author":"2","description":"","caption":"","name":"app-scontornata-3-2","status":"inherit","uploaded_to":67630,"date":"2024-02-03 23:22:32","modified":"2025-06-24 14:21:47","menu_order":0,"mime_type":"image\/webp","type":"image","subtype":"webp","icon":"https:\/\/camminiditalia.org\/wp-includes\/images\/media\/default.png","width":383,"height":569,"sizes":{"thumbnail":"https:\/\/media-camminiditalia.nbg1.your-objectstorage.com\/wp-content\/uploads\/2023\/04\/app-scontornata-150x150.webp","thumbnail-width":150,"thumbnail-height":150,"medium":"https:\/\/media-camminiditalia.nbg1.your-objectstorage.com\/wp-content\/uploads\/2023\/04\/app-scontornata-202x300.webp","medium-width":202,"medium-height":300,"medium_large":"https:\/\/media-camminiditalia.nbg1.your-objectstorage.com\/wp-content\/uploads\/2023\/04\/app-scontornata.webp","medium_large-width":383,"medium_large-height":569,"large":"https:\/\/media-camminiditalia.nbg1.your-objectstorage.com\/wp-content\/uploads\/2023\/04\/app-scontornata.webp","large-width":383,"large-height":569,"1536x1536":"https:\/\/media-camminiditalia.nbg1.your-objectstorage.com\/wp-content\/uploads\/2023\/04\/app-scontornata.webp","1536x1536-width":383,"1536x1536-height":569,"2048x2048":"https:\/\/media-camminiditalia.nbg1.your-objectstorage.com\/wp-content\/uploads\/2023\/04\/app-scontornata.webp","2048x2048-width":383,"2048x2048-height":569,"tc_all_events_image":"https:\/\/media-camminiditalia.nbg1.your-objectstorage.com\/wp-content\/uploads\/2023\/04\/app-scontornata.webp","tc_all_events_image-width":383,"tc_all_events_image-height":569,"woocommerce_thumbnail":"https:\/\/media-camminiditalia.nbg1.your-objectstorage.com\/wp-content\/uploads\/2023\/04\/app-scontornata-300x300.webp","woocommerce_thumbnail-width":300,"woocommerce_thumbnail-height":300,"woocommerce_single":"https:\/\/media-camminiditalia.nbg1.your-objectstorage.com\/wp-content\/uploads\/2023\/04\/app-scontornata.webp","woocommerce_single-width":383,"woocommerce_single-height":569,"woocommerce_gallery_thumbnail":"https:\/\/media-camminiditalia.nbg1.your-objectstorage.com\/wp-content\/uploads\/2023\/04\/app-scontornata-100x100.webp","woocommerce_gallery_thumbnail-width":100,"woocommerce_gallery_thumbnail-height":100}},"linkBtn":{"title":"","url":"","target":"","0":""},"textBtn":""},"diaries":{"diary":[{"ID":87298,"post_author":"2","post_date":"2026-02-09 10:00:00","post_date_gmt":"2026-02-09 09:00:00","post_content":"<!-- wp:paragraph -->\n<p><em>Dalla frontiera svizzera al cuore di Pavia, Alfonso ci racconta la sua Via Francisca del Lucomagno: 154 km percorsi tra settembre e novembre, con il paesaggio che cambia ,camminando, insieme a lui. Una bella storia di amicizia, resilienza e piccoli momenti che fanno gruppo, dalla pioggia battente alle soste che rimettono in moto gambe e testa. Oltre al racconto sul finale anche la parte utile: distanze reali, varianti testate sul campo, timbri, consigli su scarpe e abbigliamento. Se cerchi un racconto che faccia venir voglia di partire e, allo stesso tempo, ti dia elementi concreti per organizzarti, questo \u00e8 il diario giusto da leggere.<\/em><\/p>\n<!-- \/wp:paragraph -->\n\n<!-- wp:paragraph -->\n<p><em><strong><em><strong>Hai voglia di condividere la tua esperienza di cammino con la nostra community? Inviaci una mail a <a>info@camminiditalia.org<\/a> e ti invieremo tutte le informazioni necessarie per raccontare la tua avventura. Se preferisci, puoi anche unirti alla nostra <a href=\"https:\/\/www.facebook.com\/groups\/camminiditalia\">Community su Facebook<\/a> e condividere direttamente il tuo racconto l\u00ec.<\/strong><\/em><\/strong><\/em><\/p>\n<!-- \/wp:paragraph -->\n\n<!-- wp:paragraph -->\n<p><em><strong>E se vuoi essere sicuro di non perderti durante il tuo percorso, ricorda di scaricare l\u2019app di Cammini d\u2019Italia prima di partire! Con essa avrai a disposizione tutte le tracce gpx di molti cammini italiani e potrai navigare facilmente, anche offline. Scopri di pi\u00f9 <a href=\"https:\/\/camminiditalia.org\/app-cammini-d-italia\/\">a questo link!<\/a><\/strong><\/em><\/p>\n<!-- \/wp:paragraph -->\n\n<!-- wp:heading -->\n<h2 class=\"wp-block-heading\"><strong>Tappa 01: da Ponte Tresa a Ganna<\/strong><\/h2>\n<!-- \/wp:heading -->\n\n<!-- wp:paragraph -->\n<p><strong><em>15.2 km<\/em><\/strong><\/p>\n<!-- \/wp:paragraph -->\n\n<!-- wp:paragraph -->\n<p>L\u2019inizio e l\u2019incanto della Valganna. Il nostro viaggio \u00e8 iniziato il 7 settembre, sotto un sole che profumava ancora di piena estate. Lo zaino pesava, ma l\u2019entusiasmo di pi\u00f9. <\/p>\n<!-- \/wp:paragraph -->\n\n<!-- wp:paragraph -->\n<p>Il cammino ci ha portato subito nel cuore verde della Valganna, un ingresso trionfale nel Varesotto. Passare dalla Badia di Ganna, un luogo che trasuda storia e silenzio, \u00e8 stato il modo perfetto per sintonizzarsi sul ritmo del pellegrino. <\/p>\n<!-- \/wp:paragraph -->\n\n<!-- wp:image {\"id\":87396,\"sizeSlug\":\"large\",\"linkDestination\":\"none\"} -->\n<figure class=\"wp-block-image size-large\"><img src=\"https:\/\/camminiditalia.org\/wp-content\/uploads\/2026\/02\/6_7_11zon-819x1024.webp\" alt=\"\" class=\"wp-image-87396\"\/><figcaption class=\"wp-element-caption\">La partenza da Ponte Tresa<\/figcaption><\/figure>\n<!-- \/wp:image -->\n\n<!-- wp:paragraph -->\n<p>Attraverso i boschi del Brinzio, abbiamo respirato l\u2019aria vera della Prealpina, muovendoci tra sentieri ombrosi e borghi dove il tempo sembra essersi fermato.<\/p>\n<!-- \/wp:paragraph -->\n\n<!-- wp:heading -->\n<h2 class=\"wp-block-heading\"><strong>Tappa 02: da Ganna a Varese (Sacro Monte)<\/strong><\/h2>\n<!-- \/wp:heading -->\n\n<!-- wp:paragraph -->\n<p><strong><em>17.2 km<\/em><\/strong><\/p>\n<!-- \/wp:paragraph -->\n\n<!-- wp:paragraph -->\n<p>L\u2019ascesa al Sacro Monte di Varese: una tappa unica. Se c\u2019\u00e8 un momento in cui il cammino si eleva, fisicamente e spiritualmente, \u00e8 durante la salita al Sacro Monte. Non \u00e8 una tappa come le altre: \u00e8 un\u2019ascesa tra cielo e terra. <\/p>\n<!-- \/wp:paragraph -->\n\n<!-- wp:image {\"id\":87397,\"sizeSlug\":\"large\",\"linkDestination\":\"none\"} -->\n<figure class=\"wp-block-image size-large\"><img src=\"https:\/\/camminiditalia.org\/wp-content\/uploads\/2026\/02\/7_8_11zon-819x1024.webp\" alt=\"\" class=\"wp-image-87397\"\/><figcaption class=\"wp-element-caption\">Panoramica da Sacro Monte Varese<\/figcaption><\/figure>\n<!-- \/wp:image -->\n\n<!-- wp:paragraph -->\n<p>Percorrere il viale delle quattordici cappelle seicentesche (sito UNESCO) mentre la vista si apre maestosa sui laghi e sull\u2019intera catena alpina toglie il fiato. \u00c8 il cuore spirituale della <strong><a href=\"https:\/\/camminiditalia.org\/cammini\/via-francisca-del-lucomagno\/\">Via Francisca del Lucomagno<\/a><\/strong>, un luogo dove la fatica della salita svanisce davanti allo stupore della bellezza.<\/p>\n<!-- \/wp:paragraph -->\n\n<!-- wp:heading -->\n<h2 class=\"wp-block-heading\"><strong>Tappa 03: da Varese a Castiglione Olona<\/strong><\/h2>\n<!-- \/wp:heading -->\n\n<!-- wp:paragraph -->\n<p><strong><em>15 km<\/em><\/strong><\/p>\n<!-- \/wp:paragraph -->\n\n<!-- wp:paragraph -->\n<p>La prova della resilienza. La terza tappa ci ha presentato il conto degli elementi. La pioggia battente ci ha accolti al mattino, testando la determinazione del gruppo. <\/p>\n<!-- \/wp:paragraph -->\n\n<!-- wp:paragraph -->\n<p>Ma il cammino sa essere generoso con chi non molla: nel pomeriggio il cielo si \u00e8 spalancato, l\u2019aria \u00e8 diventata frizzante e un sole meraviglioso ha illuminato il nostro arrivo a Castiglione Olona, definita \u00abun\u2019isola di Toscana in Lombardia\u00bb per il suo incredibile patrimonio rinascimentale.<\/p>\n<!-- \/wp:paragraph -->\n\n<!-- wp:image {\"id\":87395,\"sizeSlug\":\"large\",\"linkDestination\":\"none\"} -->\n<figure class=\"wp-block-image size-large\"><img src=\"https:\/\/camminiditalia.org\/wp-content\/uploads\/2026\/02\/5_6_11zon-819x1024.webp\" alt=\"\" class=\"wp-image-87395\"\/><figcaption class=\"wp-element-caption\">Cascata Castiglione Olona<\/figcaption><\/figure>\n<!-- \/wp:image -->\n\n<!-- wp:heading -->\n<h2 class=\"wp-block-heading\"><strong>Tappa 04: da Castiglione Olona<\/strong> a Castellanza<\/h2>\n<!-- \/wp:heading -->\n\n<!-- wp:paragraph -->\n<p><strong><em>20.2 km<\/em><\/strong><\/p>\n<!-- \/wp:paragraph -->\n\n<!-- wp:paragraph -->\n<p>Lungo le acque dell\u2019Olona e la sosta rigenerante. Nella quarta tappa abbiamo seguito il corso del fiume Olona, che scorreva potente e gonfio d\u2019acqua dopo le piogge. <\/p>\n<!-- \/wp:paragraph -->\n\n<!-- wp:image {\"id\":87404,\"sizeSlug\":\"large\",\"linkDestination\":\"none\"} -->\n<figure class=\"wp-block-image size-large\"><img src=\"https:\/\/camminiditalia.org\/wp-content\/uploads\/2026\/02\/1_10_11zon-819x1024.webp\" alt=\"\" class=\"wp-image-87404\"\/><figcaption class=\"wp-element-caption\">Alba in cascina<\/figcaption><\/figure>\n<!-- \/wp:image -->\n\n<!-- wp:paragraph -->\n<p>Sotto un sole caldo e rinvigorente, abbiamo vissuto una sosta particolare in un punto strategico del percorso: un momento di pura convivialit\u00e0 che ci ha permesso di ricaricare le pile e cementare l\u2019amicizia, prima di una breve pausa logistica che ci ha visto tornare temporaneamente verso le nostre colline novaresi.<\/p>\n<!-- \/wp:paragraph -->\n\n<!-- wp:heading -->\n<h2 class=\"wp-block-heading\"><strong>Tappa 05: da Castellanza a Castelletto di Cuggiono<\/strong><\/h2>\n<!-- \/wp:heading -->\n\n<!-- wp:paragraph -->\n<p><strong><em>23.3 km<\/em><\/strong><\/p>\n<!-- \/wp:paragraph -->\n\n<!-- wp:paragraph -->\n<p>Pionieri e timbri a S. Stefano di Magnago. La ripartenza per la quinta tappa \u00e8 stata carica di significato. Muovendoci tra i parchi sovracomunali, abbiamo vissuto l\u2019emozione di essere tra i primi in assoluto a testare alcune nuove varianti del tracciato. A S. Stefano di Magnago abbiamo inaugurato ufficialmente il timbro del cammino: un piccolo gesto che ci ha fatto sentire pionieri e parte integrante della storia viva di questa via.<\/p>\n<!-- \/wp:paragraph -->\n\n<!-- wp:image {\"id\":87398,\"sizeSlug\":\"large\",\"linkDestination\":\"none\"} -->\n<figure class=\"wp-block-image size-large\"><img src=\"https:\/\/camminiditalia.org\/wp-content\/uploads\/2026\/02\/8_9_11zon-819x1024.webp\" alt=\"\" class=\"wp-image-87398\"\/><figcaption class=\"wp-element-caption\">Robecco sul Naviglio<\/figcaption><\/figure>\n<!-- \/wp:image -->\n\n<!-- wp:heading -->\n<h2 class=\"wp-block-heading\"><strong>Tappa 06: da Castelletto di Cuggiono ad Abbiategrasso<\/strong><\/h2>\n<!-- \/wp:heading -->\n\n<!-- wp:paragraph -->\n<p><strong><em>22.3 km<\/em><\/strong><\/p>\n<!-- \/wp:paragraph -->\n\n<!-- wp:paragraph -->\n<p>Tra Navigli, giganti e Villa Gaia. Le tappe successive ci hanno portato a costeggiare il Naviglio Grande sotto cieli tersi. La bellezza, per\u00f2, si \u00e8 rivelata nelle deviazioni: l\u2019enigmatico calendario Celtico di Bernate, i sorrisi sulla Big Bench (la panchina gigante) e l\u2019eleganza senza tempo di Villa Gaia a Robecchetto. Un mix perfetto di natura, arte rurale e scoperte inaspettate prima di raggiungere Abbiategrasso.<\/p>\n<!-- \/wp:paragraph -->\n\n<!-- wp:image {\"id\":87399,\"sizeSlug\":\"large\",\"linkDestination\":\"none\"} -->\n<figure class=\"wp-block-image size-large\"><img src=\"https:\/\/camminiditalia.org\/wp-content\/uploads\/2026\/02\/9_1_11zon-819x1024.webp\" alt=\"\" class=\"wp-image-87399\"\/><figcaption class=\"wp-element-caption\">Castelletto di Cuggiono<\/figcaption><\/figure>\n<!-- \/wp:image -->\n\n<!-- wp:heading -->\n<h2 class=\"wp-block-heading\"><strong>Tappa 07: da Abbiategrasso<\/strong> a Bereguardo<\/h2>\n<!-- \/wp:heading -->\n\n<!-- wp:paragraph -->\n<p><strong><em>22 km<\/em><\/strong><\/p>\n<!-- \/wp:paragraph -->\n\n<!-- wp:paragraph -->\n<p>Il fascino mistico di Morimondo e Fallavecchia. Con l\u2019avvicinarsi della meta, il paesaggio \u00e8 cambiato di nuovo. La nebbia leggera del mattino avvolgeva le risaie, creando un\u2019atmosfera sospesa e quasi irreale. <\/p>\n<!-- \/wp:paragraph -->\n\n<!-- wp:paragraph -->\n<p>La visita all\u2019Abbazia di Morimondo e il passaggio per la cascina storica di Fallavecchia ci hanno permesso di toccare con mano l\u2019eredit\u00e0 spirituale e agricola del territorio, legata per secoli all\u2019Ospedale Maggiore di Milano.<\/p>\n<!-- \/wp:paragraph -->\n\n<!-- wp:heading -->\n<h2 class=\"wp-block-heading\"><strong>Tappa 08: da <\/strong>Bereguardo a Pavia<\/h2>\n<!-- \/wp:heading -->\n\n<!-- wp:paragraph -->\n<p><strong><em>19.1 km<\/em><\/strong><\/p>\n<!-- \/wp:paragraph -->\n\n<!-- wp:paragraph -->\n<p>Il traguardo solenne: Pavia e il <strong><a href=\"https:\/\/camminiditalia.org\/credenziale-del-camminatore\/\">Testimonium<\/a><\/strong>. Domenica 23 novembre, il cerchio si \u00e8 chiuso. Siamo partiti da Bereguardo con il freddo pungente e una nebbia fitta, un contrasto quasi incredibile rispetto ai 28 \u00b0C della partenza a settembre.<\/p>\n<!-- \/wp:paragraph -->\n\n<!-- wp:image {\"id\":87400,\"sizeSlug\":\"large\",\"linkDestination\":\"none\"} -->\n<figure class=\"wp-block-image size-large\"><img src=\"https:\/\/camminiditalia.org\/wp-content\/uploads\/2026\/02\/10_2_11zon-819x1024.webp\" alt=\"\" class=\"wp-image-87400\"\/><figcaption class=\"wp-element-caption\">Ponte Pavia<\/figcaption><\/figure>\n<!-- \/wp:image -->\n\n<!-- wp:paragraph -->\n<p>Ma l\u2019entusiasmo del gruppo era pi\u00f9 forte del gelo. L\u2019ingresso a Pavia \u00e8 stato solenne: l\u2019arrivo alla Basilica di San Pietro in Ciel d\u2019Oro, davanti al sepolcro di Sant\u2019Agostino, ha segnato la fine del viaggio. Ricevere il Testimonium ufficiale dai Padri Agostiniani \u00e8 stato l\u2019atto finale di un\u2019impresa che porteremo sempre con noi.<\/p>\n<!-- \/wp:paragraph -->\n\n<!-- wp:image {\"id\":87392,\"sizeSlug\":\"large\",\"linkDestination\":\"none\"} -->\n<figure class=\"wp-block-image size-large\"><img src=\"https:\/\/camminiditalia.org\/wp-content\/uploads\/2026\/02\/2_3_11zon-819x1024.webp\" alt=\"\" class=\"wp-image-87392\"\/><figcaption class=\"wp-element-caption\">Il testimonium finale<\/figcaption><\/figure>\n<!-- \/wp:image -->\n\n<!-- wp:heading -->\n<h2 class=\"wp-block-heading\"><strong>Il nostro \u00abNuovo Passo\u00bb insieme<\/strong><\/h2>\n<!-- \/wp:heading -->\n\n<!-- wp:paragraph -->\n<p>Mentre camminavamo tra le risaie avvolte nella nebbia o salivamo verso il Sacro Monte, guardavo mia moglie al mio fianco e sentivo che ogni chilometro rafforzava la nostra scelta. <\/p>\n<!-- \/wp:paragraph -->\n\n<!-- wp:image {\"id\":87393,\"sizeSlug\":\"large\",\"linkDestination\":\"none\"} -->\n<figure class=\"wp-block-image size-large\"><img src=\"https:\/\/camminiditalia.org\/wp-content\/uploads\/2026\/02\/3_4_11zon-819x1024.webp\" alt=\"\" class=\"wp-image-87393\"\/><figcaption class=\"wp-element-caption\">L'arrivo a Pavia e i festeggiamenti<\/figcaption><\/figure>\n<!-- \/wp:image -->\n\n<!-- wp:paragraph -->\n<p>Questo cammino non \u00e8 stato solo un\u2019avventura, ma la conferma di un nuovo modo di vivere che abbiamo deciso di abbracciare insieme. Abbiamo imparato che la vera ricchezza non sta nell\u2019accumulare, ma nel sottrarre il superfluo per fare spazio all\u2019essenziale: il tempo, il respiro, il ritmo lento dei nostri passi che si muovono all\u2019unisono. <\/p>\n<!-- \/wp:paragraph -->\n\n<!-- wp:paragraph -->\n<p><strong><em><mark style=\"background-color:rgba(0, 0, 0, 0)\" class=\"has-inline-color has-orange-400-color\">Hai mai sentito parlare dell'antropologo David Le Breton?  Ha dedicato gran parte della sua carriera allo\u00a0studio del corpo, del dolore, del silenzio, del dialogo\u2026 e del\u00a0camminare. Ne abbiamo scritto un articolo<\/mark><mark style=\"background-color:rgba(0, 0, 0, 0)\" class=\"has-inline-color has-orange-300-color\"> <\/mark><a href=\"https:\/\/camminiditalia.org\/david-le-breton-camminare-per-vivere\/\"><mark style=\"background-color:oklch(90.1% .076 70.697)\" class=\"has-inline-color has-orange-300-color\">qui!<\/mark><\/a><\/em><\/strong><\/p>\n<!-- \/wp:paragraph -->\n\n<!-- wp:paragraph -->\n<p>Camminare \u00e8 diventato il nostro linguaggio, un modo per riscoprire il mondo e noi stessi, con la consapevolezza che non importa quanto sia lungo il sentiero, finch\u00e9 lo percorriamo insieme.<\/p>\n<!-- \/wp:paragraph -->\n\n<!-- wp:paragraph -->\n<p>Un ringraziamento speciale a Controvento Trekking e alle guide Antea e Paolo. Siamo partiti come tre \u00abmaschietti\u00bb (Edo, Paolo ed io) in un meraviglioso gruppo di donne e siamo arrivati a Pavia come una vera famiglia.<\/p>\n<!-- \/wp:paragraph -->\n\n<!-- wp:heading -->\n<h2 class=\"wp-block-heading\"><strong>Note tecniche e consigli<\/strong><\/h2>\n<!-- \/wp:heading -->\n\n<!-- wp:list -->\n<ul class=\"wp-block-list\"><!-- wp:list-item -->\n<li><strong>Percorso:<\/strong> tratto italiano da Ponte Tresa a Pavia.<\/li>\n<!-- \/wp:list-item -->\n\n<!-- wp:list-item -->\n<li><strong>Distanza totale:<\/strong> 154 km (percorso esteso con varianti ufficiali testate sul campo).<\/li>\n<!-- \/wp:list-item -->\n\n<!-- wp:list-item -->\n<li><strong>Tappe:<\/strong> 8 tappe totali (svolte tra settembre e novembre).<\/li>\n<!-- \/wp:list-item -->\n\n<!-- wp:list-item -->\n<li><strong>Organizzazione:<\/strong> cammino coordinato da Controvento Trekking in collaborazione con l\u2019ente ufficiale della Via Francisca.<\/li>\n<!-- \/wp:list-item -->\n\n<!-- wp:list-item -->\n<li><strong>Difficolt\u00e0:<\/strong> media. Le varianti aumentano lo sviluppo chilometrico; necessaria buona preparazione per tappe medie di 20\u201322 km.<\/li>\n<!-- \/wp:list-item -->\n\n<!-- wp:list-item -->\n<li><strong>Abbigliamento consigliato:<\/strong> fondamentale la stratificazione (\u00aba cipolla\u00bb). Il passaggio dai 28 \u00b0C di settembre ai 5 \u00b0C di novembre richiede dal capo tecnico leggero al piumino e al guscio impermeabile.<\/li>\n<!-- \/wp:list-item -->\n\n<!-- wp:list-item -->\n<li><strong><a href=\"https:\/\/camminiditalia.org\/scarpe-trail-cammini-topo-athletic\/\">Calzature:<\/a><\/strong> scarpe da trail running o scarponcini leggeri. Il terreno alterna boschi (Valganna), alzaie fluviali sterrate (Olona\/Navigli) e tratti urbani.<\/li>\n<!-- \/wp:list-item -->\n\n<!-- wp:list-item -->\n<li><strong>Credenziale e timbri:<\/strong> indispensabile per usufruire delle nuove varianti (es. S. Stefano di Magnago). Il Testimonium si ritira a Pavia presso la Basilica di San Pietro in Ciel d\u2019Oro.<\/li>\n<!-- \/wp:list-item -->\n\n<!-- wp:list-item -->\n<li><strong>Perch\u00e9 farlo:<\/strong> per la variet\u00e0 incredibile di paesaggi e per la profondit\u00e0 storica di luoghi come Morimondo e il Sacro Monte di Varese.<\/li>\n<!-- \/wp:list-item --><\/ul>\n<!-- \/wp:list -->\n\n<!-- wp:paragraph -->\n<p><strong><em><mark style=\"background-color:rgba(0, 0, 0, 0)\" class=\"has-inline-color has-orange-400-color\">Vuoi scoprire altri percorsi in tutta Italia? Nel nostro <a href=\"https:\/\/camminiditalia.shop\/product\/atlante-cammini-d-italia\/\">Atlante <\/a>trovi pi\u00f9 di 100 percorsi pronti ad aspettarti.<\/mark><\/em><\/strong><\/p>\n<!-- \/wp:paragraph -->","post_title":"Dalla Svizzera al cuore di Pavia:  Alfonso e la sua Via Francisca del Lucomagno","post_excerpt":"","post_status":"publish","comment_status":"closed","ping_status":"open","post_password":"","post_name":"dalla-svizzera-al-cuore-di-pavia-alfonso-e-la-sua-via-francisca-del-lucomagno","to_ping":"","pinged":"","post_modified":"2026-01-29 16:06:16","post_modified_gmt":"2026-01-29 15:06:16","post_content_filtered":"","post_parent":0,"guid":"https:\/\/camminiditalia.org\/?p=87298","menu_order":0,"post_type":"post","post_mime_type":"","comment_count":"0","filter":"raw"}]},"gallery":{"images":[{"img":{"ID":65085,"id":65085,"title":"Pav\u00eda_Ponte Coperto","filename":"Pavia_Ponte-Coperto-1.jpg","filesize":272893,"url":"https:\/\/media-camminiditalia.nbg1.your-objectstorage.com\/wp-content\/uploads\/2024\/07\/Pavia_Ponte-Coperto-1.jpg","link":"https:\/\/camminiditalia.org\/es\/cammini\/via-francisca-del-lucomagno\/pavia_ponte-coperto-2-3\/","alt":"","author":"2","description":"","caption":"Pavia - Puente cubierto  ","name":"pavia_ponte-coperto-2-3","status":"inherit","uploaded_to":68141,"date":"2024-07-23 08:19:20","modified":"2025-06-25 09:41:18","menu_order":0,"mime_type":"image\/jpeg","type":"image","subtype":"jpeg","icon":"https:\/\/camminiditalia.org\/wp-includes\/images\/media\/default.png","width":1350,"height":900,"sizes":{"thumbnail":"https:\/\/media-camminiditalia.nbg1.your-objectstorage.com\/wp-content\/uploads\/2024\/07\/Pavia_Ponte-Coperto-1-150x150.jpg","thumbnail-width":150,"thumbnail-height":150,"medium":"https:\/\/media-camminiditalia.nbg1.your-objectstorage.com\/wp-content\/uploads\/2024\/07\/Pavia_Ponte-Coperto-1-300x200.jpg","medium-width":300,"medium-height":200,"medium_large":"https:\/\/media-camminiditalia.nbg1.your-objectstorage.com\/wp-content\/uploads\/2024\/07\/Pavia_Ponte-Coperto-1-768x512.jpg","medium_large-width":768,"medium_large-height":512,"large":"https:\/\/media-camminiditalia.nbg1.your-objectstorage.com\/wp-content\/uploads\/2024\/07\/Pavia_Ponte-Coperto-1-1024x683.jpg","large-width":1024,"large-height":683,"1536x1536":"https:\/\/media-camminiditalia.nbg1.your-objectstorage.com\/wp-content\/uploads\/2024\/07\/Pavia_Ponte-Coperto-1.jpg","1536x1536-width":1350,"1536x1536-height":900,"2048x2048":"https:\/\/media-camminiditalia.nbg1.your-objectstorage.com\/wp-content\/uploads\/2024\/07\/Pavia_Ponte-Coperto-1.jpg","2048x2048-width":1350,"2048x2048-height":900,"tc_all_events_image":"https:\/\/media-camminiditalia.nbg1.your-objectstorage.com\/wp-content\/uploads\/2024\/07\/Pavia_Ponte-Coperto-1-1100x680.jpg","tc_all_events_image-width":1100,"tc_all_events_image-height":680,"woocommerce_thumbnail":"https:\/\/media-camminiditalia.nbg1.your-objectstorage.com\/wp-content\/uploads\/2024\/07\/Pavia_Ponte-Coperto-1-300x300.jpg","woocommerce_thumbnail-width":300,"woocommerce_thumbnail-height":300,"woocommerce_single":"https:\/\/media-camminiditalia.nbg1.your-objectstorage.com\/wp-content\/uploads\/2024\/07\/Pavia_Ponte-Coperto-1-600x400.jpg","woocommerce_single-width":600,"woocommerce_single-height":400,"woocommerce_gallery_thumbnail":"https:\/\/media-camminiditalia.nbg1.your-objectstorage.com\/wp-content\/uploads\/2024\/07\/Pavia_Ponte-Coperto-1-100x100.jpg","woocommerce_gallery_thumbnail-width":100,"woocommerce_gallery_thumbnail-height":100}}},{"img":{"ID":37244,"id":37244,"title":"Castiglione Olona (4)","filename":"Castiglione-Olona-4.jpg","filesize":311108,"url":"https:\/\/media-camminiditalia.nbg1.your-objectstorage.com\/wp-content\/uploads\/2024\/07\/Castiglione-Olona-4.jpg","link":"https:\/\/camminiditalia.org\/es\/cammini\/via-francisca-del-lucomagno\/castiglione-olona-4\/","alt":"Via Francisca del Lucomagno","author":"2","description":"","caption":"Castiglione Olona","name":"castiglione-olona-4","status":"inherit","uploaded_to":37206,"date":"2024-07-23 08:22:05","modified":"2024-07-23 08:23:13","menu_order":0,"mime_type":"image\/jpeg","type":"image","subtype":"jpeg","icon":"https:\/\/camminiditalia.org\/wp-includes\/images\/media\/default.png","width":1440,"height":1080,"sizes":{"thumbnail":"https:\/\/media-camminiditalia.nbg1.your-objectstorage.com\/wp-content\/uploads\/2024\/07\/Castiglione-Olona-4-150x150.jpg","thumbnail-width":150,"thumbnail-height":150,"medium":"https:\/\/media-camminiditalia.nbg1.your-objectstorage.com\/wp-content\/uploads\/2024\/07\/Castiglione-Olona-4-300x225.jpg","medium-width":300,"medium-height":225,"medium_large":"https:\/\/media-camminiditalia.nbg1.your-objectstorage.com\/wp-content\/uploads\/2024\/07\/Castiglione-Olona-4-768x576.jpg","medium_large-width":768,"medium_large-height":576,"large":"https:\/\/media-camminiditalia.nbg1.your-objectstorage.com\/wp-content\/uploads\/2024\/07\/Castiglione-Olona-4-1024x768.jpg","large-width":1024,"large-height":768,"1536x1536":"https:\/\/media-camminiditalia.nbg1.your-objectstorage.com\/wp-content\/uploads\/2024\/07\/Castiglione-Olona-4.jpg","1536x1536-width":1440,"1536x1536-height":1080,"2048x2048":"https:\/\/media-camminiditalia.nbg1.your-objectstorage.com\/wp-content\/uploads\/2024\/07\/Castiglione-Olona-4.jpg","2048x2048-width":1440,"2048x2048-height":1080,"tc_all_events_image":"https:\/\/media-camminiditalia.nbg1.your-objectstorage.com\/wp-content\/uploads\/2024\/07\/Castiglione-Olona-4-1100x680.jpg","tc_all_events_image-width":1100,"tc_all_events_image-height":680,"woocommerce_thumbnail":"https:\/\/media-camminiditalia.nbg1.your-objectstorage.com\/wp-content\/uploads\/2024\/07\/Castiglione-Olona-4-300x300.jpg","woocommerce_thumbnail-width":300,"woocommerce_thumbnail-height":300,"woocommerce_single":"https:\/\/media-camminiditalia.nbg1.your-objectstorage.com\/wp-content\/uploads\/2024\/07\/Castiglione-Olona-4-600x450.jpg","woocommerce_single-width":600,"woocommerce_single-height":450,"woocommerce_gallery_thumbnail":"https:\/\/media-camminiditalia.nbg1.your-objectstorage.com\/wp-content\/uploads\/2024\/07\/Castiglione-Olona-4-100x100.jpg","woocommerce_gallery_thumbnail-width":100,"woocommerce_gallery_thumbnail-height":100}}}]},"guide":{"text":"<h2><strong>GU\u00cdA DEL VIA FRANCISCA DEL LUCOMAGNO<\/strong><\/h2>\n<p>El tramo italiano de un antiguo sendero que, partiendo de Constanza, atraviesa los Alpes suizos por el paso de Lukmanier y serpentea hasta Pav\u00eda. Ocho etapas a recorrer a pie, en bicicleta o en bicicleta especial, atravesando lugares extraordinarios ricos en arte e historia, incluidos sitios del patrimonio de la UNESCO y de la FAI. Desde el lago de Lugano hasta la cima del Sacro Monte di Varese, pasando por la abad\u00eda de Morimondo y la bas\u00edlica de San Pietro in Ciel d&#8217;Oro.<\/p>\n<p>Un itinerario salpicado de r\u00edos y extensiones de agua: desde la tierra de los siete lagos, a los canales milaneses y el Tesino, para explorar Lombard\u00eda y llegar al <a href=\"https:\/\/camminiditalia.org\/cammini\/via-francigena\/\">Via Francigena<\/a>.<\/p>\n<p>Incluye mapas detallados, contactos de hosteler\u00eda y toda la informaci\u00f3n \u00fatil para planificar tu viaje.<\/p>\n<p>Adem\u00e1s, un ap\u00e9ndice dedicado a las ETAPA de Alemania y Suiza, con instrucciones para conectarse a Via Francigena.<\/p>\n","img":{"ID":66001,"id":66001,"title":"La_Via_Francisca_d_Lucomagno_2ed_400x","filename":"La_Via_Francisca_d_Lucomagno_2ed_400x.webp","filesize":74524,"url":"https:\/\/media-camminiditalia.nbg1.your-objectstorage.com\/wp-content\/uploads\/2024\/07\/La_Via_Francisca_d_Lucomagno_2ed_400x.webp","link":"https:\/\/camminiditalia.org\/es\/cammini\/via-francisca-del-lucomagno\/la_via_francisca_d_lucomagno_2ed_400x-2\/","alt":"Gu\u00eda de la VIA FRANCISCA DEL LUCOMAGNO","author":"2","description":"","caption":"","name":"la_via_francisca_d_lucomagno_2ed_400x-2","status":"inherit","uploaded_to":68141,"date":"2025-01-07 11:24:45","modified":"2025-06-25 09:41:18","menu_order":0,"mime_type":"image\/webp","type":"image","subtype":"webp","icon":"https:\/\/camminiditalia.org\/wp-includes\/images\/media\/default.png","width":400,"height":724,"sizes":{"thumbnail":"https:\/\/media-camminiditalia.nbg1.your-objectstorage.com\/wp-content\/uploads\/2024\/07\/La_Via_Francisca_d_Lucomagno_2ed_400x-150x150.webp","thumbnail-width":150,"thumbnail-height":150,"medium":"https:\/\/media-camminiditalia.nbg1.your-objectstorage.com\/wp-content\/uploads\/2024\/07\/La_Via_Francisca_d_Lucomagno_2ed_400x-166x300.webp","medium-width":166,"medium-height":300,"medium_large":"https:\/\/media-camminiditalia.nbg1.your-objectstorage.com\/wp-content\/uploads\/2024\/07\/La_Via_Francisca_d_Lucomagno_2ed_400x.webp","medium_large-width":400,"medium_large-height":724,"large":"https:\/\/media-camminiditalia.nbg1.your-objectstorage.com\/wp-content\/uploads\/2024\/07\/La_Via_Francisca_d_Lucomagno_2ed_400x.webp","large-width":400,"large-height":724,"1536x1536":"https:\/\/media-camminiditalia.nbg1.your-objectstorage.com\/wp-content\/uploads\/2024\/07\/La_Via_Francisca_d_Lucomagno_2ed_400x.webp","1536x1536-width":400,"1536x1536-height":724,"2048x2048":"https:\/\/media-camminiditalia.nbg1.your-objectstorage.com\/wp-content\/uploads\/2024\/07\/La_Via_Francisca_d_Lucomagno_2ed_400x.webp","2048x2048-width":400,"2048x2048-height":724,"tc_all_events_image":"https:\/\/media-camminiditalia.nbg1.your-objectstorage.com\/wp-content\/uploads\/2024\/07\/La_Via_Francisca_d_Lucomagno_2ed_400x-400x680.webp","tc_all_events_image-width":400,"tc_all_events_image-height":680,"woocommerce_thumbnail":"https:\/\/media-camminiditalia.nbg1.your-objectstorage.com\/wp-content\/uploads\/2024\/07\/La_Via_Francisca_d_Lucomagno_2ed_400x-300x300.webp","woocommerce_thumbnail-width":300,"woocommerce_thumbnail-height":300,"woocommerce_single":"https:\/\/media-camminiditalia.nbg1.your-objectstorage.com\/wp-content\/uploads\/2024\/07\/La_Via_Francisca_d_Lucomagno_2ed_400x.webp","woocommerce_single-width":400,"woocommerce_single-height":724,"woocommerce_gallery_thumbnail":"https:\/\/media-camminiditalia.nbg1.your-objectstorage.com\/wp-content\/uploads\/2024\/07\/La_Via_Francisca_d_Lucomagno_2ed_400x-100x100.webp","woocommerce_gallery_thumbnail-width":100,"woocommerce_gallery_thumbnail-height":100}},"linkBtn":{"title":"","url":"https:\/\/camminiditalia.shop\/product\/guida-alla-via-francisca-del-lucomagno\/","target":""},"textBtn":"\u00a1COMPRAR AHORA!"},"maps":{"map":"<p><iframe loading=\"lazy\" style=\"border: none; overflow: hidden;\" src=\"https:\/\/1.camminiditalia.webmapp.it\/map?layer=79\" width=\"100%\" height=\"800\" scrolling=\"no\"><\/iframe><\/p>\n","url":""},"modal":{"modals":[{"status":false,"title":"HISTORIA","text":"<p><span style=\"font-weight: 400;\">Muchos hombres ilustres viajaron por Via Francisca del Lucomagno, especialmente los reyes y emperadores del Sacro Imperio Romano Germ\u00e1nico, como Ot\u00f3n I el Grande, Ot\u00f3n III, Enrique II y Federico Barbarroja, que tambi\u00e9n fueron reyes de Italia. De hecho, esta ruta en el territorio transalpino tambi\u00e9n recibe el nombre de Via degli Imperatori (Ruta de los Emperadores). <\/span><\/p>\n<p><span style=\"font-weight: 400;\">Para los que ven\u00edan de Europa central, el paso de Lukmanier era la ruta m\u00e1s f\u00e1cil, no s\u00f3lo por su escasa altura, sino tambi\u00e9n por la frecuencia de pueblos a lo largo del camino. El periodo de mayor frecuentaci\u00f3n de la ruta por peregrinos\/caminantes fue entre los siglos VIII y XIII. <\/span><\/p>\n"},{"status":false,"title":"AGUA","text":"<p><span style=\"font-weight: 400;\">A lo largo de la ruta hay varias aldeas donde puedes aprovisionarte de agua y otros alimentos. <\/span><span style=\"font-weight: 400;\"><br \/>\n<\/span><\/p>\n"},{"status":false,"title":"ETAPA","text":"<h2><strong>ETAPA VIA FRANCISCA DEL LUCOMAGNO<\/strong><\/h2>\n<h2><b>ETAPA 01: de Lavena Ponte Tresa a Ganna <\/b><\/h2>\n<p><b>Descripci\u00f3n:<\/b><span style=\"font-weight: 400;\"> La primera ETAPA discurre desde el lago de Lugano hasta los bosques de las laderas de los montes Varesotto. La salida est\u00e1 en el puesto aduanero de Lavena Ponte Tresa. Tras bordear el lago, ascendemos por el carril bici por el trazado del antiguo tranv\u00eda hasta el Parque Argentera, una interesante zona verde con molinos, peque\u00f1os arroyos y \u00e1rboles majestuosos. <\/span><\/p>\n<p><span style=\"font-weight: 400;\">Desde Cadegliano seguimos hacia Marchirolo y Cugliate Fabiasco, hasta Ghirla, con su oasis natural que enmarca un peque\u00f1o lago. Tras pasar junto a un antiguo mazo, tomamos el carril bici hasta la Badia di San Gemolo, en Valganna. <\/span><\/p>\n<p><b>Longitud:<\/b><span style=\"font-weight: 400;\"> 14,2 km<\/span><span style=\"font-weight: 400;\"><br \/>\n<\/span><b>Diferencia de altura<\/b><span style=\"font-weight: 400;\">ascenso 363m \/ descenso 135m <\/span> <span style=\"font-weight: 400;\"><br \/>\n<\/span><b>Nivel de dificultad<\/b><span style=\"font-weight: 400;\"> medio<\/span><span style=\"font-weight: 400;\"><br \/>\n<\/span><b>Fondo:<\/b><span style=\"font-weight: 400;\"> 100% asfalto<\/span><\/p>\n<h2><b>ETAPA 02: de Ganna a Varese<\/b><\/h2>\n<p><b>Descripci\u00f3n:<\/b><span style=\"font-weight: 400;\"> Junto a la Badia San Gemolo di Ganna comienza el Sendero 15 del parque Campo dei Fiori, que conduce a Brinzio. Desde all\u00ed, contin\u00faa por el bosque hasta Rasa y, tras un tramo de carretera provincial, toma una pista de tierra hasta Oronco y llega a Prima cappella. <\/span><\/p>\n<p><span style=\"font-weight: 400;\">La Via delle Cappelle es una amplia avenida empedrada que conduce al pueblo y al Santuario de Santa Mar\u00eda del Monte de Varese, jalonada por catorce capillas dedicadas a los Misterios del Rosario. El conjunto monumental es propiedad de la Unesco desde 2003. Desde all\u00ed, desandando la avenida cuesta abajo, tras unos kil\u00f3metros, se llega al centro de Varese. <\/span><\/p>\n<p><b>Longitud: <\/b><span style=\"font-weight: 400;\">18,8 km<\/span><span style=\"font-weight: 400;\"><br \/>\n<\/span><b>Desnivel:<\/b><span style=\"font-weight: 400;\"> ascenso 552 m \/ descenso 632 m <\/span> <span style=\"font-weight: 400;\"><br \/>\n<\/span><b>Nivel de dificultad<\/b><span style=\"font-weight: 400;\"> medio<\/span><span style=\"font-weight: 400;\"><br \/>\n<\/span><b>Fondo:<\/b><span style=\"font-weight: 400;\"> 37% de grava y 63% de asfalto<\/span><\/p>\n<h2><b>ETAPA 03:<\/b> <b>de Varese a Castiglione Olona<\/b><\/h2>\n<p><b>Descripci\u00f3n<\/b><span style=\"font-weight: 400;\">La tercera ETAPA, a pesar de la fuerte urbanizaci\u00f3n y de las numerosas arterias, nos lleva a descubrir nuevas zonas verdes. Desde el centro de la ciudad atravesamos Varese por los Jardines Estensi hasta Villa Recalcati con su parque. En Casbeno tomamos un carril bici hacia Capolago y luego hacia Gazzada Schianno y Morazzone. La ruta contin\u00faa adentr\u00e1ndose en el Parque RTO (Rile Tenore Olona) para llegar a Caronno Corbellaro pasando por una llanura desde la que puedes disfrutar de la vista de Seprio y, en d\u00edas claros, del perfil de Mil\u00e1n. Luego continuamos con un discreto descenso hasta el art\u00edstico pueblo de Castiglione Olona. <\/span><\/p>\n<p><b>Longitud:<\/b><span style=\"font-weight: 400;\"> 14,8 km<\/span><span style=\"font-weight: 400;\"><br \/>\n<\/span><b>Desnivel:<\/b><span style=\"font-weight: 400;\"> ascenso 223m \/ descenso 328m <\/span> <span style=\"font-weight: 400;\"><br \/>\n<\/span><b>Nivel de dificultad:<\/b><span style=\"font-weight: 400;\"> f\u00e1cil<\/span><span style=\"font-weight: 400;\"><br \/>\n<\/span><b>Suelo:<\/b><span style=\"font-weight: 400;\"> 17% de grava y 83% de asfalto<\/span><\/p>\n<h2><b>ETAPA 04:<\/b> <b>de Castiglione Olona a Castellanza<\/b><\/h2>\n<p><b>Descripci\u00f3n:<\/b><span style=\"font-weight: 400;\"> La cuarta ETAPA de la V\u00eda Francisca es una sucesi\u00f3n de \u201cperlas\u201d por descubrir. La salida est\u00e1 en Castiglione Olona, un pueblo de arte con antiguos or\u00edgenes hist\u00f3ricos situado en el curso del r\u00edo Olona. El sendero discurre por la antigua v\u00eda f\u00e9rrea de Valmorea hasta Castellanza. <\/span><\/p>\n<p><span style=\"font-weight: 400;\">Pronto llegas al Monasterio de Torba, una propiedad de la Unesco enclavada en el bosque y gestionada por la FAI. No lejos de la carretera est\u00e1 el monasterio de Cairate. En el siglo pasado, la zona del valle de Olona fue un florecimiento de la actividad econ\u00f3mica y mientras caminamos nos encontramos con muchos ejemplos de arqueolog\u00eda industrial. La ruta contin\u00faa hacia Castellanza, el campus universitario de Liuc. <\/span><\/p>\n<p><b>Longitud:<\/b><span style=\"font-weight: 400;\"> 20,7 km<\/span><span style=\"font-weight: 400;\"><br \/>\n<\/span><b>Desnivel:<\/b><span style=\"font-weight: 400;\"> ascenso 44m \/ descenso 100m <\/span> <span style=\"font-weight: 400;\"><br \/>\n<\/span><b>Nivel de dificultad:<\/b><span style=\"font-weight: 400;\"> f\u00e1cil<\/span><span style=\"font-weight: 400;\"><br \/>\n<\/span><b>Suelo:<\/b><span style=\"font-weight: 400;\"> 26% de grava y 74% de asfalto<\/span><\/p>\n<h2><b>ETAPA 05: de Castellanza a Castelletto di Cuggiono<\/b><\/h2>\n<p><b>Descripci\u00f3n: <\/b><span style=\"font-weight: 400;\">En la quinta ETAPA, dejamos la provincia de Varese y llegamos a Castelletto di Cuggiono, en la zona de la ciudad metropolitana de Mil\u00e1n. La primera parte de la ruta sigue los senderos del parque del Alto Milanese, que abarca unas 360 hect\u00e1reas en los municipios de Legnano, Busto Arsizio y Castellanza. <\/span><\/p>\n<p><span style=\"font-weight: 400;\">Tras pasar por Buscate, llegamos a Cuggiono, donde se encuentra la prestigiosa Villa Annoni, con el segundo parque cerrado m\u00e1s grande de Lombard\u00eda. Desde all\u00ed llegamos a Castelletto di Cuggiono, situado a orillas del Naviglio Grande. <\/span><\/p>\n<p><b>Longitud:<\/b><span style=\"font-weight: 400;\"> 18 km<\/span><span style=\"font-weight: 400;\"><br \/>\n<\/span><b>Desnivel:<\/b><span style=\"font-weight: 400;\"> ascenso 0 m \/ descenso 74m <\/span> <span style=\"font-weight: 400;\"><br \/>\n<\/span><b>Nivel de dificultad:<\/b><span style=\"font-weight: 400;\"> f\u00e1cil<\/span><span style=\"font-weight: 400;\"><br \/>\n<\/span><b>Fondo:<\/b><span style=\"font-weight: 400;\"> 45% grava y 55% asfalto<\/span><\/p>\n<h2><b>ETAPA 06: de Castelletto di Cuggiono a Abbiategrasso<\/b><\/h2>\n<p><b>Descripci\u00f3n: <\/b><span style=\"font-weight: 400;\">La sexta ETAPA discurre a lo largo del camino de sirga del Naviglio Grande. Tras un primer tramo inmerso en la naturaleza, pasamos por varios pueblos caracterizados por hermosas villas construidas junto al curso de agua. <\/span><\/p>\n<p><span style=\"font-weight: 400;\">El primer pueblo que encuentras es Bernate Ticino, donde puedes admirar la rector\u00eda de San Giorgio. Luego Boffalora Sopra Ticino, un pueblo rico en historia, que debe su crecimiento a la proximidad del Naviglio. Despu\u00e9s de Ponte Vecchio in Magenta, llegamos a Cassinetta di Lugagnano, uno de los pueblos m\u00e1s antiguos del valle del Po. El destino es Abbiategrasso, una ciudad que fue centro de florecientes actividades agr\u00edcolas e industriales y que alberga un hermoso castillo de los Visconti. <\/span><\/p>\n<p><b>Longitud:<\/b><span style=\"font-weight: 400;\"> 17,5 km<\/span><span style=\"font-weight: 400;\"><br \/>\n<\/span><b>Desnivel:<\/b><span style=\"font-weight: 400;\"> ascenso 0 m \/ descenso 35m <\/span> <span style=\"font-weight: 400;\"><br \/>\n<\/span><b>Nivel de dificultad:<\/b><span style=\"font-weight: 400;\"> f\u00e1cil<\/span><span style=\"font-weight: 400;\"><br \/>\n<\/span><b>Fondo:<\/b><span style=\"font-weight: 400;\"> 100% asfalto<\/span><\/p>\n<h2><b>ETAPA 07: De Abbiategrasso a Bereguardo<\/b><\/h2>\n<p><b>Descripci\u00f3n: <\/b><span style=\"font-weight: 400;\">La s\u00e9ptima ETAPA discurre a lo largo del canal de Bereguardo. El primer punto de inter\u00e9s que se encuentra es Morimondo, al que se llega tras una caminata de 7 km. Su Abad\u00eda, fundada por monjes cistercienses en 1134, domina el valle del Parque del Tesino, una zona que es una aut\u00e9ntica joya desde el punto de vista medioambiental, y que siempre ha sido un lugar de culto y espiritualidad, as\u00ed como un lugar de gran inter\u00e9s para la actividad agr\u00edcola, desarrollada gracias a las grandes obras de recuperaci\u00f3n de las zonas pantanosas y a la presencia de las empresas de producci\u00f3n conocidas como \u201cGrancie\u201d. El destino de la etapa es Bereguardo, donde nos encontramos con un Castillo Visconti. <\/span><\/p>\n<p><b>Longitud:<\/b><span style=\"font-weight: 400;\"> 18,7 km<\/span><span style=\"font-weight: 400;\"><br \/>\n<\/span><b>Diferencia de altura:<\/b><span style=\"font-weight: 400;\"> ascenso 0 m \/ descenso 25m <\/span> <span style=\"font-weight: 400;\"><br \/>\n<\/span><b>Nivel de dificultad:<\/b><span style=\"font-weight: 400;\"> f\u00e1cil<\/span><span style=\"font-weight: 400;\"><br \/>\n<\/span><b>Fondo:<\/b><span style=\"font-weight: 400;\"> 100% asfalto<\/span><\/p>\n<h2><b>ETAPA 08: de Bereguardo a Pav\u00eda<\/b><\/h2>\n<p><b>Descripci\u00f3n: <\/b><span style=\"font-weight: 400;\">La octava ETAPA nos lleva a la provincia de Pav\u00eda. Tras unos kil\u00f3metros de marcha llegamos a Casottole que, junto con Massaua, forma parte del municipio de Torre d \u201cIsola, \u00faltimo pueblo antes del destino final. La ruta concluye recogiendo el testimonium sobre la tumba de San Agust\u00edn en la iglesia de San Pietro in Ciel d\u201d Oro, en Pav\u00eda, que es un cruce importante de varias rutas. Aqu\u00ed la V\u00eda Francisca se une a la Via Francigena que se dirige a Roma. <\/span><\/p>\n<p><b>Longitud:<\/b><span style=\"font-weight: 400;\"> 15,9 km<\/span><span style=\"font-weight: 400;\"><br \/>\n<\/span><b>Desnivel:<\/b><span style=\"font-weight: 400;\"> ascenso 34m \/ descenso 42m <\/span> <span style=\"font-weight: 400;\"><br \/>\n<\/span><b>Nivel de dificultad:<\/b><span style=\"font-weight: 400;\"> f\u00e1cil<\/span><span style=\"font-weight: 400;\"><br \/>\n<\/span><b>Fondo:<\/b><span style=\"font-weight: 400;\"> 28% de grava y 72% de asfalto<\/span><\/p>\n"},{"status":false,"title":"SERVICIOS","text":"<h2><strong>SERVICIOS VIA FRANCISCA DEL LUCOMAGNO<\/strong><\/h2>\n<p><span style=\"font-weight: 400;\">La ruta pasa por varios pueblos y ciudades donde est\u00e1n presentes todos los servicios esenciales para las necesidades personales. <\/span><\/p>\n"},{"status":false,"title":"SE\u00d1ALIZACI\u00d3N","text":"<h2><strong>SE\u00d1ALIZACI\u00d3N VIA FRANCISCA DEL LUCOMAGNO<\/strong><\/h2>\n<p><span style=\"font-weight: 400;\">El sendero est\u00e1 bien se\u00f1alizado con hitos y lazos entre un poste indicador y el siguiente.<\/span><\/p>\n"},{"status":false,"title":"ACCESIBILIDAD","text":"<p><span style=\"font-weight: 400;\">La ruta est\u00e1 dise\u00f1ada para ser recorrida a pie, en bicicleta y en e-bici. Por tanto, la ruta tambi\u00e9n es practicable para personas con movilidad reducida. <\/span><\/p>\n<p>Antes de emprender la marcha, es aconsejable ponerse en contacto con las personas de contacto y averiguar si la ruta se ajusta a tus necesidades.<\/p>\n"},{"status":false,"title":"PASEO EN TIENDA","text":"<p>No es posible viajar a Via Francisca del Lucomagno en una tienda de campa\u00f1a.<\/p>\n"},{"status":false,"title":"CREDENCIAL","text":"<p><b>CREDENCIALES<\/b><b><br \/>\n<\/b><span style=\"font-weight: 400;\">Via Francisca del Lucomagno tiene sus propias credenciales, que puedes solicitar gratuitamente. <\/span><\/p>\n<p><strong>\u00bfD\u00d3NDE SOLICITARLAS?<\/strong><\/p>\n<p><span style=\"font-weight: 400;\">Las credenciales de Via Francisca del Lucomagno pueden solicitarse en el <a href=\"https:\/\/www.laviafrancisca.org\/prepararsi\/credenziali\/\">lugar de la marcha<\/a> o recogerse de forma independiente al inicio de la marcha en la orilla del lago de Lavena Ponte Tresa<\/span><\/p>\n<p><img loading=\"lazy\" decoding=\"async\" class=\"aligncenter wp-image-37230 size-full\" src=\"https:\/\/media-camminiditalia.nbg1.your-objectstorage.com\/wp-content\/uploads\/2024\/07\/Credenziale-e-Testimonium.jpg\" alt=\"Credencial Via Francisca del Lucomagno\" width=\"779\" height=\"1042\" srcset=\"https:\/\/media-camminiditalia.nbg1.your-objectstorage.com\/wp-content\/uploads\/2024\/07\/Credenziale-e-Testimonium.jpg 779w, https:\/\/media-camminiditalia.nbg1.your-objectstorage.com\/wp-content\/uploads\/2024\/07\/Credenziale-e-Testimonium.jpg 600w, https:\/\/media-camminiditalia.nbg1.your-objectstorage.com\/wp-content\/uploads\/2024\/07\/Credenziale-e-Testimonium-224x300.jpg 224w, https:\/\/media-camminiditalia.nbg1.your-objectstorage.com\/wp-content\/uploads\/2024\/07\/Credenziale-e-Testimonium-766x1024.jpg 766w, https:\/\/media-camminiditalia.nbg1.your-objectstorage.com\/wp-content\/uploads\/2024\/07\/Credenziale-e-Testimonium-768x1027.jpg 768w\" sizes=\"auto, (max-width: 779px) 100vw, 779px\" \/><\/p>\n"}]},"pagePoster":{"title":"Via Francigena de los Lukmanier","text":"<p>Una antigua calzada romano-longobarda conduc\u00eda desde Constanza, en Europa central, hasta Pav\u00eda, pasando por Suiza.<\/p>\n","linkBtn":{"title":"","url":"#scopriletappe","target":""},"textBtn":"DESCUBRE LAS ETAPAS"},"podcasts":{"podcast":false,"link":null},"poster":false,"read_also_posts":{"read_also":false},"scheda_tecnica":{"lunghezza":"138,6","dislivello_medio":"","n_tappe":"8","partenza":"Lavena Ponte Tresa","arrivo":"Pavia","tipologia":"","tema":[],"portata":"","periodo_ideale":"Primavera\/oto\u00f1o. Los calurosos meses de julio y agosto no son recomendables ","stagione_ideale":["primavera"]},"slider_cammini":{"title":"","text":"","select_cammini":false},"tappe":{"show_all":false,"all_tappe":"","tappa":[{"status":false,"title":"","text":""},{"status":false,"title":"","text":""},{"status":false,"title":"","text":""},{"status":false,"title":"","text":""},{"status":false,"title":"","text":""},{"status":false,"title":"","text":""},{"status":false,"title":"","text":""},{"status":false,"title":"","text":""}]},"videos":{"video":false,"link":null},"logo_cammino":{"ID":55073,"id":55073,"title":"LOGO_ViaFrancisca_Cuadrado (1)","filename":"LOGO_ViaFrancisca_quadrato-1.webp","filesize":76630,"url":"https:\/\/media-camminiditalia.nbg1.your-objectstorage.com\/2024\/07\/LOGO_ViaFrancisca_quadrato-1.webp","link":"https:\/\/camminiditalia.org\/es\/cammini\/via-francisca-del-lucomagno\/logo_viafrancisca_quadrato-1-2\/","alt":"","author":"2","description":"","caption":"Logotipo Via Francisca del Lucomagno","name":"logo_viafrancisca_quadrato-1-2","status":"inherit","uploaded_to":68141,"date":"2025-06-16 13:35:56","modified":"2025-06-25 09:41:18","menu_order":0,"mime_type":"image\/webp","type":"image","subtype":"webp","icon":"https:\/\/camminiditalia.org\/wp-includes\/images\/media\/default.png","width":2481,"height":1681,"sizes":{"thumbnail":"https:\/\/media-camminiditalia.nbg1.your-objectstorage.com\/2024\/07\/LOGO_ViaFrancisca_quadrato-1-150x150.webp","thumbnail-width":150,"thumbnail-height":150,"medium":"https:\/\/media-camminiditalia.nbg1.your-objectstorage.com\/2024\/07\/LOGO_ViaFrancisca_quadrato-1-300x203.webp","medium-width":300,"medium-height":203,"medium_large":"https:\/\/media-camminiditalia.nbg1.your-objectstorage.com\/2024\/07\/LOGO_ViaFrancisca_quadrato-1-768x520.webp","medium_large-width":768,"medium_large-height":520,"large":"https:\/\/media-camminiditalia.nbg1.your-objectstorage.com\/2024\/07\/LOGO_ViaFrancisca_quadrato-1-1024x694.webp","large-width":1024,"large-height":694,"1536x1536":"https:\/\/media-camminiditalia.nbg1.your-objectstorage.com\/2024\/07\/LOGO_ViaFrancisca_quadrato-1-1536x1041.webp","1536x1536-width":1536,"1536x1536-height":1041,"2048x2048":"https:\/\/media-camminiditalia.nbg1.your-objectstorage.com\/2024\/07\/LOGO_ViaFrancisca_quadrato-1-2048x1388.webp","2048x2048-width":2048,"2048x2048-height":1388,"tc_all_events_image":"https:\/\/media-camminiditalia.nbg1.your-objectstorage.com\/2024\/07\/LOGO_ViaFrancisca_quadrato-1-1100x680.webp","tc_all_events_image-width":1100,"tc_all_events_image-height":680,"woocommerce_thumbnail":"https:\/\/media-camminiditalia.nbg1.your-objectstorage.com\/2024\/07\/LOGO_ViaFrancisca_quadrato-1-300x300.webp","woocommerce_thumbnail-width":300,"woocommerce_thumbnail-height":300,"woocommerce_single":"https:\/\/media-camminiditalia.nbg1.your-objectstorage.com\/2024\/07\/LOGO_ViaFrancisca_quadrato-1-600x407.webp","woocommerce_single-width":600,"woocommerce_single-height":407,"woocommerce_gallery_thumbnail":"https:\/\/media-camminiditalia.nbg1.your-objectstorage.com\/2024\/07\/LOGO_ViaFrancisca_quadrato-1-100x100.webp","woocommerce_gallery_thumbnail-width":100,"woocommerce_gallery_thumbnail-height":100}},"header_link":{"title":"","url":"","target":"","0":""}},"yoast_head":"<!-- This site is optimized with the Yoast SEO plugin v27.1.1 - https:\/\/yoast.com\/product\/yoast-seo-wordpress\/ -->\n<title>Via Francisca del Lucomagno - Cammini d&#039;Italia<\/title>\n<meta name=\"description\" content=\"La Via Francisca del Lucomagno es una antigua calzada romano-longobarda que va desde Constanza, en Europa central, hasta Pav\u00eda, pasando por Suiza.\" \/>\n<meta name=\"robots\" content=\"index, follow, max-snippet:-1, max-image-preview:large, max-video-preview:-1\" \/>\n<link rel=\"canonical\" href=\"https:\/\/camminiditalia.org\/es\/cammini\/via-francisca-del-lucomagno\/\" \/>\n<meta property=\"og:locale\" content=\"es_ES\" \/>\n<meta property=\"og:type\" content=\"article\" \/>\n<meta property=\"og:title\" content=\"Via Francisca del Lucomagno - Cammini d&#039;Italia\" \/>\n<meta property=\"og:description\" content=\"La Via Francisca del Lucomagno es una antigua calzada romano-longobarda que va desde Constanza, en Europa central, hasta Pav\u00eda, pasando por Suiza.\" \/>\n<meta property=\"og:url\" content=\"https:\/\/camminiditalia.org\/es\/cammini\/via-francisca-del-lucomagno\/\" \/>\n<meta property=\"og:site_name\" content=\"Cammini d&#039;Italia\" \/>\n<meta property=\"article:modified_time\" content=\"2025-06-25T15:21:17+00:00\" \/>\n<meta property=\"og:image\" content=\"https:\/\/camminiditalia.org\/wp-content\/uploads\/2024\/07\/Pavia_Ponte-Coperto-e1721722714779.jpg\" \/>\n\t<meta property=\"og:image:width\" content=\"1350\" \/>\n\t<meta property=\"og:image:height\" content=\"900\" \/>\n\t<meta property=\"og:image:type\" content=\"image\/jpeg\" \/>\n<meta name=\"twitter:card\" content=\"summary_large_image\" \/>\n<meta name=\"twitter:label1\" content=\"Tiempo de lectura\" \/>\n\t<meta name=\"twitter:data1\" content=\"1 minuto\" \/>\n<script type=\"application\/ld+json\" class=\"yoast-schema-graph\">{\"@context\":\"https:\/\/schema.org\",\"@graph\":[{\"@type\":\"WebPage\",\"@id\":\"https:\/\/camminiditalia.org\/es\/cammini\/via-francisca-del-lucomagno\/\",\"url\":\"https:\/\/camminiditalia.org\/es\/cammini\/via-francisca-del-lucomagno\/\",\"name\":\"Via Francisca del Lucomagno - Cammini d&#039;Italia\",\"isPartOf\":{\"@id\":\"https:\/\/camminiditalia.org\/es\/#website\"},\"primaryImageOfPage\":{\"@id\":\"https:\/\/camminiditalia.org\/es\/cammini\/via-francisca-del-lucomagno\/#primaryimage\"},\"image\":{\"@id\":\"https:\/\/camminiditalia.org\/es\/cammini\/via-francisca-del-lucomagno\/#primaryimage\"},\"thumbnailUrl\":\"https:\/\/media-camminiditalia.nbg1.your-objectstorage.com\/wp-content\/uploads\/2024\/07\/Pavia_Ponte-Coperto-e1721722714779.jpg\",\"datePublished\":\"2024-07-23T07:54:01+00:00\",\"dateModified\":\"2025-06-25T15:21:17+00:00\",\"description\":\"La Via Francisca del Lucomagno es una antigua calzada romano-longobarda que va desde Constanza, en Europa central, hasta Pav\u00eda, pasando por Suiza.\",\"breadcrumb\":{\"@id\":\"https:\/\/camminiditalia.org\/es\/cammini\/via-francisca-del-lucomagno\/#breadcrumb\"},\"inLanguage\":\"es\",\"potentialAction\":[{\"@type\":\"ReadAction\",\"target\":[\"https:\/\/camminiditalia.org\/es\/cammini\/via-francisca-del-lucomagno\/\"]}]},{\"@type\":\"ImageObject\",\"inLanguage\":\"es\",\"@id\":\"https:\/\/camminiditalia.org\/es\/cammini\/via-francisca-del-lucomagno\/#primaryimage\",\"url\":\"https:\/\/media-camminiditalia.nbg1.your-objectstorage.com\/wp-content\/uploads\/2024\/07\/Pavia_Ponte-Coperto-e1721722714779.jpg\",\"contentUrl\":\"https:\/\/media-camminiditalia.nbg1.your-objectstorage.com\/wp-content\/uploads\/2024\/07\/Pavia_Ponte-Coperto-e1721722714779.jpg\",\"width\":1350,\"height\":900,\"caption\":\"Via Francisca del Lucomagno\"},{\"@type\":\"BreadcrumbList\",\"@id\":\"https:\/\/camminiditalia.org\/es\/cammini\/via-francisca-del-lucomagno\/#breadcrumb\",\"itemListElement\":[{\"@type\":\"ListItem\",\"position\":1,\"name\":\"Home\",\"item\":\"https:\/\/camminiditalia.org\/es\/inicio\/\"},{\"@type\":\"ListItem\",\"position\":2,\"name\":\"Paseos\",\"item\":\"https:\/\/camminiditalia.org\/es\/cammini\/\"},{\"@type\":\"ListItem\",\"position\":3,\"name\":\"Via Francisca del Lucomagno\"}]},{\"@type\":\"WebSite\",\"@id\":\"https:\/\/camminiditalia.org\/es\/#website\",\"url\":\"https:\/\/camminiditalia.org\/es\/\",\"name\":\"Cammini d'Italia\",\"description\":\"Plan, walk and share!\",\"publisher\":{\"@id\":\"https:\/\/camminiditalia.org\/es\/#organization\"},\"potentialAction\":[{\"@type\":\"SearchAction\",\"target\":{\"@type\":\"EntryPoint\",\"urlTemplate\":\"https:\/\/camminiditalia.org\/es\/?s={search_term_string}\"},\"query-input\":{\"@type\":\"PropertyValueSpecification\",\"valueRequired\":true,\"valueName\":\"search_term_string\"}}],\"inLanguage\":\"es\"},{\"@type\":\"Organization\",\"@id\":\"https:\/\/camminiditalia.org\/es\/#organization\",\"name\":\"Cammini d'Italia srls\",\"url\":\"https:\/\/camminiditalia.org\/es\/\",\"logo\":{\"@type\":\"ImageObject\",\"inLanguage\":\"es\",\"@id\":\"https:\/\/camminiditalia.org\/es\/#\/schema\/logo\/image\/\",\"url\":\"https:\/\/media-camminiditalia.nbg1.your-objectstorage.com\/wp-content\/uploads\/2023\/08\/Risorsa-2-8-e1690918206850.png\",\"contentUrl\":\"https:\/\/media-camminiditalia.nbg1.your-objectstorage.com\/wp-content\/uploads\/2023\/08\/Risorsa-2-8-e1690918206850.png\",\"width\":1076,\"height\":329,\"caption\":\"Cammini d'Italia srls\"},\"image\":{\"@id\":\"https:\/\/camminiditalia.org\/es\/#\/schema\/logo\/image\/\"}}]}<\/script>\n<!-- \/ Yoast SEO plugin. -->","yoast_head_json":{"title":"Via Francisca del Lucomagno - Cammini d&#039;Italia","description":"La Via Francisca del Lucomagno es una antigua calzada romano-longobarda que va desde Constanza, en Europa central, hasta Pav\u00eda, pasando por Suiza.","robots":{"index":"index","follow":"follow","max-snippet":"max-snippet:-1","max-image-preview":"max-image-preview:large","max-video-preview":"max-video-preview:-1"},"canonical":"https:\/\/camminiditalia.org\/es\/cammini\/via-francisca-del-lucomagno\/","og_locale":"es_ES","og_type":"article","og_title":"Via Francisca del Lucomagno - Cammini d&#039;Italia","og_description":"La Via Francisca del Lucomagno es una antigua calzada romano-longobarda que va desde Constanza, en Europa central, hasta Pav\u00eda, pasando por Suiza.","og_url":"https:\/\/camminiditalia.org\/es\/cammini\/via-francisca-del-lucomagno\/","og_site_name":"Cammini d&#039;Italia","article_modified_time":"2025-06-25T15:21:17+00:00","og_image":[{"width":1350,"height":900,"url":"https:\/\/camminiditalia.org\/wp-content\/uploads\/2024\/07\/Pavia_Ponte-Coperto-e1721722714779.jpg","type":"image\/jpeg"}],"twitter_card":"summary_large_image","twitter_misc":{"Tiempo de lectura":"1 minuto"},"schema":{"@context":"https:\/\/schema.org","@graph":[{"@type":"WebPage","@id":"https:\/\/camminiditalia.org\/es\/cammini\/via-francisca-del-lucomagno\/","url":"https:\/\/camminiditalia.org\/es\/cammini\/via-francisca-del-lucomagno\/","name":"Via Francisca del Lucomagno - Cammini d&#039;Italia","isPartOf":{"@id":"https:\/\/camminiditalia.org\/es\/#website"},"primaryImageOfPage":{"@id":"https:\/\/camminiditalia.org\/es\/cammini\/via-francisca-del-lucomagno\/#primaryimage"},"image":{"@id":"https:\/\/camminiditalia.org\/es\/cammini\/via-francisca-del-lucomagno\/#primaryimage"},"thumbnailUrl":"https:\/\/media-camminiditalia.nbg1.your-objectstorage.com\/wp-content\/uploads\/2024\/07\/Pavia_Ponte-Coperto-e1721722714779.jpg","datePublished":"2024-07-23T07:54:01+00:00","dateModified":"2025-06-25T15:21:17+00:00","description":"La Via Francisca del Lucomagno es una antigua calzada romano-longobarda que va desde Constanza, en Europa central, hasta Pav\u00eda, pasando por Suiza.","breadcrumb":{"@id":"https:\/\/camminiditalia.org\/es\/cammini\/via-francisca-del-lucomagno\/#breadcrumb"},"inLanguage":"es","potentialAction":[{"@type":"ReadAction","target":["https:\/\/camminiditalia.org\/es\/cammini\/via-francisca-del-lucomagno\/"]}]},{"@type":"ImageObject","inLanguage":"es","@id":"https:\/\/camminiditalia.org\/es\/cammini\/via-francisca-del-lucomagno\/#primaryimage","url":"https:\/\/media-camminiditalia.nbg1.your-objectstorage.com\/wp-content\/uploads\/2024\/07\/Pavia_Ponte-Coperto-e1721722714779.jpg","contentUrl":"https:\/\/media-camminiditalia.nbg1.your-objectstorage.com\/wp-content\/uploads\/2024\/07\/Pavia_Ponte-Coperto-e1721722714779.jpg","width":1350,"height":900,"caption":"Via Francisca del Lucomagno"},{"@type":"BreadcrumbList","@id":"https:\/\/camminiditalia.org\/es\/cammini\/via-francisca-del-lucomagno\/#breadcrumb","itemListElement":[{"@type":"ListItem","position":1,"name":"Home","item":"https:\/\/camminiditalia.org\/es\/inicio\/"},{"@type":"ListItem","position":2,"name":"Paseos","item":"https:\/\/camminiditalia.org\/es\/cammini\/"},{"@type":"ListItem","position":3,"name":"Via Francisca del Lucomagno"}]},{"@type":"WebSite","@id":"https:\/\/camminiditalia.org\/es\/#website","url":"https:\/\/camminiditalia.org\/es\/","name":"Cammini d'Italia","description":"Plan, walk and share!","publisher":{"@id":"https:\/\/camminiditalia.org\/es\/#organization"},"potentialAction":[{"@type":"SearchAction","target":{"@type":"EntryPoint","urlTemplate":"https:\/\/camminiditalia.org\/es\/?s={search_term_string}"},"query-input":{"@type":"PropertyValueSpecification","valueRequired":true,"valueName":"search_term_string"}}],"inLanguage":"es"},{"@type":"Organization","@id":"https:\/\/camminiditalia.org\/es\/#organization","name":"Cammini d'Italia srls","url":"https:\/\/camminiditalia.org\/es\/","logo":{"@type":"ImageObject","inLanguage":"es","@id":"https:\/\/camminiditalia.org\/es\/#\/schema\/logo\/image\/","url":"https:\/\/media-camminiditalia.nbg1.your-objectstorage.com\/wp-content\/uploads\/2023\/08\/Risorsa-2-8-e1690918206850.png","contentUrl":"https:\/\/media-camminiditalia.nbg1.your-objectstorage.com\/wp-content\/uploads\/2023\/08\/Risorsa-2-8-e1690918206850.png","width":1076,"height":329,"caption":"Cammini d'Italia srls"},"image":{"@id":"https:\/\/camminiditalia.org\/es\/#\/schema\/logo\/image\/"}}]}},"jetpack_sharing_enabled":true,"_links":{"self":[{"href":"https:\/\/camminiditalia.org\/es\/wp-json\/wp\/v2\/cammini\/68141","targetHints":{"allow":["GET"]}}],"collection":[{"href":"https:\/\/camminiditalia.org\/es\/wp-json\/wp\/v2\/cammini"}],"about":[{"href":"https:\/\/camminiditalia.org\/es\/wp-json\/wp\/v2\/types\/cammini"}],"version-history":[{"count":0,"href":"https:\/\/camminiditalia.org\/es\/wp-json\/wp\/v2\/cammini\/68141\/revisions"}],"wp:featuredmedia":[{"embeddable":true,"href":"https:\/\/camminiditalia.org\/es\/wp-json\/wp\/v2\/media\/65084"}],"wp:attachment":[{"href":"https:\/\/camminiditalia.org\/es\/wp-json\/wp\/v2\/media?parent=68141"}],"wp:term":[{"taxonomy":"category","embeddable":true,"href":"https:\/\/camminiditalia.org\/es\/wp-json\/wp\/v2\/categories?post=68141"}],"curies":[{"name":"wp","href":"https:\/\/api.w.org\/{rel}","templated":true}]}}