
{"id":69083,"date":"2024-02-29T12:50:17","date_gmt":"2024-02-29T11:50:17","guid":{"rendered":"https:\/\/camminiditalia.org\/open-cammini-2025-edicion-especial\/"},"modified":"2025-07-03T11:19:20","modified_gmt":"2025-07-03T09:19:20","slug":"open-cammini-2025-edicion-especial","status":"publish","type":"page","link":"https:\/\/camminiditalia.org\/es\/open-cammini-2025-edicion-especial\/","title":{"rendered":"CAMMINI APERTI 2025 &#8211; Edici\u00f3n Especial"},"content":{"rendered":"\n<style>header.banner.w-full.bg-cm-gray.flex.flex-col.gap-6.xl\\:gap-16.items-center.pt-10.xl\\:pb-6 {\n    display: none !important;\n}\n\n<\/style>\n<div class=\"w-screen h-fit\">\n    <img loading=\"lazy\" decoding=\"async\" src=\"https:\/\/media-camminiditalia.nbg1.your-objectstorage.com\/wp-content\/uploads\/2025\/04\/Header-Desktop-3.png\" alt=\"\" width=\"100\" height=\"100\"\n        class=\"hidden sm:block w-full h-full object-cover object-center\">\n\n    <img loading=\"lazy\" decoding=\"async\" src=\"https:\/\/media-camminiditalia.nbg1.your-objectstorage.com\/wp-content\/uploads\/2025\/04\/1-1-819x1024.png\" width=\"100\" height=\"100\" alt=\"\"\n        class=\"sm:hidden w-full h-full object-cover object-center\">\n<\/div>\n\n<div style=\"height:150px\" aria-hidden=\"true\" class=\"wp-block-spacer\"><\/div>\n\n<h1 class=\"wp-block-heading has-text-align-center\">CAMMINI APERTI 2025 &#8211; EDICI\u00d3N ESPECIAL<\/h1>\n\n<div style=\"height:70px\" aria-hidden=\"true\" class=\"wp-block-spacer\"><\/div>\n\n<p class=\"has-text-align-left has-lg-font-size\" style=\"padding-top:0;padding-right:1.2rem;padding-bottom:0;padding-left:1.2rem\">El gran \u00e9xito de \u00abCammini Aperti\u00bb, una iniciativa para la valorizaci\u00f3n de las rutas de senderismo que implic\u00f3 a todo el territorio italiano en 2024, convirti\u00e9ndose en el mayor acontecimiento nacional dedicado a las rutas de senderismo italianas, ha allanado el camino para una nueva experiencia con las rutas de senderismo de Emilia Roma\u00f1a, Lacio, Las Marcas, Toscana y Umbr\u00eda en el centro del proyecto.  <\/p>\n\n<p class=\"has-text-align-left has-lg-font-size\" style=\"padding-top:0;padding-right:1.2rem;padding-bottom:0;padding-left:1.2rem\">Este a\u00f1o se centra en el Jubileo de 2025, con la vista puesta en los centenarios franciscanos de 2026. Los caminos en el centro del proyecto son: <\/p>\n\n<div style=\"height:50px\" aria-hidden=\"true\" class=\"wp-block-spacer\"><\/div>\n\n<p class=\"has-text-align-left has-lg-font-size\" style=\"padding-right:1.2rem;padding-left:1.2rem\"><strong>Vie e Cammini di Francesco (V\u00edas y Caminos de San Francisco<\/strong>): atraviesan las regiones de Emilia-Roma\u00f1a, Lacio, Toscana y Umbr\u00eda, dibujando una red de cientos de kil\u00f3metros en total, salpicada de pueblos antiguos, lugares de culto significativos y encantadoras vistas naturales llenas de encanto. Los puntos clave de las rutas son los lugares simb\u00f3licos de San Francisco, Patr\u00f3n de Italia, con una evocadora combinaci\u00f3n de centros conocidos, como Florencia, R\u00edmini, Roma y As\u00eds, y lugares especialmente significativos para la vida del Poverello, como, por ejemplo, el Valle Santo de Rieti; La Verna, en la provincia de Arezzo; la Valnerina umbriana o Balze, un pueblecito de Roma\u00f1a a los pies del Monte Fumaiolo. <\/p>\n\n<div style=\"height:25px\" aria-hidden=\"true\" class=\"wp-block-spacer\"><\/div>\n\n<p class=\"has-text-align-left has-lg-font-size\" style=\"padding-right:1.2rem;padding-left:1.2rem\"><strong>Vie e Cammini Lauretani (V\u00edas y Caminos Lauretanos<\/strong>): son un camino de antigua tradici\u00f3n mariana que unir\u00e1 simb\u00f3licamente el Santuario de la Santa Casa de Mar\u00eda de Loreto en la regi\u00f3n de Las Marcas, la Bas\u00edlica de San Francisco de As\u00eds en Umbr\u00eda y la Bas\u00edlica de San Pedro en Roma, pasando por pueblos y ciudades de gran valor espiritual como Macerata, Recanati, Camerino, Tolentino, Spoleto, Foligno, Civita Castellana y Narni. Si la peregrinaci\u00f3n hist\u00f3rica se orienta hacia Roma, a lo largo de la ruta centro-sur, los acontecimientos de Cammini Aperti se desarrollar\u00e1n en cambio a lo largo de la ruta noroeste, que conecta las Marcas, Umbr\u00eda y Toscana en direcci\u00f3n a Siena, hasta el encuentro con Via Francigena. Caminaremos, pues, a lo largo de un eje que pone de relieve el v\u00ednculo entre el culto mariano y los paisajes del centro de Italia, destacando tramos espirituales, natural\u00edsticos y culturales menos conocidos pero ricamente evocadores.  <\/p>\n\n<div style=\"height:25px\" aria-hidden=\"true\" class=\"wp-block-spacer\"><\/div>\n\n<p class=\"has-text-align-left has-lg-font-size\" style=\"padding-right:1.2rem;padding-left:1.2rem\"><strong>Cammino di San Benedetto<\/strong>se centra en los territorios vinculados a la vida del Santo, fundador del monacato occidental y Patr\u00f3n de Europa: discurre entre Umbr\u00eda y el Lacio, atravesando los montes Sibillini, el valle del Aniene y el valle del Liri. La ruta recorre unos 300 kil\u00f3metros, tocando abad\u00edas de fuerte espiritualidad, pueblos medievales escondidos y los tres puntos clave del movimiento: Norcia, Subiaco y Montecassino. <\/p>\n\n<div style=\"height:50px\" aria-hidden=\"true\" class=\"wp-block-spacer\"><\/div>\n\n<div class=\"wp-block-buttons is-content-justification-center is-layout-flex wp-container-core-buttons-is-layout-16018d1d wp-block-buttons-is-layout-flex\">\n<div class=\"wp-block-button\"><a class=\"wp-block-button__link has-slate-50-color has-cm-orange-background-color has-text-color has-background has-link-color has-montserrat-font-family has-lg-font-size has-text-align-center has-custom-font-size wp-element-button\" href=\"https:\/\/www.italia.it\/it\/viaggio-italiano\/cammini-aperti\" style=\"border-radius:7px\"><strong>DESCUBRE CAMINOS ABIERTOS<\/strong><\/a><\/div>\n<\/div>\n\n<div style=\"height:50px\" aria-hidden=\"true\" class=\"wp-block-spacer\"><\/div>\n<div class=\"relative w-full h-fit flex flex-col justify-center items-center py-20 \">\n    <div class=\"w-full max-w-7xl flex flex-col gap-5 justify-center z-20\">\n\n        <div class=\"w-full\" x-data=\"gallery()\" x-init=\"mountGallery()\">\n            <div class=\"swiper flex flex-col gap-10\" x-ref=\"gallery\">\n                <div class=\"swiper-wrapper\">\n                                            <div class=\"swiper-slide w-full flex flex-col gap-5 justify-center items-center text-center\">\n                            <img decoding=\"async\" src=\"https:\/\/media-camminiditalia.nbg1.your-objectstorage.com\/wp-content\/uploads\/2025\/04\/1-819x1024.png\" alt=\"\"\n                                class=\"gallery_img mx-auto h-96 md:h-[500px] xl:h-[600px] 2xl:h-[700px] object-contain\">\n\n                                                    <\/div>\n                                            <div class=\"swiper-slide w-full flex flex-col gap-5 justify-center items-center text-center\">\n                            <img decoding=\"async\" src=\"https:\/\/media-camminiditalia.nbg1.your-objectstorage.com\/wp-content\/uploads\/2025\/04\/4-819x1024.png\" alt=\"\"\n                                class=\"gallery_img mx-auto h-96 md:h-[500px] xl:h-[600px] 2xl:h-[700px] object-contain\">\n\n                                                    <\/div>\n                                            <div class=\"swiper-slide w-full flex flex-col gap-5 justify-center items-center text-center\">\n                            <img decoding=\"async\" src=\"https:\/\/media-camminiditalia.nbg1.your-objectstorage.com\/wp-content\/uploads\/2025\/04\/3-819x1024.png\" alt=\"\"\n                                class=\"gallery_img mx-auto h-96 md:h-[500px] xl:h-[600px] 2xl:h-[700px] object-contain\">\n\n                                                    <\/div>\n                                            <div class=\"swiper-slide w-full flex flex-col gap-5 justify-center items-center text-center\">\n                            <img decoding=\"async\" src=\"https:\/\/media-camminiditalia.nbg1.your-objectstorage.com\/wp-content\/uploads\/2025\/04\/5-819x1024.png\" alt=\"\"\n                                class=\"gallery_img mx-auto h-96 md:h-[500px] xl:h-[600px] 2xl:h-[700px] object-contain\">\n\n                                                    <\/div>\n                                            <div class=\"swiper-slide w-full flex flex-col gap-5 justify-center items-center text-center\">\n                            <img decoding=\"async\" src=\"https:\/\/media-camminiditalia.nbg1.your-objectstorage.com\/wp-content\/uploads\/2025\/04\/2-819x1024.png\" alt=\"\"\n                                class=\"gallery_img mx-auto h-96 md:h-[500px] xl:h-[600px] 2xl:h-[700px] object-contain\">\n\n                                                    <\/div>\n                                    <\/div>\n\n                <!-- CONTROLLI CUSTOM -->\n                <div class=\"w-full flex flex-row items-center justify-center gap-2 mt-6\">\n                    <div class=\"w-full h-[0.5px] bg-cm-gray\"><\/div>\n\n                    <div @click=\"prev()\" class=\"cursor-pointer\">\n                        <svg width=\"30\" height=\"30\" viewBox=\"0 0 30 30\" fill=\"none\"\n                            xmlns=\"http:\/\/www.w3.org\/2000\/svg\">\n                            <path d=\"M29.1298 0.360352H0.0498047V29.4302H29.1298V0.360352Z\" fill=\"#F07821\"\n                                class=\"fill-cm-orange hover:fill-cm-yellow transition-all\" \/>\n                            <path d=\"M17.0998 10.3906L12.0898 15.4006L17.0998 19.4106\" stroke=\"white\"\n                                stroke-miterlimit=\"10\" stroke-linecap=\"round\" \/>\n                        <\/svg>\n                    <\/div>\n\n                    <div @click=\"next()\" class=\"cursor-pointer\">\n                        <svg width=\"30\" height=\"30\" viewBox=\"0 0 30 30\" fill=\"none\"\n                            xmlns=\"http:\/\/www.w3.org\/2000\/svg\">\n                            <path d=\"M29.2294 0.360352H0.149414V29.4302H29.2294V0.360352Z\" fill=\"#F07821\"\n                                class=\"fill-cm-orange hover:fill-cm-yellow transition-all\" \/>\n                            <path d=\"M12.1797 19.4106L17.1997 14.4006L12.1797 10.3906\" stroke=\"white\"\n                                stroke-miterlimit=\"10\" stroke-linecap=\"round\" \/>\n                        <\/svg>\n                    <\/div>\n\n                    <div class=\"w-full h-[0.5px] bg-cm-gray\"><\/div>\n                <\/div>\n            <\/div>\n        <\/div>\n\n    <\/div>\n<\/div>\n\n<div style=\"height:100px\" aria-hidden=\"true\" class=\"wp-block-spacer\"><\/div>\n\n<h2 class=\"wp-block-heading has-text-align-center\" style=\"padding-right:1.2rem;padding-left:1.2rem\"><strong>LA EDICI\u00d3N ESPECIAL 2025<\/strong><\/h2>\n\n<div style=\"height:50px\" aria-hidden=\"true\" class=\"wp-block-spacer\"><\/div>\n\n<p class=\"has-text-align-left has-lg-font-size\" style=\"padding-right:1.2rem;padding-left:1.2rem\">El evento, que se celebrar\u00e1 el fin de semana<strong> del 10 y 11 de mayo de 2025<\/strong>, contar\u00e1 con tres excursiones representativas por regi\u00f3n atravesada, lo que supone un total de 27 eventos en las regiones de Emilia Roma\u00f1a, Lacio, Las Marcas, Toscana y Umbr\u00eda.  <\/p>\n\n<div style=\"height:25px\" aria-hidden=\"true\" class=\"wp-block-spacer\"><\/div>\n\n<p class=\"has-lg-font-size\" style=\"padding-right:1.2rem;padding-left:1.2rem\">Tambi\u00e9n se pretende que a lo largo del viaje se puedan visitar<strong> lugares simb\u00f3licos <\/strong>de gran significado, tanto religioso como espiritual. Estos lugares, <strong>uno<\/strong> por cada regi\u00f3n, y habitualmente cerrados al p\u00fablico, se abrir\u00e1n especialmente para el evento. <\/p>\n\n<div style=\"height:25px\" aria-hidden=\"true\" class=\"wp-block-spacer\"><\/div>\n\n<p class=\"has-lg-font-size\" style=\"padding-top:0;padding-right:1.2rem;padding-bottom:0;padding-left:1.2rem\">Para mantenerte al d\u00eda de la iniciativa y obtener m\u00e1s informaci\u00f3n sobre los senderos presentados en el acto, visita <a href=\"https:\/\/www.italia.it\/it\/viaggio-italiano\/cammini-aperti\"><strong><em><span style=\"text-decoration: underline;\"><mark style=\"background-color:rgba(0, 0, 0, 0)\" class=\"has-inline-color has-cm-orange-color\">este enlace<\/mark><\/span><\/em><\/strong><\/a>.<\/p>\n\n<div style=\"height:100px\" aria-hidden=\"true\" class=\"wp-block-spacer\"><\/div>\n\n<h2 class=\"wp-block-heading has-text-align-center\" style=\"padding-right:1.2rem;padding-left:1.2rem\"><strong>VALORES DE REFERENCIA<\/strong><\/h2>\n\n<div style=\"height:50px\" aria-hidden=\"true\" class=\"wp-block-spacer\"><\/div>\n\n<p class=\"has-lg-font-size\" style=\"padding-right:1.2rem;padding-left:1.2rem\">El objetivo del proyecto es, por tanto, crear un evento de alcance nacional que permita descubrir y poner en valor los senderos mencionados, as\u00ed como los lugares de inter\u00e9s que hay a lo largo de ellos. Es importante recordar los valores del senderismo, por lo que las excursiones llevar\u00e1n al caminante y al peregrino a uno de los siguientes temas: <strong>accesibilidad<\/strong>,<strong>espiritualidad y sostenibilidad medioambiental<\/strong>. <\/p>\n\n<div style=\"height:25px\" aria-hidden=\"true\" class=\"wp-block-spacer\"><\/div>\n\n<p class=\"has-lg-font-size\" style=\"padding-top:0;padding-right:1.2rem;padding-bottom:0;padding-left:1.2rem\">Inextricablemente ligado al<strong>enfoque <\/strong>lento<strong> <\/strong>de puesta en marcha e iniciativa, <strong>valores<\/strong> como la <strong>accesibilidad<\/strong>, la <strong>sostenibilidad<\/strong> y la <strong>espiritualidad<\/strong>. Estos principios guiar\u00e1n las distintas actividades gracias tambi\u00e9n a la contribuci\u00f3n de realidades como <strong>Fish<\/strong> (Federaci\u00f3n Italiana para los Derechos de las Personas con Discapacidad y las Familias), el <strong>Club Alpino Italiano<\/strong> y <strong>Federtrek<\/strong>.   <\/p>\n\n<div style=\"height:25px\" aria-hidden=\"true\" class=\"wp-block-spacer\"><\/div>\n\n<p class=\"has-lg-font-size\" style=\"padding-right:1.2rem;padding-left:1.2rem\"><strong>Pescado<\/strong>,<strong> <\/strong>activo en la difusi\u00f3n de los valores asociados a la iniciativa, ofreci\u00f3 <strong>un valioso apoyo metodol\u00f3gico<\/strong> en la definici\u00f3n de los requisitos de accesibilidad para identificar las caminatas adecuadas para personas con necesidades especiales. Tambi\u00e9n fue fundamental impartir <strong>formaci\u00f3n b\u00e1sica a los gu\u00edas de senderismo medioambiental<\/strong> implicados en la direcci\u00f3n de las caminatas, proporcion\u00e1ndoles herramientas \u00fatiles para acoger y apoyar a los senderistas con discapacidad. <\/p>\n\n<div style=\"height:25px\" aria-hidden=\"true\" class=\"wp-block-spacer\"><\/div>\n\n<p class=\"has-lg-font-size\" style=\"padding-right:1rem;padding-left:1rem\">El <strong>Club Alpino<\/strong> Italiano, que siempre ha estado comprometido con la promoci\u00f3n de los deportes en la naturaleza y la protecci\u00f3n del entorno monta\u00f1oso, ha apoyado de nuevo este a\u00f1o a Cammini Aperti, potenciando el <strong>disfrute del entorno natural<\/strong> a trav\u00e9s de excursiones en entornos alejados de carreteras transitadas y rodeados de vegetaci\u00f3n.<\/p>\n\n<div style=\"height:25px\" aria-hidden=\"true\" class=\"wp-block-spacer\"><\/div>\n\n<p class=\"has-lg-font-size\" style=\"padding-top:0;padding-right:1.2rem;padding-bottom:0;padding-left:1.2rem\">Tambi\u00e9n es muy importante para los valores del evento la contribuci\u00f3n de <strong>FederTrek<\/strong>, que garantizar\u00e1 una<strong>experiencia<\/strong> que respete las diferentes <strong>necesidades de los participantes con discapacidad<\/strong>, para compartir con ellos la belleza y el profundo sentido de participar en una caminata.<\/p>\n\n<div style=\"height:50px\" aria-hidden=\"true\" class=\"wp-block-spacer\"><\/div>\n\n<p class=\"has-lg-font-size\" style=\"padding-right:1.2rem;padding-left:1.2rem\"><strong>Iniciativa \u00abCammini Aperti\u00bb &#8211; Iniciativa financiada por el Fondo de Desarrollo y Cohesi\u00f3n, Plan de Desarrollo y Cohesi\u00f3n del Ministerio de Cultura, \u00abLos Caminos Religiosos de San Francisco, San Benito y Santa Escol\u00e1stica &#8211; Acciones Transversales\u00bb de la que es beneficiario el Ministerio de Turismo.<\/strong><br\/><\/p>\n\n<div style=\"height:70px\" aria-hidden=\"true\" class=\"wp-block-spacer\"><\/div>\n\n<div class=\"wp-block-buttons is-content-justification-center is-layout-flex wp-container-core-buttons-is-layout-16018d1d wp-block-buttons-is-layout-flex\">\n<div class=\"wp-block-button\"><a class=\"wp-block-button__link has-slate-50-color has-cm-orange-background-color has-text-color has-background has-link-color has-montserrat-font-family has-lg-font-size has-text-align-center has-custom-font-size wp-element-button\" href=\"https:\/\/www.italia.it\/it\/viaggio-italiano\/cammini-aperti\" style=\"border-radius:7px\"><strong>\u00a1\u00daNETE A NOSOTROS!<\/strong><\/a><\/div>\n<\/div>\n\n<div style=\"height:200px\" aria-hidden=\"true\" class=\"wp-block-spacer\"><\/div>\n\n<div style=\"height:300px\" aria-hidden=\"true\" class=\"wp-block-spacer\"><\/div>\n","protected":false},"excerpt":{"rendered":"<p>CAMMINI APERTI 2025 &#8211; EDICI\u00d3N ESPECIAL El gran \u00e9xito de \u00abCammini Aperti\u00bb, una iniciativa para la valorizaci\u00f3n de las rutas de senderismo que implic\u00f3 a todo el territorio italiano en 2024, convirti\u00e9ndose en el mayor acontecimiento nacional dedicado a las rutas de senderismo italianas, ha allanado el camino para una nueva experiencia con las rutas &hellip; <a href=\"https:\/\/camminiditalia.org\/es\/open-cammini-2025-edicion-especial\/\">Continued<\/a><\/p>\n","protected":false},"author":2,"featured_media":0,"parent":0,"menu_order":0,"comment_status":"closed","ping_status":"closed","template":"","meta":{"_acf_changed":false,"footnotes":""},"class_list":["post-69083","page","type-page","status-publish","hentry"],"acf":[],"yoast_head":"<!-- This site is optimized with the Yoast SEO plugin v27.1.1 - https:\/\/yoast.com\/product\/yoast-seo-wordpress\/ -->\n<title>CAMMINI APERTI 2025 - Edici\u00f3n Especial<\/title>\n<meta name=\"description\" content=\"Cammini Aperti 2025, un proyecto para la mejora de las rutas italianas bajo la bandera de la accesibilidad, la espiritualidad y la sostenibilidad medioambiental.\" \/>\n<meta name=\"robots\" content=\"index, follow, max-snippet:-1, max-image-preview:large, max-video-preview:-1\" \/>\n<link rel=\"canonical\" href=\"https:\/\/camminiditalia.org\/es\/open-cammini-2025-edicion-especial\/\" \/>\n<meta property=\"og:locale\" content=\"es_ES\" \/>\n<meta property=\"og:type\" content=\"article\" \/>\n<meta property=\"og:title\" content=\"CAMMINI APERTI 2025 - Edici\u00f3n Especial\" \/>\n<meta property=\"og:description\" content=\"Cammini Aperti 2025, un proyecto para la mejora de las rutas italianas bajo la bandera de la accesibilidad, la espiritualidad y la sostenibilidad medioambiental.\" \/>\n<meta property=\"og:url\" content=\"https:\/\/camminiditalia.org\/es\/open-cammini-2025-edicion-especial\/\" \/>\n<meta property=\"og:site_name\" content=\"Cammini d&#039;Italia\" \/>\n<meta property=\"article:modified_time\" content=\"2025-07-03T09:19:20+00:00\" \/>\n<meta name=\"twitter:card\" content=\"summary_large_image\" \/>\n<meta name=\"twitter:label1\" content=\"Tiempo de lectura\" \/>\n\t<meta name=\"twitter:data1\" content=\"5 minutos\" \/>\n<script type=\"application\/ld+json\" class=\"yoast-schema-graph\">{\"@context\":\"https:\/\/schema.org\",\"@graph\":[{\"@type\":\"WebPage\",\"@id\":\"https:\/\/camminiditalia.org\/es\/open-cammini-2025-edicion-especial\/\",\"url\":\"https:\/\/camminiditalia.org\/es\/open-cammini-2025-edicion-especial\/\",\"name\":\"CAMMINI APERTI 2025 - Edici\u00f3n Especial\",\"isPartOf\":{\"@id\":\"https:\/\/camminiditalia.org\/es\/#website\"},\"datePublished\":\"2024-02-29T11:50:17+00:00\",\"dateModified\":\"2025-07-03T09:19:20+00:00\",\"description\":\"Cammini Aperti 2025, un proyecto para la mejora de las rutas italianas bajo la bandera de la accesibilidad, la espiritualidad y la sostenibilidad medioambiental.\",\"breadcrumb\":{\"@id\":\"https:\/\/camminiditalia.org\/es\/open-cammini-2025-edicion-especial\/#breadcrumb\"},\"inLanguage\":\"es\",\"potentialAction\":[{\"@type\":\"ReadAction\",\"target\":[\"https:\/\/camminiditalia.org\/es\/open-cammini-2025-edicion-especial\/\"]}]},{\"@type\":\"BreadcrumbList\",\"@id\":\"https:\/\/camminiditalia.org\/es\/open-cammini-2025-edicion-especial\/#breadcrumb\",\"itemListElement\":[{\"@type\":\"ListItem\",\"position\":1,\"name\":\"Home\",\"item\":\"https:\/\/camminiditalia.org\/es\/inicio\/\"},{\"@type\":\"ListItem\",\"position\":2,\"name\":\"CAMMINI APERTI 2025 &#8211; Edici\u00f3n Especial\"}]},{\"@type\":\"WebSite\",\"@id\":\"https:\/\/camminiditalia.org\/es\/#website\",\"url\":\"https:\/\/camminiditalia.org\/es\/\",\"name\":\"Cammini d'Italia\",\"description\":\"Plan, walk and share!\",\"publisher\":{\"@id\":\"https:\/\/camminiditalia.org\/es\/#organization\"},\"potentialAction\":[{\"@type\":\"SearchAction\",\"target\":{\"@type\":\"EntryPoint\",\"urlTemplate\":\"https:\/\/camminiditalia.org\/es\/?s={search_term_string}\"},\"query-input\":{\"@type\":\"PropertyValueSpecification\",\"valueRequired\":true,\"valueName\":\"search_term_string\"}}],\"inLanguage\":\"es\"},{\"@type\":\"Organization\",\"@id\":\"https:\/\/camminiditalia.org\/es\/#organization\",\"name\":\"Cammini d'Italia srls\",\"url\":\"https:\/\/camminiditalia.org\/es\/\",\"logo\":{\"@type\":\"ImageObject\",\"inLanguage\":\"es\",\"@id\":\"https:\/\/camminiditalia.org\/es\/#\/schema\/logo\/image\/\",\"url\":\"https:\/\/media-camminiditalia.nbg1.your-objectstorage.com\/wp-content\/uploads\/2023\/08\/Risorsa-2-8-e1690918206850.png\",\"contentUrl\":\"https:\/\/media-camminiditalia.nbg1.your-objectstorage.com\/wp-content\/uploads\/2023\/08\/Risorsa-2-8-e1690918206850.png\",\"width\":1076,\"height\":329,\"caption\":\"Cammini d'Italia srls\"},\"image\":{\"@id\":\"https:\/\/camminiditalia.org\/es\/#\/schema\/logo\/image\/\"}}]}<\/script>\n<!-- \/ Yoast SEO plugin. -->","yoast_head_json":{"title":"CAMMINI APERTI 2025 - Edici\u00f3n Especial","description":"Cammini Aperti 2025, un proyecto para la mejora de las rutas italianas bajo la bandera de la accesibilidad, la espiritualidad y la sostenibilidad medioambiental.","robots":{"index":"index","follow":"follow","max-snippet":"max-snippet:-1","max-image-preview":"max-image-preview:large","max-video-preview":"max-video-preview:-1"},"canonical":"https:\/\/camminiditalia.org\/es\/open-cammini-2025-edicion-especial\/","og_locale":"es_ES","og_type":"article","og_title":"CAMMINI APERTI 2025 - Edici\u00f3n Especial","og_description":"Cammini Aperti 2025, un proyecto para la mejora de las rutas italianas bajo la bandera de la accesibilidad, la espiritualidad y la sostenibilidad medioambiental.","og_url":"https:\/\/camminiditalia.org\/es\/open-cammini-2025-edicion-especial\/","og_site_name":"Cammini d&#039;Italia","article_modified_time":"2025-07-03T09:19:20+00:00","twitter_card":"summary_large_image","twitter_misc":{"Tiempo de lectura":"5 minutos"},"schema":{"@context":"https:\/\/schema.org","@graph":[{"@type":"WebPage","@id":"https:\/\/camminiditalia.org\/es\/open-cammini-2025-edicion-especial\/","url":"https:\/\/camminiditalia.org\/es\/open-cammini-2025-edicion-especial\/","name":"CAMMINI APERTI 2025 - Edici\u00f3n Especial","isPartOf":{"@id":"https:\/\/camminiditalia.org\/es\/#website"},"datePublished":"2024-02-29T11:50:17+00:00","dateModified":"2025-07-03T09:19:20+00:00","description":"Cammini Aperti 2025, un proyecto para la mejora de las rutas italianas bajo la bandera de la accesibilidad, la espiritualidad y la sostenibilidad medioambiental.","breadcrumb":{"@id":"https:\/\/camminiditalia.org\/es\/open-cammini-2025-edicion-especial\/#breadcrumb"},"inLanguage":"es","potentialAction":[{"@type":"ReadAction","target":["https:\/\/camminiditalia.org\/es\/open-cammini-2025-edicion-especial\/"]}]},{"@type":"BreadcrumbList","@id":"https:\/\/camminiditalia.org\/es\/open-cammini-2025-edicion-especial\/#breadcrumb","itemListElement":[{"@type":"ListItem","position":1,"name":"Home","item":"https:\/\/camminiditalia.org\/es\/inicio\/"},{"@type":"ListItem","position":2,"name":"CAMMINI APERTI 2025 &#8211; Edici\u00f3n Especial"}]},{"@type":"WebSite","@id":"https:\/\/camminiditalia.org\/es\/#website","url":"https:\/\/camminiditalia.org\/es\/","name":"Cammini d'Italia","description":"Plan, walk and share!","publisher":{"@id":"https:\/\/camminiditalia.org\/es\/#organization"},"potentialAction":[{"@type":"SearchAction","target":{"@type":"EntryPoint","urlTemplate":"https:\/\/camminiditalia.org\/es\/?s={search_term_string}"},"query-input":{"@type":"PropertyValueSpecification","valueRequired":true,"valueName":"search_term_string"}}],"inLanguage":"es"},{"@type":"Organization","@id":"https:\/\/camminiditalia.org\/es\/#organization","name":"Cammini d'Italia srls","url":"https:\/\/camminiditalia.org\/es\/","logo":{"@type":"ImageObject","inLanguage":"es","@id":"https:\/\/camminiditalia.org\/es\/#\/schema\/logo\/image\/","url":"https:\/\/media-camminiditalia.nbg1.your-objectstorage.com\/wp-content\/uploads\/2023\/08\/Risorsa-2-8-e1690918206850.png","contentUrl":"https:\/\/media-camminiditalia.nbg1.your-objectstorage.com\/wp-content\/uploads\/2023\/08\/Risorsa-2-8-e1690918206850.png","width":1076,"height":329,"caption":"Cammini d'Italia srls"},"image":{"@id":"https:\/\/camminiditalia.org\/es\/#\/schema\/logo\/image\/"}}]}},"jetpack-related-posts":[{"id":27664,"url":"https:\/\/camminiditalia.org\/cammini-aperti\/","url_meta":{"origin":69083,"position":0},"title":"CAMMINI APERTI 2025 &#8211; Edizione Speciale","author":"Cammini d'Italia","date":"29 febrero 2024","format":false,"excerpt":"CAMMINI APERTI 2025 - EDIZIONE SPECIALE Il grande successo di \u201cCammini Aperti\u201d, iniziativa di valorizzazione dei cammini che ha coinvolto tutto il territorio italiano nel 2024, diventando il pi\u00f9 grande evento nazionale dedicato ai cammini italiani, ha aperto la strada a una nuova esperienza con al centro del progetto i\u2026","rel":"","context":"Entrada similar","block_context":{"text":"Entrada similar","link":""},"img":{"alt_text":"","src":"","width":0,"height":0},"classes":[]},{"id":29061,"url":"https:\/\/camminiditalia.org\/es\/thank-you-iscrizioni\/","url_meta":{"origin":69083,"position":1},"title":"Thank You Page Partecipanti","author":"Cammini d'Italia","date":"27 marzo 2024","format":false,"excerpt":"Grazie per aver effettuato l'iscrizione Controlla la tua casella di posta elettronica e iscriviti subito al gruppo WhatsApp dedicato all'evento per ricevere tutti gli aggiornamenti in tempo reale. Se vuoi registrare un altro partecipante ti preghiamo di inserire una email diversa da quella che hai appena utilizzato per la la\u2026","rel":"","context":"Entrada similar","block_context":{"text":"Entrada similar","link":""},"img":{"alt_text":"","src":"https:\/\/i0.wp.com\/camminiditalia.org\/wp-content\/uploads\/2024\/03\/thankyoupage-4.jpg?resize=350%2C200&ssl=1","width":350,"height":200,"srcset":"https:\/\/i0.wp.com\/camminiditalia.org\/wp-content\/uploads\/2024\/03\/thankyoupage-4.jpg?resize=350%2C200&ssl=1 1x, https:\/\/i0.wp.com\/camminiditalia.org\/wp-content\/uploads\/2024\/03\/thankyoupage-4.jpg?resize=525%2C300&ssl=1 1.5x, https:\/\/i0.wp.com\/camminiditalia.org\/wp-content\/uploads\/2024\/03\/thankyoupage-4.jpg?resize=700%2C400&ssl=1 2x, https:\/\/i0.wp.com\/camminiditalia.org\/wp-content\/uploads\/2024\/03\/thankyoupage-4.jpg?resize=1050%2C600&ssl=1 3x, https:\/\/i0.wp.com\/camminiditalia.org\/wp-content\/uploads\/2024\/03\/thankyoupage-4.jpg?resize=1400%2C800&ssl=1 4x"},"classes":[]},{"id":46332,"url":"https:\/\/camminiditalia.org\/es\/in-cammino-nelle-aree-protette-del-lazio\/","url_meta":{"origin":69083,"position":2},"title":"In Cammino nelle Aree Protette del Lazio \u2013 Edizione Giubileo 2025","author":"Cammini d'Italia","date":"6 febrero 2025","format":false,"excerpt":"Un viaggio alla scoperta dei Parchi del Lazio Un progetto promosso dalla Regione Lazio in collaborazione con Parchi Lazio, Natura in Campo e il partner organizzativo Cammini d\u2019Italia. Otto cammini immersivi attraverso parchi e riserve naturali per riscoprire la bellezza e la biodiversit\u00e0 del Lazio in occasione dell\u2019Anno Giubilare. Otto\u2026","rel":"","context":"Entrada similar","block_context":{"text":"Entrada similar","link":""},"img":{"alt_text":"","src":"https:\/\/i0.wp.com\/media-camminiditalia.nbg1.your-objectstorage.com\/2025\/02\/Card-Blog-Post-24-1.png?resize=350%2C200&ssl=1","width":350,"height":200,"srcset":"https:\/\/i0.wp.com\/media-camminiditalia.nbg1.your-objectstorage.com\/2025\/02\/Card-Blog-Post-24-1.png?resize=350%2C200&ssl=1 1x, https:\/\/i0.wp.com\/media-camminiditalia.nbg1.your-objectstorage.com\/2025\/02\/Card-Blog-Post-24-1.png?resize=525%2C300&ssl=1 1.5x, https:\/\/i0.wp.com\/media-camminiditalia.nbg1.your-objectstorage.com\/2025\/02\/Card-Blog-Post-24-1.png?resize=700%2C400&ssl=1 2x"},"classes":[]},{"id":90190,"url":"https:\/\/camminiditalia.org\/es\/thank-you-cammini-in-piemonte\/","url_meta":{"origin":69083,"position":3},"title":"Thank You Page Cammini in Piemonte","author":"Cammini d'Italia","date":"24 marzo 2026","format":false,"excerpt":"Cammini in Piemonte SCARICA LA GUIDA","rel":"","context":"Entrada similar","block_context":{"text":"Entrada similar","link":""},"img":{"alt_text":"","src":"https:\/\/i0.wp.com\/camminiditalia.org\/wp-content\/uploads\/2024\/11\/Header-Blog-Post-17.png?resize=350%2C200&ssl=1","width":350,"height":200,"srcset":"https:\/\/i0.wp.com\/camminiditalia.org\/wp-content\/uploads\/2024\/11\/Header-Blog-Post-17.png?resize=350%2C200&ssl=1 1x, https:\/\/i0.wp.com\/camminiditalia.org\/wp-content\/uploads\/2024\/11\/Header-Blog-Post-17.png?resize=525%2C300&ssl=1 1.5x, https:\/\/i0.wp.com\/camminiditalia.org\/wp-content\/uploads\/2024\/11\/Header-Blog-Post-17.png?resize=700%2C400&ssl=1 2x, https:\/\/i0.wp.com\/camminiditalia.org\/wp-content\/uploads\/2024\/11\/Header-Blog-Post-17.png?resize=1050%2C600&ssl=1 3x, https:\/\/i0.wp.com\/camminiditalia.org\/wp-content\/uploads\/2024\/11\/Header-Blog-Post-17.png?resize=1400%2C800&ssl=1 4x"},"classes":[]},{"id":89558,"url":"https:\/\/camminiditalia.org\/es\/thank-you-cammini-in-toscana-2\/","url_meta":{"origin":69083,"position":4},"title":"Thank You Page Cammini in Toscana","author":"Cammini d'Italia","date":"9 marzo 2026","format":false,"excerpt":"Cammini in Toscana SCARICA LA GUIDA","rel":"","context":"Entrada similar","block_context":{"text":"Entrada similar","link":""},"img":{"alt_text":"","src":"https:\/\/i0.wp.com\/camminiditalia.org\/wp-content\/uploads\/2024\/11\/Header-Blog-Post-17.png?resize=350%2C200&ssl=1","width":350,"height":200,"srcset":"https:\/\/i0.wp.com\/camminiditalia.org\/wp-content\/uploads\/2024\/11\/Header-Blog-Post-17.png?resize=350%2C200&ssl=1 1x, https:\/\/i0.wp.com\/camminiditalia.org\/wp-content\/uploads\/2024\/11\/Header-Blog-Post-17.png?resize=525%2C300&ssl=1 1.5x, https:\/\/i0.wp.com\/camminiditalia.org\/wp-content\/uploads\/2024\/11\/Header-Blog-Post-17.png?resize=700%2C400&ssl=1 2x, https:\/\/i0.wp.com\/camminiditalia.org\/wp-content\/uploads\/2024\/11\/Header-Blog-Post-17.png?resize=1050%2C600&ssl=1 3x, https:\/\/i0.wp.com\/camminiditalia.org\/wp-content\/uploads\/2024\/11\/Header-Blog-Post-17.png?resize=1400%2C800&ssl=1 4x"},"classes":[]},{"id":33423,"url":"https:\/\/camminiditalia.org\/es\/wikiloc\/","url_meta":{"origin":69083,"position":5},"title":"Wikiloc","author":"Cammini d'Italia","date":"30 abril 2024","format":false,"excerpt":"Tutti i vantaggi di scegliere Wikiloc Premium! Siamo orgogliosi di collaborare con Wikiloc, uno dei player pi\u00f9 importanti nel settore delle app funzionali a trovare e condividere percorsi all\u2019aperto. Una realt\u00e0 che supera i 14 milioni di utenti e che mette a disposizione oltre 50 milioni di percorsi autentici. Ma\u2026","rel":"","context":"Entrada similar","block_context":{"text":"Entrada similar","link":""},"img":{"alt_text":"","src":"https:\/\/i0.wp.com\/media-camminiditalia.nbg1.your-objectstorage.com\/wp-content\/uploads\/2024\/04\/outdoor-1.png?resize=350%2C200&ssl=1","width":350,"height":200,"srcset":"https:\/\/i0.wp.com\/media-camminiditalia.nbg1.your-objectstorage.com\/wp-content\/uploads\/2024\/04\/outdoor-1.png?resize=350%2C200&ssl=1 1x, https:\/\/i0.wp.com\/media-camminiditalia.nbg1.your-objectstorage.com\/wp-content\/uploads\/2024\/04\/outdoor-1.png?resize=525%2C300&ssl=1 1.5x, https:\/\/i0.wp.com\/media-camminiditalia.nbg1.your-objectstorage.com\/wp-content\/uploads\/2024\/04\/outdoor-1.png?resize=700%2C400&ssl=1 2x, https:\/\/i0.wp.com\/media-camminiditalia.nbg1.your-objectstorage.com\/wp-content\/uploads\/2024\/04\/outdoor-1.png?resize=1050%2C600&ssl=1 3x"},"classes":[]}],"jetpack_sharing_enabled":true,"_links":{"self":[{"href":"https:\/\/camminiditalia.org\/es\/wp-json\/wp\/v2\/pages\/69083","targetHints":{"allow":["GET"]}}],"collection":[{"href":"https:\/\/camminiditalia.org\/es\/wp-json\/wp\/v2\/pages"}],"about":[{"href":"https:\/\/camminiditalia.org\/es\/wp-json\/wp\/v2\/types\/page"}],"author":[{"embeddable":true,"href":"https:\/\/camminiditalia.org\/es\/wp-json\/wp\/v2\/users\/2"}],"replies":[{"embeddable":true,"href":"https:\/\/camminiditalia.org\/es\/wp-json\/wp\/v2\/comments?post=69083"}],"version-history":[{"count":0,"href":"https:\/\/camminiditalia.org\/es\/wp-json\/wp\/v2\/pages\/69083\/revisions"}],"wp:attachment":[{"href":"https:\/\/camminiditalia.org\/es\/wp-json\/wp\/v2\/media?parent=69083"}],"curies":[{"name":"wp","href":"https:\/\/api.w.org\/{rel}","templated":true}]}}